{"id":453,"date":"2025-01-16T17:51:26","date_gmt":"2025-01-16T16:51:26","guid":{"rendered":"https:\/\/www.hautesvallees.com\/lizoard\/?page_id=453"},"modified":"2025-02-21T11:17:02","modified_gmt":"2025-02-21T10:17:02","slug":"le-prorel","status":"publish","type":"page","link":"https:\/\/www.hautesvallees.com\/lizoard\/decouvrir\/incontournables\/le-prorel\/","title":{"rendered":"Le Prorel et Notre dame des Neiges"},"content":{"rendered":"<div class=\"GutText  GutContainer\">\n        <div class=\"GutText-inner\">\n            <div class=\"GutTitle Center\">\n                    <h2 class=\"GutTitle-title\">\n                                    <span class=\"GutTitle-surtitle\">Le Prorel et notre dame des neiges,<\/span>\n                                                        un promontoire de contemplation\n                            <\/h2>\n                    <\/div>\n                                        <div class=\"GutText-wysiwyg Content\">\n                    <p class=\"txt-bleu text-justify\" style=\"text-align: center;\"><strong>Le Mont Prorel et Notre Dame des Neiges sont des promontoires privil\u00e9gi\u00e9s<\/strong>. Ils offrent un magnifique panorama sur <a href=\"https:\/\/www.hautesvallees.com\/accueil\/sejourner\/autour-des-hautes-vallees\/le-brianconnais\/\">Brian\u00e7on<\/a>, la vall\u00e9e de la Durance et de la Cerveyrette<strong>.<\/strong><\/p>\n<p class=\"txt-bleu text-justify\" style=\"text-align: center;\"><strong>La chapelle Notre Dame des Neiges<\/strong> veille sur la vall\u00e9e et les Puys depuis le milieu du <strong>XVIII<sup>\u00e8me\u00a0<\/sup>si\u00e8cle<\/strong>. C\u2019est le point d\u2019arriv\u00e9e de plusieurs randonn\u00e9es que vous prendrez plaisir \u00e0 d\u00e9couvrir.<\/p>\n\n                <\/div>\n                    <\/div>\n    <\/div>\n\n\n<div class=\"GutCol2  GutContainer\">\n        <div class=\"GutCol2-container\">\n\n            \n                                                                                                        <div class=\"GutCol2-wrap GutCol2-blocTexte Left\">\n                                <div class=\"GutCol2-blocTexte--inner\">\n                                                                            <div class=\"GutTitle Left\">\n                    <h2 class=\"GutTitle-title\">\n                                    <span class=\"GutTitle-surtitle\">Le prorel :<\/span>\n                                                        porte d&#039;entr\u00e9e de serre-chevalier\n                            <\/h2>\n                    <\/div>\n                                                                                                                <div class=\"GutCol2-intro\">Le Mont Prorel est un sommet du massif des \u00c9crins, culminant \u00e0 2566 m d\u2019altitude. Il domine le domaine skiable de Serre Chevalier et Brian\u00e7on.<\/div>\n                                                                                                                <div class=\"GutCol2-text Content\">\n                                            <p class=\"text-justify\">Install\u00e9e en 1990, la t\u00e9l\u00e9cabine du Prorel permet de relier la ville de Brian\u00e7on au domaine skiable de Serre Chevalier. Avec sa construction, Brian\u00e7on devient une <strong>station de ski en prenant l\u2019appellation Serre Chevalier 1 200<\/strong>. La gare de d\u00e9part du t\u00e9l\u00e9cabine se situe \u00e0 1 212 m d\u2019altitude, une gare interm\u00e9diaire se situant sur la commune de <a href=\"https:\/\/www.hautesvallees.com\/lizoard\/decouvrir\/destination-izoard\/puy-saint-pierre\/\">Puy-Saint-Pierre<\/a>, se trouve \u00e0 1 627 m d\u2019altitude et la t\u00e9l\u00e9cabine termine son ascension \u00e0 2 350 m d\u2019altitude.<\/p>\n<p class=\"text-justify\">En \u00e9t\u00e9, elle est ouverte pour <a href=\"https:\/\/www.hautesvallees.com\/lizoard\/que-faire\/en-ete\/balades-et-randonnees\/\">les\u00a0randonn\u00e9es<\/a>\u00a0\u00e0 pied ou \u00e0\u00a0<a href=\"https:\/\/www.hautesvallees.com\/lizoard\/que-faire\/en-ete\/vtt\/\" target=\"_blank\" rel=\"noopener\">VTT<\/a>\u00a0(chemin des Combes uniquement). C\u2019est \u00e9galement un moyen de profiter <strong>pleinement de la vue qu\u2019offre le <a href=\"https:\/\/www.hautesvallees.com\/equipement\/le-sommet-du-prorel-puy-saint-pierre\/\">Mont Prorel<\/a><\/strong>.<\/p>\n\n                                        <\/div>\n                                                                    <\/div>\n                            <\/div>\n                                                                                                                                                        <div class=\"GutCol2-wrap GutCol2-blocImage Right\">\n                                    <picture class=\"GutCol2-picture\">\n                                        <img decoding=\"async\" src=\"https:\/\/www.hautesvallees.com\/content\/uploads\/sites\/4\/2025\/01\/ski-alpin-Prorel-T.Blais_-scaled-1-588x588.jpg\"\n                                             alt=\"ski-alpin-Prorel-T.Blais_-scaled\" \/>\n                                    <\/picture>\n                                                                            <span class=\"GutCol2-credit\">\u00a9 Blais T.<\/span>\n                                                                    <\/div>\n                                                                                            <\/div>\n    <\/div>\n\n\n<div class=\"GutGallery  GutContainer\">\n\n        <div class=\"GutTitle Center\">\n                    <h2 class=\"GutTitle-title\">\n                                    <span class=\"GutTitle-surtitle\">au fil des saisons<\/span>\n                                                        au Prorel et Notre dame des neiges\n                            <\/h2>\n                    <\/div>\n\n                    <div class=\"GutGallery-container three_column __gallery\" id=\"gallery_69ef204196f0e\" data-galleryid=\"gallery_69ef204196f0e\" data-download=\"false\">\n                                                            <a class=\"GutGallery-item\"\n                           href=\"https:\/\/www.hautesvallees.com\/content\/uploads\/sites\/4\/2025\/02\/Notre-dame-des-neiges-de-nuit-\u00a9-Thibaut-Blais-1-scaled-1.jpg\"\n                            data-lg-size=\"2560-1707\"                             data-sub-html=\"Blais T.\"                         >\n                            <picture class=\"GutGallery-pic\">\n                                <img decoding=\"async\" class=\"GutGallery-img\" src=\"https:\/\/www.hautesvallees.com\/content\/uploads\/sites\/4\/2025\/02\/Notre-dame-des-neiges-de-nuit-\u00a9-Thibaut-Blais-1-scaled-1-436x436.jpg\" alt=\"1\">\n                            <\/picture>\n                                                            <div class=\"GutGallery-creditphoto\">Blais T.<\/div>\n                                                    <\/a>\n                                                                                <a class=\"GutGallery-item\"\n                           href=\"https:\/\/www.hautesvallees.com\/content\/uploads\/sites\/4\/2025\/02\/Notre-dame-des-neiges-au-lever-de-soleil-2-scaled-1.jpg\"\n                            data-lg-size=\"2560-1707\"                             data-sub-html=\"Blais T.\"                         >\n                            <picture class=\"GutGallery-pic\">\n                                <img decoding=\"async\" class=\"GutGallery-img\" src=\"https:\/\/www.hautesvallees.com\/content\/uploads\/sites\/4\/2025\/02\/Notre-dame-des-neiges-au-lever-de-soleil-2-scaled-1-436x436.jpg\" alt=\"1\">\n                            <\/picture>\n                                                            <div class=\"GutGallery-creditphoto\">Blais T.<\/div>\n                                                    <\/a>\n                                                                                <a class=\"GutGallery-item\"\n                           href=\"https:\/\/www.hautesvallees.com\/content\/uploads\/sites\/4\/2025\/01\/prorel-Briancon-T.Blais_-scaled-1.jpg\"\n                            data-lg-size=\"2560-1675\"                             data-sub-html=\"Blais T.\"                         >\n                            <picture class=\"GutGallery-pic\">\n                                <img decoding=\"async\" class=\"GutGallery-img\" src=\"https:\/\/www.hautesvallees.com\/content\/uploads\/sites\/4\/2025\/01\/prorel-Briancon-T.Blais_-scaled-1-436x436.jpg\" alt=\"1\">\n                            <\/picture>\n                                                            <div class=\"GutGallery-creditphoto\">Blais T.<\/div>\n                                                    <\/a>\n                                                <\/div>\n            <\/div>\n\n\n<div class=\"GutInformations BgColor GutContainer\">\n        <div class=\"GutInformations-container\">\n\n            <div class=\"GutTitle Center\">\n                    <h2 class=\"GutTitle-title\">\n                                    <span class=\"GutTitle-surtitle\">les plus pour<\/span>\n                                                        m&#039;organiser\n                            <\/h2>\n                    <\/div>\n\n            <div class=\"GutInformations-list\">\n                                    <div class=\"GutInformations-wrap\">\n                                                                                    <picture class=\"GutInformations-picture\">\n                                    <img decoding=\"async\" src=\"https:\/\/www.hautesvallees.com\/content\/uploads\/sites\/4\/2025\/02\/Design-sans-titre-1-250x250.jpg\" alt=\"4 saisons - canva\" \/>\n                                <\/picture>\n                                                                                                        <p class=\"GutInformations-title\">\n                                Quelle est la saison id\u00e9ale pour visiter le Prorel et Notre Dame des Neiges ?\n                            <\/p>\n                                                                            <p class=\"GutInformations-text\">\n                                Chacune des saisons offre une vue imprenable sur la vall\u00e9e du Brian\u00e7onnais &#8211; blanche en hiver, verte au printemps, ensoleill\u00e9e en \u00e9t\u00e9 et dor\u00e9e \u00e0 l\u2019automne.\n                            <\/p>\n                                                                    <\/div>\n                                    <div class=\"GutInformations-wrap\">\n                                                                                    <picture class=\"GutInformations-picture\">\n                                    <img decoding=\"async\" src=\"https:\/\/www.hautesvallees.com\/content\/uploads\/sites\/4\/2025\/01\/Design-sans-titre-3-3.svg\" alt=\"Picto route\" \/>\n                                <\/picture>\n                                                                                                        <p class=\"GutInformations-title\">\n                                Comment venir\n                            <\/p>\n                                                                            <p class=\"GutInformations-text\">\n                                Deux solutions s\u2019offrent \u00e0 vous : emprunter le t\u00e9l\u00e9cabine du Prorel en p\u00e9riode hivernale et estivale ou vous rendre en voiture au village de Puy-Saint-Pierre. Vous pouvez stationner sur le parking de l&rsquo;\u00e9glise de Puy-Saint-Pierre.\n                            <\/p>\n                                                                    <\/div>\n                                    <div class=\"GutInformations-wrap\">\n                                                                                    <picture class=\"GutInformations-picture\">\n                                    <img decoding=\"async\" src=\"https:\/\/www.hautesvallees.com\/content\/uploads\/sites\/4\/2025\/02\/Design-sans-titre-2-250x250.jpg\" alt=\"Picto public - Canva\" \/>\n                                <\/picture>\n                                                                                                        <p class=\"GutInformations-title\">\n                                Pour qui ?\n                            <\/p>\n                                                                            <p class=\"GutInformations-text\">\n                                Que vous soyez \u00e0 la recherche d\u2019une balade en famille ou sportive vous trouverez votre bonheur au Prorel.\n                            <\/p>\n                                                                    <\/div>\n                            <\/div>\n        <\/div>\n    <\/div>\n\n\n<div class=\"GutCol2  GutContainer\">\n        <div class=\"GutCol2-container\">\n\n            \n                                                                                                                                        <div class=\"GutCol2-wrap GutCol2-blocImage Left\">\n                                    <picture class=\"GutCol2-picture\">\n                                        <img decoding=\"async\" src=\"https:\/\/www.hautesvallees.com\/content\/uploads\/sites\/4\/2025\/02\/automnal-trail-36-scaled-1-664x480.jpg\"\n                                             alt=\"Trail - Notre Dame des Neiges - \u00a9T.Blais\" \/>\n                                    <\/picture>\n                                                                            <span class=\"GutCol2-credit\">\u00a9 Blais T.<\/span>\n                                                                    <\/div>\n                                                                                                                                                    <div class=\"GutCol2-wrap GutCol2-blocTexte Right\">\n                                <div class=\"GutCol2-blocTexte--inner\">\n                                                                            <div class=\"GutTitle Left\">\n                    <h2 class=\"GutTitle-title\">\n                                    <span class=\"GutTitle-surtitle\">La belle histoire de la chapelle<\/span>\n                                                        notre-dame des neiges\n                            <\/h2>\n                    <\/div>\n                                                                                                                <div class=\"GutCol2-intro\">\u00c9difi\u00e9e sur le replat du Mont Prorel, la chapelle Notre-Dame des Neiges domine le Brian\u00e7onnais. Construite en 1751 mais souvent restaur\u00e9e, elle est un lieu de p\u00e8lerinage. Elle est b\u00e2tie en pierre de taille selon l\u2019architecture locale traditionnelle.<\/div>\n                                                                                                                <div class=\"GutCol2-text Content\">\n                                            <p class=\"text-justify\">La l\u00e9gende raconte que Marie, enceinte de 7 mois, surveillait le troupeau sur les alpages du Prorel. En descendant du sommet, son \u00e2ne s&#8217;emballa et elle crut \u00e0 sa mort et \u00e0 celle de son b\u00e9b\u00e9. Dans le d\u00e9sespoir elle murmura une pri\u00e8re \u00e0 Marie \u00ab\u00a0<em>\u201cSauvez-moi et aussi mon b\u00e9b\u00e9 et je ferai construire une chapelle \u00e0 votre gloire\u2026 \u00bb.\u00a0<\/em><\/p>\n<p class=\"text-justify\">Le terrain devenant plus plat, l\u2019\u00e2ne ralentit et s\u2019arr\u00eata. Ils \u00e9taient sauv\u00e9s. A la suite de cet \u00e9pisode, les hommes du village sont partis construire la chapelle. Ils commenc\u00e8rent \u00e0 monter les mat\u00e9riaux mais le lendemain matin tous les mat\u00e9riaux avaient disparu et \u00e9taient d\u00e9j\u00e0 au sommet.<\/p>\n<p class=\"text-justify\">Ils avaient \u00e9t\u00e9 transport\u00e9s, selon la l\u00e9gende, par les anges gardiens de la r\u00e9gion qui voulaient que l\u2019on puisse voir la chapelle de toute la vall\u00e9e.<\/p>\n\n                                        <\/div>\n                                                                    <\/div>\n                            <\/div>\n                                                                <\/div>\n    <\/div>\n\n\n<div class=\"GutText  GutContainer\">\n        <div class=\"GutText-inner\">\n                                                    <div class=\"GutText-wysiwyg Content\">\n                    <p class=\"text-justify\" style=\"text-align: center;\">Tous les ans en juillet, une centaine de personnes font<strong> l\u2019ascension du Mont Prorel pour c\u00e9l\u00e9brer Notre-Dame des Neiges <\/strong>entour\u00e9s d\u2019un paysage \u00e9poustouflant. C\u2019est un moment important dans la vie religieuse locale. Depuis la seconde guerre mondiale, entre le deuxi\u00e8me dimanche de juillet et le deuxi\u00e8me de septembre, <strong>une messe est c\u00e9l\u00e9br\u00e9e chaque mardi par le cur\u00e9 de Brian\u00e7on.<\/strong><\/p>\n<p class=\"text-justify\" style=\"text-align: center;\">N&rsquo;h\u00e9sitez pas \u00e0 emprunter le <strong>chemin des oratoires pour vous rendre \u00e0 la chapelle.<\/strong> Vous en d\u00e9couvrirez six le long du chemin. C\u2019est un bon moyen de faire une petite pause et contempler le paysage d\u2019autant qu\u2019\u00e0 proximit\u00e9 de chacun un petit banc permet de souffler.<\/p>\n\n                <\/div>\n                    <\/div>\n    <\/div>\n","protected":false},"excerpt":{"rendered":"","protected":false},"author":7,"featured_media":2017,"parent":362,"menu_order":3,"comment_status":"closed","ping_status":"closed","template":"","meta":{"_acf_changed":false,"footnotes":""},"class_list":["post-453","page","type-page","status-publish","has-post-thumbnail","hentry"],"acf":[],"_links":{"self":[{"href":"https:\/\/www.hautesvallees.com\/lizoard\/wp-json\/wp\/v2\/pages\/453","targetHints":{"allow":["GET"]}}],"collection":[{"href":"https:\/\/www.hautesvallees.com\/lizoard\/wp-json\/wp\/v2\/pages"}],"about":[{"href":"https:\/\/www.hautesvallees.com\/lizoard\/wp-json\/wp\/v2\/types\/page"}],"author":[{"embeddable":true,"href":"https:\/\/www.hautesvallees.com\/lizoard\/wp-json\/wp\/v2\/users\/7"}],"replies":[{"embeddable":true,"href":"https:\/\/www.hautesvallees.com\/lizoard\/wp-json\/wp\/v2\/comments?post=453"}],"version-history":[{"count":4,"href":"https:\/\/www.hautesvallees.com\/lizoard\/wp-json\/wp\/v2\/pages\/453\/revisions"}],"predecessor-version":[{"id":2058,"href":"https:\/\/www.hautesvallees.com\/lizoard\/wp-json\/wp\/v2\/pages\/453\/revisions\/2058"}],"up":[{"embeddable":true,"href":"https:\/\/www.hautesvallees.com\/lizoard\/wp-json\/wp\/v2\/pages\/362"}],"wp:featuredmedia":[{"embeddable":true,"href":"https:\/\/www.hautesvallees.com\/lizoard\/wp-json\/wp\/v2\/media\/2017"}],"wp:attachment":[{"href":"https:\/\/www.hautesvallees.com\/lizoard\/wp-json\/wp\/v2\/media?parent=453"}],"curies":[{"name":"wp","href":"https:\/\/api.w.org\/{rel}","templated":true}]}}