{"id":418,"date":"2024-03-13T14:31:05","date_gmt":"2024-03-13T13:31:05","guid":{"rendered":"https:\/\/www.hautesvallees.com\/lizoard\/?page_id=418"},"modified":"2026-01-13T16:37:06","modified_gmt":"2026-01-13T15:37:06","slug":"domaine-nordique-de-villard-saint-pancrace","status":"publish","type":"page","link":"https:\/\/www.hautesvallees.com\/lizoard\/que-faire\/en-hiver\/domaine-nordique-de-villard-saint-pancrace\/","title":{"rendered":"Domaine nordique de Villard-Saint-Pancrace"},"content":{"rendered":"<div class=\"GutText  GutContainer\">\n        <div class=\"GutText-inner\">\n            <div class=\"GutTitle Center\">\n                    <h2 class=\"GutTitle-title\">\n                                    <span class=\"GutTitle-surtitle\">Villard-Saint-Pancrace<\/span>\n                                                        une destination nordique\n                            <\/h2>\n                    <\/div>\n                            <div class=\"GutText-intro Center\">Le domaine nordique de Villard-Saint-Pancrace vous accueille avec sa grande for\u00eat de m\u00e9l\u00e8zes et sa vue sur le massif de Montbrison. Les 36 kilom\u00e8tres de piste vous emm\u00e8nent sur les hauteurs du village, des prairies \u00e0 la for\u00eat et jusqu\u2019aux chalets d\u2019alpages. <\/div>\n                                        <div class=\"GutText-wysiwyg Content\">\n                    <p class=\"text-justify\" style=\"text-align: center\"><strong>De nombreuses activit\u00e9s pour toute la famille<\/strong> sont propos\u00e9es par le <strong>centre montagne et les acteurs locaux<\/strong>. N\u2019h\u00e9sitez pas \u00e0 vous essayer \u00e0 la <strong>piste de luge<\/strong> avec votre tribu. 2,5 km de pistes sont \u00e9clair\u00e9s un ou deux soir(s) par semaine pendant les vacances de No\u00ebl et de f\u00e9vrier, permettant ainsi d\u2019assister \u00e0 des animations nocturnes.<\/p>\n<p class=\"text-justify\" style=\"text-align: center\"><strong>C\u2019est un lieu id\u00e9al pour passer de bons moments en famille !<\/strong><\/p>\n\n                <\/div>\n                    <\/div>\n    <\/div>\n\n\n\n\n\n\n<div class=\"GutVideo \">\n        <div class=\" GutContainer \">\n            <div class=\"GutTitle Center\">\n                    <h2 class=\"GutTitle-title\">\n                                    <span class=\"GutTitle-surtitle\">\u00c0 la d\u00e9couverte du domaine <\/span>\n                                                        en vid\u00e9o\n                            <\/h2>\n                    <\/div>\n\n            <div class=\"GutVideo-inner __video_parent\">\n                                    <picture class=\"GutVideo-pic __video_open\">\n                        <source srcset=\"https:\/\/www.hautesvallees.com\/content\/uploads\/sites\/4\/2026\/01\/Ski-de-fond-domaine-nordique-de-Villard-Saint-Pancrace-hiver-2026-Thibaut-Blais-768x433.jpg\" media=\"(max-width: 768px)\">\n                        <source srcset=\"https:\/\/www.hautesvallees.com\/content\/uploads\/sites\/4\/2026\/01\/Ski-de-fond-domaine-nordique-de-Villard-Saint-Pancrace-hiver-2026-Thibaut-Blais-992x559.jpg\" media=\"(max-width: 992px)\">\n                        <source srcset=\"https:\/\/www.hautesvallees.com\/content\/uploads\/sites\/4\/2026\/01\/Ski-de-fond-domaine-nordique-de-Villard-Saint-Pancrace-hiver-2026-Thibaut-Blais-1196x673.jpg\" media=\"(min-width: 993px)\">\n                        <img decoding=\"async\" class=\"GutVideo-img\" src=\"https:\/\/www.hautesvallees.com\/content\/uploads\/sites\/4\/2026\/01\/Ski-de-fond-domaine-nordique-de-Villard-Saint-Pancrace-hiver-2026-Thibaut-Blais-1196x673.jpg\" alt=\"Ski de fond, domaine nordique de Villard-Saint-Pancrace, hiver 2026 - Thibaut Blais\" \/>\n                    <\/picture>\n                                                    <div class=\"GutVideo-out __video_out\">\n                        <iframe class='Video' width='1920' height='1080' src='https:\/\/youtube.com\/embed\/9qTzmxxdp5w?&#038;rel=0' frameborder='0' controls='0' allow='accelerometer; encrypted-media; gyroscope; picture-in-picture' allowfullscreen><\/iframe>\n                    <\/div>\n                            <\/div>\n\n                            <div class=\"GutVideo-content\">\n                                            <div class=\"GutVideo-intro\">\n                            Sur le domaine nordique de Villard-Saint-Pancrace avec Flora Dolci \n                        <\/div>\n                                                                <div class=\"GutVideo-text Content\">\n                            Flora Dolci, membre de l&rsquo;\u00e9quipe de France vous emm\u00e8ne sur le domaine nordique qui a vu ses premi\u00e8res glisses&#8230; Le domaine nordique de Villard-Saint-Pancrace. \n                        <\/div>\n                                    <\/div>\n                    <\/div>\n    <\/div>\n\n\n<div class=\"GutCol2 BgColor GutContainer-full\">\n        <div class=\"GutCol2-container\">\n\n            \n                                                                                                        <div class=\"GutCol2-wrap GutCol2-blocTexte Left\">\n                                <div class=\"GutCol2-blocTexte--inner\">\n                                                                            <div class=\"GutTitle Left\">\n                    <h2 class=\"GutTitle-title\">\n                                    <span class=\"GutTitle-surtitle\">Acheter votre<\/span>\n                                                        forfait en ligne\n                            <\/h2>\n                    <\/div>\n                                                                                                                <div class=\"GutCol2-intro\">Gagnez du temps sur les pistes et commandez en avance !<\/div>\n                                                                                                                <div class=\"GutCol2-text Content\">\n                                            <p>Optez pour un Nordic Pass Alpes du sud qui vous offre la possibilit\u00e9 de d\u00e9couvrir l&rsquo;ensemble des domaines nordiques des Hautes-Alpes ou des Alpes de Haute Provence ou bien le Nordic Pass \u00ab\u00a0Domaine\u00a0\u00bb si vous voulez skier toute la saison sur une station.<\/p>\n<p><em>Attention ! avant d&rsquo;acheter votre pass, pensez \u00e0\u00a0s\u00e9lectionner\u00a0le domaine nordique que vous souhaitez r\u00e9compenser\u00a0<\/em><\/p>\n<p>&nbsp;<\/p>\n<p><a class=\"Button-secondary\" href=\"http:\/\/billetterie-nordic-villard-saint-pancrace.intence.tech\/shop\" target=\"_blank\" rel=\"noopener\">Acheter ou rechargez votre Nordic Pass en ligne<\/a><\/p>\n<p>&nbsp;<\/p>\n<p><em>Vous avez perdu votre Nordic Pass, vous souhaitez modifier votre commande, pour toutes questions,\u00a0<a href=\"https:\/\/www.nordicalpesdusud.com\/nordic-pass\/mon-nordic-pass\" target=\"_blank\" rel=\"noopener noreferrer\">c&rsquo;est par ici<\/a>\u00a0!<\/em><\/p>\n\n                                        <\/div>\n                                                                    <\/div>\n                            <\/div>\n                                                                                                                                                        <div class=\"GutCol2-wrap GutCol2-blocImage Right\">\n                                    <picture class=\"GutCol2-picture\">\n                                        <img decoding=\"async\" src=\"https:\/\/www.hautesvallees.com\/content\/uploads\/sites\/4\/2026\/01\/Domaine-nordique-de-Villard-Saint-Pancrace-ski-de-fond-hiver-2026-Laury-Chamerlat-510x710.jpg\"\n                                             alt=\"Domaine nordique de Villard Saint Pancrace, ski de fond, hiver 2026 - Laury Chamerlat\" \/>\n                                    <\/picture>\n                                                                            <span class=\"GutCol2-credit\">\u00a9 Blais T.<\/span>\n                                                                    <\/div>\n                                                                                            <\/div>\n    <\/div>\n\n\n<div class=\"GutInformations  GutContainer\">\n        <div class=\"GutInformations-container\">\n\n            <div class=\"GutTitle Left\">\n                    <h2 class=\"GutTitle-title\">\n                                    <span class=\"GutTitle-surtitle\">Les infos utiles<\/span>\n                                                        plan, webcam, enneigement\n                            <\/h2>\n                    <\/div>\n\n            <div class=\"GutInformations-list\">\n                                    <div class=\"GutInformations-wrap\">\n                                                                                    <picture class=\"GutInformations-picture\">\n                                    <img decoding=\"async\" src=\"https:\/\/www.hautesvallees.com\/content\/uploads\/sites\/4\/2025\/01\/image-1-250x250.png\" alt=\"image-1\" \/>\n                                <\/picture>\n                                                                                                                                                        <a class=\"GutInformations-link\" href=\"https:\/\/www.nordicfrance.fr\/content\/uploads\/2018\/12\/Plan-pistes-2019.pdf\" target=\"\" title=\"Plan des pistes\" rel=\"noopener\">\n                                Plan des pistes\n                            <\/a>\n                                            <\/div>\n                                    <div class=\"GutInformations-wrap\">\n                                                                                    <picture class=\"GutInformations-picture\">\n                                    <img decoding=\"async\" src=\"https:\/\/www.hautesvallees.com\/content\/uploads\/sites\/4\/2025\/01\/Villard-Saint-Pancrace-\u00a9-S.-Morattel-2-optimise-web-250x250.webp\" alt=\"Villard-Saint-Pancrace-\u00a9-S.-Morattel-2-optimise-web\" \/>\n                                <\/picture>\n                                                                                                                                                        <a class=\"GutInformations-link\" href=\"https:\/\/www.hautesvallees.com\/lizoard\/webcams\/\" target=\"\" title=\"Webcams\">\n                                Webcams\n                            <\/a>\n                                            <\/div>\n                                    <div class=\"GutInformations-wrap\">\n                                                                                    <picture class=\"GutInformations-picture\">\n                                    <img decoding=\"async\" src=\"https:\/\/www.hautesvallees.com\/content\/uploads\/sites\/4\/2025\/01\/traces-de-lievre-haute-claree-c2a9fiona-guffroy-250x250.webp\" alt=\"traces-de-lievre-haute-claree-c2a9fiona-guffroy\" \/>\n                                <\/picture>\n                                                                                                                                                        <a class=\"GutInformations-link\" href=\"https:\/\/www.nordicalpesdusud.com\/domaines\/villard-saint-pancrace#pistes\" target=\"\" title=\"Infos en direct\" rel=\"noopener\">\n                                Infos en direct\n                            <\/a>\n                                            <\/div>\n                            <\/div>\n        <\/div>\n    <\/div>\n\n\n<div class=\"GutText  GutContainer\">\n        <div class=\"GutText-inner\">\n            <div class=\"GutTitle Center\">\n                    <h2 class=\"GutTitle-title\">\n                                    <span class=\"GutTitle-surtitle\">Louer son mat\u00e9riel<\/span>\n                                                        skis et raquettes \n                            <\/h2>\n                    <\/div>\n                                        <div class=\"GutText-wysiwyg Content\">\n                    <p style=\"text-align: center\">Besoin de <strong>raquettes<\/strong> pour partir en randonn\u00e9e ? ou bien <strong>de skis de fond<\/strong> pour vous amuser et d\u00e9couvrir le domaine nordique de Villard-Saint-pancrace ? Retrouver toutes les infos du Centre Montagne.<\/p>\n\n                <\/div>\n                    <\/div>\n    <\/div>\n\n\n\n<div class=\"ApiListing __altimax_listing \" data-js=\"{&quot;action_load&quot;:&quot;apidae_listing_load&quot;,&quot;action_map_tiles&quot;:&quot;apidae_listing_load_map_tiles&quot;,&quot;action_filters&quot;:&quot;apidae_listing_filters&quot;,&quot;action_pdf&quot;:&quot;apidae_listing_pdf&quot;,&quot;post_id&quot;:418,&quot;blog_id&quot;:4,&quot;uid&quot;:1,&quot;cache_key&quot;:&quot;a5a4ddb79328c454c04367ee9f890b54&quot;,&quot;is_agenda&quot;:false,&quot;listing_mode&quot;:&quot;listing&quot;,&quot;use_filters&quot;:false,&quot;use_share&quot;:false,&quot;paginator&quot;:{&quot;currentPage&quot;:1,&quot;maxPerPage&quot;:10,&quot;count&quot;:1,&quot;totalPages&quot;:1,&quot;nextPage&quot;:1,&quot;html&quot;:&quot;    &lt;li class=\\&quot;Paginator-page __altimax_listing_load active\\&quot;\\n        data-index=\\&quot;1\\&quot; &gt;\\n        &lt;span&gt;1&lt;\\\/span&gt;\\n    &lt;\\\/li&gt;\\n&quot;},&quot;ajax_url&quot;:&quot;https:\\\/\\\/www.hautesvallees.com\\\/\\\/lizoard\\\/wp-admin\\\/admin-ajax.php&quot;,&quot;lang&quot;:&quot;fr&quot;}\">\n    <div class=\"ApiListingLoader __altimax_loader\">\n        <div class=\"ApiListingLoader-container\">\n            <div class=\"ApiListingLoader-ring\"><\/div>\n        <\/div>\n    <\/div>\n        \n        \n        \n                                <div class=\"ApiListing-container\">\n        <div class=\"ApiListing-control container_full \">\n                                                    <button class=\"ApiListing-pdf desktop Button-border __altimax_listing_pdf\">T\u00e9l\u00e9charger<\/button>\n                                                                <div class=\"ApiListing-result\">\n                <div class=\"ApiListing-result--number __altimax_listing_count\">1<\/div>\n                R\u00e9sultats\n            <\/div>\n                    <\/div>\n\n        <div class=\"ApiListing-wrapper container_full  \">\n            \n                            <ul class=\"ApiListing-list __altimax_listing_content\">\n                                            <!-- Generer le: 2026-05-02 11:27:15 -->\n<!-- Blog: L&amp;#039;Izoard - 4 -->\n<li class=\"ApiTile ApiTileDefault __altimax_listing_item  \"\n    data-roadbook-item=\"6368224\"\n    data-apidae=\"6368224\"\n    data-event-category=\"Apidae affichage\"\n    data-event-action=\"vue teaser\"\n    data-event-label=\"6368224 : Location de mat\u00e9riel au Centre montagne\">\n    <a href=\"https:\/\/www.hautesvallees.com\/lizoard\/commerce-et-service\/location-de-materiel-au-centre-montagne-villar-saint-pancrace\" class=\"ApiTile-link ApiTileDefault-link\" title=\"Location de mat\u00e9riel au Centre montagne\">\n            <span class=\"ApiTile-location ApiTileDefault-location\">\n        Villar-Saint-Pancrace\n    <\/span>\n\n            <button class=\"__gtm_track_click __altimax_favory ApiTile-fav ApiTileDefault-fav Favourite\"\n            data-apidae=\"6368224\"\n            title=\"Ajoutez aux favoris\"\n            data-txtajouter=\"Ajoutez aux favoris\"\n            data-txtretirer=\"Retirez des favoris\"\n            data-event-category=\"Apidae fiche objet\"\n            data-event-action=\"ajout trip planner\"\n            data-event-label=\"6368224 : Location de mat\u00e9riel au Centre montagne\">\n        <img decoding=\"async\" class=\"Favourite-border svg\"\n             src=\"\/content\/themes\/theme_altimax\/dist\/img\/apidae\/system\/SYSTEM-FavOff-30px.svg\"\/>\n        <img decoding=\"async\" class=\"Favourite-full svg\"\n             src=\"\/content\/themes\/theme_altimax\/dist\/img\/apidae\/system\/SYSTEM-FavOn-30px.svg\"\/>\n    <\/button>\n\n            <picture class=\"ApiTile-picture ApiTileDefault-picture\">\n        <img decoding=\"async\" class=\"ApiTile-img ApiTileAgenda-img\" src=\"\/cache\/images\/35012229_apidae-tile.jpg\" alt=\"Location de mat\u00e9riel au Centre montagne\">\n    <\/picture>\n\n        <div class=\"ApiTile-content ApiTileDefault-content\">\n            \n            <div class=\"ApiTile-top ApiTileDefault-top\">\n                <span class=\"ApiTile-type ApiTileDefault-type\">\n                        commerce et service\n            <\/span>                                    <span class=\"ApiTile-open ApiTileDefault-open close\">Ferm\u00e9<\/span>\n            <\/div>\n\n            <h2 class=\"ApiTile-title ApiTileDefault-title\">Location de mat\u00e9riel au Centre montagne<\/h2>\n                        \n                                <\/div>\n    <\/a>\n<\/li>\n\n                                    <\/ul>\n            \n                        \n        <\/div>\n                    <ul class=\"Paginator __altimax_listing_paginator\">\n                    <li class=\"Paginator-page __altimax_listing_load active\"\n        data-index=\"1\" >\n        <span>1<\/span>\n    <\/li>\n\n            <\/ul>\n            <\/div>\n<\/div>\n\n<div class=\"GutText  GutContainer\">\n        <div class=\"GutText-inner\">\n            <div class=\"GutTitle Center\">\n                    <h2 class=\"GutTitle-title\">\n                                    <span class=\"GutTitle-surtitle\">Pour s&#039;amusez<\/span>\n                                                        avec votre tribu\n                            <\/h2>\n                    <\/div>\n                            <div class=\"GutText-intro Center\">Le domaine nordique est accessible pour petits et grands !<\/div>\n                                        <div class=\"GutText-wysiwyg Content\">\n                    <p style=\"text-align: center\">Retrouvez la piste de luge et le fil neige pour profiter pleinement de votre s\u00e9jour en famille !<\/p>\n\n                <\/div>\n                    <\/div>\n    <\/div>\n\n\n\n<div class=\"ApiListing __altimax_listing \" data-js=\"{&quot;action_load&quot;:&quot;apidae_listing_load&quot;,&quot;action_map_tiles&quot;:&quot;apidae_listing_load_map_tiles&quot;,&quot;action_filters&quot;:&quot;apidae_listing_filters&quot;,&quot;action_pdf&quot;:&quot;apidae_listing_pdf&quot;,&quot;post_id&quot;:418,&quot;blog_id&quot;:4,&quot;uid&quot;:2,&quot;cache_key&quot;:&quot;3e5a5e5bd8e29aeefe11e455ae5ced08&quot;,&quot;is_agenda&quot;:false,&quot;listing_mode&quot;:&quot;listing&quot;,&quot;use_filters&quot;:false,&quot;use_share&quot;:false,&quot;paginator&quot;:{&quot;currentPage&quot;:1,&quot;maxPerPage&quot;:6,&quot;count&quot;:3,&quot;totalPages&quot;:1,&quot;nextPage&quot;:1,&quot;html&quot;:&quot;    &lt;li class=\\&quot;Paginator-page __altimax_listing_load active\\&quot;\\n        data-index=\\&quot;1\\&quot; &gt;\\n        &lt;span&gt;1&lt;\\\/span&gt;\\n    &lt;\\\/li&gt;\\n&quot;},&quot;ajax_url&quot;:&quot;https:\\\/\\\/www.hautesvallees.com\\\/\\\/lizoard\\\/wp-admin\\\/admin-ajax.php&quot;,&quot;lang&quot;:&quot;fr&quot;}\">\n    <div class=\"ApiListingLoader __altimax_loader\">\n        <div class=\"ApiListingLoader-container\">\n            <div class=\"ApiListingLoader-ring\"><\/div>\n        <\/div>\n    <\/div>\n        \n        \n        \n                                <div class=\"ApiListing-container\">\n        <div class=\"ApiListing-control container_full \">\n                                                    <button class=\"ApiListing-pdf desktop Button-border __altimax_listing_pdf\">T\u00e9l\u00e9charger<\/button>\n                                                                <div class=\"ApiListing-result\">\n                <div class=\"ApiListing-result--number __altimax_listing_count\">3<\/div>\n                R\u00e9sultats\n            <\/div>\n                    <\/div>\n\n        <div class=\"ApiListing-wrapper container_full  \">\n            \n                            <ul class=\"ApiListing-list __altimax_listing_content\">\n                                            <!-- Generer le: 2026-05-02 10:53:01 -->\n<!-- Blog: L&amp;#039;Izoard - 4 -->\n<li class=\"ApiTile ApiTileDefault __altimax_listing_item  \"\n    data-roadbook-item=\"6368325\"\n    data-apidae=\"6368325\"\n    data-event-category=\"Apidae affichage\"\n    data-event-action=\"vue teaser\"\n    data-event-label=\"6368325 : Pistes de luge de Villard-Saint-Pancrace\">\n    <a href=\"https:\/\/www.hautesvallees.com\/lizoard\/equipement\/pistes-de-luge-de-villard-saint-pancrace-villar-saint-pancrace\" class=\"ApiTile-link ApiTileDefault-link\" title=\"Pistes de luge de Villard-Saint-Pancrace\">\n            <span class=\"ApiTile-location ApiTileDefault-location\">\n        Villar-Saint-Pancrace\n    <\/span>\n\n            <button class=\"__gtm_track_click __altimax_favory ApiTile-fav ApiTileDefault-fav Favourite\"\n            data-apidae=\"6368325\"\n            title=\"Ajoutez aux favoris\"\n            data-txtajouter=\"Ajoutez aux favoris\"\n            data-txtretirer=\"Retirez des favoris\"\n            data-event-category=\"Apidae fiche objet\"\n            data-event-action=\"ajout trip planner\"\n            data-event-label=\"6368325 : Pistes de luge de Villard-Saint-Pancrace\">\n        <img decoding=\"async\" class=\"Favourite-border svg\"\n             src=\"\/content\/themes\/theme_altimax\/dist\/img\/apidae\/system\/SYSTEM-FavOff-30px.svg\"\/>\n        <img decoding=\"async\" class=\"Favourite-full svg\"\n             src=\"\/content\/themes\/theme_altimax\/dist\/img\/apidae\/system\/SYSTEM-FavOn-30px.svg\"\/>\n    <\/button>\n\n            <picture class=\"ApiTile-picture ApiTileDefault-picture\">\n        <img decoding=\"async\" class=\"ApiTile-img ApiTileAgenda-img\" src=\"\/cache\/images\/15498479_apidae-tile.jpg\" alt=\"Pistes de luge de Villard-Saint-Pancrace\">\n    <\/picture>\n\n        <div class=\"ApiTile-content ApiTileDefault-content\">\n            \n            <div class=\"ApiTile-top ApiTileDefault-top\">\n                <span class=\"ApiTile-type ApiTileDefault-type\">\n                        equipement\n            <\/span>                                            <\/div>\n\n            <h2 class=\"ApiTile-title ApiTileDefault-title\">Pistes de luge de Villard-Saint-Pancrace<\/h2>\n                        \n                                <\/div>\n    <\/a>\n<\/li>\n\n                                            <!-- Generer le: 2026-05-02 10:43:03 -->\n<!-- Blog: L&amp;#039;Izoard - 4 -->\n<li class=\"ApiTile ApiTileDefault __altimax_listing_item  \"\n    data-roadbook-item=\"5749846\"\n    data-apidae=\"5749846\"\n    data-event-category=\"Apidae affichage\"\n    data-event-action=\"vue teaser\"\n    data-event-label=\"5749846 : Visite guid\u00e9e &quot;Retour vers le pass\u00e9! \u00e0 la Petite Ferme des Regains&quot;\">\n    <a href=\"https:\/\/www.hautesvallees.com\/lizoard\/fete-et-manifestation\/visite-guidee-retour-vers-le-passe-a-la-petite-ferme-des-regains-villar-saint-pancrace\" class=\"ApiTile-link ApiTileDefault-link\" title=\"Visite guid\u00e9e &quot;Retour vers le pass\u00e9! \u00e0 la Petite Ferme des Regains&quot;\">\n            <span class=\"ApiTile-location ApiTileDefault-location\">\n        Villar-Saint-Pancrace\n    <\/span>\n\n            <button class=\"__gtm_track_click __altimax_favory ApiTile-fav ApiTileDefault-fav Favourite\"\n            data-apidae=\"5749846\"\n            title=\"Ajoutez aux favoris\"\n            data-txtajouter=\"Ajoutez aux favoris\"\n            data-txtretirer=\"Retirez des favoris\"\n            data-event-category=\"Apidae fiche objet\"\n            data-event-action=\"ajout trip planner\"\n            data-event-label=\"5749846 : Visite guid\u00e9e &quot;Retour vers le pass\u00e9! \u00e0 la Petite Ferme des Regains&quot;\">\n        <img decoding=\"async\" class=\"Favourite-border svg\"\n             src=\"\/content\/themes\/theme_altimax\/dist\/img\/apidae\/system\/SYSTEM-FavOff-30px.svg\"\/>\n        <img decoding=\"async\" class=\"Favourite-full svg\"\n             src=\"\/content\/themes\/theme_altimax\/dist\/img\/apidae\/system\/SYSTEM-FavOn-30px.svg\"\/>\n    <\/button>\n\n            <picture class=\"ApiTile-picture ApiTileDefault-picture\">\n        <img decoding=\"async\" class=\"ApiTile-img ApiTileAgenda-img\" src=\"\/cache\/images\/16859908_apidae-tile.jpg\" alt=\"Visite guid\u00e9e &quot;Retour vers le pass\u00e9! \u00e0 la Petite Ferme des Regains&quot;\">\n    <\/picture>\n\n        <div class=\"ApiTile-content ApiTileDefault-content\">\n            \n            <div class=\"ApiTile-top ApiTileDefault-top\">\n                <span class=\"ApiTile-type ApiTileDefault-type\">\n                        agenda\n            <\/span>                                            <\/div>\n\n            <h2 class=\"ApiTile-title ApiTileDefault-title\">Visite guid\u00e9e &quot;Retour vers le pass\u00e9!&#8230;<\/h2>\n                                            \n                                <\/div>\n    <\/a>\n<\/li>\n\n                                            <!-- Generer le: 2026-05-02 10:53:01 -->\n<!-- Blog: L&amp;#039;Izoard - 4 -->\n<li class=\"ApiTile ApiTileDefault __altimax_listing_item  \"\n    data-roadbook-item=\"6368280\"\n    data-apidae=\"6368280\"\n    data-event-category=\"Apidae affichage\"\n    data-event-action=\"vue teaser\"\n    data-event-label=\"6368280 : Fil neige de Villard-Saint-Pancrace\">\n    <a href=\"https:\/\/www.hautesvallees.com\/lizoard\/equipement\/fil-neige-de-villard-saint-pancrace-villar-saint-pancrace\" class=\"ApiTile-link ApiTileDefault-link\" title=\"Fil neige de Villard-Saint-Pancrace\">\n            <span class=\"ApiTile-location ApiTileDefault-location\">\n        Villar-Saint-Pancrace\n    <\/span>\n\n            <button class=\"__gtm_track_click __altimax_favory ApiTile-fav ApiTileDefault-fav Favourite\"\n            data-apidae=\"6368280\"\n            title=\"Ajoutez aux favoris\"\n            data-txtajouter=\"Ajoutez aux favoris\"\n            data-txtretirer=\"Retirez des favoris\"\n            data-event-category=\"Apidae fiche objet\"\n            data-event-action=\"ajout trip planner\"\n            data-event-label=\"6368280 : Fil neige de Villard-Saint-Pancrace\">\n        <img decoding=\"async\" class=\"Favourite-border svg\"\n             src=\"\/content\/themes\/theme_altimax\/dist\/img\/apidae\/system\/SYSTEM-FavOff-30px.svg\"\/>\n        <img decoding=\"async\" class=\"Favourite-full svg\"\n             src=\"\/content\/themes\/theme_altimax\/dist\/img\/apidae\/system\/SYSTEM-FavOn-30px.svg\"\/>\n    <\/button>\n\n            <picture class=\"ApiTile-picture ApiTileDefault-picture\">\n        <img decoding=\"async\" class=\"ApiTile-img ApiTileAgenda-img\" src=\"\/cache\/images\/15497503_apidae-tile.jpg\" alt=\"Fil neige de Villard-Saint-Pancrace\">\n    <\/picture>\n\n        <div class=\"ApiTile-content ApiTileDefault-content\">\n            \n            <div class=\"ApiTile-top ApiTileDefault-top\">\n                <span class=\"ApiTile-type ApiTileDefault-type\">\n                        equipement\n            <\/span>                                            <\/div>\n\n            <h2 class=\"ApiTile-title ApiTileDefault-title\">Fil neige de Villard-Saint-Pancrace<\/h2>\n                        \n                                <\/div>\n    <\/a>\n<\/li>\n\n                                    <\/ul>\n            \n                        \n        <\/div>\n                    <ul class=\"Paginator __altimax_listing_paginator\">\n                    <li class=\"Paginator-page __altimax_listing_load active\"\n        data-index=\"1\" >\n        <span>1<\/span>\n    <\/li>\n\n            <\/ul>\n            <\/div>\n<\/div>\n\n<div class=\"GutPeleMele BgColor GutContainer-full\">\n        <div class=\"GutPeleMele-inner\">\n            <div class=\"GutTitle Center\">\n                    <h2 class=\"GutTitle-title\">\n                                    <span class=\"GutTitle-surtitle\">Vous aimerez<\/span>\n                                                        aussi\n                            <\/h2>\n                    <\/div>\n                            <div class=\"GutPeleMele-grid\">\n                                                                        <a class=\"GutPeleMele-tile\" href=\"https:\/\/www.hautesvallees.com\/lizoard\/que-faire\/en-hiver\/domaine-nordique-de-cervieres\/\" target=\"\" title=\"Domaine nordique de Cervi\u00e8res\">\n                                                    <img decoding=\"async\" class=\"GutPeleMele-tile--image\" src=\"https:\/\/www.hautesvallees.com\/content\/uploads\/sites\/4\/2025\/01\/Les-fonts-de-Cervieres-Cedric-Tempier-10-1-scaled-1.jpg\" alt=\"\">\n                            <span class=\"GutPeleMele-tile--title\">Domaine nordique de Cervi\u00e8res<\/span>\n                                                    <\/a>\n                                                                                                <a class=\"GutPeleMele-tile\" href=\"https:\/\/www.hautesvallees.com\/lizoard\/que-faire\/en-hiver\/ski-alpin\/\" target=\"\" title=\"Ski alpin\">\n                                                    <img decoding=\"async\" class=\"GutPeleMele-tile--image\" src=\"https:\/\/www.hautesvallees.com\/content\/uploads\/sites\/4\/2025\/01\/ski-alpin-Prorel-T.Blais_-scaled-1.jpg\" alt=\"\">\n                            <span class=\"GutPeleMele-tile--title\">Ski alpin<\/span>\n                                                    <\/a>\n                                                                                                <a class=\"GutPeleMele-tile\" href=\"https:\/\/www.hautesvallees.com\/lizoard\/que-faire\/en-hiver\/raquettes\/\" target=\"\" title=\"Raquettes\">\n                                                    <img decoding=\"async\" class=\"GutPeleMele-tile--image\" src=\"https:\/\/www.hautesvallees.com\/content\/uploads\/sites\/4\/2025\/01\/Raquettes-secteur-chalets-de-lizoard-8-scaled-1.jpg\" alt=\"\">\n                            <span class=\"GutPeleMele-tile--title\">Raquettes<\/span>\n                                                    <\/a>\n                                                                                                <a class=\"GutPeleMele-tile\" href=\"https:\/\/www.hautesvallees.com\/lizoard\/que-faire\/en-hiver\/ski-de-rando\/\" target=\"\" title=\"Ski de rando\">\n                                                    <img decoding=\"async\" class=\"GutPeleMele-tile--image\" src=\"https:\/\/www.hautesvallees.com\/content\/uploads\/sites\/4\/2025\/01\/Ski-de-rando-Arpelin-T.Blais-16-scaled-2.jpg\" alt=\"\">\n                            <span class=\"GutPeleMele-tile--title\">Ski de randonn\u00e9e<\/span>\n                                                    <\/a>\n                                                                                                <a class=\"GutPeleMele-tile\" href=\"https:\/\/www.hautesvallees.com\/lizoard\/que-faire\/en-hiver\/snooc\/\" target=\"\" title=\"Snooc\">\n                                                    <img decoding=\"async\" class=\"GutPeleMele-tile--image\" src=\"https:\/\/www.hautesvallees.com\/content\/uploads\/sites\/4\/2025\/01\/Snooc-col-de-lIzoard-\u00a9S.Morattel-5-scaled-1.jpg\" alt=\"\">\n                            <span class=\"GutPeleMele-tile--title\">Snooc<\/span>\n                                                    <\/a>\n                                                                                                <a class=\"GutPeleMele-tile\" href=\"https:\/\/www.hautesvallees.com\/lizoard\/que-faire\/en-hiver\/cascade-de-glace\/\" target=\"\" title=\"Cascade de glace\">\n                                                    <img decoding=\"async\" class=\"GutPeleMele-tile--image\" src=\"https:\/\/www.hautesvallees.com\/content\/uploads\/sites\/4\/2025\/01\/cascade-de-glace-villar-darene-12-scaled-1.jpg\" alt=\"\">\n                            <span class=\"GutPeleMele-tile--title\">Cascade de glace<\/span>\n                                                    <\/a>\n                                                            <\/div>\n                    <\/div>\n\n    <\/div>\n","protected":false},"excerpt":{"rendered":"","protected":false},"author":5,"featured_media":594,"parent":383,"menu_order":1,"comment_status":"closed","ping_status":"closed","template":"","meta":{"_acf_changed":false,"footnotes":""},"class_list":["post-418","page","type-page","status-publish","has-post-thumbnail","hentry"],"acf":[],"_links":{"self":[{"href":"https:\/\/www.hautesvallees.com\/lizoard\/wp-json\/wp\/v2\/pages\/418","targetHints":{"allow":["GET"]}}],"collection":[{"href":"https:\/\/www.hautesvallees.com\/lizoard\/wp-json\/wp\/v2\/pages"}],"about":[{"href":"https:\/\/www.hautesvallees.com\/lizoard\/wp-json\/wp\/v2\/types\/page"}],"author":[{"embeddable":true,"href":"https:\/\/www.hautesvallees.com\/lizoard\/wp-json\/wp\/v2\/users\/5"}],"replies":[{"embeddable":true,"href":"https:\/\/www.hautesvallees.com\/lizoard\/wp-json\/wp\/v2\/comments?post=418"}],"version-history":[{"count":10,"href":"https:\/\/www.hautesvallees.com\/lizoard\/wp-json\/wp\/v2\/pages\/418\/revisions"}],"predecessor-version":[{"id":27303,"href":"https:\/\/www.hautesvallees.com\/lizoard\/wp-json\/wp\/v2\/pages\/418\/revisions\/27303"}],"up":[{"embeddable":true,"href":"https:\/\/www.hautesvallees.com\/lizoard\/wp-json\/wp\/v2\/pages\/383"}],"wp:featuredmedia":[{"embeddable":true,"href":"https:\/\/www.hautesvallees.com\/lizoard\/wp-json\/wp\/v2\/media\/594"}],"wp:attachment":[{"href":"https:\/\/www.hautesvallees.com\/lizoard\/wp-json\/wp\/v2\/media?parent=418"}],"curies":[{"name":"wp","href":"https:\/\/api.w.org\/{rel}","templated":true}]}}