{"id":416,"date":"2024-03-29T13:28:00","date_gmt":"2024-03-29T12:28:00","guid":{"rendered":"https:\/\/www.hautesvallees.com\/lizoard\/?page_id=416"},"modified":"2026-01-28T09:33:05","modified_gmt":"2026-01-28T08:33:05","slug":"domaine-nordique-de-cervieres","status":"publish","type":"page","link":"https:\/\/www.hautesvallees.com\/lizoard\/que-faire\/en-hiver\/domaine-nordique-de-cervieres\/","title":{"rendered":"Domaine nordique de Cervi\u00e8res"},"content":{"rendered":"<div class=\"GutText  GutContainer\">\n        <div class=\"GutText-inner\">\n            <div class=\"GutTitle Center\">\n                    <h2 class=\"GutTitle-title\">\n                                    <span class=\"GutTitle-surtitle\">Ski de fond<\/span>\n                                                        \u00e0 Cervi\u00e8res \n                            <\/h2>\n                    <\/div>\n                            <div class=\"GutText-intro Center\">Le domaine nordique de Cervi\u00e8res est vaste, il s\u2019\u00e9tend sur 53 kilom\u00e8tres r\u00e9partis en deux secteurs, le Laus et la vall\u00e9e des Fonts. <\/div>\n                                        <div class=\"GutText-wysiwyg Content\">\n                    <p class=\"text-justify\" style=\"text-align: center\"><strong>Le secteur du Laus<\/strong> permet de skier au milieu de la for\u00eat dans un site particuli\u00e8rement agr\u00e9able, entre piste verte et piste noire, vous trouverez l&rsquo;itin\u00e9raire qui vous convient. Dans la <a href=\"https:\/\/www.hautesvallees.com\/lizoard\/decouvrir\/incontournables\/fonts-de-cervieres\/\">vall\u00e9e des Fonts\u00a0<\/a>de Cervi\u00e8res vous vous sentez au milieu de nulle part gr\u00e2ce \u00e0 cette nature pr\u00e9serv\u00e9e.<\/p>\n<p class=\"text-justify\" style=\"text-align: center\">Trois itin\u00e9raires sont sp\u00e9cialement dam\u00e9s pour la pratique multi-activit\u00e9s, <strong><a href=\"https:\/\/www.hautesvallees.com\/equipement\/col-de-lizoard-cervieres\/\" target=\"_blank\" rel=\"noopener\">le col de l\u2019Izoard<\/a><\/strong>, <strong>Les Oules<\/strong> et les <strong>Fonts de Cervi\u00e8res<\/strong>. Chaussez vos skis de fond, skis de randonn\u00e9e, raquettes ou SNOOC pour partir \u00e0 la conqu\u00eate du <strong>col de l\u2019Izoard<\/strong> ou pour vous immerger dans l\u2019immensit\u00e9 des plaines enneig\u00e9es.<\/p>\n\n                <\/div>\n                    <\/div>\n    <\/div>\n\n\n<div class=\"GutVideo \">\n        <div class=\" GutContainer \">\n            <div class=\"GutTitle Center\">\n                    <h2 class=\"GutTitle-title\">\n                                    <span class=\"GutTitle-surtitle\">D\u00e9couvrez le domaine <\/span>\n                                                        en vid\u00e9o \n                            <\/h2>\n                    <\/div>\n\n            <div class=\"GutVideo-inner __video_parent\">\n                                    <picture class=\"GutVideo-pic __video_open\">\n                        <source srcset=\"https:\/\/www.hautesvallees.com\/content\/uploads\/sites\/4\/2025\/01\/Cervieres-Cedric-Tempier-2-scaled-1-768x433.jpg\" media=\"(max-width: 768px)\">\n                        <source srcset=\"https:\/\/www.hautesvallees.com\/content\/uploads\/sites\/4\/2025\/01\/Cervieres-Cedric-Tempier-2-scaled-1-992x559.jpg\" media=\"(max-width: 992px)\">\n                        <source srcset=\"https:\/\/www.hautesvallees.com\/content\/uploads\/sites\/4\/2025\/01\/Cervieres-Cedric-Tempier-2-scaled-1-1196x673.jpg\" media=\"(min-width: 993px)\">\n                        <img decoding=\"async\" class=\"GutVideo-img\" src=\"https:\/\/www.hautesvallees.com\/content\/uploads\/sites\/4\/2025\/01\/Cervieres-Cedric-Tempier-2-scaled-1-1196x673.jpg\" alt=\"Cervieres-Cedric-Tempier-2-scaled\" \/>\n                    <\/picture>\n                                                    <div class=\"GutVideo-out __video_out\">\n                        <iframe class='Video' width='1920' height='1080' src='https:\/\/youtube.com\/embed\/j2Cryq0Y0y0?&#038;rel=0' frameborder='0' controls='0' allow='accelerometer; encrypted-media; gyroscope; picture-in-picture' allowfullscreen><\/iframe>\n                    <\/div>\n                            <\/div>\n\n                            <div class=\"GutVideo-content\">\n                                            <div class=\"GutVideo-intro\">\n                            Ski de fond entre l&rsquo;Izoard et les Fonts de Cervi\u00e8res\n                        <\/div>\n                                                                <div class=\"GutVideo-text Content\">\n                            Franck, dameur et secouriste au domaine nordique de Cervi\u00e8res vous pr\u00e9sente son domaine entre l&rsquo;Izoard et la vall\u00e9e des Fonts de Cervi\u00e8res. Il vous explique son travail minutieux de damage pour que vous puissiez profiter jusqu&rsquo;au bout de la saison des pistes de ski de fond. \n                        <\/div>\n                                    <\/div>\n                    <\/div>\n    <\/div>\n\n\n\n\n\n\n<div class=\"GutCol2 BgColor GutContainer-full\">\n        <div class=\"GutCol2-container\">\n\n            \n                                                                                                        <div class=\"GutCol2-wrap GutCol2-blocTexte Left\">\n                                <div class=\"GutCol2-blocTexte--inner\">\n                                                                            <div class=\"GutTitle Left\">\n                    <h2 class=\"GutTitle-title\">\n                                    <span class=\"GutTitle-surtitle\">Acheter votre Nordic Pass Alpes du Sud <\/span>\n                                                        en ligne\n                            <\/h2>\n                    <\/div>\n                                                                                                                                                    <div class=\"GutCol2-text Content\">\n                                            <p>Optez pour un Nordic Pass Alpes du sud qui vous offre la possibilit\u00e9 de d\u00e9couvrir l&rsquo;ensemble des domaines nordiques des Hautes-Alpes ou des Alpes de Haute Provence ou bien le Nordic Pass \u00ab\u00a0Domaine\u00a0\u00bb si vous voulez skier toute la saison sur une station.<\/p>\n<p><em>Attention ! avant d&rsquo;acheter votre pass, pensez \u00e0 s\u00e9lectionner le domaine nordique que vous souhaitez r\u00e9compenser.<\/em><\/p>\n<p><a class=\"Button-secondary\" href=\"http:\/\/billetterie-nordic-cervieres.intence.tech\/shop\" target=\"_blank\" rel=\"noopener\">Acheter ou rechargez votre Nordic Pass en ligne<\/a><\/p>\n<p><em>Vous avez perdu votre Nordic Pass, vous souhaitez modifier votre commande, pour toutes questions,\u00a0<a href=\"https:\/\/www.nordicalpesdusud.com\/nordic-pass\/mon-nordic-pass\" target=\"_blank\" rel=\"noopener noreferrer\">c&rsquo;est par ici<\/a>\u00a0!<\/em><\/p>\n<p>&nbsp;<\/p>\n<p data-pm-slice=\"1 1 []\">Les pass journ\u00e9e, 3h&#8230; doivent \u00eatre obligatoirement achet\u00e9s le jour J, sur le domaine de Cervi\u00e8res.<\/p>\n\n                                        <\/div>\n                                                                    <\/div>\n                            <\/div>\n                                                                                                                                                        <div class=\"GutCol2-wrap GutCol2-blocImage Right\">\n                                    <picture class=\"GutCol2-picture\">\n                                        <img decoding=\"async\" src=\"https:\/\/www.hautesvallees.com\/content\/uploads\/sites\/4\/2025\/10\/Cervieres-Cedric-Tempier-3.jpg\"\n                                             alt=\"Nordique Cervi\u00e8res - T.Tempier - Hautes-Alpes\" \/>\n                                    <\/picture>\n                                                                            <span class=\"GutCol2-credit\">\u00a9 C.Tempier &#8211; Hautes-Alpes<\/span>\n                                                                    <\/div>\n                                                                                            <\/div>\n    <\/div>\n\n\n<div class=\"GutInformations  GutContainer\">\n        <div class=\"GutInformations-container\">\n\n            <div class=\"GutTitle Left\">\n                    <h2 class=\"GutTitle-title\">\n                                    <span class=\"GutTitle-surtitle\">Les infos utiles<\/span>\n                                                        plan, webcam, enneigement\n                            <\/h2>\n                    <\/div>\n\n            <div class=\"GutInformations-list\">\n                                    <div class=\"GutInformations-wrap\">\n                                                                                    <picture class=\"GutInformations-picture\">\n                                    <img decoding=\"async\" src=\"https:\/\/www.hautesvallees.com\/content\/uploads\/sites\/4\/2025\/01\/Cervieres-Cedric-Tempier-5-scaled-1-250x250.jpg\" alt=\"Cervieres-Cedric-Tempier-5-scaled\" \/>\n                                <\/picture>\n                                                                                                                                                        <a class=\"GutInformations-link\" href=\"https:\/\/www.nordicfrance.fr\/content\/uploads\/2018\/12\/Plan-des-pistes-Cervieres.pdf\" target=\"\" title=\"Plan des pistes\" rel=\"noopener\">\n                                Plan des pistes\n                            <\/a>\n                                            <\/div>\n                                    <div class=\"GutInformations-wrap\">\n                                                                                    <picture class=\"GutInformations-picture\">\n                                    <img decoding=\"async\" src=\"https:\/\/www.hautesvallees.com\/content\/uploads\/sites\/4\/2025\/01\/Fonts-de-Cervieres-lever-de-soleil-\u00a9T.Blais_-scaled-1-250x250.jpg\" alt=\"Fonts-de-Cervieres-lever-de-soleil-\u00a9T.Blais_-scaled\" \/>\n                                <\/picture>\n                                                                                                                                                        <a class=\"GutInformations-link\" href=\"https:\/\/www.hautesvallees.com\/lizoard\/webcams\/\" target=\"\" title=\"Webcams\">\n                                Webcams\n                            <\/a>\n                                            <\/div>\n                                    <div class=\"GutInformations-wrap\">\n                                                                                    <picture class=\"GutInformations-picture\">\n                                    <img decoding=\"async\" src=\"https:\/\/www.hautesvallees.com\/content\/uploads\/sites\/4\/2025\/01\/Cervieres-Cedric-Tempier-7-1-scaled-1-1-250x250.jpg\" alt=\"Cervieres-Cedric-Tempier-7-1-scaled (1)\" \/>\n                                <\/picture>\n                                                                                                                                                        <a class=\"GutInformations-link\" href=\"https:\/\/www.nordicalpesdusud.com\/domaines\/cervieres\" target=\"\" title=\"Infos en direct\" rel=\"noopener\">\n                                Infos en direct\n                            <\/a>\n                                            <\/div>\n                            <\/div>\n        <\/div>\n    <\/div>\n\n\n<div class=\"GutText  GutContainer\">\n        <div class=\"GutText-inner\">\n            <div class=\"GutTitle Center\">\n                    <h2 class=\"GutTitle-title\">\n                                    <span class=\"GutTitle-surtitle\">Louer son mat\u00e9riel<\/span>\n                                                        skis et raquettes \n                            <\/h2>\n                    <\/div>\n                                        <div class=\"GutText-wysiwyg Content\">\n                    <p style=\"text-align: center\">Besoin de <strong>raquettes<\/strong> pour partir en randonn\u00e9e ? ou bien <strong>de skis de fond<\/strong> pour vous amuser et d\u00e9couvrir le domaine nordique de Cervi\u00e8res ? Retrouver toutes les infos du Foyer de ski de fond de Cervi\u00e8res.<\/p>\n\n                <\/div>\n                    <\/div>\n    <\/div>\n\n\n\n<div class=\"ApiListing __altimax_listing \" data-js=\"{&quot;action_load&quot;:&quot;apidae_listing_load&quot;,&quot;action_map_tiles&quot;:&quot;apidae_listing_load_map_tiles&quot;,&quot;action_filters&quot;:&quot;apidae_listing_filters&quot;,&quot;action_pdf&quot;:&quot;apidae_listing_pdf&quot;,&quot;post_id&quot;:416,&quot;blog_id&quot;:4,&quot;uid&quot;:1,&quot;cache_key&quot;:&quot;7bcf101889afa57e74ff8765b8196195&quot;,&quot;is_agenda&quot;:false,&quot;listing_mode&quot;:&quot;listing&quot;,&quot;use_filters&quot;:false,&quot;use_share&quot;:false,&quot;paginator&quot;:{&quot;currentPage&quot;:1,&quot;maxPerPage&quot;:10,&quot;count&quot;:1,&quot;totalPages&quot;:1,&quot;nextPage&quot;:1,&quot;html&quot;:&quot;    &lt;li class=\\&quot;Paginator-page __altimax_listing_load active\\&quot;\\n        data-index=\\&quot;1\\&quot; &gt;\\n        &lt;span&gt;1&lt;\\\/span&gt;\\n    &lt;\\\/li&gt;\\n&quot;},&quot;ajax_url&quot;:&quot;https:\\\/\\\/www.hautesvallees.com\\\/\\\/lizoard\\\/wp-admin\\\/admin-ajax.php&quot;,&quot;lang&quot;:&quot;fr&quot;}\">\n    <div class=\"ApiListingLoader __altimax_loader\">\n        <div class=\"ApiListingLoader-container\">\n            <div class=\"ApiListingLoader-ring\"><\/div>\n        <\/div>\n    <\/div>\n        \n        \n        \n                                <div class=\"ApiListing-container\">\n        <div class=\"ApiListing-control container_full \">\n                                                    <button class=\"ApiListing-pdf desktop Button-border __altimax_listing_pdf\">T\u00e9l\u00e9charger<\/button>\n                                                                <div class=\"ApiListing-result\">\n                <div class=\"ApiListing-result--number __altimax_listing_count\">1<\/div>\n                R\u00e9sultats\n            <\/div>\n                    <\/div>\n\n        <div class=\"ApiListing-wrapper container_full  \">\n            \n                            <ul class=\"ApiListing-list __altimax_listing_content\">\n                                            <!-- Generer le: 2026-04-27 11:17:51 -->\n<!-- Blog: L&amp;#039;Izoard - 4 -->\n<li class=\"ApiTile ApiTileDefault __altimax_listing_item  \"\n    data-roadbook-item=\"6368262\"\n    data-apidae=\"6368262\"\n    data-event-category=\"Apidae affichage\"\n    data-event-action=\"vue teaser\"\n    data-event-label=\"6368262 : Location de mat\u00e9riel au foyer de ski de fond de Cervi\u00e8res\">\n    <a href=\"https:\/\/www.hautesvallees.com\/lizoard\/commerce-et-service\/location-de-materiel-au-foyer-de-ski-de-fond-de-cervieres-cervieres\" class=\"ApiTile-link ApiTileDefault-link\" title=\"Location de mat\u00e9riel au foyer de ski de fond de Cervi\u00e8res\">\n            <span class=\"ApiTile-location ApiTileDefault-location\">\n        Cervi\u00e8res\n    <\/span>\n\n            <button class=\"__gtm_track_click __altimax_favory ApiTile-fav ApiTileDefault-fav Favourite\"\n            data-apidae=\"6368262\"\n            title=\"Ajoutez aux favoris\"\n            data-txtajouter=\"Ajoutez aux favoris\"\n            data-txtretirer=\"Retirez des favoris\"\n            data-event-category=\"Apidae fiche objet\"\n            data-event-action=\"ajout trip planner\"\n            data-event-label=\"6368262 : Location de mat\u00e9riel au foyer de ski de fond de Cervi\u00e8res\">\n        <img decoding=\"async\" class=\"Favourite-border svg\"\n             src=\"\/content\/themes\/theme_altimax\/dist\/img\/apidae\/system\/SYSTEM-FavOff-30px.svg\"\/>\n        <img decoding=\"async\" class=\"Favourite-full svg\"\n             src=\"\/content\/themes\/theme_altimax\/dist\/img\/apidae\/system\/SYSTEM-FavOn-30px.svg\"\/>\n    <\/button>\n\n            <picture class=\"ApiTile-picture ApiTileDefault-picture\">\n        <img decoding=\"async\" class=\"ApiTile-img ApiTileAgenda-img\" src=\"\/cache\/images\/15497568_apidae-tile.jpg\" alt=\"Location de mat\u00e9riel au foyer de ski de fond de Cervi\u00e8res\">\n    <\/picture>\n\n        <div class=\"ApiTile-content ApiTileDefault-content\">\n            \n            <div class=\"ApiTile-top ApiTileDefault-top\">\n                <span class=\"ApiTile-type ApiTileDefault-type\">\n                        commerce et service\n            <\/span>                                    <span class=\"ApiTile-open ApiTileDefault-open close\">Ferm\u00e9<\/span>\n            <\/div>\n\n            <h2 class=\"ApiTile-title ApiTileDefault-title\">Location de mat\u00e9riel au foyer de ski&#8230;<\/h2>\n                        \n                                <\/div>\n    <\/a>\n<\/li>\n\n                                    <\/ul>\n            \n                        \n        <\/div>\n                    <ul class=\"Paginator __altimax_listing_paginator\">\n                    <li class=\"Paginator-page __altimax_listing_load active\"\n        data-index=\"1\" >\n        <span>1<\/span>\n    <\/li>\n\n            <\/ul>\n            <\/div>\n<\/div>\n\n<div class=\"GutText  GutContainer\">\n        <div class=\"GutText-inner\">\n            <div class=\"GutTitle Center\">\n                    <h2 class=\"GutTitle-title\">\n                                    <span class=\"GutTitle-surtitle\">Pour s&#039;amuser<\/span>\n                                                        avec votre tribu\n                            <\/h2>\n                    <\/div>\n                            <div class=\"GutText-intro Center\">Le domaine nordique de Cervi\u00e8res est accessible pour petits et grands !<\/div>\n                                        <div class=\"GutText-wysiwyg Content\">\n                    <p style=\"text-align: center\">Retrouvez la piste de luge et des id\u00e9es d&rsquo;activit\u00e9s pour profiter pleinement de votre s\u00e9jour en famille !<\/p>\n\n                <\/div>\n                    <\/div>\n    <\/div>\n\n\n\n<div class=\"ApiListing __altimax_listing \" data-js=\"{&quot;action_load&quot;:&quot;apidae_listing_load&quot;,&quot;action_map_tiles&quot;:&quot;apidae_listing_load_map_tiles&quot;,&quot;action_filters&quot;:&quot;apidae_listing_filters&quot;,&quot;action_pdf&quot;:&quot;apidae_listing_pdf&quot;,&quot;post_id&quot;:416,&quot;blog_id&quot;:4,&quot;uid&quot;:2,&quot;cache_key&quot;:&quot;156b60f29c53b00131d9072540871b17&quot;,&quot;is_agenda&quot;:false,&quot;listing_mode&quot;:&quot;listing&quot;,&quot;use_filters&quot;:false,&quot;use_share&quot;:false,&quot;paginator&quot;:{&quot;currentPage&quot;:1,&quot;maxPerPage&quot;:10,&quot;count&quot;:2,&quot;totalPages&quot;:1,&quot;nextPage&quot;:1,&quot;html&quot;:&quot;    &lt;li class=\\&quot;Paginator-page __altimax_listing_load active\\&quot;\\n        data-index=\\&quot;1\\&quot; &gt;\\n        &lt;span&gt;1&lt;\\\/span&gt;\\n    &lt;\\\/li&gt;\\n&quot;},&quot;ajax_url&quot;:&quot;https:\\\/\\\/www.hautesvallees.com\\\/\\\/lizoard\\\/wp-admin\\\/admin-ajax.php&quot;,&quot;lang&quot;:&quot;fr&quot;}\">\n    <div class=\"ApiListingLoader __altimax_loader\">\n        <div class=\"ApiListingLoader-container\">\n            <div class=\"ApiListingLoader-ring\"><\/div>\n        <\/div>\n    <\/div>\n        \n        \n        \n                                <div class=\"ApiListing-container\">\n        <div class=\"ApiListing-control container_full \">\n                                                    <button class=\"ApiListing-pdf desktop Button-border __altimax_listing_pdf\">T\u00e9l\u00e9charger<\/button>\n                                                                <div class=\"ApiListing-result\">\n                <div class=\"ApiListing-result--number __altimax_listing_count\">2<\/div>\n                R\u00e9sultats\n            <\/div>\n                    <\/div>\n\n        <div class=\"ApiListing-wrapper container_full  \">\n            \n                            <ul class=\"ApiListing-list __altimax_listing_content\">\n                                            <!-- Generer le: 2026-04-27 11:17:51 -->\n<!-- Blog: L&amp;#039;Izoard - 4 -->\n<li class=\"ApiTile ApiTileDefault __altimax_listing_item  \"\n    data-roadbook-item=\"7649548\"\n    data-apidae=\"7649548\"\n    data-event-category=\"Apidae affichage\"\n    data-event-action=\"vue teaser\"\n    data-event-label=\"7649548 : Espace ludique &amp; Ski Hockey\">\n    <a href=\"https:\/\/www.hautesvallees.com\/lizoard\/equipement\/espace-ludique-ski-hockey-cervieres\" class=\"ApiTile-link ApiTileDefault-link\" title=\"Espace ludique &amp; Ski Hockey\">\n            <span class=\"ApiTile-location ApiTileDefault-location\">\n        Cervi\u00e8res\n    <\/span>\n\n            <button class=\"__gtm_track_click __altimax_favory ApiTile-fav ApiTileDefault-fav Favourite\"\n            data-apidae=\"7649548\"\n            title=\"Ajoutez aux favoris\"\n            data-txtajouter=\"Ajoutez aux favoris\"\n            data-txtretirer=\"Retirez des favoris\"\n            data-event-category=\"Apidae fiche objet\"\n            data-event-action=\"ajout trip planner\"\n            data-event-label=\"7649548 : Espace ludique &amp; Ski Hockey\">\n        <img decoding=\"async\" class=\"Favourite-border svg\"\n             src=\"\/content\/themes\/theme_altimax\/dist\/img\/apidae\/system\/SYSTEM-FavOff-30px.svg\"\/>\n        <img decoding=\"async\" class=\"Favourite-full svg\"\n             src=\"\/content\/themes\/theme_altimax\/dist\/img\/apidae\/system\/SYSTEM-FavOn-30px.svg\"\/>\n    <\/button>\n\n            <picture class=\"ApiTile-picture ApiTileDefault-picture\">\n        <img decoding=\"async\" class=\"ApiTile-img ApiTileAgenda-img\" src=\"\/cache\/images\/14575101_apidae-tile.jpg\" alt=\"Espace ludique &amp; Ski Hockey\">\n    <\/picture>\n\n        <div class=\"ApiTile-content ApiTileDefault-content\">\n            \n            <div class=\"ApiTile-top ApiTileDefault-top\">\n                <span class=\"ApiTile-type ApiTileDefault-type\">\n                        equipement\n            <\/span>                                            <\/div>\n\n            <h2 class=\"ApiTile-title ApiTileDefault-title\">Espace ludique &amp; Ski Hockey<\/h2>\n                        \n                                <\/div>\n    <\/a>\n<\/li>\n\n                                            <!-- Generer le: 2026-04-27 11:17:51 -->\n<!-- Blog: L&amp;#039;Izoard - 4 -->\n<li class=\"ApiTile ApiTileDefault __altimax_listing_item  \"\n    data-roadbook-item=\"6368384\"\n    data-apidae=\"6368384\"\n    data-event-category=\"Apidae affichage\"\n    data-event-action=\"vue teaser\"\n    data-event-label=\"6368384 : Piste de luge de Cervi\u00e8res\">\n    <a href=\"https:\/\/www.hautesvallees.com\/lizoard\/equipement\/piste-de-luge-de-cervieres-cervieres\" class=\"ApiTile-link ApiTileDefault-link\" title=\"Piste de luge de Cervi\u00e8res\">\n            <span class=\"ApiTile-location ApiTileDefault-location\">\n        Cervi\u00e8res\n    <\/span>\n\n            <button class=\"__gtm_track_click __altimax_favory ApiTile-fav ApiTileDefault-fav Favourite\"\n            data-apidae=\"6368384\"\n            title=\"Ajoutez aux favoris\"\n            data-txtajouter=\"Ajoutez aux favoris\"\n            data-txtretirer=\"Retirez des favoris\"\n            data-event-category=\"Apidae fiche objet\"\n            data-event-action=\"ajout trip planner\"\n            data-event-label=\"6368384 : Piste de luge de Cervi\u00e8res\">\n        <img decoding=\"async\" class=\"Favourite-border svg\"\n             src=\"\/content\/themes\/theme_altimax\/dist\/img\/apidae\/system\/SYSTEM-FavOff-30px.svg\"\/>\n        <img decoding=\"async\" class=\"Favourite-full svg\"\n             src=\"\/content\/themes\/theme_altimax\/dist\/img\/apidae\/system\/SYSTEM-FavOn-30px.svg\"\/>\n    <\/button>\n\n            <picture class=\"ApiTile-picture ApiTileDefault-picture\">\n        <img decoding=\"async\" class=\"ApiTile-img ApiTileAgenda-img\" src=\"\/cache\/images\/15498568_apidae-tile.jpg\" alt=\"Piste de luge de Cervi\u00e8res\">\n    <\/picture>\n\n        <div class=\"ApiTile-content ApiTileDefault-content\">\n            \n            <div class=\"ApiTile-top ApiTileDefault-top\">\n                <span class=\"ApiTile-type ApiTileDefault-type\">\n                        equipement\n            <\/span>                                            <\/div>\n\n            <h2 class=\"ApiTile-title ApiTileDefault-title\">Piste de luge de Cervi\u00e8res<\/h2>\n                        \n                                <\/div>\n    <\/a>\n<\/li>\n\n                                    <\/ul>\n            \n                        \n        <\/div>\n                    <ul class=\"Paginator __altimax_listing_paginator\">\n                    <li class=\"Paginator-page __altimax_listing_load active\"\n        data-index=\"1\" >\n        <span>1<\/span>\n    <\/li>\n\n            <\/ul>\n            <\/div>\n<\/div>\n\n<div class=\"GutPeleMele  GutContainer-full\">\n        <div class=\"GutPeleMele-inner\">\n            <div class=\"GutTitle Center\">\n                    <h2 class=\"GutTitle-title\">\n                                    <span class=\"GutTitle-surtitle\">Vous aimerez<\/span>\n                                                        aussi\n                            <\/h2>\n                    <\/div>\n                            <div class=\"GutPeleMele-grid\">\n                                                                        <a class=\"GutPeleMele-tile\" href=\"https:\/\/www.hautesvallees.com\/lizoard\/que-faire\/en-hiver\/ski-alpin\/\" target=\"\" title=\"Ski alpin\">\n                                                    <img decoding=\"async\" class=\"GutPeleMele-tile--image\" src=\"https:\/\/www.hautesvallees.com\/content\/uploads\/sites\/4\/2025\/01\/ski-alpin-Prorel-T.Blais_-scaled-1.jpg\" alt=\"\">\n                            <span class=\"GutPeleMele-tile--title\">Ski alpin<\/span>\n                                                    <\/a>\n                                                                                                <a class=\"GutPeleMele-tile\" href=\"https:\/\/www.hautesvallees.com\/lizoard\/que-faire\/en-hiver\/domaine-nordique-de-villard-saint-pancrace\/\" target=\"\" title=\"Domaine nordique de Villard-Saint-Pancrace\">\n                                                    <img decoding=\"async\" class=\"GutPeleMele-tile--image\" src=\"https:\/\/www.hautesvallees.com\/content\/uploads\/sites\/4\/2025\/01\/S.Morattel-Skidefond-Villard-St-Pancrace-6-scaled-1.jpg\" alt=\"\">\n                            <span class=\"GutPeleMele-tile--title\">Domaine nordique de Villard-Saint-Pancrace<\/span>\n                                                    <\/a>\n                                                                                                <a class=\"GutPeleMele-tile\" href=\"https:\/\/www.hautesvallees.com\/lizoard\/que-faire\/en-hiver\/raquettes\/\" target=\"\" title=\"Raquettes\">\n                                                    <img decoding=\"async\" class=\"GutPeleMele-tile--image\" src=\"https:\/\/www.hautesvallees.com\/content\/uploads\/sites\/4\/2025\/01\/Raquettes-secteur-chalets-de-lizoard-8-scaled-1.jpg\" alt=\"\">\n                            <span class=\"GutPeleMele-tile--title\">Raquettes<\/span>\n                                                    <\/a>\n                                                                                                <a class=\"GutPeleMele-tile\" href=\"https:\/\/www.hautesvallees.com\/lizoard\/que-faire\/en-hiver\/ski-de-rando\/\" target=\"\" title=\"Ski de rando\">\n                                                    <img decoding=\"async\" class=\"GutPeleMele-tile--image\" src=\"https:\/\/www.hautesvallees.com\/content\/uploads\/sites\/4\/2025\/01\/Ski-de-rando-Arpelin-T.Blais-16-scaled-2.jpg\" alt=\"\">\n                            <span class=\"GutPeleMele-tile--title\">Ski de randonn\u00e9e<\/span>\n                                                    <\/a>\n                                                                                                <a class=\"GutPeleMele-tile\" href=\"https:\/\/www.hautesvallees.com\/lizoard\/que-faire\/en-hiver\/snooc\/\" target=\"\" title=\"Snooc\">\n                                                    <img decoding=\"async\" class=\"GutPeleMele-tile--image\" src=\"https:\/\/www.hautesvallees.com\/content\/uploads\/sites\/4\/2025\/01\/Snooc-col-de-lIzoard-\u00a9S.Morattel-5-scaled-1.jpg\" alt=\"\">\n                            <span class=\"GutPeleMele-tile--title\">Snooc<\/span>\n                                                    <\/a>\n                                                                                                <a class=\"GutPeleMele-tile\" href=\"https:\/\/www.hautesvallees.com\/lizoard\/que-faire\/en-hiver\/cascade-de-glace\/\" target=\"\" title=\"Cascade de glace\">\n                                                    <img decoding=\"async\" class=\"GutPeleMele-tile--image\" src=\"https:\/\/www.hautesvallees.com\/content\/uploads\/sites\/4\/2025\/01\/cascade-de-glace-villar-darene-12-scaled-1.jpg\" alt=\"\">\n                            <span class=\"GutPeleMele-tile--title\">Cascade de glace<\/span>\n                                                    <\/a>\n                                                            <\/div>\n                    <\/div>\n\n    <\/div>\n","protected":false},"excerpt":{"rendered":"","protected":false},"author":5,"featured_media":589,"parent":383,"menu_order":0,"comment_status":"closed","ping_status":"closed","template":"","meta":{"_acf_changed":false,"footnotes":""},"class_list":["post-416","page","type-page","status-publish","has-post-thumbnail","hentry"],"acf":[],"_links":{"self":[{"href":"https:\/\/www.hautesvallees.com\/lizoard\/wp-json\/wp\/v2\/pages\/416","targetHints":{"allow":["GET"]}}],"collection":[{"href":"https:\/\/www.hautesvallees.com\/lizoard\/wp-json\/wp\/v2\/pages"}],"about":[{"href":"https:\/\/www.hautesvallees.com\/lizoard\/wp-json\/wp\/v2\/types\/page"}],"author":[{"embeddable":true,"href":"https:\/\/www.hautesvallees.com\/lizoard\/wp-json\/wp\/v2\/users\/5"}],"replies":[{"embeddable":true,"href":"https:\/\/www.hautesvallees.com\/lizoard\/wp-json\/wp\/v2\/comments?post=416"}],"version-history":[{"count":13,"href":"https:\/\/www.hautesvallees.com\/lizoard\/wp-json\/wp\/v2\/pages\/416\/revisions"}],"predecessor-version":[{"id":29268,"href":"https:\/\/www.hautesvallees.com\/lizoard\/wp-json\/wp\/v2\/pages\/416\/revisions\/29268"}],"up":[{"embeddable":true,"href":"https:\/\/www.hautesvallees.com\/lizoard\/wp-json\/wp\/v2\/pages\/383"}],"wp:featuredmedia":[{"embeddable":true,"href":"https:\/\/www.hautesvallees.com\/lizoard\/wp-json\/wp\/v2\/media\/589"}],"wp:attachment":[{"href":"https:\/\/www.hautesvallees.com\/lizoard\/wp-json\/wp\/v2\/media?parent=416"}],"curies":[{"name":"wp","href":"https:\/\/api.w.org\/{rel}","templated":true}]}}