{"id":408,"date":"2025-01-16T17:35:24","date_gmt":"2025-01-16T16:35:24","guid":{"rendered":"https:\/\/www.hautesvallees.com\/lizoard\/?page_id=408"},"modified":"2025-09-26T11:48:32","modified_gmt":"2025-09-26T09:48:32","slug":"les-sommets","status":"publish","type":"page","link":"https:\/\/www.hautesvallees.com\/lizoard\/que-faire\/en-ete\/balades-et-randonnees\/les-sommets\/","title":{"rendered":"Les sommets de l&rsquo;Izoard"},"content":{"rendered":"<div class=\"GutText  GutContainer\">\n        <div class=\"GutText-inner\">\n            <div class=\"GutTitle Center\">\n                    <h2 class=\"GutTitle-title\">\n                                    <span class=\"GutTitle-surtitle\">\u00c0 la conqu\u00eate<\/span>\n                                                        des sommets de l&#039;Izoard\n                            <\/h2>\n                    <\/div>\n                            <div class=\"GutText-intro Center\">\u00c0 pr\u00e8s de 3 000m d&rsquo;altitude, ils sont reconnaissables de loin et dominent le Brian\u00e7onnais, l&rsquo;Italie et le Queyras. <\/div>\n                                        <div class=\"GutText-wysiwyg Content\">\n                    <p style=\"text-align: center\">Connaissez-vous ces sommets ? La Croix d&rsquo;Aquila, le Grand Glaiza, le Chenaillet, le pic de Rochebrune, le Grand Peygu et le sommet du Prorel ?<\/p>\n<p style=\"text-align: center\">Alors n&rsquo;attendez-plus pour partir fouler ces sentiers qui m\u00e8nent aux cimes ! Prudence et exp\u00e9rience sont de mises pour partir explorer ces sommets. Et n&rsquo;oubliez pas, partez accompagn\u00e9s !<\/p>\n<p style=\"text-align: center\"><a class=\"Button-primary\" href=\"https:\/\/www.hautesvallees.com\/lizoard\/que-faire\/en-ete\/balades-et-randonnees\/partez-accompagnes\/\">Envie d&rsquo;\u00eatre accompagn\u00e9 ?<\/a><\/p>\n\n                <\/div>\n                    <\/div>\n    <\/div>\n\n\n<div class=\"GutImage  GutContainer-full\">\n        <div class=\"GutImage-container\">\n            <div class=\"GutTitle Center\">\n                    <h2 class=\"GutTitle-title\">\n                                    <span class=\"GutTitle-surtitle\">le grand<\/span>\n                                                        peygu\n                            <\/h2>\n                    <\/div>\n            \n                            <picture class=\"GutImage-pic\">\n                    <source srcset=\"https:\/\/www.hautesvallees.com\/content\/uploads\/sites\/4\/2025\/02\/\u00a9MDucoux024_La-Lausette-Les-Peygus-1-scaled-1-768x360.jpg\" media=\"(max-width: 768px)\">\n                    <source srcset=\"https:\/\/www.hautesvallees.com\/content\/uploads\/sites\/4\/2025\/02\/\u00a9MDucoux024_La-Lausette-Les-Peygus-1-scaled-1-992x465.jpg\" media=\"(max-width: 992px)\">\n                    <source srcset=\"https:\/\/www.hautesvallees.com\/content\/uploads\/sites\/4\/2025\/02\/\u00a9MDucoux024_La-Lausette-Les-Peygus-1-scaled-1-1920x900.jpg\" media=\"(min-width: 993px)\">\n                    <img decoding=\"async\" class=\"GutImage-img\" src=\"https:\/\/www.hautesvallees.com\/content\/uploads\/sites\/4\/2025\/02\/\u00a9MDucoux024_La-Lausette-Les-Peygus-1-scaled-1-1920x900.jpg\" alt=\"Les sommets - Le Grand Peygu - Ducroux M.\" \/>\n                <\/picture>\n                                        <div class=\"GutImage-creditphoto\">\n                    Ducroux M.\n                <\/div>\n                    <\/div>\n    <\/div>\n\n\n<div class=\"GutText  GutContainer\">\n        <div class=\"GutText-inner\">\n                                        <div class=\"GutText-intro Center\">Le Grand Peygu\u00a0est une pyramide qui attrape le regard lorsque l\u2019on monte le col de l\u2019Izoard.<\/div>\n                                        <div class=\"GutText-wysiwyg Content\">\n                    <p style=\"text-align: center\">Ce sommet culmine \u00e0 <strong>2 796 m d&rsquo;altitude.<\/strong> Il offre un <strong>panorama hors norme sur les massifs des Ecrins, de la Vanoise, des Cerces, du Queyras et sur le Mont Blanc.<\/strong> <strong>L\u2019ascension est courte et sportive<\/strong> ce qui en fait une <strong>randonn\u00e9e difficile<\/strong>. Le <strong>parcours des cr\u00eates<\/strong> demande de l\u2019attention afin de naviguer entre les rochers. <strong>Il est parfois n\u00e9cessaire de mettre les mains<\/strong>.<strong> Les plus aguerris pourront se lancer dans l\u2019ascension du Grand Peygu<\/strong>. Le d\u00e9part se fait depuis le hameau du Laus.<\/p>\n<p>&nbsp;<\/p>\n<p style=\"text-align: center\"><a class=\"Button-primary\" href=\"https:\/\/www.hautesvallees.com\/equipement\/le-grand-peygu-cervieres\/\">Itin\u00e9raire du Grand Peygu<\/a><\/p>\n\n                <\/div>\n                    <\/div>\n    <\/div>\n\n\n<div class=\"GutImage  GutContainer-full\">\n        <div class=\"GutImage-container\">\n            <div class=\"GutTitle Center\">\n                    <h2 class=\"GutTitle-title\">\n                                    <span class=\"GutTitle-surtitle\">le mont<\/span>\n                                                        prorel\n                            <\/h2>\n                    <\/div>\n            \n                            <picture class=\"GutImage-pic\">\n                    <source srcset=\"https:\/\/www.hautesvallees.com\/content\/uploads\/sites\/4\/2025\/01\/prorel-Briancon-T.Blais_-scaled-1-768x360.jpg\" media=\"(max-width: 768px)\">\n                    <source srcset=\"https:\/\/www.hautesvallees.com\/content\/uploads\/sites\/4\/2025\/01\/prorel-Briancon-T.Blais_-scaled-1-992x465.jpg\" media=\"(max-width: 992px)\">\n                    <source srcset=\"https:\/\/www.hautesvallees.com\/content\/uploads\/sites\/4\/2025\/01\/prorel-Briancon-T.Blais_-scaled-1-1920x900.jpg\" media=\"(min-width: 993px)\">\n                    <img decoding=\"async\" class=\"GutImage-img\" src=\"https:\/\/www.hautesvallees.com\/content\/uploads\/sites\/4\/2025\/01\/prorel-Briancon-T.Blais_-scaled-1-1920x900.jpg\" alt=\"Ski alpin - Prorel - T.Blais\" \/>\n                <\/picture>\n                                        <div class=\"GutImage-creditphoto\">\n                    Blais T.\n                <\/div>\n                    <\/div>\n    <\/div>\n\n\n<div class=\"GutText  GutContainer\">\n        <div class=\"GutText-inner\">\n                                        <div class=\"GutText-intro Center\">Le Mont Prorel culmine \u00e0 2 566 m d&rsquo;altitude et domine le Brian\u00e7onnais.<\/div>\n                                        <div class=\"GutText-wysiwyg Content\">\n                    <p style=\"text-align: center\">Il se trouve \u00e0 la <strong>limite du Parc national des Ecrins sans en faire partie<\/strong>. Le sommet offre une <strong>belle vue sur les vall\u00e9es de la Guisane et de la Durance ainsi que les fortifications Vauban de Brian\u00e7on.<\/strong> <strong>L&rsquo;ascension est ponctu\u00e9e d&rsquo;oratoires menant jusqu&rsquo;\u00e0 la <a href=\"https:\/\/www.hautesvallees.com\/equipement\/notre-dame-des-neiges-et-ses-oratoires-puy-saint-pierre\/\">Chapelle Notre-Dame-des-Neiges<\/a><\/strong>. Arr\u00eatez vous pour <strong>visiter cette\u00a0chapelle du XVIII\u00e8me.<\/strong> Continuez votre chemin jusqu&rsquo;au <strong>sommet du Mont Prorel pour contempler la vue.\u00a0\u00a0<\/strong><\/p>\n<p>&nbsp;<\/p>\n<p style=\"text-align: center\"><a class=\"Button-primary\" href=\"https:\/\/www.hautesvallees.com\/equipement\/le-sommet-du-prorel-puy-saint-pierre\/\">Itin\u00e9raire du Mont Prorel<\/a><\/p>\n<p style=\"text-align: center\"><a class=\"Link\" href=\"https:\/\/www.hautesvallees.com\/lizoard\/decouvrir\/incontournables\/le-prorel\/\">D\u00e9couvrir le Prorel et la Chapelle Notre-Dame-des-Neiges<\/a><\/p>\n\n                <\/div>\n                    <\/div>\n    <\/div>\n\n\n<div class=\"GutImage  GutContainer-full\">\n        <div class=\"GutImage-container\">\n            <div class=\"GutTitle Center\">\n                    <h2 class=\"GutTitle-title\">\n                                    <span class=\"GutTitle-surtitle\">le<\/span>\n                                                        chenaillet\n                            <\/h2>\n                    <\/div>\n            \n                            <picture class=\"GutImage-pic\">\n                    <source srcset=\"https:\/\/www.hautesvallees.com\/content\/uploads\/sites\/4\/2025\/09\/Randonnee-Chenaillet-automne-2025-Laury-Chamerlat-15-768x360.jpg\" media=\"(max-width: 768px)\">\n                    <source srcset=\"https:\/\/www.hautesvallees.com\/content\/uploads\/sites\/4\/2025\/09\/Randonnee-Chenaillet-automne-2025-Laury-Chamerlat-15-992x465.jpg\" media=\"(max-width: 992px)\">\n                    <source srcset=\"https:\/\/www.hautesvallees.com\/content\/uploads\/sites\/4\/2025\/09\/Randonnee-Chenaillet-automne-2025-Laury-Chamerlat-15-1920x900.jpg\" media=\"(min-width: 993px)\">\n                    <img decoding=\"async\" class=\"GutImage-img\" src=\"https:\/\/www.hautesvallees.com\/content\/uploads\/sites\/4\/2025\/09\/Randonnee-Chenaillet-automne-2025-Laury-Chamerlat-15-1920x900.jpg\" alt=\"Randonn\u00e9e, Chenaillet, automne 2025 - Laury Chamerlat (15)\" \/>\n                <\/picture>\n                                        <div class=\"GutImage-creditphoto\">\n                    L.Chamerlat\n                <\/div>\n                    <\/div>\n    <\/div>\n\n\n<div class=\"GutText  GutContainer\">\n        <div class=\"GutText-inner\">\n                                        <div class=\"GutText-intro Center\">Le Chenaillet est un tr\u00e9sor g\u00e9ologique connu des amateurs en g\u00e9ologie.<\/div>\n                                        <div class=\"GutText-wysiwyg Content\">\n                    <p style=\"text-align: center\"><strong>Chaque ann\u00e9e, de nombreux \u00e9tudiants gravissent ce sommet.<\/strong> A la grande surprise des novices, <strong>le sommet du Chenaillet est issue d\u2019un volcanisme sous-marin<\/strong>. Il est le <strong>t\u00e9moin de l&rsquo;histoire de la formation des Alpes.<\/strong> <strong>Le mont Chenaillet culmine aujourd\u2019hui \u00e0 2 650m d\u2019altitude<\/strong>. Les bornes th\u00e9matiques permettent de d\u00e9couvrir son histoire pendant son ascension. Cette randonn\u00e9e est peu difficile et offre un panorama \u00e0 360\u00b0 sur les massifs alentour et l\u2019Italie.<\/p>\n<p>&nbsp;<\/p>\n<p style=\"text-align: center\"><a class=\"Button-primary\" href=\"https:\/\/www.hautesvallees.com\/equipement\/sentier-geologique-du-chenaillet-cervieres\/\">Itin\u00e9raire du Chenaillet<\/a><\/p>\n\n                <\/div>\n                    <\/div>\n    <\/div>\n\n\n<div class=\"GutImage  GutContainer-full\">\n        <div class=\"GutImage-container\">\n            <div class=\"GutTitle Center\">\n                    <h2 class=\"GutTitle-title\">\n                                    <span class=\"GutTitle-surtitle\">la croix<\/span>\n                                                        d&#039;aquila\n                            <\/h2>\n                    <\/div>\n            \n                            <picture class=\"GutImage-pic\">\n                    <source srcset=\"https:\/\/www.hautesvallees.com\/content\/uploads\/sites\/4\/2025\/02\/Croix-dAquila-\u00a9-Laury-Chamerlat-13-scaled-1-768x360.jpg\" media=\"(max-width: 768px)\">\n                    <source srcset=\"https:\/\/www.hautesvallees.com\/content\/uploads\/sites\/4\/2025\/02\/Croix-dAquila-\u00a9-Laury-Chamerlat-13-scaled-1-992x465.jpg\" media=\"(max-width: 992px)\">\n                    <source srcset=\"https:\/\/www.hautesvallees.com\/content\/uploads\/sites\/4\/2025\/02\/Croix-dAquila-\u00a9-Laury-Chamerlat-13-scaled-1-1920x900.jpg\" media=\"(min-width: 993px)\">\n                    <img decoding=\"async\" class=\"GutImage-img\" src=\"https:\/\/www.hautesvallees.com\/content\/uploads\/sites\/4\/2025\/02\/Croix-dAquila-\u00a9-Laury-Chamerlat-13-scaled-1-1920x900.jpg\" alt=\"Croix-dAquila-\u00a9-Laury-Chamerlat\" \/>\n                <\/picture>\n                                        <div class=\"GutImage-creditphoto\">\n                    L.Chamerlat\n                <\/div>\n                    <\/div>\n    <\/div>\n\n\n<div class=\"GutText  GutContainer\">\n        <div class=\"GutText-inner\">\n                                        <div class=\"GutText-intro Center\">Du sommet de la Croix d\u2019Aquila, les montagnes du Brian\u00e7onnais et quelques sommets des Ecrins se d\u00e9voilent.<\/div>\n                                        <div class=\"GutText-wysiwyg Content\">\n                    <p style=\"text-align: center\">Du haut de ses <strong>2 400m d\u2019altitude<\/strong>, ce sommet offre une <strong>vue panoramique sur le Pic de Montbrison<\/strong>. Au d\u00e9part de la <strong>commune de Puy-Saint-Andr\u00e9<\/strong>, l\u2019itin\u00e9raire passe par la <strong>R\u00e9serve Naturelle des Partias o\u00f9 le respect des r\u00e8gles de bonne conduite est n\u00e9cessaire pour prot\u00e9ger cet espace<\/strong>. Cette randonn\u00e9e ne pr\u00e9sente <strong>pas de difficult\u00e9s particuli\u00e8res sauf un passage a\u00e9rien et escarp\u00e9 \u00e0 l\u2019approche de la croix.<\/strong><\/p>\n<p>&nbsp;<\/p>\n<p style=\"text-align: center\"><a class=\"Button-primary\" href=\"https:\/\/www.hautesvallees.com\/equipement\/la-croix-daquila-puy-saint-andre\/\">Itin\u00e9raire de la croix d&rsquo;Aquila<\/a><\/p>\n\n                <\/div>\n                    <\/div>\n    <\/div>\n\n\n<div class=\"GutImage  GutContainer-full\">\n        <div class=\"GutImage-container\">\n            <div class=\"GutTitle Center\">\n                    <h2 class=\"GutTitle-title\">\n                                    <span class=\"GutTitle-surtitle\">Pic de<\/span>\n                                                        Rochebrune\n                            <\/h2>\n                    <\/div>\n            \n                            <picture class=\"GutImage-pic\">\n                    <source srcset=\"https:\/\/www.hautesvallees.com\/content\/uploads\/sites\/4\/2025\/02\/\u00a9MDucoux048_Rochebrune-scaled-e1710947904214-768x360.jpg\" media=\"(max-width: 768px)\">\n                    <source srcset=\"https:\/\/www.hautesvallees.com\/content\/uploads\/sites\/4\/2025\/02\/\u00a9MDucoux048_Rochebrune-scaled-e1710947904214-992x465.jpg\" media=\"(max-width: 992px)\">\n                    <source srcset=\"https:\/\/www.hautesvallees.com\/content\/uploads\/sites\/4\/2025\/02\/\u00a9MDucoux048_Rochebrune-scaled-e1710947904214-1920x900.jpg\" media=\"(min-width: 993px)\">\n                    <img decoding=\"async\" class=\"GutImage-img\" src=\"https:\/\/www.hautesvallees.com\/content\/uploads\/sites\/4\/2025\/02\/\u00a9MDucoux048_Rochebrune-scaled-e1710947904214-1920x900.jpg\" alt=\"Rochebrune - Ducroux M.\" \/>\n                <\/picture>\n                                        <div class=\"GutImage-creditphoto\">\n                    Ducroux M.\n                <\/div>\n                    <\/div>\n    <\/div>\n\n\n<div class=\"GutText  GutContainer\">\n        <div class=\"GutText-inner\">\n                                        <div class=\"GutText-intro Center\">Le Pic de Rochebrune est le plus haut sommet de l\u2019Izoard, culminant pr\u00e8s de 3 320m d\u2019altitude.\u00a0<\/div>\n                                        <div class=\"GutText-wysiwyg Content\">\n                    <p style=\"text-align: center\">Depuis 2023, des \u00e9boulements sont survenus pr\u00e8s des sentiers de Rochebrune.<\/p>\n<p style=\"text-align: center\">Apr\u00e8s l\u2019\u00e9croulement des principales parties instables et en l\u2019absence d\u2019indice visible de nouveau<br \/>\nmouvement en dehors des purges r\u00e9siduelles ponctuelles,<\/p>\n<p style=\"text-align: center\"><strong>le niveau d\u2019exposition des itin\u00e9raires est revenu<\/strong><br \/>\n<strong>\u00e0 un niveau semblable \u00e0 ce qu\u2019il \u00e9tait auparavant.<\/strong><\/p>\n<p style=\"text-align: center\"><em>Nous vous invitons \u00e0 rester prudent et \u00e0 prendre connaissances des diff\u00e9rentes informations transmises.<\/em><\/p>\n<p>&nbsp;<\/p>\n<p style=\"text-align: center\"><a class=\"Button-primary\" href=\"https:\/\/cervieres.fr\/2020\/10\/26\/rochebrune\/\" target=\"_blank\" rel=\"noopener\">Toutes les informations sur Rochebrune et les conditions d&rsquo;acc\u00e8s<\/a><\/p>\n<p style=\"text-align: center\">\n\n                <\/div>\n                    <\/div>\n    <\/div>\n\n\n\n<div class=\"ApiListing __altimax_listing \" data-js=\"{&quot;action_load&quot;:&quot;apidae_listing_load&quot;,&quot;action_map_tiles&quot;:&quot;apidae_listing_load_map_tiles&quot;,&quot;action_filters&quot;:&quot;apidae_listing_filters&quot;,&quot;action_pdf&quot;:&quot;apidae_listing_pdf&quot;,&quot;post_id&quot;:408,&quot;blog_id&quot;:4,&quot;uid&quot;:1,&quot;cache_key&quot;:&quot;aef28fc78bab0ced8a99ff3143529856&quot;,&quot;is_agenda&quot;:false,&quot;listing_mode&quot;:&quot;listing-map&quot;,&quot;use_filters&quot;:false,&quot;use_share&quot;:false,&quot;paginator&quot;:{&quot;currentPage&quot;:1,&quot;maxPerPage&quot;:10,&quot;count&quot;:6,&quot;totalPages&quot;:1,&quot;nextPage&quot;:1,&quot;html&quot;:&quot;    &lt;li class=\\&quot;Paginator-page __altimax_listing_load active\\&quot;\\n        data-index=\\&quot;1\\&quot; &gt;\\n        &lt;span&gt;1&lt;\\\/span&gt;\\n    &lt;\\\/li&gt;\\n&quot;},&quot;ajax_url&quot;:&quot;https:\\\/\\\/www.hautesvallees.com\\\/\\\/lizoard\\\/wp-admin\\\/admin-ajax.php&quot;,&quot;lang&quot;:&quot;fr&quot;}\">\n    <div class=\"ApiListingLoader __altimax_loader\">\n        <div class=\"ApiListingLoader-container\">\n            <div class=\"ApiListingLoader-ring\"><\/div>\n        <\/div>\n    <\/div>\n        \n        \n        \n                                            <div class=\"ApiListing-container\">\n        <div class=\"ApiListing-control container_full  switch\">\n                                                                                        <div class=\"ApiListing-result\">\n                <div class=\"ApiListing-result--number __altimax_listing_count\">6<\/div>\n                R\u00e9sultats\n            <\/div>\n                            <button class=\"ApiListing-switch Button-full __apidae_map_listing_switch\"\n                        data-current=\"listing\"\n                        data-text-listing=\"Liste\"\n                        data-text-map=\"Carte\">\n                    Carte\n                <\/button>\n                    <\/div>\n\n        <div class=\"ApiListing-wrapper container_full   switch\">\n            \n                            <ul class=\"ApiListing-list __altimax_listing_content\">\n                                            <!-- Generer le: 2026-05-03 10:16:21 -->\n<!-- Blog: L&amp;#039;Izoard - 4 -->\n<li class=\"ApiTile ApiTileDefault __altimax_listing_item  \"\n    data-roadbook-item=\"5273880\"\n    data-apidae=\"5273880\"\n    data-event-category=\"Apidae affichage\"\n    data-event-action=\"vue teaser\"\n    data-event-label=\"5273880 : La Cime de la Condamine\">\n    <a href=\"https:\/\/www.hautesvallees.com\/lizoard\/equipement\/la-cime-de-la-condamine-puy-saint-andre\" class=\"ApiTile-link ApiTileDefault-link\" title=\"La Cime de la Condamine\">\n            <span class=\"ApiTile-location ApiTileDefault-location\">\n        Puy-Saint-Andr\u00e9\n    <\/span>\n\n            <button class=\"__gtm_track_click __altimax_favory ApiTile-fav ApiTileDefault-fav Favourite\"\n            data-apidae=\"5273880\"\n            title=\"Ajoutez aux favoris\"\n            data-txtajouter=\"Ajoutez aux favoris\"\n            data-txtretirer=\"Retirez des favoris\"\n            data-event-category=\"Apidae fiche objet\"\n            data-event-action=\"ajout trip planner\"\n            data-event-label=\"5273880 : La Cime de la Condamine\">\n        <img decoding=\"async\" class=\"Favourite-border svg\"\n             src=\"\/content\/themes\/theme_altimax\/dist\/img\/apidae\/system\/SYSTEM-FavOff-30px.svg\"\/>\n        <img decoding=\"async\" class=\"Favourite-full svg\"\n             src=\"\/content\/themes\/theme_altimax\/dist\/img\/apidae\/system\/SYSTEM-FavOn-30px.svg\"\/>\n    <\/button>\n\n            <picture class=\"ApiTile-picture ApiTileDefault-picture\">\n        <img decoding=\"async\" class=\"ApiTile-img ApiTileAgenda-img\" src=\"\/cache\/images\/37777150_apidae-tile.jpg\" alt=\"La Cime de la Condamine\">\n    <\/picture>\n\n        <div class=\"ApiTile-content ApiTileDefault-content\">\n            \n            <div class=\"ApiTile-top ApiTileDefault-top\">\n                <span class=\"ApiTile-type ApiTileDefault-type\">\n                        equipement\n            <\/span>                                            <\/div>\n\n            <h2 class=\"ApiTile-title ApiTileDefault-title\">La Cime de la Condamine<\/h2>\n                                <ul class=\"ApiTile-hiking ApiTileDefault-hiking\">\n                                <li class=\"ApiTile-hiking--item ApiTileDefault-hiking--item\">\n                <span class=\"ApiTile-hiking--label ApiTileDefault-hiking--label\">\n                    Distance\n                <\/span>\n                <span class=\"ApiTile-hiking--value ApiTileDefault-hiking--value\">\n                    12km\n                <\/span>\n            <\/li>\n                                                <li class=\"ApiTile-hiking--item ApiTileDefault-hiking--item\">\n                <span class=\"ApiTile-hiking--label ApiTileDefault-hiking--label\">\n                    Dur\u00e9e journali\u00e8re\n                <\/span>\n                <span class=\"ApiTile-hiking--value ApiTileDefault-hiking--value\">\n                    07h00\n                <\/span>\n            <\/li>\n                                                <li class=\"ApiTile-hiking--item ApiTileDefault-hiking--item\">\n                <span class=\"ApiTile-hiking--label ApiTileDefault-hiking--label\">\n                    D\u00e9nivel\u00e9 positif\n                <\/span>\n                <span class=\"ApiTile-hiking--value ApiTileDefault-hiking--value\">\n                    1100m\n                <\/span>\n            <\/li>\n                                        <li class=\"ApiTile-hiking--item ApiTileDefault-hiking--item\">\n                <span class=\"ApiTile-hiking--label ApiTileDefault-hiking--label\">\n                    D\u00e9nivel\u00e9 n\u00e9gatif\n                <\/span>\n                <span class=\"ApiTile-hiking--value ApiTileDefault-hiking--value\">\n                    1100m\n                <\/span>\n            <\/li>\n                                                                    <\/ul>\n\n                                <\/div>\n    <\/a>\n<\/li>\n\n                                            <!-- Generer le: 2026-05-03 10:16:21 -->\n<!-- Blog: L&amp;#039;Izoard - 4 -->\n<li class=\"ApiTile ApiTileDefault __altimax_listing_item  \"\n    data-roadbook-item=\"5271685\"\n    data-apidae=\"5271685\"\n    data-event-category=\"Apidae affichage\"\n    data-event-action=\"vue teaser\"\n    data-event-label=\"5271685 : Sentier g\u00e9ologique du Chenaillet\">\n    <a href=\"https:\/\/www.hautesvallees.com\/lizoard\/equipement\/sentier-geologique-du-chenaillet-cervieres\" class=\"ApiTile-link ApiTileDefault-link\" title=\"Sentier g\u00e9ologique du Chenaillet\">\n            <span class=\"ApiTile-location ApiTileDefault-location\">\n        Cervi\u00e8res\n    <\/span>\n\n            <button class=\"__gtm_track_click __altimax_favory ApiTile-fav ApiTileDefault-fav Favourite\"\n            data-apidae=\"5271685\"\n            title=\"Ajoutez aux favoris\"\n            data-txtajouter=\"Ajoutez aux favoris\"\n            data-txtretirer=\"Retirez des favoris\"\n            data-event-category=\"Apidae fiche objet\"\n            data-event-action=\"ajout trip planner\"\n            data-event-label=\"5271685 : Sentier g\u00e9ologique du Chenaillet\">\n        <img decoding=\"async\" class=\"Favourite-border svg\"\n             src=\"\/content\/themes\/theme_altimax\/dist\/img\/apidae\/system\/SYSTEM-FavOff-30px.svg\"\/>\n        <img decoding=\"async\" class=\"Favourite-full svg\"\n             src=\"\/content\/themes\/theme_altimax\/dist\/img\/apidae\/system\/SYSTEM-FavOn-30px.svg\"\/>\n    <\/button>\n\n            <picture class=\"ApiTile-picture ApiTileDefault-picture\">\n        <img decoding=\"async\" class=\"ApiTile-img ApiTileAgenda-img\" src=\"\/cache\/images\/33029836_apidae-tile.jpg\" alt=\"Sentier g\u00e9ologique du Chenaillet\">\n    <\/picture>\n\n        <div class=\"ApiTile-content ApiTileDefault-content\">\n            \n            <div class=\"ApiTile-top ApiTileDefault-top\">\n                <span class=\"ApiTile-type ApiTileDefault-type\">\n                        equipement\n            <\/span>                                            <\/div>\n\n            <h2 class=\"ApiTile-title ApiTileDefault-title\">Sentier g\u00e9ologique du Chenaillet<\/h2>\n                                <ul class=\"ApiTile-hiking ApiTileDefault-hiking\">\n                                <li class=\"ApiTile-hiking--item ApiTileDefault-hiking--item\">\n                <span class=\"ApiTile-hiking--label ApiTileDefault-hiking--label\">\n                    Distance\n                <\/span>\n                <span class=\"ApiTile-hiking--value ApiTileDefault-hiking--value\">\n                    9.8km\n                <\/span>\n            <\/li>\n                                                <li class=\"ApiTile-hiking--item ApiTileDefault-hiking--item\">\n                <span class=\"ApiTile-hiking--label ApiTileDefault-hiking--label\">\n                    Dur\u00e9e journali\u00e8re\n                <\/span>\n                <span class=\"ApiTile-hiking--value ApiTileDefault-hiking--value\">\n                    05h00\n                <\/span>\n            <\/li>\n                                                <li class=\"ApiTile-hiking--item ApiTileDefault-hiking--item\">\n                <span class=\"ApiTile-hiking--label ApiTileDefault-hiking--label\">\n                    D\u00e9nivel\u00e9 positif\n                <\/span>\n                <span class=\"ApiTile-hiking--value ApiTileDefault-hiking--value\">\n                    770m\n                <\/span>\n            <\/li>\n                                        <li class=\"ApiTile-hiking--item ApiTileDefault-hiking--item\">\n                <span class=\"ApiTile-hiking--label ApiTileDefault-hiking--label\">\n                    D\u00e9nivel\u00e9 n\u00e9gatif\n                <\/span>\n                <span class=\"ApiTile-hiking--value ApiTileDefault-hiking--value\">\n                    770m\n                <\/span>\n            <\/li>\n                                                                    <\/ul>\n\n                                <\/div>\n    <\/a>\n<\/li>\n\n                                            <!-- Generer le: 2026-05-03 10:16:21 -->\n<!-- Blog: L&amp;#039;Izoard - 4 -->\n<li class=\"ApiTile ApiTileDefault __altimax_listing_item  \"\n    data-roadbook-item=\"5832398\"\n    data-apidae=\"5832398\"\n    data-event-category=\"Apidae affichage\"\n    data-event-action=\"vue teaser\"\n    data-event-label=\"5832398 : Le pic de Rochebrune\">\n    <a href=\"https:\/\/www.hautesvallees.com\/lizoard\/equipement\/le-pic-de-rochebrune-cervieres\" class=\"ApiTile-link ApiTileDefault-link\" title=\"Le pic de Rochebrune\">\n            <span class=\"ApiTile-location ApiTileDefault-location\">\n        Cervi\u00e8res\n    <\/span>\n\n            <button class=\"__gtm_track_click __altimax_favory ApiTile-fav ApiTileDefault-fav Favourite\"\n            data-apidae=\"5832398\"\n            title=\"Ajoutez aux favoris\"\n            data-txtajouter=\"Ajoutez aux favoris\"\n            data-txtretirer=\"Retirez des favoris\"\n            data-event-category=\"Apidae fiche objet\"\n            data-event-action=\"ajout trip planner\"\n            data-event-label=\"5832398 : Le pic de Rochebrune\">\n        <img decoding=\"async\" class=\"Favourite-border svg\"\n             src=\"\/content\/themes\/theme_altimax\/dist\/img\/apidae\/system\/SYSTEM-FavOff-30px.svg\"\/>\n        <img decoding=\"async\" class=\"Favourite-full svg\"\n             src=\"\/content\/themes\/theme_altimax\/dist\/img\/apidae\/system\/SYSTEM-FavOn-30px.svg\"\/>\n    <\/button>\n\n            <picture class=\"ApiTile-picture ApiTileDefault-picture\">\n        <img decoding=\"async\" class=\"ApiTile-img ApiTileAgenda-img\" src=\"\/cache\/images\/10236908_apidae-tile.jpg\" alt=\"Le pic de Rochebrune\">\n    <\/picture>\n\n        <div class=\"ApiTile-content ApiTileDefault-content\">\n            \n            <div class=\"ApiTile-top ApiTileDefault-top\">\n                <span class=\"ApiTile-type ApiTileDefault-type\">\n                        equipement\n            <\/span>                                            <\/div>\n\n            <h2 class=\"ApiTile-title ApiTileDefault-title\">Le pic de Rochebrune<\/h2>\n                                <ul class=\"ApiTile-hiking ApiTileDefault-hiking\">\n                                <li class=\"ApiTile-hiking--item ApiTileDefault-hiking--item\">\n                <span class=\"ApiTile-hiking--label ApiTileDefault-hiking--label\">\n                    Distance\n                <\/span>\n                <span class=\"ApiTile-hiking--value ApiTileDefault-hiking--value\">\n                    10km\n                <\/span>\n            <\/li>\n                                                <li class=\"ApiTile-hiking--item ApiTileDefault-hiking--item\">\n                <span class=\"ApiTile-hiking--label ApiTileDefault-hiking--label\">\n                    Dur\u00e9e journali\u00e8re\n                <\/span>\n                <span class=\"ApiTile-hiking--value ApiTileDefault-hiking--value\">\n                    07h00\n                <\/span>\n            <\/li>\n                                                <li class=\"ApiTile-hiking--item ApiTileDefault-hiking--item\">\n                <span class=\"ApiTile-hiking--label ApiTileDefault-hiking--label\">\n                    D\u00e9nivel\u00e9 positif\n                <\/span>\n                <span class=\"ApiTile-hiking--value ApiTileDefault-hiking--value\">\n                    1145m\n                <\/span>\n            <\/li>\n                                        <li class=\"ApiTile-hiking--item ApiTileDefault-hiking--item\">\n                <span class=\"ApiTile-hiking--label ApiTileDefault-hiking--label\">\n                    D\u00e9nivel\u00e9 n\u00e9gatif\n                <\/span>\n                <span class=\"ApiTile-hiking--value ApiTileDefault-hiking--value\">\n                    1145m\n                <\/span>\n            <\/li>\n                                                                    <\/ul>\n\n                                <\/div>\n    <\/a>\n<\/li>\n\n                                            <!-- Generer le: 2026-05-03 10:16:21 -->\n<!-- Blog: L&amp;#039;Izoard - 4 -->\n<li class=\"ApiTile ApiTileDefault __altimax_listing_item  \"\n    data-roadbook-item=\"5271873\"\n    data-apidae=\"5271873\"\n    data-event-category=\"Apidae affichage\"\n    data-event-action=\"vue teaser\"\n    data-event-label=\"5271873 : Le Grand Glaiza - Punta Merciantaira\">\n    <a href=\"https:\/\/www.hautesvallees.com\/lizoard\/equipement\/le-grand-glaiza-punta-merciantaira-cervieres\" class=\"ApiTile-link ApiTileDefault-link\" title=\"Le Grand Glaiza - Punta Merciantaira\">\n            <span class=\"ApiTile-location ApiTileDefault-location\">\n        Cervi\u00e8res\n    <\/span>\n\n            <button class=\"__gtm_track_click __altimax_favory ApiTile-fav ApiTileDefault-fav Favourite\"\n            data-apidae=\"5271873\"\n            title=\"Ajoutez aux favoris\"\n            data-txtajouter=\"Ajoutez aux favoris\"\n            data-txtretirer=\"Retirez des favoris\"\n            data-event-category=\"Apidae fiche objet\"\n            data-event-action=\"ajout trip planner\"\n            data-event-label=\"5271873 : Le Grand Glaiza - Punta Merciantaira\">\n        <img decoding=\"async\" class=\"Favourite-border svg\"\n             src=\"\/content\/themes\/theme_altimax\/dist\/img\/apidae\/system\/SYSTEM-FavOff-30px.svg\"\/>\n        <img decoding=\"async\" class=\"Favourite-full svg\"\n             src=\"\/content\/themes\/theme_altimax\/dist\/img\/apidae\/system\/SYSTEM-FavOn-30px.svg\"\/>\n    <\/button>\n\n            <picture class=\"ApiTile-picture ApiTileDefault-picture\">\n        <img decoding=\"async\" class=\"ApiTile-img ApiTileAgenda-img\" src=\"\/cache\/images\/38159205_apidae-tile.jpg\" alt=\"Le Grand Glaiza - Punta Merciantaira\">\n    <\/picture>\n\n        <div class=\"ApiTile-content ApiTileDefault-content\">\n            \n            <div class=\"ApiTile-top ApiTileDefault-top\">\n                <span class=\"ApiTile-type ApiTileDefault-type\">\n                        equipement\n            <\/span>                                            <\/div>\n\n            <h2 class=\"ApiTile-title ApiTileDefault-title\">Le Grand Glaiza &#8211; Punta Merciantaira<\/h2>\n                                <ul class=\"ApiTile-hiking ApiTileDefault-hiking\">\n                                <li class=\"ApiTile-hiking--item ApiTileDefault-hiking--item\">\n                <span class=\"ApiTile-hiking--label ApiTileDefault-hiking--label\">\n                    Distance\n                <\/span>\n                <span class=\"ApiTile-hiking--value ApiTileDefault-hiking--value\">\n                    15.9km\n                <\/span>\n            <\/li>\n                                                <li class=\"ApiTile-hiking--item ApiTileDefault-hiking--item\">\n                <span class=\"ApiTile-hiking--label ApiTileDefault-hiking--label\">\n                    Dur\u00e9e journali\u00e8re\n                <\/span>\n                <span class=\"ApiTile-hiking--value ApiTileDefault-hiking--value\">\n                    07h00\n                <\/span>\n            <\/li>\n                                                <li class=\"ApiTile-hiking--item ApiTileDefault-hiking--item\">\n                <span class=\"ApiTile-hiking--label ApiTileDefault-hiking--label\">\n                    D\u00e9nivel\u00e9 positif\n                <\/span>\n                <span class=\"ApiTile-hiking--value ApiTileDefault-hiking--value\">\n                    1230m\n                <\/span>\n            <\/li>\n                                        <li class=\"ApiTile-hiking--item ApiTileDefault-hiking--item\">\n                <span class=\"ApiTile-hiking--label ApiTileDefault-hiking--label\">\n                    D\u00e9nivel\u00e9 n\u00e9gatif\n                <\/span>\n                <span class=\"ApiTile-hiking--value ApiTileDefault-hiking--value\">\n                    1230m\n                <\/span>\n            <\/li>\n                                                                    <\/ul>\n\n                                <\/div>\n    <\/a>\n<\/li>\n\n                                            <!-- Generer le: 2026-05-03 10:51:32 -->\n<!-- Blog: L&amp;#039;Izoard - 4 -->\n<li class=\"ApiTile ApiTileDefault __altimax_listing_item  \"\n    data-roadbook-item=\"5833313\"\n    data-apidae=\"5833313\"\n    data-event-category=\"Apidae affichage\"\n    data-event-action=\"vue teaser\"\n    data-event-label=\"5833313 : Le sommet du Prorel\">\n    <a href=\"https:\/\/www.hautesvallees.com\/lizoard\/equipement\/le-sommet-du-prorel-puy-saint-pierre\" class=\"ApiTile-link ApiTileDefault-link\" title=\"Le sommet du Prorel\">\n            <span class=\"ApiTile-location ApiTileDefault-location\">\n        Puy-Saint-Pierre\n    <\/span>\n\n            <button class=\"__gtm_track_click __altimax_favory ApiTile-fav ApiTileDefault-fav Favourite\"\n            data-apidae=\"5833313\"\n            title=\"Ajoutez aux favoris\"\n            data-txtajouter=\"Ajoutez aux favoris\"\n            data-txtretirer=\"Retirez des favoris\"\n            data-event-category=\"Apidae fiche objet\"\n            data-event-action=\"ajout trip planner\"\n            data-event-label=\"5833313 : Le sommet du Prorel\">\n        <img decoding=\"async\" class=\"Favourite-border svg\"\n             src=\"\/content\/themes\/theme_altimax\/dist\/img\/apidae\/system\/SYSTEM-FavOff-30px.svg\"\/>\n        <img decoding=\"async\" class=\"Favourite-full svg\"\n             src=\"\/content\/themes\/theme_altimax\/dist\/img\/apidae\/system\/SYSTEM-FavOn-30px.svg\"\/>\n    <\/button>\n\n            <picture class=\"ApiTile-picture ApiTileDefault-picture\">\n        <img decoding=\"async\" class=\"ApiTile-img ApiTileAgenda-img\" src=\"\/cache\/images\/10259305_apidae-tile.jpg\" alt=\"Le sommet du Prorel\">\n    <\/picture>\n\n        <div class=\"ApiTile-content ApiTileDefault-content\">\n            \n            <div class=\"ApiTile-top ApiTileDefault-top\">\n                <span class=\"ApiTile-type ApiTileDefault-type\">\n                        equipement\n            <\/span>                                            <\/div>\n\n            <h2 class=\"ApiTile-title ApiTileDefault-title\">Le sommet du Prorel<\/h2>\n                                <ul class=\"ApiTile-hiking ApiTileDefault-hiking\">\n                                <li class=\"ApiTile-hiking--item ApiTileDefault-hiking--item\">\n                <span class=\"ApiTile-hiking--label ApiTileDefault-hiking--label\">\n                    Distance\n                <\/span>\n                <span class=\"ApiTile-hiking--value ApiTileDefault-hiking--value\">\n                    12km\n                <\/span>\n            <\/li>\n                                                <li class=\"ApiTile-hiking--item ApiTileDefault-hiking--item\">\n                <span class=\"ApiTile-hiking--label ApiTileDefault-hiking--label\">\n                    Dur\u00e9e journali\u00e8re\n                <\/span>\n                <span class=\"ApiTile-hiking--value ApiTileDefault-hiking--value\">\n                    06h30\n                <\/span>\n            <\/li>\n                                                <li class=\"ApiTile-hiking--item ApiTileDefault-hiking--item\">\n                <span class=\"ApiTile-hiking--label ApiTileDefault-hiking--label\">\n                    D\u00e9nivel\u00e9 positif\n                <\/span>\n                <span class=\"ApiTile-hiking--value ApiTileDefault-hiking--value\">\n                    1009m\n                <\/span>\n            <\/li>\n                                        <li class=\"ApiTile-hiking--item ApiTileDefault-hiking--item\">\n                <span class=\"ApiTile-hiking--label ApiTileDefault-hiking--label\">\n                    D\u00e9nivel\u00e9 n\u00e9gatif\n                <\/span>\n                <span class=\"ApiTile-hiking--value ApiTileDefault-hiking--value\">\n                    1014m\n                <\/span>\n            <\/li>\n                                                                    <\/ul>\n\n                                <\/div>\n    <\/a>\n<\/li>\n\n                                            <!-- Generer le: 2026-05-03 10:51:32 -->\n<!-- Blog: L&amp;#039;Izoard - 4 -->\n<li class=\"ApiTile ApiTileDefault __altimax_listing_item  \"\n    data-roadbook-item=\"5273600\"\n    data-apidae=\"5273600\"\n    data-event-category=\"Apidae affichage\"\n    data-event-action=\"vue teaser\"\n    data-event-label=\"5273600 : La Croix d&#039;Aquila\">\n    <a href=\"https:\/\/www.hautesvallees.com\/lizoard\/equipement\/la-croix-daquila-puy-saint-andre\" class=\"ApiTile-link ApiTileDefault-link\" title=\"La Croix d&#039;Aquila\">\n            <span class=\"ApiTile-location ApiTileDefault-location\">\n        Puy-Saint-Andr\u00e9\n    <\/span>\n\n            <button class=\"__gtm_track_click __altimax_favory ApiTile-fav ApiTileDefault-fav Favourite\"\n            data-apidae=\"5273600\"\n            title=\"Ajoutez aux favoris\"\n            data-txtajouter=\"Ajoutez aux favoris\"\n            data-txtretirer=\"Retirez des favoris\"\n            data-event-category=\"Apidae fiche objet\"\n            data-event-action=\"ajout trip planner\"\n            data-event-label=\"5273600 : La Croix d&#039;Aquila\">\n        <img decoding=\"async\" class=\"Favourite-border svg\"\n             src=\"\/content\/themes\/theme_altimax\/dist\/img\/apidae\/system\/SYSTEM-FavOff-30px.svg\"\/>\n        <img decoding=\"async\" class=\"Favourite-full svg\"\n             src=\"\/content\/themes\/theme_altimax\/dist\/img\/apidae\/system\/SYSTEM-FavOn-30px.svg\"\/>\n    <\/button>\n\n            <picture class=\"ApiTile-picture ApiTileDefault-picture\">\n        <img decoding=\"async\" class=\"ApiTile-img ApiTileAgenda-img\" src=\"\/cache\/images\/37779083_apidae-tile.jpg\" alt=\"La Croix d&#039;Aquila\">\n    <\/picture>\n\n        <div class=\"ApiTile-content ApiTileDefault-content\">\n            \n            <div class=\"ApiTile-top ApiTileDefault-top\">\n                <span class=\"ApiTile-type ApiTileDefault-type\">\n                        equipement\n            <\/span>                                            <\/div>\n\n            <h2 class=\"ApiTile-title ApiTileDefault-title\">La Croix d&#039;Aquila<\/h2>\n                                <ul class=\"ApiTile-hiking ApiTileDefault-hiking\">\n                                <li class=\"ApiTile-hiking--item ApiTileDefault-hiking--item\">\n                <span class=\"ApiTile-hiking--label ApiTileDefault-hiking--label\">\n                    Distance\n                <\/span>\n                <span class=\"ApiTile-hiking--value ApiTileDefault-hiking--value\">\n                    5.8km\n                <\/span>\n            <\/li>\n                                                <li class=\"ApiTile-hiking--item ApiTileDefault-hiking--item\">\n                <span class=\"ApiTile-hiking--label ApiTileDefault-hiking--label\">\n                    Dur\u00e9e journali\u00e8re\n                <\/span>\n                <span class=\"ApiTile-hiking--value ApiTileDefault-hiking--value\">\n                    05h00\n                <\/span>\n            <\/li>\n                                                <li class=\"ApiTile-hiking--item ApiTileDefault-hiking--item\">\n                <span class=\"ApiTile-hiking--label ApiTileDefault-hiking--label\">\n                    D\u00e9nivel\u00e9 positif\n                <\/span>\n                <span class=\"ApiTile-hiking--value ApiTileDefault-hiking--value\">\n                    600m\n                <\/span>\n            <\/li>\n                                                                            <\/ul>\n\n                                <\/div>\n    <\/a>\n<\/li>\n\n                                    <\/ul>\n            \n                        <div class=\"__apidae_map_listing ApiListingMap hidden\">\n    <div class=\"ApiTileMap-map\" data-options='{&quot;markers&quot;:[{&quot;latitude&quot;:44.892711,&quot;longitude&quot;:6.570571,&quot;index&quot;:5273880,&quot;content&quot;:null,&quot;icon&quot;:&quot;div&quot;,&quot;gpxs&quot;:[],&quot;gpxs_color&quot;:&quot;blue&quot;,&quot;size&quot;:[30,30],&quot;anchor&quot;:[15,15],&quot;class&quot;:null,&quot;icon_content&quot;:&quot;&lt;div class=\\&quot;ApiListing-marker ApiListing-marker--equipement\\&quot;&gt;&lt;\\\/div&gt;&quot;,&quot;hover_icon_content&quot;:&quot;&lt;div class=\\&quot;ApiListing-marker ApiListing-marker--equipement hover\\&quot;&gt;&lt;\\\/div&gt;&quot;,&quot;selected_icon_content&quot;:&quot;&lt;div class=\\&quot;ApiListing-marker ApiListing-marker--equipement selected\\&quot;&gt;&lt;\\\/div&gt;&quot;,&quot;hover_icon&quot;:&quot;div&quot;,&quot;hover_size&quot;:[32,32],&quot;hover_anchor&quot;:[16,16],&quot;popup_anchor&quot;:null,&quot;selected_icon&quot;:&quot;div&quot;,&quot;selected_size&quot;:[32,32],&quot;selected_anchor&quot;:[16,16]},{&quot;latitude&quot;:44.878236,&quot;longitude&quot;:6.745813,&quot;index&quot;:5271685,&quot;content&quot;:null,&quot;icon&quot;:&quot;div&quot;,&quot;gpxs&quot;:[],&quot;gpxs_color&quot;:&quot;blue&quot;,&quot;size&quot;:[30,30],&quot;anchor&quot;:[15,15],&quot;class&quot;:null,&quot;icon_content&quot;:&quot;&lt;div class=\\&quot;ApiListing-marker ApiListing-marker--equipement\\&quot;&gt;&lt;\\\/div&gt;&quot;,&quot;hover_icon_content&quot;:&quot;&lt;div class=\\&quot;ApiListing-marker ApiListing-marker--equipement hover\\&quot;&gt;&lt;\\\/div&gt;&quot;,&quot;selected_icon_content&quot;:&quot;&lt;div class=\\&quot;ApiListing-marker ApiListing-marker--equipement selected\\&quot;&gt;&lt;\\\/div&gt;&quot;,&quot;hover_icon&quot;:&quot;div&quot;,&quot;hover_size&quot;:[32,32],&quot;hover_anchor&quot;:[16,16],&quot;popup_anchor&quot;:null,&quot;selected_icon&quot;:&quot;div&quot;,&quot;selected_size&quot;:[32,32],&quot;selected_anchor&quot;:[16,16]},{&quot;latitude&quot;:44.820004,&quot;longitude&quot;:6.735171,&quot;index&quot;:5832398,&quot;content&quot;:null,&quot;icon&quot;:&quot;div&quot;,&quot;gpxs&quot;:[],&quot;gpxs_color&quot;:&quot;blue&quot;,&quot;size&quot;:[30,30],&quot;anchor&quot;:[15,15],&quot;class&quot;:null,&quot;icon_content&quot;:&quot;&lt;div class=\\&quot;ApiListing-marker ApiListing-marker--equipement\\&quot;&gt;&lt;\\\/div&gt;&quot;,&quot;hover_icon_content&quot;:&quot;&lt;div class=\\&quot;ApiListing-marker ApiListing-marker--equipement hover\\&quot;&gt;&lt;\\\/div&gt;&quot;,&quot;selected_icon_content&quot;:&quot;&lt;div class=\\&quot;ApiListing-marker ApiListing-marker--equipement selected\\&quot;&gt;&lt;\\\/div&gt;&quot;,&quot;hover_icon&quot;:&quot;div&quot;,&quot;hover_size&quot;:[32,32],&quot;hover_anchor&quot;:[16,16],&quot;popup_anchor&quot;:null,&quot;selected_icon&quot;:&quot;div&quot;,&quot;selected_size&quot;:[32,32],&quot;selected_anchor&quot;:[16,16]},{&quot;latitude&quot;:44.844981,&quot;longitude&quot;:6.815935,&quot;index&quot;:5271873,&quot;content&quot;:null,&quot;icon&quot;:&quot;div&quot;,&quot;gpxs&quot;:[],&quot;gpxs_color&quot;:&quot;blue&quot;,&quot;size&quot;:[30,30],&quot;anchor&quot;:[15,15],&quot;class&quot;:null,&quot;icon_content&quot;:&quot;&lt;div class=\\&quot;ApiListing-marker ApiListing-marker--equipement\\&quot;&gt;&lt;\\\/div&gt;&quot;,&quot;hover_icon_content&quot;:&quot;&lt;div class=\\&quot;ApiListing-marker ApiListing-marker--equipement hover\\&quot;&gt;&lt;\\\/div&gt;&quot;,&quot;selected_icon_content&quot;:&quot;&lt;div class=\\&quot;ApiListing-marker ApiListing-marker--equipement selected\\&quot;&gt;&lt;\\\/div&gt;&quot;,&quot;hover_icon&quot;:&quot;div&quot;,&quot;hover_size&quot;:[32,32],&quot;hover_anchor&quot;:[16,16],&quot;popup_anchor&quot;:null,&quot;selected_icon&quot;:&quot;div&quot;,&quot;selected_size&quot;:[32,32],&quot;selected_anchor&quot;:[16,16]},{&quot;latitude&quot;:44.892544,&quot;longitude&quot;:6.617374,&quot;index&quot;:5833313,&quot;content&quot;:null,&quot;icon&quot;:&quot;div&quot;,&quot;gpxs&quot;:[],&quot;gpxs_color&quot;:&quot;blue&quot;,&quot;size&quot;:[30,30],&quot;anchor&quot;:[15,15],&quot;class&quot;:null,&quot;icon_content&quot;:&quot;&lt;div class=\\&quot;ApiListing-marker ApiListing-marker--equipement\\&quot;&gt;&lt;\\\/div&gt;&quot;,&quot;hover_icon_content&quot;:&quot;&lt;div class=\\&quot;ApiListing-marker ApiListing-marker--equipement hover\\&quot;&gt;&lt;\\\/div&gt;&quot;,&quot;selected_icon_content&quot;:&quot;&lt;div class=\\&quot;ApiListing-marker ApiListing-marker--equipement selected\\&quot;&gt;&lt;\\\/div&gt;&quot;,&quot;hover_icon&quot;:&quot;div&quot;,&quot;hover_size&quot;:[32,32],&quot;hover_anchor&quot;:[16,16],&quot;popup_anchor&quot;:null,&quot;selected_icon&quot;:&quot;div&quot;,&quot;selected_size&quot;:[32,32],&quot;selected_anchor&quot;:[16,16]},{&quot;latitude&quot;:44.892742,&quot;longitude&quot;:6.570428,&quot;index&quot;:5273600,&quot;content&quot;:null,&quot;icon&quot;:&quot;div&quot;,&quot;gpxs&quot;:[],&quot;gpxs_color&quot;:&quot;blue&quot;,&quot;size&quot;:[30,30],&quot;anchor&quot;:[15,15],&quot;class&quot;:null,&quot;icon_content&quot;:&quot;&lt;div class=\\&quot;ApiListing-marker ApiListing-marker--equipement\\&quot;&gt;&lt;\\\/div&gt;&quot;,&quot;hover_icon_content&quot;:&quot;&lt;div class=\\&quot;ApiListing-marker ApiListing-marker--equipement hover\\&quot;&gt;&lt;\\\/div&gt;&quot;,&quot;selected_icon_content&quot;:&quot;&lt;div class=\\&quot;ApiListing-marker ApiListing-marker--equipement selected\\&quot;&gt;&lt;\\\/div&gt;&quot;,&quot;hover_icon&quot;:&quot;div&quot;,&quot;hover_size&quot;:[32,32],&quot;hover_anchor&quot;:[16,16],&quot;popup_anchor&quot;:null,&quot;selected_icon&quot;:&quot;div&quot;,&quot;selected_size&quot;:[32,32],&quot;selected_anchor&quot;:[16,16]}],&quot;default_icon&quot;:{&quot;url&quot;:&quot;https:\\\/\\\/www.hautesvallees.com\\\/content\\\/uploads\\\/sites\\\/4\\\/2025\\\/06\\\/PIN-Global-18px.svg&quot;,&quot;size&quot;:[30,40],&quot;anchor&quot;:[15,40]},&quot;useHoverMarker&quot;:true,&quot;useHoverMarkerPopup&quot;:false,&quot;gpxs&quot;:[],&quot;kmls&quot;:[],&quot;useGpx&quot;:false,&quot;useKml&quot;:false,&quot;useElevation&quot;:false,&quot;useHoverGpx&quot;:false,&quot;center&quot;:[45.891312226484,6.077075095539],&quot;zoom&quot;:15,&quot;isGoogle&quot;:false,&quot;layer&quot;:&quot;http:\\\/\\\/a.tile.openstreetmap.org\\\/{z}\\\/{x}\\\/{y}.png&quot;,&quot;attribution&quot;:&quot;\\u00a9 &lt;a href=\\&quot;http:\\\/\\\/www.openstreetmap.org\\\/copyright\\&quot;&gt;OpenStreetMap&lt;\\\/a&gt; contributors \\u00a9 &lt;a href=\\&quot;http:\\\/\\\/carto.com\\\/attributions\\&quot;&gt;CARTO&lt;\\\/a&gt;&quot;,&quot;disablePopup&quot;:false,&quot;useCluster&quot;:true,&quot;useActiveArea&quot;:true,&quot;leafletOptions&quot;:{&quot;scrollWheelZoom&quot;:false,&quot;zoomControl&quot;:true,&quot;mapTypeControl&quot;:false,&quot;scaleControl&quot;:false,&quot;streetViewControl&quot;:false,&quot;rotateControl&quot;:false,&quot;keyboardShortcuts&quot;:false,&quot;draggable&quot;:true}}' style=\"width: 100%;height: 100%;\"><\/div>\n    <div class=\"ApiListingMap-list __apidae_map_listing_tiles\">\n                                                                                    \n<div class=\"ApiTile ApiTileMap __apidae_map_tile __apidae_map_tile_5273880 \" data-apidae=\"5273880\">\n    <button class=\"ApiTile-target ApiTileMap-target __apidae_tile_target\" data-apidae=\"5273880\">\n    <img decoding=\"async\" class=\"ApiTile-target--svg ApiTileMap-target--svg svg\"\n         src=\"\/content\/themes\/theme_altimax\/dist\/img\/apidae\/system\/SYSTEM-Target-30px.svg\"\/>\n<\/button>    <a class=\"ApiTile-link ApiTileMap-link\" href=\"https:\/\/www.hautesvallees.com\/lizoard\/equipement\/la-cime-de-la-condamine-puy-saint-andre\/\" title=\"La Cime de la Condamine\" target=\"_blank\">\n            <span class=\"ApiTile-location ApiTileMap-location\">\n        Puy-Saint-Andr\u00e9\n    <\/span>\n\n            <picture class=\"ApiTile-picture ApiTileMap-picture\">\n        <img decoding=\"async\" class=\"ApiTile-img ApiTileAgenda-img\" src=\"\/cache\/images\/37777150_apidae-tile.jpg\" alt=\"La Cime de la Condamine\">\n    <\/picture>\n\n        <div class=\"ApiTile-col ApiTileMap-col\">\n            <div class=\"ApiTile-content ApiTileMap-content\">\n                <div class=\"ApiTile-top ApiTileMap-top\">\n                    <div class=\"ApiTile-row ApiTileMap-row\">\n                        <span class=\"ApiTile-type ApiTileMap-type\">\n                        equipement\n            <\/span>\n                        \n                                            <\/div>\n                    <h2 class=\"ApiTile-title ApiTileMap-title\">La Cime de la Condamine<\/h2>\n                        <button class=\"__gtm_track_click __altimax_favory ApiTile-fav ApiTileMap-fav Favourite\"\n            data-apidae=\"5273880\"\n            title=\"Ajoutez aux favoris\"\n            data-txtajouter=\"Ajoutez aux favoris\"\n            data-txtretirer=\"Retirez des favoris\"\n            data-event-category=\"Apidae fiche objet\"\n            data-event-action=\"ajout trip planner\"\n            data-event-label=\"5273880 : La Cime de la Condamine\">\n        <img decoding=\"async\" class=\"Favourite-border svg\"\n             src=\"\/content\/themes\/theme_altimax\/dist\/img\/apidae\/system\/SYSTEM-FavOff-30px.svg\"\/>\n        <img decoding=\"async\" class=\"Favourite-full svg\"\n             src=\"\/content\/themes\/theme_altimax\/dist\/img\/apidae\/system\/SYSTEM-FavOn-30px.svg\"\/>\n    <\/button>\n                <\/div>\n                \n                        <ul class=\"ApiTile-hiking ApiTileMap-hiking\">\n                                <li class=\"ApiTile-hiking--item ApiTileMap-hiking--item\">\n                <span class=\"ApiTile-hiking--label ApiTileMap-hiking--label\">\n                    Distance\n                <\/span>\n                <span class=\"ApiTile-hiking--value ApiTileMap-hiking--value\">\n                    12km\n                <\/span>\n            <\/li>\n                                                <li class=\"ApiTile-hiking--item ApiTileMap-hiking--item\">\n                <span class=\"ApiTile-hiking--label ApiTileMap-hiking--label\">\n                    Dur\u00e9e journali\u00e8re\n                <\/span>\n                <span class=\"ApiTile-hiking--value ApiTileMap-hiking--value\">\n                    07h00\n                <\/span>\n            <\/li>\n                                                <li class=\"ApiTile-hiking--item ApiTileMap-hiking--item\">\n                <span class=\"ApiTile-hiking--label ApiTileMap-hiking--label\">\n                    D\u00e9nivel\u00e9 positif\n                <\/span>\n                <span class=\"ApiTile-hiking--value ApiTileMap-hiking--value\">\n                    1100m\n                <\/span>\n            <\/li>\n                                        <li class=\"ApiTile-hiking--item ApiTileMap-hiking--item\">\n                <span class=\"ApiTile-hiking--label ApiTileMap-hiking--label\">\n                    D\u00e9nivel\u00e9 n\u00e9gatif\n                <\/span>\n                <span class=\"ApiTile-hiking--value ApiTileMap-hiking--value\">\n                    1100m\n                <\/span>\n            <\/li>\n                                                                    <\/ul>\n\n                                            <\/div>\n                    <\/div>\n    <\/a>\n<\/div>\n\n                    \n<div class=\"ApiTile ApiTileMap __apidae_map_tile __apidae_map_tile_5271685 \" data-apidae=\"5271685\">\n    <button class=\"ApiTile-target ApiTileMap-target __apidae_tile_target\" data-apidae=\"5271685\">\n    <img decoding=\"async\" class=\"ApiTile-target--svg ApiTileMap-target--svg svg\"\n         src=\"\/content\/themes\/theme_altimax\/dist\/img\/apidae\/system\/SYSTEM-Target-30px.svg\"\/>\n<\/button>    <a class=\"ApiTile-link ApiTileMap-link\" href=\"https:\/\/www.hautesvallees.com\/lizoard\/equipement\/sentier-geologique-du-chenaillet-cervieres\/\" title=\"Sentier g\u00e9ologique du Chenaillet\" target=\"_blank\">\n            <span class=\"ApiTile-location ApiTileMap-location\">\n        Cervi\u00e8res\n    <\/span>\n\n            <picture class=\"ApiTile-picture ApiTileMap-picture\">\n        <img decoding=\"async\" class=\"ApiTile-img ApiTileAgenda-img\" src=\"\/cache\/images\/33029836_apidae-tile.jpg\" alt=\"Sentier g\u00e9ologique du Chenaillet\">\n    <\/picture>\n\n        <div class=\"ApiTile-col ApiTileMap-col\">\n            <div class=\"ApiTile-content ApiTileMap-content\">\n                <div class=\"ApiTile-top ApiTileMap-top\">\n                    <div class=\"ApiTile-row ApiTileMap-row\">\n                        <span class=\"ApiTile-type ApiTileMap-type\">\n                        equipement\n            <\/span>\n                        \n                                            <\/div>\n                    <h2 class=\"ApiTile-title ApiTileMap-title\">Sentier g\u00e9ologique du Chenaillet<\/h2>\n                        <button class=\"__gtm_track_click __altimax_favory ApiTile-fav ApiTileMap-fav Favourite\"\n            data-apidae=\"5271685\"\n            title=\"Ajoutez aux favoris\"\n            data-txtajouter=\"Ajoutez aux favoris\"\n            data-txtretirer=\"Retirez des favoris\"\n            data-event-category=\"Apidae fiche objet\"\n            data-event-action=\"ajout trip planner\"\n            data-event-label=\"5271685 : Sentier g\u00e9ologique du Chenaillet\">\n        <img decoding=\"async\" class=\"Favourite-border svg\"\n             src=\"\/content\/themes\/theme_altimax\/dist\/img\/apidae\/system\/SYSTEM-FavOff-30px.svg\"\/>\n        <img decoding=\"async\" class=\"Favourite-full svg\"\n             src=\"\/content\/themes\/theme_altimax\/dist\/img\/apidae\/system\/SYSTEM-FavOn-30px.svg\"\/>\n    <\/button>\n                <\/div>\n                \n                        <ul class=\"ApiTile-hiking ApiTileMap-hiking\">\n                                <li class=\"ApiTile-hiking--item ApiTileMap-hiking--item\">\n                <span class=\"ApiTile-hiking--label ApiTileMap-hiking--label\">\n                    Distance\n                <\/span>\n                <span class=\"ApiTile-hiking--value ApiTileMap-hiking--value\">\n                    9.8km\n                <\/span>\n            <\/li>\n                                                <li class=\"ApiTile-hiking--item ApiTileMap-hiking--item\">\n                <span class=\"ApiTile-hiking--label ApiTileMap-hiking--label\">\n                    Dur\u00e9e journali\u00e8re\n                <\/span>\n                <span class=\"ApiTile-hiking--value ApiTileMap-hiking--value\">\n                    05h00\n                <\/span>\n            <\/li>\n                                                <li class=\"ApiTile-hiking--item ApiTileMap-hiking--item\">\n                <span class=\"ApiTile-hiking--label ApiTileMap-hiking--label\">\n                    D\u00e9nivel\u00e9 positif\n                <\/span>\n                <span class=\"ApiTile-hiking--value ApiTileMap-hiking--value\">\n                    770m\n                <\/span>\n            <\/li>\n                                        <li class=\"ApiTile-hiking--item ApiTileMap-hiking--item\">\n                <span class=\"ApiTile-hiking--label ApiTileMap-hiking--label\">\n                    D\u00e9nivel\u00e9 n\u00e9gatif\n                <\/span>\n                <span class=\"ApiTile-hiking--value ApiTileMap-hiking--value\">\n                    770m\n                <\/span>\n            <\/li>\n                                                                    <\/ul>\n\n                                            <\/div>\n                    <\/div>\n    <\/a>\n<\/div>\n\n                    \n<div class=\"ApiTile ApiTileMap __apidae_map_tile __apidae_map_tile_5832398 \" data-apidae=\"5832398\">\n    <button class=\"ApiTile-target ApiTileMap-target __apidae_tile_target\" data-apidae=\"5832398\">\n    <img decoding=\"async\" class=\"ApiTile-target--svg ApiTileMap-target--svg svg\"\n         src=\"\/content\/themes\/theme_altimax\/dist\/img\/apidae\/system\/SYSTEM-Target-30px.svg\"\/>\n<\/button>    <a class=\"ApiTile-link ApiTileMap-link\" href=\"https:\/\/www.hautesvallees.com\/lizoard\/equipement\/le-pic-de-rochebrune-cervieres\/\" title=\"Le pic de Rochebrune\" target=\"_blank\">\n            <span class=\"ApiTile-location ApiTileMap-location\">\n        Cervi\u00e8res\n    <\/span>\n\n            <picture class=\"ApiTile-picture ApiTileMap-picture\">\n        <img decoding=\"async\" class=\"ApiTile-img ApiTileAgenda-img\" src=\"\/cache\/images\/10236908_apidae-tile.jpg\" alt=\"Le pic de Rochebrune\">\n    <\/picture>\n\n        <div class=\"ApiTile-col ApiTileMap-col\">\n            <div class=\"ApiTile-content ApiTileMap-content\">\n                <div class=\"ApiTile-top ApiTileMap-top\">\n                    <div class=\"ApiTile-row ApiTileMap-row\">\n                        <span class=\"ApiTile-type ApiTileMap-type\">\n                        equipement\n            <\/span>\n                        \n                                            <\/div>\n                    <h2 class=\"ApiTile-title ApiTileMap-title\">Le pic de Rochebrune<\/h2>\n                        <button class=\"__gtm_track_click __altimax_favory ApiTile-fav ApiTileMap-fav Favourite\"\n            data-apidae=\"5832398\"\n            title=\"Ajoutez aux favoris\"\n            data-txtajouter=\"Ajoutez aux favoris\"\n            data-txtretirer=\"Retirez des favoris\"\n            data-event-category=\"Apidae fiche objet\"\n            data-event-action=\"ajout trip planner\"\n            data-event-label=\"5832398 : Le pic de Rochebrune\">\n        <img decoding=\"async\" class=\"Favourite-border svg\"\n             src=\"\/content\/themes\/theme_altimax\/dist\/img\/apidae\/system\/SYSTEM-FavOff-30px.svg\"\/>\n        <img decoding=\"async\" class=\"Favourite-full svg\"\n             src=\"\/content\/themes\/theme_altimax\/dist\/img\/apidae\/system\/SYSTEM-FavOn-30px.svg\"\/>\n    <\/button>\n                <\/div>\n                \n                        <ul class=\"ApiTile-hiking ApiTileMap-hiking\">\n                                <li class=\"ApiTile-hiking--item ApiTileMap-hiking--item\">\n                <span class=\"ApiTile-hiking--label ApiTileMap-hiking--label\">\n                    Distance\n                <\/span>\n                <span class=\"ApiTile-hiking--value ApiTileMap-hiking--value\">\n                    10km\n                <\/span>\n            <\/li>\n                                                <li class=\"ApiTile-hiking--item ApiTileMap-hiking--item\">\n                <span class=\"ApiTile-hiking--label ApiTileMap-hiking--label\">\n                    Dur\u00e9e journali\u00e8re\n                <\/span>\n                <span class=\"ApiTile-hiking--value ApiTileMap-hiking--value\">\n                    07h00\n                <\/span>\n            <\/li>\n                                                <li class=\"ApiTile-hiking--item ApiTileMap-hiking--item\">\n                <span class=\"ApiTile-hiking--label ApiTileMap-hiking--label\">\n                    D\u00e9nivel\u00e9 positif\n                <\/span>\n                <span class=\"ApiTile-hiking--value ApiTileMap-hiking--value\">\n                    1145m\n                <\/span>\n            <\/li>\n                                        <li class=\"ApiTile-hiking--item ApiTileMap-hiking--item\">\n                <span class=\"ApiTile-hiking--label ApiTileMap-hiking--label\">\n                    D\u00e9nivel\u00e9 n\u00e9gatif\n                <\/span>\n                <span class=\"ApiTile-hiking--value ApiTileMap-hiking--value\">\n                    1145m\n                <\/span>\n            <\/li>\n                                                                    <\/ul>\n\n                                            <\/div>\n                    <\/div>\n    <\/a>\n<\/div>\n\n                    \n<div class=\"ApiTile ApiTileMap __apidae_map_tile __apidae_map_tile_5271873 \" data-apidae=\"5271873\">\n    <button class=\"ApiTile-target ApiTileMap-target __apidae_tile_target\" data-apidae=\"5271873\">\n    <img decoding=\"async\" class=\"ApiTile-target--svg ApiTileMap-target--svg svg\"\n         src=\"\/content\/themes\/theme_altimax\/dist\/img\/apidae\/system\/SYSTEM-Target-30px.svg\"\/>\n<\/button>    <a class=\"ApiTile-link ApiTileMap-link\" href=\"https:\/\/www.hautesvallees.com\/lizoard\/equipement\/le-grand-glaiza-punta-merciantaira-cervieres\/\" title=\"Le Grand Glaiza - Punta Merciantaira\" target=\"_blank\">\n            <span class=\"ApiTile-location ApiTileMap-location\">\n        Cervi\u00e8res\n    <\/span>\n\n            <picture class=\"ApiTile-picture ApiTileMap-picture\">\n        <img decoding=\"async\" class=\"ApiTile-img ApiTileAgenda-img\" src=\"\/cache\/images\/38159205_apidae-tile.jpg\" alt=\"Le Grand Glaiza - Punta Merciantaira\">\n    <\/picture>\n\n        <div class=\"ApiTile-col ApiTileMap-col\">\n            <div class=\"ApiTile-content ApiTileMap-content\">\n                <div class=\"ApiTile-top ApiTileMap-top\">\n                    <div class=\"ApiTile-row ApiTileMap-row\">\n                        <span class=\"ApiTile-type ApiTileMap-type\">\n                        equipement\n            <\/span>\n                        \n                                            <\/div>\n                    <h2 class=\"ApiTile-title ApiTileMap-title\">Le Grand Glaiza &#8211; Punta Merciantaira<\/h2>\n                        <button class=\"__gtm_track_click __altimax_favory ApiTile-fav ApiTileMap-fav Favourite\"\n            data-apidae=\"5271873\"\n            title=\"Ajoutez aux favoris\"\n            data-txtajouter=\"Ajoutez aux favoris\"\n            data-txtretirer=\"Retirez des favoris\"\n            data-event-category=\"Apidae fiche objet\"\n            data-event-action=\"ajout trip planner\"\n            data-event-label=\"5271873 : Le Grand Glaiza - Punta Merciantaira\">\n        <img decoding=\"async\" class=\"Favourite-border svg\"\n             src=\"\/content\/themes\/theme_altimax\/dist\/img\/apidae\/system\/SYSTEM-FavOff-30px.svg\"\/>\n        <img decoding=\"async\" class=\"Favourite-full svg\"\n             src=\"\/content\/themes\/theme_altimax\/dist\/img\/apidae\/system\/SYSTEM-FavOn-30px.svg\"\/>\n    <\/button>\n                <\/div>\n                \n                        <ul class=\"ApiTile-hiking ApiTileMap-hiking\">\n                                <li class=\"ApiTile-hiking--item ApiTileMap-hiking--item\">\n                <span class=\"ApiTile-hiking--label ApiTileMap-hiking--label\">\n                    Distance\n                <\/span>\n                <span class=\"ApiTile-hiking--value ApiTileMap-hiking--value\">\n                    15.9km\n                <\/span>\n            <\/li>\n                                                <li class=\"ApiTile-hiking--item ApiTileMap-hiking--item\">\n                <span class=\"ApiTile-hiking--label ApiTileMap-hiking--label\">\n                    Dur\u00e9e journali\u00e8re\n                <\/span>\n                <span class=\"ApiTile-hiking--value ApiTileMap-hiking--value\">\n                    07h00\n                <\/span>\n            <\/li>\n                                                <li class=\"ApiTile-hiking--item ApiTileMap-hiking--item\">\n                <span class=\"ApiTile-hiking--label ApiTileMap-hiking--label\">\n                    D\u00e9nivel\u00e9 positif\n                <\/span>\n                <span class=\"ApiTile-hiking--value ApiTileMap-hiking--value\">\n                    1230m\n                <\/span>\n            <\/li>\n                                        <li class=\"ApiTile-hiking--item ApiTileMap-hiking--item\">\n                <span class=\"ApiTile-hiking--label ApiTileMap-hiking--label\">\n                    D\u00e9nivel\u00e9 n\u00e9gatif\n                <\/span>\n                <span class=\"ApiTile-hiking--value ApiTileMap-hiking--value\">\n                    1230m\n                <\/span>\n            <\/li>\n                                                                    <\/ul>\n\n                                            <\/div>\n                    <\/div>\n    <\/a>\n<\/div>\n\n                    \n<div class=\"ApiTile ApiTileMap __apidae_map_tile __apidae_map_tile_5833313 \" data-apidae=\"5833313\">\n    <button class=\"ApiTile-target ApiTileMap-target __apidae_tile_target\" data-apidae=\"5833313\">\n    <img decoding=\"async\" class=\"ApiTile-target--svg ApiTileMap-target--svg svg\"\n         src=\"\/content\/themes\/theme_altimax\/dist\/img\/apidae\/system\/SYSTEM-Target-30px.svg\"\/>\n<\/button>    <a class=\"ApiTile-link ApiTileMap-link\" href=\"https:\/\/www.hautesvallees.com\/lizoard\/equipement\/le-sommet-du-prorel-puy-saint-pierre\/\" title=\"Le sommet du Prorel\" target=\"_blank\">\n            <span class=\"ApiTile-location ApiTileMap-location\">\n        Puy-Saint-Pierre\n    <\/span>\n\n            <picture class=\"ApiTile-picture ApiTileMap-picture\">\n        <img decoding=\"async\" class=\"ApiTile-img ApiTileAgenda-img\" src=\"\/cache\/images\/10259305_apidae-tile.jpg\" alt=\"Le sommet du Prorel\">\n    <\/picture>\n\n        <div class=\"ApiTile-col ApiTileMap-col\">\n            <div class=\"ApiTile-content ApiTileMap-content\">\n                <div class=\"ApiTile-top ApiTileMap-top\">\n                    <div class=\"ApiTile-row ApiTileMap-row\">\n                        <span class=\"ApiTile-type ApiTileMap-type\">\n                        equipement\n            <\/span>\n                        \n                                            <\/div>\n                    <h2 class=\"ApiTile-title ApiTileMap-title\">Le sommet du Prorel<\/h2>\n                        <button class=\"__gtm_track_click __altimax_favory ApiTile-fav ApiTileMap-fav Favourite\"\n            data-apidae=\"5833313\"\n            title=\"Ajoutez aux favoris\"\n            data-txtajouter=\"Ajoutez aux favoris\"\n            data-txtretirer=\"Retirez des favoris\"\n            data-event-category=\"Apidae fiche objet\"\n            data-event-action=\"ajout trip planner\"\n            data-event-label=\"5833313 : Le sommet du Prorel\">\n        <img decoding=\"async\" class=\"Favourite-border svg\"\n             src=\"\/content\/themes\/theme_altimax\/dist\/img\/apidae\/system\/SYSTEM-FavOff-30px.svg\"\/>\n        <img decoding=\"async\" class=\"Favourite-full svg\"\n             src=\"\/content\/themes\/theme_altimax\/dist\/img\/apidae\/system\/SYSTEM-FavOn-30px.svg\"\/>\n    <\/button>\n                <\/div>\n                \n                        <ul class=\"ApiTile-hiking ApiTileMap-hiking\">\n                                <li class=\"ApiTile-hiking--item ApiTileMap-hiking--item\">\n                <span class=\"ApiTile-hiking--label ApiTileMap-hiking--label\">\n                    Distance\n                <\/span>\n                <span class=\"ApiTile-hiking--value ApiTileMap-hiking--value\">\n                    12km\n                <\/span>\n            <\/li>\n                                                <li class=\"ApiTile-hiking--item ApiTileMap-hiking--item\">\n                <span class=\"ApiTile-hiking--label ApiTileMap-hiking--label\">\n                    Dur\u00e9e journali\u00e8re\n                <\/span>\n                <span class=\"ApiTile-hiking--value ApiTileMap-hiking--value\">\n                    06h30\n                <\/span>\n            <\/li>\n                                                <li class=\"ApiTile-hiking--item ApiTileMap-hiking--item\">\n                <span class=\"ApiTile-hiking--label ApiTileMap-hiking--label\">\n                    D\u00e9nivel\u00e9 positif\n                <\/span>\n                <span class=\"ApiTile-hiking--value ApiTileMap-hiking--value\">\n                    1009m\n                <\/span>\n            <\/li>\n                                        <li class=\"ApiTile-hiking--item ApiTileMap-hiking--item\">\n                <span class=\"ApiTile-hiking--label ApiTileMap-hiking--label\">\n                    D\u00e9nivel\u00e9 n\u00e9gatif\n                <\/span>\n                <span class=\"ApiTile-hiking--value ApiTileMap-hiking--value\">\n                    1014m\n                <\/span>\n            <\/li>\n                                                                    <\/ul>\n\n                                            <\/div>\n                    <\/div>\n    <\/a>\n<\/div>\n\n                    \n<div class=\"ApiTile ApiTileMap __apidae_map_tile __apidae_map_tile_5273600 \" data-apidae=\"5273600\">\n    <button class=\"ApiTile-target ApiTileMap-target __apidae_tile_target\" data-apidae=\"5273600\">\n    <img decoding=\"async\" class=\"ApiTile-target--svg ApiTileMap-target--svg svg\"\n         src=\"\/content\/themes\/theme_altimax\/dist\/img\/apidae\/system\/SYSTEM-Target-30px.svg\"\/>\n<\/button>    <a class=\"ApiTile-link ApiTileMap-link\" href=\"https:\/\/www.hautesvallees.com\/lizoard\/equipement\/la-croix-daquila-puy-saint-andre\/\" title=\"La Croix d&#039;Aquila\" target=\"_blank\">\n            <span class=\"ApiTile-location ApiTileMap-location\">\n        Puy-Saint-Andr\u00e9\n    <\/span>\n\n            <picture class=\"ApiTile-picture ApiTileMap-picture\">\n        <img decoding=\"async\" class=\"ApiTile-img ApiTileAgenda-img\" src=\"\/cache\/images\/37779083_apidae-tile.jpg\" alt=\"La Croix d&#039;Aquila\">\n    <\/picture>\n\n        <div class=\"ApiTile-col ApiTileMap-col\">\n            <div class=\"ApiTile-content ApiTileMap-content\">\n                <div class=\"ApiTile-top ApiTileMap-top\">\n                    <div class=\"ApiTile-row ApiTileMap-row\">\n                        <span class=\"ApiTile-type ApiTileMap-type\">\n                        equipement\n            <\/span>\n                        \n                                            <\/div>\n                    <h2 class=\"ApiTile-title ApiTileMap-title\">La Croix d&#039;Aquila<\/h2>\n                        <button class=\"__gtm_track_click __altimax_favory ApiTile-fav ApiTileMap-fav Favourite\"\n            data-apidae=\"5273600\"\n            title=\"Ajoutez aux favoris\"\n            data-txtajouter=\"Ajoutez aux favoris\"\n            data-txtretirer=\"Retirez des favoris\"\n            data-event-category=\"Apidae fiche objet\"\n            data-event-action=\"ajout trip planner\"\n            data-event-label=\"5273600 : La Croix d&#039;Aquila\">\n        <img decoding=\"async\" class=\"Favourite-border svg\"\n             src=\"\/content\/themes\/theme_altimax\/dist\/img\/apidae\/system\/SYSTEM-FavOff-30px.svg\"\/>\n        <img decoding=\"async\" class=\"Favourite-full svg\"\n             src=\"\/content\/themes\/theme_altimax\/dist\/img\/apidae\/system\/SYSTEM-FavOn-30px.svg\"\/>\n    <\/button>\n                <\/div>\n                \n                        <ul class=\"ApiTile-hiking ApiTileMap-hiking\">\n                                <li class=\"ApiTile-hiking--item ApiTileMap-hiking--item\">\n                <span class=\"ApiTile-hiking--label ApiTileMap-hiking--label\">\n                    Distance\n                <\/span>\n                <span class=\"ApiTile-hiking--value ApiTileMap-hiking--value\">\n                    5.8km\n                <\/span>\n            <\/li>\n                                                <li class=\"ApiTile-hiking--item ApiTileMap-hiking--item\">\n                <span class=\"ApiTile-hiking--label ApiTileMap-hiking--label\">\n                    Dur\u00e9e journali\u00e8re\n                <\/span>\n                <span class=\"ApiTile-hiking--value ApiTileMap-hiking--value\">\n                    05h00\n                <\/span>\n            <\/li>\n                                                <li class=\"ApiTile-hiking--item ApiTileMap-hiking--item\">\n                <span class=\"ApiTile-hiking--label ApiTileMap-hiking--label\">\n                    D\u00e9nivel\u00e9 positif\n                <\/span>\n                <span class=\"ApiTile-hiking--value ApiTileMap-hiking--value\">\n                    600m\n                <\/span>\n            <\/li>\n                                                                            <\/ul>\n\n                                            <\/div>\n                    <\/div>\n    <\/a>\n<\/div>\n\n                    <\/div>\n<\/div>\n        <\/div>\n                    <ul class=\"Paginator __altimax_listing_paginator\">\n                    <li class=\"Paginator-page __altimax_listing_load active\"\n        data-index=\"1\" >\n        <span>1<\/span>\n    <\/li>\n\n            <\/ul>\n            <\/div>\n<\/div>","protected":false},"excerpt":{"rendered":"","protected":false},"author":5,"featured_media":2176,"parent":390,"menu_order":4,"comment_status":"closed","ping_status":"closed","template":"","meta":{"_acf_changed":false,"footnotes":""},"class_list":["post-408","page","type-page","status-publish","has-post-thumbnail","hentry"],"acf":[],"_links":{"self":[{"href":"https:\/\/www.hautesvallees.com\/lizoard\/wp-json\/wp\/v2\/pages\/408","targetHints":{"allow":["GET"]}}],"collection":[{"href":"https:\/\/www.hautesvallees.com\/lizoard\/wp-json\/wp\/v2\/pages"}],"about":[{"href":"https:\/\/www.hautesvallees.com\/lizoard\/wp-json\/wp\/v2\/types\/page"}],"author":[{"embeddable":true,"href":"https:\/\/www.hautesvallees.com\/lizoard\/wp-json\/wp\/v2\/users\/5"}],"replies":[{"embeddable":true,"href":"https:\/\/www.hautesvallees.com\/lizoard\/wp-json\/wp\/v2\/comments?post=408"}],"version-history":[{"count":6,"href":"https:\/\/www.hautesvallees.com\/lizoard\/wp-json\/wp\/v2\/pages\/408\/revisions"}],"predecessor-version":[{"id":13709,"href":"https:\/\/www.hautesvallees.com\/lizoard\/wp-json\/wp\/v2\/pages\/408\/revisions\/13709"}],"up":[{"embeddable":true,"href":"https:\/\/www.hautesvallees.com\/lizoard\/wp-json\/wp\/v2\/pages\/390"}],"wp:featuredmedia":[{"embeddable":true,"href":"https:\/\/www.hautesvallees.com\/lizoard\/wp-json\/wp\/v2\/media\/2176"}],"wp:attachment":[{"href":"https:\/\/www.hautesvallees.com\/lizoard\/wp-json\/wp\/v2\/media?parent=408"}],"curies":[{"name":"wp","href":"https:\/\/api.w.org\/{rel}","templated":true}]}}