{"id":405,"date":"2025-01-16T17:36:00","date_gmt":"2025-01-16T16:36:00","guid":{"rendered":"https:\/\/www.hautesvallees.com\/lizoard\/?page_id=405"},"modified":"2025-09-26T11:43:39","modified_gmt":"2025-09-26T09:43:39","slug":"top-5-des-lacs-en-izoard","status":"publish","type":"page","link":"https:\/\/www.hautesvallees.com\/lizoard\/que-faire\/en-ete\/balades-et-randonnees\/top-5-des-lacs-en-izoard\/","title":{"rendered":"Top 5 des lacs de montagne en Izoard"},"content":{"rendered":"<div class=\"GutText  GutContainer\">\n        <div class=\"GutText-inner\">\n            <div class=\"GutTitle Center\">\n                    <h2 class=\"GutTitle-title\">\n                                    <span class=\"GutTitle-surtitle\">Objectif <\/span>\n                                                        Lac de montagne\n                            <\/h2>\n                    <\/div>\n                            <div class=\"GutText-intro Center\">Envie de d\u00e9couvrir nos p\u00e9pites en Izoard ? Voici notre s\u00e9lection des 5 lacs d&rsquo;altitude \u00e0 d\u00e9couvrir en Izoard, dans les Hautes Alpes. \r\n<\/div>\n                                        <div class=\"GutText-wysiwyg Content\">\n                    <p style=\"text-align: center\">Choisissez le <strong>lac de montagne<\/strong> qui vous ressemble le plus ! Du plus recul\u00e9 au plus accessible, venez appr\u00e9cier sa beaut\u00e9. <strong>Les lacs d&rsquo;altitude sont des tr\u00e9sors de nos vall\u00e9es<\/strong> qu&rsquo;il faut respecter et pr\u00e9server. Important pour la faune des montagnes, ces lacs sont <strong>une bonne partie de l&rsquo;ann\u00e9e recouverts de neige<\/strong> et donc inaccessibles pour la faune. Faites le choix de ne pas vous baigner, de respecter l&rsquo;\u00e9quilibre fragile de cette biodiversit\u00e9, pr\u00e9servons ces lacs qui sont indispensables pour les petits habitants des montagnes.<\/p>\n\n                <\/div>\n                    <\/div>\n    <\/div>\n\n\n<div class=\"GutImage  GutContainer-full\">\n        <div class=\"GutImage-container\">\n            <div class=\"GutTitle Center\">\n                    <h2 class=\"GutTitle-title\">\n                                    <span class=\"GutTitle-surtitle\">Le lac de<\/span>\n                                                        l&#039;Orceyrette\n                            <\/h2>\n                    <\/div>\n            \n                            <picture class=\"GutImage-pic\">\n                    <source srcset=\"https:\/\/www.hautesvallees.com\/content\/uploads\/sites\/4\/2025\/02\/lac-de-lorceyrette-5-768x360.jpg\" media=\"(max-width: 768px)\">\n                    <source srcset=\"https:\/\/www.hautesvallees.com\/content\/uploads\/sites\/4\/2025\/02\/lac-de-lorceyrette-5-992x465.jpg\" media=\"(max-width: 992px)\">\n                    <source srcset=\"https:\/\/www.hautesvallees.com\/content\/uploads\/sites\/4\/2025\/02\/lac-de-lorceyrette-5-1920x900.jpg\" media=\"(min-width: 993px)\">\n                    <img decoding=\"async\" class=\"GutImage-img\" src=\"https:\/\/www.hautesvallees.com\/content\/uploads\/sites\/4\/2025\/02\/lac-de-lorceyrette-5-1920x900.jpg\" alt=\"lac de l&#039;Orceyrette\" \/>\n                <\/picture>\n                                        <div class=\"GutImage-creditphoto\">\n                    Blais T.\n                <\/div>\n                    <\/div>\n    <\/div>\n\n\n<div class=\"GutCol2  GutContainer\">\n        <div class=\"GutCol2-container\">\n\n            \n                                                                                                        <div class=\"GutCol2-wrap GutCol2-blocTexte Left\">\n                                <div class=\"GutCol2-blocTexte--inner\">\n                                                                            <div class=\"GutTitle Left\">\n                    <h2 class=\"GutTitle-title\">\n                                    <span class=\"GutTitle-surtitle\">Patrimoine naturel<\/span>\n                                                        exceptionnel\n                            <\/h2>\n                    <\/div>\n                                                                                                                                                    <div class=\"GutCol2-text Content\">\n                                            <p>Le lac de l\u2019Orceyrette marque la <strong>fronti\u00e8re entre le Queyras et le bois des Ayes<\/strong>. Admirez les vieux <strong>pins cembros<\/strong>, guettez la <strong>chouette chev\u00eachette et la chouette de Tengmalm<\/strong>, pr\u00e9lassez vous au bord de ce joli lac d&rsquo;altitude.<\/p>\n\n                                        <\/div>\n                                                                    <\/div>\n                            <\/div>\n                                                                                                                        <div class=\"GutCol2-wrap GutCol2-blocTexte Right\">\n                                <div class=\"GutCol2-blocTexte--inner\">\n                                                                                                                                                    <div class=\"GutCol2-text Content\">\n                                            <p><strong>D\u00e9part : <\/strong>Hameau des Ayes ou Plan Peyron, Villard Saint Pancrace<\/p>\n<p><strong>Dur\u00e9e : <\/strong>1h \/ 20 min (tout d\u00e9pend du point de d\u00e9part)<\/p>\n<p><strong>D\u00e9nivel\u00e9 : <\/strong>180 m \/ 75m<\/p>\n<p><b>Notre petit conseil : <\/b>les dorures des m\u00e9l\u00e8zes \u00e0 l\u2019automne contrastent avec le bleu de l\u2019eau. A d\u00e9couvrir entre septembre et octobre.<\/p>\n<p>&nbsp;<\/p>\n<p><a class=\"Button-primary\" href=\"https:\/\/www.hautesvallees.com\/lizoard\/decouvrir\/incontournables\/lac-de-lorceyrette\/\">D\u00e9couvrir le lac<\/a><\/p>\n<p><a class=\"Link\" href=\"https:\/\/www.hautesvallees.com\/equipement\/le-lac-de-lorceyrette-villar-saint-pancrace-2\/\">D\u00e9couvrir l&rsquo;itin\u00e9raire d\u00e9taill\u00e9<\/a><\/p>\n\n                                        <\/div>\n                                                                    <\/div>\n                            <\/div>\n                                                                <\/div>\n    <\/div>\n\n\n<div class=\"GutImage  GutContainer-full\">\n        <div class=\"GutImage-container\">\n            <div class=\"GutTitle Center\">\n                    <h2 class=\"GutTitle-title\">\n                                    <span class=\"GutTitle-surtitle\">le lac<\/span>\n                                                        des Cordes\n                            <\/h2>\n                    <\/div>\n            \n                            <picture class=\"GutImage-pic\">\n                    <source srcset=\"https:\/\/www.hautesvallees.com\/content\/uploads\/sites\/4\/2025\/02\/lac-des-cordes-et-lac-de-letoile-9-scaled-1-768x360.jpg\" media=\"(max-width: 768px)\">\n                    <source srcset=\"https:\/\/www.hautesvallees.com\/content\/uploads\/sites\/4\/2025\/02\/lac-des-cordes-et-lac-de-letoile-9-scaled-1-992x465.jpg\" media=\"(max-width: 992px)\">\n                    <source srcset=\"https:\/\/www.hautesvallees.com\/content\/uploads\/sites\/4\/2025\/02\/lac-des-cordes-et-lac-de-letoile-9-scaled-1-1920x900.jpg\" media=\"(min-width: 993px)\">\n                    <img decoding=\"async\" class=\"GutImage-img\" src=\"https:\/\/www.hautesvallees.com\/content\/uploads\/sites\/4\/2025\/02\/lac-des-cordes-et-lac-de-letoile-9-scaled-1-1920x900.jpg\" alt=\"lac des cordes\" \/>\n                <\/picture>\n                                        <div class=\"GutImage-creditphoto\">\n                    Blais T.\n                <\/div>\n                    <\/div>\n    <\/div>\n\n\n<div class=\"GutCol2  GutContainer\">\n        <div class=\"GutCol2-container\">\n\n            \n                                                                                                        <div class=\"GutCol2-wrap GutCol2-blocTexte Left\">\n                                <div class=\"GutCol2-blocTexte--inner\">\n                                                                            <div class=\"GutTitle Left\">\n                    <h2 class=\"GutTitle-title\">\n                                    <span class=\"GutTitle-surtitle\">Contemplation<\/span>\n                                                        est le ma\u00eetre mot\n                            <\/h2>\n                    <\/div>\n                                                                                                                                                    <div class=\"GutCol2-text Content\">\n                                            <p>Se rendre au <strong>lac des Cordes c\u2019est d\u00e9couvrir un endroit de verdure et de calme au c\u0153ur des alpages avec vue sur les cr\u00eates italiennes et le Mont Chenaillet<\/strong>. Ce lac est un lieu de <strong>contemplation qui invite au repos<\/strong>. Il est possible de faire la <strong>boucle en passant le col des Marsailles avec un retour le long de la Cerveyrette.<\/strong><\/p>\n\n                                        <\/div>\n                                                                    <\/div>\n                            <\/div>\n                                                                                                                        <div class=\"GutCol2-wrap GutCol2-blocTexte Right\">\n                                <div class=\"GutCol2-blocTexte--inner\">\n                                                                                                                                                    <div class=\"GutCol2-text Content\">\n                                            <p><strong>D\u00e9part : <\/strong>Hameau du Bourgea, Cervi\u00e8res<\/p>\n<p><strong>Dur\u00e9e : <\/strong>2h<\/p>\n<p><strong>D\u00e9nivel\u00e9 : <\/strong>480m (680m par le col des Marsailles)<\/p>\n<p><b>Notre petit conseil :<\/b>Au-dessus, quelques petits lacs brillent, osez monter un peu plus haut pour voir <strong>le lac de l\u2019\u00c9toile et le lac de la Madeleine.<\/strong><\/p>\n<p>&nbsp;<\/p>\n<p><a class=\"Button-primary\" href=\"https:\/\/www.entredeuxpoles.com\/randonnee-lac-des-cordes\/\" target=\"_blank\" rel=\"noopener\">Le tour du lac des Cordes vu par Delphine et Maxime<\/a><\/p>\n<p><a class=\"Link\" href=\"https:\/\/www.hautesvallees.com\/lizoard\/equipement\/le-lac-des-cordes-depuis-les-chalps-cervieres\/\">D\u00e9couvrir l&rsquo;itin\u00e9raire<\/a><\/p>\n\n                                        <\/div>\n                                                                    <\/div>\n                            <\/div>\n                                                                <\/div>\n    <\/div>\n\n\n<div class=\"GutImage  GutContainer-full\">\n        <div class=\"GutImage-container\">\n            <div class=\"GutTitle Center\">\n                    <h2 class=\"GutTitle-title\">\n                                    <span class=\"GutTitle-surtitle\">Le lac<\/span>\n                                                        des sarailles\n                            <\/h2>\n                    <\/div>\n            \n                            <picture class=\"GutImage-pic\">\n                    <source srcset=\"https:\/\/www.hautesvallees.com\/content\/uploads\/sites\/4\/2025\/09\/Randonnee-lac-Sarailles-Chenaillet-automne-2025-Laury-Chamerlat-18-768x360.jpg\" media=\"(max-width: 768px)\">\n                    <source srcset=\"https:\/\/www.hautesvallees.com\/content\/uploads\/sites\/4\/2025\/09\/Randonnee-lac-Sarailles-Chenaillet-automne-2025-Laury-Chamerlat-18-992x465.jpg\" media=\"(max-width: 992px)\">\n                    <source srcset=\"https:\/\/www.hautesvallees.com\/content\/uploads\/sites\/4\/2025\/09\/Randonnee-lac-Sarailles-Chenaillet-automne-2025-Laury-Chamerlat-18-1920x900.jpg\" media=\"(min-width: 993px)\">\n                    <img decoding=\"async\" class=\"GutImage-img\" src=\"https:\/\/www.hautesvallees.com\/content\/uploads\/sites\/4\/2025\/09\/Randonnee-lac-Sarailles-Chenaillet-automne-2025-Laury-Chamerlat-18-1920x900.jpg\" alt=\"Randonn\u00e9e, lac Sarailles, Chenaillet, automne 2025 - Laury Chamerlat (18)\" \/>\n                <\/picture>\n                                        <div class=\"GutImage-creditphoto\">\n                    L.Chamerlat\n                <\/div>\n                    <\/div>\n    <\/div>\n\n\n<div class=\"GutCol2  GutContainer\">\n        <div class=\"GutCol2-container\">\n\n            \n                                                                                                        <div class=\"GutCol2-wrap GutCol2-blocTexte Left\">\n                                <div class=\"GutCol2-blocTexte--inner\">\n                                                                            <div class=\"GutTitle Left\">\n                    <h2 class=\"GutTitle-title\">\n                                    <span class=\"GutTitle-surtitle\">Histoire<\/span>\n                                                        g\u00e9ologique\n                            <\/h2>\n                    <\/div>\n                                                                                                                                                    <div class=\"GutCol2-text Content\">\n                                            <p><strong>Le lac des Sarailles se situe dans un environnement d\u2019\u00e9boulis et de moraines<\/strong> ponctu\u00e9 de <strong>basaltes et gabbros t\u00e9moins d\u2019un oc\u00e9an ancien aujourd\u2019hui disparu<\/strong>. Ces deux roches sont caract\u00e9ristiques de la <strong>cro\u00fbte oc\u00e9anique<\/strong>, <strong>aliment\u00e9e par des laves<\/strong>, visibles \u00e0 l\u2019air libre. <strong>Cette balade familiale offre de beaux points de vue sur la vall\u00e9e des Fonts et le marais du Bourget.<\/strong> Des panneaux explicatifs ponctuent la balade permettant de <strong>d\u00e9couvrir l\u2019histoire g\u00e9ologique des Alpes.<\/strong><\/p>\n\n                                        <\/div>\n                                                                    <\/div>\n                            <\/div>\n                                                                                                                        <div class=\"GutCol2-wrap GutCol2-blocTexte Right\">\n                                <div class=\"GutCol2-blocTexte--inner\">\n                                                                                                                                                    <div class=\"GutCol2-text Content\">\n                                            <p><strong>D\u00e9part : <\/strong>Hameau de la Chau, parking apr\u00e8s le mur des Aittes, Cervi\u00e8res<\/p>\n<p><strong>Dur\u00e9e : <\/strong>3h30<\/p>\n<p><strong>D\u00e9nivel\u00e9 : <\/strong>360m<\/p>\n<p><b>Notre petit conseil : <\/b>Au retour, il est possible de choisir une variante en passant par le lac Noir et\/ou celui de Gignoux.<\/p>\n<p>&nbsp;<\/p>\n<p><a class=\"Link\" href=\"https:\/\/www.hautesvallees.com\/lizoard\/equipement\/lac-des-sarailles-cervieres\/\">D\u00e9couvrir l&rsquo;itin\u00e9raire<\/a><\/p>\n<p>&nbsp;<\/p>\n\n                                        <\/div>\n                                                                    <\/div>\n                            <\/div>\n                                                                <\/div>\n    <\/div>\n\n\n<div class=\"GutImage  GutContainer-full\">\n        <div class=\"GutImage-container\">\n            <div class=\"GutTitle Center\">\n                    <h2 class=\"GutTitle-title\">\n                                    <span class=\"GutTitle-surtitle\">Le lac<\/span>\n                                                        noir\n                            <\/h2>\n                    <\/div>\n            \n                            <picture class=\"GutImage-pic\">\n                    <source srcset=\"https:\/\/www.hautesvallees.com\/content\/uploads\/sites\/4\/2025\/02\/Trail-vallee-des-fonts-T.BLAIS-10-1-1-scaled-1-768x360.jpg\" media=\"(max-width: 768px)\">\n                    <source srcset=\"https:\/\/www.hautesvallees.com\/content\/uploads\/sites\/4\/2025\/02\/Trail-vallee-des-fonts-T.BLAIS-10-1-1-scaled-1-992x465.jpg\" media=\"(max-width: 992px)\">\n                    <source srcset=\"https:\/\/www.hautesvallees.com\/content\/uploads\/sites\/4\/2025\/02\/Trail-vallee-des-fonts-T.BLAIS-10-1-1-scaled-1-1920x900.jpg\" media=\"(min-width: 993px)\">\n                    <img decoding=\"async\" class=\"GutImage-img\" src=\"https:\/\/www.hautesvallees.com\/content\/uploads\/sites\/4\/2025\/02\/Trail-vallee-des-fonts-T.BLAIS-10-1-1-scaled-1-1920x900.jpg\" alt=\"Lac noir hautes alpes\" \/>\n                <\/picture>\n                                        <div class=\"GutImage-creditphoto\">\n                    Blais T.\n                <\/div>\n                    <\/div>\n    <\/div>\n\n\n<div class=\"GutCol2  GutContainer\">\n        <div class=\"GutCol2-container\">\n\n            \n                                                                                                        <div class=\"GutCol2-wrap GutCol2-blocTexte Left\">\n                                <div class=\"GutCol2-blocTexte--inner\">\n                                                                            <div class=\"GutTitle Left\">\n                    <h2 class=\"GutTitle-title\">\n                                    <span class=\"GutTitle-surtitle\">Balade<\/span>\n                                                        familiale\n                            <\/h2>\n                    <\/div>\n                                                                                                                                                    <div class=\"GutCol2-text Content\">\n                                            <p><strong>Le lac Noir est une balade facile et familiale<\/strong> qui offre un <strong>beau point de vue sur la vall\u00e9e de la Cerveyrette<\/strong>. Entre <strong>\u00e9boulis et \u00e9tendues herbeuses p\u00e2tur\u00e9es, le paysage invite \u00e0 faire une pause.<\/strong><\/p>\n<p>&nbsp;<\/p>\n<p>&nbsp;<\/p>\n\n                                        <\/div>\n                                                                    <\/div>\n                            <\/div>\n                                                                                                                        <div class=\"GutCol2-wrap GutCol2-blocTexte Right\">\n                                <div class=\"GutCol2-blocTexte--inner\">\n                                                                                                                                                    <div class=\"GutCol2-text Content\">\n                                            <p><strong>D\u00e9part : <\/strong>Hameau de la Chau, parking apr\u00e8s le mur des Aittes, Cervi\u00e8res<\/p>\n<p><strong>Dur\u00e9e : <\/strong>3h<\/p>\n<p><strong>D\u00e9nivel\u00e9 : <\/strong>350m<\/p>\n<p><b>Notre petit conseil : <\/b>Prendre le temps de faire un petit d\u00e9tour par le lac de Rous\u00e9ou puis repartir par la variante du lac des Sarailles.<\/p>\n<p>&nbsp;<\/p>\n<p><a class=\"Link\" href=\"https:\/\/www.hautesvallees.com\/lizoard\/equipement\/lac-noir-du-chenaillet-cervieres\/\">D\u00e9couvrir l&rsquo;itin\u00e9raire<\/a><\/p>\n\n                                        <\/div>\n                                                                    <\/div>\n                            <\/div>\n                                                                <\/div>\n    <\/div>\n\n\n<div class=\"GutImage  GutContainer-full\">\n        <div class=\"GutImage-container\">\n            <div class=\"GutTitle Center\">\n                    <h2 class=\"GutTitle-title\">\n                                    <span class=\"GutTitle-surtitle\">Le lac<\/span>\n                                                        Gignoux\n                            <\/h2>\n                    <\/div>\n            \n                            <picture class=\"GutImage-pic\">\n                    <source srcset=\"https:\/\/www.hautesvallees.com\/content\/uploads\/sites\/4\/2025\/02\/randonnee-et-nuit-au-lac-gignoux-11-1-scaled-1-768x360.jpg\" media=\"(max-width: 768px)\">\n                    <source srcset=\"https:\/\/www.hautesvallees.com\/content\/uploads\/sites\/4\/2025\/02\/randonnee-et-nuit-au-lac-gignoux-11-1-scaled-1-992x465.jpg\" media=\"(max-width: 992px)\">\n                    <source srcset=\"https:\/\/www.hautesvallees.com\/content\/uploads\/sites\/4\/2025\/02\/randonnee-et-nuit-au-lac-gignoux-11-1-scaled-1-1920x900.jpg\" media=\"(min-width: 993px)\">\n                    <img decoding=\"async\" class=\"GutImage-img\" src=\"https:\/\/www.hautesvallees.com\/content\/uploads\/sites\/4\/2025\/02\/randonnee-et-nuit-au-lac-gignoux-11-1-scaled-1-1920x900.jpg\" alt=\"lac gignoux\" \/>\n                <\/picture>\n                                        <div class=\"GutImage-creditphoto\">\n                    Blais T.\n                <\/div>\n                    <\/div>\n    <\/div>\n\n\n<div class=\"GutCol2  GutContainer\">\n        <div class=\"GutCol2-container\">\n\n            \n                                                                                                        <div class=\"GutCol2-wrap GutCol2-blocTexte Left\">\n                                <div class=\"GutCol2-blocTexte--inner\">\n                                                                            <div class=\"GutTitle Left\">\n                    <h2 class=\"GutTitle-title\">\n                                    <span class=\"GutTitle-surtitle\">Aux portes<\/span>\n                                                        de l&#039;italie\n                            <\/h2>\n                    <\/div>\n                                                                                                                                                    <div class=\"GutCol2-text Content\">\n                                            <p><strong>Le lac Gignoux se situe dans un environnement d\u2019\u00e9boulis et de moraines \u00e0 proximit\u00e9 du massif du Chenaillet.<\/strong> Il s\u2019\u00e9tend sur presque <strong>2 hectares.<\/strong> <strong>La cr\u00eate qui surplombe le lac marque la fronti\u00e8re avec l\u2019Italie.<\/strong> C\u2019est une <strong>randonn\u00e9e facile<\/strong> qui permet d\u2019avoir une <strong>magnifique vue sur la vall\u00e9e de la Cerveyrette mais aussi sur la plaine du Marais du Bourget.\u00a0<\/strong><\/p>\n\n                                        <\/div>\n                                                                    <\/div>\n                            <\/div>\n                                                                                                                        <div class=\"GutCol2-wrap GutCol2-blocTexte Right\">\n                                <div class=\"GutCol2-blocTexte--inner\">\n                                                                                                                                                    <div class=\"GutCol2-text Content\">\n                                            <p><strong>D\u00e9part : <\/strong>Parking du Hameau de la Chau<\/p>\n<p><strong>Dur\u00e9e : <\/strong>4h<\/p>\n<p><strong>D\u00e9nivel\u00e9 : <\/strong>470m<\/p>\n<p><b>Notre petit conseil :<\/b>Faites un petit d\u00e9tour par le lac Noir<\/p>\n<p>&nbsp;<\/p>\n<p><a class=\"Link\" href=\"https:\/\/www.hautesvallees.com\/lizoard\/equipement\/lac-gignoux-cervieres\/\">D\u00e9couvrir l&rsquo;itin\u00e9raire<\/a><\/p>\n\n                                        <\/div>\n                                                                    <\/div>\n                            <\/div>\n                                                                <\/div>\n    <\/div>\n\n\n\n<div class=\"ApiListing __altimax_listing \" data-js=\"{&quot;action_load&quot;:&quot;apidae_listing_load&quot;,&quot;action_map_tiles&quot;:&quot;apidae_listing_load_map_tiles&quot;,&quot;action_filters&quot;:&quot;apidae_listing_filters&quot;,&quot;action_pdf&quot;:&quot;apidae_listing_pdf&quot;,&quot;post_id&quot;:405,&quot;blog_id&quot;:4,&quot;uid&quot;:1,&quot;cache_key&quot;:&quot;5dcab02c8710d076f44370b346fb01d8&quot;,&quot;is_agenda&quot;:false,&quot;listing_mode&quot;:&quot;listing-map&quot;,&quot;use_filters&quot;:false,&quot;use_share&quot;:false,&quot;paginator&quot;:{&quot;currentPage&quot;:1,&quot;maxPerPage&quot;:10,&quot;count&quot;:6,&quot;totalPages&quot;:1,&quot;nextPage&quot;:1,&quot;html&quot;:&quot;    &lt;li class=\\&quot;Paginator-page __altimax_listing_load active\\&quot;\\n        data-index=\\&quot;1\\&quot; &gt;\\n        &lt;span&gt;1&lt;\\\/span&gt;\\n    &lt;\\\/li&gt;\\n&quot;},&quot;ajax_url&quot;:&quot;https:\\\/\\\/www.hautesvallees.com\\\/\\\/lizoard\\\/wp-admin\\\/admin-ajax.php&quot;,&quot;lang&quot;:&quot;fr&quot;}\">\n    <div class=\"ApiListingLoader __altimax_loader\">\n        <div class=\"ApiListingLoader-container\">\n            <div class=\"ApiListingLoader-ring\"><\/div>\n        <\/div>\n    <\/div>\n        \n        \n        \n                                            <div class=\"ApiListing-container\">\n        <div class=\"ApiListing-control container_full  switch\">\n                                                                                        <div class=\"ApiListing-result\">\n                <div class=\"ApiListing-result--number __altimax_listing_count\">6<\/div>\n                R\u00e9sultats\n            <\/div>\n                            <button class=\"ApiListing-switch Button-full __apidae_map_listing_switch\"\n                        data-current=\"listing\"\n                        data-text-listing=\"Liste\"\n                        data-text-map=\"Carte\">\n                    Carte\n                <\/button>\n                    <\/div>\n\n        <div class=\"ApiListing-wrapper container_full   switch\">\n            \n                            <ul class=\"ApiListing-list __altimax_listing_content\">\n                                            <!-- Generer le: 2026-04-27 08:01:10 -->\n<!-- Blog: L&amp;#039;Izoard - 4 -->\n<li class=\"ApiTile ApiTileDefault __altimax_listing_item  \"\n    data-roadbook-item=\"5531680\"\n    data-apidae=\"5531680\"\n    data-event-category=\"Apidae affichage\"\n    data-event-action=\"vue teaser\"\n    data-event-label=\"5531680 : Lac noir du Chenaillet\">\n    <a href=\"https:\/\/www.hautesvallees.com\/lizoard\/equipement\/lac-noir-du-chenaillet-cervieres\" class=\"ApiTile-link ApiTileDefault-link\" title=\"Lac noir du Chenaillet\">\n            <span class=\"ApiTile-location ApiTileDefault-location\">\n        Cervi\u00e8res\n    <\/span>\n\n            <button class=\"__gtm_track_click __altimax_favory ApiTile-fav ApiTileDefault-fav Favourite\"\n            data-apidae=\"5531680\"\n            title=\"Ajoutez aux favoris\"\n            data-txtajouter=\"Ajoutez aux favoris\"\n            data-txtretirer=\"Retirez des favoris\"\n            data-event-category=\"Apidae fiche objet\"\n            data-event-action=\"ajout trip planner\"\n            data-event-label=\"5531680 : Lac noir du Chenaillet\">\n        <img decoding=\"async\" class=\"Favourite-border svg\"\n             src=\"\/content\/themes\/theme_altimax\/dist\/img\/apidae\/system\/SYSTEM-FavOff-30px.svg\"\/>\n        <img decoding=\"async\" class=\"Favourite-full svg\"\n             src=\"\/content\/themes\/theme_altimax\/dist\/img\/apidae\/system\/SYSTEM-FavOn-30px.svg\"\/>\n    <\/button>\n\n            <picture class=\"ApiTile-picture ApiTileDefault-picture\">\n        <img decoding=\"async\" class=\"ApiTile-img ApiTileAgenda-img\" src=\"\/cache\/images\/38159106_apidae-tile.jpg\" alt=\"Lac noir du Chenaillet\">\n    <\/picture>\n\n        <div class=\"ApiTile-content ApiTileDefault-content\">\n            \n            <div class=\"ApiTile-top ApiTileDefault-top\">\n                <span class=\"ApiTile-type ApiTileDefault-type\">\n    <\/span>                                            <\/div>\n\n            <h2 class=\"ApiTile-title ApiTileDefault-title\">Lac noir du Chenaillet<\/h2>\n                                <ul class=\"ApiTile-hiking ApiTileDefault-hiking\">\n                                <li class=\"ApiTile-hiking--item ApiTileDefault-hiking--item\">\n                <span class=\"ApiTile-hiking--label ApiTileDefault-hiking--label\">\n                    Distance\n                <\/span>\n                <span class=\"ApiTile-hiking--value ApiTileDefault-hiking--value\">\n                    4.6km\n                <\/span>\n            <\/li>\n                                                <li class=\"ApiTile-hiking--item ApiTileDefault-hiking--item\">\n                <span class=\"ApiTile-hiking--label ApiTileDefault-hiking--label\">\n                    Dur\u00e9e journali\u00e8re\n                <\/span>\n                <span class=\"ApiTile-hiking--value ApiTileDefault-hiking--value\">\n                    03h00\n                <\/span>\n            <\/li>\n                                                <li class=\"ApiTile-hiking--item ApiTileDefault-hiking--item\">\n                <span class=\"ApiTile-hiking--label ApiTileDefault-hiking--label\">\n                    D\u00e9nivel\u00e9 positif\n                <\/span>\n                <span class=\"ApiTile-hiking--value ApiTileDefault-hiking--value\">\n                    350m\n                <\/span>\n            <\/li>\n                                                                            <\/ul>\n\n                                <\/div>\n    <\/a>\n<\/li>\n\n                                            <!-- Generer le: 2026-04-27 08:01:10 -->\n<!-- Blog: L&amp;#039;Izoard - 4 -->\n<li class=\"ApiTile ApiTileDefault __altimax_listing_item  \"\n    data-roadbook-item=\"5273250\"\n    data-apidae=\"5273250\"\n    data-event-category=\"Apidae affichage\"\n    data-event-action=\"vue teaser\"\n    data-event-label=\"5273250 : Lac gignoux\">\n    <a href=\"https:\/\/www.hautesvallees.com\/lizoard\/equipement\/lac-gignoux-cervieres\" class=\"ApiTile-link ApiTileDefault-link\" title=\"Lac gignoux\">\n            <span class=\"ApiTile-location ApiTileDefault-location\">\n        Cervi\u00e8res\n    <\/span>\n\n            <button class=\"__gtm_track_click __altimax_favory ApiTile-fav ApiTileDefault-fav Favourite\"\n            data-apidae=\"5273250\"\n            title=\"Ajoutez aux favoris\"\n            data-txtajouter=\"Ajoutez aux favoris\"\n            data-txtretirer=\"Retirez des favoris\"\n            data-event-category=\"Apidae fiche objet\"\n            data-event-action=\"ajout trip planner\"\n            data-event-label=\"5273250 : Lac gignoux\">\n        <img decoding=\"async\" class=\"Favourite-border svg\"\n             src=\"\/content\/themes\/theme_altimax\/dist\/img\/apidae\/system\/SYSTEM-FavOff-30px.svg\"\/>\n        <img decoding=\"async\" class=\"Favourite-full svg\"\n             src=\"\/content\/themes\/theme_altimax\/dist\/img\/apidae\/system\/SYSTEM-FavOn-30px.svg\"\/>\n    <\/button>\n\n            <picture class=\"ApiTile-picture ApiTileDefault-picture\">\n        <img decoding=\"async\" class=\"ApiTile-img ApiTileAgenda-img\" src=\"\/cache\/images\/32936094_apidae-tile.jpg\" alt=\"Lac gignoux\">\n    <\/picture>\n\n        <div class=\"ApiTile-content ApiTileDefault-content\">\n            \n            <div class=\"ApiTile-top ApiTileDefault-top\">\n                <span class=\"ApiTile-type ApiTileDefault-type\">\n    <\/span>                                            <\/div>\n\n            <h2 class=\"ApiTile-title ApiTileDefault-title\">Lac gignoux<\/h2>\n                                <ul class=\"ApiTile-hiking ApiTileDefault-hiking\">\n                                <li class=\"ApiTile-hiking--item ApiTileDefault-hiking--item\">\n                <span class=\"ApiTile-hiking--label ApiTileDefault-hiking--label\">\n                    Distance\n                <\/span>\n                <span class=\"ApiTile-hiking--value ApiTileDefault-hiking--value\">\n                    7.7km\n                <\/span>\n            <\/li>\n                                                <li class=\"ApiTile-hiking--item ApiTileDefault-hiking--item\">\n                <span class=\"ApiTile-hiking--label ApiTileDefault-hiking--label\">\n                    Dur\u00e9e journali\u00e8re\n                <\/span>\n                <span class=\"ApiTile-hiking--value ApiTileDefault-hiking--value\">\n                    04h00\n                <\/span>\n            <\/li>\n                                                <li class=\"ApiTile-hiking--item ApiTileDefault-hiking--item\">\n                <span class=\"ApiTile-hiking--label ApiTileDefault-hiking--label\">\n                    D\u00e9nivel\u00e9 positif\n                <\/span>\n                <span class=\"ApiTile-hiking--value ApiTileDefault-hiking--value\">\n                    470m\n                <\/span>\n            <\/li>\n                                        <li class=\"ApiTile-hiking--item ApiTileDefault-hiking--item\">\n                <span class=\"ApiTile-hiking--label ApiTileDefault-hiking--label\">\n                    D\u00e9nivel\u00e9 n\u00e9gatif\n                <\/span>\n                <span class=\"ApiTile-hiking--value ApiTileDefault-hiking--value\">\n                    470m\n                <\/span>\n            <\/li>\n                                                                    <\/ul>\n\n                                <\/div>\n    <\/a>\n<\/li>\n\n                                            <!-- Generer le: 2026-04-27 08:01:10 -->\n<!-- Blog: L&amp;#039;Izoard - 4 -->\n<li class=\"ApiTile ApiTileDefault __altimax_listing_item  \"\n    data-roadbook-item=\"6217472\"\n    data-apidae=\"6217472\"\n    data-event-category=\"Apidae affichage\"\n    data-event-action=\"vue teaser\"\n    data-event-label=\"6217472 : Lac de l&#039;Orceyrette depuis le Centre Montagne\">\n    <a href=\"https:\/\/www.hautesvallees.com\/lizoard\/equipement\/lac-de-lorceyrette-depuis-le-centre-montagne-villar-saint-pancrace\" class=\"ApiTile-link ApiTileDefault-link\" title=\"Lac de l&#039;Orceyrette depuis le Centre Montagne\">\n            <span class=\"ApiTile-location ApiTileDefault-location\">\n        Villar-Saint-Pancrace\n    <\/span>\n\n            <button class=\"__gtm_track_click __altimax_favory ApiTile-fav ApiTileDefault-fav Favourite\"\n            data-apidae=\"6217472\"\n            title=\"Ajoutez aux favoris\"\n            data-txtajouter=\"Ajoutez aux favoris\"\n            data-txtretirer=\"Retirez des favoris\"\n            data-event-category=\"Apidae fiche objet\"\n            data-event-action=\"ajout trip planner\"\n            data-event-label=\"6217472 : Lac de l&#039;Orceyrette depuis le Centre Montagne\">\n        <img decoding=\"async\" class=\"Favourite-border svg\"\n             src=\"\/content\/themes\/theme_altimax\/dist\/img\/apidae\/system\/SYSTEM-FavOff-30px.svg\"\/>\n        <img decoding=\"async\" class=\"Favourite-full svg\"\n             src=\"\/content\/themes\/theme_altimax\/dist\/img\/apidae\/system\/SYSTEM-FavOn-30px.svg\"\/>\n    <\/button>\n\n            <picture class=\"ApiTile-picture ApiTileDefault-picture\">\n        <img decoding=\"async\" class=\"ApiTile-img ApiTileAgenda-img\" src=\"\/cache\/images\/38158879_apidae-tile.jpg\" alt=\"Lac de l&#039;Orceyrette depuis le Centre Montagne\">\n    <\/picture>\n\n        <div class=\"ApiTile-content ApiTileDefault-content\">\n            \n            <div class=\"ApiTile-top ApiTileDefault-top\">\n                <span class=\"ApiTile-type ApiTileDefault-type\">\n    <\/span>                                            <\/div>\n\n            <h2 class=\"ApiTile-title ApiTileDefault-title\">Lac de l&#039;Orceyrette depuis le Centre&#8230;<\/h2>\n                                <ul class=\"ApiTile-hiking ApiTileDefault-hiking\">\n                                <li class=\"ApiTile-hiking--item ApiTileDefault-hiking--item\">\n                <span class=\"ApiTile-hiking--label ApiTileDefault-hiking--label\">\n                    Distance\n                <\/span>\n                <span class=\"ApiTile-hiking--value ApiTileDefault-hiking--value\">\n                    15.4km\n                <\/span>\n            <\/li>\n                                                <li class=\"ApiTile-hiking--item ApiTileDefault-hiking--item\">\n                <span class=\"ApiTile-hiking--label ApiTileDefault-hiking--label\">\n                    Dur\u00e9e journali\u00e8re\n                <\/span>\n                <span class=\"ApiTile-hiking--value ApiTileDefault-hiking--value\">\n                    04h00\n                <\/span>\n            <\/li>\n                                                <li class=\"ApiTile-hiking--item ApiTileDefault-hiking--item\">\n                <span class=\"ApiTile-hiking--label ApiTileDefault-hiking--label\">\n                    D\u00e9nivel\u00e9 positif\n                <\/span>\n                <span class=\"ApiTile-hiking--value ApiTileDefault-hiking--value\">\n                    640m\n                <\/span>\n            <\/li>\n                                                                            <\/ul>\n\n                                <\/div>\n    <\/a>\n<\/li>\n\n                                            <!-- Generer le: 2026-04-27 08:01:10 -->\n<!-- Blog: L&amp;#039;Izoard - 4 -->\n<li class=\"ApiTile ApiTileDefault __altimax_listing_item  \"\n    data-roadbook-item=\"5271174\"\n    data-apidae=\"5271174\"\n    data-event-category=\"Apidae affichage\"\n    data-event-action=\"vue teaser\"\n    data-event-label=\"5271174 : Le lac des Cordes depuis les Chalps\">\n    <a href=\"https:\/\/www.hautesvallees.com\/lizoard\/equipement\/le-lac-des-cordes-depuis-les-chalps-cervieres\" class=\"ApiTile-link ApiTileDefault-link\" title=\"Le lac des Cordes depuis les Chalps\">\n            <span class=\"ApiTile-location ApiTileDefault-location\">\n        Cervi\u00e8res\n    <\/span>\n\n            <button class=\"__gtm_track_click __altimax_favory ApiTile-fav ApiTileDefault-fav Favourite\"\n            data-apidae=\"5271174\"\n            title=\"Ajoutez aux favoris\"\n            data-txtajouter=\"Ajoutez aux favoris\"\n            data-txtretirer=\"Retirez des favoris\"\n            data-event-category=\"Apidae fiche objet\"\n            data-event-action=\"ajout trip planner\"\n            data-event-label=\"5271174 : Le lac des Cordes depuis les Chalps\">\n        <img decoding=\"async\" class=\"Favourite-border svg\"\n             src=\"\/content\/themes\/theme_altimax\/dist\/img\/apidae\/system\/SYSTEM-FavOff-30px.svg\"\/>\n        <img decoding=\"async\" class=\"Favourite-full svg\"\n             src=\"\/content\/themes\/theme_altimax\/dist\/img\/apidae\/system\/SYSTEM-FavOn-30px.svg\"\/>\n    <\/button>\n\n            <picture class=\"ApiTile-picture ApiTileDefault-picture\">\n        <img decoding=\"async\" class=\"ApiTile-img ApiTileAgenda-img\" src=\"\/cache\/images\/26019761_apidae-tile.jpg\" alt=\"Le lac des Cordes depuis les Chalps\">\n    <\/picture>\n\n        <div class=\"ApiTile-content ApiTileDefault-content\">\n            \n            <div class=\"ApiTile-top ApiTileDefault-top\">\n                <span class=\"ApiTile-type ApiTileDefault-type\">\n    <\/span>                                            <\/div>\n\n            <h2 class=\"ApiTile-title ApiTileDefault-title\">Le lac des Cordes depuis les Chalps<\/h2>\n                                <ul class=\"ApiTile-hiking ApiTileDefault-hiking\">\n                                <li class=\"ApiTile-hiking--item ApiTileDefault-hiking--item\">\n                <span class=\"ApiTile-hiking--label ApiTileDefault-hiking--label\">\n                    Distance\n                <\/span>\n                <span class=\"ApiTile-hiking--value ApiTileDefault-hiking--value\">\n                    4.8km\n                <\/span>\n            <\/li>\n                                                <li class=\"ApiTile-hiking--item ApiTileDefault-hiking--item\">\n                <span class=\"ApiTile-hiking--label ApiTileDefault-hiking--label\">\n                    Dur\u00e9e journali\u00e8re\n                <\/span>\n                <span class=\"ApiTile-hiking--value ApiTileDefault-hiking--value\">\n                    04h00\n                <\/span>\n            <\/li>\n                                                <li class=\"ApiTile-hiking--item ApiTileDefault-hiking--item\">\n                <span class=\"ApiTile-hiking--label ApiTileDefault-hiking--label\">\n                    D\u00e9nivel\u00e9 positif\n                <\/span>\n                <span class=\"ApiTile-hiking--value ApiTileDefault-hiking--value\">\n                    548m\n                <\/span>\n            <\/li>\n                                                                            <\/ul>\n\n                                <\/div>\n    <\/a>\n<\/li>\n\n                                            <!-- Generer le: 2026-04-27 08:01:10 -->\n<!-- Blog: L&amp;#039;Izoard - 4 -->\n<li class=\"ApiTile ApiTileDefault __altimax_listing_item  \"\n    data-roadbook-item=\"5271414\"\n    data-apidae=\"5271414\"\n    data-event-category=\"Apidae affichage\"\n    data-event-action=\"vue teaser\"\n    data-event-label=\"5271414 : Lac des Sarailles\">\n    <a href=\"https:\/\/www.hautesvallees.com\/lizoard\/equipement\/lac-des-sarailles-cervieres\" class=\"ApiTile-link ApiTileDefault-link\" title=\"Lac des Sarailles\">\n            <span class=\"ApiTile-location ApiTileDefault-location\">\n        Cervi\u00e8res\n    <\/span>\n\n            <button class=\"__gtm_track_click __altimax_favory ApiTile-fav ApiTileDefault-fav Favourite\"\n            data-apidae=\"5271414\"\n            title=\"Ajoutez aux favoris\"\n            data-txtajouter=\"Ajoutez aux favoris\"\n            data-txtretirer=\"Retirez des favoris\"\n            data-event-category=\"Apidae fiche objet\"\n            data-event-action=\"ajout trip planner\"\n            data-event-label=\"5271414 : Lac des Sarailles\">\n        <img decoding=\"async\" class=\"Favourite-border svg\"\n             src=\"\/content\/themes\/theme_altimax\/dist\/img\/apidae\/system\/SYSTEM-FavOff-30px.svg\"\/>\n        <img decoding=\"async\" class=\"Favourite-full svg\"\n             src=\"\/content\/themes\/theme_altimax\/dist\/img\/apidae\/system\/SYSTEM-FavOn-30px.svg\"\/>\n    <\/button>\n\n            <picture class=\"ApiTile-picture ApiTileDefault-picture\">\n        <img decoding=\"async\" class=\"ApiTile-img ApiTileAgenda-img\" src=\"\/cache\/images\/32936263_apidae-tile.jpg\" alt=\"Lac des Sarailles\">\n    <\/picture>\n\n        <div class=\"ApiTile-content ApiTileDefault-content\">\n            \n            <div class=\"ApiTile-top ApiTileDefault-top\">\n                <span class=\"ApiTile-type ApiTileDefault-type\">\n    <\/span>                                            <\/div>\n\n            <h2 class=\"ApiTile-title ApiTileDefault-title\">Lac des Sarailles<\/h2>\n                                <ul class=\"ApiTile-hiking ApiTileDefault-hiking\">\n                                <li class=\"ApiTile-hiking--item ApiTileDefault-hiking--item\">\n                <span class=\"ApiTile-hiking--label ApiTileDefault-hiking--label\">\n                    Distance\n                <\/span>\n                <span class=\"ApiTile-hiking--value ApiTileDefault-hiking--value\">\n                    4.8km\n                <\/span>\n            <\/li>\n                                                <li class=\"ApiTile-hiking--item ApiTileDefault-hiking--item\">\n                <span class=\"ApiTile-hiking--label ApiTileDefault-hiking--label\">\n                    Dur\u00e9e journali\u00e8re\n                <\/span>\n                <span class=\"ApiTile-hiking--value ApiTileDefault-hiking--value\">\n                    03h30\n                <\/span>\n            <\/li>\n                                                <li class=\"ApiTile-hiking--item ApiTileDefault-hiking--item\">\n                <span class=\"ApiTile-hiking--label ApiTileDefault-hiking--label\">\n                    D\u00e9nivel\u00e9 positif\n                <\/span>\n                <span class=\"ApiTile-hiking--value ApiTileDefault-hiking--value\">\n                    360m\n                <\/span>\n            <\/li>\n                                        <li class=\"ApiTile-hiking--item ApiTileDefault-hiking--item\">\n                <span class=\"ApiTile-hiking--label ApiTileDefault-hiking--label\">\n                    D\u00e9nivel\u00e9 n\u00e9gatif\n                <\/span>\n                <span class=\"ApiTile-hiking--value ApiTileDefault-hiking--value\">\n                    360m\n                <\/span>\n            <\/li>\n                                                                    <\/ul>\n\n                                <\/div>\n    <\/a>\n<\/li>\n\n                                            <!-- Generer le: 2026-04-27 08:01:10 -->\n<!-- Blog: L&amp;#039;Izoard - 4 -->\n<li class=\"ApiTile ApiTileDefault __altimax_listing_item  \"\n    data-roadbook-item=\"2801776\"\n    data-apidae=\"2801776\"\n    data-event-category=\"Apidae affichage\"\n    data-event-action=\"vue teaser\"\n    data-event-label=\"2801776 : Lac de l&#039;Orceyrette\">\n    <a href=\"https:\/\/www.hautesvallees.com\/lizoard\/equipement\/lac-de-lorceyrette-villar-saint-pancrace\" class=\"ApiTile-link ApiTileDefault-link\" title=\"Lac de l&#039;Orceyrette\">\n            <span class=\"ApiTile-location ApiTileDefault-location\">\n        Villar-Saint-Pancrace\n    <\/span>\n\n            <button class=\"__gtm_track_click __altimax_favory ApiTile-fav ApiTileDefault-fav Favourite\"\n            data-apidae=\"2801776\"\n            title=\"Ajoutez aux favoris\"\n            data-txtajouter=\"Ajoutez aux favoris\"\n            data-txtretirer=\"Retirez des favoris\"\n            data-event-category=\"Apidae fiche objet\"\n            data-event-action=\"ajout trip planner\"\n            data-event-label=\"2801776 : Lac de l&#039;Orceyrette\">\n        <img decoding=\"async\" class=\"Favourite-border svg\"\n             src=\"\/content\/themes\/theme_altimax\/dist\/img\/apidae\/system\/SYSTEM-FavOff-30px.svg\"\/>\n        <img decoding=\"async\" class=\"Favourite-full svg\"\n             src=\"\/content\/themes\/theme_altimax\/dist\/img\/apidae\/system\/SYSTEM-FavOn-30px.svg\"\/>\n    <\/button>\n\n            <picture class=\"ApiTile-picture ApiTileDefault-picture\">\n        <img decoding=\"async\" class=\"ApiTile-img ApiTileAgenda-img\" src=\"\/cache\/images\/32936185_apidae-tile.jpg\" alt=\"Lac de l&#039;Orceyrette\">\n    <\/picture>\n\n        <div class=\"ApiTile-content ApiTileDefault-content\">\n            \n            <div class=\"ApiTile-top ApiTileDefault-top\">\n                <span class=\"ApiTile-type ApiTileDefault-type\">\n    <\/span>                                            <\/div>\n\n            <h2 class=\"ApiTile-title ApiTileDefault-title\">Lac de l&#039;Orceyrette<\/h2>\n                                <ul class=\"ApiTile-hiking ApiTileDefault-hiking\">\n                                <li class=\"ApiTile-hiking--item ApiTileDefault-hiking--item\">\n                <span class=\"ApiTile-hiking--label ApiTileDefault-hiking--label\">\n                    Distance\n                <\/span>\n                <span class=\"ApiTile-hiking--value ApiTileDefault-hiking--value\">\n                    4.2km\n                <\/span>\n            <\/li>\n                                                <li class=\"ApiTile-hiking--item ApiTileDefault-hiking--item\">\n                <span class=\"ApiTile-hiking--label ApiTileDefault-hiking--label\">\n                    Dur\u00e9e journali\u00e8re\n                <\/span>\n                <span class=\"ApiTile-hiking--value ApiTileDefault-hiking--value\">\n                    01h45\n                <\/span>\n            <\/li>\n                                                <li class=\"ApiTile-hiking--item ApiTileDefault-hiking--item\">\n                <span class=\"ApiTile-hiking--label ApiTileDefault-hiking--label\">\n                    D\u00e9nivel\u00e9 positif\n                <\/span>\n                <span class=\"ApiTile-hiking--value ApiTileDefault-hiking--value\">\n                    100m\n                <\/span>\n            <\/li>\n                                                                            <\/ul>\n\n                                <\/div>\n    <\/a>\n<\/li>\n\n                                    <\/ul>\n            \n                        <div class=\"__apidae_map_listing ApiListingMap hidden\">\n    <div class=\"ApiTileMap-map\" data-options='{&quot;markers&quot;:[{&quot;latitude&quot;:44.879042,&quot;longitude&quot;:6.747492,&quot;index&quot;:5531680,&quot;content&quot;:null,&quot;icon&quot;:&quot;div&quot;,&quot;gpxs&quot;:[],&quot;gpxs_color&quot;:&quot;blue&quot;,&quot;size&quot;:[30,30],&quot;anchor&quot;:[15,15],&quot;class&quot;:null,&quot;icon_content&quot;:&quot;&lt;div class=\\&quot;ApiListing-marker ApiListing-marker--equipement\\&quot;&gt;&lt;\\\/div&gt;&quot;,&quot;hover_icon_content&quot;:&quot;&lt;div class=\\&quot;ApiListing-marker ApiListing-marker--equipement hover\\&quot;&gt;&lt;\\\/div&gt;&quot;,&quot;selected_icon_content&quot;:&quot;&lt;div class=\\&quot;ApiListing-marker ApiListing-marker--equipement selected\\&quot;&gt;&lt;\\\/div&gt;&quot;,&quot;hover_icon&quot;:&quot;div&quot;,&quot;hover_size&quot;:[32,32],&quot;hover_anchor&quot;:[16,16],&quot;popup_anchor&quot;:null,&quot;selected_icon&quot;:&quot;div&quot;,&quot;selected_size&quot;:[32,32],&quot;selected_anchor&quot;:[16,16]},{&quot;latitude&quot;:44.879,&quot;longitude&quot;:6.7476,&quot;index&quot;:5273250,&quot;content&quot;:null,&quot;icon&quot;:&quot;div&quot;,&quot;gpxs&quot;:[],&quot;gpxs_color&quot;:&quot;blue&quot;,&quot;size&quot;:[30,30],&quot;anchor&quot;:[15,15],&quot;class&quot;:null,&quot;icon_content&quot;:&quot;&lt;div class=\\&quot;ApiListing-marker ApiListing-marker--equipement\\&quot;&gt;&lt;\\\/div&gt;&quot;,&quot;hover_icon_content&quot;:&quot;&lt;div class=\\&quot;ApiListing-marker ApiListing-marker--equipement hover\\&quot;&gt;&lt;\\\/div&gt;&quot;,&quot;selected_icon_content&quot;:&quot;&lt;div class=\\&quot;ApiListing-marker ApiListing-marker--equipement selected\\&quot;&gt;&lt;\\\/div&gt;&quot;,&quot;hover_icon&quot;:&quot;div&quot;,&quot;hover_size&quot;:[32,32],&quot;hover_anchor&quot;:[16,16],&quot;popup_anchor&quot;:null,&quot;selected_icon&quot;:&quot;div&quot;,&quot;selected_size&quot;:[32,32],&quot;selected_anchor&quot;:[16,16]},{&quot;latitude&quot;:44.87136,&quot;longitude&quot;:6.630752,&quot;index&quot;:6217472,&quot;content&quot;:null,&quot;icon&quot;:&quot;div&quot;,&quot;gpxs&quot;:[],&quot;gpxs_color&quot;:&quot;blue&quot;,&quot;size&quot;:[30,30],&quot;anchor&quot;:[15,15],&quot;class&quot;:null,&quot;icon_content&quot;:&quot;&lt;div class=\\&quot;ApiListing-marker ApiListing-marker--equipement\\&quot;&gt;&lt;\\\/div&gt;&quot;,&quot;hover_icon_content&quot;:&quot;&lt;div class=\\&quot;ApiListing-marker ApiListing-marker--equipement hover\\&quot;&gt;&lt;\\\/div&gt;&quot;,&quot;selected_icon_content&quot;:&quot;&lt;div class=\\&quot;ApiListing-marker ApiListing-marker--equipement selected\\&quot;&gt;&lt;\\\/div&gt;&quot;,&quot;hover_icon&quot;:&quot;div&quot;,&quot;hover_size&quot;:[32,32],&quot;hover_anchor&quot;:[16,16],&quot;popup_anchor&quot;:null,&quot;selected_icon&quot;:&quot;div&quot;,&quot;selected_size&quot;:[32,32],&quot;selected_anchor&quot;:[16,16]},{&quot;latitude&quot;:44.85641,&quot;longitude&quot;:6.800413,&quot;index&quot;:5271174,&quot;content&quot;:null,&quot;icon&quot;:&quot;div&quot;,&quot;gpxs&quot;:[],&quot;gpxs_color&quot;:&quot;blue&quot;,&quot;size&quot;:[30,30],&quot;anchor&quot;:[15,15],&quot;class&quot;:null,&quot;icon_content&quot;:&quot;&lt;div class=\\&quot;ApiListing-marker ApiListing-marker--equipement\\&quot;&gt;&lt;\\\/div&gt;&quot;,&quot;hover_icon_content&quot;:&quot;&lt;div class=\\&quot;ApiListing-marker ApiListing-marker--equipement hover\\&quot;&gt;&lt;\\\/div&gt;&quot;,&quot;selected_icon_content&quot;:&quot;&lt;div class=\\&quot;ApiListing-marker ApiListing-marker--equipement selected\\&quot;&gt;&lt;\\\/div&gt;&quot;,&quot;hover_icon&quot;:&quot;div&quot;,&quot;hover_size&quot;:[32,32],&quot;hover_anchor&quot;:[16,16],&quot;popup_anchor&quot;:null,&quot;selected_icon&quot;:&quot;div&quot;,&quot;selected_size&quot;:[32,32],&quot;selected_anchor&quot;:[16,16]},{&quot;latitude&quot;:44.878,&quot;longitude&quot;:6.7457,&quot;index&quot;:5271414,&quot;content&quot;:null,&quot;icon&quot;:&quot;div&quot;,&quot;gpxs&quot;:[],&quot;gpxs_color&quot;:&quot;blue&quot;,&quot;size&quot;:[30,30],&quot;anchor&quot;:[15,15],&quot;class&quot;:null,&quot;icon_content&quot;:&quot;&lt;div class=\\&quot;ApiListing-marker ApiListing-marker--equipement\\&quot;&gt;&lt;\\\/div&gt;&quot;,&quot;hover_icon_content&quot;:&quot;&lt;div class=\\&quot;ApiListing-marker ApiListing-marker--equipement hover\\&quot;&gt;&lt;\\\/div&gt;&quot;,&quot;selected_icon_content&quot;:&quot;&lt;div class=\\&quot;ApiListing-marker ApiListing-marker--equipement selected\\&quot;&gt;&lt;\\\/div&gt;&quot;,&quot;hover_icon&quot;:&quot;div&quot;,&quot;hover_size&quot;:[32,32],&quot;hover_anchor&quot;:[16,16],&quot;popup_anchor&quot;:null,&quot;selected_icon&quot;:&quot;div&quot;,&quot;selected_size&quot;:[32,32],&quot;selected_anchor&quot;:[16,16]},{&quot;latitude&quot;:44.832423,&quot;longitude&quot;:6.654644,&quot;index&quot;:2801776,&quot;content&quot;:null,&quot;icon&quot;:&quot;div&quot;,&quot;gpxs&quot;:[],&quot;gpxs_color&quot;:&quot;blue&quot;,&quot;size&quot;:[30,30],&quot;anchor&quot;:[15,15],&quot;class&quot;:null,&quot;icon_content&quot;:&quot;&lt;div class=\\&quot;ApiListing-marker ApiListing-marker--equipement\\&quot;&gt;&lt;\\\/div&gt;&quot;,&quot;hover_icon_content&quot;:&quot;&lt;div class=\\&quot;ApiListing-marker ApiListing-marker--equipement hover\\&quot;&gt;&lt;\\\/div&gt;&quot;,&quot;selected_icon_content&quot;:&quot;&lt;div class=\\&quot;ApiListing-marker ApiListing-marker--equipement selected\\&quot;&gt;&lt;\\\/div&gt;&quot;,&quot;hover_icon&quot;:&quot;div&quot;,&quot;hover_size&quot;:[32,32],&quot;hover_anchor&quot;:[16,16],&quot;popup_anchor&quot;:null,&quot;selected_icon&quot;:&quot;div&quot;,&quot;selected_size&quot;:[32,32],&quot;selected_anchor&quot;:[16,16]}],&quot;default_icon&quot;:{&quot;url&quot;:&quot;https:\\\/\\\/www.hautesvallees.com\\\/content\\\/uploads\\\/sites\\\/4\\\/2025\\\/06\\\/PIN-Global-18px.svg&quot;,&quot;size&quot;:[30,40],&quot;anchor&quot;:[15,40]},&quot;useHoverMarker&quot;:true,&quot;useHoverMarkerPopup&quot;:false,&quot;gpxs&quot;:[],&quot;kmls&quot;:[],&quot;useGpx&quot;:false,&quot;useKml&quot;:false,&quot;useElevation&quot;:false,&quot;useHoverGpx&quot;:false,&quot;center&quot;:[45.891312226484,6.077075095539],&quot;zoom&quot;:15,&quot;isGoogle&quot;:false,&quot;layer&quot;:&quot;http:\\\/\\\/a.tile.openstreetmap.org\\\/{z}\\\/{x}\\\/{y}.png&quot;,&quot;attribution&quot;:&quot;\\u00a9 &lt;a href=\\&quot;http:\\\/\\\/www.openstreetmap.org\\\/copyright\\&quot;&gt;OpenStreetMap&lt;\\\/a&gt; contributors \\u00a9 &lt;a href=\\&quot;http:\\\/\\\/carto.com\\\/attributions\\&quot;&gt;CARTO&lt;\\\/a&gt;&quot;,&quot;disablePopup&quot;:false,&quot;useCluster&quot;:true,&quot;useActiveArea&quot;:true,&quot;leafletOptions&quot;:{&quot;scrollWheelZoom&quot;:false,&quot;zoomControl&quot;:true,&quot;mapTypeControl&quot;:false,&quot;scaleControl&quot;:false,&quot;streetViewControl&quot;:false,&quot;rotateControl&quot;:false,&quot;keyboardShortcuts&quot;:false,&quot;draggable&quot;:true}}' style=\"width: 100%;height: 100%;\"><\/div>\n    <div class=\"ApiListingMap-list __apidae_map_listing_tiles\">\n                                                                                    \n<div class=\"ApiTile ApiTileMap __apidae_map_tile __apidae_map_tile_5531680 \" data-apidae=\"5531680\">\n    <button class=\"ApiTile-target ApiTileMap-target __apidae_tile_target\" data-apidae=\"5531680\">\n    <img decoding=\"async\" class=\"ApiTile-target--svg ApiTileMap-target--svg svg\"\n         src=\"\/content\/themes\/theme_altimax\/dist\/img\/apidae\/system\/SYSTEM-Target-30px.svg\"\/>\n<\/button>    <a class=\"ApiTile-link ApiTileMap-link\" href=\"https:\/\/www.hautesvallees.com\/lizoard\/equipement\/lac-noir-du-chenaillet-cervieres\/\" title=\"Lac noir du Chenaillet\" target=\"_blank\">\n            <span class=\"ApiTile-location ApiTileMap-location\">\n        Cervi\u00e8res\n    <\/span>\n\n            <picture class=\"ApiTile-picture ApiTileMap-picture\">\n        <img decoding=\"async\" class=\"ApiTile-img ApiTileAgenda-img\" src=\"\/cache\/images\/38159106_apidae-tile.jpg\" alt=\"Lac noir du Chenaillet\">\n    <\/picture>\n\n        <div class=\"ApiTile-col ApiTileMap-col\">\n            <div class=\"ApiTile-content ApiTileMap-content\">\n                <div class=\"ApiTile-top ApiTileMap-top\">\n                    <div class=\"ApiTile-row ApiTileMap-row\">\n                        <span class=\"ApiTile-type ApiTileMap-type\">\n    <\/span>\n                        \n                                            <\/div>\n                    <h2 class=\"ApiTile-title ApiTileMap-title\">Lac noir du Chenaillet<\/h2>\n                        <button class=\"__gtm_track_click __altimax_favory ApiTile-fav ApiTileMap-fav Favourite\"\n            data-apidae=\"5531680\"\n            title=\"Ajoutez aux favoris\"\n            data-txtajouter=\"Ajoutez aux favoris\"\n            data-txtretirer=\"Retirez des favoris\"\n            data-event-category=\"Apidae fiche objet\"\n            data-event-action=\"ajout trip planner\"\n            data-event-label=\"5531680 : Lac noir du Chenaillet\">\n        <img decoding=\"async\" class=\"Favourite-border svg\"\n             src=\"\/content\/themes\/theme_altimax\/dist\/img\/apidae\/system\/SYSTEM-FavOff-30px.svg\"\/>\n        <img decoding=\"async\" class=\"Favourite-full svg\"\n             src=\"\/content\/themes\/theme_altimax\/dist\/img\/apidae\/system\/SYSTEM-FavOn-30px.svg\"\/>\n    <\/button>\n                <\/div>\n                \n                        <ul class=\"ApiTile-hiking ApiTileMap-hiking\">\n                                <li class=\"ApiTile-hiking--item ApiTileMap-hiking--item\">\n                <span class=\"ApiTile-hiking--label ApiTileMap-hiking--label\">\n                    Distance\n                <\/span>\n                <span class=\"ApiTile-hiking--value ApiTileMap-hiking--value\">\n                    4.6km\n                <\/span>\n            <\/li>\n                                                <li class=\"ApiTile-hiking--item ApiTileMap-hiking--item\">\n                <span class=\"ApiTile-hiking--label ApiTileMap-hiking--label\">\n                    Dur\u00e9e journali\u00e8re\n                <\/span>\n                <span class=\"ApiTile-hiking--value ApiTileMap-hiking--value\">\n                    03h00\n                <\/span>\n            <\/li>\n                                                <li class=\"ApiTile-hiking--item ApiTileMap-hiking--item\">\n                <span class=\"ApiTile-hiking--label ApiTileMap-hiking--label\">\n                    D\u00e9nivel\u00e9 positif\n                <\/span>\n                <span class=\"ApiTile-hiking--value ApiTileMap-hiking--value\">\n                    350m\n                <\/span>\n            <\/li>\n                                                                            <\/ul>\n\n                                            <\/div>\n                    <\/div>\n    <\/a>\n<\/div>\n\n                    \n<div class=\"ApiTile ApiTileMap __apidae_map_tile __apidae_map_tile_5273250 \" data-apidae=\"5273250\">\n    <button class=\"ApiTile-target ApiTileMap-target __apidae_tile_target\" data-apidae=\"5273250\">\n    <img decoding=\"async\" class=\"ApiTile-target--svg ApiTileMap-target--svg svg\"\n         src=\"\/content\/themes\/theme_altimax\/dist\/img\/apidae\/system\/SYSTEM-Target-30px.svg\"\/>\n<\/button>    <a class=\"ApiTile-link ApiTileMap-link\" href=\"https:\/\/www.hautesvallees.com\/lizoard\/equipement\/lac-gignoux-cervieres\/\" title=\"Lac gignoux\" target=\"_blank\">\n            <span class=\"ApiTile-location ApiTileMap-location\">\n        Cervi\u00e8res\n    <\/span>\n\n            <picture class=\"ApiTile-picture ApiTileMap-picture\">\n        <img decoding=\"async\" class=\"ApiTile-img ApiTileAgenda-img\" src=\"\/cache\/images\/32936094_apidae-tile.jpg\" alt=\"Lac gignoux\">\n    <\/picture>\n\n        <div class=\"ApiTile-col ApiTileMap-col\">\n            <div class=\"ApiTile-content ApiTileMap-content\">\n                <div class=\"ApiTile-top ApiTileMap-top\">\n                    <div class=\"ApiTile-row ApiTileMap-row\">\n                        <span class=\"ApiTile-type ApiTileMap-type\">\n    <\/span>\n                        \n                                            <\/div>\n                    <h2 class=\"ApiTile-title ApiTileMap-title\">Lac gignoux<\/h2>\n                        <button class=\"__gtm_track_click __altimax_favory ApiTile-fav ApiTileMap-fav Favourite\"\n            data-apidae=\"5273250\"\n            title=\"Ajoutez aux favoris\"\n            data-txtajouter=\"Ajoutez aux favoris\"\n            data-txtretirer=\"Retirez des favoris\"\n            data-event-category=\"Apidae fiche objet\"\n            data-event-action=\"ajout trip planner\"\n            data-event-label=\"5273250 : Lac gignoux\">\n        <img decoding=\"async\" class=\"Favourite-border svg\"\n             src=\"\/content\/themes\/theme_altimax\/dist\/img\/apidae\/system\/SYSTEM-FavOff-30px.svg\"\/>\n        <img decoding=\"async\" class=\"Favourite-full svg\"\n             src=\"\/content\/themes\/theme_altimax\/dist\/img\/apidae\/system\/SYSTEM-FavOn-30px.svg\"\/>\n    <\/button>\n                <\/div>\n                \n                        <ul class=\"ApiTile-hiking ApiTileMap-hiking\">\n                                <li class=\"ApiTile-hiking--item ApiTileMap-hiking--item\">\n                <span class=\"ApiTile-hiking--label ApiTileMap-hiking--label\">\n                    Distance\n                <\/span>\n                <span class=\"ApiTile-hiking--value ApiTileMap-hiking--value\">\n                    7.7km\n                <\/span>\n            <\/li>\n                                                <li class=\"ApiTile-hiking--item ApiTileMap-hiking--item\">\n                <span class=\"ApiTile-hiking--label ApiTileMap-hiking--label\">\n                    Dur\u00e9e journali\u00e8re\n                <\/span>\n                <span class=\"ApiTile-hiking--value ApiTileMap-hiking--value\">\n                    04h00\n                <\/span>\n            <\/li>\n                                                <li class=\"ApiTile-hiking--item ApiTileMap-hiking--item\">\n                <span class=\"ApiTile-hiking--label ApiTileMap-hiking--label\">\n                    D\u00e9nivel\u00e9 positif\n                <\/span>\n                <span class=\"ApiTile-hiking--value ApiTileMap-hiking--value\">\n                    470m\n                <\/span>\n            <\/li>\n                                        <li class=\"ApiTile-hiking--item ApiTileMap-hiking--item\">\n                <span class=\"ApiTile-hiking--label ApiTileMap-hiking--label\">\n                    D\u00e9nivel\u00e9 n\u00e9gatif\n                <\/span>\n                <span class=\"ApiTile-hiking--value ApiTileMap-hiking--value\">\n                    470m\n                <\/span>\n            <\/li>\n                                                                    <\/ul>\n\n                                            <\/div>\n                    <\/div>\n    <\/a>\n<\/div>\n\n                    \n<div class=\"ApiTile ApiTileMap __apidae_map_tile __apidae_map_tile_6217472 \" data-apidae=\"6217472\">\n    <button class=\"ApiTile-target ApiTileMap-target __apidae_tile_target\" data-apidae=\"6217472\">\n    <img decoding=\"async\" class=\"ApiTile-target--svg ApiTileMap-target--svg svg\"\n         src=\"\/content\/themes\/theme_altimax\/dist\/img\/apidae\/system\/SYSTEM-Target-30px.svg\"\/>\n<\/button>    <a class=\"ApiTile-link ApiTileMap-link\" href=\"https:\/\/www.hautesvallees.com\/lizoard\/equipement\/lac-de-lorceyrette-depuis-le-centre-montagne-villar-saint-pancrace\/\" title=\"Lac de l&#039;Orceyrette depuis le Centre Montagne\" target=\"_blank\">\n            <span class=\"ApiTile-location ApiTileMap-location\">\n        Villar-Saint-Pancrace\n    <\/span>\n\n            <picture class=\"ApiTile-picture ApiTileMap-picture\">\n        <img decoding=\"async\" class=\"ApiTile-img ApiTileAgenda-img\" src=\"\/cache\/images\/38158879_apidae-tile.jpg\" alt=\"Lac de l&#039;Orceyrette depuis le Centre Montagne\">\n    <\/picture>\n\n        <div class=\"ApiTile-col ApiTileMap-col\">\n            <div class=\"ApiTile-content ApiTileMap-content\">\n                <div class=\"ApiTile-top ApiTileMap-top\">\n                    <div class=\"ApiTile-row ApiTileMap-row\">\n                        <span class=\"ApiTile-type ApiTileMap-type\">\n    <\/span>\n                        \n                                            <\/div>\n                    <h2 class=\"ApiTile-title ApiTileMap-title\">Lac de l&#039;Orceyrette depuis le Centre&#8230;<\/h2>\n                        <button class=\"__gtm_track_click __altimax_favory ApiTile-fav ApiTileMap-fav Favourite\"\n            data-apidae=\"6217472\"\n            title=\"Ajoutez aux favoris\"\n            data-txtajouter=\"Ajoutez aux favoris\"\n            data-txtretirer=\"Retirez des favoris\"\n            data-event-category=\"Apidae fiche objet\"\n            data-event-action=\"ajout trip planner\"\n            data-event-label=\"6217472 : Lac de l&#039;Orceyrette depuis le Centre Montagne\">\n        <img decoding=\"async\" class=\"Favourite-border svg\"\n             src=\"\/content\/themes\/theme_altimax\/dist\/img\/apidae\/system\/SYSTEM-FavOff-30px.svg\"\/>\n        <img decoding=\"async\" class=\"Favourite-full svg\"\n             src=\"\/content\/themes\/theme_altimax\/dist\/img\/apidae\/system\/SYSTEM-FavOn-30px.svg\"\/>\n    <\/button>\n                <\/div>\n                \n                        <ul class=\"ApiTile-hiking ApiTileMap-hiking\">\n                                <li class=\"ApiTile-hiking--item ApiTileMap-hiking--item\">\n                <span class=\"ApiTile-hiking--label ApiTileMap-hiking--label\">\n                    Distance\n                <\/span>\n                <span class=\"ApiTile-hiking--value ApiTileMap-hiking--value\">\n                    15.4km\n                <\/span>\n            <\/li>\n                                                <li class=\"ApiTile-hiking--item ApiTileMap-hiking--item\">\n                <span class=\"ApiTile-hiking--label ApiTileMap-hiking--label\">\n                    Dur\u00e9e journali\u00e8re\n                <\/span>\n                <span class=\"ApiTile-hiking--value ApiTileMap-hiking--value\">\n                    04h00\n                <\/span>\n            <\/li>\n                                                <li class=\"ApiTile-hiking--item ApiTileMap-hiking--item\">\n                <span class=\"ApiTile-hiking--label ApiTileMap-hiking--label\">\n                    D\u00e9nivel\u00e9 positif\n                <\/span>\n                <span class=\"ApiTile-hiking--value ApiTileMap-hiking--value\">\n                    640m\n                <\/span>\n            <\/li>\n                                                                            <\/ul>\n\n                                            <\/div>\n                    <\/div>\n    <\/a>\n<\/div>\n\n                    \n<div class=\"ApiTile ApiTileMap __apidae_map_tile __apidae_map_tile_5271174 \" data-apidae=\"5271174\">\n    <button class=\"ApiTile-target ApiTileMap-target __apidae_tile_target\" data-apidae=\"5271174\">\n    <img decoding=\"async\" class=\"ApiTile-target--svg ApiTileMap-target--svg svg\"\n         src=\"\/content\/themes\/theme_altimax\/dist\/img\/apidae\/system\/SYSTEM-Target-30px.svg\"\/>\n<\/button>    <a class=\"ApiTile-link ApiTileMap-link\" href=\"https:\/\/www.hautesvallees.com\/lizoard\/equipement\/le-lac-des-cordes-depuis-les-chalps-cervieres\/\" title=\"Le lac des Cordes depuis les Chalps\" target=\"_blank\">\n            <span class=\"ApiTile-location ApiTileMap-location\">\n        Cervi\u00e8res\n    <\/span>\n\n            <picture class=\"ApiTile-picture ApiTileMap-picture\">\n        <img decoding=\"async\" class=\"ApiTile-img ApiTileAgenda-img\" src=\"\/cache\/images\/26019761_apidae-tile.jpg\" alt=\"Le lac des Cordes depuis les Chalps\">\n    <\/picture>\n\n        <div class=\"ApiTile-col ApiTileMap-col\">\n            <div class=\"ApiTile-content ApiTileMap-content\">\n                <div class=\"ApiTile-top ApiTileMap-top\">\n                    <div class=\"ApiTile-row ApiTileMap-row\">\n                        <span class=\"ApiTile-type ApiTileMap-type\">\n    <\/span>\n                        \n                                            <\/div>\n                    <h2 class=\"ApiTile-title ApiTileMap-title\">Le lac des Cordes depuis les Chalps<\/h2>\n                        <button class=\"__gtm_track_click __altimax_favory ApiTile-fav ApiTileMap-fav Favourite\"\n            data-apidae=\"5271174\"\n            title=\"Ajoutez aux favoris\"\n            data-txtajouter=\"Ajoutez aux favoris\"\n            data-txtretirer=\"Retirez des favoris\"\n            data-event-category=\"Apidae fiche objet\"\n            data-event-action=\"ajout trip planner\"\n            data-event-label=\"5271174 : Le lac des Cordes depuis les Chalps\">\n        <img decoding=\"async\" class=\"Favourite-border svg\"\n             src=\"\/content\/themes\/theme_altimax\/dist\/img\/apidae\/system\/SYSTEM-FavOff-30px.svg\"\/>\n        <img decoding=\"async\" class=\"Favourite-full svg\"\n             src=\"\/content\/themes\/theme_altimax\/dist\/img\/apidae\/system\/SYSTEM-FavOn-30px.svg\"\/>\n    <\/button>\n                <\/div>\n                \n                        <ul class=\"ApiTile-hiking ApiTileMap-hiking\">\n                                <li class=\"ApiTile-hiking--item ApiTileMap-hiking--item\">\n                <span class=\"ApiTile-hiking--label ApiTileMap-hiking--label\">\n                    Distance\n                <\/span>\n                <span class=\"ApiTile-hiking--value ApiTileMap-hiking--value\">\n                    4.8km\n                <\/span>\n            <\/li>\n                                                <li class=\"ApiTile-hiking--item ApiTileMap-hiking--item\">\n                <span class=\"ApiTile-hiking--label ApiTileMap-hiking--label\">\n                    Dur\u00e9e journali\u00e8re\n                <\/span>\n                <span class=\"ApiTile-hiking--value ApiTileMap-hiking--value\">\n                    04h00\n                <\/span>\n            <\/li>\n                                                <li class=\"ApiTile-hiking--item ApiTileMap-hiking--item\">\n                <span class=\"ApiTile-hiking--label ApiTileMap-hiking--label\">\n                    D\u00e9nivel\u00e9 positif\n                <\/span>\n                <span class=\"ApiTile-hiking--value ApiTileMap-hiking--value\">\n                    548m\n                <\/span>\n            <\/li>\n                                                                            <\/ul>\n\n                                            <\/div>\n                    <\/div>\n    <\/a>\n<\/div>\n\n                    \n<div class=\"ApiTile ApiTileMap __apidae_map_tile __apidae_map_tile_5271414 \" data-apidae=\"5271414\">\n    <button class=\"ApiTile-target ApiTileMap-target __apidae_tile_target\" data-apidae=\"5271414\">\n    <img decoding=\"async\" class=\"ApiTile-target--svg ApiTileMap-target--svg svg\"\n         src=\"\/content\/themes\/theme_altimax\/dist\/img\/apidae\/system\/SYSTEM-Target-30px.svg\"\/>\n<\/button>    <a class=\"ApiTile-link ApiTileMap-link\" href=\"https:\/\/www.hautesvallees.com\/lizoard\/equipement\/lac-des-sarailles-cervieres\/\" title=\"Lac des Sarailles\" target=\"_blank\">\n            <span class=\"ApiTile-location ApiTileMap-location\">\n        Cervi\u00e8res\n    <\/span>\n\n            <picture class=\"ApiTile-picture ApiTileMap-picture\">\n        <img decoding=\"async\" class=\"ApiTile-img ApiTileAgenda-img\" src=\"\/cache\/images\/32936263_apidae-tile.jpg\" alt=\"Lac des Sarailles\">\n    <\/picture>\n\n        <div class=\"ApiTile-col ApiTileMap-col\">\n            <div class=\"ApiTile-content ApiTileMap-content\">\n                <div class=\"ApiTile-top ApiTileMap-top\">\n                    <div class=\"ApiTile-row ApiTileMap-row\">\n                        <span class=\"ApiTile-type ApiTileMap-type\">\n    <\/span>\n                        \n                                            <\/div>\n                    <h2 class=\"ApiTile-title ApiTileMap-title\">Lac des Sarailles<\/h2>\n                        <button class=\"__gtm_track_click __altimax_favory ApiTile-fav ApiTileMap-fav Favourite\"\n            data-apidae=\"5271414\"\n            title=\"Ajoutez aux favoris\"\n            data-txtajouter=\"Ajoutez aux favoris\"\n            data-txtretirer=\"Retirez des favoris\"\n            data-event-category=\"Apidae fiche objet\"\n            data-event-action=\"ajout trip planner\"\n            data-event-label=\"5271414 : Lac des Sarailles\">\n        <img decoding=\"async\" class=\"Favourite-border svg\"\n             src=\"\/content\/themes\/theme_altimax\/dist\/img\/apidae\/system\/SYSTEM-FavOff-30px.svg\"\/>\n        <img decoding=\"async\" class=\"Favourite-full svg\"\n             src=\"\/content\/themes\/theme_altimax\/dist\/img\/apidae\/system\/SYSTEM-FavOn-30px.svg\"\/>\n    <\/button>\n                <\/div>\n                \n                        <ul class=\"ApiTile-hiking ApiTileMap-hiking\">\n                                <li class=\"ApiTile-hiking--item ApiTileMap-hiking--item\">\n                <span class=\"ApiTile-hiking--label ApiTileMap-hiking--label\">\n                    Distance\n                <\/span>\n                <span class=\"ApiTile-hiking--value ApiTileMap-hiking--value\">\n                    4.8km\n                <\/span>\n            <\/li>\n                                                <li class=\"ApiTile-hiking--item ApiTileMap-hiking--item\">\n                <span class=\"ApiTile-hiking--label ApiTileMap-hiking--label\">\n                    Dur\u00e9e journali\u00e8re\n                <\/span>\n                <span class=\"ApiTile-hiking--value ApiTileMap-hiking--value\">\n                    03h30\n                <\/span>\n            <\/li>\n                                                <li class=\"ApiTile-hiking--item ApiTileMap-hiking--item\">\n                <span class=\"ApiTile-hiking--label ApiTileMap-hiking--label\">\n                    D\u00e9nivel\u00e9 positif\n                <\/span>\n                <span class=\"ApiTile-hiking--value ApiTileMap-hiking--value\">\n                    360m\n                <\/span>\n            <\/li>\n                                        <li class=\"ApiTile-hiking--item ApiTileMap-hiking--item\">\n                <span class=\"ApiTile-hiking--label ApiTileMap-hiking--label\">\n                    D\u00e9nivel\u00e9 n\u00e9gatif\n                <\/span>\n                <span class=\"ApiTile-hiking--value ApiTileMap-hiking--value\">\n                    360m\n                <\/span>\n            <\/li>\n                                                                    <\/ul>\n\n                                            <\/div>\n                    <\/div>\n    <\/a>\n<\/div>\n\n                    \n<div class=\"ApiTile ApiTileMap __apidae_map_tile __apidae_map_tile_2801776 \" data-apidae=\"2801776\">\n    <button class=\"ApiTile-target ApiTileMap-target __apidae_tile_target\" data-apidae=\"2801776\">\n    <img decoding=\"async\" class=\"ApiTile-target--svg ApiTileMap-target--svg svg\"\n         src=\"\/content\/themes\/theme_altimax\/dist\/img\/apidae\/system\/SYSTEM-Target-30px.svg\"\/>\n<\/button>    <a class=\"ApiTile-link ApiTileMap-link\" href=\"https:\/\/www.hautesvallees.com\/lizoard\/equipement\/lac-de-lorceyrette-villar-saint-pancrace\/\" title=\"Lac de l&#039;Orceyrette\" target=\"_blank\">\n            <span class=\"ApiTile-location ApiTileMap-location\">\n        Villar-Saint-Pancrace\n    <\/span>\n\n            <picture class=\"ApiTile-picture ApiTileMap-picture\">\n        <img decoding=\"async\" class=\"ApiTile-img ApiTileAgenda-img\" src=\"\/cache\/images\/32936185_apidae-tile.jpg\" alt=\"Lac de l&#039;Orceyrette\">\n    <\/picture>\n\n        <div class=\"ApiTile-col ApiTileMap-col\">\n            <div class=\"ApiTile-content ApiTileMap-content\">\n                <div class=\"ApiTile-top ApiTileMap-top\">\n                    <div class=\"ApiTile-row ApiTileMap-row\">\n                        <span class=\"ApiTile-type ApiTileMap-type\">\n    <\/span>\n                        \n                                            <\/div>\n                    <h2 class=\"ApiTile-title ApiTileMap-title\">Lac de l&#039;Orceyrette<\/h2>\n                        <button class=\"__gtm_track_click __altimax_favory ApiTile-fav ApiTileMap-fav Favourite\"\n            data-apidae=\"2801776\"\n            title=\"Ajoutez aux favoris\"\n            data-txtajouter=\"Ajoutez aux favoris\"\n            data-txtretirer=\"Retirez des favoris\"\n            data-event-category=\"Apidae fiche objet\"\n            data-event-action=\"ajout trip planner\"\n            data-event-label=\"2801776 : Lac de l&#039;Orceyrette\">\n        <img decoding=\"async\" class=\"Favourite-border svg\"\n             src=\"\/content\/themes\/theme_altimax\/dist\/img\/apidae\/system\/SYSTEM-FavOff-30px.svg\"\/>\n        <img decoding=\"async\" class=\"Favourite-full svg\"\n             src=\"\/content\/themes\/theme_altimax\/dist\/img\/apidae\/system\/SYSTEM-FavOn-30px.svg\"\/>\n    <\/button>\n                <\/div>\n                \n                        <ul class=\"ApiTile-hiking ApiTileMap-hiking\">\n                                <li class=\"ApiTile-hiking--item ApiTileMap-hiking--item\">\n                <span class=\"ApiTile-hiking--label ApiTileMap-hiking--label\">\n                    Distance\n                <\/span>\n                <span class=\"ApiTile-hiking--value ApiTileMap-hiking--value\">\n                    4.2km\n                <\/span>\n            <\/li>\n                                                <li class=\"ApiTile-hiking--item ApiTileMap-hiking--item\">\n                <span class=\"ApiTile-hiking--label ApiTileMap-hiking--label\">\n                    Dur\u00e9e journali\u00e8re\n                <\/span>\n                <span class=\"ApiTile-hiking--value ApiTileMap-hiking--value\">\n                    01h45\n                <\/span>\n            <\/li>\n                                                <li class=\"ApiTile-hiking--item ApiTileMap-hiking--item\">\n                <span class=\"ApiTile-hiking--label ApiTileMap-hiking--label\">\n                    D\u00e9nivel\u00e9 positif\n                <\/span>\n                <span class=\"ApiTile-hiking--value ApiTileMap-hiking--value\">\n                    100m\n                <\/span>\n            <\/li>\n                                                                            <\/ul>\n\n                                            <\/div>\n                    <\/div>\n    <\/a>\n<\/div>\n\n                    <\/div>\n<\/div>\n        <\/div>\n                    <ul class=\"Paginator __altimax_listing_paginator\">\n                    <li class=\"Paginator-page __altimax_listing_load active\"\n        data-index=\"1\" >\n        <span>1<\/span>\n    <\/li>\n\n            <\/ul>\n            <\/div>\n<\/div>","protected":false},"excerpt":{"rendered":"","protected":false},"author":5,"featured_media":2141,"parent":390,"menu_order":1,"comment_status":"closed","ping_status":"closed","template":"","meta":{"_acf_changed":false,"footnotes":""},"class_list":["post-405","page","type-page","status-publish","has-post-thumbnail","hentry"],"acf":[],"_links":{"self":[{"href":"https:\/\/www.hautesvallees.com\/lizoard\/wp-json\/wp\/v2\/pages\/405","targetHints":{"allow":["GET"]}}],"collection":[{"href":"https:\/\/www.hautesvallees.com\/lizoard\/wp-json\/wp\/v2\/pages"}],"about":[{"href":"https:\/\/www.hautesvallees.com\/lizoard\/wp-json\/wp\/v2\/types\/page"}],"author":[{"embeddable":true,"href":"https:\/\/www.hautesvallees.com\/lizoard\/wp-json\/wp\/v2\/users\/5"}],"replies":[{"embeddable":true,"href":"https:\/\/www.hautesvallees.com\/lizoard\/wp-json\/wp\/v2\/comments?post=405"}],"version-history":[{"count":8,"href":"https:\/\/www.hautesvallees.com\/lizoard\/wp-json\/wp\/v2\/pages\/405\/revisions"}],"predecessor-version":[{"id":13706,"href":"https:\/\/www.hautesvallees.com\/lizoard\/wp-json\/wp\/v2\/pages\/405\/revisions\/13706"}],"up":[{"embeddable":true,"href":"https:\/\/www.hautesvallees.com\/lizoard\/wp-json\/wp\/v2\/pages\/390"}],"wp:featuredmedia":[{"embeddable":true,"href":"https:\/\/www.hautesvallees.com\/lizoard\/wp-json\/wp\/v2\/media\/2141"}],"wp:attachment":[{"href":"https:\/\/www.hautesvallees.com\/lizoard\/wp-json\/wp\/v2\/media?parent=405"}],"curies":[{"name":"wp","href":"https:\/\/api.w.org\/{rel}","templated":true}]}}