{"id":390,"date":"2025-01-16T17:33:09","date_gmt":"2025-01-16T16:33:09","guid":{"rendered":"https:\/\/www.hautesvallees.com\/lizoard\/?page_id=390"},"modified":"2025-06-18T11:26:59","modified_gmt":"2025-06-18T09:26:59","slug":"balades-et-randonnees","status":"publish","type":"page","link":"https:\/\/www.hautesvallees.com\/lizoard\/que-faire\/en-ete\/balades-et-randonnees\/","title":{"rendered":"Balades et randonn\u00e9es autour de l&rsquo;Izoard"},"content":{"rendered":"<div class=\"GutText  GutContainer\">\n        <div class=\"GutText-inner\">\n            <div class=\"GutTitle Center\">\n                    <h2 class=\"GutTitle-title\">\n                                    <span class=\"GutTitle-surtitle\">Territoire sauvage<\/span>\n                                                        et authentique\n                            <\/h2>\n                    <\/div>\n                            <div class=\"GutText-intro Center\">Explorateurs chevronn\u00e9s et randonneurs d\u00e9butants, \u00e0 vos chaussures, la montagne vous attend. La libert\u00e9 est au bout des pieds.<\/div>\n                                        <div class=\"GutText-wysiwyg Content\">\n                    <p class=\"txt-bleu text-justify\" style=\"text-align: center;\">Printemps, \u00e9t\u00e9 ou automne, la randonn\u00e9e est une activit\u00e9 qui s\u2019adapte aux saisons. A petits pas ou \u00e0 grandes enjamb\u00e9es, l\u2019Izoard est un lieu propice \u00e0 la randonn\u00e9e. C\u2019est un territoire sauvage et authentique qui se laisse d\u00e9couvrir \u00e0 pied. Sentiers th\u00e9matiques, lacs, sommets, <a href=\"https:\/\/www.hautesvallees.com\/lizoard\/que-faire\/sites-geologiques\/\">montagnes d\u2019int\u00e9r\u00eat g\u00e9ologique<\/a> ou for\u00eats \u00e0 la biodiversit\u00e9 riche, laissez-nous vous guider.<\/p>\n<p style=\"text-align: center;\"><a class=\"Button-primary\" href=\"https:\/\/app.avizi.fr\/fichiers\/get\/664c97b7c66c3\" target=\"_blank\" rel=\"noopener\">T\u00e9l\u00e9chargez nos id\u00e9es de randonn\u00e9es<\/a><\/p>\n<p>&nbsp;<\/p>\n\n                <\/div>\n                    <\/div>\n    <\/div>\n\n\n<div class=\"Activities\">\n            <div class=\"Activities-container\">\n                <div class=\"Activities-content\">\n                                                            <div class=\"Activities-content--taglist\">\n                                                    <span class=\"Activities-content--tag __activitiesTag69f5f05d0802a\">T\u00e9l\u00e9charger les id\u00e9es de randonn\u00e9es<\/span>\n                                                    <span class=\"Activities-content--tag __activitiesTag69f5f05d0802a\">Les itin\u00e9raires de randonn\u00e9es de l&#039;Izoard<\/span>\n                                                    <span class=\"Activities-content--tag __activitiesTag69f5f05d0802a\">Partez accompagn\u00e9<\/span>\n                                                    <span class=\"Activities-content--tag __activitiesTag69f5f05d0802a\">Top 5 des lacs de l&#039;Izoard<\/span>\n                                                    <span class=\"Activities-content--tag __activitiesTag69f5f05d0802a\">Les sentiers th\u00e9matiques<\/span>\n                                                    <span class=\"Activities-content--tag __activitiesTag69f5f05d0802a\">Balades en famille<\/span>\n                                                    <span class=\"Activities-content--tag __activitiesTag69f5f05d0802a\">Les sommets de l&#039;Izoard<\/span>\n                                                    <span class=\"Activities-content--tag __activitiesTag69f5f05d0802a\">Chiens de protection<\/span>\n                                                    <span class=\"Activities-content--tag __activitiesTag69f5f05d0802a\">Code du randonneur responsable<\/span>\n                                                    <span class=\"Activities-content--tag __activitiesTag69f5f05d0802a\">O\u00f9 randonner avec mon chien ?<\/span>\n                                                    <span class=\"Activities-content--tag __activitiesTag69f5f05d0802a\">Les randonn\u00e9es autour de Brian\u00e7on<\/span>\n                                            <\/div>\n                                    <\/div>\n                <div class=\"Activities-swiper swiper __SwiperActivities\" data-sliderid=\"69f5f05d0802a\">\n                    <ul class=\"Activities-list swiper-wrapper\">\n                                                                                    <li class=\"NewsTile swiper-slide\">\n                                    <a class=\"NewsTile-link\" href=\"https:\/\/app.avizi.fr\/fichiers\/get\/664c97b7c66c3\" title=\"T\u00e9l\u00e9charger les id\u00e9es de randonn\u00e9es\" target=\"_blank\" rel=\"noopener\">\n                                        <picture class=\"NewsTile-picture\">\n                                            <img decoding=\"async\" class=\"NewsTile-img\" src=\"https:\/\/www.hautesvallees.com\/content\/uploads\/sites\/4\/2025\/02\/col-des-ourdeis-et-clot-la-cime-13-scaled-1-410x550.jpg\"\n                                                 alt=\"col des ourdeis et clot la cime-T. Blais\" loading=\"lazy\"\/>\n                                        <\/picture>\n                                                                                <h2 class=\"NewsTile-title\">T\u00e9l\u00e9charger les id\u00e9es de randonn\u00e9es<\/h2>\n                                                                                                                            <span class=\"NewsTile-link--read Link-primary\">\n                                                Voir les activit\u00e9s\n                                            <\/span>\n                                                                            <\/a>\n                                <\/li>\n                                                                                                                <li class=\"NewsTile swiper-slide\">\n                                    <a class=\"NewsTile-link\" href=\"https:\/\/www.hautesvallees.com\/lizoard\/que-faire\/en-ete\/balades-et-randonnees\/itineraires-de-randonnees\/\" title=\"Les itin\u00e9raires de randonn\u00e9es de l&#039;Izoard\">\n                                        <picture class=\"NewsTile-picture\">\n                                            <img decoding=\"async\" class=\"NewsTile-img\" src=\"https:\/\/www.hautesvallees.com\/content\/uploads\/sites\/4\/2025\/01\/F4BC8B3E-DA40-465B-A4AC-6C55BA96EB2F-1024x683-1-410x550.jpeg\"\n                                                 alt=\"randonn\u00e9e Izoard \u00a9Entre2p\u00f4les\" loading=\"lazy\"\/>\n                                        <\/picture>\n                                                                                <h2 class=\"NewsTile-title\">Les itin\u00e9raires de randonn\u00e9es de l&rsquo;Izoard<\/h2>\n                                                                                                                            <span class=\"NewsTile-link--read Link-primary\">\n                                                Voir les activit\u00e9s\n                                            <\/span>\n                                                                            <\/a>\n                                <\/li>\n                                                                                                                <li class=\"NewsTile swiper-slide\">\n                                    <a class=\"NewsTile-link\" href=\"https:\/\/www.hautesvallees.com\/lizoard\/que-faire\/en-ete\/balades-et-randonnees\/partez-accompagnes\/\" title=\"Partez accompagn\u00e9\">\n                                        <picture class=\"NewsTile-picture\">\n                                            <img decoding=\"async\" class=\"NewsTile-img\" src=\"https:\/\/www.hautesvallees.com\/content\/uploads\/sites\/4\/2025\/01\/Randonnee-lac-des-cordes-et-marmottes-7-scaled-1-410x550.jpg\"\n                                                 alt=\"Randonn\u00e9e lac des cordes et marmottes - Blais T.\" loading=\"lazy\"\/>\n                                        <\/picture>\n                                                                                <h2 class=\"NewsTile-title\">Partez accompagn\u00e9<\/h2>\n                                                                                                                            <span class=\"NewsTile-link--read Link-primary\">\n                                                Voir les activit\u00e9s\n                                            <\/span>\n                                                                            <\/a>\n                                <\/li>\n                                                                                                                <li class=\"NewsTile swiper-slide\">\n                                    <a class=\"NewsTile-link\" href=\"https:\/\/www.hautesvallees.com\/lizoard\/que-faire\/en-ete\/balades-et-randonnees\/top-5-des-lacs-en-izoard\/\" title=\"Top 5 des lacs de l&#039;Izoard\">\n                                        <picture class=\"NewsTile-picture\">\n                                            <img decoding=\"async\" class=\"NewsTile-img\" src=\"https:\/\/www.hautesvallees.com\/content\/uploads\/sites\/4\/2025\/02\/DES_0502-1-scaled-1-410x550.jpg\"\n                                                 alt=\"lac de l&#039;orceyrette automne Papa Aur\u00e9lien\" loading=\"lazy\"\/>\n                                        <\/picture>\n                                                                                <h2 class=\"NewsTile-title\">Top 5 des lacs de l&rsquo;Izoard<\/h2>\n                                                                                                                            <span class=\"NewsTile-link--read Link-primary\">\n                                                Voir les activit\u00e9s\n                                            <\/span>\n                                                                            <\/a>\n                                <\/li>\n                                                                                                                <li class=\"NewsTile swiper-slide\">\n                                    <a class=\"NewsTile-link\" href=\"https:\/\/www.hautesvallees.com\/lizoard\/que-faire\/en-ete\/balades-et-randonnees\/les-sentiers-thematiques\/\" title=\"Les sentiers th\u00e9matiques\">\n                                        <picture class=\"NewsTile-picture\">\n                                            <img decoding=\"async\" class=\"NewsTile-img\" src=\"https:\/\/www.hautesvallees.com\/content\/uploads\/sites\/4\/2025\/01\/Sentier-pedagogique-de-La-Taure-lac-dorceyrette-22.08.2023-BALACE-Amandine5-410x550.jpg\"\n                                                 alt=\"Sentier p\u00e9dagogique de La Taure + lac d&#039;orceyrette - Balac\u00e9 A.\" loading=\"lazy\"\/>\n                                        <\/picture>\n                                                                                <h2 class=\"NewsTile-title\">Les sentiers th\u00e9matiques<\/h2>\n                                                                                                                            <span class=\"NewsTile-link--read Link-primary\">\n                                                Voir les activit\u00e9s\n                                            <\/span>\n                                                                            <\/a>\n                                <\/li>\n                                                                                                                <li class=\"NewsTile swiper-slide\">\n                                    <a class=\"NewsTile-link\" href=\"https:\/\/www.hautesvallees.com\/lizoard\/que-faire\/en-ete\/balades-et-randonnees\/balades-enfants-en-famille\/\" title=\"Balades en famille\">\n                                        <picture class=\"NewsTile-picture\">\n                                            <img decoding=\"async\" class=\"NewsTile-img\" src=\"https:\/\/www.hautesvallees.com\/content\/uploads\/sites\/4\/2025\/01\/Maison-de-la-Geologie-\u00a9B.Boone-45-scaled-1-410x550.jpg\"\n                                                 alt=\"Maison-de-la-Geologie-\u00a9B.Boone-45-scaled\" loading=\"lazy\"\/>\n                                        <\/picture>\n                                                                                <h2 class=\"NewsTile-title\">Balades en famille<\/h2>\n                                                                                                                            <span class=\"NewsTile-link--read Link-primary\">\n                                                Voir les activit\u00e9s\n                                            <\/span>\n                                                                            <\/a>\n                                <\/li>\n                                                                                                                <li class=\"NewsTile swiper-slide\">\n                                    <a class=\"NewsTile-link\" href=\"https:\/\/www.hautesvallees.com\/lizoard\/que-faire\/en-ete\/balades-et-randonnees\/les-sommets\/\" title=\"Les sommets de l&#039;Izoard\">\n                                        <picture class=\"NewsTile-picture\">\n                                            <img decoding=\"async\" class=\"NewsTile-img\" src=\"https:\/\/www.hautesvallees.com\/content\/uploads\/sites\/4\/2025\/02\/Croix-dAquila-\u00a9-Laury-Chamerlat-13-scaled-1-410x550.jpg\"\n                                                 alt=\"Croix-dAquila-\u00a9-Laury-Chamerlat\" loading=\"lazy\"\/>\n                                        <\/picture>\n                                                                                <h2 class=\"NewsTile-title\">Les sommets de l&rsquo;Izoard<\/h2>\n                                                                                                                            <span class=\"NewsTile-link--read Link-primary\">\n                                                Voir les activit\u00e9s\n                                            <\/span>\n                                                                            <\/a>\n                                <\/li>\n                                                                                                                <li class=\"NewsTile swiper-slide\">\n                                    <a class=\"NewsTile-link\" href=\"https:\/\/www.hautesvallees.com\/comment-se-comporter-face-aux-chiens-de-protection-des-troupeaux\/\" title=\"Chiens de protection\">\n                                        <picture class=\"NewsTile-picture\">\n                                            <img decoding=\"async\" class=\"NewsTile-img\" src=\"https:\/\/www.hautesvallees.com\/content\/uploads\/sites\/4\/2025\/02\/Berger-izoard-Laury-Chamerlat-410x550.jpg\"\n                                                 alt=\"Berger izoard - Laury Chamerlat\" loading=\"lazy\"\/>\n                                        <\/picture>\n                                                                                <h2 class=\"NewsTile-title\">Chiens de protection<\/h2>\n                                                                                                                            <span class=\"NewsTile-link--read Link-primary\">\n                                                Voir les activit\u00e9s\n                                            <\/span>\n                                                                            <\/a>\n                                <\/li>\n                                                                                                                <li class=\"NewsTile swiper-slide\">\n                                    <a class=\"NewsTile-link\" href=\"https:\/\/www.hautesvallees.com\/code-du-randonneur-responsable\/\" title=\"Code du randonneur responsable\">\n                                        <picture class=\"NewsTile-picture\">\n                                            <img decoding=\"async\" class=\"NewsTile-img\" src=\"https:\/\/www.hautesvallees.com\/content\/uploads\/sites\/4\/2025\/02\/Le-sentier-des-crevasses-arsine-en-famille-43-scaled-1-410x550.jpg\"\n                                                 alt=\"Le-sentier-des-crevasses-arsine-en-famille-43-scaled\" loading=\"lazy\"\/>\n                                        <\/picture>\n                                                                                <h2 class=\"NewsTile-title\">Code du randonneur responsable<\/h2>\n                                                                                                                            <span class=\"NewsTile-link--read Link-primary\">\n                                                Voir les activit\u00e9s\n                                            <\/span>\n                                                                            <\/a>\n                                <\/li>\n                                                                                                                <li class=\"NewsTile swiper-slide\">\n                                    <a class=\"NewsTile-link\" href=\"https:\/\/www.hautesvallees.com\/randonner-avec-mon-chien-dans-les-hautes-vallees\/\" title=\"O\u00f9 randonner avec mon chien ?\">\n                                        <picture class=\"NewsTile-picture\">\n                                            <img decoding=\"async\" class=\"NewsTile-img\" src=\"https:\/\/www.hautesvallees.com\/content\/uploads\/sites\/4\/2025\/02\/IMG_20230806_115653-1-scaled-1-410x550.jpg\"\n                                                 alt=\"IMG_20230806_115653-1-scaled\" loading=\"lazy\"\/>\n                                        <\/picture>\n                                                                                <h2 class=\"NewsTile-title\">O\u00f9 randonner avec mon chien ?<\/h2>\n                                                                                                                            <span class=\"NewsTile-link--read Link-primary\">\n                                                Voir les activit\u00e9s\n                                            <\/span>\n                                                                            <\/a>\n                                <\/li>\n                                                                                                                <li class=\"NewsTile swiper-slide\">\n                                    <a class=\"NewsTile-link\" href=\"https:\/\/rando-brianconnais.fr\/\" title=\"Les randonn\u00e9es autour de Brian\u00e7on\" target=\"_blank\" rel=\"noopener\">\n                                        <picture class=\"NewsTile-picture\">\n                                            <img decoding=\"async\" class=\"NewsTile-img\" src=\"https:\/\/www.hautesvallees.com\/content\/uploads\/sites\/4\/2025\/01\/image_la_claree_desktop-e1716903139641-410x550.jpg\"\n                                                 alt=\"image_la_claree_desktop-e1716903139641\" loading=\"lazy\"\/>\n                                        <\/picture>\n                                                                                <h2 class=\"NewsTile-title\">Les randonn\u00e9es autour de Brian\u00e7on<\/h2>\n                                                                                                                            <span class=\"NewsTile-link--read Link-primary\">\n                                                Voir les activit\u00e9s\n                                            <\/span>\n                                                                            <\/a>\n                                <\/li>\n                                                                        <\/ul>\n                    <div class=\"Activities-swiper--bottom\">\n                        <div class=\"Activities-prev __SwiperActivitiesPrev69f5f05d0802a swiper-button-prev\">\n                            <img decoding=\"async\" class=\"Activities-prev--svg svg\" data-no-lazy=\"1\"\n                                 src=\"https:\/\/www.hautesvallees.com\/content\/themes\/theme_altimax\/dist\/img\/wordpress\/homepage\/prev.svg\"\/>\n                        <\/div>\n                        <div class=\"Activities-next __SwiperActivitiesNext69f5f05d0802a swiper-button-next\">\n                            <img decoding=\"async\" class=\"Activities-next--svg svg\" data-no-lazy=\"1\"\n                                 src=\"https:\/\/www.hautesvallees.com\/content\/themes\/theme_altimax\/dist\/img\/wordpress\/homepage\/next.svg\"\/>\n                        <\/div>\n                        <div class=\"Activities-progressbar __SwiperActivitiesPagination69f5f05d0802a swiper-pagination\"><\/div>\n                    <\/div>\n                <\/div>\n            <\/div>\n        <\/div>\n    \n\n<div class=\"GutCol2  GutContainer\">\n        <div class=\"GutCol2-container\">\n\n            \n                                                                                                        <div class=\"GutCol2-wrap GutCol2-blocTexte Left\">\n                                <div class=\"GutCol2-blocTexte--inner\">\n                                                                            <div class=\"GutTitle Left\">\n                    <h2 class=\"GutTitle-title\">\n                                    <span class=\"GutTitle-surtitle\">Des balades<\/span>\n                                                        pour tous les go\u00fbts !\n                            <\/h2>\n                    <\/div>\n                                                                                                                                                    <div class=\"GutCol2-text Content\">\n                                            <p>Retrouvez l&rsquo;ensemble des randonn\u00e9es en Izoard.<\/p>\n<p>De la petite balade douce aux itin\u00e9raires vous menant jusqu&rsquo;aux cimes, c&rsquo;est certains, vous trouverez sentier \u00e0 fouler !<\/p>\n<p>Premi\u00e8re fois en randonn\u00e9e ou habitu\u00e9 en manque d\u2019id\u00e9es, laissez-nous vous guider sur le territoire de l\u2019Izoard, Hautes-Alpes.<\/p>\n<p>&nbsp;<\/p>\n<p><a class=\"Button-primary\" href=\"https:\/\/www.hautesvallees.com\/lizoard\/que-faire\/en-ete\/balades-et-randonnees\/itineraires-de-randonnees\/\">D\u00e9couvrir la liste de nos randonn\u00e9es en Izoard<\/a><\/p>\n\n                                        <\/div>\n                                                                    <\/div>\n                            <\/div>\n                                                                                                                                                        <div class=\"GutCol2-wrap GutCol2-blocImage Right\">\n                                    <picture class=\"GutCol2-picture\">\n                                        <img decoding=\"async\" src=\"https:\/\/www.hautesvallees.com\/content\/uploads\/sites\/4\/2025\/01\/Randonnee-lever-de-soleil-grand-charvia-cervieres-4-scaled-2-664x480.jpg\"\n                                             alt=\"Randonnee-lever-de-soleil-grand-charvia-cervieres-4-scaled\" \/>\n                                    <\/picture>\n                                                                            <span class=\"GutCol2-credit\">\u00a9 Blais T.<\/span>\n                                                                    <\/div>\n                                                                                            <\/div>\n    <\/div>\n\n\n<div class=\"GutImage  GutContainer-full\">\n        <div class=\"GutImage-container\">\n                        \n                            <picture class=\"GutImage-pic\">\n                    <source srcset=\"https:\/\/www.hautesvallees.com\/content\/uploads\/sites\/4\/2025\/01\/Pic-de-Beaudouis-col-des-Ayes-et-chalets-de-vers-le-col-15-scaled-1-768x360.jpg\" media=\"(max-width: 768px)\">\n                    <source srcset=\"https:\/\/www.hautesvallees.com\/content\/uploads\/sites\/4\/2025\/01\/Pic-de-Beaudouis-col-des-Ayes-et-chalets-de-vers-le-col-15-scaled-1-992x465.jpg\" media=\"(max-width: 992px)\">\n                    <source srcset=\"https:\/\/www.hautesvallees.com\/content\/uploads\/sites\/4\/2025\/01\/Pic-de-Beaudouis-col-des-Ayes-et-chalets-de-vers-le-col-15-scaled-1-1920x900.jpg\" media=\"(min-width: 993px)\">\n                    <img decoding=\"async\" class=\"GutImage-img\" src=\"https:\/\/www.hautesvallees.com\/content\/uploads\/sites\/4\/2025\/01\/Pic-de-Beaudouis-col-des-Ayes-et-chalets-de-vers-le-col-15-scaled-1-1920x900.jpg\" alt=\"Pic-de-Beaudouis-col-des-Ayes-et-chalets-de-vers-le-col-15-scaled\" \/>\n                <\/picture>\n                                        <div class=\"GutImage-creditphoto\">\n                    Blais T.\n                <\/div>\n                    <\/div>\n    <\/div>\n\n\n<div class=\"GutText  GutContainer\">\n        <div class=\"GutText-inner\">\n            <div class=\"GutTitle Center\">\n                    <h2 class=\"GutTitle-title\">\n                                    <span class=\"GutTitle-surtitle\">Partir randonner c&#039;est bien, <\/span>\n                                                        mais partir accompagn\u00e9 c&#039;est mieux !\n                            <\/h2>\n                    <\/div>\n                            <div class=\"GutText-intro Center\">Envie de partir accompagn\u00e9 \u00e0 l\u2019Izoard ?<\/div>\n                                        <div class=\"GutText-wysiwyg Content\">\n                    <p style=\"text-align: center\">Les accompagnateurs en montagne du territoire seront ravis de vous guider dans les montagnes qu\u2019ils connaissent si bien. Appr\u00e9hendez le territoire sous un nouvel angle gr\u00e2ce \u00e0 l\u2019\u0153il avis\u00e9 des experts de la montagne qui connaissent l\u2019Izoard comme leur poche.<\/p>\n<p>&nbsp;<\/p>\n<p style=\"text-align: center\"><a class=\"Button-primary\" href=\"https:\/\/www.hautesvallees.com\/lizoard\/que-faire\/en-ete\/balades-et-randonnees\/partez-accompagnes\/\">D\u00e9couvrez les guides et accompagnateurs en Izoard<\/a><\/p>\n\n                <\/div>\n                    <\/div>\n    <\/div>\n\n\n<div class=\"GutCol2  GutContainer\">\n        <div class=\"GutCol2-container\">\n\n            \n                                                                                                                                        <div class=\"GutCol2-wrap GutCol2-blocImage Left\">\n                                    <picture class=\"GutCol2-picture\">\n                                        <img decoding=\"async\" src=\"https:\/\/www.hautesvallees.com\/content\/uploads\/sites\/4\/2025\/01\/Randonnee-lac-des-cordes-Izoard-\u00a9T.Blais_-scaled-1-664x480.jpg\"\n                                             alt=\"izoard randonn\u00e9es\" \/>\n                                    <\/picture>\n                                                                            <span class=\"GutCol2-credit\">\u00a9 Blais T.<\/span>\n                                                                    <\/div>\n                                                                                                                                                    <div class=\"GutCol2-wrap GutCol2-blocTexte Right\">\n                                <div class=\"GutCol2-blocTexte--inner\">\n                                                                            <div class=\"GutTitle Left\">\n                    <h2 class=\"GutTitle-title\">\n                                    <span class=\"GutTitle-surtitle\">Objectif lacs<\/span>\n                                                        de montagne en Izoard\n                            <\/h2>\n                    <\/div>\n                                                                                                                <div class=\"GutCol2-intro\">Atteindre un lac n\u2019est-ce pas un bel objectif pour une randonn\u00e9e ?<\/div>\n                                                                                                                <div class=\"GutCol2-text Content\">\n                                            <p style=\"text-align: center\">Par une journ\u00e9e ensoleill\u00e9e, quel plaisir de <strong>sentir la fra\u00eecheur d\u2019un lac d\u2019altitude<\/strong>. Impr\u00e9gnez-vous de la beaut\u00e9 naturelle qui vous entoure en contemplant le reflet des montagnes dans le lac. <strong>Assurez-vous d\u2019en d\u00e9couvrir au moins un !<\/strong> <strong>Du plus accessible au plus recul\u00e9,<\/strong> choisissez celui qui vous ressemble. <strong>D\u00e9nivel\u00e9, temps de marche, difficult\u00e9s du terrain sont \u00e0 prendre en compte.<\/strong> Un pas devant l\u2019autre venez d\u00e9couvrir <strong>le lac des Sarailles, le lac Noir ou encore le lac des Cordes<\/strong>.<\/p>\n<p>&nbsp;<\/p>\n<p style=\"text-align: center\"><a class=\"Button-primary\" href=\"https:\/\/www.hautesvallees.com\/lizoard\/que-faire\/en-ete\/balades-et-randonnees\/top-5-des-lacs-en-izoard\/\">D\u00e9couvrez le TOP 5 des lacs de l&rsquo;Izoard<\/a><\/p>\n\n                                        <\/div>\n                                                                    <\/div>\n                            <\/div>\n                                                                <\/div>\n    <\/div>\n\n\n<div class=\"GutPushArticles BgColor GutContainer\">\n        <div class=\"GutPushArticles-container\">\n            <div class=\"GutTitle Center\">\n                    <h2 class=\"GutTitle-title\">\n                                    <span class=\"GutTitle-surtitle\">Les sentiers<\/span>\n                                                        th\u00e9matiques de l&#039;Izoard\n                            <\/h2>\n                    <\/div>\n            <div class=\"GutPushArticles-inner \">\n                                    <div class=\"GutPushArticles-container \" >\n                        <div class=\"GutPushArticles-list \">\n                                                            <div class=\"GutPushArticles-wrap \">\n                                                                            <picture class=\"GutPushArticles-picture\">\n                                            <img decoding=\"async\" src=\"https:\/\/www.hautesvallees.com\/content\/uploads\/sites\/4\/2025\/01\/Sentier-pedagogique-de-La-Taure-lac-dorceyrette-22.08.2023-BALACE-Amandine5-371x248.jpg\"\n                                                 alt=\"Sentiers th\u00e9matiques - sentier p\u00e9dagogique de La Taure + lac d&#039;orceyrette - Balac\u00e9 A.\" \/>\n                                        <\/picture>\n                                                                        <div class=\"GutPushArticles-content\">\n                                                                                    <h2 class=\"GutPushArticles-title\">Sentier p\u00e9dagogique de la Taure<\/h2>\n                                                                                                                                                            <\/div>\n                                <\/div>\n                                                            <div class=\"GutPushArticles-wrap \">\n                                                                            <picture class=\"GutPushArticles-picture\">\n                                            <img decoding=\"async\" src=\"https:\/\/www.hautesvallees.com\/content\/uploads\/sites\/4\/2025\/06\/Mine-de-la-cabane-sentier-des-mineurs-villard-saint-pancrace-Laury-Chamerlat-21-371x248.jpg\"\n                                                 alt=\"Mine de la cabane, sentier des mineurs, villard-saint-pancrace - Laury Chamerlat (21)\" \/>\n                                        <\/picture>\n                                                                        <div class=\"GutPushArticles-content\">\n                                                                                    <h2 class=\"GutPushArticles-title\">Sentier des mineurs<\/h2>\n                                                                                                                                                            <\/div>\n                                <\/div>\n                                                            <div class=\"GutPushArticles-wrap \">\n                                                                            <picture class=\"GutPushArticles-picture\">\n                                            <img decoding=\"async\" src=\"https:\/\/www.hautesvallees.com\/content\/uploads\/sites\/4\/2025\/01\/\u00a9MDucoux034_Chapelle-du-Bourget-1-scaled-1-371x248.jpg\"\n                                                 alt=\"\u00a9MDucoux034_Chapelle-du-Bourget-1-scaled\" \/>\n                                        <\/picture>\n                                                                        <div class=\"GutPushArticles-content\">\n                                                                                    <h2 class=\"GutPushArticles-title\">Sentier d&rsquo;interpr\u00e9tation du marais du Bourget<\/h2>\n                                                                                                                                                            <\/div>\n                                <\/div>\n                                                    <\/div>\n                                            <\/div>\n                                                <\/div>\n                            <div class=\"GutPushArticles-link\">\n                    <a class=\"Link\" href=\"https:\/\/www.hautesvallees.com\/lizoard\/que-faire\/en-ete\/balades-et-randonnees\/les-sentiers-thematiques\/\" target=\"\">En d\u00e9couvrir plus<\/a>\n                <\/div>\n                    <\/div>\n    <\/div>\n\n\n<div class=\"GutCol2  GutContainer\">\n        <div class=\"GutCol2-container\">\n\n            \n                                                                                                        <div class=\"GutCol2-wrap GutCol2-blocTexte Left\">\n                                <div class=\"GutCol2-blocTexte--inner\">\n                                                                            <div class=\"GutTitle Left\">\n                    <h2 class=\"GutTitle-title\">\n                                    <span class=\"GutTitle-surtitle\">Les balades motivantes<\/span>\n                                                        pour les petits bouts !\n                            <\/h2>\n                    <\/div>\n                                                                                                                <div class=\"GutCol2-intro\">Pas facile de convertir les plus petits \u00e0 la randonn\u00e9e. Mais si vous leur dites qu\u2019une randonn\u00e9e c\u2019est toujours une aventure peut \u00eatre vont-ils vous suivre ?<\/div>\n                                                                                                                <div class=\"GutCol2-text Content\">\n                                            <p>Voici une petite <strong>s\u00e9lection des itin\u00e9raires accessibles pour les plus jeunes : peu de d\u00e9nivel\u00e9, un faible temps de marche ou une belle r\u00e9compense \u00e0 l\u2019arriv\u00e9e.<\/strong> Partez avec le <strong>pique-nique<\/strong> sur le dos ou faites une <strong>pause go\u00fbter au bord du lac de l\u2019Orceyrette<\/strong>. Entre <strong>sentiers th\u00e9matiques de Cervi\u00e8res ou Villard-Saint-Pancrace et lacs d\u2019altitude, vos enfants vont adorer<\/strong>. Profitez d\u2019une escapade pour resserrer les liens familiaux, prendre le temps et prendre l\u2019air dans des paysages sauvages.<\/p>\n<p>&nbsp;<\/p>\n<p><a class=\"Button-primary\" href=\"https:\/\/www.hautesvallees.com\/lizoard\/que-faire\/en-ete\/balades-et-randonnees\/balades-enfants-en-famille\/\">D\u00e9couvrez nos balades en famille<\/a><\/p>\n\n                                        <\/div>\n                                                                    <\/div>\n                            <\/div>\n                                                                                                                                                        <div class=\"GutCol2-wrap GutCol2-blocImage Right\">\n                                    <picture class=\"GutCol2-picture\">\n                                        <img decoding=\"async\" src=\"https:\/\/www.hautesvallees.com\/content\/uploads\/sites\/4\/2025\/01\/Lac-de-lOrceyrette-Cedric-Tempier-5-scaled-1-664x480.jpg\"\n                                             alt=\"Lac-de-lOrceyrette-Cedric-Tempier-5-scaled\" \/>\n                                    <\/picture>\n                                                                            <span class=\"GutCol2-credit\">\u00a9 Tempier C.<\/span>\n                                                                    <\/div>\n                                                                                            <\/div>\n    <\/div>\n\n\n<div class=\"GutCol2  GutContainer\">\n        <div class=\"GutCol2-container\">\n\n            \n                                                                                                                                        <div class=\"GutCol2-wrap GutCol2-blocImage Left\">\n                                    <picture class=\"GutCol2-picture\">\n                                        <img decoding=\"async\" src=\"https:\/\/www.hautesvallees.com\/content\/uploads\/sites\/4\/2025\/01\/Randonnee-lever-de-soleil-grand-charvia-cervieres-10-1-scaled-1-664x480.jpg\"\n                                             alt=\"Randonn\u00e9e cervi\u00e8res\" \/>\n                                    <\/picture>\n                                                                            <span class=\"GutCol2-credit\">\u00a9 Blais T.<\/span>\n                                                                    <\/div>\n                                                                                                                                                    <div class=\"GutCol2-wrap GutCol2-blocTexte Right\">\n                                <div class=\"GutCol2-blocTexte--inner\">\n                                                                            <div class=\"GutTitle Left\">\n                    <h2 class=\"GutTitle-title\">\n                                    <span class=\"GutTitle-surtitle\">Les sommets<\/span>\n                                                        de l&#039;Izoard\n                            <\/h2>\n                    <\/div>\n                                                                                                                <div class=\"GutCol2-intro\">Un peu plus loin, un peu plus haut ! Ici les possibilit\u00e9s d\u2019aventure abondent, alors pourquoi ne pas vous offrir l\u2019ascension d\u2019un sommet ?<\/div>\n                                                                                                                <div class=\"GutCol2-text Content\">\n                                            <p>Ces randonn\u00e9es sont r\u00e9serv\u00e9es aux randonneurs exp\u00e9riment\u00e9s. Partez \u00e9quip\u00e9s et en ayant consult\u00e9 la m\u00e9t\u00e9o. N\u2019h\u00e9sitez pas \u00e0 faire appel \u00e0 un <a href=\"https:\/\/www.hautesvallees.com\/lizoard\/que-faire\/en-ete\/balades-et-randonnees\/partez-accompagnes\/\">accompagnateur en montagne<\/a>.<\/p>\n<p>&nbsp;<\/p>\n<p><a class=\"Button-primary\" href=\"https:\/\/www.hautesvallees.com\/lizoard\/que-faire\/en-ete\/balades-et-randonnees\/les-sommets\/\">D\u00e9couvrez les sommets de l&rsquo;Izoard<\/a><\/p>\n\n                                        <\/div>\n                                                                    <\/div>\n                            <\/div>\n                                                                <\/div>\n    <\/div>\n\n\n<div class=\"GutPushArticles BgColor GutContainer\">\n        <div class=\"GutPushArticles-container\">\n            <div class=\"GutTitle Center\">\n                    <h2 class=\"GutTitle-title\">\n                                    <span class=\"GutTitle-surtitle\">Vous aimerez <\/span>\n                                                        aussi\n                            <\/h2>\n                    <\/div>\n            <div class=\"GutPushArticles-inner GutPushArticles-slider\">\n                                    <div class=\"GutPushArticles-container  swiper __SwiperGutPushArticles \"  data-sliderid=\"69f5f05d172ec\" >\n                        <div class=\"GutPushArticles-list  swiper-wrapper \">\n                                                            <div class=\"GutPushArticles-wrap  swiper-slide \">\n                                                                            <picture class=\"GutPushArticles-picture\">\n                                            <img decoding=\"async\" src=\"https:\/\/www.hautesvallees.com\/content\/uploads\/sites\/4\/2025\/01\/clara-ferrand-vallee-de-la-claree-4-optimise-web-1024x683-1-371x248.jpg\"\n                                                 alt=\"clara-ferrand-vallee-de-la-claree-4-optimise-web-1024x683-1\" \/>\n                                        <\/picture>\n                                                                        <div class=\"GutPushArticles-content\">\n                                                                                    <h2 class=\"GutPushArticles-title\">Bien pr\u00e9parer sa randonn\u00e9e<\/h2>\n                                                                                                                                                                    <a class=\"Link\" href=\"https:\/\/www.hautesvallees.com\/comment-bien-preparer-ma-randonnee\/\">En d\u00e9couvrir plus<\/a>\n                                                                            <\/div>\n                                <\/div>\n                                                            <div class=\"GutPushArticles-wrap  swiper-slide \">\n                                                                            <picture class=\"GutPushArticles-picture\">\n                                            <img decoding=\"async\" src=\"https:\/\/www.hautesvallees.com\/content\/uploads\/sites\/4\/2025\/01\/La-transhumance-\u00a9Alpes-Photographies-scaled-1-371x248.jpg\"\n                                                 alt=\"La-transhumance-\u00a9Alpes-Photographies-scaled\" \/>\n                                        <\/picture>\n                                                                        <div class=\"GutPushArticles-content\">\n                                                                                    <h2 class=\"GutPushArticles-title\">Bien agir face aux chiens de protection<\/h2>\n                                                                                                                                                                    <a class=\"Link\" href=\"https:\/\/www.hautesvallees.com\/comment-se-comporter-face-aux-chiens-de-protection-des-troupeaux\/\">En d\u00e9couvrir plus <\/a>\n                                                                            <\/div>\n                                <\/div>\n                                                            <div class=\"GutPushArticles-wrap  swiper-slide \">\n                                                                            <picture class=\"GutPushArticles-picture\">\n                                            <img decoding=\"async\" src=\"https:\/\/www.hautesvallees.com\/content\/uploads\/sites\/4\/2025\/01\/3-1-1-371x248.jpg\"\n                                                 alt=\"xr:d:DAF6nVGxbrQ:26,j:2673302671877140650,t:24012213\" \/>\n                                        <\/picture>\n                                                                        <div class=\"GutPushArticles-content\">\n                                                                                    <h2 class=\"GutPushArticles-title\">Code du randonneur responsable<\/h2>\n                                                                                                                                                                    <a class=\"Link\" href=\"https:\/\/www.hautesvallees.com\/code-du-randonneur-responsable\/\">S&#039;informer<\/a>\n                                                                            <\/div>\n                                <\/div>\n                                                            <div class=\"GutPushArticles-wrap  swiper-slide \">\n                                                                            <picture class=\"GutPushArticles-picture\">\n                                            <img decoding=\"async\" src=\"https:\/\/www.hautesvallees.com\/content\/uploads\/sites\/4\/2025\/01\/1-2-371x248.jpg\"\n                                                 alt=\"xr:d:DAF6nVGxbrQ:26,j:2673302671877140650,t:24012213\" \/>\n                                        <\/picture>\n                                                                        <div class=\"GutPushArticles-content\">\n                                                                                    <h2 class=\"GutPushArticles-title\">Jamais sans mon chien : les randonn\u00e9es avec son chien<\/h2>\n                                                                                                                                                                    <a class=\"Link\" href=\"https:\/\/www.hautesvallees.com\/randonner-avec-mon-chien-dans-les-hautes-vallees\/\">O\u00f9 aller ? <\/a>\n                                                                            <\/div>\n                                <\/div>\n                                                            <div class=\"GutPushArticles-wrap  swiper-slide \">\n                                                                            <picture class=\"GutPushArticles-picture\">\n                                            <img decoding=\"async\" src=\"https:\/\/www.hautesvallees.com\/content\/uploads\/sites\/4\/2025\/01\/Randonneuse-automne-\u00a9T.blais_-scaled-2-371x248.jpg\"\n                                                 alt=\"Randonneuse-automne-\u00a9T.blais_-scaled\" \/>\n                                        <\/picture>\n                                                                        <div class=\"GutPushArticles-content\">\n                                                                                    <h2 class=\"GutPushArticles-title\">Randonn\u00e9es dans le Brian\u00e7onnais<\/h2>\n                                                                                                                                                                    <a class=\"Link\" href=\"https:\/\/rando-brianconnais.fr\/\" target=\"_blank\" rel=\"noopener\">Toutes les randonn\u00e9es<\/a>\n                                                                            <\/div>\n                                <\/div>\n                                                    <\/div>\n                                                    <div class=\"GutPushArticles-bullets swiper-pagination __SwiperGutPushArticles_bullets __SwiperGutPushArticles_pagination\"><\/div>\n                            <div class=\"GutPushArticles-progressbar swiper-pagination __SwiperGutPushArticles_progressbar __SwiperGutPushArticles_pagination\"><\/div>\n                                            <\/div>\n                                            <div class=\"GutPushArticles-prev swiper-button-prev __SwiperGutPushArticles_prev_69f5f05d172ec\" tabindex=\"0\" role=\"button\" aria-label=\"Previous slide\"><\/div>\n                        <div class=\"GutPushArticles-next swiper-button-next __SwiperGutPushArticles_next_69f5f05d172ec\" tabindex=\"0\" role=\"button\" aria-label=\"Next slide\"><\/div>\n                                                <\/div>\n                    <\/div>\n    <\/div>\n","protected":false},"excerpt":{"rendered":"","protected":false},"author":5,"featured_media":681,"parent":382,"menu_order":0,"comment_status":"closed","ping_status":"closed","template":"","meta":{"_acf_changed":false,"footnotes":""},"class_list":["post-390","page","type-page","status-publish","has-post-thumbnail","hentry"],"acf":[],"_links":{"self":[{"href":"https:\/\/www.hautesvallees.com\/lizoard\/wp-json\/wp\/v2\/pages\/390","targetHints":{"allow":["GET"]}}],"collection":[{"href":"https:\/\/www.hautesvallees.com\/lizoard\/wp-json\/wp\/v2\/pages"}],"about":[{"href":"https:\/\/www.hautesvallees.com\/lizoard\/wp-json\/wp\/v2\/types\/page"}],"author":[{"embeddable":true,"href":"https:\/\/www.hautesvallees.com\/lizoard\/wp-json\/wp\/v2\/users\/5"}],"replies":[{"embeddable":true,"href":"https:\/\/www.hautesvallees.com\/lizoard\/wp-json\/wp\/v2\/comments?post=390"}],"version-history":[{"count":10,"href":"https:\/\/www.hautesvallees.com\/lizoard\/wp-json\/wp\/v2\/pages\/390\/revisions"}],"predecessor-version":[{"id":7702,"href":"https:\/\/www.hautesvallees.com\/lizoard\/wp-json\/wp\/v2\/pages\/390\/revisions\/7702"}],"up":[{"embeddable":true,"href":"https:\/\/www.hautesvallees.com\/lizoard\/wp-json\/wp\/v2\/pages\/382"}],"wp:featuredmedia":[{"embeddable":true,"href":"https:\/\/www.hautesvallees.com\/lizoard\/wp-json\/wp\/v2\/media\/681"}],"wp:attachment":[{"href":"https:\/\/www.hautesvallees.com\/lizoard\/wp-json\/wp\/v2\/media?parent=390"}],"curies":[{"name":"wp","href":"https:\/\/api.w.org\/{rel}","templated":true}]}}