{"id":384,"date":"2025-01-16T17:31:36","date_gmt":"2025-01-16T16:31:36","guid":{"rendered":"https:\/\/www.hautesvallees.com\/lizoard\/?page_id=384"},"modified":"2026-08-03T14:47:34","modified_gmt":"2026-08-03T12:47:34","slug":"visites-et-patrimoine","status":"publish","type":"page","link":"https:\/\/www.hautesvallees.com\/lizoard\/que-faire\/visites-et-patrimoine\/","title":{"rendered":"Visites et patrimoine en Izoard"},"content":{"rendered":"<div class=\"GutText  GutContainer\">\n        <div class=\"GutText-inner\">\n            <div class=\"GutTitle Center\">\n                    <h2 class=\"GutTitle-title\">\n                                    <span class=\"GutTitle-surtitle\">embarquez pour un<\/span>\n                                                        voyage temporel\n                            <\/h2>\n                    <\/div>\n                            <div class=\"GutText-intro Center\">Qui de mieux plac\u00e9 qu\u2019une figure locale pour vous raconter ce que les pierres ne peuvent que vous montrer ?<\/div>\n                                        <div class=\"GutText-wysiwyg Content\">\n                    <p>Vous souhaitez d\u00e9couvrir\u00a0l\u2019histoire de ces villages\u00a0?\u00a0De la visite du\u00a0<a href=\"https:\/\/www.fondation-patrimoine.org\/les-projets\/le-moulin-de-sachas-villar-saint-pancrace\/61103\" target=\"_blank\" rel=\"noopener\">Moulin de Sachas<\/a>, en passant par la visite d\u2019ancienne mine de charbon, la d\u00e9couverte des cadrans solaires, des \u00e9glises et villages authentiques, du patrimoine militaire ou encore des fermes p\u00e9dagogiques, un monde s&rsquo;ouvre \u00e0 vous. Une chose est s\u00fbre, vous n\u2019\u00eates pas au bout de vos surprises !<\/p>\n\n                <\/div>\n                    <\/div>\n    <\/div>\n\n\n<div class=\"Activities\">\n            <div class=\"Activities-container\">\n                <div class=\"Activities-content\">\n                                                                    <h2 class=\"Activities-content--title\">\u00c0 la d\u00e9couverte &#8230;<\/h2>\n                                                            <div class=\"Activities-content--taglist\">\n                                                    <span class=\"Activities-content--tag __activitiesTag6a9ac911840e9\">Sites g\u00e9ologiques des Alpes<\/span>\n                                                    <span class=\"Activities-content--tag __activitiesTag6a9ac911840e9\">Les mines du Brian\u00e7onnais<\/span>\n                                                    <span class=\"Activities-content--tag __activitiesTag6a9ac911840e9\">Mus\u00e9es et sites culturels en Izoard<\/span>\n                                                    <span class=\"Activities-content--tag __activitiesTag6a9ac911840e9\">Patrimoine militaire en Izoard<\/span>\n                                                    <span class=\"Activities-content--tag __activitiesTag6a9ac911840e9\">Patrimoine culturel en Izoard<\/span>\n                                                    <span class=\"Activities-content--tag __activitiesTag6a9ac911840e9\">Les fermes p\u00e9dagogiques de l&#039;Izoard<\/span>\n                                            <\/div>\n                                    <\/div>\n                <div class=\"Activities-swiper swiper __SwiperActivities\" data-sliderid=\"6a9ac911840e9\">\n                    <ul class=\"Activities-list swiper-wrapper\">\n                                                                                    <li class=\"NewsTile swiper-slide\">\n                                    <a class=\"NewsTile-link\" href=\"https:\/\/www.hautesvallees.com\/lizoard\/que-faire\/sites-geologiques\/\" title=\"Sites g\u00e9ologiques des Alpes\">\n                                        <picture class=\"NewsTile-picture\">\n                                            <img decoding=\"async\" class=\"NewsTile-img\" src=\"https:\/\/www.hautesvallees.com\/content\/uploads\/sites\/4\/2026\/07\/Trail-vallee-des-fonts-T.BLAIS-29-410x550.jpg\"\n                                                 alt=\"Sentier g\u00e9ologique du Chenaillet \u00a9T.Blais\" loading=\"lazy\"\/>\n                                        <\/picture>\n                                                                                <h2 class=\"NewsTile-title\">Sites g\u00e9ologiques des Alpes<\/h2>\n                                                                                                                            <span class=\"NewsTile-link--read Link-primary\">\n                                                En savoir plus\n                                            <\/span>\n                                                                            <\/a>\n                                <\/li>\n                                                                                                                <li class=\"NewsTile swiper-slide\">\n                                    <a class=\"NewsTile-link\" href=\"https:\/\/www.hautesvallees.com\/lizoard\/que-faire\/visites-et-patrimoine\/musees-et-sites-culturels\/les-mines-du-brianconnais\/\" title=\"Les mines du Brian\u00e7onnais\">\n                                        <picture class=\"NewsTile-picture\">\n                                            <img decoding=\"async\" class=\"NewsTile-img\" src=\"https:\/\/www.hautesvallees.com\/content\/uploads\/sites\/4\/2026\/03\/Mines-des-Puys-Puy-Saint-Pierre-Puy-Saint-Andre-automne-2025-T.Poinas-Galimey-Studio-22-410x550.jpg\"\n                                                 alt=\"Mines des Puys, Puy-Saint-Pierre Puy-Saint-Andr\u00e9, automne 2025 - T.Poinas Galimey Studio (22)\" loading=\"lazy\"\/>\n                                        <\/picture>\n                                                                                <h2 class=\"NewsTile-title\">Les mines du Brian\u00e7onnais<\/h2>\n                                                                                                                            <span class=\"NewsTile-link--read Link-primary\">\n                                                En savoir plus\n                                            <\/span>\n                                                                            <\/a>\n                                <\/li>\n                                                                                                                <li class=\"NewsTile swiper-slide\">\n                                    <a class=\"NewsTile-link\" href=\"https:\/\/www.hautesvallees.com\/lizoard\/que-faire\/visites-et-patrimoine\/musees-et-sites-culturels\/\" title=\"Mus\u00e9es et sites culturels en Izoard\">\n                                        <picture class=\"NewsTile-picture\">\n                                            <img decoding=\"async\" class=\"NewsTile-img\" src=\"https:\/\/www.hautesvallees.com\/content\/uploads\/sites\/4\/2025\/01\/Maison-Musee-Faure-Vincent-\u00a9-S.-Morattel-1-optimise-web-410x550.webp\"\n                                                 alt=\"Maison-Musee-Faure-Vincent-\u00a9-S.-Morattel-1-optimise-web\" loading=\"lazy\"\/>\n                                        <\/picture>\n                                                                                <h2 class=\"NewsTile-title\">Mus\u00e9es et sites culturels en Izoard<\/h2>\n                                                                                                                            <span class=\"NewsTile-link--read Link-primary\">\n                                                En savoir plus\n                                            <\/span>\n                                                                            <\/a>\n                                <\/li>\n                                                                                                                <li class=\"NewsTile swiper-slide\">\n                                    <a class=\"NewsTile-link\" href=\"https:\/\/www.hautesvallees.com\/lizoard\/que-faire\/visites-et-patrimoine\/patrimoine-militaire\/\" title=\"Patrimoine militaire en Izoard\">\n                                        <picture class=\"NewsTile-picture\">\n                                            <img decoding=\"async\" class=\"NewsTile-img\" src=\"https:\/\/www.hautesvallees.com\/content\/uploads\/sites\/4\/2025\/01\/Fort-et-mur-des-Aittes-T.POINAS-6-scaled-1-410x550.jpg\"\n                                                 alt=\"Fort-et-mur-des-Aittes-Galimey Studio\" loading=\"lazy\"\/>\n                                        <\/picture>\n                                                                                <h2 class=\"NewsTile-title\">Patrimoine militaire en Izoard<\/h2>\n                                                                                                                            <span class=\"NewsTile-link--read Link-primary\">\n                                                En savoir plus\n                                            <\/span>\n                                                                            <\/a>\n                                <\/li>\n                                                                                                                <li class=\"NewsTile swiper-slide\">\n                                    <a class=\"NewsTile-link\" href=\"https:\/\/www.hautesvallees.com\/lizoard\/que-faire\/visites-et-patrimoine\/patrimoine-culturel\/\" title=\"Patrimoine culturel en Izoard\">\n                                        <picture class=\"NewsTile-picture\">\n                                            <img decoding=\"async\" class=\"NewsTile-img\" src=\"https:\/\/www.hautesvallees.com\/content\/uploads\/sites\/4\/2025\/06\/Chapelle-Saint-Pancrace-Villard-saint-pancrace-Laury-Chamerlat-1-410x550.jpg\"\n                                                 alt=\"Chapelle Saint Pancrace, Villard-saint-pancrace - Laury Chamerlat (1)\" loading=\"lazy\"\/>\n                                        <\/picture>\n                                                                                <h2 class=\"NewsTile-title\">Patrimoine culturel en Izoard<\/h2>\n                                                                                                                            <span class=\"NewsTile-link--read Link-primary\">\n                                                En savoir plus\n                                            <\/span>\n                                                                            <\/a>\n                                <\/li>\n                                                                                                                <li class=\"NewsTile swiper-slide\">\n                                    <a class=\"NewsTile-link\" href=\"https:\/\/www.hautesvallees.com\/lizoard\/que-faire\/visites-et-patrimoine\/visites-de-fermes\/\" title=\"Les fermes p\u00e9dagogiques de l&#039;Izoard\">\n                                        <picture class=\"NewsTile-picture\">\n                                            <img decoding=\"async\" class=\"NewsTile-img\" src=\"https:\/\/www.hautesvallees.com\/content\/uploads\/sites\/4\/2025\/01\/La-petite-ferme-des-Regains-_-Alpesphotographies.com-74-optimise-web-410x550.jpg\"\n                                                 alt=\"La-petite-ferme-des-Regains-_-Alpesphotographies.com-74-optimise-web\" loading=\"lazy\"\/>\n                                        <\/picture>\n                                                                                <h2 class=\"NewsTile-title\">Les fermes p\u00e9dagogiques de l&rsquo;Izoard<\/h2>\n                                                                                                                            <span class=\"NewsTile-link--read Link-primary\">\n                                                En savoir plus\n                                            <\/span>\n                                                                            <\/a>\n                                <\/li>\n                                                                        <\/ul>\n                    <div class=\"Activities-swiper--bottom\">\n                        <div class=\"Activities-prev __SwiperActivitiesPrev6a9ac911840e9 swiper-button-prev\">\n                            <img decoding=\"async\" class=\"Activities-prev--svg svg\" data-no-lazy=\"1\"\n                                 src=\"https:\/\/www.hautesvallees.com\/content\/themes\/theme_altimax\/dist\/img\/wordpress\/homepage\/prev.svg\"\/>\n                        <\/div>\n                        <div class=\"Activities-next __SwiperActivitiesNext6a9ac911840e9 swiper-button-next\">\n                            <img decoding=\"async\" class=\"Activities-next--svg svg\" data-no-lazy=\"1\"\n                                 src=\"https:\/\/www.hautesvallees.com\/content\/themes\/theme_altimax\/dist\/img\/wordpress\/homepage\/next.svg\"\/>\n                        <\/div>\n                        <div class=\"Activities-progressbar __SwiperActivitiesPagination6a9ac911840e9 swiper-pagination\"><\/div>\n                    <\/div>\n                <\/div>\n            <\/div>\n        <\/div>\n    \n\n<div class=\"GutBanner BgColor GutContainer-full\">\n                <div class=\"GutBanner-inner\">\n                                        <div class=\"GutBanner-teaser2 Content\">\n                    Visites guid\u00e9es\n                <\/div>\n                                <\/div>\n    <\/div>\n\n\n<div class=\"GutCol2  GutContainer\">\n        <div class=\"GutCol2-container\">\n\n            \n                                                                                                        <div class=\"GutCol2-wrap GutCol2-blocTexte Left\">\n                                <div class=\"GutCol2-blocTexte--inner\">\n                                                                            <div class=\"GutTitle Left\">\n                    <h2 class=\"GutTitle-title\">\n                                    <span class=\"GutTitle-surtitle\">les visites guid\u00e9es <\/span>\n                                                        du patrimoine\n                            <\/h2>\n                    <\/div>\n                                                                                                                                                    <div class=\"GutCol2-text Content\">\n                                            <p><strong>L&rsquo;Izoard est une terre d&rsquo;histoire.<\/strong> Laissez-vous conter le pass\u00e9 et les secrets des villages authentiques \u00e0 travers une visite guid\u00e9e. Les guides conf\u00e9renciers\u00a0seront ravis de vous faire partager leur connaissances du territoire.<\/p>\n<p style=\"text-align: center\"><strong>Retrouvez, ci-dessous, toutes les visites guid\u00e9es que nos professionnels et locaux passionn\u00e9s vous proposent !<\/strong><\/p>\n\n                                        <\/div>\n                                                                    <\/div>\n                            <\/div>\n                                                                                                                                                        <div class=\"GutCol2-wrap GutCol2-blocImage Right\">\n                                    <picture class=\"GutCol2-picture\">\n                                        <img decoding=\"async\" src=\"https:\/\/www.hautesvallees.com\/content\/uploads\/sites\/4\/2025\/01\/Fort-et-mur-des-Aittes-T.POINAS-scaled-1-664x480.jpg\"\n                                             alt=\"Fort-et-mur-des-Aittes-Galimey Studio\" \/>\n                                    <\/picture>\n                                                                            <span class=\"GutCol2-credit\">\u00a9 Galimey Studio<\/span>\n                                                                    <\/div>\n                                                                                            <\/div>\n    <\/div>\n\n\n\n<div class=\"ApiListing __altimax_listing \" data-js=\"{&quot;action_load&quot;:&quot;apidae_listing_load&quot;,&quot;action_map_tiles&quot;:&quot;apidae_listing_load_map_tiles&quot;,&quot;action_filters&quot;:&quot;apidae_listing_filters&quot;,&quot;action_pdf&quot;:&quot;apidae_listing_pdf&quot;,&quot;post_id&quot;:384,&quot;blog_id&quot;:4,&quot;uid&quot;:1,&quot;cache_key&quot;:&quot;a5151604b8350db68c28c04bfdd994dd&quot;,&quot;is_agenda&quot;:false,&quot;listing_mode&quot;:&quot;listing&quot;,&quot;use_filters&quot;:true,&quot;use_share&quot;:true,&quot;paginator&quot;:{&quot;currentPage&quot;:1,&quot;maxPerPage&quot;:12,&quot;count&quot;:9,&quot;totalPages&quot;:1,&quot;nextPage&quot;:1,&quot;html&quot;:&quot;    &lt;li class=\\&quot;Paginator-page __altimax_listing_load active\\&quot;\\n        data-index=\\&quot;1\\&quot; &gt;\\n        &lt;span&gt;1&lt;\\\/span&gt;\\n    &lt;\\\/li&gt;\\n&quot;},&quot;ajax_url&quot;:&quot;https:\\\/\\\/www.hautesvallees.com\\\/\\\/lizoard\\\/wp-admin\\\/admin-ajax.php&quot;,&quot;lang&quot;:&quot;fr&quot;}\">\n    <div class=\"ApiListingLoader __altimax_loader\">\n        <div class=\"ApiListingLoader-container\">\n            <div class=\"ApiListingLoader-ring\"><\/div>\n        <\/div>\n    <\/div>\n                    \n                    \n                    \n                                                    <div class=\"ApiListing-container\">\n        <div class=\"ApiListing-control container_full \">\n                                        <button class=\"ApiListing-share desktop Button-border __altimax_listing_url\">\n                    <span data-text-valid=\"Copi\u00e9e dans le presse-papier\"\n                          data-text-unvalid=\"Aucune recherche !\">\n                        Partager ma recherche\n                    <\/span>\n                <\/button>\n                                        <button class=\"ApiListing-pdf desktop Button-border __altimax_listing_pdf\">T\u00e9l\u00e9charger<\/button>\n                                                                                                    <div class=\"ApiListing-result\">\n                <div class=\"ApiListing-result--number __altimax_listing_count\">9<\/div>\n                R\u00e9sultats\n            <\/div>\n                    <\/div>\n\n        <div class=\"ApiListing-wrapper container_full filter \">\n                <div class=\"ApiListingFilter __altimax_filters\">\n        <div class=\"ApiListingFilter-container\">\n            <div class=\"ApiListingFilter-content\">\n                <div class=\"ApiListingFilter-top\">\n                    <div class=\"ApiListingFilter-col\">\n                        <span class=\"ApiListingFilter-title\">Filtrer votre recherche<\/span>\n                        <button class=\"ApiListingFilter-reinit __altimax_filters_reset\">\n                            <img decoding=\"async\" class=\"ApiListingFilter-reinit--svg svg\"\n                                 src=\"\/content\/themes\/theme_altimax\/dist\/img\/apidae\/system\/SYSTEM-CTA-Cross-18px.svg\"\/>\n                            R\u00e9initialiser les filtres\n                        <\/button>\n                    <\/div>\n                    <button class=\"ApiListingFilter-close __altimax_toggle_filters\"><\/button>\n                <\/div>\n                <div class=\"ApiListingFilter-wrapper __altimax_filters_content\">\n                                            <div class=\"ApiListingFilter-group __altimax_filters_filter_group\"\n                 data-group='{&quot;name&quot;:&quot;Communes&quot;,&quot;uid&quot;:&quot;communes_list&quot;,&quot;description&quot;:null,&quot;config&quot;:{&quot;order&quot;:&quot;desc&quot;,&quot;order_by&quot;:&quot;alphabetic&quot;,&quot;combination&quot;:&quot;and&quot;,&quot;template&quot;:&quot;list&quot;,&quot;keep_filters&quot;:true},&quot;filters&quot;:[{&quot;index&quot;:0,&quot;name&quot;:null,&quot;translate&quot;:false,&quot;type&quot;:&quot;commune&quot;,&quot;strict&quot;:true,&quot;values&quot;:[{&quot;active&quot;:false,&quot;count&quot;:3,&quot;name&quot;:&quot;Puy-Saint-Andr\\u00e9&quot;,&quot;type&quot;:&quot;commune&quot;,&quot;values&quot;:[1857]},{&quot;active&quot;:false,&quot;count&quot;:2,&quot;name&quot;:&quot;Puy-Saint-Pierre&quot;,&quot;type&quot;:&quot;commune&quot;,&quot;values&quot;:[1859]},{&quot;active&quot;:false,&quot;count&quot;:4,&quot;name&quot;:&quot;Villar-Saint-Pancrace&quot;,&quot;type&quot;:&quot;commune&quot;,&quot;values&quot;:[1931]}],&quot;template&quot;:&quot;list&quot;,&quot;count&quot;:9,&quot;config&quot;:{&quot;is_custom&quot;:false}}],&quot;count&quot;:9}'>\n                <div class=\"ApiListingFilter-group--wrapper \">\n    <span class=\"ApiListingFilter-group--title __accordion\">Communes<\/span>\n    <div class=\"ApiListingFilter-group--wrap\">\n        <ul class=\"ApiListingFilter-group--list\">\n                            <li class=\"ApiListingFilter-criteria--item\">\n        <ul class=\"ApiListingFilter-criteria--list\">\n                    <li class=\"ApiListingFilter-criteria--item\">\n                <span class=\"ApiListingFilter-checkbox __altimax_filters_value \"\n                      data-value='{&quot;active&quot;:false,&quot;count&quot;:3,&quot;name&quot;:&quot;Puy-Saint-Andr\\u00e9&quot;,&quot;type&quot;:&quot;commune&quot;,&quot;values&quot;:[1857]}'>\n                    <span class=\"box\"><\/span>\n                    <span class=\"ApiListingFilter-checkbox--value\">\n                        Puy-Saint-Andr\u00e9\n                                            <\/span>\n                <\/span>\n            <\/li>\n                    <li class=\"ApiListingFilter-criteria--item\">\n                <span class=\"ApiListingFilter-checkbox __altimax_filters_value \"\n                      data-value='{&quot;active&quot;:false,&quot;count&quot;:2,&quot;name&quot;:&quot;Puy-Saint-Pierre&quot;,&quot;type&quot;:&quot;commune&quot;,&quot;values&quot;:[1859]}'>\n                    <span class=\"box\"><\/span>\n                    <span class=\"ApiListingFilter-checkbox--value\">\n                        Puy-Saint-Pierre\n                                            <\/span>\n                <\/span>\n            <\/li>\n                    <li class=\"ApiListingFilter-criteria--item\">\n                <span class=\"ApiListingFilter-checkbox __altimax_filters_value \"\n                      data-value='{&quot;active&quot;:false,&quot;count&quot;:4,&quot;name&quot;:&quot;Villar-Saint-Pancrace&quot;,&quot;type&quot;:&quot;commune&quot;,&quot;values&quot;:[1931]}'>\n                    <span class=\"box\"><\/span>\n                    <span class=\"ApiListingFilter-checkbox--value\">\n                        Villar-Saint-Pancrace\n                                            <\/span>\n                <\/span>\n            <\/li>\n            <\/ul>\n<\/li>                    <\/ul>\n    <\/div>\n<\/div>            <\/div>\n            \n\n                <\/div>\n                <div class=\"ApiListingFilter-wrapper\">\n                        <div class=\"ApiListing-wrap ApiListingFilter-wrap\">\n                    <button class=\"ApiListing-share ApiListingFilter-share mobile Button-border __altimax_listing_url\">\n                <span data-text-valid=\"Copi\u00e9e dans le presse-papier\"\n                      data-text-unvalid=\"Aucune recherche !\">\n                    Partager ma recherche\n                <\/span>\n            <\/button>\n                            <button class=\"ApiListing-pdf ApiListingFilter-pdf mobile Button-border __altimax_listing_pdf\">T\u00e9l\u00e9charger<\/button>\n            <\/div>\n\n                <\/div>\n            <\/div>\n            <button class=\"ApiListingFilter-close--btn Button-full __altimax_toggle_filters\">Voir les r\u00e9sultats<\/button>\n        <\/div>\n        <div class=\"ApiListingFilter-overflow __altimax_toggle_filters\"><\/div>\n    <\/div>\n\n                            <ul class=\"ApiListing-list __altimax_listing_content\">\n                                            <!-- Generer le: 2026-09-04 13:30:35 -->\n<!-- Blog: L&amp;#039;Izoard - 4 -->\n<li class=\"ApiTile ApiTileDefault __altimax_listing_item  \"\n    data-roadbook-item=\"506464\"\n    data-apidae=\"506464\"\n    data-event-category=\"Apidae affichage\"\n    data-event-action=\"vue teaser\"\n    data-event-label=\"506464 : Visite: Il \u00e9tait une fois Puy-Saint-Pierre\">\n    <a href=\"https:\/\/www.hautesvallees.com\/lizoard\/fete-et-manifestation\/visite-il-etait-une-fois-puy-saint-pierre-puy-saint-pierre\" class=\"ApiTile-link ApiTileDefault-link\" title=\"Visite: Il \u00e9tait une fois Puy-Saint-Pierre\">\n            <span class=\"ApiTile-location ApiTileDefault-location\">\n        Puy-Saint-Pierre\n    <\/span>\n\n            <button class=\"__gtm_track_click __altimax_favory ApiTile-fav ApiTileDefault-fav Favourite\"\n            data-apidae=\"506464\"\n            title=\"Ajoutez aux favoris\"\n            data-txtajouter=\"Ajoutez aux favoris\"\n            data-txtretirer=\"Retirez des favoris\"\n            data-event-category=\"Apidae fiche objet\"\n            data-event-action=\"ajout trip planner\"\n            data-event-label=\"506464 : Visite: Il \u00e9tait une fois Puy-Saint-Pierre\">\n        <img decoding=\"async\" class=\"Favourite-border svg\"\n             src=\"\/content\/themes\/theme_altimax\/dist\/img\/apidae\/system\/SYSTEM-FavOff-30px.svg\"\/>\n        <img decoding=\"async\" class=\"Favourite-full svg\"\n             src=\"\/content\/themes\/theme_altimax\/dist\/img\/apidae\/system\/SYSTEM-FavOn-30px.svg\"\/>\n    <\/button>\n\n            <picture class=\"ApiTile-picture ApiTileDefault-picture\">\n        <img decoding=\"async\" class=\"ApiTile-img ApiTileAgenda-img\" src=\"\/cache\/images\/38843657_apidae-tile.webp\" alt=\"Visite: Il \u00e9tait une fois Puy-Saint-Pierre\">\n    <\/picture>\n\n        <div class=\"ApiTile-content ApiTileDefault-content\">\n            \n            <div class=\"ApiTile-top ApiTileDefault-top\">\n                <span class=\"ApiTile-type ApiTileDefault-type\">\n                        agenda\n            <\/span>                                            <\/div>\n\n            <h2 class=\"ApiTile-title ApiTileDefault-title\">Visite: Il \u00e9tait une fois Puy-Saint-P&#8230;<\/h2>\n                                        <ul class=\"ApiTile-categorie ApiTileDefault-categorie\">\n                                                <li class=\"ApiTile-categorie--item ApiTileDefault-categorie--item\">\n                        Visite guid\u00e9e et\/ou comment\u00e9e\n                    <\/li>\n                                    <\/ul>\n                \n                                <\/div>\n    <\/a>\n<\/li>\n\n                                            <!-- Generer le: 2026-09-04 13:30:35 -->\n<!-- Blog: L&amp;#039;Izoard - 4 -->\n<li class=\"ApiTile ApiTileDefault __altimax_listing_item  \"\n    data-roadbook-item=\"7516686\"\n    data-apidae=\"7516686\"\n    data-event-category=\"Apidae affichage\"\n    data-event-action=\"vue teaser\"\n    data-event-label=\"7516686 : Journ\u00e9es du patrimoine : visite du Moulin de Sachas\">\n    <a href=\"https:\/\/www.hautesvallees.com\/lizoard\/fete-et-manifestation\/journees-du-patrimoine-visite-du-moulin-de-sachas-villar-saint-pancrace\" class=\"ApiTile-link ApiTileDefault-link\" title=\"Journ\u00e9es du patrimoine : visite du Moulin de Sachas\">\n            <span class=\"ApiTile-location ApiTileDefault-location\">\n        Villar-Saint-Pancrace\n    <\/span>\n\n            <button class=\"__gtm_track_click __altimax_favory ApiTile-fav ApiTileDefault-fav Favourite\"\n            data-apidae=\"7516686\"\n            title=\"Ajoutez aux favoris\"\n            data-txtajouter=\"Ajoutez aux favoris\"\n            data-txtretirer=\"Retirez des favoris\"\n            data-event-category=\"Apidae fiche objet\"\n            data-event-action=\"ajout trip planner\"\n            data-event-label=\"7516686 : Journ\u00e9es du patrimoine : visite du Moulin de Sachas\">\n        <img decoding=\"async\" class=\"Favourite-border svg\"\n             src=\"\/content\/themes\/theme_altimax\/dist\/img\/apidae\/system\/SYSTEM-FavOff-30px.svg\"\/>\n        <img decoding=\"async\" class=\"Favourite-full svg\"\n             src=\"\/content\/themes\/theme_altimax\/dist\/img\/apidae\/system\/SYSTEM-FavOn-30px.svg\"\/>\n    <\/button>\n\n            <picture class=\"ApiTile-picture ApiTileDefault-picture\">\n        <img decoding=\"async\" class=\"ApiTile-img ApiTileAgenda-img\" src=\"\/cache\/images\/39757352_apidae-tile.webp\" alt=\"Journ\u00e9es du patrimoine : visite du Moulin de Sachas\">\n    <\/picture>\n\n        <div class=\"ApiTile-content ApiTileDefault-content\">\n            \n            <div class=\"ApiTile-top ApiTileDefault-top\">\n                <span class=\"ApiTile-type ApiTileDefault-type\">\n                        agenda\n            <\/span>                                            <\/div>\n\n            <h2 class=\"ApiTile-title ApiTileDefault-title\">Journ\u00e9es du patrimoine : visite du Mo&#8230;<\/h2>\n                                        <ul class=\"ApiTile-categorie ApiTileDefault-categorie\">\n                                                <li class=\"ApiTile-categorie--item ApiTileDefault-categorie--item\">\n                        Visite guid\u00e9e et\/ou comment\u00e9e\n                    <\/li>\n                                    <\/ul>\n                \n                                <\/div>\n    <\/a>\n<\/li>\n\n                                            <!-- Generer le: 2026-09-04 13:30:35 -->\n<!-- Blog: L&amp;#039;Izoard - 4 -->\n<li class=\"ApiTile ApiTileDefault __altimax_listing_item  \"\n    data-roadbook-item=\"7516790\"\n    data-apidae=\"7516790\"\n    data-event-category=\"Apidae affichage\"\n    data-event-action=\"vue teaser\"\n    data-event-label=\"7516790 : Journ\u00e9es europ\u00e9ennes du patrimoine : visite guid\u00e9e du camp des Espagnols\">\n    <a href=\"https:\/\/www.hautesvallees.com\/lizoard\/fete-et-manifestation\/journees-europeennes-du-patrimoine-visite-guidee-du-camp-des-espagnols-villar-saint-pancrace\" class=\"ApiTile-link ApiTileDefault-link\" title=\"Journ\u00e9es europ\u00e9ennes du patrimoine : visite guid\u00e9e du camp des Espagnols\">\n            <span class=\"ApiTile-location ApiTileDefault-location\">\n        Villar-Saint-Pancrace\n    <\/span>\n\n            <button class=\"__gtm_track_click __altimax_favory ApiTile-fav ApiTileDefault-fav Favourite\"\n            data-apidae=\"7516790\"\n            title=\"Ajoutez aux favoris\"\n            data-txtajouter=\"Ajoutez aux favoris\"\n            data-txtretirer=\"Retirez des favoris\"\n            data-event-category=\"Apidae fiche objet\"\n            data-event-action=\"ajout trip planner\"\n            data-event-label=\"7516790 : Journ\u00e9es europ\u00e9ennes du patrimoine : visite guid\u00e9e du camp des Espagnols\">\n        <img decoding=\"async\" class=\"Favourite-border svg\"\n             src=\"\/content\/themes\/theme_altimax\/dist\/img\/apidae\/system\/SYSTEM-FavOff-30px.svg\"\/>\n        <img decoding=\"async\" class=\"Favourite-full svg\"\n             src=\"\/content\/themes\/theme_altimax\/dist\/img\/apidae\/system\/SYSTEM-FavOn-30px.svg\"\/>\n    <\/button>\n\n            <picture class=\"ApiTile-picture ApiTileDefault-picture\">\n        <img decoding=\"async\" class=\"ApiTile-img ApiTileAgenda-img\" src=\"\/cache\/images\/39279607_apidae-tile.webp\" alt=\"Journ\u00e9es europ\u00e9ennes du patrimoine : visite guid\u00e9e du camp des Espagnols\">\n    <\/picture>\n\n        <div class=\"ApiTile-content ApiTileDefault-content\">\n            \n            <div class=\"ApiTile-top ApiTileDefault-top\">\n                <span class=\"ApiTile-type ApiTileDefault-type\">\n                        agenda\n            <\/span>                                            <\/div>\n\n            <h2 class=\"ApiTile-title ApiTileDefault-title\">Journ\u00e9es europ\u00e9ennes du patrimoine :&#8230;<\/h2>\n                                        <ul class=\"ApiTile-categorie ApiTileDefault-categorie\">\n                                                <li class=\"ApiTile-categorie--item ApiTileDefault-categorie--item\">\n                        Visite guid\u00e9e et\/ou comment\u00e9e\n                    <\/li>\n                                    <\/ul>\n                \n                                <\/div>\n    <\/a>\n<\/li>\n\n                                            <!-- Generer le: 2026-09-04 13:30:35 -->\n<!-- Blog: L&amp;#039;Izoard - 4 -->\n<li class=\"ApiTile ApiTileDefault __altimax_listing_item  \"\n    data-roadbook-item=\"7516906\"\n    data-apidae=\"7516906\"\n    data-event-category=\"Apidae affichage\"\n    data-event-action=\"vue teaser\"\n    data-event-label=\"7516906 : Journ\u00e9es du patrimoine : visite des mines de la cabane\">\n    <a href=\"https:\/\/www.hautesvallees.com\/lizoard\/fete-et-manifestation\/journees-du-patrimoine-visite-des-mines-de-la-cabane-villar-saint-pancrace\" class=\"ApiTile-link ApiTileDefault-link\" title=\"Journ\u00e9es du patrimoine : visite des mines de la cabane\">\n            <span class=\"ApiTile-location ApiTileDefault-location\">\n        Villar-Saint-Pancrace\n    <\/span>\n\n            <button class=\"__gtm_track_click __altimax_favory ApiTile-fav ApiTileDefault-fav Favourite\"\n            data-apidae=\"7516906\"\n            title=\"Ajoutez aux favoris\"\n            data-txtajouter=\"Ajoutez aux favoris\"\n            data-txtretirer=\"Retirez des favoris\"\n            data-event-category=\"Apidae fiche objet\"\n            data-event-action=\"ajout trip planner\"\n            data-event-label=\"7516906 : Journ\u00e9es du patrimoine : visite des mines de la cabane\">\n        <img decoding=\"async\" class=\"Favourite-border svg\"\n             src=\"\/content\/themes\/theme_altimax\/dist\/img\/apidae\/system\/SYSTEM-FavOff-30px.svg\"\/>\n        <img decoding=\"async\" class=\"Favourite-full svg\"\n             src=\"\/content\/themes\/theme_altimax\/dist\/img\/apidae\/system\/SYSTEM-FavOn-30px.svg\"\/>\n    <\/button>\n\n            <picture class=\"ApiTile-picture ApiTileDefault-picture\">\n        <img decoding=\"async\" class=\"ApiTile-img ApiTileAgenda-img\" src=\"\/cache\/images\/32703305_apidae-tile.webp\" alt=\"Journ\u00e9es du patrimoine : visite des mines de la cabane\">\n    <\/picture>\n\n        <div class=\"ApiTile-content ApiTileDefault-content\">\n            \n            <div class=\"ApiTile-top ApiTileDefault-top\">\n                <span class=\"ApiTile-type ApiTileDefault-type\">\n                        agenda\n            <\/span>                                            <\/div>\n\n            <h2 class=\"ApiTile-title ApiTileDefault-title\">Journ\u00e9es du patrimoine : visite des m&#8230;<\/h2>\n                                        <ul class=\"ApiTile-categorie ApiTileDefault-categorie\">\n                                                <li class=\"ApiTile-categorie--item ApiTileDefault-categorie--item\">\n                        Visite guid\u00e9e et\/ou comment\u00e9e\n                    <\/li>\n                                    <\/ul>\n                \n                                <\/div>\n    <\/a>\n<\/li>\n\n                                            <!-- Generer le: 2026-09-04 13:30:35 -->\n<!-- Blog: L&amp;#039;Izoard - 4 -->\n<li class=\"ApiTile ApiTileDefault __altimax_listing_item  \"\n    data-roadbook-item=\"7516668\"\n    data-apidae=\"7516668\"\n    data-event-category=\"Apidae affichage\"\n    data-event-action=\"vue teaser\"\n    data-event-label=\"7516668 : Journ\u00e9es europ\u00e9ennes du patrimoine : visite guid\u00e9e de la Chapelle Saint Pancrace\">\n    <a href=\"https:\/\/www.hautesvallees.com\/lizoard\/fete-et-manifestation\/journees-europeennes-du-patrimoine-visite-guidee-de-la-chapelle-saint-pancrace-villar-saint-pancrace\" class=\"ApiTile-link ApiTileDefault-link\" title=\"Journ\u00e9es europ\u00e9ennes du patrimoine : visite guid\u00e9e de la Chapelle Saint Pancrace\">\n            <span class=\"ApiTile-location ApiTileDefault-location\">\n        Villar-Saint-Pancrace\n    <\/span>\n\n            <button class=\"__gtm_track_click __altimax_favory ApiTile-fav ApiTileDefault-fav Favourite\"\n            data-apidae=\"7516668\"\n            title=\"Ajoutez aux favoris\"\n            data-txtajouter=\"Ajoutez aux favoris\"\n            data-txtretirer=\"Retirez des favoris\"\n            data-event-category=\"Apidae fiche objet\"\n            data-event-action=\"ajout trip planner\"\n            data-event-label=\"7516668 : Journ\u00e9es europ\u00e9ennes du patrimoine : visite guid\u00e9e de la Chapelle Saint Pancrace\">\n        <img decoding=\"async\" class=\"Favourite-border svg\"\n             src=\"\/content\/themes\/theme_altimax\/dist\/img\/apidae\/system\/SYSTEM-FavOff-30px.svg\"\/>\n        <img decoding=\"async\" class=\"Favourite-full svg\"\n             src=\"\/content\/themes\/theme_altimax\/dist\/img\/apidae\/system\/SYSTEM-FavOn-30px.svg\"\/>\n    <\/button>\n\n            <picture class=\"ApiTile-picture ApiTileDefault-picture\">\n        <img decoding=\"async\" class=\"ApiTile-img ApiTileAgenda-img\" src=\"\/cache\/images\/39757790_apidae-tile.webp\" alt=\"Journ\u00e9es europ\u00e9ennes du patrimoine : visite guid\u00e9e de la Chapelle Saint Pancrace\">\n    <\/picture>\n\n        <div class=\"ApiTile-content ApiTileDefault-content\">\n            \n            <div class=\"ApiTile-top ApiTileDefault-top\">\n                <span class=\"ApiTile-type ApiTileDefault-type\">\n                        agenda\n            <\/span>                                            <\/div>\n\n            <h2 class=\"ApiTile-title ApiTileDefault-title\">Journ\u00e9es europ\u00e9ennes du patrimoine :&#8230;<\/h2>\n                                        <ul class=\"ApiTile-categorie ApiTileDefault-categorie\">\n                                                <li class=\"ApiTile-categorie--item ApiTileDefault-categorie--item\">\n                        Visite guid\u00e9e et\/ou comment\u00e9e\n                    <\/li>\n                                    <\/ul>\n                \n                                <\/div>\n    <\/a>\n<\/li>\n\n                                            <!-- Generer le: 2026-09-04 13:30:35 -->\n<!-- Blog: L&amp;#039;Izoard - 4 -->\n<li class=\"ApiTile ApiTileDefault __altimax_listing_item  \"\n    data-roadbook-item=\"7516757\"\n    data-apidae=\"7516757\"\n    data-event-category=\"Apidae affichage\"\n    data-event-action=\"vue teaser\"\n    data-event-label=\"7516757 : Journ\u00e9e Europ\u00e9enne du patrimoine - D\u00e9monstration de ferronnerie \u00e0 l&#039;ancienne\">\n    <a href=\"https:\/\/www.hautesvallees.com\/lizoard\/fete-et-manifestation\/journee-europeenne-du-patrimoine-demonstration-de-ferronnerie-a-lancienne-puy-saint-andre\" class=\"ApiTile-link ApiTileDefault-link\" title=\"Journ\u00e9e Europ\u00e9enne du patrimoine - D\u00e9monstration de ferronnerie \u00e0 l&#039;ancienne\">\n            <span class=\"ApiTile-location ApiTileDefault-location\">\n        Puy-Saint-Andr\u00e9\n    <\/span>\n\n            <button class=\"__gtm_track_click __altimax_favory ApiTile-fav ApiTileDefault-fav Favourite\"\n            data-apidae=\"7516757\"\n            title=\"Ajoutez aux favoris\"\n            data-txtajouter=\"Ajoutez aux favoris\"\n            data-txtretirer=\"Retirez des favoris\"\n            data-event-category=\"Apidae fiche objet\"\n            data-event-action=\"ajout trip planner\"\n            data-event-label=\"7516757 : Journ\u00e9e Europ\u00e9enne du patrimoine - D\u00e9monstration de ferronnerie \u00e0 l&#039;ancienne\">\n        <img decoding=\"async\" class=\"Favourite-border svg\"\n             src=\"\/content\/themes\/theme_altimax\/dist\/img\/apidae\/system\/SYSTEM-FavOff-30px.svg\"\/>\n        <img decoding=\"async\" class=\"Favourite-full svg\"\n             src=\"\/content\/themes\/theme_altimax\/dist\/img\/apidae\/system\/SYSTEM-FavOn-30px.svg\"\/>\n    <\/button>\n\n            <picture class=\"ApiTile-picture ApiTileDefault-picture\">\n        <img decoding=\"async\" class=\"ApiTile-img ApiTileAgenda-img\" src=\"\/cache\/images\/39906697_apidae-tile.webp\" alt=\"Journ\u00e9e Europ\u00e9enne du patrimoine - D\u00e9monstration de ferronnerie \u00e0 l&#039;ancienne\">\n    <\/picture>\n\n        <div class=\"ApiTile-content ApiTileDefault-content\">\n            \n            <div class=\"ApiTile-top ApiTileDefault-top\">\n                <span class=\"ApiTile-type ApiTileDefault-type\">\n                        agenda\n            <\/span>                                            <\/div>\n\n            <h2 class=\"ApiTile-title ApiTileDefault-title\">Journ\u00e9e Europ\u00e9enne du patrimoine &#8211; D\u00e9&#8230;<\/h2>\n                                        <ul class=\"ApiTile-categorie ApiTileDefault-categorie\">\n                                                <li class=\"ApiTile-categorie--item ApiTileDefault-categorie--item\">\n                        Visite guid\u00e9e et\/ou comment\u00e9e\n                    <\/li>\n                                    <\/ul>\n                \n                                <\/div>\n    <\/a>\n<\/li>\n\n                                            <!-- Generer le: 2026-09-04 12:49:45 -->\n<!-- Blog: L&amp;#039;Izoard - 4 -->\n<li class=\"ApiTile ApiTileDefault __altimax_listing_item  \"\n    data-roadbook-item=\"7369500\"\n    data-apidae=\"7369500\"\n    data-event-category=\"Apidae affichage\"\n    data-event-action=\"vue teaser\"\n    data-event-label=\"7369500 : Visite de Combarine : Boucle des Mines des Puys\">\n    <a href=\"https:\/\/www.hautesvallees.com\/lizoard\/fete-et-manifestation\/visite-de-combarine-boucle-des-mines-des-puys-puy-saint-pierre\" class=\"ApiTile-link ApiTileDefault-link\" title=\"Visite de Combarine : Boucle des Mines des Puys\">\n            <span class=\"ApiTile-location ApiTileDefault-location\">\n        Puy-Saint-Pierre\n    <\/span>\n\n            <button class=\"__gtm_track_click __altimax_favory ApiTile-fav ApiTileDefault-fav Favourite\"\n            data-apidae=\"7369500\"\n            title=\"Ajoutez aux favoris\"\n            data-txtajouter=\"Ajoutez aux favoris\"\n            data-txtretirer=\"Retirez des favoris\"\n            data-event-category=\"Apidae fiche objet\"\n            data-event-action=\"ajout trip planner\"\n            data-event-label=\"7369500 : Visite de Combarine : Boucle des Mines des Puys\">\n        <img decoding=\"async\" class=\"Favourite-border svg\"\n             src=\"\/content\/themes\/theme_altimax\/dist\/img\/apidae\/system\/SYSTEM-FavOff-30px.svg\"\/>\n        <img decoding=\"async\" class=\"Favourite-full svg\"\n             src=\"\/content\/themes\/theme_altimax\/dist\/img\/apidae\/system\/SYSTEM-FavOn-30px.svg\"\/>\n    <\/button>\n\n            <picture class=\"ApiTile-picture ApiTileDefault-picture\">\n        <img decoding=\"async\" class=\"ApiTile-img ApiTileAgenda-img\" src=\"\/cache\/images\/30423481_apidae-tile.webp\" alt=\"Visite de Combarine : Boucle des Mines des Puys\">\n    <\/picture>\n\n        <div class=\"ApiTile-content ApiTileDefault-content\">\n            \n            <div class=\"ApiTile-top ApiTileDefault-top\">\n                <span class=\"ApiTile-type ApiTileDefault-type\">\n                        agenda\n            <\/span>                                            <\/div>\n\n            <h2 class=\"ApiTile-title ApiTileDefault-title\">Visite de Combarine : Boucle des Mine&#8230;<\/h2>\n                                        <ul class=\"ApiTile-categorie ApiTileDefault-categorie\">\n                                                <li class=\"ApiTile-categorie--item ApiTileDefault-categorie--item\">\n                        Visite guid\u00e9e et\/ou comment\u00e9e\n                    <\/li>\n                                    <\/ul>\n                \n                                <\/div>\n    <\/a>\n<\/li>\n\n                                            <!-- Generer le: 2026-09-04 13:30:35 -->\n<!-- Blog: L&amp;#039;Izoard - 4 -->\n<li class=\"ApiTile ApiTileDefault __altimax_listing_item  \"\n    data-roadbook-item=\"7056925\"\n    data-apidae=\"7056925\"\n    data-event-category=\"Apidae affichage\"\n    data-event-action=\"vue teaser\"\n    data-event-label=\"7056925 : Journ\u00e9e Europ\u00e9enne du patrimoine - Visite guid\u00e9e historique de la Boucle des Mines\">\n    <a href=\"https:\/\/www.hautesvallees.com\/lizoard\/fete-et-manifestation\/journee-europeenne-du-patrimoine-visite-guidee-historique-de-la-boucle-des-mines-puy-saint-andre\" class=\"ApiTile-link ApiTileDefault-link\" title=\"Journ\u00e9e Europ\u00e9enne du patrimoine - Visite guid\u00e9e historique de la Boucle des Mines\">\n            <span class=\"ApiTile-location ApiTileDefault-location\">\n        Puy-Saint-Andr\u00e9\n    <\/span>\n\n            <button class=\"__gtm_track_click __altimax_favory ApiTile-fav ApiTileDefault-fav Favourite\"\n            data-apidae=\"7056925\"\n            title=\"Ajoutez aux favoris\"\n            data-txtajouter=\"Ajoutez aux favoris\"\n            data-txtretirer=\"Retirez des favoris\"\n            data-event-category=\"Apidae fiche objet\"\n            data-event-action=\"ajout trip planner\"\n            data-event-label=\"7056925 : Journ\u00e9e Europ\u00e9enne du patrimoine - Visite guid\u00e9e historique de la Boucle des Mines\">\n        <img decoding=\"async\" class=\"Favourite-border svg\"\n             src=\"\/content\/themes\/theme_altimax\/dist\/img\/apidae\/system\/SYSTEM-FavOff-30px.svg\"\/>\n        <img decoding=\"async\" class=\"Favourite-full svg\"\n             src=\"\/content\/themes\/theme_altimax\/dist\/img\/apidae\/system\/SYSTEM-FavOn-30px.svg\"\/>\n    <\/button>\n\n            <picture class=\"ApiTile-picture ApiTileDefault-picture\">\n        <img decoding=\"async\" class=\"ApiTile-img ApiTileAgenda-img\" src=\"\/cache\/images\/39906705_apidae-tile.webp\" alt=\"Journ\u00e9e Europ\u00e9enne du patrimoine - Visite guid\u00e9e historique de la Boucle des Mines\">\n    <\/picture>\n\n        <div class=\"ApiTile-content ApiTileDefault-content\">\n            \n            <div class=\"ApiTile-top ApiTileDefault-top\">\n                <span class=\"ApiTile-type ApiTileDefault-type\">\n                        agenda\n            <\/span>                                            <\/div>\n\n            <h2 class=\"ApiTile-title ApiTileDefault-title\">Journ\u00e9e Europ\u00e9enne du patrimoine &#8211; Vi&#8230;<\/h2>\n                                        <ul class=\"ApiTile-categorie ApiTileDefault-categorie\">\n                                                <li class=\"ApiTile-categorie--item ApiTileDefault-categorie--item\">\n                        Visite guid\u00e9e et\/ou comment\u00e9e\n                    <\/li>\n                                    <\/ul>\n                \n                                <\/div>\n    <\/a>\n<\/li>\n\n                                            <!-- Generer le: 2026-09-04 13:30:35 -->\n<!-- Blog: L&amp;#039;Izoard - 4 -->\n<li class=\"ApiTile ApiTileDefault __altimax_listing_item  \"\n    data-roadbook-item=\"7517837\"\n    data-apidae=\"7517837\"\n    data-event-category=\"Apidae affichage\"\n    data-event-action=\"vue teaser\"\n    data-event-label=\"7517837 : Journ\u00e9es Europ\u00e9enes du Patrimoine - Visite des mines paysannes de Puy Saint Andr\u00e9\">\n    <a href=\"https:\/\/www.hautesvallees.com\/lizoard\/fete-et-manifestation\/journees-europeenes-du-patrimoine-visite-des-mines-paysannes-de-puy-saint-andre-puy-saint-andre\" class=\"ApiTile-link ApiTileDefault-link\" title=\"Journ\u00e9es Europ\u00e9enes du Patrimoine - Visite des mines paysannes de Puy Saint Andr\u00e9\">\n            <span class=\"ApiTile-location ApiTileDefault-location\">\n        Puy-Saint-Andr\u00e9\n    <\/span>\n\n            <button class=\"__gtm_track_click __altimax_favory ApiTile-fav ApiTileDefault-fav Favourite\"\n            data-apidae=\"7517837\"\n            title=\"Ajoutez aux favoris\"\n            data-txtajouter=\"Ajoutez aux favoris\"\n            data-txtretirer=\"Retirez des favoris\"\n            data-event-category=\"Apidae fiche objet\"\n            data-event-action=\"ajout trip planner\"\n            data-event-label=\"7517837 : Journ\u00e9es Europ\u00e9enes du Patrimoine - Visite des mines paysannes de Puy Saint Andr\u00e9\">\n        <img decoding=\"async\" class=\"Favourite-border svg\"\n             src=\"\/content\/themes\/theme_altimax\/dist\/img\/apidae\/system\/SYSTEM-FavOff-30px.svg\"\/>\n        <img decoding=\"async\" class=\"Favourite-full svg\"\n             src=\"\/content\/themes\/theme_altimax\/dist\/img\/apidae\/system\/SYSTEM-FavOn-30px.svg\"\/>\n    <\/button>\n\n            <picture class=\"ApiTile-picture ApiTileDefault-picture\">\n        <img decoding=\"async\" class=\"ApiTile-img ApiTileAgenda-img\" src=\"\/cache\/images\/39805806_apidae-tile.webp\" alt=\"Journ\u00e9es Europ\u00e9enes du Patrimoine - Visite des mines paysannes de Puy Saint Andr\u00e9\">\n    <\/picture>\n\n        <div class=\"ApiTile-content ApiTileDefault-content\">\n            \n            <div class=\"ApiTile-top ApiTileDefault-top\">\n                <span class=\"ApiTile-type ApiTileDefault-type\">\n                        agenda\n            <\/span>                                            <\/div>\n\n            <h2 class=\"ApiTile-title ApiTileDefault-title\">Journ\u00e9es Europ\u00e9enes du Patrimoine &#8211; V&#8230;<\/h2>\n                                        <ul class=\"ApiTile-categorie ApiTileDefault-categorie\">\n                                                <li class=\"ApiTile-categorie--item ApiTileDefault-categorie--item\">\n                        Visite guid\u00e9e et\/ou comment\u00e9e\n                    <\/li>\n                                    <\/ul>\n                \n                                <\/div>\n    <\/a>\n<\/li>\n\n                                    <\/ul>\n            \n                        \n        <\/div>\n                    <ul class=\"Paginator __altimax_listing_paginator\">\n                    <li class=\"Paginator-page __altimax_listing_load active\"\n        data-index=\"1\" >\n        <span>1<\/span>\n    <\/li>\n\n            <\/ul>\n            <\/div>\n<\/div>\n\n<div class=\"GutCol2  GutContainer\">\n        <div class=\"GutCol2-container\">\n\n            \n                                                                                                                                        <div class=\"GutCol2-wrap GutCol2-blocImage Left\">\n                                    <picture class=\"GutCol2-picture\">\n                                        <img decoding=\"async\" src=\"https:\/\/www.hautesvallees.com\/content\/uploads\/sites\/4\/2025\/02\/La-petite-ferme-des-Regains-_-Alpesphotographies.com-45-optimise-web-588x588.jpg\"\n                                             alt=\"visites izoard\" \/>\n                                    <\/picture>\n                                                                            <span class=\"GutCol2-credit\">\u00a9 Alpes Photographies<\/span>\n                                                                    <\/div>\n                                                                                                                                                    <div class=\"GutCol2-wrap GutCol2-blocTexte Right\">\n                                <div class=\"GutCol2-blocTexte--inner\">\n                                                                            <div class=\"GutTitle Left\">\n                    <h2 class=\"GutTitle-title\">\n                                    <span class=\"GutTitle-surtitle\">Les visites de <\/span>\n                                                        fermes\n                            <\/h2>\n                    <\/div>\n                                                                                                                                                    <div class=\"GutCol2-text Content\">\n                                            <p>D\u00e9couvrez la vie agricole des alpages et le quotidien dans les vall\u00e9es montagnardes de l&rsquo;Izoard. Profitez ainsi de votre s\u00e9jour autour de Brian\u00e7on pour visiter des fermes et vivre une rencontre unique avec les habitants de nos villages. Cette d\u00e9couverte intimiste du monde rural est un moment simple \u00e0 partager mais tellement riche \u00e0 la fois. <strong>Repartez avec un produit local pour d\u00e9guster les saveurs d\u2019ici et faire durer le plaisir encore quelques jours.<\/strong><\/p>\n<p>&nbsp;<\/p>\n<p style=\"text-align: left\"><a class=\"Button-primary\" href=\"https:\/\/www.hautesvallees.com\/lizoard\/que-faire\/visites-et-patrimoine\/visites-de-fermes\/\" target=\"_blank\" rel=\"noopener\">Je d\u00e9couvre les fermes de l&rsquo;Izoard<\/a><\/p>\n\n                                        <\/div>\n                                                                    <\/div>\n                            <\/div>\n                                                                <\/div>\n    <\/div>\n\n\n<div class=\"GutCol2  GutContainer\">\n        <div class=\"GutCol2-container\">\n\n            \n                                                                                                        <div class=\"GutCol2-wrap GutCol2-blocTexte Left\">\n                                <div class=\"GutCol2-blocTexte--inner\">\n                                                                            <div class=\"GutTitle Left\">\n                    <h2 class=\"GutTitle-title\">\n                                    <span class=\"GutTitle-surtitle\">Les mines<\/span>\n                                                        du brian\u00e7onnais\n                            <\/h2>\n                    <\/div>\n                                                                                                                                                    <div class=\"GutCol2-text Content\">\n                                            <p>Dans le Brian\u00e7onnais, et particuli\u00e8rement \u00e0 Villard-Saint-Pancrace, Puy-Saint-Andr\u00e9 et Puy-Saint-Pierre, l\u2019histoire ne se lit pas seulement dans les paysages spectaculaires. Sous la montagne se cache aussi un patrimoine discret mais fascinant :\u00a0<strong data-start=\"516\" data-end=\"570\">les anciennes mines paysannes et industrielles du Brian\u00e7onnais et de l\u2019Izoard<\/strong>. Pendant des si\u00e8cles, les habitants ont exploit\u00e9 les ressources du sous-sol, laissant derri\u00e8re eux galeries, vestiges et sentiers charg\u00e9s d\u2019histoire.<\/p>\n<p>&nbsp;<\/p>\n<p><a class=\"Button-primary\" href=\"https:\/\/www.hautesvallees.com\/lizoard\/que-faire\/visites-et-patrimoine\/musees-et-sites-culturels\/les-mines-du-brianconnais\/\" target=\"_blank\" rel=\"noopener\">Les mines du Brian\u00e7onnais<\/a><\/p>\n\n                                        <\/div>\n                                                                    <\/div>\n                            <\/div>\n                                                                                                                                                        <div class=\"GutCol2-wrap GutCol2-blocImage Right\">\n                                    <picture class=\"GutCol2-picture\">\n                                        <img decoding=\"async\" src=\"https:\/\/www.hautesvallees.com\/content\/uploads\/sites\/4\/2026\/03\/Mines-des-Puys-Puy-Saint-Pierre-Puy-Saint-Andre-automne-2025-T.Poinas-Galimey-Studio-22-588x588.jpg\"\n                                             alt=\"Mines des Puys, Puy-Saint-Pierre Puy-Saint-Andr\u00e9, automne 2025 - T.Poinas Galimey Studio (22)\" \/>\n                                    <\/picture>\n                                                                            <span class=\"GutCol2-credit\">\u00a9 Galimey Studio<\/span>\n                                                                    <\/div>\n                                                                                            <\/div>\n    <\/div>\n\n\n<div class=\"GutCol2  GutContainer\">\n        <div class=\"GutCol2-container\">\n\n            \n                                                                                                                                        <div class=\"GutCol2-wrap GutCol2-blocImage Left\">\n                                    <picture class=\"GutCol2-picture\">\n                                        <img decoding=\"async\" src=\"https:\/\/www.hautesvallees.com\/content\/uploads\/sites\/4\/2026\/07\/Trail-vallee-des-fonts-T.BLAIS-29-588x588.jpg\"\n                                             alt=\"Sentier g\u00e9ologique du Chenaillet \u00a9T.Blais\" \/>\n                                    <\/picture>\n                                                                            <span class=\"GutCol2-credit\">\u00a9 T.Blais<\/span>\n                                                                    <\/div>\n                                                                                                                                                    <div class=\"GutCol2-wrap GutCol2-blocTexte Right\">\n                                <div class=\"GutCol2-blocTexte--inner\">\n                                                                            <div class=\"GutTitle Left\">\n                    <h2 class=\"GutTitle-title\">\n                                                        Sites g\u00e9ologiques \n                            <\/h2>\n                            <span class=\"GutTitle-subtitle\">de l&#039;Izoard<\/span>\n            <\/div>\n                                                                                                                                                    <div class=\"GutCol2-text Content\">\n                                            <p>La destination Izoard porte les traces de la naissance des cha\u00eenes de montagnes.\u00a0Le\u00a0Brian\u00e7onnais\u00a0est une des\u00a0meilleures r\u00e9gions de France pour comprendre et observer l\u2019histoire s\u00e9dimentaire et volcanique des collisions de plaques tectoniques, \u00e0 l\u2019origine de la formation des Alpes.\u00a0Des\u00a0sentiers am\u00e9nag\u00e9s\u00a0permettent \u00e0 tous de pouvoir\u00a0d\u00e9couvrir ces sites g\u00e9ologiques faisant partie du G\u00e9oparc des Alpes cottiennes. Venez en apprendre plus sur la g\u00e9ologie en visitant la maison de la g\u00e9ologie ou en parcourant les montagnes alentour.<\/p>\n<p>&nbsp;<\/p>\n<p style=\"text-align: center\"><a class=\"Button-primary\" href=\"https:\/\/www.hautesvallees.com\/lizoard\/equipement\/maison-de-la-geologie-et-du-geoparc-puy-saint-andre\/\" target=\"_blank\" rel=\"noopener\">D\u00e9couvrir la maison de la G\u00e9ologie et du G\u00e9oparc<\/a><\/p>\n\n                                        <\/div>\n                                                                    <\/div>\n                            <\/div>\n                                                                <\/div>\n    <\/div>\n\n\n<div class=\"GutCol2  GutContainer\">\n        <div class=\"GutCol2-container\">\n\n            \n                                                                                                        <div class=\"GutCol2-wrap GutCol2-blocTexte Left\">\n                                <div class=\"GutCol2-blocTexte--inner\">\n                                                                            <div class=\"GutTitle Left\">\n                    <h2 class=\"GutTitle-title\">\n                                                        Patrimoine\n                            <\/h2>\n                            <span class=\"GutTitle-subtitle\">culturel<\/span>\n            <\/div>\n                                                                                                                                                    <div class=\"GutCol2-text Content\">\n                                            <p>L\u2019Izoard n\u2019a pas fini de vous surprendre ! Vous qui \u00eates passionn\u00e9\u00a0<strong>d\u2019histoire, le patrimoine culturel et religieux<\/strong>\u00a0<strong>en Izoard est fabuleux.<\/strong>\u00a0Suivez les traces des cadrans solaires,\u00a0arr\u00eatez-vous dans les \u00e9glises et chapelles pour admirer leur construction, les fresques peintes ou juste pour vous recueillir. Mais surtout,\u00a0<strong>programmez une visite guid\u00e9e<\/strong>\u00a0pour vous laissez emporter dans l\u2019histoire, dans les traces du pass\u00e9 en Izoard.<\/p>\n<p>&nbsp;<\/p>\n<p><a class=\"Button-primary\" href=\"https:\/\/www.hautesvallees.com\/lizoard\/que-faire\/visites-et-patrimoine\/patrimoine-culturel\/\" target=\"_blank\" rel=\"noopener\">D\u00e9couvrir l&rsquo;univers culturel de l&rsquo;Izoard<\/a><\/p>\n\n                                        <\/div>\n                                                                    <\/div>\n                            <\/div>\n                                                                                                                                                        <div class=\"GutCol2-wrap GutCol2-blocImage Right\">\n                                    <picture class=\"GutCol2-picture\">\n                                        <img decoding=\"async\" src=\"https:\/\/www.hautesvallees.com\/content\/uploads\/sites\/4\/2026\/08\/Chapelle-Saint-Pancrace-Villard-saint-Pancrace-ete-2025-Laury-Chamerlat-5-scaled-e1785761143578-588x588.jpg\"\n                                             alt=\"Chapelle Saint-Pancrace, Villard-saint-Pancrace, \u00e9t\u00e9 2025 - Laury Chamerlat (5)\" \/>\n                                    <\/picture>\n                                                                            <span class=\"GutCol2-credit\">\u00a9 L.Chamerlat<\/span>\n                                                                    <\/div>\n                                                                                            <\/div>\n    <\/div>\n\n\n<div class=\"GutCol2  GutContainer\">\n        <div class=\"GutCol2-container\">\n\n            \n                                                                                                                                        <div class=\"GutCol2-wrap GutCol2-blocImage Left\">\n                                    <picture class=\"GutCol2-picture\">\n                                        <img decoding=\"async\" src=\"https:\/\/www.hautesvallees.com\/content\/uploads\/sites\/4\/2025\/01\/Fort-et-mur-des-Aittes-T.POINAS-4-scaled-1-588x588.jpg\"\n                                             alt=\"Fort-et-mur-des-Aittes-Galimey Studio\" \/>\n                                    <\/picture>\n                                                                            <span class=\"GutCol2-credit\">\u00a9 Galimey Studio<\/span>\n                                                                    <\/div>\n                                                                                                                                                    <div class=\"GutCol2-wrap GutCol2-blocTexte Right\">\n                                <div class=\"GutCol2-blocTexte--inner\">\n                                                                            <div class=\"GutTitle Left\">\n                    <h2 class=\"GutTitle-title\">\n                                                        Patrimoine \n                            <\/h2>\n                            <span class=\"GutTitle-subtitle\">militaire<\/span>\n            <\/div>\n                                                                                                                                                    <div class=\"GutCol2-text Content\">\n                                            <p>Passionn\u00e9 par l\u2019histoire militaire de la France ?\u00a0Le Brian\u00e7onnais\u00a0et plus particuli\u00e8rement\u00a0l\u2019Izoard\u00a0ont un\u00a0pass\u00e9 militaire charg\u00e9. Connaissez-vous le Fort et le mur des Aittes faisant partie des ouvrages de la ligne Maginot ?\u00a0Ce sont des ouvrages d\u00e9fensifs construits pour prot\u00e9ger la France contre les \u00e9vasions de l\u2019Italie. Mais il n\u2019y a pas qu\u2019\u00e0 Cervi\u00e8res que vous pourrez d\u00e9couvrir le patrimoine militaire de l\u2019Izoard. Plusieurs forts comme\u00a0le fort de la Grande Maye, le fort de la Lausette ou encore le fort de la croix de Bretagne ont tous une histoire \u00e0 nous raconter.<\/p>\n<p><a class=\"Button-primary\" href=\"https:\/\/www.hautesvallees.com\/lizoard\/que-faire\/visites-et-patrimoine\/patrimoine-militaire\/\" target=\"_blank\" rel=\"noopener\">D\u00e9couvrir le patrimoine militaire<\/a><\/p>\n\n                                        <\/div>\n                                                                    <\/div>\n                            <\/div>\n                                                                <\/div>\n    <\/div>\n\n\n<div class=\"GutPushArticles GutPushCategories  GutContainer\">\n        <div class=\"GutPushArticles-container\">\n            <div class=\"GutTitle Center\">\n                    <h2 class=\"GutTitle-title\">\n                                                        Vous aimerez aussi &#8230;\n                            <\/h2>\n                    <\/div>\n            <div class=\"GutPushArticles-inner GutPushArticles-slider\">\n                                    <div class=\"GutPushArticles-container  swiper __SwiperGutPushArticles \"  data-sliderid=\"6a9ac91193e2c\" >\n                        <div class=\"GutPushArticles-list  swiper-wrapper \">\n                                                            <a class=\"GutPushArticles-wrap  swiper-slide \" href=\"https:\/\/www.hautesvallees.com\/category\/tourisme-scientifique\/\">\n                                                                            <picture class=\"GutPushArticles-picture\">\n                                            <img decoding=\"async\" src=\"https:\/\/www.hautesvallees.com\/content\/uploads\/sites\/4\/2026\/07\/Fleurs-Nevache-Printemps-2023-371x248.jpg\"\n                                                 alt=\"Fleurs - N\u00e9vache - Printemps 2023 S.Morattel\" \/>\n                                        <\/picture>\n                                                                                                                <h2 class=\"GutPushCategories-title GutPushArticles-title\">Tourisme scientifique<\/h2>\n                                                                    <\/a>\n                                                            <a class=\"GutPushArticles-wrap  swiper-slide \" href=\"https:\/\/www.hautesvallees.com\/category\/nos-idees-recettes-locales\/\">\n                                                                            <picture class=\"GutPushArticles-picture\">\n                                            <img decoding=\"async\" src=\"https:\/\/www.hautesvallees.com\/content\/uploads\/sites\/4\/2025\/02\/380910430_808130387978793_4515664135329466974_n-371x248.jpg\"\n                                                 alt=\"380910430_808130387978793_4515664135329466974_n\" \/>\n                                        <\/picture>\n                                                                                                                <h2 class=\"GutPushCategories-title GutPushArticles-title\">Nos id\u00e9es et recettes locales<\/h2>\n                                                                    <\/a>\n                                                            <a class=\"GutPushArticles-wrap  swiper-slide \" href=\"https:\/\/www.hautesvallees.com\/category\/les-visages-des-hautes-vallees\/\">\n                                                                            <picture class=\"GutPushArticles-picture\">\n                                            <img decoding=\"async\" src=\"https:\/\/www.hautesvallees.com\/content\/uploads\/sites\/4\/2025\/02\/Maison-des-betes-a-laine-\u00a9Fabien-Dupuis-24-683x1024-1-371x248.webp\"\n                                                 alt=\"Maison-des-betes-a-laine-\u00a9Fabien-Dupuis-24-683x1024-1\" \/>\n                                        <\/picture>\n                                                                                                                <h2 class=\"GutPushCategories-title GutPushArticles-title\">Les visages des Hautes Vall\u00e9es<\/h2>\n                                                                    <\/a>\n                                                            <a class=\"GutPushArticles-wrap  swiper-slide \" href=\"https:\/\/www.hautesvallees.com\/category\/pour-les-randonneurs\/\">\n                                                                            <picture class=\"GutPushArticles-picture\">\n                                            <img decoding=\"async\" src=\"https:\/\/www.hautesvallees.com\/content\/uploads\/sites\/4\/2025\/02\/Claree-Famille-_-alpesphotographies.com-49-371x248.jpg\"\n                                                 alt=\"Clar\u00e9e Famille _ alpesphotographies.com-49\" \/>\n                                        <\/picture>\n                                                                                                                <h2 class=\"GutPushCategories-title GutPushArticles-title\">Pour les randonneurs<\/h2>\n                                                                    <\/a>\n                                                    <\/div>\n                                                    <div class=\"GutPushArticles-bullets swiper-pagination __SwiperGutPushArticles_bullets __SwiperGutPushArticles_pagination\"><\/div>\n                            <div class=\"GutPushArticles-progressbar swiper-pagination __SwiperGutPushArticles_progressbar __SwiperGutPushArticles_pagination\"><\/div>\n                                            <\/div>\n                                            <div class=\"GutPushArticles-prev swiper-button-prev __SwiperGutPushArticles_prev_6a9ac91193e2c\" tabindex=\"0\" role=\"button\" aria-label=\"Previous slide\"><\/div>\n                        <div class=\"GutPushArticles-next swiper-button-next __SwiperGutPushArticles_next_6a9ac91193e2c\" tabindex=\"0\" role=\"button\" aria-label=\"Next slide\"><\/div>\n                                                <\/div>\n        <\/div>\n    <\/div>\n","protected":false},"excerpt":{"rendered":"","protected":false},"author":5,"featured_media":513,"parent":380,"menu_order":2,"comment_status":"closed","ping_status":"closed","template":"","meta":{"_acf_changed":false,"footnotes":""},"class_list":["post-384","page","type-page","status-publish","has-post-thumbnail","hentry"],"acf":[],"_links":{"self":[{"href":"https:\/\/www.hautesvallees.com\/lizoard\/wp-json\/wp\/v2\/pages\/384","targetHints":{"allow":["GET"]}}],"collection":[{"href":"https:\/\/www.hautesvallees.com\/lizoard\/wp-json\/wp\/v2\/pages"}],"about":[{"href":"https:\/\/www.hautesvallees.com\/lizoard\/wp-json\/wp\/v2\/types\/page"}],"author":[{"embeddable":true,"href":"https:\/\/www.hautesvallees.com\/lizoard\/wp-json\/wp\/v2\/users\/5"}],"replies":[{"embeddable":true,"href":"https:\/\/www.hautesvallees.com\/lizoard\/wp-json\/wp\/v2\/comments?post=384"}],"version-history":[{"count":69,"href":"https:\/\/www.hautesvallees.com\/lizoard\/wp-json\/wp\/v2\/pages\/384\/revisions"}],"predecessor-version":[{"id":58191,"href":"https:\/\/www.hautesvallees.com\/lizoard\/wp-json\/wp\/v2\/pages\/384\/revisions\/58191"}],"up":[{"embeddable":true,"href":"https:\/\/www.hautesvallees.com\/lizoard\/wp-json\/wp\/v2\/pages\/380"}],"wp:featuredmedia":[{"embeddable":true,"href":"https:\/\/www.hautesvallees.com\/lizoard\/wp-json\/wp\/v2\/media\/513"}],"wp:attachment":[{"href":"https:\/\/www.hautesvallees.com\/lizoard\/wp-json\/wp\/v2\/media?parent=384"}],"curies":[{"name":"wp","href":"https:\/\/api.w.org\/{rel}","templated":true}]}}