{"id":38323,"date":"2026-03-10T15:38:27","date_gmt":"2026-03-10T14:38:27","guid":{"rendered":"https:\/\/www.hautesvallees.com\/lizoard\/se-loger\/les-mines-de-lizoard\/"},"modified":"2026-03-25T11:28:11","modified_gmt":"2026-03-25T10:28:11","slug":"les-mines-du-brianconnais","status":"publish","type":"page","link":"https:\/\/www.hautesvallees.com\/lizoard\/que-faire\/les-mines-du-brianconnais\/","title":{"rendered":"Les mines du Brian\u00e7onnais"},"content":{"rendered":"<div class=\"GutText  GutContainer\">\n        <div class=\"GutText-inner\">\n            <div class=\"GutTitle Center\">\n                    <h2 class=\"GutTitle-title\">\n                                                        un patrimoine minier m\u00e9connu\n                            <\/h2>\n                    <\/div>\n                                        <div class=\"GutText-wysiwyg Content\">\n                    <p style=\"text-align: center\">Dans le Brian\u00e7onnais, et particuli\u00e8rement \u00e0 Villard-Saint-Pancrace, Puy-Saint-Andr\u00e9 et Puy-Saint-Pierre, l\u2019histoire ne se lit pas seulement dans les paysages spectaculaires. Sous la montagne se cache aussi un patrimoine discret mais fascinant : <strong data-start=\"516\" data-end=\"570\">les anciennes mines paysannes et industrielles du Brian\u00e7onnais et de l\u2019Izoard<\/strong>. Pendant des si\u00e8cles, les habitants ont exploit\u00e9 les ressources du sous-sol, laissant derri\u00e8re eux galeries, vestiges et sentiers charg\u00e9s d\u2019histoire.<\/p>\n\n                <\/div>\n                    <\/div>\n    <\/div>\n\n\n<div class=\"GutCol2  GutContainer\">\n        <div class=\"GutCol2-container\">\n\n            \n                                                                                                        <div class=\"GutCol2-wrap GutCol2-blocTexte Left\">\n                                <div class=\"GutCol2-blocTexte--inner\">\n                                                                            <div class=\"GutTitle Left\">\n                            <span class=\"GutTitle-subtitle\">Un peu d\u2019histoire des mines dans le Brian\u00e7onnais<\/span>\n            <\/div>\n                                                                                                                                                    <div class=\"GutCol2-text Content\">\n                                            <p>L\u2019exploitation mini\u00e8re a longtemps fait partie de la vie des villages du Brian\u00e7onnais, au XVIII\u00b0 et au XIX\u00b0 si\u00e8cle. Dans ces vall\u00e9es de montagne o\u00f9 l\u2019agriculture restait difficile, l\u2019extraction du charbon repr\u00e9sentait un compl\u00e9ment de revenu essentiel pour de nombreuses familles. On retrouve aujourd&rsquo;hui les traces de ces exploitations mini\u00e8res qui \u00e9taient soit paysannes, soit industrielles.<\/p>\n<p>Les mines paysannes sont souvent plus modestes, creus\u00e9es par les habitants eux m\u00eames, comme la <a href=\"https:\/\/www.hautesvallees.com\/lizoard\/patrimoine-culturel\/mine-de-la-cabane-villar-saint-pancrace\/\" target=\"_blank\" rel=\"noopener\">mine de la Cabane \u00e0 Villard-Saint-Pancrace<\/a>, tandis que les mines industrielles sont souvent plus grandes, et les mineurs ont plus de mat\u00e9riels pour travailler, comme nous pouvons le voir avec des vestiges d&rsquo;un t\u00e9l\u00e9ph\u00e9rique et des terrils \u00e0 la mine de la Combarine.<\/p>\n<p>Au XX\u1d49 si\u00e8cle, l\u2019arriv\u00e9e d\u2019\u00e9nergies nouvelles et la concurrence d\u2019autres bassins miniers entra\u00eenent progressivement la fermeture de ces exploitations. Aujourd\u2019hui, les vestiges de ces mines constituent un patrimoine historique important du territoire, que vous pouvez visiter tout au long de la boucle des mines des Puy ou \u00e0 d\u00e9couvrir \u00e0 Villard-Saint-Pancrace.<\/p>\n\n                                        <\/div>\n                                                                    <\/div>\n                            <\/div>\n                                                                                                                                                        <div class=\"GutCol2-wrap GutCol2-blocImage Right\">\n                                    <picture class=\"GutCol2-picture\">\n                                        <img decoding=\"async\" src=\"https:\/\/www.hautesvallees.com\/content\/uploads\/sites\/4\/2026\/03\/Boucle-des-mines-des-Puy-Puy-saint-Andre-Puy-Saint-Pierre-automne-2025-Laury-Chamerlat-18-664x480.jpg\"\n                                             alt=\"Boucle des mines des Puy, Puy-saint-Andr\u00e9 Puy-Saint-Pierre, automne 2025 - Laury Chamerlat (18)\" \/>\n                                    <\/picture>\n                                                                            <span class=\"GutCol2-credit\">\u00a9 L.Charmerlat<\/span>\n                                                                    <\/div>\n                                                                                            <\/div>\n    <\/div>\n\n\n<div class=\"GutGallery  GutContainer\">\n\n        \n                    <div class=\"GutGallery-container three_column __gallery\" id=\"gallery_69f1d3cc36fbb\" data-galleryid=\"gallery_69f1d3cc36fbb\" data-download=\"false\">\n                                                            <a class=\"GutGallery-item\"\n                           href=\"https:\/\/www.hautesvallees.com\/content\/uploads\/sites\/4\/2026\/03\/Boucle-des-mines-des-Puy-Puy-saint-Andre-Puy-Saint-Pierre-automne-2025-Laury-Chamerlat-16.jpg\"\n                            data-lg-size=\"436-291\"                             data-sub-html=\"L.Chamerlat\"                         >\n                            <picture class=\"GutGallery-pic\">\n                                <img decoding=\"async\" class=\"GutGallery-img\" src=\"https:\/\/www.hautesvallees.com\/content\/uploads\/sites\/4\/2026\/03\/Boucle-des-mines-des-Puy-Puy-saint-Andre-Puy-Saint-Pierre-automne-2025-Laury-Chamerlat-16.jpg\" alt=\"1\">\n                            <\/picture>\n                                                            <div class=\"GutGallery-creditphoto\">L.Chamerlat<\/div>\n                                                    <\/a>\n                                                                                <a class=\"GutGallery-item\"\n                           href=\"https:\/\/www.hautesvallees.com\/content\/uploads\/sites\/4\/2026\/03\/Mines-des-Puys-Puy-Saint-Pierre-Puy-Saint-Andre-automne-2025-T.Poinas-Galimey-Studio-22-e1773651845210.jpg\"\n                            data-lg-size=\"436-291\"                             data-sub-html=\"T.Poinas\"                         >\n                            <picture class=\"GutGallery-pic\">\n                                <img decoding=\"async\" class=\"GutGallery-img\" src=\"https:\/\/www.hautesvallees.com\/content\/uploads\/sites\/4\/2026\/03\/Mines-des-Puys-Puy-Saint-Pierre-Puy-Saint-Andre-automne-2025-T.Poinas-Galimey-Studio-22-436x320.jpg\" alt=\"1\">\n                            <\/picture>\n                                                            <div class=\"GutGallery-creditphoto\">T.Poinas<\/div>\n                                                    <\/a>\n                                                                                <a class=\"GutGallery-item\"\n                           href=\"https:\/\/www.hautesvallees.com\/content\/uploads\/sites\/4\/2026\/03\/Boucle-des-mines-des-Puy-Puy-saint-Andre-Puy-Saint-Pierre-automne-2025-Laury-Chamerlat-1.jpg\"\n                            data-lg-size=\"436-291\"                             data-sub-html=\"L.Chamerlat\"                         >\n                            <picture class=\"GutGallery-pic\">\n                                <img decoding=\"async\" class=\"GutGallery-img\" src=\"https:\/\/www.hautesvallees.com\/content\/uploads\/sites\/4\/2026\/03\/Boucle-des-mines-des-Puy-Puy-saint-Andre-Puy-Saint-Pierre-automne-2025-Laury-Chamerlat-1.jpg\" alt=\"1\">\n                            <\/picture>\n                                                            <div class=\"GutGallery-creditphoto\">L.Chamerlat<\/div>\n                                                    <\/a>\n                                                <\/div>\n            <\/div>\n\n\n<div class=\"GutCol2  GutContainer\">\n        <div class=\"GutCol2-container\">\n\n            \n                                                                                                                                        <div class=\"GutCol2-wrap GutCol2-blocImage Left\">\n                                    <picture class=\"GutCol2-picture\">\n                                        <img decoding=\"async\" src=\"https:\/\/www.hautesvallees.com\/content\/uploads\/sites\/4\/2026\/03\/Mines-des-Puys-Puy-Saint-Pierre-Puy-Saint-Andre-automne-2025-T.Poinas-Galimey-Studio-59-664x480.jpg\"\n                                             alt=\"Mine de la Combarine - Puy Saint Pierre - T.Poinas\" \/>\n                                    <\/picture>\n                                                                            <span class=\"GutCol2-credit\">\u00a9 T.Poinas<\/span>\n                                                                    <\/div>\n                                                                                                                                                    <div class=\"GutCol2-wrap GutCol2-blocTexte Right\">\n                                <div class=\"GutCol2-blocTexte--inner\">\n                                                                            <div class=\"GutTitle Left\">\n                            <span class=\"GutTitle-subtitle\">Les mines des Puy : Puy-Saint-Andr\u00e9 et Puy-Saint-Pierre<\/span>\n            <\/div>\n                                                                                                                                                    <div class=\"GutCol2-text Content\">\n                                            <p>Au-dessus de Brian\u00e7on, les communes de <strong data-start=\"1606\" data-end=\"1625\">Puy-Saint-Andr\u00e9<\/strong> et <strong data-start=\"1629\" data-end=\"1649\">Puy-Saint-Pierre<\/strong> poss\u00e8dent plusieurs traces de l\u2019activit\u00e9 mini\u00e8re qui a marqu\u00e9 le territoire, avec pas moins de<strong> 5 sites<\/strong> visibles tout du long de la boucle des mines, qui rec\u00e8le bien des surprises.<\/p>\n<p>Commen\u00e7ons par <strong>Combarine,<\/strong> dont les derni\u00e8res ruines t\u00e9moignent de la plus importante exploitation industrielle du Brian\u00e7onnais avec son organisation rationnelle, son t\u00e9l\u00e9ph\u00e9rique minier et ses terrils comme seuls vestiges apparents d\u2019une exploitation de ce genre en montagne.<\/p>\n<p>Puis, nous d\u00e9couvrons, <strong>la mine de Roche Pessa<\/strong> qui, montre une galerie souterraine encore en place et visitable, une des derni\u00e8res du Brian\u00e7onnais, o\u00f9 l\u2019on peut se rendre compte du travail souterrain des mineur.<\/p>\n\n                                        <\/div>\n                                                                    <\/div>\n                            <\/div>\n                                                                <\/div>\n    <\/div>\n\n\n<div class=\"GutText  GutContainer\">\n        <div class=\"GutText-inner\">\n                                                    <div class=\"GutText-wysiwyg Content\">\n                    <p style=\"text-align: center;\">Poursuivons, non loin du <strong>torrent du Fossa,<\/strong> o\u00f9 la zone <strong>du four \u00e0 chaux<\/strong> atteste du lien fort existant, entre <strong>charbon et chaux<\/strong> car cet anthracite de pi\u00e8tre qualit\u00e9 \u00e9tait aussi utilis\u00e9 pour la fabrication de la chaux. En cela, ce four reste un exemple parfaitement conserv\u00e9 sur la centaine existant en brian\u00e7onnais.<\/p>\n<p style=\"text-align: center;\">Entre les arbres, en contrebas, appara\u00eet <strong>la mine du Fossa,<\/strong> un des seuls t\u00e9moignages de gestion communale de la ressource en charbon per\u00e7ue jusqu\u2019\u00e0 la Premi\u00e8re Guerre mondiale comme un bien commun.<\/p>\n<p style=\"text-align: center;\"><strong>A la mine des Envers,<\/strong> dominant la gorge, est visible une des derni\u00e8res mines paysannes exploit\u00e9es au XX\u00e8me si\u00e8cle, jusqu\u2019\u00e0 1954 pour \u00eatre pr\u00e9cis, \u00e0 la production importante et aux vestiges singuliers. Elle montre l\u2019\u00e2ge d\u2019or de ce type de mine lors de la p\u00e9riode de la reconstruction de la France apr\u00e8s-guerre.<\/p>\n\n                <\/div>\n                    <\/div>\n    <\/div>\n\n\n<div class=\"GutGallery  GutContainer\">\n\n        \n                    <div class=\"GutGallery-container three_column __gallery\" id=\"gallery_69f1d3cc3c29a\" data-galleryid=\"gallery_69f1d3cc3c29a\" data-download=\"false\">\n                                                            <a class=\"GutGallery-item\"\n                           href=\"https:\/\/www.hautesvallees.com\/content\/uploads\/sites\/4\/2026\/03\/Mines-des-Puys-Puy-Saint-Pierre-Puy-Saint-Andre-automne-2025-T.Poinas-Galimey-Studio-52.jpg\"\n                            data-lg-size=\"436-654\"                             data-sub-html=\"T.Poinas\"                         >\n                            <picture class=\"GutGallery-pic\">\n                                <img decoding=\"async\" class=\"GutGallery-img\" src=\"https:\/\/www.hautesvallees.com\/content\/uploads\/sites\/4\/2026\/03\/Mines-des-Puys-Puy-Saint-Pierre-Puy-Saint-Andre-automne-2025-T.Poinas-Galimey-Studio-52-436x600.jpg\" alt=\"1\">\n                            <\/picture>\n                                                            <div class=\"GutGallery-creditphoto\">T.Poinas<\/div>\n                                                    <\/a>\n                                                                                <a class=\"GutGallery-item\"\n                           href=\"https:\/\/www.hautesvallees.com\/content\/uploads\/sites\/4\/2026\/03\/20251106_113641-1-rotated.jpg\"\n                            data-lg-size=\"1500-2000\"                             data-sub-html=\"S.Morattel\"                         >\n                            <picture class=\"GutGallery-pic\">\n                                <img decoding=\"async\" class=\"GutGallery-img\" src=\"https:\/\/www.hautesvallees.com\/content\/uploads\/sites\/4\/2026\/03\/20251106_113641-1-436x600.jpg\" alt=\"1\">\n                            <\/picture>\n                                                            <div class=\"GutGallery-creditphoto\">S.Morattel<\/div>\n                                                    <\/a>\n                                                                                <a class=\"GutGallery-item\"\n                           href=\"https:\/\/www.hautesvallees.com\/content\/uploads\/sites\/4\/2026\/03\/Mines-des-Puys-Puy-Saint-Pierre-Puy-Saint-Andre-automne-2025-T.Poinas-Galimey-Studio-72.jpg\"\n                            data-lg-size=\"327-436\"                             data-sub-html=\"T.Poinas\"                         >\n                            <picture class=\"GutGallery-pic\">\n                                <img decoding=\"async\" class=\"GutGallery-img\" src=\"https:\/\/www.hautesvallees.com\/content\/uploads\/sites\/4\/2026\/03\/Mines-des-Puys-Puy-Saint-Pierre-Puy-Saint-Andre-automne-2025-T.Poinas-Galimey-Studio-72.jpg\" alt=\"1\">\n                            <\/picture>\n                                                            <div class=\"GutGallery-creditphoto\">T.Poinas<\/div>\n                                                    <\/a>\n                                                <\/div>\n            <\/div>\n\n\n<div class=\"GutCol2  GutContainer\">\n        <div class=\"GutCol2-container\">\n\n            \n                                                                                                        <div class=\"GutCol2-wrap GutCol2-blocTexte Left\">\n                                <div class=\"GutCol2-blocTexte--inner\">\n                                                                            <div class=\"GutTitle Left\">\n                            <span class=\"GutTitle-subtitle\">La mine de la Cabane de Villard-Saint-Pancrace<\/span>\n            <\/div>\n                                                                                                                                                    <div class=\"GutCol2-text Content\">\n                                            <p>A Villard-Saint-Pancrace, il y a \u00e9galement un fort pass\u00e9 minier.\u00a0Plusieurs galeries ont \u00e9t\u00e9 creus\u00e9es dans la montagne pour exploiter les couches de charbon pr\u00e9sentes dans le sous-sol.<\/p>\n<p data-start=\"2639\" data-end=\"2885\">Les mineurs travaillaient souvent \u00e0 proximit\u00e9 de leur village et transportaient le minerai gr\u00e2ce \u00e0 des wagonnets ou par des chemins muletiers. Cette activit\u00e9 faisait vivre de nombreuses familles du secteur et structurait la vie \u00e9conomique locale.<\/p>\n<p data-start=\"2887\" data-end=\"3165\">Aujourd\u2019hui, certains sentiers permettent encore de d\u00e9couvrir les <strong data-start=\"2953\" data-end=\"2991\">vestiges de cette activit\u00e9 mini\u00e8re<\/strong> : entr\u00e9es de galeries, anciens chemins de mineurs ou installations abandonn\u00e9es. Ces traces rappellent l\u2019importance de ce patrimoine industriel dans l\u2019histoire du territoire.<\/p>\n<p style=\"text-align: center\" data-start=\"2887\" data-end=\"3165\"><a class=\"Button-primary\" href=\"https:\/\/www.hautesvallees.com\/mine-de-la-cabane-a-villard-st-pancrace\/\">D\u00e9couvrir la mine de la Cabane de Villard-Saint-Pancrace<\/a><\/p>\n\n                                        <\/div>\n                                                                    <\/div>\n                            <\/div>\n                                                                                                                                                        <div class=\"GutCol2-wrap GutCol2-blocImage Right\">\n                                    <picture class=\"GutCol2-picture\">\n                                        <img decoding=\"async\" src=\"https:\/\/www.hautesvallees.com\/content\/uploads\/sites\/4\/2026\/03\/Mine-de-la-cabane-villard-saint-pancrace-Laury-Chamerlat-10-664x480.jpg\"\n                                             alt=\"Mine de la cabane, villard-saint-pancrace - Laury Chamerlat (10)\" \/>\n                                    <\/picture>\n                                                                            <span class=\"GutCol2-credit\">\u00a9 L.Chamerlat <\/span>\n                                                                    <\/div>\n                                                                                            <\/div>\n    <\/div>\n\n\n<div class=\"GutText  GutContainer\">\n        <div class=\"GutText-inner\">\n            <div class=\"GutTitle Center\">\n                    <h2 class=\"GutTitle-title\">\n                                    <span class=\"GutTitle-surtitle\">Les sites patrimoniaux <\/span>\n                                                        li\u00e9s aux mines\n                            <\/h2>\n                    <\/div>\n                                        <div class=\"GutText-wysiwyg Content\">\n                    <p>Plusieurs sites permettent aujourd\u2019hui de d\u00e9couvrir l\u2019histoire mini\u00e8re du Brian\u00e7onnais et des vall\u00e9es autour de l\u2019Izoard. Les anciennes exploitations, les vestiges industriels et les espaces g\u00e9ologiques t\u00e9moignent de cette activit\u00e9 qui a marqu\u00e9 les villages de montagne. Vous les retrouverez notamment sur Puy-Saint-Andr\u00e9 et Puy-Saint-Pierre ou \u00e0 Villard-Saint-Pancrace.<\/p>\n\n                <\/div>\n                    <\/div>\n    <\/div>\n\n\n\n<div class=\"ApiListing __altimax_listing \" data-js=\"{&quot;action_load&quot;:&quot;apidae_listing_load&quot;,&quot;action_map_tiles&quot;:&quot;apidae_listing_load_map_tiles&quot;,&quot;action_filters&quot;:&quot;apidae_listing_filters&quot;,&quot;action_pdf&quot;:&quot;apidae_listing_pdf&quot;,&quot;post_id&quot;:38323,&quot;blog_id&quot;:4,&quot;uid&quot;:1,&quot;cache_key&quot;:&quot;a139eafc98efe6e49b0e60660c39436c&quot;,&quot;is_agenda&quot;:false,&quot;listing_mode&quot;:&quot;listing&quot;,&quot;use_filters&quot;:true,&quot;use_share&quot;:true,&quot;paginator&quot;:{&quot;currentPage&quot;:1,&quot;maxPerPage&quot;:6,&quot;count&quot;:5,&quot;totalPages&quot;:1,&quot;nextPage&quot;:1,&quot;html&quot;:&quot;    &lt;li class=\\&quot;Paginator-page __altimax_listing_load active\\&quot;\\n        data-index=\\&quot;1\\&quot; &gt;\\n        &lt;span&gt;1&lt;\\\/span&gt;\\n    &lt;\\\/li&gt;\\n&quot;},&quot;ajax_url&quot;:&quot;https:\\\/\\\/www.hautesvallees.com\\\/\\\/lizoard\\\/wp-admin\\\/admin-ajax.php&quot;,&quot;lang&quot;:&quot;fr&quot;}\">\n    <div class=\"ApiListingLoader __altimax_loader\">\n        <div class=\"ApiListingLoader-container\">\n            <div class=\"ApiListingLoader-ring\"><\/div>\n        <\/div>\n    <\/div>\n                    \n                    \n                    \n                                                    <div class=\"ApiListing-container\">\n        <div class=\"ApiListing-control container_full \">\n                                        <button class=\"ApiListing-share desktop Button-border __altimax_listing_url\">\n                    <span data-text-valid=\"Copi\u00e9e dans le presse-papier\"\n                          data-text-unvalid=\"Aucune recherche !\">\n                        Partager ma recherche\n                    <\/span>\n                <\/button>\n                                        <button class=\"ApiListing-pdf desktop Button-border __altimax_listing_pdf\">T\u00e9l\u00e9charger<\/button>\n                                                                                                    <div class=\"ApiListing-result\">\n                <div class=\"ApiListing-result--number __altimax_listing_count\">5<\/div>\n                R\u00e9sultats\n            <\/div>\n                    <\/div>\n\n        <div class=\"ApiListing-wrapper container_full filter \">\n                <div class=\"ApiListingFilter __altimax_filters\">\n        <div class=\"ApiListingFilter-container\">\n            <div class=\"ApiListingFilter-content\">\n                <div class=\"ApiListingFilter-top\">\n                    <div class=\"ApiListingFilter-col\">\n                        <span class=\"ApiListingFilter-title\">Filtrer votre recherche<\/span>\n                        <button class=\"ApiListingFilter-reinit __altimax_filters_reset\">\n                            <img decoding=\"async\" class=\"ApiListingFilter-reinit--svg svg\"\n                                 src=\"\/content\/themes\/theme_altimax\/dist\/img\/apidae\/system\/SYSTEM-CTA-Cross-18px.svg\"\/>\n                            R\u00e9initialiser les filtres\n                        <\/button>\n                    <\/div>\n                    <button class=\"ApiListingFilter-close __altimax_toggle_filters\"><\/button>\n                <\/div>\n                <div class=\"ApiListingFilter-wrapper __altimax_filters_content\">\n                                            <div class=\"ApiListingFilter-group __altimax_filters_filter_group\"\n                 data-group='{&quot;name&quot;:&quot;Communes&quot;,&quot;uid&quot;:&quot;communes_list&quot;,&quot;description&quot;:null,&quot;config&quot;:{&quot;order&quot;:&quot;desc&quot;,&quot;order_by&quot;:&quot;alphabetic&quot;,&quot;combination&quot;:&quot;and&quot;,&quot;template&quot;:&quot;list&quot;,&quot;keep_filters&quot;:true},&quot;filters&quot;:[{&quot;index&quot;:0,&quot;name&quot;:null,&quot;translate&quot;:false,&quot;type&quot;:&quot;commune&quot;,&quot;strict&quot;:true,&quot;values&quot;:[{&quot;active&quot;:false,&quot;count&quot;:2,&quot;name&quot;:&quot;Puy-Saint-Andr\\u00e9&quot;,&quot;type&quot;:&quot;commune&quot;,&quot;values&quot;:[1857]},{&quot;active&quot;:false,&quot;count&quot;:2,&quot;name&quot;:&quot;Puy-Saint-Pierre&quot;,&quot;type&quot;:&quot;commune&quot;,&quot;values&quot;:[1859]},{&quot;active&quot;:false,&quot;count&quot;:1,&quot;name&quot;:&quot;Villar-Saint-Pancrace&quot;,&quot;type&quot;:&quot;commune&quot;,&quot;values&quot;:[1931]}],&quot;template&quot;:&quot;list&quot;,&quot;count&quot;:5,&quot;config&quot;:{&quot;is_custom&quot;:false}}],&quot;count&quot;:5}'>\n                <div class=\"ApiListingFilter-group--wrapper \">\n    <span class=\"ApiListingFilter-group--title __accordion\">Communes<\/span>\n    <div class=\"ApiListingFilter-group--wrap\">\n        <ul class=\"ApiListingFilter-group--list\">\n                            <li class=\"ApiListingFilter-criteria--item\">\n        <ul class=\"ApiListingFilter-criteria--list\">\n                    <li class=\"ApiListingFilter-criteria--item\">\n                <span class=\"ApiListingFilter-checkbox __altimax_filters_value \"\n                      data-value='{&quot;active&quot;:false,&quot;count&quot;:2,&quot;name&quot;:&quot;Puy-Saint-Andr\\u00e9&quot;,&quot;type&quot;:&quot;commune&quot;,&quot;values&quot;:[1857]}'>\n                    <span class=\"box\"><\/span>\n                    <span class=\"ApiListingFilter-checkbox--value\">\n                        Puy-Saint-Andr\u00e9\n                                            <\/span>\n                <\/span>\n            <\/li>\n                    <li class=\"ApiListingFilter-criteria--item\">\n                <span class=\"ApiListingFilter-checkbox __altimax_filters_value \"\n                      data-value='{&quot;active&quot;:false,&quot;count&quot;:2,&quot;name&quot;:&quot;Puy-Saint-Pierre&quot;,&quot;type&quot;:&quot;commune&quot;,&quot;values&quot;:[1859]}'>\n                    <span class=\"box\"><\/span>\n                    <span class=\"ApiListingFilter-checkbox--value\">\n                        Puy-Saint-Pierre\n                                            <\/span>\n                <\/span>\n            <\/li>\n                    <li class=\"ApiListingFilter-criteria--item\">\n                <span class=\"ApiListingFilter-checkbox __altimax_filters_value \"\n                      data-value='{&quot;active&quot;:false,&quot;count&quot;:1,&quot;name&quot;:&quot;Villar-Saint-Pancrace&quot;,&quot;type&quot;:&quot;commune&quot;,&quot;values&quot;:[1931]}'>\n                    <span class=\"box\"><\/span>\n                    <span class=\"ApiListingFilter-checkbox--value\">\n                        Villar-Saint-Pancrace\n                                            <\/span>\n                <\/span>\n            <\/li>\n            <\/ul>\n<\/li>                    <\/ul>\n    <\/div>\n<\/div>            <\/div>\n            \n\n                <\/div>\n                <div class=\"ApiListingFilter-wrapper\">\n                        <div class=\"ApiListing-wrap ApiListingFilter-wrap\">\n                    <button class=\"ApiListing-share ApiListingFilter-share mobile Button-border __altimax_listing_url\">\n                <span data-text-valid=\"Copi\u00e9e dans le presse-papier\"\n                      data-text-unvalid=\"Aucune recherche !\">\n                    Partager ma recherche\n                <\/span>\n            <\/button>\n                            <button class=\"ApiListing-pdf ApiListingFilter-pdf mobile Button-border __altimax_listing_pdf\">T\u00e9l\u00e9charger<\/button>\n            <\/div>\n\n                <\/div>\n            <\/div>\n            <button class=\"ApiListingFilter-close--btn Button-full __altimax_toggle_filters\">Voir les r\u00e9sultats<\/button>\n        <\/div>\n        <div class=\"ApiListingFilter-overflow __altimax_toggle_filters\"><\/div>\n    <\/div>\n\n                            <ul class=\"ApiListing-list __altimax_listing_content\">\n                                            <!-- Generer le: 2026-04-29 09:35:09 -->\n<!-- Blog: L&amp;#039;Izoard - 4 -->\n<li class=\"ApiTile ApiTileDefault __altimax_listing_item  \"\n    data-roadbook-item=\"7701313\"\n    data-apidae=\"7701313\"\n    data-event-category=\"Apidae affichage\"\n    data-event-action=\"vue teaser\"\n    data-event-label=\"7701313 : Mine du Fossa\">\n    <a href=\"https:\/\/www.hautesvallees.com\/lizoard\/patrimoine-culturel\/mine-du-fossa-puy-saint-andre\" class=\"ApiTile-link ApiTileDefault-link\" title=\"Mine du Fossa\">\n            <span class=\"ApiTile-location ApiTileDefault-location\">\n        Puy-Saint-Andr\u00e9\n    <\/span>\n\n            <button class=\"__gtm_track_click __altimax_favory ApiTile-fav ApiTileDefault-fav Favourite\"\n            data-apidae=\"7701313\"\n            title=\"Ajoutez aux favoris\"\n            data-txtajouter=\"Ajoutez aux favoris\"\n            data-txtretirer=\"Retirez des favoris\"\n            data-event-category=\"Apidae fiche objet\"\n            data-event-action=\"ajout trip planner\"\n            data-event-label=\"7701313 : Mine du Fossa\">\n        <img decoding=\"async\" class=\"Favourite-border svg\"\n             src=\"\/content\/themes\/theme_altimax\/dist\/img\/apidae\/system\/SYSTEM-FavOff-30px.svg\"\/>\n        <img decoding=\"async\" class=\"Favourite-full svg\"\n             src=\"\/content\/themes\/theme_altimax\/dist\/img\/apidae\/system\/SYSTEM-FavOn-30px.svg\"\/>\n    <\/button>\n\n            <picture class=\"ApiTile-picture ApiTileDefault-picture\">\n        <img decoding=\"async\" class=\"ApiTile-img ApiTileAgenda-img\" src=\"\/cache\/images\/36228124_apidae-tile.jpg\" alt=\"Mine du Fossa\">\n    <\/picture>\n\n        <div class=\"ApiTile-content ApiTileDefault-content\">\n            \n            <div class=\"ApiTile-top ApiTileDefault-top\">\n                <span class=\"ApiTile-type ApiTileDefault-type\">\n                        patrimoine culturel\n            <\/span>                                            <\/div>\n\n            <h2 class=\"ApiTile-title ApiTileDefault-title\">Mine du Fossa<\/h2>\n                                            \n                                <\/div>\n    <\/a>\n<\/li>\n\n                                            <!-- Generer le: 2026-04-29 09:35:09 -->\n<!-- Blog: L&amp;#039;Izoard - 4 -->\n<li class=\"ApiTile ApiTileDefault __altimax_listing_item  \"\n    data-roadbook-item=\"7701716\"\n    data-apidae=\"7701716\"\n    data-event-category=\"Apidae affichage\"\n    data-event-action=\"vue teaser\"\n    data-event-label=\"7701716 : Mine des Envers\">\n    <a href=\"https:\/\/www.hautesvallees.com\/lizoard\/patrimoine-culturel\/mine-des-envers-puy-saint-andre\" class=\"ApiTile-link ApiTileDefault-link\" title=\"Mine des Envers\">\n            <span class=\"ApiTile-location ApiTileDefault-location\">\n        Puy-Saint-Andr\u00e9\n    <\/span>\n\n            <button class=\"__gtm_track_click __altimax_favory ApiTile-fav ApiTileDefault-fav Favourite\"\n            data-apidae=\"7701716\"\n            title=\"Ajoutez aux favoris\"\n            data-txtajouter=\"Ajoutez aux favoris\"\n            data-txtretirer=\"Retirez des favoris\"\n            data-event-category=\"Apidae fiche objet\"\n            data-event-action=\"ajout trip planner\"\n            data-event-label=\"7701716 : Mine des Envers\">\n        <img decoding=\"async\" class=\"Favourite-border svg\"\n             src=\"\/content\/themes\/theme_altimax\/dist\/img\/apidae\/system\/SYSTEM-FavOff-30px.svg\"\/>\n        <img decoding=\"async\" class=\"Favourite-full svg\"\n             src=\"\/content\/themes\/theme_altimax\/dist\/img\/apidae\/system\/SYSTEM-FavOn-30px.svg\"\/>\n    <\/button>\n\n            <picture class=\"ApiTile-picture ApiTileDefault-picture\">\n        <img decoding=\"async\" class=\"ApiTile-img ApiTileAgenda-img\" src=\"\/cache\/images\/36228338_apidae-tile.jpeg\" alt=\"Mine des Envers\">\n    <\/picture>\n\n        <div class=\"ApiTile-content ApiTileDefault-content\">\n            \n            <div class=\"ApiTile-top ApiTileDefault-top\">\n                <span class=\"ApiTile-type ApiTileDefault-type\">\n                        patrimoine culturel\n            <\/span>                                            <\/div>\n\n            <h2 class=\"ApiTile-title ApiTileDefault-title\">Mine des Envers<\/h2>\n                                            \n                                <\/div>\n    <\/a>\n<\/li>\n\n                                            <!-- Generer le: 2026-04-29 09:35:09 -->\n<!-- Blog: L&amp;#039;Izoard - 4 -->\n<li class=\"ApiTile ApiTileDefault __altimax_listing_item  \"\n    data-roadbook-item=\"7700816\"\n    data-apidae=\"7700816\"\n    data-event-category=\"Apidae affichage\"\n    data-event-action=\"vue teaser\"\n    data-event-label=\"7700816 : Mine de Combarine\">\n    <a href=\"https:\/\/www.hautesvallees.com\/lizoard\/patrimoine-culturel\/mine-de-combarine-puy-saint-pierre\" class=\"ApiTile-link ApiTileDefault-link\" title=\"Mine de Combarine\">\n            <span class=\"ApiTile-location ApiTileDefault-location\">\n        Puy-Saint-Pierre\n    <\/span>\n\n            <button class=\"__gtm_track_click __altimax_favory ApiTile-fav ApiTileDefault-fav Favourite\"\n            data-apidae=\"7700816\"\n            title=\"Ajoutez aux favoris\"\n            data-txtajouter=\"Ajoutez aux favoris\"\n            data-txtretirer=\"Retirez des favoris\"\n            data-event-category=\"Apidae fiche objet\"\n            data-event-action=\"ajout trip planner\"\n            data-event-label=\"7700816 : Mine de Combarine\">\n        <img decoding=\"async\" class=\"Favourite-border svg\"\n             src=\"\/content\/themes\/theme_altimax\/dist\/img\/apidae\/system\/SYSTEM-FavOff-30px.svg\"\/>\n        <img decoding=\"async\" class=\"Favourite-full svg\"\n             src=\"\/content\/themes\/theme_altimax\/dist\/img\/apidae\/system\/SYSTEM-FavOn-30px.svg\"\/>\n    <\/button>\n\n            <picture class=\"ApiTile-picture ApiTileDefault-picture\">\n        <img decoding=\"async\" class=\"ApiTile-img ApiTileAgenda-img\" src=\"\/cache\/images\/36226970_apidae-tile.jpg\" alt=\"Mine de Combarine\">\n    <\/picture>\n\n        <div class=\"ApiTile-content ApiTileDefault-content\">\n            \n            <div class=\"ApiTile-top ApiTileDefault-top\">\n                <span class=\"ApiTile-type ApiTileDefault-type\">\n                        patrimoine culturel\n            <\/span>                                            <\/div>\n\n            <h2 class=\"ApiTile-title ApiTileDefault-title\">Mine de Combarine<\/h2>\n                                            \n                                <\/div>\n    <\/a>\n<\/li>\n\n                                            <!-- Generer le: 2026-04-29 09:35:09 -->\n<!-- Blog: L&amp;#039;Izoard - 4 -->\n<li class=\"ApiTile ApiTileDefault __altimax_listing_item  \"\n    data-roadbook-item=\"7701212\"\n    data-apidae=\"7701212\"\n    data-event-category=\"Apidae affichage\"\n    data-event-action=\"vue teaser\"\n    data-event-label=\"7701212 : Four \u00e0 Chaux\">\n    <a href=\"https:\/\/www.hautesvallees.com\/lizoard\/patrimoine-culturel\/four-a-chaux-puy-saint-pierre\" class=\"ApiTile-link ApiTileDefault-link\" title=\"Four \u00e0 Chaux\">\n            <span class=\"ApiTile-location ApiTileDefault-location\">\n        Puy-Saint-Pierre\n    <\/span>\n\n            <button class=\"__gtm_track_click __altimax_favory ApiTile-fav ApiTileDefault-fav Favourite\"\n            data-apidae=\"7701212\"\n            title=\"Ajoutez aux favoris\"\n            data-txtajouter=\"Ajoutez aux favoris\"\n            data-txtretirer=\"Retirez des favoris\"\n            data-event-category=\"Apidae fiche objet\"\n            data-event-action=\"ajout trip planner\"\n            data-event-label=\"7701212 : Four \u00e0 Chaux\">\n        <img decoding=\"async\" class=\"Favourite-border svg\"\n             src=\"\/content\/themes\/theme_altimax\/dist\/img\/apidae\/system\/SYSTEM-FavOff-30px.svg\"\/>\n        <img decoding=\"async\" class=\"Favourite-full svg\"\n             src=\"\/content\/themes\/theme_altimax\/dist\/img\/apidae\/system\/SYSTEM-FavOn-30px.svg\"\/>\n    <\/button>\n\n            <picture class=\"ApiTile-picture ApiTileDefault-picture\">\n        <img decoding=\"async\" class=\"ApiTile-img ApiTileAgenda-img\" src=\"\/cache\/images\/36227943_apidae-tile.jpg\" alt=\"Four \u00e0 Chaux\">\n    <\/picture>\n\n        <div class=\"ApiTile-content ApiTileDefault-content\">\n            \n            <div class=\"ApiTile-top ApiTileDefault-top\">\n                <span class=\"ApiTile-type ApiTileDefault-type\">\n                        patrimoine culturel\n            <\/span>                                            <\/div>\n\n            <h2 class=\"ApiTile-title ApiTileDefault-title\">Four \u00e0 Chaux<\/h2>\n                                            \n                                <\/div>\n    <\/a>\n<\/li>\n\n                                            <!-- Generer le: 2026-04-29 09:47:56 -->\n<!-- Blog: L&amp;#039;Izoard - 4 -->\n<li class=\"ApiTile ApiTileDefault __altimax_listing_item  \"\n    data-roadbook-item=\"5503834\"\n    data-apidae=\"5503834\"\n    data-event-category=\"Apidae affichage\"\n    data-event-action=\"vue teaser\"\n    data-event-label=\"5503834 : Mine de la Cabane\">\n    <a href=\"https:\/\/www.hautesvallees.com\/lizoard\/patrimoine-culturel\/mine-de-la-cabane-villar-saint-pancrace\" class=\"ApiTile-link ApiTileDefault-link\" title=\"Mine de la Cabane\">\n            <span class=\"ApiTile-location ApiTileDefault-location\">\n        Villar-Saint-Pancrace\n    <\/span>\n\n            <button class=\"__gtm_track_click __altimax_favory ApiTile-fav ApiTileDefault-fav Favourite\"\n            data-apidae=\"5503834\"\n            title=\"Ajoutez aux favoris\"\n            data-txtajouter=\"Ajoutez aux favoris\"\n            data-txtretirer=\"Retirez des favoris\"\n            data-event-category=\"Apidae fiche objet\"\n            data-event-action=\"ajout trip planner\"\n            data-event-label=\"5503834 : Mine de la Cabane\">\n        <img decoding=\"async\" class=\"Favourite-border svg\"\n             src=\"\/content\/themes\/theme_altimax\/dist\/img\/apidae\/system\/SYSTEM-FavOff-30px.svg\"\/>\n        <img decoding=\"async\" class=\"Favourite-full svg\"\n             src=\"\/content\/themes\/theme_altimax\/dist\/img\/apidae\/system\/SYSTEM-FavOn-30px.svg\"\/>\n    <\/button>\n\n            <picture class=\"ApiTile-picture ApiTileDefault-picture\">\n        <img decoding=\"async\" class=\"ApiTile-img ApiTileAgenda-img\" src=\"\/cache\/images\/36525944_apidae-tile.jpg\" alt=\"Mine de la Cabane\">\n    <\/picture>\n\n        <div class=\"ApiTile-content ApiTileDefault-content\">\n            \n            <div class=\"ApiTile-top ApiTileDefault-top\">\n                <span class=\"ApiTile-type ApiTileDefault-type\">\n                        patrimoine culturel\n            <\/span>                                            <\/div>\n\n            <h2 class=\"ApiTile-title ApiTileDefault-title\">Mine de la Cabane<\/h2>\n                                            \n                                <\/div>\n    <\/a>\n<\/li>\n\n                                    <\/ul>\n            \n                        \n        <\/div>\n                    <ul class=\"Paginator __altimax_listing_paginator\">\n                    <li class=\"Paginator-page __altimax_listing_load active\"\n        data-index=\"1\" >\n        <span>1<\/span>\n    <\/li>\n\n            <\/ul>\n            <\/div>\n<\/div>\n\n<div class=\"GutText  GutContainer\">\n        <div class=\"GutText-inner\">\n            <div class=\"GutTitle Center\">\n                    <h2 class=\"GutTitle-title\">\n                                    <span class=\"GutTitle-surtitle\">D\u00e9couvrir le patrimoine minier<\/span>\n                                                        en randonn\u00e9e\n                            <\/h2>\n                    <\/div>\n                                        <div class=\"GutText-wysiwyg Content\">\n                    <p style=\"text-align: center\" data-start=\"3623\" data-end=\"3887\">M\u00eame si les mines ne sont plus exploit\u00e9es, leur histoire reste visible dans le paysage du Brian\u00e7onnais. Des itin\u00e9raires de randonn\u00e9e et des sentiers th\u00e9matiques permettent aujourd\u2019hui de suivre les traces des anciens mineurs et de mieux comprendre l\u2019histoire de ces exploitations.<\/p>\n<p style=\"text-align: center\" data-start=\"3889\" data-end=\"4048\">Ces parcours offrent aussi l\u2019occasion d\u2019explorer des paysages spectaculaires entre for\u00eats, alpages et montagnes, au c\u0153ur des Hautes Vall\u00e9es.<\/p>\n\n                <\/div>\n                    <\/div>\n    <\/div>\n\n\n\n<div class=\"ApiListing __altimax_listing \" data-js=\"{&quot;action_load&quot;:&quot;apidae_listing_load&quot;,&quot;action_map_tiles&quot;:&quot;apidae_listing_load_map_tiles&quot;,&quot;action_filters&quot;:&quot;apidae_listing_filters&quot;,&quot;action_pdf&quot;:&quot;apidae_listing_pdf&quot;,&quot;post_id&quot;:38323,&quot;blog_id&quot;:4,&quot;uid&quot;:2,&quot;cache_key&quot;:&quot;86ad156b1acc9e4de7907403913d8db5&quot;,&quot;is_agenda&quot;:false,&quot;listing_mode&quot;:&quot;listing&quot;,&quot;use_filters&quot;:true,&quot;use_share&quot;:true,&quot;paginator&quot;:{&quot;currentPage&quot;:1,&quot;maxPerPage&quot;:6,&quot;count&quot;:2,&quot;totalPages&quot;:1,&quot;nextPage&quot;:1,&quot;html&quot;:&quot;    &lt;li class=\\&quot;Paginator-page __altimax_listing_load active\\&quot;\\n        data-index=\\&quot;1\\&quot; &gt;\\n        &lt;span&gt;1&lt;\\\/span&gt;\\n    &lt;\\\/li&gt;\\n&quot;},&quot;ajax_url&quot;:&quot;https:\\\/\\\/www.hautesvallees.com\\\/\\\/lizoard\\\/wp-admin\\\/admin-ajax.php&quot;,&quot;lang&quot;:&quot;fr&quot;}\">\n    <div class=\"ApiListingLoader __altimax_loader\">\n        <div class=\"ApiListingLoader-container\">\n            <div class=\"ApiListingLoader-ring\"><\/div>\n        <\/div>\n    <\/div>\n                    \n                    \n                    \n                                                    <div class=\"ApiListing-container\">\n        <div class=\"ApiListing-control container_full \">\n                                        <button class=\"ApiListing-share desktop Button-border __altimax_listing_url\">\n                    <span data-text-valid=\"Copi\u00e9e dans le presse-papier\"\n                          data-text-unvalid=\"Aucune recherche !\">\n                        Partager ma recherche\n                    <\/span>\n                <\/button>\n                                        <button class=\"ApiListing-pdf desktop Button-border __altimax_listing_pdf\">T\u00e9l\u00e9charger<\/button>\n                                                                                                    <div class=\"ApiListing-result\">\n                <div class=\"ApiListing-result--number __altimax_listing_count\">2<\/div>\n                R\u00e9sultats\n            <\/div>\n                    <\/div>\n\n        <div class=\"ApiListing-wrapper container_full filter \">\n                <div class=\"ApiListingFilter __altimax_filters\">\n        <div class=\"ApiListingFilter-container\">\n            <div class=\"ApiListingFilter-content\">\n                <div class=\"ApiListingFilter-top\">\n                    <div class=\"ApiListingFilter-col\">\n                        <span class=\"ApiListingFilter-title\">Filtrer votre recherche<\/span>\n                        <button class=\"ApiListingFilter-reinit __altimax_filters_reset\">\n                            <img decoding=\"async\" class=\"ApiListingFilter-reinit--svg svg\"\n                                 src=\"\/content\/themes\/theme_altimax\/dist\/img\/apidae\/system\/SYSTEM-CTA-Cross-18px.svg\"\/>\n                            R\u00e9initialiser les filtres\n                        <\/button>\n                    <\/div>\n                    <button class=\"ApiListingFilter-close __altimax_toggle_filters\"><\/button>\n                <\/div>\n                <div class=\"ApiListingFilter-wrapper __altimax_filters_content\">\n                                            <div class=\"ApiListingFilter-group __altimax_filters_filter_group\"\n                 data-group='{&quot;name&quot;:&quot;Communes&quot;,&quot;uid&quot;:&quot;communes_list&quot;,&quot;description&quot;:null,&quot;config&quot;:{&quot;order&quot;:&quot;desc&quot;,&quot;order_by&quot;:&quot;alphabetic&quot;,&quot;combination&quot;:&quot;and&quot;,&quot;template&quot;:&quot;list&quot;,&quot;keep_filters&quot;:true},&quot;filters&quot;:[{&quot;index&quot;:0,&quot;name&quot;:null,&quot;translate&quot;:false,&quot;type&quot;:&quot;commune&quot;,&quot;strict&quot;:true,&quot;values&quot;:[{&quot;active&quot;:false,&quot;count&quot;:1,&quot;name&quot;:&quot;Puy-Saint-Andr\\u00e9&quot;,&quot;type&quot;:&quot;commune&quot;,&quot;values&quot;:[1857]},{&quot;active&quot;:false,&quot;count&quot;:1,&quot;name&quot;:&quot;Villar-Saint-Pancrace&quot;,&quot;type&quot;:&quot;commune&quot;,&quot;values&quot;:[1931]}],&quot;template&quot;:&quot;list&quot;,&quot;count&quot;:2,&quot;config&quot;:{&quot;is_custom&quot;:false}}],&quot;count&quot;:2}'>\n                <div class=\"ApiListingFilter-group--wrapper \">\n    <span class=\"ApiListingFilter-group--title __accordion\">Communes<\/span>\n    <div class=\"ApiListingFilter-group--wrap\">\n        <ul class=\"ApiListingFilter-group--list\">\n                            <li class=\"ApiListingFilter-criteria--item\">\n        <ul class=\"ApiListingFilter-criteria--list\">\n                    <li class=\"ApiListingFilter-criteria--item\">\n                <span class=\"ApiListingFilter-checkbox __altimax_filters_value \"\n                      data-value='{&quot;active&quot;:false,&quot;count&quot;:1,&quot;name&quot;:&quot;Puy-Saint-Andr\\u00e9&quot;,&quot;type&quot;:&quot;commune&quot;,&quot;values&quot;:[1857]}'>\n                    <span class=\"box\"><\/span>\n                    <span class=\"ApiListingFilter-checkbox--value\">\n                        Puy-Saint-Andr\u00e9\n                                            <\/span>\n                <\/span>\n            <\/li>\n                    <li class=\"ApiListingFilter-criteria--item\">\n                <span class=\"ApiListingFilter-checkbox __altimax_filters_value \"\n                      data-value='{&quot;active&quot;:false,&quot;count&quot;:1,&quot;name&quot;:&quot;Villar-Saint-Pancrace&quot;,&quot;type&quot;:&quot;commune&quot;,&quot;values&quot;:[1931]}'>\n                    <span class=\"box\"><\/span>\n                    <span class=\"ApiListingFilter-checkbox--value\">\n                        Villar-Saint-Pancrace\n                                            <\/span>\n                <\/span>\n            <\/li>\n            <\/ul>\n<\/li>                    <\/ul>\n    <\/div>\n<\/div>            <\/div>\n            \n\n                <\/div>\n                <div class=\"ApiListingFilter-wrapper\">\n                        <div class=\"ApiListing-wrap ApiListingFilter-wrap\">\n                    <button class=\"ApiListing-share ApiListingFilter-share mobile Button-border __altimax_listing_url\">\n                <span data-text-valid=\"Copi\u00e9e dans le presse-papier\"\n                      data-text-unvalid=\"Aucune recherche !\">\n                    Partager ma recherche\n                <\/span>\n            <\/button>\n                            <button class=\"ApiListing-pdf ApiListingFilter-pdf mobile Button-border __altimax_listing_pdf\">T\u00e9l\u00e9charger<\/button>\n            <\/div>\n\n                <\/div>\n            <\/div>\n            <button class=\"ApiListingFilter-close--btn Button-full __altimax_toggle_filters\">Voir les r\u00e9sultats<\/button>\n        <\/div>\n        <div class=\"ApiListingFilter-overflow __altimax_toggle_filters\"><\/div>\n    <\/div>\n\n                            <ul class=\"ApiListing-list __altimax_listing_content\">\n                                            <!-- Generer le: 2026-04-29 09:09:19 -->\n<!-- Blog: L&amp;#039;Izoard - 4 -->\n<li class=\"ApiTile ApiTileDefault __altimax_listing_item  \"\n    data-roadbook-item=\"7676415\"\n    data-apidae=\"7676415\"\n    data-event-category=\"Apidae affichage\"\n    data-event-action=\"vue teaser\"\n    data-event-label=\"7676415 : La boucle des mines\">\n    <a href=\"https:\/\/www.hautesvallees.com\/lizoard\/equipement\/la-boucle-des-mines-puy-saint-andre\" class=\"ApiTile-link ApiTileDefault-link\" title=\"La boucle des mines\">\n            <span class=\"ApiTile-location ApiTileDefault-location\">\n        Puy-Saint-Andr\u00e9\n    <\/span>\n\n            <button class=\"__gtm_track_click __altimax_favory ApiTile-fav ApiTileDefault-fav Favourite\"\n            data-apidae=\"7676415\"\n            title=\"Ajoutez aux favoris\"\n            data-txtajouter=\"Ajoutez aux favoris\"\n            data-txtretirer=\"Retirez des favoris\"\n            data-event-category=\"Apidae fiche objet\"\n            data-event-action=\"ajout trip planner\"\n            data-event-label=\"7676415 : La boucle des mines\">\n        <img decoding=\"async\" class=\"Favourite-border svg\"\n             src=\"\/content\/themes\/theme_altimax\/dist\/img\/apidae\/system\/SYSTEM-FavOff-30px.svg\"\/>\n        <img decoding=\"async\" class=\"Favourite-full svg\"\n             src=\"\/content\/themes\/theme_altimax\/dist\/img\/apidae\/system\/SYSTEM-FavOn-30px.svg\"\/>\n    <\/button>\n\n            <picture class=\"ApiTile-picture ApiTileDefault-picture\">\n        <img decoding=\"async\" class=\"ApiTile-img ApiTileAgenda-img\" src=\"\/cache\/images\/36226670_apidae-tile.jpg\" alt=\"La boucle des mines\">\n    <\/picture>\n\n        <div class=\"ApiTile-content ApiTileDefault-content\">\n            \n            <div class=\"ApiTile-top ApiTileDefault-top\">\n                <span class=\"ApiTile-type ApiTileDefault-type\">\n    <\/span>                                            <\/div>\n\n            <h2 class=\"ApiTile-title ApiTileDefault-title\">La boucle des mines<\/h2>\n                                <ul class=\"ApiTile-hiking ApiTileDefault-hiking\">\n                                <li class=\"ApiTile-hiking--item ApiTileDefault-hiking--item\">\n                <span class=\"ApiTile-hiking--label ApiTileDefault-hiking--label\">\n                    Distance\n                <\/span>\n                <span class=\"ApiTile-hiking--value ApiTileDefault-hiking--value\">\n                    3km\n                <\/span>\n            <\/li>\n                                                <li class=\"ApiTile-hiking--item ApiTileDefault-hiking--item\">\n                <span class=\"ApiTile-hiking--label ApiTileDefault-hiking--label\">\n                    Dur\u00e9e journali\u00e8re\n                <\/span>\n                <span class=\"ApiTile-hiking--value ApiTileDefault-hiking--value\">\n                    02h30\n                <\/span>\n            <\/li>\n                                                <li class=\"ApiTile-hiking--item ApiTileDefault-hiking--item\">\n                <span class=\"ApiTile-hiking--label ApiTileDefault-hiking--label\">\n                    D\u00e9nivel\u00e9 positif\n                <\/span>\n                <span class=\"ApiTile-hiking--value ApiTileDefault-hiking--value\">\n                    130m\n                <\/span>\n            <\/li>\n                                                                            <\/ul>\n\n                                <\/div>\n    <\/a>\n<\/li>\n\n                                            <!-- Generer le: 2026-04-29 09:29:48 -->\n<!-- Blog: L&amp;#039;Izoard - 4 -->\n<li class=\"ApiTile ApiTileDefault __altimax_listing_item  \"\n    data-roadbook-item=\"352191\"\n    data-apidae=\"352191\"\n    data-event-category=\"Apidae affichage\"\n    data-event-action=\"vue teaser\"\n    data-event-label=\"352191 : Le sentier des mineurs\">\n    <a href=\"https:\/\/www.hautesvallees.com\/lizoard\/equipement\/le-sentier-des-mineurs-villar-saint-pancrace\" class=\"ApiTile-link ApiTileDefault-link\" title=\"Le sentier des mineurs\">\n            <span class=\"ApiTile-location ApiTileDefault-location\">\n        Villar-Saint-Pancrace\n    <\/span>\n\n            <button class=\"__gtm_track_click __altimax_favory ApiTile-fav ApiTileDefault-fav Favourite\"\n            data-apidae=\"352191\"\n            title=\"Ajoutez aux favoris\"\n            data-txtajouter=\"Ajoutez aux favoris\"\n            data-txtretirer=\"Retirez des favoris\"\n            data-event-category=\"Apidae fiche objet\"\n            data-event-action=\"ajout trip planner\"\n            data-event-label=\"352191 : Le sentier des mineurs\">\n        <img decoding=\"async\" class=\"Favourite-border svg\"\n             src=\"\/content\/themes\/theme_altimax\/dist\/img\/apidae\/system\/SYSTEM-FavOff-30px.svg\"\/>\n        <img decoding=\"async\" class=\"Favourite-full svg\"\n             src=\"\/content\/themes\/theme_altimax\/dist\/img\/apidae\/system\/SYSTEM-FavOn-30px.svg\"\/>\n    <\/button>\n\n            <picture class=\"ApiTile-picture ApiTileDefault-picture\">\n        <img decoding=\"async\" class=\"ApiTile-img ApiTileAgenda-img\" src=\"\/cache\/images\/37887801_apidae-tile.jpg\" alt=\"Le sentier des mineurs\">\n    <\/picture>\n\n        <div class=\"ApiTile-content ApiTileDefault-content\">\n            \n            <div class=\"ApiTile-top ApiTileDefault-top\">\n                <span class=\"ApiTile-type ApiTileDefault-type\">\n    <\/span>                                            <\/div>\n\n            <h2 class=\"ApiTile-title ApiTileDefault-title\">Le sentier des mineurs<\/h2>\n                                <ul class=\"ApiTile-hiking ApiTileDefault-hiking\">\n                                <li class=\"ApiTile-hiking--item ApiTileDefault-hiking--item\">\n                <span class=\"ApiTile-hiking--label ApiTileDefault-hiking--label\">\n                    Distance\n                <\/span>\n                <span class=\"ApiTile-hiking--value ApiTileDefault-hiking--value\">\n                    8.5km\n                <\/span>\n            <\/li>\n                                                <li class=\"ApiTile-hiking--item ApiTileDefault-hiking--item\">\n                <span class=\"ApiTile-hiking--label ApiTileDefault-hiking--label\">\n                    Dur\u00e9e journali\u00e8re\n                <\/span>\n                <span class=\"ApiTile-hiking--value ApiTileDefault-hiking--value\">\n                    03h00\n                <\/span>\n            <\/li>\n                                                <li class=\"ApiTile-hiking--item ApiTileDefault-hiking--item\">\n                <span class=\"ApiTile-hiking--label ApiTileDefault-hiking--label\">\n                    D\u00e9nivel\u00e9 positif\n                <\/span>\n                <span class=\"ApiTile-hiking--value ApiTileDefault-hiking--value\">\n                    420m\n                <\/span>\n            <\/li>\n                                                                            <\/ul>\n\n                                <\/div>\n    <\/a>\n<\/li>\n\n                                    <\/ul>\n            \n                        \n        <\/div>\n                    <ul class=\"Paginator __altimax_listing_paginator\">\n                    <li class=\"Paginator-page __altimax_listing_load active\"\n        data-index=\"1\" >\n        <span>1<\/span>\n    <\/li>\n\n            <\/ul>\n            <\/div>\n<\/div>\n\n<div class=\"GutText  GutContainer\">\n        <div class=\"GutText-inner\">\n            <div class=\"GutTitle Center\">\n                    <h2 class=\"GutTitle-title\">\n                                    <span class=\"GutTitle-surtitle\">Activit\u00e9s et animations <\/span>\n                                                        autour des mines\n                            <\/h2>\n                    <\/div>\n                                        <div class=\"GutText-wysiwyg Content\">\n                    <p style=\"text-align: center\">Le patrimoine minier fait aujourd\u2019hui l\u2019objet de nombreuses initiatives : visites guid\u00e9es, sorties nature ou animations autour de la g\u00e9ologie et de l\u2019histoire locale.<\/p>\n\n                <\/div>\n                    <\/div>\n    <\/div>\n\n\n\n<div class=\"ApiListing __altimax_listing \" data-js=\"{&quot;action_load&quot;:&quot;apidae_listing_load&quot;,&quot;action_map_tiles&quot;:&quot;apidae_listing_load_map_tiles&quot;,&quot;action_filters&quot;:&quot;apidae_listing_filters&quot;,&quot;action_pdf&quot;:&quot;apidae_listing_pdf&quot;,&quot;post_id&quot;:38323,&quot;blog_id&quot;:4,&quot;uid&quot;:3,&quot;cache_key&quot;:&quot;978d321bb5a671ef6f09e9b3cd61b284&quot;,&quot;is_agenda&quot;:false,&quot;listing_mode&quot;:&quot;listing&quot;,&quot;use_filters&quot;:false,&quot;use_share&quot;:false,&quot;paginator&quot;:{&quot;currentPage&quot;:1,&quot;maxPerPage&quot;:6,&quot;count&quot;:0,&quot;totalPages&quot;:0,&quot;nextPage&quot;:1,&quot;html&quot;:&quot;&quot;},&quot;ajax_url&quot;:&quot;https:\\\/\\\/www.hautesvallees.com\\\/\\\/lizoard\\\/wp-admin\\\/admin-ajax.php&quot;,&quot;lang&quot;:&quot;fr&quot;}\">\n    <div class=\"ApiListingLoader __altimax_loader\">\n        <div class=\"ApiListingLoader-container\">\n            <div class=\"ApiListingLoader-ring\"><\/div>\n        <\/div>\n    <\/div>\n        \n        \n        \n                                <div class=\"ApiListing-container\">\n        <div class=\"ApiListing-control container_full \">\n                                                                                        <div class=\"ApiListing-result\">\n                <div class=\"ApiListing-result--number __altimax_listing_count\">0<\/div>\n                R\u00e9sultats\n            <\/div>\n                    <\/div>\n\n        <div class=\"ApiListing-wrapper container_full  \">\n            \n                            <ul class=\"ApiListing-list __altimax_listing_content\">\n                                    <\/ul>\n            \n                        \n        <\/div>\n                    <ul class=\"Paginator __altimax_listing_paginator\">\n                \n            <\/ul>\n            <\/div>\n<\/div>\n\n<div class=\"Activities\">\n            <div class=\"Activities-container\">\n                <div class=\"Activities-content\">\n                                                                    <h2 class=\"Activities-content--title\">Vous aimerez aussi&#8230; <\/h2>\n                                                                <p class=\"Activities-content--desc\">Pour un s\u00e9jour 100% r\u00e9ussi, d\u00e9couvrez une s\u00e9lection d\u2019activit\u00e9s \u00e0 faire en Izoard. <\/p>\n                                        <div class=\"Activities-content--taglist\">\n                                                    <span class=\"Activities-content--tag __activitiesTag69f1d3cc7a58a\">Les sites g\u00e9ologiques <\/span>\n                                                    <span class=\"Activities-content--tag __activitiesTag69f1d3cc7a58a\">Visites et patrimoine <\/span>\n                                                    <span class=\"Activities-content--tag __activitiesTag69f1d3cc7a58a\">Les activit\u00e9s en \u00e9t\u00e9 <\/span>\n                                                    <span class=\"Activities-content--tag __activitiesTag69f1d3cc7a58a\">Les activit\u00e9s en hiver<\/span>\n                                            <\/div>\n                                    <\/div>\n                <div class=\"Activities-swiper swiper __SwiperActivities\" data-sliderid=\"69f1d3cc7a58a\">\n                    <ul class=\"Activities-list swiper-wrapper\">\n                                                                                    <li class=\"NewsTile swiper-slide\">\n                                    <a class=\"NewsTile-link\" href=\"https:\/\/www.hautesvallees.com\/lizoard\/que-faire\/sites-geologiques\/\" title=\"Les sites g\u00e9ologiques \">\n                                        <picture class=\"NewsTile-picture\">\n                                            <img decoding=\"async\" class=\"NewsTile-img\" src=\"https:\/\/www.hautesvallees.com\/content\/uploads\/sites\/4\/2025\/01\/Maison-de-la-Geologie-\u00a9B.Boone-45-scaled-1-410x550.jpg\"\n                                                 alt=\"Maison-de-la-Geologie-\u00a9B.Boone-45-scaled\" loading=\"lazy\"\/>\n                                        <\/picture>\n                                                                                <h2 class=\"NewsTile-title\">Les sites g\u00e9ologiques <\/h2>\n                                                                                                                            <span class=\"NewsTile-link--read Link-primary\">\n                                                D\u00e9couvrir\n                                            <\/span>\n                                                                            <\/a>\n                                <\/li>\n                                                                                                                <li class=\"NewsTile swiper-slide\">\n                                    <a class=\"NewsTile-link\" href=\"https:\/\/www.hautesvallees.com\/lizoard\/que-faire\/visites-et-patrimoine\/\" title=\"Visites et patrimoine \">\n                                        <picture class=\"NewsTile-picture\">\n                                            <img decoding=\"async\" class=\"NewsTile-img\" src=\"https:\/\/www.hautesvallees.com\/content\/uploads\/sites\/4\/2025\/01\/Eglise-de-Cervieres-T.POINAS-2-scaled-1-410x550.jpg\"\n                                                 alt=\"Eglise-de-Cervieres-T.POINAS-2-scaled\" loading=\"lazy\"\/>\n                                        <\/picture>\n                                                                                <h2 class=\"NewsTile-title\">Visites et patrimoine <\/h2>\n                                                                                                                            <span class=\"NewsTile-link--read Link-primary\">\n                                                D\u00e9couvrir\n                                            <\/span>\n                                                                            <\/a>\n                                <\/li>\n                                                                                                                <li class=\"NewsTile swiper-slide\">\n                                    <a class=\"NewsTile-link\" href=\"https:\/\/www.hautesvallees.com\/lizoard\/que-faire\/en-ete\/\" title=\"Les activit\u00e9s en \u00e9t\u00e9 \">\n                                        <picture class=\"NewsTile-picture\">\n                                            <img decoding=\"async\" class=\"NewsTile-img\" src=\"https:\/\/www.hautesvallees.com\/content\/uploads\/sites\/4\/2025\/02\/VTT-en-famille-vallee-de-la-claree-22-410x550-1.jpg\"\n                                                 alt=\"VTT-en-famille-vallee-de-la-claree-22-410x550\" loading=\"lazy\"\/>\n                                        <\/picture>\n                                                                                <h2 class=\"NewsTile-title\">Les activit\u00e9s en \u00e9t\u00e9 <\/h2>\n                                                                                                                            <span class=\"NewsTile-link--read Link-primary\">\n                                                D\u00e9couvrir \n                                            <\/span>\n                                                                            <\/a>\n                                <\/li>\n                                                                                                                <li class=\"NewsTile swiper-slide\">\n                                    <a class=\"NewsTile-link\" href=\"https:\/\/www.hautesvallees.com\/lizoard\/que-faire\/en-hiver\/\" title=\"Les activit\u00e9s en hiver\">\n                                        <picture class=\"NewsTile-picture\">\n                                            <img decoding=\"async\" class=\"NewsTile-img\" src=\"https:\/\/www.hautesvallees.com\/content\/uploads\/sites\/4\/2026\/01\/Domaine-nordique-de-Villard-Saint-Pancrace-ski-de-fond-hiver-2026-Laury-Chamerlat-410x550.jpg\"\n                                                 alt=\"Domaine nordique de Villard Saint Pancrace, ski de fond, hiver 2026 - Laury Chamerlat\" loading=\"lazy\"\/>\n                                        <\/picture>\n                                                                                <h2 class=\"NewsTile-title\">Les activit\u00e9s en hiver<\/h2>\n                                                                                                                            <span class=\"NewsTile-link--read Link-primary\">\n                                                D\u00e9couvrir\n                                            <\/span>\n                                                                            <\/a>\n                                <\/li>\n                                                                        <\/ul>\n                    <div class=\"Activities-swiper--bottom\">\n                        <div class=\"Activities-prev __SwiperActivitiesPrev69f1d3cc7a58a swiper-button-prev\">\n                            <img decoding=\"async\" class=\"Activities-prev--svg svg\" data-no-lazy=\"1\"\n                                 src=\"https:\/\/www.hautesvallees.com\/content\/themes\/theme_altimax\/dist\/img\/wordpress\/homepage\/prev.svg\"\/>\n                        <\/div>\n                        <div class=\"Activities-next __SwiperActivitiesNext69f1d3cc7a58a swiper-button-next\">\n                            <img decoding=\"async\" class=\"Activities-next--svg svg\" data-no-lazy=\"1\"\n                                 src=\"https:\/\/www.hautesvallees.com\/content\/themes\/theme_altimax\/dist\/img\/wordpress\/homepage\/next.svg\"\/>\n                        <\/div>\n                        <div class=\"Activities-progressbar __SwiperActivitiesPagination69f1d3cc7a58a swiper-pagination\"><\/div>\n                    <\/div>\n                <\/div>\n            <\/div>\n        <\/div>\n    ","protected":false},"excerpt":{"rendered":"","protected":false},"author":2,"featured_media":38325,"parent":380,"menu_order":3,"comment_status":"closed","ping_status":"closed","template":"","meta":{"_acf_changed":false,"footnotes":""},"class_list":["post-38323","page","type-page","status-publish","has-post-thumbnail","hentry"],"acf":[],"_links":{"self":[{"href":"https:\/\/www.hautesvallees.com\/lizoard\/wp-json\/wp\/v2\/pages\/38323","targetHints":{"allow":["GET"]}}],"collection":[{"href":"https:\/\/www.hautesvallees.com\/lizoard\/wp-json\/wp\/v2\/pages"}],"about":[{"href":"https:\/\/www.hautesvallees.com\/lizoard\/wp-json\/wp\/v2\/types\/page"}],"author":[{"embeddable":true,"href":"https:\/\/www.hautesvallees.com\/lizoard\/wp-json\/wp\/v2\/users\/2"}],"replies":[{"embeddable":true,"href":"https:\/\/www.hautesvallees.com\/lizoard\/wp-json\/wp\/v2\/comments?post=38323"}],"version-history":[{"count":55,"href":"https:\/\/www.hautesvallees.com\/lizoard\/wp-json\/wp\/v2\/pages\/38323\/revisions"}],"predecessor-version":[{"id":41953,"href":"https:\/\/www.hautesvallees.com\/lizoard\/wp-json\/wp\/v2\/pages\/38323\/revisions\/41953"}],"up":[{"embeddable":true,"href":"https:\/\/www.hautesvallees.com\/lizoard\/wp-json\/wp\/v2\/pages\/380"}],"wp:featuredmedia":[{"embeddable":true,"href":"https:\/\/www.hautesvallees.com\/lizoard\/wp-json\/wp\/v2\/media\/38325"}],"wp:attachment":[{"href":"https:\/\/www.hautesvallees.com\/lizoard\/wp-json\/wp\/v2\/media?parent=38323"}],"curies":[{"name":"wp","href":"https:\/\/api.w.org\/{rel}","templated":true}]}}