{"id":983,"date":"2025-01-22T09:59:05","date_gmt":"2025-01-22T08:59:05","guid":{"rendered":"https:\/\/www.hautesvallees.com\/la-grave\/?page_id=983"},"modified":"2026-02-25T14:04:50","modified_gmt":"2026-02-25T13:04:50","slug":"associations","status":"publish","type":"page","link":"https:\/\/www.hautesvallees.com\/la-grave\/sur-place\/commerces-services\/associations\/","title":{"rendered":"Associations \u00e0 La Grave"},"content":{"rendered":"<div class=\"GutText  GutContainer\">\n        <div class=\"GutText-inner\">\n                                        <div class=\"GutText-intro Center\">Le Pays de la Meije vit toute l&rsquo;ann\u00e9e, les habitants se mobilisent et participent \u00e0 la vie locale.<\/div>\n                                        <div class=\"GutText-wysiwyg Content\">\n                    <p style=\"text-align: center;\">Associations des commer\u00e7ants de La Grave et de Villar d&rsquo;Ar\u00e8ne, associations culturelles qui permettent de mettre en valeur un patrimoine pr\u00e9serv\u00e9 ou des associations sportives pour des d\u00e9fis et des animations&#8230; Retrouvez <em><strong>les\u00a0associations\u00a0de La\u00a0Grave\u00a0&#8211; Villar d&rsquo;Ar\u00e8ne <\/strong><\/em>qui font vivre cette destination de vacances.<\/p>\n<p>&nbsp;<\/p>\n\n                <\/div>\n                    <\/div>\n    <\/div>\n\n\n\n<div class=\"ApiListing __altimax_listing \" data-js=\"{&quot;action_load&quot;:&quot;apidae_listing_load&quot;,&quot;action_map_tiles&quot;:&quot;apidae_listing_load_map_tiles&quot;,&quot;action_filters&quot;:&quot;apidae_listing_filters&quot;,&quot;action_pdf&quot;:&quot;apidae_listing_pdf&quot;,&quot;post_id&quot;:983,&quot;blog_id&quot;:2,&quot;uid&quot;:1,&quot;cache_key&quot;:&quot;c0b52bf039e0ed2e02105ff1178963d9&quot;,&quot;is_agenda&quot;:false,&quot;listing_mode&quot;:&quot;listing&quot;,&quot;use_filters&quot;:true,&quot;use_share&quot;:true,&quot;paginator&quot;:{&quot;currentPage&quot;:1,&quot;maxPerPage&quot;:9,&quot;count&quot;:14,&quot;totalPages&quot;:2,&quot;nextPage&quot;:2,&quot;html&quot;:&quot;    &lt;li class=\\&quot;Paginator-page __altimax_listing_load active\\&quot;\\n        data-index=\\&quot;1\\&quot; &gt;\\n        &lt;span&gt;1&lt;\\\/span&gt;\\n    &lt;\\\/li&gt;\\n    &lt;li class=\\&quot;Paginator-page __altimax_listing_load \\&quot;\\n        data-index=\\&quot;2\\&quot; &gt;\\n        &lt;span&gt;2&lt;\\\/span&gt;\\n    &lt;\\\/li&gt;\\n&quot;},&quot;ajax_url&quot;:&quot;https:\\\/\\\/www.hautesvallees.com\\\/\\\/la-grave\\\/wp-admin\\\/admin-ajax.php&quot;,&quot;lang&quot;:&quot;fr&quot;}\">\n    <div class=\"ApiListingLoader __altimax_loader\">\n        <div class=\"ApiListingLoader-container\">\n            <div class=\"ApiListingLoader-ring\"><\/div>\n        <\/div>\n    <\/div>\n                    \n                    \n                    \n                                                    <div class=\"ApiListing-container\">\n        <div class=\"ApiListing-control container_full \">\n                                        <button class=\"ApiListing-share desktop Button-border __altimax_listing_url\">\n                    <span data-text-valid=\"Copi\u00e9e dans le presse-papier\"\n                          data-text-unvalid=\"Aucune recherche !\">\n                        Partager ma recherche\n                    <\/span>\n                <\/button>\n                                        <button class=\"ApiListing-pdf desktop Button-border __altimax_listing_pdf\">T\u00e9l\u00e9charger<\/button>\n                                                                                                    <div class=\"ApiListing-result\">\n                <div class=\"ApiListing-result--number __altimax_listing_count\">14<\/div>\n                R\u00e9sultats\n            <\/div>\n                    <\/div>\n\n        <div class=\"ApiListing-wrapper container_full filter \">\n                <div class=\"ApiListingFilter __altimax_filters\">\n        <div class=\"ApiListingFilter-container\">\n            <div class=\"ApiListingFilter-content\">\n                <div class=\"ApiListingFilter-top\">\n                    <div class=\"ApiListingFilter-col\">\n                        <span class=\"ApiListingFilter-title\">Filtrer votre recherche<\/span>\n                        <button class=\"ApiListingFilter-reinit __altimax_filters_reset\">\n                            <img decoding=\"async\" class=\"ApiListingFilter-reinit--svg svg\"\n                                 src=\"\/content\/themes\/theme_altimax\/dist\/img\/apidae\/system\/SYSTEM-CTA-Cross-18px.svg\"\/>\n                            R\u00e9initialiser les filtres\n                        <\/button>\n                    <\/div>\n                    <button class=\"ApiListingFilter-close __altimax_toggle_filters\"><\/button>\n                <\/div>\n                <div class=\"ApiListingFilter-wrapper __altimax_filters_content\">\n                                            <div class=\"ApiListingFilter-group __altimax_filters_filter_group\"\n                 data-group='{&quot;name&quot;:&quot;Communes&quot;,&quot;uid&quot;:&quot;communes_list&quot;,&quot;description&quot;:null,&quot;config&quot;:{&quot;order&quot;:&quot;desc&quot;,&quot;order_by&quot;:&quot;alphabetic&quot;,&quot;combination&quot;:&quot;and&quot;,&quot;template&quot;:&quot;list&quot;,&quot;keep_filters&quot;:true},&quot;filters&quot;:[{&quot;index&quot;:0,&quot;name&quot;:null,&quot;translate&quot;:false,&quot;type&quot;:&quot;commune&quot;,&quot;strict&quot;:true,&quot;values&quot;:[{&quot;active&quot;:false,&quot;count&quot;:7,&quot;name&quot;:&quot;La Grave&quot;,&quot;type&quot;:&quot;commune&quot;,&quot;values&quot;:[1815]},{&quot;active&quot;:false,&quot;count&quot;:7,&quot;name&quot;:&quot;Villar-d&#039;Ar\\u00eane&quot;,&quot;type&quot;:&quot;commune&quot;,&quot;values&quot;:[1929]}],&quot;template&quot;:&quot;list&quot;,&quot;count&quot;:14,&quot;config&quot;:{&quot;is_custom&quot;:false}}],&quot;count&quot;:14}'>\n                <div class=\"ApiListingFilter-group--wrapper \">\n    <span class=\"ApiListingFilter-group--title __accordion\">Communes<\/span>\n    <div class=\"ApiListingFilter-group--wrap\">\n        <ul class=\"ApiListingFilter-group--list\">\n                            <li class=\"ApiListingFilter-criteria--item\">\n        <ul class=\"ApiListingFilter-criteria--list\">\n                    <li class=\"ApiListingFilter-criteria--item\">\n                <span class=\"ApiListingFilter-checkbox __altimax_filters_value \"\n                      data-value='{&quot;active&quot;:false,&quot;count&quot;:7,&quot;name&quot;:&quot;La Grave&quot;,&quot;type&quot;:&quot;commune&quot;,&quot;values&quot;:[1815]}'>\n                    <span class=\"box\"><\/span>\n                    <span class=\"ApiListingFilter-checkbox--value\">\n                        La Grave\n                                            <\/span>\n                <\/span>\n            <\/li>\n                    <li class=\"ApiListingFilter-criteria--item\">\n                <span class=\"ApiListingFilter-checkbox __altimax_filters_value \"\n                      data-value='{&quot;active&quot;:false,&quot;count&quot;:7,&quot;name&quot;:&quot;Villar-d&#039;Ar\\u00eane&quot;,&quot;type&quot;:&quot;commune&quot;,&quot;values&quot;:[1929]}'>\n                    <span class=\"box\"><\/span>\n                    <span class=\"ApiListingFilter-checkbox--value\">\n                        Villar-d&#039;Ar\u00eane\n                                            <\/span>\n                <\/span>\n            <\/li>\n            <\/ul>\n<\/li>                    <\/ul>\n    <\/div>\n<\/div>            <\/div>\n            \n\n                <\/div>\n                <div class=\"ApiListingFilter-wrapper\">\n                        <div class=\"ApiListing-wrap ApiListingFilter-wrap\">\n                    <button class=\"ApiListing-share ApiListingFilter-share mobile Button-border __altimax_listing_url\">\n                <span data-text-valid=\"Copi\u00e9e dans le presse-papier\"\n                      data-text-unvalid=\"Aucune recherche !\">\n                    Partager ma recherche\n                <\/span>\n            <\/button>\n                            <button class=\"ApiListing-pdf ApiListingFilter-pdf mobile Button-border __altimax_listing_pdf\">T\u00e9l\u00e9charger<\/button>\n            <\/div>\n\n                <\/div>\n            <\/div>\n            <button class=\"ApiListingFilter-close--btn Button-full __altimax_toggle_filters\">Voir les r\u00e9sultats<\/button>\n        <\/div>\n        <div class=\"ApiListingFilter-overflow __altimax_toggle_filters\"><\/div>\n    <\/div>\n\n                            <ul class=\"ApiListing-list __altimax_listing_content\">\n                                            <!-- Generer le: 2026-05-01 01:44:57 -->\n<!-- Blog: La Grave - 2 -->\n<li class=\"ApiTile ApiTileDefault __altimax_listing_item  \"\n    data-roadbook-item=\"7600361\"\n    data-apidae=\"7600361\"\n    data-event-category=\"Apidae affichage\"\n    data-event-action=\"vue teaser\"\n    data-event-label=\"7600361 : Association Igushara Meidjo\">\n    <a href=\"https:\/\/www.hautesvallees.com\/la-grave\/commerce-et-service\/association-igushara-meidjo-villar-darene\" class=\"ApiTile-link ApiTileDefault-link\" title=\"Association Igushara Meidjo\">\n            <span class=\"ApiTile-location ApiTileDefault-location\">\n        Villar-d&#039;Ar\u00eane\n    <\/span>\n\n            <button class=\"__gtm_track_click __altimax_favory ApiTile-fav ApiTileDefault-fav Favourite\"\n            data-apidae=\"7600361\"\n            title=\"Ajoutez aux favoris\"\n            data-txtajouter=\"Ajoutez aux favoris\"\n            data-txtretirer=\"Retirez des favoris\"\n            data-event-category=\"Apidae fiche objet\"\n            data-event-action=\"ajout trip planner\"\n            data-event-label=\"7600361 : Association Igushara Meidjo\">\n        <img decoding=\"async\" class=\"Favourite-border svg\"\n             src=\"\/content\/themes\/theme_altimax\/dist\/img\/apidae\/system\/SYSTEM-FavOff-30px.svg\"\/>\n        <img decoding=\"async\" class=\"Favourite-full svg\"\n             src=\"\/content\/themes\/theme_altimax\/dist\/img\/apidae\/system\/SYSTEM-FavOn-30px.svg\"\/>\n    <\/button>\n\n            <picture class=\"ApiTile-picture ApiTileDefault-picture\">\n        <img decoding=\"async\" class=\"ApiTile-img ApiTileAgenda-img\" src=\"\/cache\/images\/34237833_apidae-tile.jpg\" alt=\"Association Igushara Meidjo\">\n    <\/picture>\n\n        <div class=\"ApiTile-content ApiTileDefault-content\">\n            \n            <div class=\"ApiTile-top ApiTileDefault-top\">\n                <span class=\"ApiTile-type ApiTileDefault-type\">\n                        commerce et service\n            <\/span>                                    <span class=\"ApiTile-open ApiTileDefault-open close\">Ferm\u00e9<\/span>\n            <\/div>\n\n            <h2 class=\"ApiTile-title ApiTileDefault-title\">Association Igushara Meidjo<\/h2>\n                        \n                                <\/div>\n    <\/a>\n<\/li>\n\n                                            <!-- Generer le: 2026-05-01 01:44:57 -->\n<!-- Blog: La Grave - 2 -->\n<li class=\"ApiTile ApiTileDefault __altimax_listing_item  \"\n    data-roadbook-item=\"483620\"\n    data-apidae=\"483620\"\n    data-event-category=\"Apidae affichage\"\n    data-event-action=\"vue teaser\"\n    data-event-label=\"483620 : Association du Four et du Moulin de Villar d&#039;Ar\u00e8ne\">\n    <a href=\"https:\/\/www.hautesvallees.com\/la-grave\/commerce-et-service\/association-du-four-et-du-moulin-de-villar-darene-villar-darene\" class=\"ApiTile-link ApiTileDefault-link\" title=\"Association du Four et du Moulin de Villar d&#039;Ar\u00e8ne\">\n            <span class=\"ApiTile-location ApiTileDefault-location\">\n        Villar-d&#039;Ar\u00eane\n    <\/span>\n\n            <button class=\"__gtm_track_click __altimax_favory ApiTile-fav ApiTileDefault-fav Favourite\"\n            data-apidae=\"483620\"\n            title=\"Ajoutez aux favoris\"\n            data-txtajouter=\"Ajoutez aux favoris\"\n            data-txtretirer=\"Retirez des favoris\"\n            data-event-category=\"Apidae fiche objet\"\n            data-event-action=\"ajout trip planner\"\n            data-event-label=\"483620 : Association du Four et du Moulin de Villar d&#039;Ar\u00e8ne\">\n        <img decoding=\"async\" class=\"Favourite-border svg\"\n             src=\"\/content\/themes\/theme_altimax\/dist\/img\/apidae\/system\/SYSTEM-FavOff-30px.svg\"\/>\n        <img decoding=\"async\" class=\"Favourite-full svg\"\n             src=\"\/content\/themes\/theme_altimax\/dist\/img\/apidae\/system\/SYSTEM-FavOn-30px.svg\"\/>\n    <\/button>\n\n            <picture class=\"ApiTile-picture ApiTileDefault-picture\">\n        <img decoding=\"async\" class=\"ApiTile-img ApiTileAgenda-img\" src=\"\/cache\/images\/21459367_apidae-tile.jpg\" alt=\"Association du Four et du Moulin de Villar d&#039;Ar\u00e8ne\">\n    <\/picture>\n\n        <div class=\"ApiTile-content ApiTileDefault-content\">\n            \n            <div class=\"ApiTile-top ApiTileDefault-top\">\n                <span class=\"ApiTile-type ApiTileDefault-type\">\n                        commerce et service\n            <\/span>                                    <span class=\"ApiTile-open ApiTileDefault-open close\">Ferm\u00e9<\/span>\n            <\/div>\n\n            <h2 class=\"ApiTile-title ApiTileDefault-title\">Association du Four et du Moulin de V&#8230;<\/h2>\n                        \n                                <\/div>\n    <\/a>\n<\/li>\n\n                                            <!-- Generer le: 2026-05-01 01:44:57 -->\n<!-- Blog: La Grave - 2 -->\n<li class=\"ApiTile ApiTileDefault __altimax_listing_item  \"\n    data-roadbook-item=\"7581286\"\n    data-apidae=\"7581286\"\n    data-event-category=\"Apidae affichage\"\n    data-event-action=\"vue teaser\"\n    data-event-label=\"7581286 : Christian Sionnet -Documentaires au Pays de la Meije\">\n    <a href=\"https:\/\/www.hautesvallees.com\/la-grave\/commerce-et-service\/christian-sionnet-documentaires-au-pays-de-la-meije-la-grave\" class=\"ApiTile-link ApiTileDefault-link\" title=\"Christian Sionnet -Documentaires au Pays de la Meije\">\n            <span class=\"ApiTile-location ApiTileDefault-location\">\n        La Grave\n    <\/span>\n\n            <button class=\"__gtm_track_click __altimax_favory ApiTile-fav ApiTileDefault-fav Favourite\"\n            data-apidae=\"7581286\"\n            title=\"Ajoutez aux favoris\"\n            data-txtajouter=\"Ajoutez aux favoris\"\n            data-txtretirer=\"Retirez des favoris\"\n            data-event-category=\"Apidae fiche objet\"\n            data-event-action=\"ajout trip planner\"\n            data-event-label=\"7581286 : Christian Sionnet -Documentaires au Pays de la Meije\">\n        <img decoding=\"async\" class=\"Favourite-border svg\"\n             src=\"\/content\/themes\/theme_altimax\/dist\/img\/apidae\/system\/SYSTEM-FavOff-30px.svg\"\/>\n        <img decoding=\"async\" class=\"Favourite-full svg\"\n             src=\"\/content\/themes\/theme_altimax\/dist\/img\/apidae\/system\/SYSTEM-FavOn-30px.svg\"\/>\n    <\/button>\n\n            <picture class=\"ApiTile-picture ApiTileDefault-picture\">\n        <img decoding=\"async\" class=\"ApiTile-img ApiTileAgenda-img\" src=\"\/cache\/images\/33792260_apidae-tile.jpg\" alt=\"Christian Sionnet -Documentaires au Pays de la Meije\">\n    <\/picture>\n\n        <div class=\"ApiTile-content ApiTileDefault-content\">\n            \n            <div class=\"ApiTile-top ApiTileDefault-top\">\n                <span class=\"ApiTile-type ApiTileDefault-type\">\n                        commerce et service\n            <\/span>                                    <span class=\"ApiTile-open ApiTileDefault-open open\">Ouvert<\/span>\n            <\/div>\n\n            <h2 class=\"ApiTile-title ApiTileDefault-title\">Christian Sionnet -Documentaires au P&#8230;<\/h2>\n                        \n                                <\/div>\n    <\/a>\n<\/li>\n\n                                            <!-- Generer le: 2026-05-01 01:44:57 -->\n<!-- Blog: La Grave - 2 -->\n<li class=\"ApiTile ApiTileDefault __altimax_listing_item  \"\n    data-roadbook-item=\"747344\"\n    data-apidae=\"747344\"\n    data-event-category=\"Apidae affichage\"\n    data-event-action=\"vue teaser\"\n    data-event-label=\"747344 : Association - Les amis de l&#039;\u00e9glise Saint-Martin de Villar d&#039;Ar\u00e8ne\">\n    <a href=\"https:\/\/www.hautesvallees.com\/la-grave\/commerce-et-service\/association-les-amis-de-leglise-saint-martin-de-villar-darene-villar-darene\" class=\"ApiTile-link ApiTileDefault-link\" title=\"Association - Les amis de l&#039;\u00e9glise Saint-Martin de Villar d&#039;Ar\u00e8ne\">\n            <span class=\"ApiTile-location ApiTileDefault-location\">\n        Villar-d&#039;Ar\u00eane\n    <\/span>\n\n            <button class=\"__gtm_track_click __altimax_favory ApiTile-fav ApiTileDefault-fav Favourite\"\n            data-apidae=\"747344\"\n            title=\"Ajoutez aux favoris\"\n            data-txtajouter=\"Ajoutez aux favoris\"\n            data-txtretirer=\"Retirez des favoris\"\n            data-event-category=\"Apidae fiche objet\"\n            data-event-action=\"ajout trip planner\"\n            data-event-label=\"747344 : Association - Les amis de l&#039;\u00e9glise Saint-Martin de Villar d&#039;Ar\u00e8ne\">\n        <img decoding=\"async\" class=\"Favourite-border svg\"\n             src=\"\/content\/themes\/theme_altimax\/dist\/img\/apidae\/system\/SYSTEM-FavOff-30px.svg\"\/>\n        <img decoding=\"async\" class=\"Favourite-full svg\"\n             src=\"\/content\/themes\/theme_altimax\/dist\/img\/apidae\/system\/SYSTEM-FavOn-30px.svg\"\/>\n    <\/button>\n\n            <picture class=\"ApiTile-picture ApiTileDefault-picture\">\n        <img decoding=\"async\" class=\"ApiTile-img ApiTileAgenda-img\" src=\"\/cache\/images\/1373319_apidae-tile.jpg\" alt=\"Association - Les amis de l&#039;\u00e9glise Saint-Martin de Villar d&#039;Ar\u00e8ne\">\n    <\/picture>\n\n        <div class=\"ApiTile-content ApiTileDefault-content\">\n            \n            <div class=\"ApiTile-top ApiTileDefault-top\">\n                <span class=\"ApiTile-type ApiTileDefault-type\">\n                        commerce et service\n            <\/span>                                    <span class=\"ApiTile-open ApiTileDefault-open open\">Ouvert<\/span>\n            <\/div>\n\n            <h2 class=\"ApiTile-title ApiTileDefault-title\">Association &#8211; Les amis de l&#039;\u00e9glise Sa&#8230;<\/h2>\n                        \n                                <\/div>\n    <\/a>\n<\/li>\n\n                                            <!-- Generer le: 2026-05-01 01:44:57 -->\n<!-- Blog: La Grave - 2 -->\n<li class=\"ApiTile ApiTileDefault __altimax_listing_item  \"\n    data-roadbook-item=\"7452724\"\n    data-apidae=\"7452724\"\n    data-event-category=\"Apidae affichage\"\n    data-event-action=\"vue teaser\"\n    data-event-label=\"7452724 : A l&#039;\u00e9cole du Chazelet - Association Les Augures\">\n    <a href=\"https:\/\/www.hautesvallees.com\/la-grave\/commerce-et-service\/a-lecole-du-chazelet-association-les-augures-la-grave\" class=\"ApiTile-link ApiTileDefault-link\" title=\"A l&#039;\u00e9cole du Chazelet - Association Les Augures\">\n            <span class=\"ApiTile-location ApiTileDefault-location\">\n        La Grave\n    <\/span>\n\n            <button class=\"__gtm_track_click __altimax_favory ApiTile-fav ApiTileDefault-fav Favourite\"\n            data-apidae=\"7452724\"\n            title=\"Ajoutez aux favoris\"\n            data-txtajouter=\"Ajoutez aux favoris\"\n            data-txtretirer=\"Retirez des favoris\"\n            data-event-category=\"Apidae fiche objet\"\n            data-event-action=\"ajout trip planner\"\n            data-event-label=\"7452724 : A l&#039;\u00e9cole du Chazelet - Association Les Augures\">\n        <img decoding=\"async\" class=\"Favourite-border svg\"\n             src=\"\/content\/themes\/theme_altimax\/dist\/img\/apidae\/system\/SYSTEM-FavOff-30px.svg\"\/>\n        <img decoding=\"async\" class=\"Favourite-full svg\"\n             src=\"\/content\/themes\/theme_altimax\/dist\/img\/apidae\/system\/SYSTEM-FavOn-30px.svg\"\/>\n    <\/button>\n\n            <picture class=\"ApiTile-picture ApiTileDefault-picture\">\n        <img decoding=\"async\" class=\"ApiTile-img ApiTileAgenda-img\" src=\"\/cache\/images\/34237844_apidae-tile.jpg\" alt=\"A l&#039;\u00e9cole du Chazelet - Association Les Augures\">\n    <\/picture>\n\n        <div class=\"ApiTile-content ApiTileDefault-content\">\n            \n            <div class=\"ApiTile-top ApiTileDefault-top\">\n                <span class=\"ApiTile-type ApiTileDefault-type\">\n                        commerce et service\n            <\/span>                                    <span class=\"ApiTile-open ApiTileDefault-open close\">Ferm\u00e9<\/span>\n            <\/div>\n\n            <h2 class=\"ApiTile-title ApiTileDefault-title\">A l&#039;\u00e9cole du Chazelet &#8211; Association L&#8230;<\/h2>\n                        \n                                <\/div>\n    <\/a>\n<\/li>\n\n                                            <!-- Generer le: 2026-05-01 01:44:57 -->\n<!-- Blog: La Grave - 2 -->\n<li class=\"ApiTile ApiTileDefault __altimax_listing_item  \"\n    data-roadbook-item=\"482142\"\n    data-apidae=\"482142\"\n    data-event-category=\"Apidae affichage\"\n    data-event-action=\"vue teaser\"\n    data-event-label=\"482142 : Association - Les Enseignes de Villar d&#039;Ar\u00e8ne\">\n    <a href=\"https:\/\/www.hautesvallees.com\/la-grave\/commerce-et-service\/association-les-enseignes-de-villar-darene-villar-darene\" class=\"ApiTile-link ApiTileDefault-link\" title=\"Association - Les Enseignes de Villar d&#039;Ar\u00e8ne\">\n            <span class=\"ApiTile-location ApiTileDefault-location\">\n        Villar-d&#039;Ar\u00eane\n    <\/span>\n\n            <button class=\"__gtm_track_click __altimax_favory ApiTile-fav ApiTileDefault-fav Favourite\"\n            data-apidae=\"482142\"\n            title=\"Ajoutez aux favoris\"\n            data-txtajouter=\"Ajoutez aux favoris\"\n            data-txtretirer=\"Retirez des favoris\"\n            data-event-category=\"Apidae fiche objet\"\n            data-event-action=\"ajout trip planner\"\n            data-event-label=\"482142 : Association - Les Enseignes de Villar d&#039;Ar\u00e8ne\">\n        <img decoding=\"async\" class=\"Favourite-border svg\"\n             src=\"\/content\/themes\/theme_altimax\/dist\/img\/apidae\/system\/SYSTEM-FavOff-30px.svg\"\/>\n        <img decoding=\"async\" class=\"Favourite-full svg\"\n             src=\"\/content\/themes\/theme_altimax\/dist\/img\/apidae\/system\/SYSTEM-FavOn-30px.svg\"\/>\n    <\/button>\n\n            <picture class=\"ApiTile-picture ApiTileDefault-picture\">\n        <img decoding=\"async\" class=\"ApiTile-img ApiTileAgenda-img\" src=\"\/cache\/images\/26869511_apidae-tile.jpg\" alt=\"Association - Les Enseignes de Villar d&#039;Ar\u00e8ne\">\n    <\/picture>\n\n        <div class=\"ApiTile-content ApiTileDefault-content\">\n            \n            <div class=\"ApiTile-top ApiTileDefault-top\">\n                <span class=\"ApiTile-type ApiTileDefault-type\">\n                        commerce et service\n            <\/span>                                    <span class=\"ApiTile-open ApiTileDefault-open open\">Ouvert<\/span>\n            <\/div>\n\n            <h2 class=\"ApiTile-title ApiTileDefault-title\">Association &#8211; Les Enseignes de Villar&#8230;<\/h2>\n                        \n                                <\/div>\n    <\/a>\n<\/li>\n\n                                            <!-- Generer le: 2026-05-01 01:44:57 -->\n<!-- Blog: La Grave - 2 -->\n<li class=\"ApiTile ApiTileDefault __altimax_listing_item  \"\n    data-roadbook-item=\"5433216\"\n    data-apidae=\"5433216\"\n    data-event-category=\"Apidae affichage\"\n    data-event-action=\"vue teaser\"\n    data-event-label=\"5433216 : Association - Les joyeux Dinosaures\">\n    <a href=\"https:\/\/www.hautesvallees.com\/la-grave\/commerce-et-service\/association-les-joyeux-dinosaures-la-grave\" class=\"ApiTile-link ApiTileDefault-link\" title=\"Association - Les joyeux Dinosaures\">\n            <span class=\"ApiTile-location ApiTileDefault-location\">\n        La Grave\n    <\/span>\n\n            <button class=\"__gtm_track_click __altimax_favory ApiTile-fav ApiTileDefault-fav Favourite\"\n            data-apidae=\"5433216\"\n            title=\"Ajoutez aux favoris\"\n            data-txtajouter=\"Ajoutez aux favoris\"\n            data-txtretirer=\"Retirez des favoris\"\n            data-event-category=\"Apidae fiche objet\"\n            data-event-action=\"ajout trip planner\"\n            data-event-label=\"5433216 : Association - Les joyeux Dinosaures\">\n        <img decoding=\"async\" class=\"Favourite-border svg\"\n             src=\"\/content\/themes\/theme_altimax\/dist\/img\/apidae\/system\/SYSTEM-FavOff-30px.svg\"\/>\n        <img decoding=\"async\" class=\"Favourite-full svg\"\n             src=\"\/content\/themes\/theme_altimax\/dist\/img\/apidae\/system\/SYSTEM-FavOn-30px.svg\"\/>\n    <\/button>\n\n            <picture class=\"ApiTile-picture ApiTileDefault-picture\">\n        <img decoding=\"async\" class=\"ApiTile-img ApiTileAgenda-img\" src=\"\/cache\/images\/8781585_apidae-tile.jpg\" alt=\"Association - Les joyeux Dinosaures\">\n    <\/picture>\n\n        <div class=\"ApiTile-content ApiTileDefault-content\">\n            \n            <div class=\"ApiTile-top ApiTileDefault-top\">\n                <span class=\"ApiTile-type ApiTileDefault-type\">\n                        commerce et service\n            <\/span>                                    <span class=\"ApiTile-open ApiTileDefault-open open\">Ouvert<\/span>\n            <\/div>\n\n            <h2 class=\"ApiTile-title ApiTileDefault-title\">Association &#8211; Les joyeux Dinosaures<\/h2>\n                        \n                                <\/div>\n    <\/a>\n<\/li>\n\n                                            <!-- Generer le: 2026-05-01 01:44:57 -->\n<!-- Blog: La Grave - 2 -->\n<li class=\"ApiTile ApiTileDefault __altimax_listing_item  \"\n    data-roadbook-item=\"6400455\"\n    data-apidae=\"6400455\"\n    data-event-category=\"Apidae affichage\"\n    data-event-action=\"vue teaser\"\n    data-event-label=\"6400455 : Comit\u00e9 des f\u00eates du Pays de la Meije\">\n    <a href=\"https:\/\/www.hautesvallees.com\/la-grave\/commerce-et-service\/comite-des-fetes-du-pays-de-la-meije-la-grave\" class=\"ApiTile-link ApiTileDefault-link\" title=\"Comit\u00e9 des f\u00eates du Pays de la Meije\">\n            <span class=\"ApiTile-location ApiTileDefault-location\">\n        La Grave\n    <\/span>\n\n            <button class=\"__gtm_track_click __altimax_favory ApiTile-fav ApiTileDefault-fav Favourite\"\n            data-apidae=\"6400455\"\n            title=\"Ajoutez aux favoris\"\n            data-txtajouter=\"Ajoutez aux favoris\"\n            data-txtretirer=\"Retirez des favoris\"\n            data-event-category=\"Apidae fiche objet\"\n            data-event-action=\"ajout trip planner\"\n            data-event-label=\"6400455 : Comit\u00e9 des f\u00eates du Pays de la Meije\">\n        <img decoding=\"async\" class=\"Favourite-border svg\"\n             src=\"\/content\/themes\/theme_altimax\/dist\/img\/apidae\/system\/SYSTEM-FavOff-30px.svg\"\/>\n        <img decoding=\"async\" class=\"Favourite-full svg\"\n             src=\"\/content\/themes\/theme_altimax\/dist\/img\/apidae\/system\/SYSTEM-FavOn-30px.svg\"\/>\n    <\/button>\n\n            <picture class=\"ApiTile-picture ApiTileDefault-picture\">\n        <img decoding=\"async\" class=\"ApiTile-img ApiTileAgenda-img\" src=\"\/cache\/images\/15999125_apidae-tile.jpg\" alt=\"Comit\u00e9 des f\u00eates du Pays de la Meije\">\n    <\/picture>\n\n        <div class=\"ApiTile-content ApiTileDefault-content\">\n            \n            <div class=\"ApiTile-top ApiTileDefault-top\">\n                <span class=\"ApiTile-type ApiTileDefault-type\">\n                        commerce et service\n            <\/span>                                    <span class=\"ApiTile-open ApiTileDefault-open open\">Ouvert<\/span>\n            <\/div>\n\n            <h2 class=\"ApiTile-title ApiTileDefault-title\">Comit\u00e9 des f\u00eates du Pays de la Meije<\/h2>\n                        \n                                <\/div>\n    <\/a>\n<\/li>\n\n                                            <!-- Generer le: 2026-05-01 01:44:57 -->\n<!-- Blog: La Grave - 2 -->\n<li class=\"ApiTile ApiTileDefault __altimax_listing_item  \"\n    data-roadbook-item=\"486628\"\n    data-apidae=\"486628\"\n    data-event-category=\"Apidae affichage\"\n    data-event-action=\"vue teaser\"\n    data-event-label=\"486628 : Association - Que du Bonheur\">\n    <a href=\"https:\/\/www.hautesvallees.com\/la-grave\/commerce-et-service\/association-que-du-bonheur-villar-darene\" class=\"ApiTile-link ApiTileDefault-link\" title=\"Association - Que du Bonheur\">\n            <span class=\"ApiTile-location ApiTileDefault-location\">\n        Villar-d&#039;Ar\u00eane\n    <\/span>\n\n            <button class=\"__gtm_track_click __altimax_favory ApiTile-fav ApiTileDefault-fav Favourite\"\n            data-apidae=\"486628\"\n            title=\"Ajoutez aux favoris\"\n            data-txtajouter=\"Ajoutez aux favoris\"\n            data-txtretirer=\"Retirez des favoris\"\n            data-event-category=\"Apidae fiche objet\"\n            data-event-action=\"ajout trip planner\"\n            data-event-label=\"486628 : Association - Que du Bonheur\">\n        <img decoding=\"async\" class=\"Favourite-border svg\"\n             src=\"\/content\/themes\/theme_altimax\/dist\/img\/apidae\/system\/SYSTEM-FavOff-30px.svg\"\/>\n        <img decoding=\"async\" class=\"Favourite-full svg\"\n             src=\"\/content\/themes\/theme_altimax\/dist\/img\/apidae\/system\/SYSTEM-FavOn-30px.svg\"\/>\n    <\/button>\n\n            <picture class=\"ApiTile-picture ApiTileDefault-picture\">\n        <img decoding=\"async\" class=\"ApiTile-img ApiTileAgenda-img\" src=\"\/cache\/images\/27057475_apidae-tile.jpg\" alt=\"Association - Que du Bonheur\">\n    <\/picture>\n\n        <div class=\"ApiTile-content ApiTileDefault-content\">\n            \n            <div class=\"ApiTile-top ApiTileDefault-top\">\n                <span class=\"ApiTile-type ApiTileDefault-type\">\n                        commerce et service\n            <\/span>                                    <span class=\"ApiTile-open ApiTileDefault-open open\">Ouvert<\/span>\n            <\/div>\n\n            <h2 class=\"ApiTile-title ApiTileDefault-title\">Association &#8211; Que du Bonheur<\/h2>\n                        \n                                <\/div>\n    <\/a>\n<\/li>\n\n                                    <\/ul>\n            \n                        \n        <\/div>\n                    <ul class=\"Paginator __altimax_listing_paginator\">\n                    <li class=\"Paginator-page __altimax_listing_load active\"\n        data-index=\"1\" >\n        <span>1<\/span>\n    <\/li>\n    <li class=\"Paginator-page __altimax_listing_load \"\n        data-index=\"2\" >\n        <span>2<\/span>\n    <\/li>\n\n            <\/ul>\n            <\/div>\n<\/div>\n\n<div class=\"Activities\">\n            <div class=\"Activities-container\">\n                <div class=\"Activities-content\">\n                                                                    <h2 class=\"Activities-content--title\">Vous aimerez aussi<\/h2>\n                                                            <div class=\"Activities-content--taglist\">\n                                                    <span class=\"Activities-content--tag __activitiesTag69f40afff390c\">Location de mat\u00e9riels<\/span>\n                                                    <span class=\"Activities-content--tag __activitiesTag69f40afff390c\">Alimentation et souvenirs <\/span>\n                                                    <span class=\"Activities-content--tag __activitiesTag69f40afff390c\">Prestataires d&#039;activit\u00e9s<\/span>\n                                                    <span class=\"Activities-content--tag __activitiesTag69f40afff390c\">Services<\/span>\n                                                    <span class=\"Activities-content--tag __activitiesTag69f40afff390c\">Biblioth\u00e8ques<\/span>\n                                                    <span class=\"Activities-content--tag __activitiesTag69f40afff390c\">Infos pratiques<\/span>\n                                            <\/div>\n                                    <\/div>\n                <div class=\"Activities-swiper swiper __SwiperActivities\" data-sliderid=\"69f40afff390c\">\n                    <ul class=\"Activities-list swiper-wrapper\">\n                                                                                    <li class=\"NewsTile swiper-slide\">\n                                    <a class=\"NewsTile-link\" href=\"https:\/\/www.hautesvallees.com\/la-grave\/sur-place\/commerces-services\/location\/\" title=\"Location de mat\u00e9riels\">\n                                        <picture class=\"NewsTile-picture\">\n                                            <img decoding=\"async\" class=\"NewsTile-img\" src=\"https:\/\/www.hautesvallees.com\/content\/uploads\/sites\/2\/2025\/03\/tour-de-la-meije-en-ski-alpinisme-et-refuges-\u00a9T.Blais-2-1-410x550.jpg\"\n                                                 alt=\"mat\u00e9riel alpinisme \u00a9T. Blais\" loading=\"lazy\"\/>\n                                        <\/picture>\n                                                                                <h2 class=\"NewsTile-title\">Location de mat\u00e9riels<\/h2>\n                                                                                                                            <span class=\"NewsTile-link--read Link-primary\">\n                                                Voir les magasins de location de mat\u00e9riels\n                                            <\/span>\n                                                                            <\/a>\n                                <\/li>\n                                                                                                                <li class=\"NewsTile swiper-slide\">\n                                    <a class=\"NewsTile-link\" href=\"https:\/\/www.hautesvallees.com\/la-grave\/sur-place\/commerces-services\/alimentation\/\" title=\"Alimentation et souvenirs \">\n                                        <picture class=\"NewsTile-picture\">\n                                            <img decoding=\"async\" class=\"NewsTile-img\" src=\"https:\/\/www.hautesvallees.com\/content\/uploads\/sites\/2\/2025\/02\/La-ferme-des-molieres-410x550.jpg\"\n                                                 alt=\"La ferme des moli\u00e8res \u00a9C.M Gaillard\" loading=\"lazy\"\/>\n                                        <\/picture>\n                                                                                <h2 class=\"NewsTile-title\">Alimentation et souvenirs <\/h2>\n                                                                                                                            <span class=\"NewsTile-link--read Link-primary\">\n                                                Voir les magasins \n                                            <\/span>\n                                                                            <\/a>\n                                <\/li>\n                                                                                                                <li class=\"NewsTile swiper-slide\">\n                                    <a class=\"NewsTile-link\" href=\"https:\/\/www.hautesvallees.com\/la-grave\/sur-place\/commerces-services\/prestataires\/\" title=\"Prestataires d&#039;activit\u00e9s\">\n                                        <picture class=\"NewsTile-picture\">\n                                            <img decoding=\"async\" class=\"NewsTile-img\" src=\"https:\/\/www.hautesvallees.com\/content\/uploads\/sites\/2\/2025\/01\/ecrins-HD-ariane-fornia-itinera-magica-2189-1-410x550.jpg\"\n                                                 alt=\"Guide de la Grave au r\u00e2teau \u00a9Itinera Magica\" loading=\"lazy\"\/>\n                                        <\/picture>\n                                                                                <h2 class=\"NewsTile-title\">Prestataires d&rsquo;activit\u00e9s<\/h2>\n                                                                                                                            <span class=\"NewsTile-link--read Link-primary\">\n                                                Voir les guides et accompagnateurs\n                                            <\/span>\n                                                                            <\/a>\n                                <\/li>\n                                                                                                                <li class=\"NewsTile swiper-slide\">\n                                    <a class=\"NewsTile-link\" href=\"https:\/\/www.hautesvallees.com\/la-grave\/sur-place\/commerces-services\/services\/\" title=\"Services\">\n                                        <picture class=\"NewsTile-picture\">\n                                            <img decoding=\"async\" class=\"NewsTile-img\" src=\"https:\/\/www.hautesvallees.com\/content\/uploads\/sites\/2\/2025\/01\/girl-4181395_1280-410x550.jpg\"\n                                                 alt=\"Commerces et services - Pixabay\" loading=\"lazy\"\/>\n                                        <\/picture>\n                                                                                <h2 class=\"NewsTile-title\">Services<\/h2>\n                                                                                                                            <span class=\"NewsTile-link--read Link-primary\">\n                                                Voir les services\n                                            <\/span>\n                                                                            <\/a>\n                                <\/li>\n                                                                                                                <li class=\"NewsTile swiper-slide\">\n                                    <a class=\"NewsTile-link\" href=\"https:\/\/www.hautesvallees.com\/la-grave\/sur-place\/commerces-services\/bibliotheques\/\" title=\"Biblioth\u00e8ques\">\n                                        <picture class=\"NewsTile-picture\">\n                                            <img decoding=\"async\" class=\"NewsTile-img\" src=\"https:\/\/www.hautesvallees.com\/content\/uploads\/sites\/2\/2026\/01\/books-2596809_1280-371x248-1.jpg\"\n                                                 alt=\"Livres - biblioth\u00e8ques\" loading=\"lazy\"\/>\n                                        <\/picture>\n                                                                                <h2 class=\"NewsTile-title\">Biblioth\u00e8ques<\/h2>\n                                                                                                                            <span class=\"NewsTile-link--read Link-primary\">\n                                                Voir les biblioth\u00e8ques\n                                            <\/span>\n                                                                            <\/a>\n                                <\/li>\n                                                                                                                <li class=\"NewsTile swiper-slide\">\n                                    <a class=\"NewsTile-link\" href=\"https:\/\/www.hautesvallees.com\/la-grave\/sur-place\/infos-pratiques\/\" title=\"Infos pratiques\">\n                                        <picture class=\"NewsTile-picture\">\n                                            <img decoding=\"async\" class=\"NewsTile-img\" src=\"https:\/\/www.hautesvallees.com\/content\/uploads\/sites\/2\/2025\/06\/H0A6412-410x550.jpg\"\n                                                 alt=\"Photos \u00e9quipe - office de tourisme des Hautes Vall\u00e9es\" loading=\"lazy\"\/>\n                                        <\/picture>\n                                                                                <h2 class=\"NewsTile-title\">Infos pratiques<\/h2>\n                                                                                                                            <span class=\"NewsTile-link--read Link-primary\">\n                                                Voir les infos pratiques\n                                            <\/span>\n                                                                            <\/a>\n                                <\/li>\n                                                                        <\/ul>\n                    <div class=\"Activities-swiper--bottom\">\n                        <div class=\"Activities-prev __SwiperActivitiesPrev69f40afff390c swiper-button-prev\">\n                            <img decoding=\"async\" class=\"Activities-prev--svg svg\" data-no-lazy=\"1\"\n                                 src=\"https:\/\/www.hautesvallees.com\/content\/themes\/theme_altimax\/dist\/img\/wordpress\/homepage\/prev.svg\"\/>\n                        <\/div>\n                        <div class=\"Activities-next __SwiperActivitiesNext69f40afff390c swiper-button-next\">\n                            <img decoding=\"async\" class=\"Activities-next--svg svg\" data-no-lazy=\"1\"\n                                 src=\"https:\/\/www.hautesvallees.com\/content\/themes\/theme_altimax\/dist\/img\/wordpress\/homepage\/next.svg\"\/>\n                        <\/div>\n                        <div class=\"Activities-progressbar __SwiperActivitiesPagination69f40afff390c swiper-pagination\"><\/div>\n                    <\/div>\n                <\/div>\n            <\/div>\n        <\/div>\n    ","protected":false},"excerpt":{"rendered":"","protected":false},"author":7,"featured_media":1143,"parent":972,"menu_order":4,"comment_status":"closed","ping_status":"closed","template":"","meta":{"_acf_changed":false,"footnotes":""},"class_list":["post-983","page","type-page","status-publish","has-post-thumbnail","hentry"],"acf":[],"_links":{"self":[{"href":"https:\/\/www.hautesvallees.com\/la-grave\/wp-json\/wp\/v2\/pages\/983","targetHints":{"allow":["GET"]}}],"collection":[{"href":"https:\/\/www.hautesvallees.com\/la-grave\/wp-json\/wp\/v2\/pages"}],"about":[{"href":"https:\/\/www.hautesvallees.com\/la-grave\/wp-json\/wp\/v2\/types\/page"}],"author":[{"embeddable":true,"href":"https:\/\/www.hautesvallees.com\/la-grave\/wp-json\/wp\/v2\/users\/7"}],"replies":[{"embeddable":true,"href":"https:\/\/www.hautesvallees.com\/la-grave\/wp-json\/wp\/v2\/comments?post=983"}],"version-history":[{"count":8,"href":"https:\/\/www.hautesvallees.com\/la-grave\/wp-json\/wp\/v2\/pages\/983\/revisions"}],"predecessor-version":[{"id":37702,"href":"https:\/\/www.hautesvallees.com\/la-grave\/wp-json\/wp\/v2\/pages\/983\/revisions\/37702"}],"up":[{"embeddable":true,"href":"https:\/\/www.hautesvallees.com\/la-grave\/wp-json\/wp\/v2\/pages\/972"}],"wp:featuredmedia":[{"embeddable":true,"href":"https:\/\/www.hautesvallees.com\/la-grave\/wp-json\/wp\/v2\/media\/1143"}],"wp:attachment":[{"href":"https:\/\/www.hautesvallees.com\/la-grave\/wp-json\/wp\/v2\/media?parent=983"}],"curies":[{"name":"wp","href":"https:\/\/api.w.org\/{rel}","templated":true}]}}