{"id":954,"date":"2025-01-20T16:57:00","date_gmt":"2025-01-20T15:57:00","guid":{"rendered":"https:\/\/www.hautesvallees.com\/la-grave\/?page_id=954"},"modified":"2026-02-25T11:12:05","modified_gmt":"2026-02-25T10:12:05","slug":"station-village-du-chazelet","status":"publish","type":"page","link":"https:\/\/www.hautesvallees.com\/la-grave\/que-faire\/en-hiver\/station-village-du-chazelet\/","title":{"rendered":"Station village du Chazelet"},"content":{"rendered":"<div class=\"GutCol2  GutContainer\">\n        <div class=\"GutCol2-container\">\n\n            <div class=\"GutTitle Left\">\n                    <h2 class=\"GutTitle-title\">\n                                    <span class=\"GutTitle-surtitle\">UNE STATION \u00e0 TAILLE HUMAINE <\/span>\n                                                        \u00c0 PROXIMIT\u00c9 DE LA GRAVE\n                            <\/h2>\n                    <\/div>\n\n                                                                                                        <div class=\"GutCol2-wrap GutCol2-blocTexte Left\">\n                                <div class=\"GutCol2-blocTexte--inner\">\n                                                                                                                                                    <div class=\"GutCol2-text Content\">\n                                            <p data-start=\"156\" data-end=\"544\">Nich\u00e9e au nord des Hautes-Alpes, <strong>la station de ski du Chazelet<\/strong> est un v\u00e9ritable paradis pour le ski en famille\u2026 \u00e0 petit prix. Son domaine skiable \u00e0 taille humaine, ensoleill\u00e9 et accessible, permet de profiter pleinement des plaisirs de la glisse sans exploser son budget. Des pistes vertes aux rouges, chacun trouve son rythme dans ce vallon perch\u00e9 face aux sommets mythiques de La Meije.<\/p>\n<p data-start=\"546\" data-end=\"858\">Ici, les enfants gagnent rapidement en autonomie : le domaine est lisible, rassurant et convivial, id\u00e9al pour se retrouver facilement apr\u00e8s chaque descente. Pour apprendre en toute s\u00e9r\u00e9nit\u00e9 et progresser en s\u2019amusant, l\u2019\u00c9cole du Ski Fran\u00e7ais de La Grave (ESF) propose des cours adapt\u00e9s \u00e0 tous les \u00e2ges et \u00e0 tous les niveaux.<\/p>\n<p data-start=\"860\" data-end=\"1190\">Les jours de poudreuse, m\u00eame les skieurs exp\u00e9riment\u00e9s se laissent s\u00e9duire par les belles pentes de ce vallon pr\u00e9serv\u00e9. Et entre deux descentes, place au plaisir : ski le matin, pause caf\u00e9 en terrasse l\u2019apr\u00e8s-midi, face aux glaciers \u00e9tincelants de la Meije. Au Chazelet, on vient pour skier bien, skier sereinement\u2026 et skier malin.<\/p>\n<p data-start=\"1192\" data-end=\"1325\"><strong data-start=\"1192\" data-end=\"1206\">Bon plan :<\/strong> faites vos premi\u00e8res traces gratuitement gr\u00e2ce au t\u00e9l\u00e9corde, id\u00e9al pour d\u00e9couvrir les sensations de glisse en douceur.<\/p>\n\n                                        <\/div>\n                                                                    <\/div>\n                            <\/div>\n                                                                                                                                                        <div class=\"GutCol2-wrap GutCol2-blocImage Right\">\n                                    <picture class=\"GutCol2-picture\">\n                                        <img decoding=\"async\" src=\"https:\/\/www.hautesvallees.com\/content\/uploads\/sites\/2\/2026\/02\/Ski-alpin-famille-Chazelet-hiver-2026-Thibaut-Blais-89-664x480.jpg\"\n                                             alt=\"Ski alpin, famille, Chazelet, hiver 2026 - Thibaut Blais (89)\" \/>\n                                    <\/picture>\n                                                                            <span class=\"GutCol2-credit\">\u00a9 T.Blais<\/span>\n                                                                    <\/div>\n                                                                                            <\/div>\n    <\/div>\n\n\n<div class=\"GutGallery  GutContainer\">\n\n        \n                    <div class=\"GutGallery-container three_column __gallery\" id=\"gallery_69f3e989d1e00\" data-galleryid=\"gallery_69f3e989d1e00\" data-download=\"false\">\n                                                            <a class=\"GutGallery-item\"\n                           href=\"https:\/\/www.hautesvallees.com\/content\/uploads\/sites\/2\/2026\/02\/Ski-alpin-famille-Chazelet-hiver-2026-Thibaut-Blais-66.jpg\"\n                            data-lg-size=\"720-480\"                                                    >\n                            <picture class=\"GutGallery-pic\">\n                                <img decoding=\"async\" class=\"GutGallery-img\" src=\"https:\/\/www.hautesvallees.com\/content\/uploads\/sites\/2\/2026\/02\/Ski-alpin-famille-Chazelet-hiver-2026-Thibaut-Blais-66-436x320.jpg\" alt=\"Ski alpin, famille, Chazelet, hiver 2026 - Thibaut Blais (66)\">\n                            <\/picture>\n                                                    <\/a>\n                                                                                <a class=\"GutGallery-item\"\n                           href=\"https:\/\/www.hautesvallees.com\/content\/uploads\/sites\/2\/2026\/02\/Ski-alpin-famille-Chazelet-hiver-2026-Thibaut-Blais-62.jpg\"\n                            data-lg-size=\"720-480\"                             data-sub-html=\"T.Blais\"                         >\n                            <picture class=\"GutGallery-pic\">\n                                <img decoding=\"async\" class=\"GutGallery-img\" src=\"https:\/\/www.hautesvallees.com\/content\/uploads\/sites\/2\/2026\/02\/Ski-alpin-famille-Chazelet-hiver-2026-Thibaut-Blais-62-436x320.jpg\" alt=\"Ski alpin, famille, Chazelet, hiver 2026 - Thibaut Blais (62)\">\n                            <\/picture>\n                                                            <div class=\"GutGallery-creditphoto\">T.Blais<\/div>\n                                                    <\/a>\n                                                                                <a class=\"GutGallery-item\"\n                           href=\"https:\/\/www.hautesvallees.com\/content\/uploads\/sites\/2\/2026\/02\/Ski-alpin-famille-Chazelet-hiver-2026-Thibaut-Blais-140.jpg\"\n                            data-lg-size=\"720-480\"                                                    >\n                            <picture class=\"GutGallery-pic\">\n                                <img decoding=\"async\" class=\"GutGallery-img\" src=\"https:\/\/www.hautesvallees.com\/content\/uploads\/sites\/2\/2026\/02\/Ski-alpin-famille-Chazelet-hiver-2026-Thibaut-Blais-140-436x320.jpg\" alt=\"Ski alpin, famille, Chazelet, hiver 2026 - Thibaut Blais (140)\">\n                            <\/picture>\n                                                    <\/a>\n                                                <\/div>\n            <\/div>\n\n\n<div class=\"GutInformations  GutContainer\">\n        <div class=\"GutInformations-container\">\n\n            <div class=\"GutTitle Left\">\n                    <h2 class=\"GutTitle-title\">\n                                    <span class=\"GutTitle-surtitle\">infos utiles<\/span>\n                                                        plans des pistes, m\u00e9t\u00e9o\n                            <\/h2>\n                    <\/div>\n\n            <div class=\"GutInformations-list\">\n                                    <div class=\"GutInformations-wrap\">\n                                                                                    <picture class=\"GutInformations-picture\">\n                                    <img decoding=\"async\" src=\"https:\/\/www.hautesvallees.com\/content\/uploads\/sites\/2\/2025\/07\/Picto-1-250x250.png\" alt=\"Picto boussole\" \/>\n                                <\/picture>\n                                                                                                        <p class=\"GutInformations-title\">\n                                plan des pistes\n                            <\/p>\n                                                                            <p class=\"GutInformations-text\">\n                                5 pistes, 4 t\u00e9l\u00e9skis et 1 t\u00e9l\u00e9si\u00e8ge, d\u00e9couvrez le plan des pistes du Chazelet &#8211; Infos et conditions : 04 76 79 95 73 (saison) et 04 76 79 90 29 (mairie hors saison)\n                            <\/p>\n                                                                            <a class=\"GutInformations-link\" href=\"https:\/\/www.chazelet.com\/_files\/ugd\/d691cf_fc93b50b1eed49c991241077bc8e9a91.pdf\" target=\"_blank\" title=\"Ici\" rel=\"noopener\">\n                                Ici\n                            <\/a>\n                                            <\/div>\n                                    <div class=\"GutInformations-wrap\">\n                                                                                    <picture class=\"GutInformations-picture\">\n                                    <img decoding=\"async\" src=\"https:\/\/www.hautesvallees.com\/content\/uploads\/sites\/2\/2025\/07\/Picto-2-250x250.png\" alt=\"Picto soleil\" \/>\n                                <\/picture>\n                                                                                                        <p class=\"GutInformations-title\">\n                                m\u00e9t\u00e9o\n                            <\/p>\n                                                                            <p class=\"GutInformations-text\">\n                                Enneigement, m\u00e9t\u00e9o du jour, bulletin des risques d&rsquo;avalanche&#8230; \n                            <\/p>\n                                                                            <a class=\"GutInformations-link\" href=\"https:\/\/www.hautesvallees.com\/la-grave\/meteo\/\" target=\"_blank\" title=\"Ici\">\n                                Ici\n                            <\/a>\n                                            <\/div>\n                                    <div class=\"GutInformations-wrap\">\n                                                                                    <picture class=\"GutInformations-picture\">\n                                    <img decoding=\"async\" src=\"https:\/\/www.hautesvallees.com\/content\/uploads\/sites\/2\/2025\/07\/Picto-250x250.png\" alt=\"Picto ski\" \/>\n                                <\/picture>\n                                                                                                        <p class=\"GutInformations-title\">\n                                louer son mat\u00e9riel\n                            <\/p>\n                                                                            <p class=\"GutInformations-text\">\n                                Retrouvez les magasins de sports sur La Grave et Villar d&rsquo;Ar\u00e8ne pour louer votre mat\u00e9riel de ski alpin ou de snowboard.\n                            <\/p>\n                                                                            <a class=\"GutInformations-link\" href=\"https:\/\/www.hautesvallees.com\/la-grave\/sur-place\/commerces-services\/location\/\" target=\"_blank\" title=\"Ici\">\n                                Ici\n                            <\/a>\n                                            <\/div>\n                                    <div class=\"GutInformations-wrap\">\n                                                                                    <picture class=\"GutInformations-picture\">\n                                    <img decoding=\"async\" src=\"https:\/\/www.hautesvallees.com\/content\/uploads\/sites\/2\/2025\/01\/2-250x250.jpg\" alt=\"xr:d:DAF83Z9DQ2Y:88,j:2063072237273520284,t:24040212\" \/>\n                                <\/picture>\n                                                                                                        <p class=\"GutInformations-title\">\n                                Tarifs des forfaits\n                            <\/p>\n                                                                            <p class=\"GutInformations-text\">\n                                Au Chazelet, les forfaits ski sont \u00e0 un prix tr\u00e8s abordables.\n                            <\/p>\n                                                                            <a class=\"GutInformations-link\" href=\"https:\/\/www.chazelet.com\/\" target=\"_blank\" title=\"Consultez les tarifs \" rel=\"noopener\">\n                                Consultez les tarifs \n                            <\/a>\n                                            <\/div>\n                            <\/div>\n        <\/div>\n    <\/div>\n\n\n\n\n<div class=\"GutImage  GutContainer-full\">\n        <div class=\"GutImage-container\">\n            <div class=\"GutTitle Center\">\n                    <h2 class=\"GutTitle-title\">\n                                    <span class=\"GutTitle-surtitle\">apprendre<\/span>\n                                                        en s&#039;amusant\n                            <\/h2>\n                    <\/div>\n            \n                            <picture class=\"GutImage-pic\">\n                    <source srcset=\"https:\/\/www.hautesvallees.com\/content\/uploads\/sites\/2\/2026\/02\/Ski-alpin-famille-jardin-enfant-ESF-piou-piou-Chazelet-hiver-2026-Thibaut-Blais-106-768x360.jpg\" media=\"(max-width: 768px)\">\n                    <source srcset=\"https:\/\/www.hautesvallees.com\/content\/uploads\/sites\/2\/2026\/02\/Ski-alpin-famille-jardin-enfant-ESF-piou-piou-Chazelet-hiver-2026-Thibaut-Blais-106-992x465.jpg\" media=\"(max-width: 992px)\">\n                    <source srcset=\"https:\/\/www.hautesvallees.com\/content\/uploads\/sites\/2\/2026\/02\/Ski-alpin-famille-jardin-enfant-ESF-piou-piou-Chazelet-hiver-2026-Thibaut-Blais-106-1920x900.jpg\" media=\"(min-width: 993px)\">\n                    <img decoding=\"async\" class=\"GutImage-img\" src=\"https:\/\/www.hautesvallees.com\/content\/uploads\/sites\/2\/2026\/02\/Ski-alpin-famille-jardin-enfant-ESF-piou-piou-Chazelet-hiver-2026-Thibaut-Blais-106-1920x900.jpg\" alt=\"Ski alpin, famille, jardin enfant ESF piou piou, Chazelet, hiver 2026 - Thibaut Blais (106)\" \/>\n                <\/picture>\n                                        <div class=\"GutImage-creditphoto\">\n                    T.Blais\n                <\/div>\n                    <\/div>\n    <\/div>\n\n\n<div class=\"GutText BgColor GutContainer\">\n        <div class=\"GutText-inner\">\n                                        <div class=\"GutText-intro Center\">COURS DE SKI AVEC L&rsquo;\u00c9COLE DE SKI DE LA GRAVE<\/div>\n                                        <div class=\"GutText-wysiwyg Content\">\n                    <p style=\"text-align: center\">L\u2019<strong>ESF de La Grave<\/strong>\u00a0La Meije propose un\u00a0<strong>jardin d\u2019enfants<\/strong>\u00a0\u00e0 partir de 3 ans pour d\u00e9couvrir le ski et faire ses premi\u00e8res glissades dans un espace ludique et s\u00e9curis\u00e9, ainsi que des\u00a0<strong>cours collectifs<\/strong>\u00a0et des<strong>\u00a0cours priv\u00e9s<\/strong>\u00a0\u00e0 ski ou en snowboard du niveau flocon au niveau comp\u00e9tition.<\/p>\n<p style=\"text-align: center\">N&rsquo;attendez plus, et r\u00e9servez votre cours avec nos moniteurs de l&rsquo;ESF La Grave.<\/p>\n\n                <\/div>\n                    <\/div>\n    <\/div>\n\n\n\n<div class=\"ApiListing __altimax_listing \" data-js=\"{&quot;action_load&quot;:&quot;apidae_listing_load&quot;,&quot;action_map_tiles&quot;:&quot;apidae_listing_load_map_tiles&quot;,&quot;action_filters&quot;:&quot;apidae_listing_filters&quot;,&quot;action_pdf&quot;:&quot;apidae_listing_pdf&quot;,&quot;post_id&quot;:954,&quot;blog_id&quot;:2,&quot;uid&quot;:1,&quot;cache_key&quot;:&quot;555130822622e2ee6b8c56bb1fca8624&quot;,&quot;is_agenda&quot;:false,&quot;listing_mode&quot;:&quot;listing&quot;,&quot;use_filters&quot;:false,&quot;use_share&quot;:false,&quot;paginator&quot;:{&quot;currentPage&quot;:1,&quot;maxPerPage&quot;:6,&quot;count&quot;:5,&quot;totalPages&quot;:1,&quot;nextPage&quot;:1,&quot;html&quot;:&quot;    &lt;li class=\\&quot;Paginator-page __altimax_listing_load active\\&quot;\\n        data-index=\\&quot;1\\&quot; &gt;\\n        &lt;span&gt;1&lt;\\\/span&gt;\\n    &lt;\\\/li&gt;\\n&quot;},&quot;ajax_url&quot;:&quot;https:\\\/\\\/www.hautesvallees.com\\\/\\\/la-grave\\\/wp-admin\\\/admin-ajax.php&quot;,&quot;lang&quot;:&quot;fr&quot;}\">\n    <div class=\"ApiListingLoader __altimax_loader\">\n        <div class=\"ApiListingLoader-container\">\n            <div class=\"ApiListingLoader-ring\"><\/div>\n        <\/div>\n    <\/div>\n        \n        \n        \n                                <div class=\"ApiListing-container\">\n        <div class=\"ApiListing-control container_full \">\n                                                    <button class=\"ApiListing-pdf desktop Button-border __altimax_listing_pdf\">T\u00e9l\u00e9charger<\/button>\n                                                                <div class=\"ApiListing-result\">\n                <div class=\"ApiListing-result--number __altimax_listing_count\">5<\/div>\n                R\u00e9sultats\n            <\/div>\n                    <\/div>\n\n        <div class=\"ApiListing-wrapper container_full  \">\n            \n                            <ul class=\"ApiListing-list __altimax_listing_content\">\n                                            <!-- Generer le: 2026-04-30 23:45:04 -->\n<!-- Blog: La Grave - 2 -->\n<li class=\"ApiTile ApiTileDefault __altimax_listing_item  \"\n    data-roadbook-item=\"7595638\"\n    data-apidae=\"7595638\"\n    data-event-category=\"Apidae affichage\"\n    data-event-action=\"vue teaser\"\n    data-event-label=\"7595638 : Stage Expert hors-piste avec l&#039;ESF La Grave-La Meije\">\n    <a href=\"https:\/\/www.hautesvallees.com\/la-grave\/activite\/stage-expert-hors-piste-avec-lesf-la-grave-la-meije-la-grave\" class=\"ApiTile-link ApiTileDefault-link\" title=\"Stage Expert hors-piste avec l&#039;ESF La Grave-La Meije\">\n            <span class=\"ApiTile-location ApiTileDefault-location\">\n        La Grave\n    <\/span>\n\n            <button class=\"__gtm_track_click __altimax_favory ApiTile-fav ApiTileDefault-fav Favourite\"\n            data-apidae=\"7595638\"\n            title=\"Ajoutez aux favoris\"\n            data-txtajouter=\"Ajoutez aux favoris\"\n            data-txtretirer=\"Retirez des favoris\"\n            data-event-category=\"Apidae fiche objet\"\n            data-event-action=\"ajout trip planner\"\n            data-event-label=\"7595638 : Stage Expert hors-piste avec l&#039;ESF La Grave-La Meije\">\n        <img decoding=\"async\" class=\"Favourite-border svg\"\n             src=\"\/content\/themes\/theme_altimax\/dist\/img\/apidae\/system\/SYSTEM-FavOff-30px.svg\"\/>\n        <img decoding=\"async\" class=\"Favourite-full svg\"\n             src=\"\/content\/themes\/theme_altimax\/dist\/img\/apidae\/system\/SYSTEM-FavOn-30px.svg\"\/>\n    <\/button>\n\n            <picture class=\"ApiTile-picture ApiTileDefault-picture\">\n        <img decoding=\"async\" class=\"ApiTile-img ApiTileAgenda-img\" src=\"\/cache\/images\/34160422_apidae-tile.jpg\" alt=\"Stage Expert hors-piste avec l&#039;ESF La Grave-La Meije\">\n    <\/picture>\n\n        <div class=\"ApiTile-content ApiTileDefault-content\">\n            \n            <div class=\"ApiTile-top ApiTileDefault-top\">\n                <span class=\"ApiTile-type ApiTileDefault-type\">\n                        activite\n            <\/span>                                            <\/div>\n\n            <h2 class=\"ApiTile-title ApiTileDefault-title\">Stage Expert hors-piste avec l&#039;ESF La&#8230;<\/h2>\n                                        <ul class=\"ApiTile-categorie ApiTileDefault-categorie\">\n                                                <li class=\"ApiTile-categorie--item ApiTileDefault-categorie--item\">\n                        Pratique encadr\u00e9e\n                    <\/li>\n                                                                <li class=\"ApiTile-categorie--item ApiTileDefault-categorie--item\">\n                        Stage\n                    <\/li>\n                                    <\/ul>\n                \n                                <\/div>\n    <\/a>\n<\/li>\n\n                                            <!-- Generer le: 2026-04-30 23:45:04 -->\n<!-- Blog: La Grave - 2 -->\n<li class=\"ApiTile ApiTileDefault __altimax_listing_item  \"\n    data-roadbook-item=\"288076\"\n    data-apidae=\"288076\"\n    data-event-category=\"Apidae affichage\"\n    data-event-action=\"vue teaser\"\n    data-event-label=\"288076 : Cours collectifs &amp; priv\u00e9s avec l&#039;ESF La Grave-La Meije\">\n    <a href=\"https:\/\/www.hautesvallees.com\/la-grave\/activite\/cours-collectifs-prives-avec-lesf-la-grave-la-meije-la-grave\" class=\"ApiTile-link ApiTileDefault-link\" title=\"Cours collectifs &amp; priv\u00e9s avec l&#039;ESF La Grave-La Meije\">\n            <span class=\"ApiTile-location ApiTileDefault-location\">\n        La Grave\n    <\/span>\n\n            <button class=\"__gtm_track_click __altimax_favory ApiTile-fav ApiTileDefault-fav Favourite\"\n            data-apidae=\"288076\"\n            title=\"Ajoutez aux favoris\"\n            data-txtajouter=\"Ajoutez aux favoris\"\n            data-txtretirer=\"Retirez des favoris\"\n            data-event-category=\"Apidae fiche objet\"\n            data-event-action=\"ajout trip planner\"\n            data-event-label=\"288076 : Cours collectifs &amp; priv\u00e9s avec l&#039;ESF La Grave-La Meije\">\n        <img decoding=\"async\" class=\"Favourite-border svg\"\n             src=\"\/content\/themes\/theme_altimax\/dist\/img\/apidae\/system\/SYSTEM-FavOff-30px.svg\"\/>\n        <img decoding=\"async\" class=\"Favourite-full svg\"\n             src=\"\/content\/themes\/theme_altimax\/dist\/img\/apidae\/system\/SYSTEM-FavOn-30px.svg\"\/>\n    <\/button>\n\n            <picture class=\"ApiTile-picture ApiTileDefault-picture\">\n        <img decoding=\"async\" class=\"ApiTile-img ApiTileAgenda-img\" src=\"\/cache\/images\/27563347_apidae-tile.jpg\" alt=\"Cours collectifs &amp; priv\u00e9s avec l&#039;ESF La Grave-La Meije\">\n    <\/picture>\n\n        <div class=\"ApiTile-content ApiTileDefault-content\">\n            \n            <div class=\"ApiTile-top ApiTileDefault-top\">\n                <span class=\"ApiTile-type ApiTileDefault-type\">\n                        activite\n            <\/span>                                            <\/div>\n\n            <h2 class=\"ApiTile-title ApiTileDefault-title\">Cours collectifs &amp; priv\u00e9s avec l&#039;ESF&#8230;<\/h2>\n                                        <ul class=\"ApiTile-categorie ApiTileDefault-categorie\">\n                                                <li class=\"ApiTile-categorie--item ApiTileDefault-categorie--item\">\n                        Pratique encadr\u00e9e\n                    <\/li>\n                                                                <li class=\"ApiTile-categorie--item ApiTileDefault-categorie--item\">\n                        Cours\n                    <\/li>\n                                                                <li class=\"ApiTile-categorie--item ApiTileDefault-categorie--item\">\n                        Multiactivit\u00e9s\n                    <\/li>\n                                                                <li class=\"ApiTile-categorie--item ApiTileDefault-categorie--item\">\n                        Stage\n                    <\/li>\n                                                                                                                                                    <\/ul>\n                \n                                <\/div>\n    <\/a>\n<\/li>\n\n                                            <!-- Generer le: 2026-04-30 23:45:04 -->\n<!-- Blog: La Grave - 2 -->\n<li class=\"ApiTile ApiTileDefault __altimax_listing_item  \"\n    data-roadbook-item=\"306170\"\n    data-apidae=\"306170\"\n    data-event-category=\"Apidae affichage\"\n    data-event-action=\"vue teaser\"\n    data-event-label=\"306170 : Snowboard &amp; Splitboard avec l&#039;ESF La Grave-La Meije\">\n    <a href=\"https:\/\/www.hautesvallees.com\/la-grave\/activite\/snowboard-splitboard-avec-lesf-la-grave-la-meije-la-grave\" class=\"ApiTile-link ApiTileDefault-link\" title=\"Snowboard &amp; Splitboard avec l&#039;ESF La Grave-La Meije\">\n            <span class=\"ApiTile-location ApiTileDefault-location\">\n        La Grave\n    <\/span>\n\n            <button class=\"__gtm_track_click __altimax_favory ApiTile-fav ApiTileDefault-fav Favourite\"\n            data-apidae=\"306170\"\n            title=\"Ajoutez aux favoris\"\n            data-txtajouter=\"Ajoutez aux favoris\"\n            data-txtretirer=\"Retirez des favoris\"\n            data-event-category=\"Apidae fiche objet\"\n            data-event-action=\"ajout trip planner\"\n            data-event-label=\"306170 : Snowboard &amp; Splitboard avec l&#039;ESF La Grave-La Meije\">\n        <img decoding=\"async\" class=\"Favourite-border svg\"\n             src=\"\/content\/themes\/theme_altimax\/dist\/img\/apidae\/system\/SYSTEM-FavOff-30px.svg\"\/>\n        <img decoding=\"async\" class=\"Favourite-full svg\"\n             src=\"\/content\/themes\/theme_altimax\/dist\/img\/apidae\/system\/SYSTEM-FavOn-30px.svg\"\/>\n    <\/button>\n\n            <picture class=\"ApiTile-picture ApiTileDefault-picture\">\n        <img decoding=\"async\" class=\"ApiTile-img ApiTileAgenda-img\" src=\"\/cache\/images\/27563271_apidae-tile.jpg\" alt=\"Snowboard &amp; Splitboard avec l&#039;ESF La Grave-La Meije\">\n    <\/picture>\n\n        <div class=\"ApiTile-content ApiTileDefault-content\">\n            \n            <div class=\"ApiTile-top ApiTileDefault-top\">\n                <span class=\"ApiTile-type ApiTileDefault-type\">\n                        activite\n            <\/span>                                            <\/div>\n\n            <h2 class=\"ApiTile-title ApiTileDefault-title\">Snowboard &amp; Splitboard avec l&#039;ESF La&#8230;<\/h2>\n                                        <ul class=\"ApiTile-categorie ApiTileDefault-categorie\">\n                                                <li class=\"ApiTile-categorie--item ApiTileDefault-categorie--item\">\n                        Pratique encadr\u00e9e\n                    <\/li>\n                                                                <li class=\"ApiTile-categorie--item ApiTileDefault-categorie--item\">\n                        Cours\n                    <\/li>\n                                                                <li class=\"ApiTile-categorie--item ApiTileDefault-categorie--item\">\n                        En semaine\n                    <\/li>\n                                                                <li class=\"ApiTile-categorie--item ApiTileDefault-categorie--item\">\n                        En week-end\n                    <\/li>\n                                                                                            <\/ul>\n                \n                                <\/div>\n    <\/a>\n<\/li>\n\n                                            <!-- Generer le: 2026-04-30 23:45:04 -->\n<!-- Blog: La Grave - 2 -->\n<li class=\"ApiTile ApiTileDefault __altimax_listing_item  \"\n    data-roadbook-item=\"6747439\"\n    data-apidae=\"6747439\"\n    data-event-category=\"Apidae affichage\"\n    data-event-action=\"vue teaser\"\n    data-event-label=\"6747439 : S\u00e9jour freeride et miniraid avec l&#039;ESF\">\n    <a href=\"https:\/\/www.hautesvallees.com\/la-grave\/activite\/sejour-freeride-et-miniraid-avec-lesf-la-grave\" class=\"ApiTile-link ApiTileDefault-link\" title=\"S\u00e9jour freeride et miniraid avec l&#039;ESF\">\n            <span class=\"ApiTile-location ApiTileDefault-location\">\n        La Grave\n    <\/span>\n\n            <button class=\"__gtm_track_click __altimax_favory ApiTile-fav ApiTileDefault-fav Favourite\"\n            data-apidae=\"6747439\"\n            title=\"Ajoutez aux favoris\"\n            data-txtajouter=\"Ajoutez aux favoris\"\n            data-txtretirer=\"Retirez des favoris\"\n            data-event-category=\"Apidae fiche objet\"\n            data-event-action=\"ajout trip planner\"\n            data-event-label=\"6747439 : S\u00e9jour freeride et miniraid avec l&#039;ESF\">\n        <img decoding=\"async\" class=\"Favourite-border svg\"\n             src=\"\/content\/themes\/theme_altimax\/dist\/img\/apidae\/system\/SYSTEM-FavOff-30px.svg\"\/>\n        <img decoding=\"async\" class=\"Favourite-full svg\"\n             src=\"\/content\/themes\/theme_altimax\/dist\/img\/apidae\/system\/SYSTEM-FavOn-30px.svg\"\/>\n    <\/button>\n\n            <picture class=\"ApiTile-picture ApiTileDefault-picture\">\n        <img decoding=\"async\" class=\"ApiTile-img ApiTileAgenda-img\" src=\"\/cache\/images\/27820497_apidae-tile.jpg\" alt=\"S\u00e9jour freeride et miniraid avec l&#039;ESF\">\n    <\/picture>\n\n        <div class=\"ApiTile-content ApiTileDefault-content\">\n            \n            <div class=\"ApiTile-top ApiTileDefault-top\">\n                <span class=\"ApiTile-type ApiTileDefault-type\">\n                        activite\n            <\/span>                                            <\/div>\n\n            <h2 class=\"ApiTile-title ApiTileDefault-title\">S\u00e9jour freeride et miniraid avec l&#039;ESF<\/h2>\n                                        <ul class=\"ApiTile-categorie ApiTileDefault-categorie\">\n                                                <li class=\"ApiTile-categorie--item ApiTileDefault-categorie--item\">\n                        Pratique encadr\u00e9e\n                    <\/li>\n                                                                <li class=\"ApiTile-categorie--item ApiTileDefault-categorie--item\">\n                        Cours\n                    <\/li>\n                                                                <li class=\"ApiTile-categorie--item ApiTileDefault-categorie--item\">\n                        Stage\n                    <\/li>\n                                    <\/ul>\n                \n                                <\/div>\n    <\/a>\n<\/li>\n\n                                            <!-- Generer le: 2026-04-30 23:45:04 -->\n<!-- Blog: La Grave - 2 -->\n<li class=\"ApiTile ApiTileDefault __altimax_listing_item  \"\n    data-roadbook-item=\"5397015\"\n    data-apidae=\"5397015\"\n    data-event-category=\"Apidae affichage\"\n    data-event-action=\"vue teaser\"\n    data-event-label=\"5397015 : Ski de randonn\u00e9e et splitboard avec l&#039;ESF La Grave - La Meije\">\n    <a href=\"https:\/\/www.hautesvallees.com\/la-grave\/activite\/ski-de-randonnee-et-splitboard-avec-lesf-la-grave-la-meije-la-grave\" class=\"ApiTile-link ApiTileDefault-link\" title=\"Ski de randonn\u00e9e et splitboard avec l&#039;ESF La Grave - La Meije\">\n            <span class=\"ApiTile-location ApiTileDefault-location\">\n        La Grave\n    <\/span>\n\n            <button class=\"__gtm_track_click __altimax_favory ApiTile-fav ApiTileDefault-fav Favourite\"\n            data-apidae=\"5397015\"\n            title=\"Ajoutez aux favoris\"\n            data-txtajouter=\"Ajoutez aux favoris\"\n            data-txtretirer=\"Retirez des favoris\"\n            data-event-category=\"Apidae fiche objet\"\n            data-event-action=\"ajout trip planner\"\n            data-event-label=\"5397015 : Ski de randonn\u00e9e et splitboard avec l&#039;ESF La Grave - La Meije\">\n        <img decoding=\"async\" class=\"Favourite-border svg\"\n             src=\"\/content\/themes\/theme_altimax\/dist\/img\/apidae\/system\/SYSTEM-FavOff-30px.svg\"\/>\n        <img decoding=\"async\" class=\"Favourite-full svg\"\n             src=\"\/content\/themes\/theme_altimax\/dist\/img\/apidae\/system\/SYSTEM-FavOn-30px.svg\"\/>\n    <\/button>\n\n            <picture class=\"ApiTile-picture ApiTileDefault-picture\">\n        <img decoding=\"async\" class=\"ApiTile-img ApiTileAgenda-img\" src=\"\/cache\/images\/8754205_apidae-tile.jpg\" alt=\"Ski de randonn\u00e9e et splitboard avec l&#039;ESF La Grave - La Meije\">\n    <\/picture>\n\n        <div class=\"ApiTile-content ApiTileDefault-content\">\n            \n            <div class=\"ApiTile-top ApiTileDefault-top\">\n                <span class=\"ApiTile-type ApiTileDefault-type\">\n                        activite\n            <\/span>                                            <\/div>\n\n            <h2 class=\"ApiTile-title ApiTileDefault-title\">Ski de randonn\u00e9e et splitboard avec l&#8230;<\/h2>\n                                        <ul class=\"ApiTile-categorie ApiTileDefault-categorie\">\n                                                <li class=\"ApiTile-categorie--item ApiTileDefault-categorie--item\">\n                        Pratique encadr\u00e9e\n                    <\/li>\n                                                                <li class=\"ApiTile-categorie--item ApiTileDefault-categorie--item\">\n                        Cours\n                    <\/li>\n                                                                <li class=\"ApiTile-categorie--item ApiTileDefault-categorie--item\">\n                        Mat\u00e9riel non fourni\n                    <\/li>\n                                    <\/ul>\n                \n                                <\/div>\n    <\/a>\n<\/li>\n\n                                    <\/ul>\n            \n                        \n        <\/div>\n                    <ul class=\"Paginator __altimax_listing_paginator\">\n                    <li class=\"Paginator-page __altimax_listing_load active\"\n        data-index=\"1\" >\n        <span>1<\/span>\n    <\/li>\n\n            <\/ul>\n            <\/div>\n<\/div>\n\n\n\n<div class=\"GutInformations  GutContainer\">\n        <div class=\"GutInformations-container\">\n\n            <div class=\"GutTitle Left\">\n                    <h2 class=\"GutTitle-title\">\n                                    <span class=\"GutTitle-surtitle\">Les plus pour <\/span>\n                                                        m&#039;organiser\n                            <\/h2>\n                    <\/div>\n\n            <div class=\"GutInformations-list\">\n                                    <div class=\"GutInformations-wrap\">\n                                                                                    <picture class=\"GutInformations-picture\">\n                                    <img decoding=\"async\" src=\"https:\/\/www.hautesvallees.com\/content\/uploads\/sites\/2\/2025\/07\/Picto-3-250x250.png\" alt=\"Picto ski\" \/>\n                                <\/picture>\n                                                                                                        <p class=\"GutInformations-title\">\n                                Ouverture de la station du Chazelet \n                            <\/p>\n                                                                            <p class=\"GutInformations-text\">\n                                La station du Chazelet est ouverte des vacances de No\u00ebl \u00e0 mi-mars (selon enneigement). Horaires : Tous les jours de 9h \u00e0 17h pendant les vacances scolaires, tous les jours de 9h30 \u00e0 16h30 hors vacances scolaires.\n                            <\/p>\n                                            <\/div>\n                                    <div class=\"GutInformations-wrap\">\n                                                                                    <picture class=\"GutInformations-picture\">\n                                    <img decoding=\"async\" src=\"https:\/\/www.hautesvallees.com\/content\/uploads\/sites\/2\/2025\/01\/5-250x250.png\" alt=\"5\" \/>\n                                <\/picture>\n                                                                                                        <p class=\"GutInformations-title\">\n                                Navettes La Grave &#8211; Le Chazelet \n                            <\/p>\n                                                                            <p class=\"GutInformations-text\">\n                                Il y a des navettes gratuites de La Grave et de Villar d\u2019Ar\u00e8ne pendant les vacances de No\u00ebl et de f\u00e9vrier.\n                            <\/p>\n                                            <\/div>\n                                    <div class=\"GutInformations-wrap\">\n                                                                                    <picture class=\"GutInformations-picture\">\n                                    <img decoding=\"async\" src=\"https:\/\/www.hautesvallees.com\/content\/uploads\/sites\/2\/2025\/07\/Picto-4-250x250.png\" alt=\"Picto acc\u00e8s\" \/>\n                                <\/picture>\n                                                                                                        <p class=\"GutInformations-title\">\n                                Acc\u00e8s\n                            <\/p>\n                                                                            <p class=\"GutInformations-text\">\n                                A la sortie de La Grave (en direction de Brian\u00e7on), traverser le tunnel et \u00e0 la sortie prendre \u00e0 droite la route vers les hameaux de La Grave. Suivre \u00ab\u00a0le Chazelet\u00a0\u00bb. A l\u2019embranchement \u00e0 l\u2019entr\u00e9e du village, prendre \u00e0 droite pour contourner le village par le haut et continuer tout droit pour vous garer au parking de la station.\n                            <\/p>\n                                            <\/div>\n                            <\/div>\n        <\/div>\n    <\/div>\n\n\n<div class=\"GutCol2  GutContainer\">\n        <div class=\"GutCol2-container\">\n\n            <div class=\"GutTitle Left\">\n                    <h2 class=\"GutTitle-title\">\n                                    <span class=\"GutTitle-surtitle\">POINT DE D\u00c9PART POUR <\/span>\n                                                        LE SKI DE RANDONN\u00c9E\n                            <\/h2>\n                    <\/div>\n\n                                                                                                        <div class=\"GutCol2-wrap GutCol2-blocTexte Left\">\n                                <div class=\"GutCol2-blocTexte--inner\">\n                                                                                                                <div class=\"GutCol2-intro\">La descente du plateau d&rsquo;Emparis offre de tr\u00e8s belles vues sur les sommets de l&rsquo;autre versant, comme la Meije.<\/div>\n                                                                                                                <div class=\"GutCol2-text Content\">\n                                            <h5 style=\"text-align: center\">D\u00e9couvrir le ski de randonn\u00e9e au Chazelet<\/h5>\n<p class=\"text-justify\" style=\"text-align: center\"><span style=\"font-family: 'Arial',sans-serif\">Le t\u00e9l\u00e9ski d\u2019Emparis culmine \u00e0 2160 m et constitue un point de d\u00e9part pour les randonn\u00e9es vers le Gros T\u00eat et le Serre Bernard.<\/span><\/p>\n<p class=\"text-justify\" style=\"text-align: center\"><span style=\"font-family: 'Arial',sans-serif\">Le t\u00e9l\u00e9ski des Plagnes et le t\u00e9l\u00e9si\u00e8ge donnent un coup de pouce \u00e0 ceux qui partent en randonn\u00e9e vers le Signal de La Grave.<\/span><\/p>\n<p style=\"text-align: center\"><a class=\"Button-primary\" href=\"https:\/\/www.hautesvallees.com\/la-grave\/que-faire\/en-hiver\/ski-de-randonnee\/\" target=\"_blank\" rel=\"noopener\">D\u00e9couvrir le ski de randonn\u00e9e au Chazelet<\/a><\/p>\n<h5 style=\"text-align: center\">Une premi\u00e8re nuit en refuge depuis le Chazelet<\/h5>\n<p class=\"text-justify\" style=\"text-align: center\"><span style=\"font-family: 'Arial',sans-serif\">En face, il y a<strong>\u00a0le vallon de la Buffe<\/strong> qui fait aussi le bonheur des randonneurs. Le refuge du Pic du Mas de la Grave y accueille les randonneurs \u00e0 ski ou en raquettes (penser \u00e0 r\u00e9server avant de partir).<\/span><span style=\"font-family: 'Arial',sans-serif\">\u00a0<\/span><\/p>\n<p class=\"size22\" style=\"text-align: center\" align=\"center\"><span style=\"font-family: 'Arial',sans-serif\"><a class=\"Button-primary\" href=\"https:\/\/www.hautesvallees.com\/hebergement-collectif\/refuge-du-pic-du-mas-de-la-grave-chez-polyte-la-grave\/\" target=\"_blank\" rel=\"noopener\">Refuge du Pic du Mas de la Grave<\/a><\/span><\/p>\n<p>&nbsp;<\/p>\n\n                                        <\/div>\n                                                                    <\/div>\n                            <\/div>\n                                                                                                                                                        <div class=\"GutCol2-wrap GutCol2-blocImage Right\">\n                                    <picture class=\"GutCol2-picture\">\n                                        <img decoding=\"async\" src=\"https:\/\/www.hautesvallees.com\/content\/uploads\/sites\/2\/2025\/03\/Rando-du-Chazelet-au-Gros-tet-et-descente-refuge-Pic-du-Mas-ski-de-rando-hiver-Marie-de-Araujo-13-664x480.jpg\"\n                                             alt=\"itin\u00e9rance au Chazelet\" \/>\n                                    <\/picture>\n                                                                            <span class=\"GutCol2-credit\">\u00a9 Marie de Araujo<\/span>\n                                                                    <\/div>\n                                                                                            <\/div>\n    <\/div>\n\n\n<div class=\"GutPushArticles BgColor GutContainer-full\">\n        <div class=\"GutPushArticles-container\">\n            <div class=\"GutTitle Left\">\n                    <h2 class=\"GutTitle-title\">\n                                    <span class=\"GutTitle-surtitle\">Vous aimerez <\/span>\n                                                        Aussi\n                            <\/h2>\n                    <\/div>\n            <div class=\"GutPushArticles-inner \">\n                                    <div class=\"GutPushArticles-container \" >\n                        <div class=\"GutPushArticles-list \">\n                                                            <div class=\"GutPushArticles-wrap \">\n                                                                            <picture class=\"GutPushArticles-picture\">\n                                            <img decoding=\"async\" src=\"https:\/\/www.hautesvallees.com\/content\/uploads\/sites\/2\/2025\/01\/Camille-ESF-La-Grave-La-Meije-1-371x248.webp\"\n                                                 alt=\"Camille-ESF-La-Grave-La-Meije-1\" \/>\n                                        <\/picture>\n                                                                        <div class=\"GutPushArticles-content\">\n                                                                                    <h2 class=\"GutPushArticles-title\">MA SEMAINE EN FAMILLE L&rsquo;HIVER \u00c0 LA GRAVE<\/h2>\n                                                                                                                                                                    <a class=\"Link\" href=\"https:\/\/www.hautesvallees.com\/la-grave\/que-faire\/en-hiver\/vacances-en-famille\/\">D\u00e9couvrir<\/a>\n                                                                            <\/div>\n                                <\/div>\n                                                            <div class=\"GutPushArticles-wrap \">\n                                                                            <picture class=\"GutPushArticles-picture\">\n                                            <img decoding=\"async\" src=\"https:\/\/www.hautesvallees.com\/content\/uploads\/sites\/2\/2025\/01\/220116-074-\u00a9-B.Boone-optimise-web-371x248.webp\"\n                                                 alt=\"220116-074-\u00a9-B.Boone-optimise-web\" \/>\n                                        <\/picture>\n                                                                        <div class=\"GutPushArticles-content\">\n                                                                                    <h2 class=\"GutPushArticles-title\">APPRENDRE LE SKI AVEC CAMILLE<\/h2>\n                                                                                                                                                                    <a class=\"Link\" href=\"https:\/\/www.hautesvallees.com\/apprendre-le-ski-avec-camille\/\">D\u00e9couvrir<\/a>\n                                                                            <\/div>\n                                <\/div>\n                                                            <div class=\"GutPushArticles-wrap \">\n                                                                            <picture class=\"GutPushArticles-picture\">\n                                            <img decoding=\"async\" src=\"https:\/\/www.hautesvallees.com\/content\/uploads\/sites\/2\/2025\/01\/Ski-telepherique-La-Grave-La-Meije-\u00a9-Thibaut-Blais-52-1-scaled-1-371x248.jpg\"\n                                                 alt=\"Ski-telepherique-La-Grave-La-Meije-\u00a9-Thibaut-Blais-52-1-scaled\" \/>\n                                        <\/picture>\n                                                                        <div class=\"GutPushArticles-content\">\n                                                                                    <h2 class=\"GutPushArticles-title\">UNE SEMAINE L\u2019HIVER A LA GRAVE ENTRE POTE<\/h2>\n                                                                                                                                                                    <a class=\"Link\" href=\"https:\/\/www.hautesvallees.com\/une-semaine-a-la-grave-entre-pote\/\">D\u00e9couvrir<\/a>\n                                                                            <\/div>\n                                <\/div>\n                                                    <\/div>\n                                            <\/div>\n                                                <\/div>\n                    <\/div>\n    <\/div>\n","protected":false},"excerpt":{"rendered":"","protected":false},"author":7,"featured_media":1501,"parent":951,"menu_order":1,"comment_status":"closed","ping_status":"closed","template":"","meta":{"_acf_changed":false,"footnotes":""},"class_list":["post-954","page","type-page","status-publish","has-post-thumbnail","hentry"],"acf":[],"_links":{"self":[{"href":"https:\/\/www.hautesvallees.com\/la-grave\/wp-json\/wp\/v2\/pages\/954","targetHints":{"allow":["GET"]}}],"collection":[{"href":"https:\/\/www.hautesvallees.com\/la-grave\/wp-json\/wp\/v2\/pages"}],"about":[{"href":"https:\/\/www.hautesvallees.com\/la-grave\/wp-json\/wp\/v2\/types\/page"}],"author":[{"embeddable":true,"href":"https:\/\/www.hautesvallees.com\/la-grave\/wp-json\/wp\/v2\/users\/7"}],"replies":[{"embeddable":true,"href":"https:\/\/www.hautesvallees.com\/la-grave\/wp-json\/wp\/v2\/comments?post=954"}],"version-history":[{"count":40,"href":"https:\/\/www.hautesvallees.com\/la-grave\/wp-json\/wp\/v2\/pages\/954\/revisions"}],"predecessor-version":[{"id":37678,"href":"https:\/\/www.hautesvallees.com\/la-grave\/wp-json\/wp\/v2\/pages\/954\/revisions\/37678"}],"up":[{"embeddable":true,"href":"https:\/\/www.hautesvallees.com\/la-grave\/wp-json\/wp\/v2\/pages\/951"}],"wp:featuredmedia":[{"embeddable":true,"href":"https:\/\/www.hautesvallees.com\/la-grave\/wp-json\/wp\/v2\/media\/1501"}],"wp:attachment":[{"href":"https:\/\/www.hautesvallees.com\/la-grave\/wp-json\/wp\/v2\/media?parent=954"}],"curies":[{"name":"wp","href":"https:\/\/api.w.org\/{rel}","templated":true}]}}