{"id":953,"date":"2025-01-20T16:59:19","date_gmt":"2025-01-20T15:59:19","guid":{"rendered":"https:\/\/www.hautesvallees.com\/la-grave\/?page_id=953"},"modified":"2026-01-27T16:09:54","modified_gmt":"2026-01-27T15:09:54","slug":"domaine-nordique","status":"publish","type":"page","link":"https:\/\/www.hautesvallees.com\/la-grave\/que-faire\/en-hiver\/domaine-nordique\/","title":{"rendered":"Domaine nordique du Pays de la Meije"},"content":{"rendered":"<div class=\"GutText  GutContainer\">\n        <div class=\"GutText-inner\">\n            <div class=\"GutTitle Center\">\n                    <h2 class=\"GutTitle-title\">\n                                    <span class=\"GutTitle-surtitle\">Du ski de fond<\/span>\n                                                        entre Romanche et \u00c9crins\n                            <\/h2>\n                    <\/div>\n                                        <div class=\"GutText-wysiwyg Content\">\n                    <figure class=\"wp-block-media-text__media\"><\/figure>\n<div class=\"wp-block-media-text__content\">\n<p style=\"text-align: center\">Labellis\u00e9e <em><strong>Stations villages des Alpes du sud<\/strong><\/em>, le domaine nordique de Villar d&rsquo;Ar\u00e8ne est aux portes du <a href=\"https:\/\/www.hautesvallees.com\/la-grave\/decouvrir\/le-pays-de-la-meije\/parc-national-des-ecrins\/\" target=\"_blank\" rel=\"noopener\">Parc national des \u00c9crins<\/a>, les traces des fondeurs se m\u00ealent au d\u00e9cor, entre rivi\u00e8re et for\u00eat au pied des glaciers.<\/p>\n<p style=\"text-align: center\">Entre <strong>Villar d&rsquo;Ar\u00e8ne<\/strong> et le petit hameau d&rsquo;Arsine, , les pistes de ski de fond se faufilent entre rivi\u00e8re, champs et bosquets, au pied des grands sommets des \u00c9crins. La neige reste froide une bonne partie de la saison, gr\u00e2ce \u00e0 la Romanche et \u00e0 son exposition en fond de vall\u00e9e, est offre de belles sensations de glisse avec le doux bruit de la neige en suppl\u00e9ment.<\/p>\n<p style=\"text-align: center\">\n<p>&nbsp;<\/p>\n<\/div>\n\n                <\/div>\n                    <\/div>\n    <\/div>\n\n\n<div class=\"GutCol2  GutContainer\">\n        <div class=\"GutCol2-container\">\n\n            \n                                                                                                        <div class=\"GutCol2-wrap GutCol2-blocTexte Left\">\n                                <div class=\"GutCol2-blocTexte--inner\">\n                                                                                                                <div class=\"GutCol2-intro\">Sur le domaine nordique de Villar d\u2019Ar\u00e8ne \u2013 Pays des \u00c9crins, Il flotte comme un petit air de Canada, ou de Norv\u00e8ge, aux confins de l\u2019Oisans\u2026<\/div>\n                                                                                                                <div class=\"GutCol2-text Content\">\n                                            <p>Ici le terme <strong>\u00ab\u00a0pleine nature\u00a0\u00bb<\/strong>\u00a0prend tout son sens :<strong>\u00a0ambiance haute-montagne<\/strong>, avec quelques arbres aux branches charg\u00e9es de neige, et des sommets qui en imposent !<\/p>\n<div class=\"GutCol2-text Content\">\n<p>Il y en a pour tous le monde :<\/p>\n<ul>\n<li><strong>3 km de piste verte<\/strong><\/li>\n<li><strong>7 km de piste bleu<\/strong><\/li>\n<\/ul>\n<p>&nbsp;<\/p>\n<\/div>\n<p>&nbsp;<\/p>\n\n                                        <\/div>\n                                                                    <\/div>\n                            <\/div>\n                                                                                                                                                        <div class=\"GutCol2-wrap GutCol2-blocImage Right\">\n                                    <picture class=\"GutCol2-picture\">\n                                        <img decoding=\"async\" src=\"https:\/\/www.hautesvallees.com\/content\/uploads\/sites\/2\/2025\/10\/Espace-Nordique-_-alpesphotographies.com-3-664x480.jpg\"\n                                             alt=\"Domaine nordique de Villar d&#039;Ar\u00e8ne - Alpes Photographies\" \/>\n                                    <\/picture>\n                                                                            <span class=\"GutCol2-credit\">\u00a9 \u00a9Alpes photographies<\/span>\n                                                                    <\/div>\n                                                                                            <\/div>\n    <\/div>\n\n\n<div class=\"ScriptJS  GutContainer\">\n        <div class=\"GutTitle Center\">\n                    <h2 class=\"GutTitle-title\">\n                                                        Ouverture des pistes et damage\n                            <\/h2>\n                    <\/div>\n        <div class=\"ScriptJS-content\">\n            <center><object type=\"image\/svg+xml\" data=\"https:\/\/nordic-live.com\/pistes.svg\/pays-de-la-meije\" style=\"max-width: 100%\"><\/object><\/center>\n        <\/div>\n    <\/div>\n\n\n<div class=\"GutCol2 BgColor GutContainer-full\">\n        <div class=\"GutCol2-container\">\n\n            \n                                                                                                        <div class=\"GutCol2-wrap GutCol2-blocTexte Left\">\n                                <div class=\"GutCol2-blocTexte--inner\">\n                                                                            <div class=\"GutTitle Left\">\n                    <h2 class=\"GutTitle-title\">\n                                    <span class=\"GutTitle-surtitle\">Acheter votre forfait<\/span>\n                                                        en ligne\n                            <\/h2>\n                    <\/div>\n                                                                                                                <div class=\"GutCol2-intro\">Rechargez ou commandez d\u00e8s aujourd\u2019hui vos Nordic Pass en ligne !<\/div>\n                                                                                                                <div class=\"GutCol2-text Content\">\n                                            <p>Optez pour un Nordic Pass Alpes du sud qui vous offre la possibilit\u00e9 de d\u00e9couvrir l\u2019ensemble des domaines nordiques des Hautes-Alpes ou des Alpes de Haute Provence ou bien le Nordic Pass \u00ab Domaine Villar d&rsquo;Ar\u00e8ne\u00bb\u00a0 si vous voulez skier toute la saison sur le domaine nordique du Pays de la Meije.<\/p>\n<p style=\"text-align: center\"><a class=\"Button-secondary\" href=\"https:\/\/billetterie-nordic-villar-arene.intence.tech\/shop\" target=\"_blank\" rel=\"noopener\">Achetez ou rechargez votre Nordic Pass en ligne<\/a><\/p>\n<p><em>Vous avez perdu votre Nordic Pass, vous souhaitez modifier votre commande, pour toutes questions,\u00a0<a href=\"https:\/\/www.nordicalpesdusud.com\/nordic-pass\/mon-nordic-pass\" target=\"_blank\" rel=\"noopener noreferrer\">c\u2019est par ici<\/a>\u00a0!<\/em><\/p>\n\n                                        <\/div>\n                                                                    <\/div>\n                            <\/div>\n                                                                                                                                                        <div class=\"GutCol2-wrap GutCol2-blocImage Right\">\n                                    <picture class=\"GutCol2-picture\">\n                                        <img decoding=\"async\" src=\"https:\/\/www.hautesvallees.com\/content\/uploads\/sites\/2\/2025\/10\/Espace-Nordique-_-alpesphotographies.com-44.jpg\"\n                                             alt=\"Domaine nordique Villar d&#039;Ar\u00e8ne - pays des Ecrins - Alpes Photographies\" \/>\n                                    <\/picture>\n                                                                            <span class=\"GutCol2-credit\">\u00a9 Alpes Photographies<\/span>\n                                                                    <\/div>\n                                                                                            <\/div>\n    <\/div>\n\n\n<div class=\"GutInformations  GutContainer\">\n        <div class=\"GutInformations-container\">\n\n            <div class=\"GutTitle Left\">\n                    <h2 class=\"GutTitle-title\">\n                                    <span class=\"GutTitle-surtitle\">Les infos utiles<\/span>\n                                                        plan, webcam, enneigement\n                            <\/h2>\n                    <\/div>\n\n            <div class=\"GutInformations-list\">\n                                    <div class=\"GutInformations-wrap\">\n                                                                                    <picture class=\"GutInformations-picture\">\n                                    <img decoding=\"async\" src=\"https:\/\/www.hautesvallees.com\/content\/uploads\/sites\/2\/2026\/01\/Domaine-nordique-du-Pays-de-la-Meije-Ski-de-fond-Villar-dArene-hiver-2026-Laury-Chamerlat-9-250x250.jpg\" alt=\"Domaine nordique du Pays de la Meije, Ski de fond Villar d&#039;Ar\u00e8ne, hiver 2026 - Laury Chamerlat (9)\" \/>\n                                <\/picture>\n                                                                                                                                                        <a class=\"GutInformations-link\" href=\"https:\/\/www.nordicfrance.fr\/content\/uploads\/2018\/12\/Plan-VillardArene2018BD.pdf\" target=\"\" title=\"Plan des pistes\" rel=\"noopener\">\n                                Plan des pistes\n                            <\/a>\n                                            <\/div>\n                                    <div class=\"GutInformations-wrap\">\n                                                                                    <picture class=\"GutInformations-picture\">\n                                    <img decoding=\"async\" src=\"https:\/\/www.hautesvallees.com\/content\/uploads\/sites\/2\/2025\/01\/Espace-Nordique-_-alpesphotographies.com-7-250x250.jpg\" alt=\"Espace-Nordique-_-alpesphotographies.com-7\" \/>\n                                <\/picture>\n                                                                                                                                                        <a class=\"GutInformations-link\" href=\"https:\/\/www.nordicalpesdusud.com\/domaines\/villar-d-arene-pays-de-la-meije#webcams\" target=\"\" title=\"Webcams\" rel=\"noopener\">\n                                Webcams\n                            <\/a>\n                                            <\/div>\n                                    <div class=\"GutInformations-wrap\">\n                                                                                    <picture class=\"GutInformations-picture\">\n                                    <img decoding=\"async\" src=\"https:\/\/www.hautesvallees.com\/content\/uploads\/sites\/2\/2025\/10\/Espace-Nordique-_-alpesphotographies.com-37-250x250.jpg\" alt=\"Bandeau - Espace nordique Villar d&#039;Arene - Alpes Photographies\" \/>\n                                <\/picture>\n                                                                                                                                                        <a class=\"GutInformations-link\" href=\"https:\/\/nordic-live.com\/domaine\/pays-de-la-meije\" target=\"_blank\" title=\"Infos en direct\" rel=\"noopener\">\n                                Infos en direct\n                            <\/a>\n                                            <\/div>\n                            <\/div>\n        <\/div>\n    <\/div>\n\n\n\n\n\n\n<div class=\"GutVideo \">\n        <div class=\" GutContainer \">\n            <div class=\"GutTitle Left\">\n                    <h2 class=\"GutTitle-title\">\n                                    <span class=\"GutTitle-surtitle\">D\u00e9couvrez le domaine nordique<\/span>\n                                                        en vid\u00e9o\n                            <\/h2>\n                    <\/div>\n\n            <div class=\"GutVideo-inner __video_parent\">\n                                    <picture class=\"GutVideo-pic __video_open\">\n                        <source srcset=\"https:\/\/www.hautesvallees.com\/content\/uploads\/sites\/2\/2025\/01\/Espace-Nordique-_-alpesphotographies.com-4-768x433.jpg\" media=\"(max-width: 768px)\">\n                        <source srcset=\"https:\/\/www.hautesvallees.com\/content\/uploads\/sites\/2\/2025\/01\/Espace-Nordique-_-alpesphotographies.com-4-992x559.jpg\" media=\"(max-width: 992px)\">\n                        <source srcset=\"https:\/\/www.hautesvallees.com\/content\/uploads\/sites\/2\/2025\/01\/Espace-Nordique-_-alpesphotographies.com-4-1196x673.jpg\" media=\"(min-width: 993px)\">\n                        <img decoding=\"async\" class=\"GutVideo-img\" src=\"https:\/\/www.hautesvallees.com\/content\/uploads\/sites\/2\/2025\/01\/Espace-Nordique-_-alpesphotographies.com-4-1196x673.jpg\" alt=\"Espace-Nordique-_-alpesphotographies.com-4\" \/>\n                    <\/picture>\n                                                    <div class=\"GutVideo-out __video_out\">\n                        <iframe class='Video' width='1920' height='1080' src='https:\/\/youtube.com\/embed\/pmXi7rtyqYc?&#038;rel=0' frameborder='0' controls='0' allow='accelerometer; encrypted-media; gyroscope; picture-in-picture' allowfullscreen><\/iframe>\n                    <\/div>\n                            <\/div>\n\n                            <div class=\"GutVideo-content\">\n                                            <div class=\"GutVideo-intro\">\n                            Partez avec Marine, pisteuse secouriste, \u00e0 la d\u00e9couverte des pistes de ski de fond du Pays de la Meije&#8230; \n                        <\/div>\n                                                                <div class=\"GutVideo-text Content\">\n                            Une passionn\u00e9e de ski, pisteuse secouriste vous pr\u00e9sente son domaine nordique et son m\u00e9tier. Un domaine qu&rsquo;elle pr\u00e9sente comme familiale et sauvage, au plus proche de la faune sauvage. \n                        <\/div>\n                                    <\/div>\n                    <\/div>\n    <\/div>\n\n\n<div class=\"GutSeparator Left logo_lagrave\">\n            <\/div>\n\n\n<div class=\"GutText  GutContainer\">\n        <div class=\"GutText-inner\">\n            <div class=\"GutTitle Center\">\n                    <h2 class=\"GutTitle-title\">\n                                    <span class=\"GutTitle-surtitle\">Que pouvez-vous faire <\/span>\n                                                        sur le domaine nordique de Villar d&#039;Ar\u00e8ne ? \n                            <\/h2>\n                    <\/div>\n                                        <div class=\"GutText-wysiwyg Content\">\n                    <p style=\"text-align: center\"><strong>Le domaine nordique du Pays des \u00c9crins<\/strong> vous offre 10 kms de pistes de <strong>ski de fond<\/strong>, mais aussi des itin\u00e9raires pi\u00e9tons raquettes<strong>.<\/strong><br \/>\nPour une journ\u00e9e compl\u00e8te en famille ou entre amis, d\u00e9couvrez \u00e9galement les<strong> pistes de luge<\/strong>, <strong>la patinoire naturelle<\/strong> ou encore <strong>la cascade de glace<\/strong> ou du <strong>biathlon<\/strong>&#8230;<\/p>\n<p>&nbsp;<\/p>\n\n                <\/div>\n                    <\/div>\n    <\/div>\n\n\n\n<div class=\"ApiListing __altimax_listing \" data-js=\"{&quot;action_load&quot;:&quot;apidae_listing_load&quot;,&quot;action_map_tiles&quot;:&quot;apidae_listing_load_map_tiles&quot;,&quot;action_filters&quot;:&quot;apidae_listing_filters&quot;,&quot;action_pdf&quot;:&quot;apidae_listing_pdf&quot;,&quot;post_id&quot;:953,&quot;blog_id&quot;:2,&quot;uid&quot;:1,&quot;cache_key&quot;:&quot;8b7c42ef01968094a2a659bec170c5b1&quot;,&quot;is_agenda&quot;:false,&quot;listing_mode&quot;:&quot;listing-map&quot;,&quot;use_filters&quot;:false,&quot;use_share&quot;:false,&quot;paginator&quot;:{&quot;currentPage&quot;:1,&quot;maxPerPage&quot;:6,&quot;count&quot;:3,&quot;totalPages&quot;:1,&quot;nextPage&quot;:1,&quot;html&quot;:&quot;    &lt;li class=\\&quot;Paginator-page __altimax_listing_load active\\&quot;\\n        data-index=\\&quot;1\\&quot; &gt;\\n        &lt;span&gt;1&lt;\\\/span&gt;\\n    &lt;\\\/li&gt;\\n&quot;},&quot;ajax_url&quot;:&quot;https:\\\/\\\/www.hautesvallees.com\\\/\\\/la-grave\\\/wp-admin\\\/admin-ajax.php&quot;,&quot;lang&quot;:&quot;fr&quot;}\">\n    <div class=\"ApiListingLoader __altimax_loader\">\n        <div class=\"ApiListingLoader-container\">\n            <div class=\"ApiListingLoader-ring\"><\/div>\n        <\/div>\n    <\/div>\n        \n        \n        \n                                            <div class=\"ApiListing-container\">\n        <div class=\"ApiListing-control container_full  switch\">\n                                                                                        <div class=\"ApiListing-result\">\n                <div class=\"ApiListing-result--number __altimax_listing_count\">3<\/div>\n                R\u00e9sultats\n            <\/div>\n                            <button class=\"ApiListing-switch Button-full __apidae_map_listing_switch\"\n                        data-current=\"listing\"\n                        data-text-listing=\"Liste\"\n                        data-text-map=\"Carte\">\n                    Carte\n                <\/button>\n                    <\/div>\n\n        <div class=\"ApiListing-wrapper container_full   switch\">\n            \n                            <ul class=\"ApiListing-list __altimax_listing_content\">\n                                            <!-- Generer le: 2026-05-01 12:26:54 -->\n<!-- Blog: La Grave - 2 -->\n<li class=\"ApiTile ApiTileDefault __altimax_listing_item  \"\n    data-roadbook-item=\"6495392\"\n    data-apidae=\"6495392\"\n    data-event-category=\"Apidae affichage\"\n    data-event-action=\"vue teaser\"\n    data-event-label=\"6495392 : Piste de luge d&#039;Arsine\">\n    <a href=\"https:\/\/www.hautesvallees.com\/la-grave\/equipement\/piste-de-luge-darsine-villar-darene\" class=\"ApiTile-link ApiTileDefault-link\" title=\"Piste de luge d&#039;Arsine\">\n            <span class=\"ApiTile-location ApiTileDefault-location\">\n        Villar-d&#039;Ar\u00eane\n    <\/span>\n\n            <button class=\"__gtm_track_click __altimax_favory ApiTile-fav ApiTileDefault-fav Favourite\"\n            data-apidae=\"6495392\"\n            title=\"Ajoutez aux favoris\"\n            data-txtajouter=\"Ajoutez aux favoris\"\n            data-txtretirer=\"Retirez des favoris\"\n            data-event-category=\"Apidae fiche objet\"\n            data-event-action=\"ajout trip planner\"\n            data-event-label=\"6495392 : Piste de luge d&#039;Arsine\">\n        <img decoding=\"async\" class=\"Favourite-border svg\"\n             src=\"\/content\/themes\/theme_altimax\/dist\/img\/apidae\/system\/SYSTEM-FavOff-30px.svg\"\/>\n        <img decoding=\"async\" class=\"Favourite-full svg\"\n             src=\"\/content\/themes\/theme_altimax\/dist\/img\/apidae\/system\/SYSTEM-FavOn-30px.svg\"\/>\n    <\/button>\n\n            <picture class=\"ApiTile-picture ApiTileDefault-picture\">\n        <img decoding=\"async\" class=\"ApiTile-img ApiTileAgenda-img\" src=\"\/cache\/images\/16759931_apidae-tile.jpg\" alt=\"Piste de luge d&#039;Arsine\">\n    <\/picture>\n\n        <div class=\"ApiTile-content ApiTileDefault-content\">\n            \n            <div class=\"ApiTile-top ApiTileDefault-top\">\n                <span class=\"ApiTile-type ApiTileDefault-type\">\n                        equipement\n            <\/span>                                            <\/div>\n\n            <h2 class=\"ApiTile-title ApiTileDefault-title\">Piste de luge d&#039;Arsine<\/h2>\n                        \n                                <\/div>\n    <\/a>\n<\/li>\n\n                                            <!-- Generer le: 2026-05-01 12:26:54 -->\n<!-- Blog: La Grave - 2 -->\n<li class=\"ApiTile ApiTileDefault __altimax_listing_item  \"\n    data-roadbook-item=\"5718408\"\n    data-apidae=\"5718408\"\n    data-event-category=\"Apidae affichage\"\n    data-event-action=\"vue teaser\"\n    data-event-label=\"5718408 : Itin\u00e9raire pi\u00e9ton au domaine nordique de Villar d&#039;Ar\u00e8ne\">\n    <a href=\"https:\/\/www.hautesvallees.com\/la-grave\/equipement\/itineraire-pieton-au-domaine-nordique-de-villar-darene-villar-darene\" class=\"ApiTile-link ApiTileDefault-link\" title=\"Itin\u00e9raire pi\u00e9ton au domaine nordique de Villar d&#039;Ar\u00e8ne\">\n            <span class=\"ApiTile-location ApiTileDefault-location\">\n        Villar-d&#039;Ar\u00eane\n    <\/span>\n\n            <button class=\"__gtm_track_click __altimax_favory ApiTile-fav ApiTileDefault-fav Favourite\"\n            data-apidae=\"5718408\"\n            title=\"Ajoutez aux favoris\"\n            data-txtajouter=\"Ajoutez aux favoris\"\n            data-txtretirer=\"Retirez des favoris\"\n            data-event-category=\"Apidae fiche objet\"\n            data-event-action=\"ajout trip planner\"\n            data-event-label=\"5718408 : Itin\u00e9raire pi\u00e9ton au domaine nordique de Villar d&#039;Ar\u00e8ne\">\n        <img decoding=\"async\" class=\"Favourite-border svg\"\n             src=\"\/content\/themes\/theme_altimax\/dist\/img\/apidae\/system\/SYSTEM-FavOff-30px.svg\"\/>\n        <img decoding=\"async\" class=\"Favourite-full svg\"\n             src=\"\/content\/themes\/theme_altimax\/dist\/img\/apidae\/system\/SYSTEM-FavOn-30px.svg\"\/>\n    <\/button>\n\n            <picture class=\"ApiTile-picture ApiTileDefault-picture\">\n        <img decoding=\"async\" class=\"ApiTile-img ApiTileAgenda-img\" src=\"\/cache\/images\/36288201_apidae-tile.jpg\" alt=\"Itin\u00e9raire pi\u00e9ton au domaine nordique de Villar d&#039;Ar\u00e8ne\">\n    <\/picture>\n\n        <div class=\"ApiTile-content ApiTileDefault-content\">\n            \n            <div class=\"ApiTile-top ApiTileDefault-top\">\n                <span class=\"ApiTile-type ApiTileDefault-type\">\n                        equipement\n            <\/span>                                            <\/div>\n\n            <h2 class=\"ApiTile-title ApiTileDefault-title\">Itin\u00e9raire pi\u00e9ton au domaine nordique&#8230;<\/h2>\n                                <ul class=\"ApiTile-hiking ApiTileDefault-hiking\">\n                                <li class=\"ApiTile-hiking--item ApiTileDefault-hiking--item\">\n                <span class=\"ApiTile-hiking--label ApiTileDefault-hiking--label\">\n                    Distance\n                <\/span>\n                <span class=\"ApiTile-hiking--value ApiTileDefault-hiking--value\">\n                    8km\n                <\/span>\n            <\/li>\n                                                <li class=\"ApiTile-hiking--item ApiTileDefault-hiking--item\">\n                <span class=\"ApiTile-hiking--label ApiTileDefault-hiking--label\">\n                    Dur\u00e9e journali\u00e8re\n                <\/span>\n                <span class=\"ApiTile-hiking--value ApiTileDefault-hiking--value\">\n                    02h15\n                <\/span>\n            <\/li>\n                                                <li class=\"ApiTile-hiking--item ApiTileDefault-hiking--item\">\n                <span class=\"ApiTile-hiking--label ApiTileDefault-hiking--label\">\n                    D\u00e9nivel\u00e9 positif\n                <\/span>\n                <span class=\"ApiTile-hiking--value ApiTileDefault-hiking--value\">\n                    85m\n                <\/span>\n            <\/li>\n                                                                            <\/ul>\n\n                                <\/div>\n    <\/a>\n<\/li>\n\n                                            <!-- Generer le: 2026-05-01 12:26:54 -->\n<!-- Blog: La Grave - 2 -->\n<li class=\"ApiTile ApiTileDefault __altimax_listing_item  \"\n    data-roadbook-item=\"351083\"\n    data-apidae=\"351083\"\n    data-event-category=\"Apidae affichage\"\n    data-event-action=\"vue teaser\"\n    data-event-label=\"351083 : Tour des hameaux de Villar d\u2019Ar\u00e8ne en raquettes\">\n    <a href=\"https:\/\/www.hautesvallees.com\/la-grave\/equipement\/tour-des-hameaux-de-villar-darene-en-raquettes-villar-darene\" class=\"ApiTile-link ApiTileDefault-link\" title=\"Tour des hameaux de Villar d\u2019Ar\u00e8ne en raquettes\">\n            <span class=\"ApiTile-location ApiTileDefault-location\">\n        Villar-d&#039;Ar\u00eane\n    <\/span>\n\n            <button class=\"__gtm_track_click __altimax_favory ApiTile-fav ApiTileDefault-fav Favourite\"\n            data-apidae=\"351083\"\n            title=\"Ajoutez aux favoris\"\n            data-txtajouter=\"Ajoutez aux favoris\"\n            data-txtretirer=\"Retirez des favoris\"\n            data-event-category=\"Apidae fiche objet\"\n            data-event-action=\"ajout trip planner\"\n            data-event-label=\"351083 : Tour des hameaux de Villar d\u2019Ar\u00e8ne en raquettes\">\n        <img decoding=\"async\" class=\"Favourite-border svg\"\n             src=\"\/content\/themes\/theme_altimax\/dist\/img\/apidae\/system\/SYSTEM-FavOff-30px.svg\"\/>\n        <img decoding=\"async\" class=\"Favourite-full svg\"\n             src=\"\/content\/themes\/theme_altimax\/dist\/img\/apidae\/system\/SYSTEM-FavOn-30px.svg\"\/>\n    <\/button>\n\n            <picture class=\"ApiTile-picture ApiTileDefault-picture\">\n        <img decoding=\"async\" class=\"ApiTile-img ApiTileAgenda-img\" src=\"\/cache\/images\/36287972_apidae-tile.jpg\" alt=\"Tour des hameaux de Villar d\u2019Ar\u00e8ne en raquettes\">\n    <\/picture>\n\n        <div class=\"ApiTile-content ApiTileDefault-content\">\n            \n            <div class=\"ApiTile-top ApiTileDefault-top\">\n                <span class=\"ApiTile-type ApiTileDefault-type\">\n                        equipement\n            <\/span>                                            <\/div>\n\n            <h2 class=\"ApiTile-title ApiTileDefault-title\">Tour des hameaux de Villar d\u2019Ar\u00e8ne en&#8230;<\/h2>\n                                <ul class=\"ApiTile-hiking ApiTileDefault-hiking\">\n                                <li class=\"ApiTile-hiking--item ApiTileDefault-hiking--item\">\n                <span class=\"ApiTile-hiking--label ApiTileDefault-hiking--label\">\n                    Distance\n                <\/span>\n                <span class=\"ApiTile-hiking--value ApiTileDefault-hiking--value\">\n                    11km\n                <\/span>\n            <\/li>\n                                                <li class=\"ApiTile-hiking--item ApiTileDefault-hiking--item\">\n                <span class=\"ApiTile-hiking--label ApiTileDefault-hiking--label\">\n                    Dur\u00e9e journali\u00e8re\n                <\/span>\n                <span class=\"ApiTile-hiking--value ApiTileDefault-hiking--value\">\n                    04h00\n                <\/span>\n            <\/li>\n                                                                                            <\/ul>\n\n                                <\/div>\n    <\/a>\n<\/li>\n\n                                    <\/ul>\n            \n                        <div class=\"__apidae_map_listing ApiListingMap hidden\">\n    <div class=\"ApiTileMap-map\" data-options='{&quot;markers&quot;:[{&quot;latitude&quot;:45.030836,&quot;longitude&quot;:6.363426,&quot;index&quot;:6495392,&quot;content&quot;:null,&quot;icon&quot;:&quot;div&quot;,&quot;gpxs&quot;:[],&quot;gpxs_color&quot;:&quot;blue&quot;,&quot;size&quot;:[30,30],&quot;anchor&quot;:[15,15],&quot;class&quot;:null,&quot;icon_content&quot;:&quot;&lt;div class=\\&quot;ApiListing-marker ApiListing-marker--equipement\\&quot;&gt;&lt;\\\/div&gt;&quot;,&quot;hover_icon_content&quot;:&quot;&lt;div class=\\&quot;ApiListing-marker ApiListing-marker--equipement hover\\&quot;&gt;&lt;\\\/div&gt;&quot;,&quot;selected_icon_content&quot;:&quot;&lt;div class=\\&quot;ApiListing-marker ApiListing-marker--equipement selected\\&quot;&gt;&lt;\\\/div&gt;&quot;,&quot;hover_icon&quot;:&quot;div&quot;,&quot;hover_size&quot;:[32,32],&quot;hover_anchor&quot;:[16,16],&quot;popup_anchor&quot;:null,&quot;selected_icon&quot;:&quot;div&quot;,&quot;selected_size&quot;:[32,32],&quot;selected_anchor&quot;:[16,16]},{&quot;latitude&quot;:45.041326,&quot;longitude&quot;:6.338822,&quot;index&quot;:5718408,&quot;content&quot;:null,&quot;icon&quot;:&quot;div&quot;,&quot;gpxs&quot;:[],&quot;gpxs_color&quot;:&quot;blue&quot;,&quot;size&quot;:[30,30],&quot;anchor&quot;:[15,15],&quot;class&quot;:null,&quot;icon_content&quot;:&quot;&lt;div class=\\&quot;ApiListing-marker ApiListing-marker--equipement\\&quot;&gt;&lt;\\\/div&gt;&quot;,&quot;hover_icon_content&quot;:&quot;&lt;div class=\\&quot;ApiListing-marker ApiListing-marker--equipement hover\\&quot;&gt;&lt;\\\/div&gt;&quot;,&quot;selected_icon_content&quot;:&quot;&lt;div class=\\&quot;ApiListing-marker ApiListing-marker--equipement selected\\&quot;&gt;&lt;\\\/div&gt;&quot;,&quot;hover_icon&quot;:&quot;div&quot;,&quot;hover_size&quot;:[32,32],&quot;hover_anchor&quot;:[16,16],&quot;popup_anchor&quot;:null,&quot;selected_icon&quot;:&quot;div&quot;,&quot;selected_size&quot;:[32,32],&quot;selected_anchor&quot;:[16,16]},{&quot;latitude&quot;:45.030613,&quot;longitude&quot;:6.363369,&quot;index&quot;:351083,&quot;content&quot;:null,&quot;icon&quot;:&quot;div&quot;,&quot;gpxs&quot;:[],&quot;gpxs_color&quot;:&quot;blue&quot;,&quot;size&quot;:[30,30],&quot;anchor&quot;:[15,15],&quot;class&quot;:null,&quot;icon_content&quot;:&quot;&lt;div class=\\&quot;ApiListing-marker ApiListing-marker--equipement\\&quot;&gt;&lt;\\\/div&gt;&quot;,&quot;hover_icon_content&quot;:&quot;&lt;div class=\\&quot;ApiListing-marker ApiListing-marker--equipement hover\\&quot;&gt;&lt;\\\/div&gt;&quot;,&quot;selected_icon_content&quot;:&quot;&lt;div class=\\&quot;ApiListing-marker ApiListing-marker--equipement selected\\&quot;&gt;&lt;\\\/div&gt;&quot;,&quot;hover_icon&quot;:&quot;div&quot;,&quot;hover_size&quot;:[32,32],&quot;hover_anchor&quot;:[16,16],&quot;popup_anchor&quot;:null,&quot;selected_icon&quot;:&quot;div&quot;,&quot;selected_size&quot;:[32,32],&quot;selected_anchor&quot;:[16,16]}],&quot;default_icon&quot;:{&quot;url&quot;:&quot;https:\\\/\\\/www.hautesvallees.com\\\/content\\\/uploads\\\/sites\\\/2\\\/2025\\\/06\\\/PIN-Global-18px.svg&quot;,&quot;size&quot;:[30,40],&quot;anchor&quot;:[15,40]},&quot;useHoverMarker&quot;:true,&quot;useHoverMarkerPopup&quot;:false,&quot;gpxs&quot;:[],&quot;kmls&quot;:[],&quot;useGpx&quot;:false,&quot;useKml&quot;:false,&quot;useElevation&quot;:false,&quot;useHoverGpx&quot;:false,&quot;center&quot;:[45.891312226484,6.077075095539],&quot;zoom&quot;:12,&quot;isGoogle&quot;:false,&quot;layer&quot;:&quot;http:\\\/\\\/a.tile.openstreetmap.org\\\/{z}\\\/{x}\\\/{y}.png&quot;,&quot;attribution&quot;:&quot;\\u00a9 &lt;a href=\\&quot;http:\\\/\\\/www.openstreetmap.org\\\/copyright\\&quot;&gt;OpenStreetMap&lt;\\\/a&gt; contributors \\u00a9 &lt;a href=\\&quot;http:\\\/\\\/carto.com\\\/attributions\\&quot;&gt;CARTO&lt;\\\/a&gt;&quot;,&quot;disablePopup&quot;:false,&quot;useCluster&quot;:true,&quot;useActiveArea&quot;:true,&quot;leafletOptions&quot;:{&quot;scrollWheelZoom&quot;:false,&quot;zoomControl&quot;:true,&quot;mapTypeControl&quot;:false,&quot;scaleControl&quot;:false,&quot;streetViewControl&quot;:false,&quot;rotateControl&quot;:false,&quot;keyboardShortcuts&quot;:false,&quot;draggable&quot;:true}}' style=\"width: 100%;height: 100%;\"><\/div>\n    <div class=\"ApiListingMap-list __apidae_map_listing_tiles\">\n                                                                                    \n<div class=\"ApiTile ApiTileMap __apidae_map_tile __apidae_map_tile_6495392 \" data-apidae=\"6495392\">\n    <button class=\"ApiTile-target ApiTileMap-target __apidae_tile_target\" data-apidae=\"6495392\">\n    <img decoding=\"async\" class=\"ApiTile-target--svg ApiTileMap-target--svg svg\"\n         src=\"\/content\/themes\/theme_altimax\/dist\/img\/apidae\/system\/SYSTEM-Target-30px.svg\"\/>\n<\/button>    <a class=\"ApiTile-link ApiTileMap-link\" href=\"https:\/\/www.hautesvallees.com\/la-grave\/equipement\/piste-de-luge-darsine-villar-darene\/\" title=\"Piste de luge d&#039;Arsine\" target=\"_blank\">\n            <span class=\"ApiTile-location ApiTileMap-location\">\n        Villar-d&#039;Ar\u00eane\n    <\/span>\n\n            <picture class=\"ApiTile-picture ApiTileMap-picture\">\n        <img decoding=\"async\" class=\"ApiTile-img ApiTileAgenda-img\" src=\"\/cache\/images\/16759931_apidae-tile.jpg\" alt=\"Piste de luge d&#039;Arsine\">\n    <\/picture>\n\n        <div class=\"ApiTile-col ApiTileMap-col\">\n            <div class=\"ApiTile-content ApiTileMap-content\">\n                <div class=\"ApiTile-top ApiTileMap-top\">\n                    <div class=\"ApiTile-row ApiTileMap-row\">\n                        <span class=\"ApiTile-type ApiTileMap-type\">\n                        equipement\n            <\/span>\n                        \n                                            <\/div>\n                    <h2 class=\"ApiTile-title ApiTileMap-title\">Piste de luge d&#039;Arsine<\/h2>\n                        <button class=\"__gtm_track_click __altimax_favory ApiTile-fav ApiTileMap-fav Favourite\"\n            data-apidae=\"6495392\"\n            title=\"Ajoutez aux favoris\"\n            data-txtajouter=\"Ajoutez aux favoris\"\n            data-txtretirer=\"Retirez des favoris\"\n            data-event-category=\"Apidae fiche objet\"\n            data-event-action=\"ajout trip planner\"\n            data-event-label=\"6495392 : Piste de luge d&#039;Arsine\">\n        <img decoding=\"async\" class=\"Favourite-border svg\"\n             src=\"\/content\/themes\/theme_altimax\/dist\/img\/apidae\/system\/SYSTEM-FavOff-30px.svg\"\/>\n        <img decoding=\"async\" class=\"Favourite-full svg\"\n             src=\"\/content\/themes\/theme_altimax\/dist\/img\/apidae\/system\/SYSTEM-FavOn-30px.svg\"\/>\n    <\/button>\n                <\/div>\n                \n                \n                                            <\/div>\n                    <\/div>\n    <\/a>\n<\/div>\n\n                    \n<div class=\"ApiTile ApiTileMap __apidae_map_tile __apidae_map_tile_5718408 \" data-apidae=\"5718408\">\n    <button class=\"ApiTile-target ApiTileMap-target __apidae_tile_target\" data-apidae=\"5718408\">\n    <img decoding=\"async\" class=\"ApiTile-target--svg ApiTileMap-target--svg svg\"\n         src=\"\/content\/themes\/theme_altimax\/dist\/img\/apidae\/system\/SYSTEM-Target-30px.svg\"\/>\n<\/button>    <a class=\"ApiTile-link ApiTileMap-link\" href=\"https:\/\/www.hautesvallees.com\/la-grave\/equipement\/itineraire-pieton-au-domaine-nordique-de-villar-darene-villar-darene\/\" title=\"Itin\u00e9raire pi\u00e9ton au domaine nordique de Villar d&#039;Ar\u00e8ne\" target=\"_blank\">\n            <span class=\"ApiTile-location ApiTileMap-location\">\n        Villar-d&#039;Ar\u00eane\n    <\/span>\n\n            <picture class=\"ApiTile-picture ApiTileMap-picture\">\n        <img decoding=\"async\" class=\"ApiTile-img ApiTileAgenda-img\" src=\"\/cache\/images\/36288201_apidae-tile.jpg\" alt=\"Itin\u00e9raire pi\u00e9ton au domaine nordique de Villar d&#039;Ar\u00e8ne\">\n    <\/picture>\n\n        <div class=\"ApiTile-col ApiTileMap-col\">\n            <div class=\"ApiTile-content ApiTileMap-content\">\n                <div class=\"ApiTile-top ApiTileMap-top\">\n                    <div class=\"ApiTile-row ApiTileMap-row\">\n                        <span class=\"ApiTile-type ApiTileMap-type\">\n                        equipement\n            <\/span>\n                        \n                                            <\/div>\n                    <h2 class=\"ApiTile-title ApiTileMap-title\">Itin\u00e9raire pi\u00e9ton au domaine nordique&#8230;<\/h2>\n                        <button class=\"__gtm_track_click __altimax_favory ApiTile-fav ApiTileMap-fav Favourite\"\n            data-apidae=\"5718408\"\n            title=\"Ajoutez aux favoris\"\n            data-txtajouter=\"Ajoutez aux favoris\"\n            data-txtretirer=\"Retirez des favoris\"\n            data-event-category=\"Apidae fiche objet\"\n            data-event-action=\"ajout trip planner\"\n            data-event-label=\"5718408 : Itin\u00e9raire pi\u00e9ton au domaine nordique de Villar d&#039;Ar\u00e8ne\">\n        <img decoding=\"async\" class=\"Favourite-border svg\"\n             src=\"\/content\/themes\/theme_altimax\/dist\/img\/apidae\/system\/SYSTEM-FavOff-30px.svg\"\/>\n        <img decoding=\"async\" class=\"Favourite-full svg\"\n             src=\"\/content\/themes\/theme_altimax\/dist\/img\/apidae\/system\/SYSTEM-FavOn-30px.svg\"\/>\n    <\/button>\n                <\/div>\n                \n                        <ul class=\"ApiTile-hiking ApiTileMap-hiking\">\n                                <li class=\"ApiTile-hiking--item ApiTileMap-hiking--item\">\n                <span class=\"ApiTile-hiking--label ApiTileMap-hiking--label\">\n                    Distance\n                <\/span>\n                <span class=\"ApiTile-hiking--value ApiTileMap-hiking--value\">\n                    8km\n                <\/span>\n            <\/li>\n                                                <li class=\"ApiTile-hiking--item ApiTileMap-hiking--item\">\n                <span class=\"ApiTile-hiking--label ApiTileMap-hiking--label\">\n                    Dur\u00e9e journali\u00e8re\n                <\/span>\n                <span class=\"ApiTile-hiking--value ApiTileMap-hiking--value\">\n                    02h15\n                <\/span>\n            <\/li>\n                                                <li class=\"ApiTile-hiking--item ApiTileMap-hiking--item\">\n                <span class=\"ApiTile-hiking--label ApiTileMap-hiking--label\">\n                    D\u00e9nivel\u00e9 positif\n                <\/span>\n                <span class=\"ApiTile-hiking--value ApiTileMap-hiking--value\">\n                    85m\n                <\/span>\n            <\/li>\n                                                                            <\/ul>\n\n                                            <\/div>\n                    <\/div>\n    <\/a>\n<\/div>\n\n                    \n<div class=\"ApiTile ApiTileMap __apidae_map_tile __apidae_map_tile_351083 \" data-apidae=\"351083\">\n    <button class=\"ApiTile-target ApiTileMap-target __apidae_tile_target\" data-apidae=\"351083\">\n    <img decoding=\"async\" class=\"ApiTile-target--svg ApiTileMap-target--svg svg\"\n         src=\"\/content\/themes\/theme_altimax\/dist\/img\/apidae\/system\/SYSTEM-Target-30px.svg\"\/>\n<\/button>    <a class=\"ApiTile-link ApiTileMap-link\" href=\"https:\/\/www.hautesvallees.com\/la-grave\/equipement\/tour-des-hameaux-de-villar-darene-en-raquettes-villar-darene\/\" title=\"Tour des hameaux de Villar d\u2019Ar\u00e8ne en raquettes\" target=\"_blank\">\n            <span class=\"ApiTile-location ApiTileMap-location\">\n        Villar-d&#039;Ar\u00eane\n    <\/span>\n\n            <picture class=\"ApiTile-picture ApiTileMap-picture\">\n        <img decoding=\"async\" class=\"ApiTile-img ApiTileAgenda-img\" src=\"\/cache\/images\/36287972_apidae-tile.jpg\" alt=\"Tour des hameaux de Villar d\u2019Ar\u00e8ne en raquettes\">\n    <\/picture>\n\n        <div class=\"ApiTile-col ApiTileMap-col\">\n            <div class=\"ApiTile-content ApiTileMap-content\">\n                <div class=\"ApiTile-top ApiTileMap-top\">\n                    <div class=\"ApiTile-row ApiTileMap-row\">\n                        <span class=\"ApiTile-type ApiTileMap-type\">\n                        equipement\n            <\/span>\n                        \n                                            <\/div>\n                    <h2 class=\"ApiTile-title ApiTileMap-title\">Tour des hameaux de Villar d\u2019Ar\u00e8ne en&#8230;<\/h2>\n                        <button class=\"__gtm_track_click __altimax_favory ApiTile-fav ApiTileMap-fav Favourite\"\n            data-apidae=\"351083\"\n            title=\"Ajoutez aux favoris\"\n            data-txtajouter=\"Ajoutez aux favoris\"\n            data-txtretirer=\"Retirez des favoris\"\n            data-event-category=\"Apidae fiche objet\"\n            data-event-action=\"ajout trip planner\"\n            data-event-label=\"351083 : Tour des hameaux de Villar d\u2019Ar\u00e8ne en raquettes\">\n        <img decoding=\"async\" class=\"Favourite-border svg\"\n             src=\"\/content\/themes\/theme_altimax\/dist\/img\/apidae\/system\/SYSTEM-FavOff-30px.svg\"\/>\n        <img decoding=\"async\" class=\"Favourite-full svg\"\n             src=\"\/content\/themes\/theme_altimax\/dist\/img\/apidae\/system\/SYSTEM-FavOn-30px.svg\"\/>\n    <\/button>\n                <\/div>\n                \n                        <ul class=\"ApiTile-hiking ApiTileMap-hiking\">\n                                <li class=\"ApiTile-hiking--item ApiTileMap-hiking--item\">\n                <span class=\"ApiTile-hiking--label ApiTileMap-hiking--label\">\n                    Distance\n                <\/span>\n                <span class=\"ApiTile-hiking--value ApiTileMap-hiking--value\">\n                    11km\n                <\/span>\n            <\/li>\n                                                <li class=\"ApiTile-hiking--item ApiTileMap-hiking--item\">\n                <span class=\"ApiTile-hiking--label ApiTileMap-hiking--label\">\n                    Dur\u00e9e journali\u00e8re\n                <\/span>\n                <span class=\"ApiTile-hiking--value ApiTileMap-hiking--value\">\n                    04h00\n                <\/span>\n            <\/li>\n                                                                                            <\/ul>\n\n                                            <\/div>\n                    <\/div>\n    <\/a>\n<\/div>\n\n                    <\/div>\n<\/div>\n        <\/div>\n                    <ul class=\"Paginator __altimax_listing_paginator\">\n                    <li class=\"Paginator-page __altimax_listing_load active\"\n        data-index=\"1\" >\n        <span>1<\/span>\n    <\/li>\n\n            <\/ul>\n            <\/div>\n<\/div>\n\n<div class=\"GutCol2  GutContainer\">\n        <div class=\"GutCol2-container\">\n\n            \n                                                                                                        <div class=\"GutCol2-wrap GutCol2-blocTexte Left\">\n                                <div class=\"GutCol2-blocTexte--inner\">\n                                                                            <div class=\"GutTitle Left\">\n                    <h2 class=\"GutTitle-title\">\n                                                        Zoom sur\n                            <\/h2>\n                            <span class=\"GutTitle-subtitle\">le biathlon<\/span>\n            <\/div>\n                                                                                                                <div class=\"GutCol2-intro\">S&rsquo;essayer au biathlon \u00e0 Arsine avec des carabines laser. <\/div>\n                                                                                                                <div class=\"GutCol2-text Content\">\n                                            <p>Que vous soyez curieux ou comp\u00e9titeur, novice ou initi\u00e9, venez d\u00e9fier votre pr\u00e9cision\u202f!<\/p>\n<p>Derri\u00e8re le chalet d&rsquo;accueil du domaine d&rsquo;Arsine se cache un pas de tir pr\u00eat \u00e0 vous accueillir. Arm\u00e9 d\u2019une carabine laser et encadr\u00e9 par l&rsquo;\u00e9quipe du domaine nordique, testez-vous au tir couch\u00e9 ou debout, tel un v\u00e9ritable professionnel\u202f!<\/p>\n<p>\ud83c\udfaf Pr\u00eat \u00e0 viser juste\u202f?<\/p>\n<p>&nbsp;<\/p>\n\n                                        <\/div>\n                                                                    <\/div>\n                            <\/div>\n                                                                                                                                                        <div class=\"GutCol2-wrap GutCol2-blocImage Right\">\n                                    <picture class=\"GutCol2-picture\">\n                                        <img decoding=\"async\" src=\"https:\/\/www.hautesvallees.com\/content\/uploads\/sites\/2\/2026\/01\/Domaine-nordique-du-Pays-de-la-Meije-Ski-de-fond-Villar-dArene-biathlon-hiver-2026-Laury-Chamerlat-34-510x710.jpg\"\n                                             alt=\"Domaine nordique du Pays de la Meije, Ski de fond Villar d&#039;Ar\u00e8ne, biathlon, hiver 2026 - Laury Chamerlat (34)\" \/>\n                                    <\/picture>\n                                                                            <span class=\"GutCol2-credit\">\u00a9 L.Chamerlat<\/span>\n                                                                    <\/div>\n                                                                                            <\/div>\n    <\/div>\n\n\n<div class=\"GutText  GutContainer\">\n        <div class=\"GutText-inner\">\n            <div class=\"GutTitle Center\">\n                    <h2 class=\"GutTitle-title\">\n                                    <span class=\"GutTitle-surtitle\">Pour louer<\/span>\n                                                        son mat\u00e9riel de ski de fond et raquettes\n                            <\/h2>\n                    <\/div>\n                            <div class=\"GutText-intro Center\">A la recherche de votre mat\u00e9riel de ski de fond ou de raquettes \u00e0 louer ?<\/div>\n                                <\/div>\n    <\/div>\n\n\n\n<div class=\"ApiListing __altimax_listing \" data-js=\"{&quot;action_load&quot;:&quot;apidae_listing_load&quot;,&quot;action_map_tiles&quot;:&quot;apidae_listing_load_map_tiles&quot;,&quot;action_filters&quot;:&quot;apidae_listing_filters&quot;,&quot;action_pdf&quot;:&quot;apidae_listing_pdf&quot;,&quot;post_id&quot;:953,&quot;blog_id&quot;:2,&quot;uid&quot;:2,&quot;cache_key&quot;:&quot;9c8c73049d6ba854dbbfb58ffd6240c8&quot;,&quot;is_agenda&quot;:false,&quot;listing_mode&quot;:&quot;listing&quot;,&quot;use_filters&quot;:true,&quot;use_share&quot;:true,&quot;paginator&quot;:{&quot;currentPage&quot;:1,&quot;maxPerPage&quot;:3,&quot;count&quot;:2,&quot;totalPages&quot;:1,&quot;nextPage&quot;:1,&quot;html&quot;:&quot;    &lt;li class=\\&quot;Paginator-page __altimax_listing_load active\\&quot;\\n        data-index=\\&quot;1\\&quot; &gt;\\n        &lt;span&gt;1&lt;\\\/span&gt;\\n    &lt;\\\/li&gt;\\n&quot;},&quot;ajax_url&quot;:&quot;https:\\\/\\\/www.hautesvallees.com\\\/\\\/la-grave\\\/wp-admin\\\/admin-ajax.php&quot;,&quot;lang&quot;:&quot;fr&quot;}\">\n    <div class=\"ApiListingLoader __altimax_loader\">\n        <div class=\"ApiListingLoader-container\">\n            <div class=\"ApiListingLoader-ring\"><\/div>\n        <\/div>\n    <\/div>\n                    \n                    \n                    \n                                                    <div class=\"ApiListing-container\">\n        <div class=\"ApiListing-control container_full \">\n                                        <button class=\"ApiListing-share desktop Button-border __altimax_listing_url\">\n                    <span data-text-valid=\"Copi\u00e9e dans le presse-papier\"\n                          data-text-unvalid=\"Aucune recherche !\">\n                        Partager ma recherche\n                    <\/span>\n                <\/button>\n                                        <button class=\"ApiListing-pdf desktop Button-border __altimax_listing_pdf\">T\u00e9l\u00e9charger<\/button>\n                                                                                                    <div class=\"ApiListing-result\">\n                <div class=\"ApiListing-result--number __altimax_listing_count\">2<\/div>\n                R\u00e9sultats\n            <\/div>\n                    <\/div>\n\n        <div class=\"ApiListing-wrapper container_full filter \">\n                <div class=\"ApiListingFilter __altimax_filters\">\n        <div class=\"ApiListingFilter-container\">\n            <div class=\"ApiListingFilter-content\">\n                <div class=\"ApiListingFilter-top\">\n                    <div class=\"ApiListingFilter-col\">\n                        <span class=\"ApiListingFilter-title\">Filtrer votre recherche<\/span>\n                        <button class=\"ApiListingFilter-reinit __altimax_filters_reset\">\n                            <img decoding=\"async\" class=\"ApiListingFilter-reinit--svg svg\"\n                                 src=\"\/content\/themes\/theme_altimax\/dist\/img\/apidae\/system\/SYSTEM-CTA-Cross-18px.svg\"\/>\n                            R\u00e9initialiser les filtres\n                        <\/button>\n                    <\/div>\n                    <button class=\"ApiListingFilter-close __altimax_toggle_filters\"><\/button>\n                <\/div>\n                <div class=\"ApiListingFilter-wrapper __altimax_filters_content\">\n                                            <div class=\"ApiListingFilter-group __altimax_filters_filter_group\"\n                 data-group='{&quot;name&quot;:&quot;Communes&quot;,&quot;uid&quot;:&quot;communes_list&quot;,&quot;description&quot;:null,&quot;config&quot;:{&quot;order&quot;:&quot;desc&quot;,&quot;order_by&quot;:&quot;alphabetic&quot;,&quot;combination&quot;:&quot;and&quot;,&quot;template&quot;:&quot;list&quot;,&quot;keep_filters&quot;:true},&quot;filters&quot;:[{&quot;index&quot;:0,&quot;name&quot;:null,&quot;translate&quot;:false,&quot;type&quot;:&quot;commune&quot;,&quot;strict&quot;:true,&quot;values&quot;:[{&quot;active&quot;:false,&quot;count&quot;:2,&quot;name&quot;:&quot;La Grave&quot;,&quot;type&quot;:&quot;commune&quot;,&quot;values&quot;:[1815]}],&quot;template&quot;:&quot;list&quot;,&quot;count&quot;:2,&quot;config&quot;:{&quot;is_custom&quot;:false}}],&quot;count&quot;:2}'>\n                <div class=\"ApiListingFilter-group--wrapper \">\n    <span class=\"ApiListingFilter-group--title __accordion\">Communes<\/span>\n    <div class=\"ApiListingFilter-group--wrap\">\n        <ul class=\"ApiListingFilter-group--list\">\n                            <li class=\"ApiListingFilter-criteria--item\">\n        <ul class=\"ApiListingFilter-criteria--list\">\n                    <li class=\"ApiListingFilter-criteria--item\">\n                <span class=\"ApiListingFilter-checkbox __altimax_filters_value \"\n                      data-value='{&quot;active&quot;:false,&quot;count&quot;:2,&quot;name&quot;:&quot;La Grave&quot;,&quot;type&quot;:&quot;commune&quot;,&quot;values&quot;:[1815]}'>\n                    <span class=\"box\"><\/span>\n                    <span class=\"ApiListingFilter-checkbox--value\">\n                        La Grave\n                                            <\/span>\n                <\/span>\n            <\/li>\n            <\/ul>\n<\/li>                    <\/ul>\n    <\/div>\n<\/div>            <\/div>\n            \n\n                <\/div>\n                <div class=\"ApiListingFilter-wrapper\">\n                        <div class=\"ApiListing-wrap ApiListingFilter-wrap\">\n                    <button class=\"ApiListing-share ApiListingFilter-share mobile Button-border __altimax_listing_url\">\n                <span data-text-valid=\"Copi\u00e9e dans le presse-papier\"\n                      data-text-unvalid=\"Aucune recherche !\">\n                    Partager ma recherche\n                <\/span>\n            <\/button>\n                            <button class=\"ApiListing-pdf ApiListingFilter-pdf mobile Button-border __altimax_listing_pdf\">T\u00e9l\u00e9charger<\/button>\n            <\/div>\n\n                <\/div>\n            <\/div>\n            <button class=\"ApiListingFilter-close--btn Button-full __altimax_toggle_filters\">Voir les r\u00e9sultats<\/button>\n        <\/div>\n        <div class=\"ApiListingFilter-overflow __altimax_toggle_filters\"><\/div>\n    <\/div>\n\n                            <ul class=\"ApiListing-list __altimax_listing_content\">\n                                            <!-- Generer le: 2026-05-01 12:26:54 -->\n<!-- Blog: La Grave - 2 -->\n<li class=\"ApiTile ApiTileDefault __altimax_listing_item  \"\n    data-roadbook-item=\"292792\"\n    data-apidae=\"292792\"\n    data-event-category=\"Apidae affichage\"\n    data-event-action=\"vue teaser\"\n    data-event-label=\"292792 : Magasin de sports SKISET\">\n    <a href=\"https:\/\/www.hautesvallees.com\/la-grave\/commerce-et-service\/magasin-de-sports-skiset-la-grave\" class=\"ApiTile-link ApiTileDefault-link\" title=\"Magasin de sports SKISET\">\n            <span class=\"ApiTile-location ApiTileDefault-location\">\n        La Grave\n    <\/span>\n\n            <button class=\"__gtm_track_click __altimax_favory ApiTile-fav ApiTileDefault-fav Favourite\"\n            data-apidae=\"292792\"\n            title=\"Ajoutez aux favoris\"\n            data-txtajouter=\"Ajoutez aux favoris\"\n            data-txtretirer=\"Retirez des favoris\"\n            data-event-category=\"Apidae fiche objet\"\n            data-event-action=\"ajout trip planner\"\n            data-event-label=\"292792 : Magasin de sports SKISET\">\n        <img decoding=\"async\" class=\"Favourite-border svg\"\n             src=\"\/content\/themes\/theme_altimax\/dist\/img\/apidae\/system\/SYSTEM-FavOff-30px.svg\"\/>\n        <img decoding=\"async\" class=\"Favourite-full svg\"\n             src=\"\/content\/themes\/theme_altimax\/dist\/img\/apidae\/system\/SYSTEM-FavOn-30px.svg\"\/>\n    <\/button>\n\n            <picture class=\"ApiTile-picture ApiTileDefault-picture\">\n        <img decoding=\"async\" class=\"ApiTile-img ApiTileAgenda-img\" src=\"\/cache\/images\/27057903_apidae-tile.jpg\" alt=\"Magasin de sports SKISET\">\n    <\/picture>\n\n        <div class=\"ApiTile-content ApiTileDefault-content\">\n            \n            <div class=\"ApiTile-top ApiTileDefault-top\">\n                <span class=\"ApiTile-type ApiTileDefault-type\">\n                        commerce et service\n            <\/span>                                    <span class=\"ApiTile-open ApiTileDefault-open open\">Ouvert<\/span>\n            <\/div>\n\n            <h2 class=\"ApiTile-title ApiTileDefault-title\">Magasin de sports SKISET<\/h2>\n                        \n                                <\/div>\n    <\/a>\n<\/li>\n\n                                            <!-- Generer le: 2026-05-01 12:26:54 -->\n<!-- Blog: La Grave - 2 -->\n<li class=\"ApiTile ApiTileDefault __altimax_listing_item  \"\n    data-roadbook-item=\"292790\"\n    data-apidae=\"292790\"\n    data-event-category=\"Apidae affichage\"\n    data-event-action=\"vue teaser\"\n    data-event-label=\"292790 : Magasin de sports Olym&#039;Pic&quot; Sports\">\n    <a href=\"https:\/\/www.hautesvallees.com\/la-grave\/commerce-et-service\/magasin-de-sports-olympic-sports-la-grave\" class=\"ApiTile-link ApiTileDefault-link\" title=\"Magasin de sports Olym&#039;Pic&quot; Sports\">\n            <span class=\"ApiTile-location ApiTileDefault-location\">\n        La Grave\n    <\/span>\n\n            <button class=\"__gtm_track_click __altimax_favory ApiTile-fav ApiTileDefault-fav Favourite\"\n            data-apidae=\"292790\"\n            title=\"Ajoutez aux favoris\"\n            data-txtajouter=\"Ajoutez aux favoris\"\n            data-txtretirer=\"Retirez des favoris\"\n            data-event-category=\"Apidae fiche objet\"\n            data-event-action=\"ajout trip planner\"\n            data-event-label=\"292790 : Magasin de sports Olym&#039;Pic&quot; Sports\">\n        <img decoding=\"async\" class=\"Favourite-border svg\"\n             src=\"\/content\/themes\/theme_altimax\/dist\/img\/apidae\/system\/SYSTEM-FavOff-30px.svg\"\/>\n        <img decoding=\"async\" class=\"Favourite-full svg\"\n             src=\"\/content\/themes\/theme_altimax\/dist\/img\/apidae\/system\/SYSTEM-FavOn-30px.svg\"\/>\n    <\/button>\n\n            <picture class=\"ApiTile-picture ApiTileDefault-picture\">\n        <img decoding=\"async\" class=\"ApiTile-img ApiTileAgenda-img\" src=\"\/cache\/images\/36056598_apidae-tile.jpg\" alt=\"Magasin de sports Olym&#039;Pic&quot; Sports\">\n    <\/picture>\n\n        <div class=\"ApiTile-content ApiTileDefault-content\">\n            \n            <div class=\"ApiTile-top ApiTileDefault-top\">\n                <span class=\"ApiTile-type ApiTileDefault-type\">\n                        commerce et service\n            <\/span>                                    <span class=\"ApiTile-open ApiTileDefault-open close\">Ferm\u00e9<\/span>\n            <\/div>\n\n            <h2 class=\"ApiTile-title ApiTileDefault-title\">Magasin de sports Olym&#039;Pic&quot; Sports<\/h2>\n                        \n                                <\/div>\n    <\/a>\n<\/li>\n\n                                    <\/ul>\n            \n                        \n        <\/div>\n                    <ul class=\"Paginator __altimax_listing_paginator\">\n                    <li class=\"Paginator-page __altimax_listing_load active\"\n        data-index=\"1\" >\n        <span>1<\/span>\n    <\/li>\n\n            <\/ul>\n            <\/div>\n<\/div>\n\n<div class=\"GutPushArticles BgColor GutContainer-full\">\n        <div class=\"GutPushArticles-container\">\n            <div class=\"GutTitle Left\">\n                    <h2 class=\"GutTitle-title\">\n                                    <span class=\"GutTitle-surtitle\">vous aimerez<\/span>\n                                                        aussi\n                            <\/h2>\n                    <\/div>\n            <div class=\"GutPushArticles-inner \">\n                                    <div class=\"GutPushArticles-container \" >\n                        <div class=\"GutPushArticles-list \">\n                                                            <div class=\"GutPushArticles-wrap \">\n                                                                            <picture class=\"GutPushArticles-picture\">\n                                            <img decoding=\"async\" src=\"https:\/\/www.hautesvallees.com\/content\/uploads\/sites\/2\/2025\/01\/chamois\u00a9Denis-Fiat-Parc-National-des-Ecrins-1-scaled-1-371x248.jpg\"\n                                                 alt=\"faune chamois\u00a9Denis Fiat Parc National des Ecrins (1)\" \/>\n                                        <\/picture>\n                                                                        <div class=\"GutPushArticles-content\">\n                                                                                    <h2 class=\"GutPushArticles-title\">LES GESTES \u00c9CO-RESPONSABLES EN HIVER<\/h2>\n                                                                                                                                                                    <a class=\"Link\" href=\"https:\/\/www.hautesvallees.com\/les-gestes-eco-responsables-en-hiver\/\">D\u00e9couvrir<\/a>\n                                                                            <\/div>\n                                <\/div>\n                                                            <div class=\"GutPushArticles-wrap \">\n                                                                            <picture class=\"GutPushArticles-picture\">\n                                            <img decoding=\"async\" src=\"https:\/\/www.hautesvallees.com\/content\/uploads\/sites\/2\/2025\/01\/\u00a9Parc-National-des-Ecrins-3-371x248.jpg\"\n                                                 alt=\"\u00a9Parc-National-des-Ecrins-3\" \/>\n                                        <\/picture>\n                                                                        <div class=\"GutPushArticles-content\">\n                                                                                    <h2 class=\"GutPushArticles-title\">SLOW LIVING \u2013 LA VIE \u00c0 ALLURE NATURE<\/h2>\n                                                                                                                                                                    <a class=\"Link\" href=\"https:\/\/www.hautesvallees.com\/slow-living-la-vie-a-allure-nature\/\">Lire<\/a>\n                                                                            <\/div>\n                                <\/div>\n                                                            <div class=\"GutPushArticles-wrap \">\n                                                                            <picture class=\"GutPushArticles-picture\">\n                                            <img decoding=\"async\" src=\"https:\/\/www.hautesvallees.com\/content\/uploads\/sites\/2\/2025\/01\/La-Grave-hiver-\u00a9alpesphotographies.com-optimise-web-1-371x248.webp\"\n                                                 alt=\"La-Grave-hiver-\u00a9alpesphotographies.com-optimise-web (1)\" \/>\n                                        <\/picture>\n                                                                        <div class=\"GutPushArticles-content\">\n                                                                                    <h2 class=\"GutPushArticles-title\">UNE SEMAINE A LA GRAVE ENTRE POTE<\/h2>\n                                                                                                                                                                    <a class=\"Link\" href=\"https:\/\/www.hautesvallees.com\/une-semaine-a-la-grave-entre-pote\/\">D\u00e9couvrir<\/a>\n                                                                            <\/div>\n                                <\/div>\n                                                    <\/div>\n                                            <\/div>\n                                                <\/div>\n                    <\/div>\n    <\/div>\n","protected":false},"excerpt":{"rendered":"","protected":false},"author":7,"featured_media":1488,"parent":951,"menu_order":0,"comment_status":"closed","ping_status":"closed","template":"","meta":{"_acf_changed":false,"footnotes":""},"class_list":["post-953","page","type-page","status-publish","has-post-thumbnail","hentry"],"acf":[],"_links":{"self":[{"href":"https:\/\/www.hautesvallees.com\/la-grave\/wp-json\/wp\/v2\/pages\/953","targetHints":{"allow":["GET"]}}],"collection":[{"href":"https:\/\/www.hautesvallees.com\/la-grave\/wp-json\/wp\/v2\/pages"}],"about":[{"href":"https:\/\/www.hautesvallees.com\/la-grave\/wp-json\/wp\/v2\/types\/page"}],"author":[{"embeddable":true,"href":"https:\/\/www.hautesvallees.com\/la-grave\/wp-json\/wp\/v2\/users\/7"}],"replies":[{"embeddable":true,"href":"https:\/\/www.hautesvallees.com\/la-grave\/wp-json\/wp\/v2\/comments?post=953"}],"version-history":[{"count":85,"href":"https:\/\/www.hautesvallees.com\/la-grave\/wp-json\/wp\/v2\/pages\/953\/revisions"}],"predecessor-version":[{"id":30916,"href":"https:\/\/www.hautesvallees.com\/la-grave\/wp-json\/wp\/v2\/pages\/953\/revisions\/30916"}],"up":[{"embeddable":true,"href":"https:\/\/www.hautesvallees.com\/la-grave\/wp-json\/wp\/v2\/pages\/951"}],"wp:featuredmedia":[{"embeddable":true,"href":"https:\/\/www.hautesvallees.com\/la-grave\/wp-json\/wp\/v2\/media\/1488"}],"wp:attachment":[{"href":"https:\/\/www.hautesvallees.com\/la-grave\/wp-json\/wp\/v2\/media?parent=953"}],"curies":[{"name":"wp","href":"https:\/\/api.w.org\/{rel}","templated":true}]}}