{"id":947,"date":"2024-01-27T10:40:33","date_gmt":"2024-01-27T09:40:20","guid":{"rendered":"https:\/\/www.hautesvallees.com\/la-grave\/?page_id=947"},"modified":"2025-02-25T16:50:36","modified_gmt":"2025-02-25T15:50:36","slug":"en-ete","status":"publish","type":"page","link":"https:\/\/www.hautesvallees.com\/la-grave\/que-faire\/en-ete\/","title":{"rendered":"En \u00e9t\u00e9 \u00e0 La Grave"},"content":{"rendered":"<div class=\"GutText  GutContainer\">\n        <div class=\"GutText-inner\">\n            <div class=\"GutTitle Center\">\n                    <h2 class=\"GutTitle-title\">\n                                    <span class=\"GutTitle-surtitle\">destination <\/span>\n                                                        plein air\n                            <\/h2>\n                    <\/div>\n                                        <div class=\"GutText-wysiwyg Content\">\n                    <h3 style=\"text-align: center;\">L&rsquo;\u00e9t\u00e9 \u00e0 La Grave<\/h3>\n<p style=\"text-align: center;\"><strong>Destination ou la nature est reine<\/strong>, sous l&rsquo;\u0153il bienveillant de la Meije. Situ\u00e9 au porte <a href=\"https:\/\/www.hautesvallees.com\/la-grave\/que-faire\/en-ete\/randonnees\/randonnees-dans-le-parc-national-des-ecrins\/\">du Parc National des \u00c9crins<\/a>, les sentiers et les paysages vous laisseront sans voix. Le terrain de jeu est id\u00e9al avec\u00a0toute la diversit\u00e9 de terrains et d\u2019ambiances\u00a0que peut offrir la montagne.<br \/>\nVous trouverez de quoi satisfaire tout le monde, les amateurs de sensations fortes (Alpinisme, VTT, cyclisme, escalade, via ferrata, parapente), les aquatiques (rafting et canyoning) les contemplatifs (balades et randonn\u00e9es), en bref, une<strong> destination compl\u00e8te pour tous les amoureux d&rsquo;ext\u00e9rieur<\/strong> !<\/p>\n<p>&nbsp;<\/p>\n\n                <\/div>\n                    <\/div>\n    <\/div>\n\n\n<div class=\"GutPushArticles GutPushCategories  GutContainer\">\n        <div class=\"GutPushArticles-container\">\n            <div class=\"GutTitle Left\">\n                    <h2 class=\"GutTitle-title\">\n                                    <span class=\"GutTitle-surtitle\">En \u00e9t\u00e9 <\/span>\n                                                        qu&#039;est ce qu&#039;on fait ? \n                            <\/h2>\n                    <\/div>\n            <div class=\"GutPushArticles-inner \">\n                                    <div class=\"GutPushArticles-container \" >\n                        <div class=\"GutPushArticles-list \">\n                                                            <a class=\"GutPushArticles-wrap \" href=\"https:\/\/www.hautesvallees.com\/la-grave\/que-faire\/telepheriques-des-glaciers-de-la-meije\/\">\n                                                                            <picture class=\"GutPushArticles-picture\">\n                                            <img decoding=\"async\" src=\"https:\/\/www.hautesvallees.com\/content\/uploads\/sites\/2\/2025\/01\/cabine-telepherique-ete-2023-08-01-05-56-30-371x248.jpg\"\n                                                 alt=\"cabine t\u00e9l\u00e9ph\u00e9rique \u00e9t\u00e9-2023-08-01-05-56-30\" \/>\n                                        <\/picture>\n                                                                                                                <h2 class=\"GutPushCategories-title GutPushArticles-title\">T\u00e9l\u00e9ph\u00e9riques des Glaciers de la Meije<\/h2>\n                                                                    <\/a>\n                                                            <a class=\"GutPushArticles-wrap \" href=\"https:\/\/www.hautesvallees.com\/la-grave\/que-faire\/en-ete\/jardin-alpin-du-lautaret\/\">\n                                                                            <picture class=\"GutPushArticles-picture\">\n                                            <img decoding=\"async\" src=\"https:\/\/www.hautesvallees.com\/content\/uploads\/sites\/2\/2025\/01\/Visite-guidee-jardin-du-lautaret-\u00a9Balace-Amandine27-371x248.jpg\"\n                                                 alt=\"Visite-guidee-jardin-du-lautaret-\u00a9Balace-Amandine27\" \/>\n                                        <\/picture>\n                                                                                                                <h2 class=\"GutPushCategories-title GutPushArticles-title\">Jardin alpin du Lautaret<\/h2>\n                                                                    <\/a>\n                                                            <a class=\"GutPushArticles-wrap \" href=\"https:\/\/www.hautesvallees.com\/accueil\/tourisme-scientifique\/\">\n                                                                            <picture class=\"GutPushArticles-picture\">\n                                            <img decoding=\"async\" src=\"https:\/\/www.hautesvallees.com\/content\/uploads\/sites\/2\/2025\/01\/Rando-scientifique-Anne-Zanolin-grotte-de-glace-Balace-Amandine_1-371x248.jpg\"\n                                                 alt=\"Rando-scientifique-Anne-Zanolin-grotte-de-glace-Balace-Amandine_1\" \/>\n                                        <\/picture>\n                                                                                                                <h2 class=\"GutPushCategories-title GutPushArticles-title\">Tourisme scientifique<\/h2>\n                                                                    <\/a>\n                                                    <\/div>\n                                            <\/div>\n                                                <\/div>\n        <\/div>\n    <\/div>\n\n\n<div class=\"GutPushArticles GutPushCategories  GutContainer\">\n        <div class=\"GutPushArticles-container\">\n                        <div class=\"GutPushArticles-inner \">\n                                    <div class=\"GutPushArticles-container \" >\n                        <div class=\"GutPushArticles-list \">\n                                                            <a class=\"GutPushArticles-wrap \" href=\"https:\/\/www.hautesvallees.com\/la-grave\/que-faire\/en-ete\/randonnees\/\">\n                                                                            <picture class=\"GutPushArticles-picture\">\n                                            <img decoding=\"async\" src=\"https:\/\/www.hautesvallees.com\/content\/uploads\/sites\/2\/2025\/01\/Lacs-darsine-Ecrins-\u00a9-T.-Blais-371x248.jpg\"\n                                                 alt=\"Lacs-darsine-Ecrins-\u00a9-T.-Blais\" \/>\n                                        <\/picture>\n                                                                                                                <h2 class=\"GutPushCategories-title GutPushArticles-title\">Balades et Randonn\u00e9es \u00e0 La Grave<\/h2>\n                                                                    <\/a>\n                                                            <a class=\"GutPushArticles-wrap \" href=\"https:\/\/www.hautesvallees.com\/la-grave\/que-faire\/en-ete\/randonnees\/tous-les-itineraires-de-randonnees\/\">\n                                                                            <picture class=\"GutPushArticles-picture\">\n                                            <img decoding=\"async\" src=\"https:\/\/www.hautesvallees.com\/content\/uploads\/sites\/2\/2025\/01\/Pic-du-mas-de-la-grave-et-refuge-91-scaled-1-371x248.jpg\"\n                                                 alt=\"Pic-du-mas-de-la-grave-et-refuge-91-scaled\" \/>\n                                        <\/picture>\n                                                                                                                <h2 class=\"GutPushCategories-title GutPushArticles-title\">Tous les itin\u00e9raires de randonn\u00e9es \u00e0 La Grave<\/h2>\n                                                                    <\/a>\n                                                            <a class=\"GutPushArticles-wrap \" href=\"https:\/\/www.hautesvallees.com\/la-grave\/que-faire\/en-ete\/randonnees\/partez-accompagnes\/\">\n                                                                            <picture class=\"GutPushArticles-picture\">\n                                            <img decoding=\"async\" src=\"https:\/\/www.hautesvallees.com\/content\/uploads\/sites\/2\/2025\/01\/Claree-les-lacs-rond-long-muande-madeleine-_-Alpesphotographies.com-25-371x248.jpg\"\n                                                 alt=\"Claree-les-lacs-rond-long-muande-madeleine-_-Alpesphotographies.com-25\" \/>\n                                        <\/picture>\n                                                                                                                <h2 class=\"GutPushCategories-title GutPushArticles-title\">Les randonn\u00e9es accompagn\u00e9es \u00e0 La Grave<\/h2>\n                                                                    <\/a>\n                                                    <\/div>\n                                            <\/div>\n                                                <\/div>\n        <\/div>\n    <\/div>\n\n\n<div class=\"GutPushArticles GutPushCategories  GutContainer\">\n        <div class=\"GutPushArticles-container\">\n                        <div class=\"GutPushArticles-inner \">\n                                    <div class=\"GutPushArticles-container \" >\n                        <div class=\"GutPushArticles-list \">\n                                                            <a class=\"GutPushArticles-wrap \" href=\"https:\/\/www.hautesvallees.com\/la-grave\/que-faire\/en-ete\/itinerances\/\">\n                                                                            <picture class=\"GutPushArticles-picture\">\n                                            <img decoding=\"async\" src=\"https:\/\/www.hautesvallees.com\/content\/uploads\/sites\/2\/2025\/01\/BC7ADA3C-BED6-4D40-A62B-D92D59CDF7A5-scaled-1-371x248.jpeg\"\n                                                 alt=\"BC7ADA3C-BED6-4D40-A62B-D92D59CDF7A5-scaled\" \/>\n                                        <\/picture>\n                                                                                                                <h2 class=\"GutPushCategories-title GutPushArticles-title\">Itin\u00e9rances \u00e0 La Grave<\/h2>\n                                                                    <\/a>\n                                                            <a class=\"GutPushArticles-wrap \" href=\"https:\/\/www.hautesvallees.com\/la-grave\/que-faire\/en-ete\/alpinisme\/\">\n                                                                            <picture class=\"GutPushArticles-picture\">\n                                            <img decoding=\"async\" src=\"https:\/\/www.hautesvallees.com\/content\/uploads\/sites\/2\/2025\/01\/Glaciers-ete-Fete-des-Guides-\u00a9Alexandra-DEBAS-371x248.jpg\"\n                                                 alt=\"Glaciers-ete-Fete-des-Guides-\u00a9Alexandra-DEBAS\" \/>\n                                        <\/picture>\n                                                                                                                <h2 class=\"GutPushCategories-title GutPushArticles-title\">Alpinisme \u00e0 La Grave<\/h2>\n                                                                    <\/a>\n                                                            <a class=\"GutPushArticles-wrap \" href=\"https:\/\/www.hautesvallees.com\/la-grave\/que-faire\/en-ete\/escalade-via-ferrata\/\">\n                                                                            <picture class=\"GutPushArticles-picture\">\n                                            <img decoding=\"async\" src=\"https:\/\/www.hautesvallees.com\/content\/uploads\/sites\/2\/2025\/01\/Via-ferrata-dArsine-\u00a9Alexandra-DEBAS-4-scaled-1-371x248.jpg\"\n                                                 alt=\"Via-ferrata-dArsine-\u00a9Alexandra-DEBAS-4-scaled\" \/>\n                                        <\/picture>\n                                                                                                                <h2 class=\"GutPushCategories-title GutPushArticles-title\">Escalade et Via Ferrata \u00e0 La Grave<\/h2>\n                                                                    <\/a>\n                                                    <\/div>\n                                            <\/div>\n                                                <\/div>\n        <\/div>\n    <\/div>\n\n\n<div class=\"GutPushArticles GutPushCategories  GutContainer\">\n        <div class=\"GutPushArticles-container\">\n                        <div class=\"GutPushArticles-inner \">\n                                    <div class=\"GutPushArticles-container \" >\n                        <div class=\"GutPushArticles-list \">\n                                                            <a class=\"GutPushArticles-wrap \" href=\"https:\/\/www.hautesvallees.com\/la-grave\/que-faire\/en-ete\/trail\/\">\n                                                                            <picture class=\"GutPushArticles-picture\">\n                                            <img decoding=\"async\" src=\"https:\/\/www.hautesvallees.com\/content\/uploads\/sites\/2\/2025\/01\/Trail-de-la-Meije-2023-2023-09-02-25-scaled-1-371x248.jpg\"\n                                                 alt=\"Trail-de-la-Meije-2023-2023-09-02-25-scaled\" \/>\n                                        <\/picture>\n                                                                                                                <h2 class=\"GutPushCategories-title GutPushArticles-title\">Trail \u00e0 La Grave<\/h2>\n                                                                    <\/a>\n                                                            <a class=\"GutPushArticles-wrap \" href=\"https:\/\/www.hautesvallees.com\/la-grave\/que-faire\/en-ete\/vtt\/\">\n                                                                            <picture class=\"GutPushArticles-picture\">\n                                            <img decoding=\"async\" src=\"https:\/\/www.hautesvallees.com\/content\/uploads\/sites\/2\/2025\/01\/\u00a9Thibaut-Blais-25-scaled-1-371x248.jpg\"\n                                                 alt=\"\u00a9Thibaut-Blais-25-scaled\" \/>\n                                        <\/picture>\n                                                                                                                <h2 class=\"GutPushCategories-title GutPushArticles-title\">VTT \u00e0 La Grave<\/h2>\n                                                                    <\/a>\n                                                            <a class=\"GutPushArticles-wrap \" href=\"https:\/\/www.hautesvallees.com\/la-grave\/que-faire\/en-ete\/cyclisme\/\">\n                                                                            <picture class=\"GutPushArticles-picture\">\n                                            <img decoding=\"async\" src=\"https:\/\/www.hautesvallees.com\/content\/uploads\/sites\/2\/2025\/01\/velo-lautaret-face-a-la-meije-scaled-1-371x248.jpg\"\n                                                 alt=\"velo-lautaret-face-a-la-meije-scaled\" \/>\n                                        <\/picture>\n                                                                                                                <h2 class=\"GutPushCategories-title GutPushArticles-title\">Cyclisme \u00e0 La Grave<\/h2>\n                                                                    <\/a>\n                                                    <\/div>\n                                            <\/div>\n                                                <\/div>\n        <\/div>\n    <\/div>\n\n\n<div class=\"GutPushArticles GutPushCategories  GutContainer\">\n        <div class=\"GutPushArticles-container\">\n                        <div class=\"GutPushArticles-inner \">\n                                    <div class=\"GutPushArticles-container \" >\n                        <div class=\"GutPushArticles-list \">\n                                                            <a class=\"GutPushArticles-wrap \" href=\"https:\/\/www.hautesvallees.com\/la-grave\/que-faire\/en-ete\/rafting-canyon\/\">\n                                                                            <picture class=\"GutPushArticles-picture\">\n                                            <img decoding=\"async\" src=\"https:\/\/www.hautesvallees.com\/content\/uploads\/sites\/2\/2025\/01\/Descente-en-raft-avec-lequipe-OTHV-Juillet-2023-No-limit-rafting4-scaled-1-371x248.jpg\"\n                                                 alt=\"Descente-en-raft-avec-lequipe-OTHV-Juillet-2023-No-limit-rafting4-scaled\" \/>\n                                        <\/picture>\n                                                                                                                <h2 class=\"GutPushCategories-title GutPushArticles-title\">Rafting &amp; Canyon \u00e0 La Grave<\/h2>\n                                                                    <\/a>\n                                                            <a class=\"GutPushArticles-wrap \" href=\"https:\/\/www.hautesvallees.com\/la-grave\/que-faire\/en-ete\/peche\/\">\n                                                                            <picture class=\"GutPushArticles-picture\">\n                                            <img decoding=\"async\" src=\"https:\/\/www.hautesvallees.com\/content\/uploads\/sites\/2\/2025\/01\/peche-\u00a9Aurelien-Papa-Wildspot-371x248.webp\"\n                                                 alt=\"peche-\u00a9Aurelien-Papa-Wildspot\" \/>\n                                        <\/picture>\n                                                                                                                <h2 class=\"GutPushCategories-title GutPushArticles-title\">P\u00eache \u00e0 La Grave<\/h2>\n                                                                    <\/a>\n                                                            <a class=\"GutPushArticles-wrap \" href=\"https:\/\/www.hautesvallees.com\/la-grave\/que-faire\/en-ete\/parapente\/\">\n                                                                            <picture class=\"GutPushArticles-picture\">\n                                            <img decoding=\"async\" src=\"https:\/\/www.hautesvallees.com\/content\/uploads\/sites\/2\/2025\/01\/15874421-371x248.jpg\"\n                                                 alt=\"15874421\" \/>\n                                        <\/picture>\n                                                                                                                <h2 class=\"GutPushCategories-title GutPushArticles-title\">Parapente \u00e0 La Grave<\/h2>\n                                                                    <\/a>\n                                                    <\/div>\n                                            <\/div>\n                                                <\/div>\n        <\/div>\n    <\/div>\n\n\n<div class=\"GutPushArticles GutPushCategories  GutContainer\">\n        <div class=\"GutPushArticles-container\">\n                        <div class=\"GutPushArticles-inner \">\n                                    <div class=\"GutPushArticles-container \" >\n                        <div class=\"GutPushArticles-list \">\n                                                            <a class=\"GutPushArticles-wrap \" href=\"https:\/\/www.hautesvallees.com\/la-grave\/que-faire\/en-ete\/terrain-de-sport-espaces-de-jeux\/\">\n                                                                            <picture class=\"GutPushArticles-picture\">\n                                            <img decoding=\"async\" src=\"https:\/\/www.hautesvallees.com\/content\/uploads\/sites\/2\/2025\/01\/La-Grave-_-alpesphotographies.com-12-1-371x248.jpg\"\n                                                 alt=\"La Grave _ alpesphotographies.com-12\" \/>\n                                        <\/picture>\n                                                                                                                <h2 class=\"GutPushCategories-title GutPushArticles-title\">Terrain de sport &amp; espaces de jeux \u00e0 La Grave<\/h2>\n                                                                    <\/a>\n                                                            <a class=\"GutPushArticles-wrap \" href=\"https:\/\/www.hautesvallees.com\/la-grave\/que-faire\/en-ete\/vacances-en-famille\/\">\n                                                                            <picture class=\"GutPushArticles-picture\">\n                                            <img decoding=\"async\" src=\"https:\/\/www.hautesvallees.com\/content\/uploads\/sites\/2\/2025\/01\/Le-sentier-des-crevasses-arsine-en-famille-47-scaled-1-371x248.jpg\"\n                                                 alt=\"Le-sentier-des-crevasses-arsine-en-famille-47-scaled\" \/>\n                                        <\/picture>\n                                                                                                                <h2 class=\"GutPushCategories-title GutPushArticles-title\">Vacances d\u2019\u00e9t\u00e9 en famille \u00e0 La Grave<\/h2>\n                                                                    <\/a>\n                                                            <a class=\"GutPushArticles-wrap \" href=\"https:\/\/www.hautesvallees.com\/la-grave\/que-faire\/visite-patrimoine\/\">\n                                                                            <picture class=\"GutPushArticles-picture\">\n                                            <img decoding=\"async\" src=\"https:\/\/www.hautesvallees.com\/content\/uploads\/sites\/2\/2025\/01\/Village-de-Villar-dArene-\u00a9Alpes-photographies-1-371x248.jpg\"\n                                                 alt=\"Village-de-Villar-dArene-\u00a9Alpes-photographies\" \/>\n                                        <\/picture>\n                                                                                                                <h2 class=\"GutPushCategories-title GutPushArticles-title\">Visite &amp; patrimoine \u00e0 La Grave<\/h2>\n                                                                    <\/a>\n                                                    <\/div>\n                                            <\/div>\n                                                <\/div>\n        <\/div>\n    <\/div>\n\n\n<div class=\"GutPushArticles GutPushCategories  GutContainer\">\n        <div class=\"GutPushArticles-container\">\n                        <div class=\"GutPushArticles-inner \">\n                                    <div class=\"GutPushArticles-container \" >\n                        <div class=\"GutPushArticles-list \">\n                                                            <a class=\"GutPushArticles-wrap \" href=\"https:\/\/www.hautesvallees.com\/la-grave\/que-faire\/detente\/\">\n                                                                            <picture class=\"GutPushArticles-picture\">\n                                            <img decoding=\"async\" src=\"https:\/\/www.hautesvallees.com\/content\/uploads\/sites\/2\/2025\/01\/massage-therapy-1584711_1280-371x248.jpg\"\n                                                 alt=\"massage-therapy-1584711_1280\" \/>\n                                        <\/picture>\n                                                                                                                <h2 class=\"GutPushCategories-title GutPushArticles-title\">D\u00e9tente \u00e0 La Grave<\/h2>\n                                                                    <\/a>\n                                                            <a class=\"GutPushArticles-wrap \" href=\"https:\/\/www.hautesvallees.com\/la-grave\/sur-place\/commerces-services\/prestataires\/\">\n                                                                            <picture class=\"GutPushArticles-picture\">\n                                            <img decoding=\"async\" src=\"https:\/\/www.hautesvallees.com\/content\/uploads\/sites\/2\/2025\/01\/ecrins-HD-ariane-fornia-itinera-magica-2189-1-371x248.jpg\"\n                                                 alt=\"Guide de la Grave au r\u00e2teau \u00a9Itinera Magica\" \/>\n                                        <\/picture>\n                                                                                                                <h2 class=\"GutPushCategories-title GutPushArticles-title\">Prestataires d\u2019activit\u00e9s \u00e0 La Grave<\/h2>\n                                                                    <\/a>\n                                                    <\/div>\n                                            <\/div>\n                                                <\/div>\n        <\/div>\n    <\/div>\n\n\n<div class=\"GutCol2  GutContainer\">\n        <div class=\"GutCol2-container\">\n\n            \n                                                                                                        <div class=\"GutCol2-wrap GutCol2-blocTexte Left\">\n                                <div class=\"GutCol2-blocTexte--inner\">\n                                                                            <div class=\"GutTitle Left\">\n                    <h2 class=\"GutTitle-title\">\n                                    <span class=\"GutTitle-surtitle\">Retrouvez nos<\/span>\n                                                        id\u00e9es de s\u00e9jours \u00e0 La Grave\n                            <\/h2>\n                    <\/div>\n                                                                                                                <div class=\"GutCol2-intro\">Pr\u00eat \u00e0 profiter pleinement au Pays de la Meije ?<\/div>\n                                                                                                                <div class=\"GutCol2-text Content\">\n                                            <p>D\u00e9couvrez nos diff\u00e9rents s\u00e9jours tout compris, con\u00e7us et imagin\u00e9s pour vous, avec des th\u00e9matiques diff\u00e9rentes, mais avec la seule id\u00e9e en t\u00eate :*<\/p>\n<p>Vous laisser un<strong> beau souvenir des Hautes-Alpes<\/strong> et plus particuli\u00e8rement des Hautes Vall\u00e9es !<\/p>\n<p>&nbsp;<\/p>\n<p><a class=\"Button-primary\" href=\"https:\/\/www.hautesvallees.com\/la-grave\/decouvrir\/idees-de-sejours\/\">D\u00e9couvrez nos id\u00e9es de s\u00e9jours au Pays de la Meije !<\/a><\/p>\n\n                                        <\/div>\n                                                                    <\/div>\n                            <\/div>\n                                                                                                                                                        <div class=\"GutCol2-wrap GutCol2-blocImage Right\">\n                                    <picture class=\"GutCol2-picture\">\n                                        <img decoding=\"async\" src=\"https:\/\/www.hautesvallees.com\/content\/uploads\/sites\/2\/2025\/01\/La-Grave-T.Blais_-scaled-1-664x480.jpg\"\n                                             alt=\"s\u00e9jour \u00e9t\u00e9 la grave\" \/>\n                                    <\/picture>\n                                                                            <span class=\"GutCol2-credit\">\u00a9 Blais T.<\/span>\n                                                                    <\/div>\n                                                                                            <\/div>\n    <\/div>\n\n\n<div class=\"Activities\">\n            <div class=\"Activities-container\">\n                <div class=\"Activities-content\">\n                                                                    <h2 class=\"Activities-content--title\">Inspirez-vous <\/h2>\n                                                            <div class=\"Activities-content--taglist\">\n                                                    <span class=\"Activities-content--tag __activitiesTag69f3d6e9a0968\">Pour les Tribus<\/span>\n                                                    <span class=\"Activities-content--tag __activitiesTag69f3d6e9a0968\">Pour les Aventuriers<\/span>\n                                                    <span class=\"Activities-content--tag __activitiesTag69f3d6e9a0968\">Pour les Randonneurs<\/span>\n                                                    <span class=\"Activities-content--tag __activitiesTag69f3d6e9a0968\">Pour les amateurs de Sensations fortes<\/span>\n                                                    <span class=\"Activities-content--tag __activitiesTag69f3d6e9a0968\">Premi\u00e8re fois en montagne<\/span>\n                                            <\/div>\n                                    <\/div>\n                <div class=\"Activities-swiper swiper __SwiperActivities\" data-sliderid=\"69f3d6e9a0968\">\n                    <ul class=\"Activities-list swiper-wrapper\">\n                                                                                    <li class=\"NewsTile swiper-slide\">\n                                    <a class=\"NewsTile-link\" href=\"https:\/\/www.hautesvallees.com\/category\/pour-les-tribus\/\" title=\"Pour les Tribus\">\n                                        <picture class=\"NewsTile-picture\">\n                                            <img decoding=\"async\" class=\"NewsTile-img\" src=\"https:\/\/www.hautesvallees.com\/content\/uploads\/sites\/2\/2025\/01\/220116-074-\u00a9-B.Boone-optimise-web-410x550.webp\"\n                                                 alt=\"220116-074-\u00a9-B.Boone-optimise-web\" loading=\"lazy\"\/>\n                                        <\/picture>\n                                                                                <h2 class=\"NewsTile-title\">Pour les Tribus<\/h2>\n                                                                                                                            <span class=\"NewsTile-link--read Link-primary\">\n                                                Voir les activit\u00e9s\n                                            <\/span>\n                                                                            <\/a>\n                                <\/li>\n                                                                                                                <li class=\"NewsTile swiper-slide\">\n                                    <a class=\"NewsTile-link\" href=\"https:\/\/www.hautesvallees.com\/category\/pour-les-aventuriers\/\" title=\"Pour les Aventuriers\">\n                                        <picture class=\"NewsTile-picture\">\n                                            <img decoding=\"async\" class=\"NewsTile-img\" src=\"https:\/\/www.hautesvallees.com\/content\/uploads\/sites\/2\/2025\/01\/thibaut-blais-29--410x550.jpg\"\n                                                 alt=\"thibaut-blais-29-\" loading=\"lazy\"\/>\n                                        <\/picture>\n                                                                                <h2 class=\"NewsTile-title\">Pour les Aventuriers<\/h2>\n                                                                                                                            <span class=\"NewsTile-link--read Link-primary\">\n                                                Voir les activit\u00e9s\n                                            <\/span>\n                                                                            <\/a>\n                                <\/li>\n                                                                                                                <li class=\"NewsTile swiper-slide\">\n                                    <a class=\"NewsTile-link\" href=\"https:\/\/www.hautesvallees.com\/category\/pour-les-randonneurs\/\" title=\"Pour les Randonneurs\">\n                                        <picture class=\"NewsTile-picture\">\n                                            <img decoding=\"async\" class=\"NewsTile-img\" src=\"https:\/\/www.hautesvallees.com\/content\/uploads\/sites\/2\/2025\/01\/thibaut-blais-photo-e1718097986542-410x431.jpg\"\n                                                 alt=\"Balade rando coucher de soleil \u00a9 T. BLAIS\" loading=\"lazy\"\/>\n                                        <\/picture>\n                                                                                <h2 class=\"NewsTile-title\">Pour les Randonneurs<\/h2>\n                                                                                                                            <span class=\"NewsTile-link--read Link-primary\">\n                                                Voir les activit\u00e9s\n                                            <\/span>\n                                                                            <\/a>\n                                <\/li>\n                                                                                                                <li class=\"NewsTile swiper-slide\">\n                                    <a class=\"NewsTile-link\" href=\"https:\/\/www.hautesvallees.com\/category\/sensations-fortes\/\" title=\"Pour les amateurs de Sensations fortes\">\n                                        <picture class=\"NewsTile-picture\">\n                                            <img decoding=\"async\" class=\"NewsTile-img\" src=\"https:\/\/www.hautesvallees.com\/content\/uploads\/sites\/2\/2025\/01\/Cascade-et-raquettes-vallee-des-Fonts-\u00a9-Thibaut-Blais-117-scaled-1-410x550.jpg\"\n                                                 alt=\"Cascade-et-raquettes-vallee-des-Fonts-\u00a9-Thibaut-Blais-117-scaled\" loading=\"lazy\"\/>\n                                        <\/picture>\n                                                                                <h2 class=\"NewsTile-title\">Pour les amateurs de Sensations fortes<\/h2>\n                                                                                                                            <span class=\"NewsTile-link--read Link-primary\">\n                                                Voir les activit\u00e9s\n                                            <\/span>\n                                                                            <\/a>\n                                <\/li>\n                                                                                                                <li class=\"NewsTile swiper-slide\">\n                                    <a class=\"NewsTile-link\" href=\"https:\/\/www.hautesvallees.com\/category\/premiere-fois-en-montagne\/\" title=\"Premi\u00e8re fois en montagne\">\n                                        <picture class=\"NewsTile-picture\">\n                                            <img decoding=\"async\" class=\"NewsTile-img\" src=\"https:\/\/www.hautesvallees.com\/content\/uploads\/sites\/2\/2025\/01\/RAQUETTES-CLAREE-_-alpesphotographies.com-40-1-410x550.jpg\"\n                                                 alt=\"RAQUETTES-CLAREE-_-alpesphotographies.com-40-1\" loading=\"lazy\"\/>\n                                        <\/picture>\n                                                                                <h2 class=\"NewsTile-title\">Premi\u00e8re fois en montagne<\/h2>\n                                                                                                                            <span class=\"NewsTile-link--read Link-primary\">\n                                                Voir les activit\u00e9s\n                                            <\/span>\n                                                                            <\/a>\n                                <\/li>\n                                                                        <\/ul>\n                    <div class=\"Activities-swiper--bottom\">\n                        <div class=\"Activities-prev __SwiperActivitiesPrev69f3d6e9a0968 swiper-button-prev\">\n                            <img decoding=\"async\" class=\"Activities-prev--svg svg\" data-no-lazy=\"1\"\n                                 src=\"https:\/\/www.hautesvallees.com\/content\/themes\/theme_altimax\/dist\/img\/wordpress\/homepage\/prev.svg\"\/>\n                        <\/div>\n                        <div class=\"Activities-next __SwiperActivitiesNext69f3d6e9a0968 swiper-button-next\">\n                            <img decoding=\"async\" class=\"Activities-next--svg svg\" data-no-lazy=\"1\"\n                                 src=\"https:\/\/www.hautesvallees.com\/content\/themes\/theme_altimax\/dist\/img\/wordpress\/homepage\/next.svg\"\/>\n                        <\/div>\n                        <div class=\"Activities-progressbar __SwiperActivitiesPagination69f3d6e9a0968 swiper-pagination\"><\/div>\n                    <\/div>\n                <\/div>\n            <\/div>\n        <\/div>\n    ","protected":false},"excerpt":{"rendered":"","protected":false},"author":7,"featured_media":1261,"parent":945,"menu_order":0,"comment_status":"closed","ping_status":"closed","template":"","meta":{"_acf_changed":false,"footnotes":""},"class_list":["post-947","page","type-page","status-publish","has-post-thumbnail","hentry"],"acf":[],"_links":{"self":[{"href":"https:\/\/www.hautesvallees.com\/la-grave\/wp-json\/wp\/v2\/pages\/947","targetHints":{"allow":["GET"]}}],"collection":[{"href":"https:\/\/www.hautesvallees.com\/la-grave\/wp-json\/wp\/v2\/pages"}],"about":[{"href":"https:\/\/www.hautesvallees.com\/la-grave\/wp-json\/wp\/v2\/types\/page"}],"author":[{"embeddable":true,"href":"https:\/\/www.hautesvallees.com\/la-grave\/wp-json\/wp\/v2\/users\/7"}],"replies":[{"embeddable":true,"href":"https:\/\/www.hautesvallees.com\/la-grave\/wp-json\/wp\/v2\/comments?post=947"}],"version-history":[{"count":7,"href":"https:\/\/www.hautesvallees.com\/la-grave\/wp-json\/wp\/v2\/pages\/947\/revisions"}],"predecessor-version":[{"id":5184,"href":"https:\/\/www.hautesvallees.com\/la-grave\/wp-json\/wp\/v2\/pages\/947\/revisions\/5184"}],"up":[{"embeddable":true,"href":"https:\/\/www.hautesvallees.com\/la-grave\/wp-json\/wp\/v2\/pages\/945"}],"wp:featuredmedia":[{"embeddable":true,"href":"https:\/\/www.hautesvallees.com\/la-grave\/wp-json\/wp\/v2\/media\/1261"}],"wp:attachment":[{"href":"https:\/\/www.hautesvallees.com\/la-grave\/wp-json\/wp\/v2\/media?parent=947"}],"curies":[{"name":"wp","href":"https:\/\/api.w.org\/{rel}","templated":true}]}}