{"id":917,"date":"2025-01-20T16:32:35","date_gmt":"2025-01-20T15:32:35","guid":{"rendered":"https:\/\/www.hautesvallees.com\/la-grave\/?page_id=917"},"modified":"2026-03-26T08:54:15","modified_gmt":"2026-03-26T07:54:15","slug":"parc-national-des-ecrins","status":"publish","type":"page","link":"https:\/\/www.hautesvallees.com\/la-grave\/decouvrir\/le-pays-de-la-meije\/parc-national-des-ecrins\/","title":{"rendered":"Parc national des \u00c9crins"},"content":{"rendered":"<div class=\"GutText  GutContainer\">\n        <div class=\"GutText-inner\">\n            <div class=\"GutTitle Center\">\n                    <h2 class=\"GutTitle-title\">\n                                    <span class=\"GutTitle-surtitle\">LES \u00c9CRINS <\/span>\n                                                        UN ESPACE PROT\u00c9G\u00c9\n                            <\/h2>\n                    <\/div>\n                                        <div class=\"GutText-wysiwyg Content\">\n                    <p style=\"text-align: center\">Le Parc national des \u00c9crins, <strong>fond\u00e9 en 1973<\/strong>, s\u2019\u00e9tend entre La Grave et Villar d\u2019Ar\u00e8ne, l\u2019Oisans et le M\u00f4netier-les-Bains dans le nord, Vallouise \u2013 Pelvoux \u2013 Ailefroide dans l\u2019est, le Valjouffrey et le Valbonnais dans l\u2019Ouest et le Champsaur et le Valgaudemar dans le sud. <strong>Il touche les d\u00e9partements des Hautes-Alpes et de l\u2019Is\u00e8re<\/strong>. Plusieurs vall\u00e9es fr\u00f4lent le noyau de hauts sommets et de glaciers dont le point culminant est <strong>la Barre des Ecrins \u00e0 4102 m<\/strong>.<\/p>\n<p style=\"text-align: center\">Le Parc consiste <strong>d\u2019un c\u0153ur de Parc et d\u2019une aire d\u2019adh\u00e9sion<\/strong>, qui englobe les villages et alpages en bordure du Parc national. Une r\u00e9glementation sp\u00e9cifique qui limite les activit\u00e9s humaines dans la zone c\u0153ur vise \u00e0 prot\u00e9ger les richesses naturelles et paysag\u00e8res de ce territoire d\u2019exception.<\/p>\n\n                <\/div>\n                    <\/div>\n    <\/div>\n\n\n<div class=\"GutImage  GutContainer-full\">\n        <div class=\"GutImage-container\">\n                        \n                            <picture class=\"GutImage-pic\">\n                    <source srcset=\"https:\/\/www.hautesvallees.com\/content\/uploads\/sites\/2\/2025\/01\/arsine-18-768x360.jpg\" media=\"(max-width: 768px)\">\n                    <source srcset=\"https:\/\/www.hautesvallees.com\/content\/uploads\/sites\/2\/2025\/01\/arsine-18-992x465.jpg\" media=\"(max-width: 992px)\">\n                    <source srcset=\"https:\/\/www.hautesvallees.com\/content\/uploads\/sites\/2\/2025\/01\/arsine-18.jpg\" media=\"(min-width: 993px)\">\n                    <img decoding=\"async\" class=\"GutImage-img\" src=\"https:\/\/www.hautesvallees.com\/content\/uploads\/sites\/2\/2025\/01\/arsine-18.jpg\" alt=\"arsine-18\" \/>\n                <\/picture>\n                                        <div class=\"GutImage-creditphoto\">\n                     \u00a9T. BLAIS\n                <\/div>\n                    <\/div>\n    <\/div>\n\n\n<div class=\"GutCol2  GutContainer\">\n        <div class=\"GutCol2-container\">\n\n            <div class=\"GutTitle Left\">\n                    <h2 class=\"GutTitle-title\">\n                                    <span class=\"GutTitle-surtitle\">Qu&#039;est-ce qu&#039;un <\/span>\n                                                        parc national ?\n                            <\/h2>\n                    <\/div>\n\n                                                                                                        <div class=\"GutCol2-wrap GutCol2-blocTexte Left\">\n                                <div class=\"GutCol2-blocTexte--inner\">\n                                                                                                                <div class=\"GutCol2-intro\">C\u2019est un territoire g\u00e9n\u00e9ralement vaste dont la richesse biologique, la qualit\u00e9 paysag\u00e8re, l\u2019int\u00e9r\u00eat culturel et le caract\u00e8re historiquement pr\u00e9serv\u00e9 justifient une protection et une gestion qui garantissent la p\u00e9rennit\u00e9 de ce patrimoine consid\u00e9r\u00e9 comme exceptionnel.<\/div>\n                                                                                                                <div class=\"GutCol2-text Content\">\n                                            <h5><strong>Le \u00abc\u0153ur\u00bb du parc national des \u00c9crins<br \/>\n<\/strong><\/h5>\n<p>Il correspondant rigoureusement au p\u00e9rim\u00e8tre de l\u2019ancienne zone centrale, avec <strong>une r\u00e9glementation forte et p\u00e9renne<\/strong> qui justifie son<strong> label de \u201cparc national\u201d, reconnu au niveau international<\/strong>.<\/p>\n<p>&nbsp;<\/p>\n<h5><strong>L\u2019aire optimale d\u2019adh\u00e9sion<br \/>\n<\/strong><\/h5>\n<p>Dans les \u00c9crins, l\u2019aire optimale d\u2019adh\u00e9sion<strong> couvre les 59 communes de l\u2019ancienne zone p\u00e9riph\u00e9rique<\/strong>. Les communes qui d\u00e9cident d&rsquo;adh\u00e9rer \u00e0 la charte constituent l&rsquo;aire d\u2019adh\u00e9sion du parc national des \u00c9crins. La charte du Parc national est un<strong> projet de territoire qui assure la coh\u00e9rence et une \u00absolidarit\u00e9 \u00e9cologique\u00bb<\/strong> entre ces deux zones de statut distinct.<\/p>\n<p>Espace prot\u00e9g\u00e9, le c\u0153ur fait l\u2019objet d\u2019une r\u00e9glementation sp\u00e9cifique alors que l\u2019aire d\u2019adh\u00e9sion est d\u00e9finie sur la base d\u2019<a href=\"https:\/\/www.ecrins-parcnational.fr\/la-charte\" target=\"_blank\" rel=\"noopener\">une<\/a><a href=\"https:\/\/www.ecrins-parcnational.fr\/la-charte\" target=\"_blank\" rel=\"noopener\">\u00a0charte propos\u00e9e aux communes<\/a>.<\/p>\n\n                                        <\/div>\n                                                                    <\/div>\n                            <\/div>\n                                                                                                                                                        <div class=\"GutCol2-wrap GutCol2-blocImage Right\">\n                                    <picture class=\"GutCol2-picture\">\n                                        <img decoding=\"async\" src=\"https:\/\/www.hautesvallees.com\/content\/uploads\/sites\/2\/2025\/02\/carte2016pne-agenda-pnf-510x710.jpg\"\n                                             alt=\"carte2016pne-agenda-pnf\" \/>\n                                    <\/picture>\n                                                                            <span class=\"GutCol2-credit\">\u00a9 Parc national des Ecrins<\/span>\n                                                                    <\/div>\n                                                                                            <\/div>\n    <\/div>\n\n\n<div class=\"GutCol2  GutContainer\">\n        <div class=\"GutCol2-container\">\n\n            <div class=\"GutTitle Left\">\n                    <h2 class=\"GutTitle-title\">\n                                    <span class=\"GutTitle-surtitle\">venez nous<\/span>\n                                                        rencontrer\n                            <\/h2>\n                    <\/div>\n\n                                                                                                                                        <div class=\"GutCol2-wrap GutCol2-blocImage Left\">\n                                    <picture class=\"GutCol2-picture\">\n                                        <img decoding=\"async\" src=\"https:\/\/www.hautesvallees.com\/content\/uploads\/sites\/2\/2025\/02\/lautaret-4-1-664x480.jpg\"\n                                             alt=\"lautaret-4-1\" \/>\n                                    <\/picture>\n                                                                            <span class=\"GutCol2-credit\">\u00a9 T. Blais<\/span>\n                                                                    <\/div>\n                                                                                                                                                    <div class=\"GutCol2-wrap GutCol2-blocTexte Right\">\n                                <div class=\"GutCol2-blocTexte--inner\">\n                                                                            <div class=\"GutTitle Left\">\n                    <h2 class=\"GutTitle-title\">\n                                    <span class=\"GutTitle-surtitle\">centre <\/span>\n                                                        d&#039;accueil\n                            <\/h2>\n                    <\/div>\n                                                                                                                                                    <div class=\"GutCol2-text Content\">\n                                            <div id=\"wrap\">\n<p>&nbsp;<\/p>\n<div id=\"wrap-content\">\n<div class=\"content-inner\">\n<div class=\"wrap-center\">\n<div class=\"row-flex\">\n<div class=\"right-wrap\">\n<div id=\"c6824\" class=\"frame frame-default frame-type-textpic frame-layout-0\">\n<div class=\"ce-textpic ce-center ce-above\">\n<div class=\"ce-bodytext\">\n<p style=\"text-align: center\">Au col du Lautaret, <strong>le centre d\u2019accueil du Parc National vous accueille de mi-juin \u00e0 mi-septembre<\/strong>, tous les jours. Vous y trouverez une exposition, une salle de projections avec des films \u00e0 la demande, des animaux naturalis\u00e9s et un coin boutique avec la documentation du et les ouvrages du Parc.<\/p>\n<p style=\"text-align: center\"><a class=\"btn btn-warning Button-primary\" href=\"https:\/\/www.ecrins-parcnational.fr\/8923\/point-information\/centre-accueil-lautaret\" target=\"_blank\" rel=\"noopener noreferrer\">Le centre d&rsquo;accueil au col du Lautaret<\/a><\/p>\n<\/div>\n<\/div>\n<\/div>\n<\/div>\n<\/div>\n<\/div>\n<\/div>\n<\/div>\n<p>&nbsp;<\/p>\n<\/div>\n<footer>\n<div class=\"content-inner\">\n<div class=\"footer-top\">\n<div class=\"logo-footer\" style=\"text-align: center\"><\/div>\n<\/div>\n<\/div>\n<\/footer>\n\n                                        <\/div>\n                                                                    <\/div>\n                            <\/div>\n                                                                <\/div>\n    <\/div>\n\n\n\n\n<div class=\"GutPushArticles BgColor GutContainer-full\">\n        <div class=\"GutPushArticles-container\">\n            <div class=\"GutTitle Left\">\n                    <h2 class=\"GutTitle-title\">\n                                    <span class=\"GutTitle-surtitle\">Randonner Dans <\/span>\n                                                        le Parc national des \u00e9crins\n                            <\/h2>\n                    <\/div>\n            <div class=\"GutPushArticles-inner \">\n                                    <div class=\"GutPushArticles-container \" >\n                        <div class=\"GutPushArticles-list \">\n                                                            <div class=\"GutPushArticles-wrap \">\n                                                                            <picture class=\"GutPushArticles-picture\">\n                                            <img decoding=\"async\" src=\"https:\/\/www.hautesvallees.com\/content\/uploads\/sites\/2\/2025\/01\/csm_Rando_Nevache_-_Alpes_Photographies_be523f4840-371x248.jpg\"\n                                                 alt=\"csm_Rando_Nevache_-_Alpes_Photographies_be523f4840\" \/>\n                                        <\/picture>\n                                                                        <div class=\"GutPushArticles-content\">\n                                                                                    <h2 class=\"GutPushArticles-title\">Les randonn\u00e9es dans le Parc National des Ecrins<\/h2>\n                                                                                                                                                                    <a class=\"Link\" href=\"https:\/\/www.hautesvallees.com\/la-grave\/que-faire\/en-ete\/randonnees\/randonnees-dans-le-parc-national-des-ecrins\/\">S&#039;informer<\/a>\n                                                                            <\/div>\n                                <\/div>\n                                                            <div class=\"GutPushArticles-wrap \">\n                                                                            <picture class=\"GutPushArticles-picture\">\n                                            <img decoding=\"async\" src=\"https:\/\/www.hautesvallees.com\/content\/uploads\/sites\/2\/2025\/01\/BC7ADA3C-BED6-4D40-A62B-D92D59CDF7A5-scaled-1-371x248.jpeg\"\n                                                 alt=\"BC7ADA3C-BED6-4D40-A62B-D92D59CDF7A5-scaled\" \/>\n                                        <\/picture>\n                                                                        <div class=\"GutPushArticles-content\">\n                                                                                    <h2 class=\"GutPushArticles-title\">Itin\u00e9rance dans le Parc National des Ecrins<\/h2>\n                                                                                                                                                                    <a class=\"Link\" href=\"https:\/\/www.hautesvallees.com\/la-grave\/que-faire\/en-ete\/itinerances\/itinerances-dans-le-parc-national-des-ecrins\/\">D\u00e9couvrir<\/a>\n                                                                            <\/div>\n                                <\/div>\n                                                            <div class=\"GutPushArticles-wrap \">\n                                                                            <picture class=\"GutPushArticles-picture\">\n                                            <img decoding=\"async\" src=\"https:\/\/www.hautesvallees.com\/content\/uploads\/sites\/2\/2025\/01\/la-grave-alpesphotographies.com-131-scaled-1-371x248.jpg\"\n                                                 alt=\"village d&#039;alpinisme parc national \u00e9crins\" \/>\n                                        <\/picture>\n                                                                        <div class=\"GutPushArticles-content\">\n                                                                                    <h2 class=\"GutPushArticles-title\">Village d&rsquo;alpinisme<\/h2>\n                                                                                                                                                                    <a class=\"Link\" href=\"https:\/\/www.hautesvallees.com\/la-grave\/decouvrir\/le-pays-de-la-meije\/villages-dalpinisme\/\">D\u00e9couvrir<\/a>\n                                                                            <\/div>\n                                <\/div>\n                                                    <\/div>\n                                            <\/div>\n                                                <\/div>\n                    <\/div>\n    <\/div>\n\n\n\n\n<div class=\"GutImage  GutContainer\">\n        <div class=\"GutImage-container\">\n            <div class=\"GutTitle Left\">\n                    <h2 class=\"GutTitle-title\">\n                                    <span class=\"GutTitle-surtitle\">Les bonnes pratiques<\/span>\n                                                        Dans le Parc \n                            <\/h2>\n                    <\/div>\n            \n                            <picture class=\"GutImage-pic\">\n                    <source srcset=\"https:\/\/www.hautesvallees.com\/content\/uploads\/sites\/2\/2026\/03\/Reglementation-Ecrins-768x433.png\" media=\"(max-width: 768px)\">\n                    <source srcset=\"https:\/\/www.hautesvallees.com\/content\/uploads\/sites\/2\/2026\/03\/Reglementation-Ecrins-992x559.png\" media=\"(max-width: 992px)\">\n                    <source srcset=\"https:\/\/www.hautesvallees.com\/content\/uploads\/sites\/2\/2026\/03\/Reglementation-Ecrins-1348x760.png\" media=\"(min-width: 993px)\">\n                    <img decoding=\"async\" class=\"GutImage-img\" src=\"https:\/\/www.hautesvallees.com\/content\/uploads\/sites\/2\/2026\/03\/Reglementation-Ecrins-1348x760.png\" alt=\"Reglementation Ecrins\" \/>\n                <\/picture>\n                                <\/div>\n    <\/div>\n\n\n<div class=\"GutText  GutContainer\">\n        <div class=\"GutText-inner\">\n                                        <div class=\"GutText-intro Center\">Les limites du c\u0153ur du parc national des \u00c9crins sont mat\u00e9rialis\u00e9es par les drapeaux bleu-blanc-rouge peints sur des rochers. Les r\u00e8gles \u00e0 respecter sont les suivants :<\/div>\n                                        <div class=\"GutText-wysiwyg Content\">\n                    <ul>\n<li style=\"text-align: left\">Pas de chien, m\u00eame tenu en laisse<\/li>\n<li style=\"text-align: left\">Ni cueillette, ni pr\u00e9l\u00e8vement<\/li>\n<li style=\"text-align: left\">Pas de chasse<\/li>\n<li style=\"text-align: left\">Pas de d\u00e9chets<\/li>\n<li style=\"text-align: left\">Pas de feu, ni bruit, ni d\u00e9rangement<\/li>\n<li style=\"text-align: left\">Pas de camping. Le bivouac est autoris\u00e9 de 19 h \u00e0 9 h, \u00e0 plus d\u20191 heure de marche des acc\u00e8s routiers et des limites du Parc.<\/li>\n<li style=\"text-align: left\"><a href=\"https:\/\/www.ecrins-parcnational.fr\/actualite\/embarcations-interdites-parc\" target=\"_blank\" rel=\"noopener\">Pas d&#8217;embarcations<\/a> (loisirs et activit\u00e9s sportives nautiques)<\/li>\n<li style=\"text-align: left\">Pas de v\u00e9hicule, pas de VTT, pas de survol motoris\u00e9. R\u00e9glementation sp\u00e9cifique pour le vol libre et le vol \u00e0 voile.<\/li>\n<li style=\"text-align: left\">Ne pas couper les lacets des sentiers, pour \u00e9viter les d\u00e9gradations et l\u2019\u00e9rosion du sol.<\/li>\n<\/ul>\n<p style=\"text-align: center\"><a class=\"btn btn-warning Button-primary\" href=\"https:\/\/www.ecrins-parcnational.fr\/reglementation\" target=\"_blank\" rel=\"noopener noreferrer\">En savoir plus sur la r\u00e8glementation<\/a><\/p>\n<p style=\"text-align: left\">\n\n                <\/div>\n                    <\/div>\n    <\/div>\n\n\n<div class=\"GutCol2 BgColor GutContainer-full\">\n        <div class=\"GutCol2-container\">\n\n            <div class=\"GutTitle Left\">\n                    <h2 class=\"GutTitle-title\">\n                                    <span class=\"GutTitle-surtitle\">zoom sur<\/span>\n                                                        les ateliers nature\n                            <\/h2>\n                    <\/div>\n\n                                                                                                        <div class=\"GutCol2-wrap GutCol2-blocTexte Left\">\n                                <div class=\"GutCol2-blocTexte--inner\">\n                                                                                                                <div class=\"GutCol2-intro\">La mission du Parc, c\u2019est aussi de vous apprendre \u00e0 mieux conna\u00eetre cette nature pr\u00e9cieuse ainsi que la flore et la faune sauvage qui s\u2019y abrite. <\/div>\n                                                                                                                <div class=\"GutCol2-text Content\">\n                                            <p>Le Parc propose des<strong> ateliers et des animations tout au long de l\u2019\u00e9t\u00e9<\/strong>.<\/p>\n<p style=\"text-align: center\"><a class=\"btn btn-warning Button-secondary\" href=\"http:\/\/www.ecrins-parcnational.fr\/programme-animation\" target=\"_blank\" rel=\"noopener noreferrer\">Tout le programme d&rsquo;animation<\/a><\/p>\n<p>&nbsp;<\/p>\n<p>Les espaces prot\u00e9g\u00e9s permettent de <strong>d\u00e9couvrir une nature pr\u00e9serv\u00e9e<\/strong>. Le Parc National des Ecrins participe \u00e0 la <strong>conservation de 2500 esp\u00e8ces v\u00e9g\u00e9tales<\/strong> dont 216 rares ou menac\u00e9es, 75 esp\u00e8ces de mammif\u00e8res et 233 esp\u00e8ces d\u2019oiseaux et une multitude d\u2019autres petites b\u00eates dont de tr\u00e8s nombreux papillons.<\/p>\n<p style=\"text-align: center\"><a class=\"btn btn-warning Button-secondary\" href=\"https:\/\/biodiversite.ecrins-parcnational.fr\/\" target=\"_blank\" rel=\"noopener noreferrer\">L\u2019atlas de la faune et la flore des Ecrins sur Biodiv\u2019Ecrins<\/a><\/p>\n<p>&nbsp;<\/p>\n\n                                        <\/div>\n                                                                    <\/div>\n                            <\/div>\n                                                                                                                                                        <div class=\"GutCol2-wrap GutCol2-blocImage Right\">\n                                    <picture class=\"GutCol2-picture\">\n                                        <img decoding=\"async\" src=\"https:\/\/www.hautesvallees.com\/content\/uploads\/sites\/2\/2025\/02\/Marmottes-\u00a9T.Blais-1-664x480.jpg\"\n                                             alt=\"ateliers nature parc national des \u00e9crins\" \/>\n                                    <\/picture>\n                                                                            <span class=\"GutCol2-credit\">\u00a9 T. Blais<\/span>\n                                                                    <\/div>\n                                                                                            <\/div>\n    <\/div>\n\n\n<div class=\"GutCol2  GutContainer\">\n        <div class=\"GutCol2-container\">\n\n            <div class=\"GutTitle Left\">\n                    <h2 class=\"GutTitle-title\">\n                                    <span class=\"GutTitle-surtitle\">EN SAVOIR PLUS <\/span>\n                                                        SUR LE PARC NATIONAL DES ECRINS\n                            <\/h2>\n                    <\/div>\n\n                                                                                                                                        <div class=\"GutCol2-wrap GutCol2-blocImage Left\">\n                                    <picture class=\"GutCol2-picture\">\n                                        <img decoding=\"async\" src=\"https:\/\/www.hautesvallees.com\/content\/uploads\/sites\/2\/2025\/02\/logo.png\"\n                                             alt=\"Le parc national des Ecrins\" \/>\n                                    <\/picture>\n                                                                    <\/div>\n                                                                                                                                                    <div class=\"GutCol2-wrap GutCol2-blocTexte Right\">\n                                <div class=\"GutCol2-blocTexte--inner\">\n                                                                                                                                                    <div class=\"GutCol2-text Content\">\n                                            <section id=\"main-wrap\" class=\"left-wrap\">\n<article>\n<div id=\"main-content\">\n<div id=\"c6827\" class=\"frame frame-default frame-type-textpic frame-layout-0\">\n<div class=\"ce-textpic ce-center ce-above\">\n<div class=\"ce-bodytext\">\n<p style=\"text-align: center\">Vous voulez en savoir plus sur les op\u00e9rations, les actualit\u00e9s et les merveilles naturelles du Parc national des Ecrins\u00a0?<\/p>\n<p style=\"text-align: center\"><a class=\"btn btn-warning Button-primary\" href=\"https:\/\/www.ecrins-parcnational.fr\/\" target=\"_blank\" rel=\"noopener noreferrer\">\u00a0Visiter le site web du Parc national des Ecrins<\/a><\/p>\n<\/div>\n<\/div>\n<\/div>\n<\/div>\n<\/article>\n<\/section>\n<div class=\"right-wrap\">\n<div id=\"c6815\" class=\"frame frame-default frame-type-textpic frame-layout-0\"><\/div>\n<\/div>\n\n                                        <\/div>\n                                                                    <\/div>\n                            <\/div>\n                                                                <\/div>\n    <\/div>\n\n\n<div class=\"GutPushArticles BgColor GutContainer-full\">\n        <div class=\"GutPushArticles-container\">\n            <div class=\"GutTitle Left\">\n                    <h2 class=\"GutTitle-title\">\n                                    <span class=\"GutTitle-surtitle\">vous aimerez<\/span>\n                                                        aussi\n                            <\/h2>\n                    <\/div>\n            <div class=\"GutPushArticles-inner \">\n                                    <div class=\"GutPushArticles-container \" >\n                        <div class=\"GutPushArticles-list \">\n                                                            <div class=\"GutPushArticles-wrap \">\n                                                                            <picture class=\"GutPushArticles-picture\">\n                                            <img decoding=\"async\" src=\"https:\/\/www.hautesvallees.com\/content\/uploads\/sites\/2\/2026\/03\/Dominique-GEST-tetras-lyre-1-588x588-1-371x248.jpg\"\n                                                 alt=\"Dominique-GEST-tetras-lyre-1-588x588\" \/>\n                                        <\/picture>\n                                                                        <div class=\"GutPushArticles-content\">\n                                                                                    <h2 class=\"GutPushArticles-title\">Un hiver en paix pour le t\u00e9tras lyre dans son igloo<\/h2>\n                                                                                                                                                                    <a class=\"Link\" href=\"https:\/\/www.hautesvallees.com\/sensibilisation-tetras-lyre\/\" target=\"_blank\">D\u00e9couvrir<\/a>\n                                                                            <\/div>\n                                <\/div>\n                                                            <div class=\"GutPushArticles-wrap \">\n                                                                            <picture class=\"GutPushArticles-picture\">\n                                            <img decoding=\"async\" src=\"https:\/\/www.hautesvallees.com\/content\/uploads\/sites\/2\/2025\/01\/Bivouac-au-sommet-du-Thabor-45-371x248.jpg\"\n                                                 alt=\"Bivouac-au-sommet-du-Thabor-45\" \/>\n                                        <\/picture>\n                                                                        <div class=\"GutPushArticles-content\">\n                                                                                    <h2 class=\"GutPushArticles-title\">Bivouac dans les Hautes Vall\u00e9es &#8211; Mode d&#8217;emploi<\/h2>\n                                                                                                                                                                    <a class=\"Link\" href=\"https:\/\/www.hautesvallees.com\/bivouac-mode-emploi\/\" target=\"_blank\">D\u00e9couvrir<\/a>\n                                                                            <\/div>\n                                <\/div>\n                                                            <div class=\"GutPushArticles-wrap \">\n                                                                            <picture class=\"GutPushArticles-picture\">\n                                            <img decoding=\"async\" src=\"https:\/\/www.hautesvallees.com\/content\/uploads\/sites\/2\/2025\/01\/Le-sentier-des-crevasses-arsine-en-famille-74-1-scaled-1-371x248.jpg\"\n                                                 alt=\"balades en famille T.Blais\" \/>\n                                        <\/picture>\n                                                                        <div class=\"GutPushArticles-content\">\n                                                                                    <h2 class=\"GutPushArticles-title\">Code du randonneur responsable<\/h2>\n                                                                                                                                                                    <a class=\"Link\" href=\"https:\/\/whttps:\/\/www.hautesvallees.com\/code-du-randonneur-responsable\/ww.hautesvallees.com\/10-idees-dactivites-a-la-grave-en-famille\/\" target=\"_blank\">D\u00e9couvrir<\/a>\n                                                                            <\/div>\n                                <\/div>\n                                                    <\/div>\n                                            <\/div>\n                                                <\/div>\n                    <\/div>\n    <\/div>\n","protected":false},"excerpt":{"rendered":"","protected":false},"author":7,"featured_media":2815,"parent":913,"menu_order":2,"comment_status":"closed","ping_status":"closed","template":"","meta":{"_acf_changed":false,"footnotes":""},"class_list":["post-917","page","type-page","status-publish","has-post-thumbnail","hentry"],"acf":[],"_links":{"self":[{"href":"https:\/\/www.hautesvallees.com\/la-grave\/wp-json\/wp\/v2\/pages\/917","targetHints":{"allow":["GET"]}}],"collection":[{"href":"https:\/\/www.hautesvallees.com\/la-grave\/wp-json\/wp\/v2\/pages"}],"about":[{"href":"https:\/\/www.hautesvallees.com\/la-grave\/wp-json\/wp\/v2\/types\/page"}],"author":[{"embeddable":true,"href":"https:\/\/www.hautesvallees.com\/la-grave\/wp-json\/wp\/v2\/users\/7"}],"replies":[{"embeddable":true,"href":"https:\/\/www.hautesvallees.com\/la-grave\/wp-json\/wp\/v2\/comments?post=917"}],"version-history":[{"count":6,"href":"https:\/\/www.hautesvallees.com\/la-grave\/wp-json\/wp\/v2\/pages\/917\/revisions"}],"predecessor-version":[{"id":44020,"href":"https:\/\/www.hautesvallees.com\/la-grave\/wp-json\/wp\/v2\/pages\/917\/revisions\/44020"}],"up":[{"embeddable":true,"href":"https:\/\/www.hautesvallees.com\/la-grave\/wp-json\/wp\/v2\/pages\/913"}],"wp:featuredmedia":[{"embeddable":true,"href":"https:\/\/www.hautesvallees.com\/la-grave\/wp-json\/wp\/v2\/media\/2815"}],"wp:attachment":[{"href":"https:\/\/www.hautesvallees.com\/la-grave\/wp-json\/wp\/v2\/media?parent=917"}],"curies":[{"name":"wp","href":"https:\/\/api.w.org\/{rel}","templated":true}]}}