{"id":913,"date":"2024-01-27T10:32:39","date_gmt":"2024-01-27T09:32:39","guid":{"rendered":"https:\/\/www.hautesvallees.com\/la-grave\/?page_id=913"},"modified":"2026-03-09T14:00:37","modified_gmt":"2026-03-09T13:00:37","slug":"le-pays-de-la-meije","status":"publish","type":"page","link":"https:\/\/www.hautesvallees.com\/la-grave\/decouvrir\/le-pays-de-la-meije\/","title":{"rendered":"Le Pays de la Meije"},"content":{"rendered":"<div class=\"GutText  GutContainer\">\n        <div class=\"GutText-inner\">\n                                        <div class=\"GutText-intro Center\">Bienvenue au Pays de la Meije<\/div>\n                                        <div class=\"GutText-wysiwyg Content\">\n                    <p style=\"text-align: center;\">L&#8217;embl\u00e9matique montagne de La Meije domine fi\u00e8rement le paysage, cr\u00e9ant une toile de fond exceptionnelle pour toutes les explorations.\u00a0Elle est sans conteste l&rsquo;une des plus belles montagnes des Alpes.<span class=\"OYPEnA text-decoration-none text-strikethrough-none\">Majestueuse, la Meije surplombe du haut de ses 3983m<strong> la haute vall\u00e9e de la Romanche<\/strong> o\u00f9 se blottissent les deux jolies petites communes de <strong>La Grave<\/strong> et <strong>Villar d&rsquo;Ar\u00e8ne<\/strong>, chacune entour\u00e9es de leurs hameaux.<\/span><\/p>\n\n                <\/div>\n                    <\/div>\n    <\/div>\n\n\n<div class=\"GutCol2  GutContainer\">\n        <div class=\"GutCol2-container\">\n\n            \n                                                                                                        <div class=\"GutCol2-wrap GutCol2-blocTexte Left\">\n                                <div class=\"GutCol2-blocTexte--inner\">\n                                                                            <div class=\"GutTitle Left\">\n                    <h2 class=\"GutTitle-title\">\n                                                        d\u00e9couvrez\n                            <\/h2>\n                            <span class=\"GutTitle-subtitle\">les hautes vall\u00e9es &#8211; La Grave, la Clar\u00e9e, l&#039;Izoard<\/span>\n            <\/div>\n                                                                                                                                                    <div class=\"GutCol2-text Content\">\n                                            <p><em><span class=\"yt-core-attributed-string yt-core-attributed-string--white-space-pre-wrap\" dir=\"auto\" role=\"text\"><span class=\"yt-core-attributed-string--link-inherit-color\" dir=\"auto\">\u00ab\u00a0Les Hautes Vall\u00e9es, c\u2019est plus qu\u2019un d\u00e9cor. C\u2019est un r\u00eave. Une \u00e9motion. Des souvenirs. Un souffle. Ici, on respire plus fort, on vit plus grand, et on partage&#8230; Laissez-vous porter au c\u0153ur de notre territoire ! Vivez un r\u00eave \u00e9veill\u00e9 \u00e0 La Grave, en Clar\u00e9e et \u00e0 l&rsquo;Izoard !\u00a0\u00bb\u00a0<\/span><\/span><\/em><\/p>\n<h6>Regarder la vid\u00e9o pour vivre les Hautes Vall\u00e9es en \u00e9t\u00e9<\/h6>\n\n                                        <\/div>\n                                                                    <\/div>\n                            <\/div>\n                                                                                                                                                        <div class=\"GutCol2-wrap GutCol2-video Right __video_parent\">\n                                                                                                                <picture class=\"GutCol2-picture __video_open\">\n                                            <img decoding=\"async\" class=\"GutCol2-img\"\n                                                 src=\"https:\/\/www.hautesvallees.com\/content\/uploads\/sites\/2\/2025\/03\/Marche-glaciaire-famille-T.POINAS-10-510x710.jpg\"\n                                                 alt=\"Marche glaciaire famille - T.Poinas\" \/>\n                                        <\/picture>\n                                                                                                                <div class=\"GutCol2-videoOut __video_out\">\n                                            <iframe class='Video' width='1920' height='1080' src='https:\/\/youtube.com\/embed\/oGvwfjXcl8s?&#038;rel=0' frameborder='0' controls='0' allow='accelerometer; encrypted-media; gyroscope; picture-in-picture' allowfullscreen><\/iframe>\n                                        <\/div>\n                                                                    <\/div>\n                                                                                            <\/div>\n    <\/div>\n\n\n<div class=\"Activities\">\n            <div class=\"Activities-container\">\n                <div class=\"Activities-content\">\n                                                                    <h2 class=\"Activities-content--title\">D\u00e9couvrir le Pays de la Meije<\/h2>\n                                                            <div class=\"Activities-content--taglist\">\n                                                    <span class=\"Activities-content--tag __activitiesTag69f30423cc6b5\">D\u00e9couvrir La Grave<\/span>\n                                                    <span class=\"Activities-content--tag __activitiesTag69f30423cc6b5\">D\u00e9couvrir Villar d&#039;Ar\u00e8ne<\/span>\n                                                    <span class=\"Activities-content--tag __activitiesTag69f30423cc6b5\">D\u00e9couvrir le Parc national des Ecrins<\/span>\n                                                    <span class=\"Activities-content--tag __activitiesTag69f30423cc6b5\">D\u00e9couvrir le col du Lautaret et le col du Galibier<\/span>\n                                                    <span class=\"Activities-content--tag __activitiesTag69f30423cc6b5\">Les incontournables du Pays de la Meije<\/span>\n                                                    <span class=\"Activities-content--tag __activitiesTag69f30423cc6b5\">Villages d&#039;Alpinisme des Ecrins<\/span>\n                                                    <span class=\"Activities-content--tag __activitiesTag69f30423cc6b5\">Le patrimoine <\/span>\n                                            <\/div>\n                                    <\/div>\n                <div class=\"Activities-swiper swiper __SwiperActivities\" data-sliderid=\"69f30423cc6b5\">\n                    <ul class=\"Activities-list swiper-wrapper\">\n                                                                                    <li class=\"NewsTile swiper-slide\">\n                                    <a class=\"NewsTile-link\" href=\"https:\/\/www.hautesvallees.com\/la-grave\/decouvrir\/le-pays-de-la-meije\/la-grave-ses-hameaux\/\" title=\"D\u00e9couvrir La Grave\">\n                                        <picture class=\"NewsTile-picture\">\n                                            <img decoding=\"async\" class=\"NewsTile-img\" src=\"https:\/\/www.hautesvallees.com\/content\/uploads\/sites\/2\/2025\/01\/LA-GRAVE-village-9\u00a9-T.Poinas-scaled-1-410x550.jpg\"\n                                                 alt=\"LA-GRAVE-village-9\u00a9-T.Poinas-scaled\" loading=\"lazy\"\/>\n                                        <\/picture>\n                                                                                <h2 class=\"NewsTile-title\">D\u00e9couvrir La Grave<\/h2>\n                                                                                                                            <span class=\"NewsTile-link--read Link-primary\">\n                                                D\u00e9couvrir\n                                            <\/span>\n                                                                            <\/a>\n                                <\/li>\n                                                                                                                <li class=\"NewsTile swiper-slide\">\n                                    <a class=\"NewsTile-link\" href=\"https:\/\/www.hautesvallees.com\/la-grave\/decouvrir\/le-pays-de-la-meije\/villar-darene\/\" title=\"D\u00e9couvrir Villar d&#039;Ar\u00e8ne\">\n                                        <picture class=\"NewsTile-picture\">\n                                            <img decoding=\"async\" class=\"NewsTile-img\" src=\"https:\/\/www.hautesvallees.com\/content\/uploads\/sites\/2\/2025\/01\/ecrins-HD-ariane-fornia-itinera-magica-9048-scaled-1-410x550.jpg\"\n                                                 alt=\"Eglise Villar d&#039;Arene\" loading=\"lazy\"\/>\n                                        <\/picture>\n                                                                                <h2 class=\"NewsTile-title\">D\u00e9couvrir Villar d&rsquo;Ar\u00e8ne<\/h2>\n                                                                                                                            <span class=\"NewsTile-link--read Link-primary\">\n                                                D\u00e9couvrir\n                                            <\/span>\n                                                                            <\/a>\n                                <\/li>\n                                                                                                                <li class=\"NewsTile swiper-slide\">\n                                    <a class=\"NewsTile-link\" href=\"https:\/\/www.hautesvallees.com\/la-grave\/decouvrir\/le-pays-de-la-meije\/parc-national-des-ecrins\/\" title=\"D\u00e9couvrir le Parc national des Ecrins\">\n                                        <picture class=\"NewsTile-picture\">\n                                            <img decoding=\"async\" class=\"NewsTile-img\" src=\"https:\/\/www.hautesvallees.com\/content\/uploads\/sites\/2\/2025\/01\/Randonnee-parc-des-Ecrins-\u00a9-T.-Blais-5-optimise-web-1024x683-1-410x550.webp\"\n                                                 alt=\"Randonnee-parc-des-Ecrins-\u00a9-T.-Blais-5-optimise-web-1024x683\" loading=\"lazy\"\/>\n                                        <\/picture>\n                                                                                <h2 class=\"NewsTile-title\">D\u00e9couvrir le Parc national des Ecrins<\/h2>\n                                                                                                                            <span class=\"NewsTile-link--read Link-primary\">\n                                                D\u00e9couvrir\n                                            <\/span>\n                                                                            <\/a>\n                                <\/li>\n                                                                                                                <li class=\"NewsTile swiper-slide\">\n                                    <a class=\"NewsTile-link\" href=\"https:\/\/www.hautesvallees.com\/la-grave\/decouvrir\/le-pays-de-la-meije\/cols-du-lautaret-et-du-galibier\/\" title=\"D\u00e9couvrir le col du Lautaret et le col du Galibier\">\n                                        <picture class=\"NewsTile-picture\">\n                                            <img decoding=\"async\" class=\"NewsTile-img\" src=\"https:\/\/www.hautesvallees.com\/content\/uploads\/sites\/2\/2025\/01\/Lautaret_Galibier_HD\u00a9AgenceKros_RemiFabregue-26-410x550.jpg\"\n                                                 alt=\"Col du Galibier_HD \u00a9AgenceKros Remi Fabregue\" loading=\"lazy\"\/>\n                                        <\/picture>\n                                                                                <h2 class=\"NewsTile-title\">D\u00e9couvrir le col du Lautaret et le col du Galibier<\/h2>\n                                                                                                                            <span class=\"NewsTile-link--read Link-primary\">\n                                                D\u00e9couvrir\n                                            <\/span>\n                                                                            <\/a>\n                                <\/li>\n                                                                                                                <li class=\"NewsTile swiper-slide\">\n                                    <a class=\"NewsTile-link\" href=\"https:\/\/www.hautesvallees.com\/la-grave\/decouvrir\/incontournables\/\" title=\"Les incontournables du Pays de la Meije\">\n                                        <picture class=\"NewsTile-picture\">\n                                            <img decoding=\"async\" class=\"NewsTile-img\" src=\"https:\/\/www.hautesvallees.com\/content\/uploads\/sites\/2\/2025\/03\/Refuge-Adele-Planchard-en-ski-de-randonnee_-25-1-410x550.jpg\"\n                                                 alt=\"Refuge Ad\u00e8le Planchard en ski de randonn\u00e9e_ vue montagne sommets-\u00a9T. Blais\" loading=\"lazy\"\/>\n                                        <\/picture>\n                                                                                <h2 class=\"NewsTile-title\">Les incontournables du Pays de la Meije<\/h2>\n                                                                                                                            <span class=\"NewsTile-link--read Link-primary\">\n                                                Les incontournables\n                                            <\/span>\n                                                                            <\/a>\n                                <\/li>\n                                                                                                                <li class=\"NewsTile swiper-slide\">\n                                    <a class=\"NewsTile-link\" href=\"https:\/\/www.hautesvallees.com\/la-grave\/decouvrir\/le-pays-de-la-meije\/villages-dalpinisme\/\" title=\"Villages d&#039;Alpinisme des Ecrins\">\n                                        <picture class=\"NewsTile-picture\">\n                                            <img decoding=\"async\" class=\"NewsTile-img\" src=\"https:\/\/www.hautesvallees.com\/content\/uploads\/sites\/2\/2025\/01\/Pic-de-La-Grave-Alpi-estivale-\u00a9T.Blais-2-scaled-1-410x550.jpg\"\n                                                 alt=\"Pic-de-La-Grave-Alpi-estivale-\u00a9T.Blais-2-scaled\" loading=\"lazy\"\/>\n                                        <\/picture>\n                                                                                <h2 class=\"NewsTile-title\">Villages d&rsquo;Alpinisme des Ecrins<\/h2>\n                                                                                                                            <span class=\"NewsTile-link--read Link-primary\">\n                                                D\u00e9couvrir les villages d&#039;alpinisme\n                                            <\/span>\n                                                                            <\/a>\n                                <\/li>\n                                                                                                                <li class=\"NewsTile swiper-slide\">\n                                    <a class=\"NewsTile-link\" href=\"https:\/\/www.hautesvallees.com\/la-grave\/que-faire\/visite-patrimoine\/\" title=\"Le patrimoine \">\n                                        <picture class=\"NewsTile-picture\">\n                                            <img decoding=\"async\" class=\"NewsTile-img\" src=\"https:\/\/www.hautesvallees.com\/content\/uploads\/sites\/2\/2025\/07\/VILLARD-DARENE-eglise-44\u00a9-T.Poinas-1-410x550.jpg\"\n                                                 alt=\"VILLARD DARENE eglise (44)\u00a9 T.Poinas (1)\" loading=\"lazy\"\/>\n                                        <\/picture>\n                                                                                <h2 class=\"NewsTile-title\">Le patrimoine <\/h2>\n                                                                                                                            <span class=\"NewsTile-link--read Link-primary\">\n                                                D\u00e9couvrir le patrimoine\n                                            <\/span>\n                                                                            <\/a>\n                                <\/li>\n                                                                        <\/ul>\n                    <div class=\"Activities-swiper--bottom\">\n                        <div class=\"Activities-prev __SwiperActivitiesPrev69f30423cc6b5 swiper-button-prev\">\n                            <img decoding=\"async\" class=\"Activities-prev--svg svg\" data-no-lazy=\"1\"\n                                 src=\"https:\/\/www.hautesvallees.com\/content\/themes\/theme_altimax\/dist\/img\/wordpress\/homepage\/prev.svg\"\/>\n                        <\/div>\n                        <div class=\"Activities-next __SwiperActivitiesNext69f30423cc6b5 swiper-button-next\">\n                            <img decoding=\"async\" class=\"Activities-next--svg svg\" data-no-lazy=\"1\"\n                                 src=\"https:\/\/www.hautesvallees.com\/content\/themes\/theme_altimax\/dist\/img\/wordpress\/homepage\/next.svg\"\/>\n                        <\/div>\n                        <div class=\"Activities-progressbar __SwiperActivitiesPagination69f30423cc6b5 swiper-pagination\"><\/div>\n                    <\/div>\n                <\/div>\n            <\/div>\n        <\/div>\n    \n\n\n\n<div class=\"GutText  GutContainer\">\n        <div class=\"GutText-inner\">\n            <div class=\"GutTitle Center\">\n                    <h2 class=\"GutTitle-title\">\n                                                        O\u00f9 se trouve le Pays de la Meije ? \n                            <\/h2>\n                    <\/div>\n                                        <div class=\"GutText-wysiwyg Content\">\n                    <p style=\"text-align: center;\" data-start=\"3083\" data-end=\"3274\">Le Pays de la Meije se situe dans les Hautes Vall\u00e9es &#8211; La Grave, la Clar\u00e9e, l&rsquo;Izoard, au pied de la <strong data-start=\"3151\" data-end=\"3169\">Meije (3983 m)<\/strong>, l\u2019un des sommets les plus impressionnants du massif des \u00c9crins.<\/p>\n<p style=\"text-align: center;\" data-start=\"3276\" data-end=\"3494\">Entre les Hautes-Alpes et l&rsquo;Oisans, cette r\u00e9gion alpine est travers\u00e9e par la vall\u00e9e de la Romanche et constitue l\u2019une des portes d\u2019entr\u00e9e du <strong data-start=\"3381\" data-end=\"3409\">Parc national des \u00c9crins<\/strong>, c\u00e9l\u00e8bre pour ses glaciers, ses paysages sauvages et sa biodiversit\u00e9 exceptionnelle.<\/p>\n\n                <\/div>\n                    <\/div>\n    <\/div>\n\n\n<div class=\"GutCol2  GutContainer\">\n        <div class=\"GutCol2-container\">\n\n            \n                                                                                                        <div class=\"GutCol2-wrap GutCol2-blocTexte Left\">\n                                <div class=\"GutCol2-blocTexte--inner\">\n                                                                            <div class=\"GutTitle Left\">\n                    <h2 class=\"GutTitle-title\">\n                                    <span class=\"GutTitle-surtitle\">La Grave<\/span>\n                                                        et ses hameaux\n                            <\/h2>\n                    <\/div>\n                                                                                                                <div class=\"GutCol2-intro\">Village mythique face \u00e0 la Meije<\/div>\n                                                                                                                <div class=\"GutCol2-text Content\">\n                                            <p>Depuis des si\u00e8cles, les habitants de La Grave ont fa\u00e7onn\u00e9 une civilisation alpine unique adapt\u00e9e aux d\u00e9fis de la haute montagne. La Grave offre <strong>une vue panoramique exceptionnelle<\/strong>, <strong>surplomb\u00e9e par le majestueux massif de la Meije<\/strong>. La Grave aurait jadis \u00e9t\u00e9 entour\u00e9e d&rsquo;une enceinte fortifi\u00e9e qui a aujourd&rsquo;hui enti\u00e8rement disparu.<br \/>\nLe bourg en a gard\u00e9 un tissu urbain tr\u00e8s serr\u00e9 comme l&rsquo;attestent les nombreuses ruelles dites \u00ab\u00a0trabuc\u00a0\u00bb, reliant les demeures entre elles.<\/p>\n<p>Le village, <strong>perch\u00e9 \u00e0 1500 m\u00e8tres d&rsquo;altitude<\/strong>, conserve un riche patrimoine. Les cinq hameaux des \u00ab\u00a0Traverses\u00a0\u00bb \u00e0 1800 m\u00e8tres d&rsquo;altitude, les Hi\u00e8res, Valfroide, Ventelon, les Terrasses, et <strong><a href=\"https:\/\/www.hautesvallees.com\/la-grave\/que-faire\/en-hiver\/station-village-du-chazelet\/\">le Chazelet (station de ski familiale)<\/a><\/strong>, offrent \u00e9galement des tr\u00e9sors patrimoniaux, notamment des maisons en pierre et des \u00e9glises orn\u00e9es de tuf&#8230;<\/p>\n<p>Le <strong><a href=\"https:\/\/www.hautesvallees.com\/la-grave\/que-faire\/telepheriques-des-glaciers-de-la-meije\/\" target=\"_blank\" rel=\"noopener\">T\u00e9l\u00e9ph\u00e9rique des Glaciers de la Meije<\/a> <\/strong>vous transporte dans les entrailles de la Haute Montagne \u00e0 3200m d&rsquo;altitude, au plus proche de la Meije.<\/p>\n<p style=\"text-align: center;\"><a class=\"Button-primary\" href=\"https:\/\/www.hautesvallees.com\/la-grave\/decouvrir\/le-pays-de-la-meije\/la-grave-ses-hameaux\/\">D\u00e9couvrir La Grave et ses hameaux<\/a><\/p>\n<p>&nbsp;<\/p>\n\n                                        <\/div>\n                                                                    <\/div>\n                            <\/div>\n                                                                                                                                                        <div class=\"GutCol2-wrap GutCol2-blocImage Right\">\n                                    <picture class=\"GutCol2-picture\">\n                                        <img decoding=\"async\" src=\"https:\/\/www.hautesvallees.com\/content\/uploads\/sites\/2\/2025\/01\/la-grave-alpesphotographies.com-64-1-1-scaled-1-510x710.jpg\"\n                                             alt=\"la-grave-alpesphotographies.com-64-1-1-scaled\" \/>\n                                    <\/picture>\n                                                                            <span class=\"GutCol2-credit\">\u00a9 Alpes Photographies<\/span>\n                                                                    <\/div>\n                                                                                            <\/div>\n    <\/div>\n\n\n<div class=\"GutCol2  GutContainer\">\n        <div class=\"GutCol2-container\">\n\n            \n                                                                                                                                        <div class=\"GutCol2-wrap GutCol2-blocImage Left\">\n                                    <picture class=\"GutCol2-picture\">\n                                        <img decoding=\"async\" src=\"https:\/\/www.hautesvallees.com\/content\/uploads\/sites\/2\/2025\/01\/ecrins-HD-ariane-fornia-itinera-magica-9041-scaled-1-510x710.jpg\"\n                                             alt=\"ecrins-HD-ariane-fornia-itinera-magica-9041-scaled\" \/>\n                                    <\/picture>\n                                                                            <span class=\"GutCol2-credit\">\u00a9 Itinera Magica<\/span>\n                                                                    <\/div>\n                                                                                                                                                    <div class=\"GutCol2-wrap GutCol2-blocTexte Right\">\n                                <div class=\"GutCol2-blocTexte--inner\">\n                                                                            <div class=\"GutTitle Left\">\n                    <h2 class=\"GutTitle-title\">\n                                    <span class=\"GutTitle-surtitle\">Villar d&#039;ar\u00e8ne<\/span>\n                                                        et ses hameaux\n                            <\/h2>\n                    <\/div>\n                                                                                                                <div class=\"GutCol2-intro\">Traditions montagnardes et nature pr\u00e9serv\u00e9e<\/div>\n                                                                                                                <div class=\"GutCol2-text Content\">\n                                            <p>Situ\u00e9 \u00e0 1650m d&rsquo;altitude, Villar d&rsquo;Ar\u00e8ne et ses hameaux, le Pied du Col et les Cours, pr\u00e9servent un patrimoine caract\u00e9ristique avec des maisons traditionnelles, des chapelles et des fontaines.<\/p>\n<p>Les romains appelaient ce dernier village avant le col du Lautaret\u00a0<em>Ar\u00e8nes sup\u00e9rieures<\/em>\u00a0en opposition aux\u00a0<em>Ar\u00e8nes\u00a0inf\u00e9rieures<\/em>, nom donn\u00e9 \u00e0 La Grave. En ayant rachet\u00e9 un certain nombre de libert\u00e9s au Dauphin\u00e9, les habitants se sont eux-m\u00eames nomm\u00e9s les \u00ab affranchis \u00bb, un nom mu\u00e9 en \u00ab Faranchins \u00bb avec le temps.<\/p>\n<p>La chapelle Saint-Antoine offre une vue magnifique, tandis que le parcours \u00ab\u00a0au fil des fontaines\u00a0\u00bb et le moulin-\u00e9comus\u00e9e sont des incontournables patrimoniaux pour les visiteurs. Le village, fid\u00e8le \u00e0 ses racines, reste un tr\u00e9sor montagnard pr\u00e9serv\u00e9, aux portes du <a href=\"https:\/\/www.ecrins-parcnational.fr\/\" target=\"_blank\" rel=\"noopener\">Parc national des \u00c9crins<\/a> sur la route du <a href=\"https:\/\/www.grand-tour-ecrins.fr\/trek\/963319-GR%C2%AE54---Tour-de-l-Oisans-et-des-Ecrins-depuis-La-Grave%2C-par-le-GR%C2%AE54C-et-les-variantes-alpines\" target=\"_blank\" rel=\"noopener\">GR54<\/a>.<\/p>\n<p>L&rsquo;hiver, on d\u00e9couvre ces coins oubli\u00e9s gr\u00e2ce <strong><a href=\"https:\/\/www.hautesvallees.com\/la-grave\/que-faire\/en-hiver\/domaine-nordique\/\">au Domaine Nordique<\/a> <\/strong>qui nous fait passer par les chemins de traverses.<\/p>\n<p style=\"text-align: center;\"><a class=\"Button-primary\" href=\"https:\/\/www.hautesvallees.com\/la-grave\/decouvrir\/le-pays-de-la-meije\/villar-darene\/\">En savoir plus sur Villar d&rsquo;Ar\u00e8ne<\/a><\/p>\n<p>&nbsp;<\/p>\n\n                                        <\/div>\n                                                                    <\/div>\n                            <\/div>\n                                                                <\/div>\n    <\/div>\n\n\n<div class=\"GutPushArticles BgColor GutContainer-full\">\n        <div class=\"GutPushArticles-container\">\n            <div class=\"GutTitle Left\">\n                    <h2 class=\"GutTitle-title\">\n                                    <span class=\"GutTitle-surtitle\">Pour aller <\/span>\n                                                        Plus loin\n                            <\/h2>\n                    <\/div>\n            <div class=\"GutPushArticles-inner GutPushArticles-slider\">\n                                    <div class=\"GutPushArticles-container  swiper __SwiperGutPushArticles \"  data-sliderid=\"69f30423d470b\" >\n                        <div class=\"GutPushArticles-list  swiper-wrapper \">\n                                                            <div class=\"GutPushArticles-wrap  swiper-slide \">\n                                                                            <picture class=\"GutPushArticles-picture\">\n                                            <img decoding=\"async\" src=\"https:\/\/www.hautesvallees.com\/content\/uploads\/sites\/2\/2025\/01\/Randonnee-parc-des-Ecrins-\u00a9-T.-Blais-5-optimise-web-1024x683-1-371x248.webp\"\n                                                 alt=\"Rando Parc des Ecrins\" \/>\n                                        <\/picture>\n                                                                        <div class=\"GutPushArticles-content\">\n                                                                                    <h2 class=\"GutPushArticles-title\">Parc National des \u00c9crins<\/h2>\n                                                                                                                                                                    <a class=\"Link\" href=\"https:\/\/www.hautesvallees.com\/la-grave\/decouvrir\/le-pays-de-la-meije\/parc-national-des-ecrins\/\">D\u00e9couvrir<\/a>\n                                                                            <\/div>\n                                <\/div>\n                                                            <div class=\"GutPushArticles-wrap  swiper-slide \">\n                                                                            <picture class=\"GutPushArticles-picture\">\n                                            <img decoding=\"async\" src=\"https:\/\/www.hautesvallees.com\/content\/uploads\/sites\/2\/2025\/01\/Col-du-Lautaret-Hiver-2022\u00a9M.Molinari-371x248.webp\"\n                                                 alt=\"Col-du-Lautaret-Hiver-2022\u00a9M.Molinari\" \/>\n                                        <\/picture>\n                                                                        <div class=\"GutPushArticles-content\">\n                                                                                    <h2 class=\"GutPushArticles-title\">Cols du Lautaret &amp; du Galibier<\/h2>\n                                                                                                                                                                    <a class=\"Link\" href=\"https:\/\/www.hautesvallees.com\/la-grave\/decouvrir\/le-pays-de-la-meije\/cols-du-lautaret-et-du-galibier\/\">D\u00e9couvrir<\/a>\n                                                                            <\/div>\n                                <\/div>\n                                                            <div class=\"GutPushArticles-wrap  swiper-slide \">\n                                                                            <picture class=\"GutPushArticles-picture\">\n                                            <img decoding=\"async\" src=\"https:\/\/www.hautesvallees.com\/content\/uploads\/sites\/2\/2025\/01\/Plateau-demparis-bivouac-nuit-etoilee-\u00a9T.Blais-35-1-1-371x248.jpg\"\n                                                 alt=\"Plateau-demparis-bivouac-nuit-etoilee-\u00a9T.Blais-35-1-1\" \/>\n                                        <\/picture>\n                                                                        <div class=\"GutPushArticles-content\">\n                                                                                    <h2 class=\"GutPushArticles-title\">Nos incontournables<\/h2>\n                                                                                                                                                                    <a class=\"Link\" href=\"https:\/\/www.hautesvallees.com\/la-grave\/decouvrir\/incontournables\/\">D\u00e9couvrir<\/a>\n                                                                            <\/div>\n                                <\/div>\n                                                            <div class=\"GutPushArticles-wrap  swiper-slide \">\n                                                                            <picture class=\"GutPushArticles-picture\">\n                                            <img decoding=\"async\" src=\"https:\/\/www.hautesvallees.com\/content\/uploads\/sites\/2\/2025\/01\/ecrins-HD-ariane-fornia-itinera-magica-9048-scaled-1-371x248.jpg\"\n                                                 alt=\"Villar d&#039;Ar\u00e8ne\" \/>\n                                        <\/picture>\n                                                                        <div class=\"GutPushArticles-content\">\n                                                                                    <h2 class=\"GutPushArticles-title\">Le patrimoine du Pays de la Meije<\/h2>\n                                                                                                                                                                    <a class=\"Link\" href=\"https:\/\/www.hautesvallees.com\/la-grave\/que-faire\/visite-patrimoine\/\">Patrimoine<\/a>\n                                                                            <\/div>\n                                <\/div>\n                                                    <\/div>\n                                                    <div class=\"GutPushArticles-bullets swiper-pagination __SwiperGutPushArticles_bullets __SwiperGutPushArticles_pagination\"><\/div>\n                            <div class=\"GutPushArticles-progressbar swiper-pagination __SwiperGutPushArticles_progressbar __SwiperGutPushArticles_pagination\"><\/div>\n                                            <\/div>\n                                            <div class=\"GutPushArticles-prev swiper-button-prev __SwiperGutPushArticles_prev_69f30423d470b\" tabindex=\"0\" role=\"button\" aria-label=\"Previous slide\"><\/div>\n                        <div class=\"GutPushArticles-next swiper-button-next __SwiperGutPushArticles_next_69f30423d470b\" tabindex=\"0\" role=\"button\" aria-label=\"Next slide\"><\/div>\n                                                <\/div>\n                    <\/div>\n    <\/div>\n\n\n<div class=\"GutCol2  GutContainer\">\n        <div class=\"GutCol2-container\">\n\n            <div class=\"GutTitle Left\">\n                    <h2 class=\"GutTitle-title\">\n                                    <span class=\"GutTitle-surtitle\">La Grave et Villar d&#039;Ar\u00e8ne, <\/span>\n                                                        village d&#039;alpinisme des \u00e9crins\n                            <\/h2>\n                    <\/div>\n\n                                                                                                                                        <div class=\"GutCol2-wrap GutCol2-blocImage Left\">\n                                    <picture class=\"GutCol2-picture\">\n                                        <img decoding=\"async\" src=\"https:\/\/www.hautesvallees.com\/content\/uploads\/sites\/2\/2025\/01\/Pic-de-La-Grave-Alpi-estivale-\u00a9T.Blais-13-scaled-1-664x480.jpg\"\n                                             alt=\"Pic-de-La-Grave-Alpi-estivale-\u00a9T.Blais-13-scaled\" \/>\n                                    <\/picture>\n                                                                            <span class=\"GutCol2-credit\">\u00a9 T. Blais<\/span>\n                                                                    <\/div>\n                                                                                                                                                    <div class=\"GutCol2-wrap GutCol2-blocTexte Right\">\n                                <div class=\"GutCol2-blocTexte--inner\">\n                                                                                                                <div class=\"GutCol2-intro\">Les Villages d\u2019Alpinisme des \u00c9crins sont des lieux de d\u00e9part historiques pour les grandes courses d\u2019alpinisme vers des sommets embl\u00e9matiques. Le groupe de sept sont : La Grave, Villar d\u2019Ar\u00e8ne, Mon\u00eatier-les-Bains, Vallouise-Pelvoux, La Chapelle-en-Valgaudemar, Saint-Christophe-en-Oisans et Valjouffrey.\r\n<\/div>\n                                                                                                                <div class=\"GutCol2-text Content\">\n                                            <p>En 2021, <strong>sept villages dans le massif des \u00c9crins<\/strong> ont lanc\u00e9 une initiative commune\u00a0: cr\u00e9er un <strong>club Villages d\u2019Alpinisme<\/strong> et \u00e9tablir une charte de valeurs partag\u00e9es. Les Villages d\u2019Alpinisme des \u00c9crins se sont inspir\u00e9s des \u00ab\u00a0Bergsteigerd\u00f6rfer\u00a0\u00bb, label cr\u00e9\u00e9 en Autriche en 2008 et rayonnant ensuite vers l\u2019Allemagne, l\u2019Italie, la Slov\u00e9nie et la Suisse.<\/p>\n<p style=\"text-align: center;\"><em>Venir dans un village d\u2019alpinisme, c\u2019est un peu se d\u00e9connecter de la soci\u00e9t\u00e9 et se reconnecter \u00e0 la nature en montagne.<\/em><\/p>\n<p>&nbsp;<\/p>\n<p style=\"text-align: center;\"><a class=\"Button-primary\" href=\"https:\/\/www.hautesvallees.com\/la-grave\/decouvrir\/le-pays-de-la-meije\/villages-dalpinisme\/\">D\u00e9couvrir<\/a><\/p>\n<p>&nbsp;<\/p>\n\n                                        <\/div>\n                                                                    <\/div>\n                            <\/div>\n                                                                <\/div>\n    <\/div>\n\n\n","protected":false},"excerpt":{"rendered":"","protected":false},"author":7,"featured_media":1201,"parent":905,"menu_order":0,"comment_status":"closed","ping_status":"closed","template":"","meta":{"_acf_changed":false,"footnotes":""},"class_list":["post-913","page","type-page","status-publish","has-post-thumbnail","hentry"],"acf":[],"_links":{"self":[{"href":"https:\/\/www.hautesvallees.com\/la-grave\/wp-json\/wp\/v2\/pages\/913","targetHints":{"allow":["GET"]}}],"collection":[{"href":"https:\/\/www.hautesvallees.com\/la-grave\/wp-json\/wp\/v2\/pages"}],"about":[{"href":"https:\/\/www.hautesvallees.com\/la-grave\/wp-json\/wp\/v2\/types\/page"}],"author":[{"embeddable":true,"href":"https:\/\/www.hautesvallees.com\/la-grave\/wp-json\/wp\/v2\/users\/7"}],"replies":[{"embeddable":true,"href":"https:\/\/www.hautesvallees.com\/la-grave\/wp-json\/wp\/v2\/comments?post=913"}],"version-history":[{"count":21,"href":"https:\/\/www.hautesvallees.com\/la-grave\/wp-json\/wp\/v2\/pages\/913\/revisions"}],"predecessor-version":[{"id":39924,"href":"https:\/\/www.hautesvallees.com\/la-grave\/wp-json\/wp\/v2\/pages\/913\/revisions\/39924"}],"up":[{"embeddable":true,"href":"https:\/\/www.hautesvallees.com\/la-grave\/wp-json\/wp\/v2\/pages\/905"}],"wp:featuredmedia":[{"embeddable":true,"href":"https:\/\/www.hautesvallees.com\/la-grave\/wp-json\/wp\/v2\/media\/1201"}],"wp:attachment":[{"href":"https:\/\/www.hautesvallees.com\/la-grave\/wp-json\/wp\/v2\/media?parent=913"}],"curies":[{"name":"wp","href":"https:\/\/api.w.org\/{rel}","templated":true}]}}