{"id":904,"date":"2025-01-22T09:42:59","date_gmt":"2025-01-22T08:42:59","guid":{"rendered":"https:\/\/www.hautesvallees.com\/la-grave\/?page_id=904"},"modified":"2025-12-30T12:00:55","modified_gmt":"2025-12-30T11:00:55","slug":"webcam","status":"publish","type":"page","link":"https:\/\/www.hautesvallees.com\/la-grave\/webcam\/","title":{"rendered":"WEBCAMS \u00e0 La Grave"},"content":{"rendered":"<div class=\"GutText  GutContainer\">\n        <div class=\"GutText-inner\">\n                                        <div class=\"GutText-intro Center\">Consultez les webcams en direct \u00e0 La Grave, Villar d\u2019Ar\u00e8ne et au col du Lautaret pour suivre en temps r\u00e9el la m\u00e9t\u00e9o, les conditions d\u2019enneigement et la visibilit\u00e9 en montagne. Ces images vous permettent de pr\u00e9parer au mieux vos sorties ski, randonn\u00e9es ou excursions dans le Pays de la Meije.<\/div>\n                                        <div class=\"GutText-wysiwyg Content\">\n                    <div id=\"c2869\" class=\"frame frame-default frame-type-textpic frame-layout-0\">\n<div class=\"ce-textpic ce-center ce-above\">\n<div class=\"ce-bodytext\">\n<h5 style=\"text-align: center;\">Webcam du col des Ruillans \u2013 Glacier de la Girose<\/h5>\n<p style=\"text-align: center;\">Situ\u00e9e \u00e0 la <strong data-start=\"623\" data-end=\"669\">gare d\u2019arriv\u00e9e du t\u00e9l\u00e9ph\u00e9rique de La Grave<\/strong>, la webcam du <strong data-start=\"684\" data-end=\"704\">col des Ruillans<\/strong> offre une vue spectaculaire sur le <strong data-start=\"740\" data-end=\"764\">glacier de la Girose<\/strong>, l\u2019un des plus vastes glaciers de France.<br data-start=\"806\" data-end=\"809\" \/>En hiver, ce site mythique est le point de d\u00e9part de nombreuses <strong data-start=\"873\" data-end=\"902\">descentes en ski freeride<\/strong>. En \u00e9t\u00e9, il permet d\u2019admirer un <strong data-start=\"935\" data-end=\"960\">panorama exceptionnel<\/strong> et d\u2019acc\u00e9der facilement \u00e0 un environnement glaciaire unique.<\/p>\n<h5 style=\"text-align: center;\" data-start=\"1023\" data-end=\"1074\">Webcam de Peyrou d\u2019Amont \u2013 2 400 m d\u2019altitude<\/h5>\n<p style=\"text-align: center;\" data-start=\"1075\" data-end=\"1318\">\u00c0 la <strong data-start=\"1080\" data-end=\"1120\">gare interm\u00e9diaire de Peyrou d\u2019Amont<\/strong>, \u00e0 2 400 m\u00e8tres d\u2019altitude, la webcam d\u00e9voile une vue imprenable sur <strong data-start=\"1190\" data-end=\"1202\">la Meije<\/strong>, sommet embl\u00e9matique des Alpes. Une perspective id\u00e9ale pour appr\u00e9cier les conditions m\u00e9t\u00e9o et la majest\u00e9 du massif.<\/p>\n<h5 style=\"text-align: center;\" data-start=\"1320\" data-end=\"1366\">Webcam secteur d\u2019Arsine \u2013 Villar d\u2019Ar\u00e8ne<\/h5>\n<p style=\"text-align: center;\" data-start=\"1367\" data-end=\"1649\">Sur le <strong data-start=\"1374\" data-end=\"1411\">secteur d\u2019Arsine \u2013 Villar d\u2019Ar\u00e8ne<\/strong>, au pied du <strong data-start=\"1424\" data-end=\"1443\">col du Lautaret<\/strong>, la webcam permet d\u2019observer le <strong data-start=\"1476\" data-end=\"1493\">site nordique<\/strong> et son environnement naturel pr\u00e9serv\u00e9. En \u00e9t\u00e9, ce secteur constitue un <strong data-start=\"1565\" data-end=\"1615\">point de d\u00e9part privil\u00e9gi\u00e9 pour les randonn\u00e9es<\/strong> dans le Parc national des \u00c9crins.<\/p>\n<h5 style=\"text-align: center;\" data-start=\"1651\" data-end=\"1682\">Webcam du col du Galibier<\/h5>\n<p style=\"text-align: center;\" data-start=\"1683\" data-end=\"1955\">Prolongez l\u2019exp\u00e9rience en consultant la webcam du <strong data-start=\"1733\" data-end=\"1752\">col du Galibier<\/strong>, l\u2019un des <strong data-start=\"1763\" data-end=\"1812\">cols les plus embl\u00e9matiques du Tour de France<\/strong>. Elle offre une vue spectaculaire sur les paysages d\u2019altitude et permet de suivre les conditions de circulation et de m\u00e9t\u00e9o en haute montagne.<\/p>\n<\/div>\n<\/div>\n<\/div>\n\n                <\/div>\n                    <\/div>\n    <\/div>\n\n\n<div class=\"Iframe  GutContainer\">\n        <div class=\"GutTitle Center\">\n                    <h2 class=\"GutTitle-title\">\n                                                        Webcam &#8211; Col des ruillans &#8211; 3200m\n                            <\/h2>\n                    <\/div>\n        <iframe class=\"Iframe-content\"\n                src=\"https:\/\/www.skaping.com\/lagrave\/3200m\"\n                            frameborder=\"0\"\n                allowfullscreen=\"true\"\n                webkitallowfullscreen=\"true\"\n                mozallowfullscreen=\"true\"\n                loading=\"lazy\"\n                    ><\/iframe>\n    <\/div>\n\n\n<div class=\"Iframe  GutContainer\">\n        <div class=\"GutTitle Center\">\n                    <h2 class=\"GutTitle-title\">\n                                                        Webcam &#8211; Gare de Peyrou d&#039;Amont &#8211; 2416m\n                            <\/h2>\n                    <\/div>\n        <iframe class=\"Iframe-content\"\n                src=\"https:\/\/www.skaping.com\/lagrave\/2400m\"\n                            frameborder=\"0\"\n                allowfullscreen=\"true\"\n                webkitallowfullscreen=\"true\"\n                mozallowfullscreen=\"true\"\n                loading=\"lazy\"\n                    ><\/iframe>\n    <\/div>\n\n\n<div class=\"Iframe  GutContainer\">\n        <div class=\"GutTitle Center\">\n                    <h2 class=\"GutTitle-title\">\n                                                        Webcam &#8211; H\u00f4tel Castillan\n                            <\/h2>\n                    <\/div>\n        <iframe class=\"Iframe-content\"\n                src=\"https:\/\/www.skaping.com\/la-grave\/hotel-castillan\"\n                            frameborder=\"0\"\n                allowfullscreen=\"true\"\n                webkitallowfullscreen=\"true\"\n                mozallowfullscreen=\"true\"\n                loading=\"lazy\"\n                    ><\/iframe>\n    <\/div>\n\n\n<div class=\"Iframe  GutContainer\">\n        <div class=\"GutTitle Center\">\n                    <h2 class=\"GutTitle-title\">\n                                                        Webcam &#8211; Domaine nordique de Villar d&#039;Ar\u00e8ne\n                            <\/h2>\n                    <\/div>\n        <iframe class=\"Iframe-content\"\n                src=\"https:\/\/www.skaping.com\/villar-d-arene\/arsine\"\n                            frameborder=\"0\"\n                allowfullscreen=\"true\"\n                webkitallowfullscreen=\"true\"\n                mozallowfullscreen=\"true\"\n                loading=\"lazy\"\n                    ><\/iframe>\n    <\/div>\n\n\n<div class=\"Iframe  GutContainer\">\n        <div class=\"GutTitle Center\">\n                    <h2 class=\"GutTitle-title\">\n                                                        Webcam &#8211; Galibier \n                            <\/h2>\n                    <\/div>\n        <iframe class=\"Iframe-content\"\n                src=\"https:\/\/www.skaping.com\/jardin-du-lautaret\/galibier\/\"\n                            frameborder=\"0\"\n                allowfullscreen=\"true\"\n                webkitallowfullscreen=\"true\"\n                mozallowfullscreen=\"true\"\n                loading=\"lazy\"\n                    ><\/iframe>\n    <\/div>\n\n\n<div class=\"GutPushArticles BgColor GutContainer-full\">\n        <div class=\"GutPushArticles-container\">\n            <div class=\"GutTitle Left\">\n                    <h2 class=\"GutTitle-title\">\n                                                        Pr\u00e9parez votre sortie en toute s\u00e9curit\u00e9\n                            <\/h2>\n                    <\/div>\n            <div class=\"GutPushArticles-inner \">\n                                    <div class=\"GutPushArticles-container \" >\n                        <div class=\"GutPushArticles-list \">\n                                                            <div class=\"GutPushArticles-wrap \">\n                                                                            <picture class=\"GutPushArticles-picture\">\n                                            <img decoding=\"async\" src=\"https:\/\/www.hautesvallees.com\/content\/uploads\/sites\/2\/2025\/01\/Hiver-Famille-_-alpesphotogrphies.com-17-371x248.jpg\"\n                                                 alt=\"M\u00e9t\u00e9o montagne izoard\" \/>\n                                        <\/picture>\n                                                                        <div class=\"GutPushArticles-content\">\n                                                                                    <h2 class=\"GutPushArticles-title\">M\u00e9t\u00e9o \u00e0 La Grave et Villar d&rsquo;Ar\u00e8ne<\/h2>\n                                                                                                                                                                    <a class=\"Link\" href=\"https:\/\/www.hautesvallees.com\/la-grave\/meteo\/\" >M\u00e9t\u00e9o<\/a>\n                                                                            <\/div>\n                                <\/div>\n                                                            <div class=\"GutPushArticles-wrap \">\n                                                                            <picture class=\"GutPushArticles-picture\">\n                                            <img decoding=\"async\" src=\"https:\/\/www.hautesvallees.com\/content\/uploads\/sites\/2\/2025\/11\/1.Lautaret-hiver-T.Poinas-3-1-371x248.jpg\"\n                                                 alt=\"1.Lautaret hiver - T.Poinas (3)\" \/>\n                                        <\/picture>\n                                                                        <div class=\"GutPushArticles-content\">\n                                                                                    <h2 class=\"GutPushArticles-title\">Bulletin des Risques d&rsquo;avalanche<\/h2>\n                                                                                                                                                                    <a class=\"Link\" href=\"https:\/\/meteofrance.com\/meteo-montagne\/alpes-du-nord\/risques-avalanche\" target=\"_blank\" rel=\"noopener\">BRA Massif de l&#039;Oisans<\/a>\n                                                                            <\/div>\n                                <\/div>\n                                                            <div class=\"GutPushArticles-wrap \">\n                                                                            <picture class=\"GutPushArticles-picture\">\n                                            <img decoding=\"async\" src=\"https:\/\/www.hautesvallees.com\/content\/uploads\/sites\/2\/2025\/01\/Lautaret_Galibier_HD\u00a9AgenceKros_RemiFabregue-26-371x248.jpg\"\n                                                 alt=\"Col du Galibier_HD \u00a9AgenceKros Remi Fabregue\" \/>\n                                        <\/picture>\n                                                                        <div class=\"GutPushArticles-content\">\n                                                                                    <h2 class=\"GutPushArticles-title\">INFOS ROUTE<\/h2>\n                                                                                                                                                                    <a class=\"Link\" href=\"https:\/\/inforoute.hautes-alpes.fr\/www\/index.html\" target=\"_blank\" rel=\"noopener\">Infos route Hautes-Alpes<\/a>\n                                                                            <\/div>\n                                <\/div>\n                                                    <\/div>\n                                            <\/div>\n                                                <\/div>\n                    <\/div>\n    <\/div>\n\n\n<div class=\"Activities\">\n            <div class=\"Activities-container\">\n                <div class=\"Activities-content\">\n                                                                    <h2 class=\"Activities-content--title\">Organisez votre s\u00e9jour \u00e0 La Grave<\/h2>\n                                                            <div class=\"Activities-content--taglist\">\n                                                    <span class=\"Activities-content--tag __activitiesTag69f74b32190b7\">H\u00e9bergements <\/span>\n                                                    <span class=\"Activities-content--tag __activitiesTag69f74b32190b7\">Les restaurants<\/span>\n                                                    <span class=\"Activities-content--tag __activitiesTag69f74b32190b7\">Commerces et services<\/span>\n                                                    <span class=\"Activities-content--tag __activitiesTag69f74b32190b7\">Produits locaux<\/span>\n                                                    <span class=\"Activities-content--tag __activitiesTag69f74b32190b7\">Activit\u00e9s d&#039;\u00e9t\u00e9<\/span>\n                                                    <span class=\"Activities-content--tag __activitiesTag69f74b32190b7\">Activit\u00e9s d&#039;hiver<\/span>\n                                                    <span class=\"Activities-content--tag __activitiesTag69f74b32190b7\">Agenda des animations<\/span>\n                                            <\/div>\n                                    <\/div>\n                <div class=\"Activities-swiper swiper __SwiperActivities\" data-sliderid=\"69f74b32190b7\">\n                    <ul class=\"Activities-list swiper-wrapper\">\n                                                                                    <li class=\"NewsTile swiper-slide\">\n                                    <a class=\"NewsTile-link\" href=\"https:\/\/www.hautesvallees.com\/la-grave\/se-loger\/tous-les-hebergements\/\" title=\"H\u00e9bergements \">\n                                        <picture class=\"NewsTile-picture\">\n                                            <img decoding=\"async\" class=\"NewsTile-img\" src=\"https:\/\/www.hautesvallees.com\/content\/uploads\/sites\/2\/2025\/06\/Tour-des-Aiguilles-DArves-Refuge-lac-du-Goleon-et-cruq-des-aiguilles-\u00a9T.Blais-88-410x550.jpg\"\n                                                 alt=\"Tour des Aiguilles D&#039;Arves - Refuge lac du Gol\u00e9on et cruq des aiguilles \u00a9T.Blais ( (88)\" loading=\"lazy\"\/>\n                                        <\/picture>\n                                                                                <h2 class=\"NewsTile-title\">H\u00e9bergements <\/h2>\n                                                                                                                            <span class=\"NewsTile-link--read Link-primary\">\n                                                Voir les h\u00e9bergements\n                                            <\/span>\n                                                                            <\/a>\n                                <\/li>\n                                                                                                                <li class=\"NewsTile swiper-slide\">\n                                    <a class=\"NewsTile-link\" href=\"https:\/\/www.hautesvallees.com\/la-grave\/sur-place\/restaurants\/\" title=\"Les restaurants\">\n                                        <picture class=\"NewsTile-picture\">\n                                            <img decoding=\"async\" class=\"NewsTile-img\" src=\"https:\/\/www.hautesvallees.com\/content\/uploads\/sites\/2\/2025\/01\/Restaurant-Castillan-assiettes-\u00a9Florian-Godfroid-12-1-410x550.jpg\"\n                                                 alt=\"Restaurant-Castillan-assiettes-\u00a9Florian-Godfroid-12-1\" loading=\"lazy\"\/>\n                                        <\/picture>\n                                                                                <h2 class=\"NewsTile-title\">Les restaurants<\/h2>\n                                                                                                                            <span class=\"NewsTile-link--read Link-primary\">\n                                                Voir les restaurants\n                                            <\/span>\n                                                                            <\/a>\n                                <\/li>\n                                                                                                                <li class=\"NewsTile swiper-slide\">\n                                    <a class=\"NewsTile-link\" href=\"https:\/\/www.hautesvallees.com\/la-grave\/sur-place\/commerces-services\/\" title=\"Commerces et services\">\n                                        <picture class=\"NewsTile-picture\">\n                                            <img decoding=\"async\" class=\"NewsTile-img\" src=\"https:\/\/www.hautesvallees.com\/content\/uploads\/sites\/2\/2025\/01\/girl-4181395_1280-410x550.jpg\"\n                                                 alt=\"Commerces et services - Pixabay\" loading=\"lazy\"\/>\n                                        <\/picture>\n                                                                                <h2 class=\"NewsTile-title\">Commerces et services<\/h2>\n                                                                                                                            <span class=\"NewsTile-link--read Link-primary\">\n                                                Voir les commerces\n                                            <\/span>\n                                                                            <\/a>\n                                <\/li>\n                                                                                                                <li class=\"NewsTile swiper-slide\">\n                                    <a class=\"NewsTile-link\" href=\"https:\/\/www.hautesvallees.com\/la-grave\/sur-place\/consommer-local\/\" title=\"Produits locaux\">\n                                        <picture class=\"NewsTile-picture\">\n                                            <img decoding=\"async\" class=\"NewsTile-img\" src=\"https:\/\/www.hautesvallees.com\/content\/uploads\/sites\/2\/2025\/02\/La-ferme-des-molieres-410x550.jpg\"\n                                                 alt=\"La ferme des moli\u00e8res \u00a9C.M Gaillard\" loading=\"lazy\"\/>\n                                        <\/picture>\n                                                                                <h2 class=\"NewsTile-title\">Produits locaux<\/h2>\n                                                                                                                            <span class=\"NewsTile-link--read Link-primary\">\n                                                Voir les producteurs\n                                            <\/span>\n                                                                            <\/a>\n                                <\/li>\n                                                                                                                <li class=\"NewsTile swiper-slide\">\n                                    <a class=\"NewsTile-link\" href=\"https:\/\/www.hautesvallees.com\/la-grave\/que-faire\/en-ete\/\" title=\"Activit\u00e9s d&#039;\u00e9t\u00e9\">\n                                        <picture class=\"NewsTile-picture\">\n                                            <img decoding=\"async\" class=\"NewsTile-img\" src=\"https:\/\/www.hautesvallees.com\/content\/uploads\/sites\/2\/2025\/06\/Tour-des-Aiguilles-DArves-Col-du-Goleon-\u00a9T.Blais-29-410x550.jpg\"\n                                                 alt=\"Tour des Aiguilles D&#039;Arves - Col du Gol\u00e9on \u00a9T.Blais (29)\" loading=\"lazy\"\/>\n                                        <\/picture>\n                                                                                <h2 class=\"NewsTile-title\">Activit\u00e9s d&rsquo;\u00e9t\u00e9<\/h2>\n                                                                                                                            <span class=\"NewsTile-link--read Link-primary\">\n                                                Voir les activit\u00e9s\n                                            <\/span>\n                                                                            <\/a>\n                                <\/li>\n                                                                                                                <li class=\"NewsTile swiper-slide\">\n                                    <a class=\"NewsTile-link\" href=\"https:\/\/www.hautesvallees.com\/la-grave\/que-faire\/en-hiver\/\" title=\"Activit\u00e9s d&#039;hiver\">\n                                        <picture class=\"NewsTile-picture\">\n                                            <img decoding=\"async\" class=\"NewsTile-img\" src=\"https:\/\/www.hautesvallees.com\/content\/uploads\/sites\/2\/2025\/03\/Refuge-du-Goleon-et-pic-du-Goleon-ski-de-rando-hiver-T.Blais-15-410x550.jpg\"\n                                                 alt=\"Itin\u00e9raires de ski de randonn\u00e9e - Refuge du Gol\u00e9on et pic du Gol\u00e9on, ski de rando, hiver - T.Blais\" loading=\"lazy\"\/>\n                                        <\/picture>\n                                                                                <h2 class=\"NewsTile-title\">Activit\u00e9s d&rsquo;hiver<\/h2>\n                                                                                                                            <span class=\"NewsTile-link--read Link-primary\">\n                                                Voir les activit\u00e9s\n                                            <\/span>\n                                                                            <\/a>\n                                <\/li>\n                                                                                                                <li class=\"NewsTile swiper-slide\">\n                                    <a class=\"NewsTile-link\" href=\"https:\/\/www.hautesvallees.com\/la-grave\/agenda\/\" title=\"Agenda des animations\">\n                                        <picture class=\"NewsTile-picture\">\n                                            <img decoding=\"async\" class=\"NewsTile-img\" src=\"https:\/\/www.hautesvallees.com\/content\/uploads\/sites\/2\/2025\/01\/Derby-de-la-meije-2024-133-\u00a9T.Blais-67-410x550.jpg\"\n                                                 alt=\"Derby de la meije 2024-133 \u00a9T.Blais (67)\" loading=\"lazy\"\/>\n                                        <\/picture>\n                                                                                <h2 class=\"NewsTile-title\">Agenda des animations<\/h2>\n                                                                                                                            <span class=\"NewsTile-link--read Link-primary\">\n                                                Voir les activit\u00e9s\n                                            <\/span>\n                                                                            <\/a>\n                                <\/li>\n                                                                        <\/ul>\n                    <div class=\"Activities-swiper--bottom\">\n                        <div class=\"Activities-prev __SwiperActivitiesPrev69f74b32190b7 swiper-button-prev\">\n                            <img decoding=\"async\" class=\"Activities-prev--svg svg\" data-no-lazy=\"1\"\n                                 src=\"https:\/\/www.hautesvallees.com\/content\/themes\/theme_altimax\/dist\/img\/wordpress\/homepage\/prev.svg\"\/>\n                        <\/div>\n                        <div class=\"Activities-next __SwiperActivitiesNext69f74b32190b7 swiper-button-next\">\n                            <img decoding=\"async\" class=\"Activities-next--svg svg\" data-no-lazy=\"1\"\n                                 src=\"https:\/\/www.hautesvallees.com\/content\/themes\/theme_altimax\/dist\/img\/wordpress\/homepage\/next.svg\"\/>\n                        <\/div>\n                        <div class=\"Activities-progressbar __SwiperActivitiesPagination69f74b32190b7 swiper-pagination\"><\/div>\n                    <\/div>\n                <\/div>\n            <\/div>\n        <\/div>\n    ","protected":false},"excerpt":{"rendered":"","protected":false},"author":1,"featured_media":1078,"parent":0,"menu_order":4,"comment_status":"closed","ping_status":"closed","template":"","meta":{"_acf_changed":false,"footnotes":""},"class_list":["post-904","page","type-page","status-publish","has-post-thumbnail","hentry"],"acf":[],"_links":{"self":[{"href":"https:\/\/www.hautesvallees.com\/la-grave\/wp-json\/wp\/v2\/pages\/904","targetHints":{"allow":["GET"]}}],"collection":[{"href":"https:\/\/www.hautesvallees.com\/la-grave\/wp-json\/wp\/v2\/pages"}],"about":[{"href":"https:\/\/www.hautesvallees.com\/la-grave\/wp-json\/wp\/v2\/types\/page"}],"author":[{"embeddable":true,"href":"https:\/\/www.hautesvallees.com\/la-grave\/wp-json\/wp\/v2\/users\/1"}],"replies":[{"embeddable":true,"href":"https:\/\/www.hautesvallees.com\/la-grave\/wp-json\/wp\/v2\/comments?post=904"}],"version-history":[{"count":15,"href":"https:\/\/www.hautesvallees.com\/la-grave\/wp-json\/wp\/v2\/pages\/904\/revisions"}],"predecessor-version":[{"id":26653,"href":"https:\/\/www.hautesvallees.com\/la-grave\/wp-json\/wp\/v2\/pages\/904\/revisions\/26653"}],"wp:featuredmedia":[{"embeddable":true,"href":"https:\/\/www.hautesvallees.com\/la-grave\/wp-json\/wp\/v2\/media\/1078"}],"wp:attachment":[{"href":"https:\/\/www.hautesvallees.com\/la-grave\/wp-json\/wp\/v2\/media?parent=904"}],"curies":[{"name":"wp","href":"https:\/\/api.w.org\/{rel}","templated":true}]}}