{"id":960,"date":"2024-05-14T17:11:10","date_gmt":"2024-05-14T15:11:10","guid":{"rendered":"https:\/\/www.hautesvallees.com\/la-claree\/?page_id=960"},"modified":"2026-01-21T16:06:41","modified_gmt":"2026-01-21T15:06:41","slug":"navettes-vallee-de-la-claree","status":"publish","type":"page","link":"https:\/\/www.hautesvallees.com\/la-claree\/acces\/navettes-vallee-de-la-claree\/","title":{"rendered":"Navettes vall\u00e9e de la Clar\u00e9e"},"content":{"rendered":"<div class=\"GutText  GutContainer\">\n        <div class=\"GutText-inner\">\n            <div class=\"GutTitle Center\">\n                    <h2 class=\"GutTitle-title\">\n                                                        Navettes estivales en Clar\u00e9e\n                            <\/h2>\n                    <\/div>\n                            <div class=\"GutText-intro Center\">Ensemble, pr\u00e9servons l&rsquo;air pur et la beaut\u00e9 de la nature<\/div>\n                                        <div class=\"GutText-wysiwyg Content\">\n                    <h4 style=\"text-align: center\"><strong>Navettes vall\u00e9e de la Clar\u00e9e 2026 : <\/strong><\/h4>\n<h4 style=\"text-align: center\"><strong>du 04 juillet au 30 ao\u00fbt 2026<\/strong><\/h4>\n<p style=\"text-align: left\">Chaque \u00e9t\u00e9, la route de la haute Clar\u00e9e est <strong>ferm\u00e9e \u00e0 la circulation :<\/strong><\/p>\n<ul>\n<li style=\"text-align: left\">aux <strong>v\u00e9hicules l\u00e9gers<\/strong> dans le sens montant de <strong>8h30 \u00e0 18h<\/strong><\/li>\n<li style=\"text-align: left\">aux <strong>camping-cars<\/strong> et v\u00e9hicules tractant une <strong>caravane<\/strong> de <strong>8h30 \u00e0 18h<\/strong> jusqu&rsquo;\u00e0 Fontcouverte.<\/li>\n<li style=\"text-align: left\">aux camping-cars et v\u00e9hicules tractant une caravanes <strong>7j\/7<\/strong> de Fontcouverte \u00e0 Laval<\/li>\n<\/ul>\n<p class=\"text-justify\" style=\"text-align: left\"><strong><a href=\"https:\/\/www.hautesvallees.com\/la-claree\/sur-place\/infos-pratiques\/\">\u00a0R\u00e9glementation sp\u00e9cifique pour les camping-cars et caravanes<\/a><\/strong><\/p>\n<p class=\"text-justify\" style=\"text-align: left\">Un parking gratuit est disponible \u00e0 Roubion, \u00e0 l\u2019entr\u00e9e de N\u00e9vache. Vous pouvez y stationner la journ\u00e9e et emprunter ensuite la navette gratuite desservant Ville-Haute.<br \/>\nA Ville-Haute, vous aurez la billetterie et le d\u00e9part pour les navettes de la haute vall\u00e9e.<\/p>\n\n                <\/div>\n                    <\/div>\n    <\/div>\n\n\n<div class=\"GutCol2  GutContainer\">\n        <div class=\"GutCol2-container\">\n\n            <div class=\"GutTitle Center\">\n                    <h2 class=\"GutTitle-title\">\n                                    <span class=\"GutTitle-surtitle\">Informations sur la <\/span>\n                                                        circulation des navettes\n                            <\/h2>\n                    <\/div>\n\n                                                                                                        <div class=\"GutCol2-wrap GutCol2-blocTexte Left\">\n                                <div class=\"GutCol2-blocTexte--inner\">\n                                                                            <div class=\"GutTitle Left\">\n                    <h2 class=\"GutTitle-title\">\n                                                        Horaires \n                            <\/h2>\n                    <\/div>\n                                                                                                                                                    <div class=\"GutCol2-text Content\">\n                                            <p><strong>Voici quelques informations sur les horaires des navettes vall\u00e9e de la Clar\u00e9e :<\/strong><\/p>\n<h5><strong>Roubion &gt;&gt; Ville-Haute\u00a0<\/strong><\/h5>\n<p>Service continu de la ligne N3 entre le Roubion et Ville-Haute<\/p>\n<h5>Ville-Haute &gt;&gt; Laval<\/h5>\n<ul>\n<li>1<sup>er<\/sup> d\u00e9part de Ville-Haute &#8211; N\u00e9vache \u00e0 7h45<\/li>\n<li>Dernier d\u00e9part Ville-Haute &#8211; N\u00e9vache : 18h25<\/li>\n<li>Dernier retour de Laval : 19h<\/li>\n<li>Dernier retour de Ville-Haute &#8211; N\u00e9vache : 19h25<\/li>\n<\/ul>\n<p><em><strong>Temps d&rsquo;attente\u00a0<\/strong><\/em><em>maximum aux arr\u00eats : entre 11 et 24 minutes en fonction de la p\u00e9riode.<br \/>\nInterruption de service entre 12h et 14h.\u00a0\u00a0<\/em><\/p>\n<p><em><strong>Les chiens<\/strong>\u00a0sont accept\u00e9s \u00e0 condition d\u2019\u00eatre tenus en laisse et musel\u00e9s, pour la s\u00e9curit\u00e9 des voyageurs.<\/em><\/p>\n<p>&nbsp;<\/p>\n<p>&nbsp;<\/p>\n\n                                        <\/div>\n                                                                    <\/div>\n                            <\/div>\n                                                                                                                        <div class=\"GutCol2-wrap GutCol2-blocTexte Right\">\n                                <div class=\"GutCol2-blocTexte--inner\">\n                                                                            <div class=\"GutTitle Left\">\n                    <h2 class=\"GutTitle-title\">\n                                                        Tarifs \n                            <\/h2>\n                    <\/div>\n                                                                                                                                                    <div class=\"GutCol2-text Content\">\n                                            <div id=\"c6732\" class=\"frame frame-default frame-type-textpic frame-layout-0\">\n<div class=\"ce-textpic ce-left ce-intext\">\n<div class=\"ce-bodytext\">\n<p><strong>Trajet simple :\u00a0<\/strong>8\u20ac adultes \/ 6\u20ac enfants (de 6 \u00e0 &#8211; de 12 ans)<\/p>\n<p><strong>Pass journ\u00e9e :\u00a0<\/strong>12\u20ac<\/p>\n<p><strong>Pass journ\u00e9e famille :\u00a0<\/strong>38\u20ac<\/p>\n<p class=\"title text-center\"><strong><em>\u00c0 savoir :<\/em><\/strong><em> la vente de billet se fera uniquement au Parking de Ville-Haute et sur la boutique en ligne.<br \/>\nVous pourrez stationner au parking du Roubion, puis prendre une navette gratuite pour vous rendre au d\u00e9part des navettes de la haute vall\u00e9e de la Clar\u00e9e<\/em><\/p>\n<p>Des d\u00e9parts sont possible depuis Brian\u00e7on avec <a href=\"https:\/\/www.hautesvallees.com\/la-claree\/acces\/venir-en-claree\/\"><strong>la Ligne 7<\/strong><\/a><\/p>\n<\/div>\n<\/div>\n<p>&nbsp;<\/p>\n<\/div>\n\n                                        <\/div>\n                                                                    <\/div>\n                            <\/div>\n                                                                <\/div>\n    <\/div>\n\n\n<div class=\"ScriptJS BgColor GutContainer-full\">\n        <div class=\"GutTitle Center\">\n                    <h2 class=\"GutTitle-title\">\n                                    <span class=\"GutTitle-surtitle\">R\u00e9server en ligne<\/span>\n                                                        Les navettes de la haute vall\u00e9e de la Clar\u00e9e\n                            <\/h2>\n                    <\/div>\n        <div class=\"ScriptJS-content\">\n            \r\n\r\n<div class=\"easyloisirs_module\" data-hash=\"1daaafa5cb24e241fa592509711f7a21c32d5288\"><\/div>\n        <\/div>\n    <\/div>\n\n\n<div class=\"GutText  GutContainer\">\n        <div class=\"GutText-inner\">\n                                                    <div class=\"GutText-wysiwyg Content\">\n                    <h2 style=\"text-align: center\"><a class=\"Button-primary\" href=\"https:\/\/www.hautesvallees.com\/la-claree\/acces\/venir-en-claree\/\">Venir en bus de Brian\u00e7on \u00e0 N\u00e9vache avec Altigo<\/a><\/h2>\n\n                <\/div>\n                    <\/div>\n    <\/div>\n\n\n<div class=\"GutVideo \">\n        <div class=\" GutContainer \">\n            <div class=\"GutTitle Center\">\n                    <h2 class=\"GutTitle-title\">\n                                    <span class=\"GutTitle-surtitle\">Pr\u00e9sentation <\/span>\n                                                        des navettes vall\u00e9e de la Clar\u00e9e\n                            <\/h2>\n                    <\/div>\n\n            <div class=\"GutVideo-inner __video_parent\">\n                                    <picture class=\"GutVideo-pic __video_open\">\n                        <source srcset=\"https:\/\/www.hautesvallees.com\/content\/uploads\/sites\/3\/2025\/02\/ResalpS23086SI-768x433.png\" media=\"(max-width: 768px)\">\n                        <source srcset=\"https:\/\/www.hautesvallees.com\/content\/uploads\/sites\/3\/2025\/02\/ResalpS23086SI-992x559.png\" media=\"(max-width: 992px)\">\n                        <source srcset=\"https:\/\/www.hautesvallees.com\/content\/uploads\/sites\/3\/2025\/02\/ResalpS23086SI-1196x673.png\" media=\"(min-width: 993px)\">\n                        <img decoding=\"async\" class=\"GutVideo-img\" src=\"https:\/\/www.hautesvallees.com\/content\/uploads\/sites\/3\/2025\/02\/ResalpS23086SI-1196x673.png\" alt=\"navettes vall\u00e9e de la Clar\u00e9e - Altigo\" \/>\n                    <\/picture>\n                                                    <div class=\"GutVideo-out __video_out\">\n                        <iframe class='Video' width='1920' height='1080' src='https:\/\/youtube.com\/embed\/jR4MG_PMCKc?&#038;rel=0' frameborder='0' controls='0' allow='accelerometer; encrypted-media; gyroscope; picture-in-picture' allowfullscreen><\/iframe>\n                    <\/div>\n                            <\/div>\n\n                    <\/div>\n    <\/div>\n\n\n<div class=\"GutCol2 BgColor GutContainer-full\">\n        <div class=\"GutCol2-container\">\n\n            \n                                                                                                        <div class=\"GutCol2-wrap GutCol2-blocTexte Left\">\n                                <div class=\"GutCol2-blocTexte--inner\">\n                                                                            <div class=\"GutTitle Left\">\n                    <h2 class=\"GutTitle-title\">\n                                    <span class=\"GutTitle-surtitle\">Navettes en<\/span>\n                                                        vall\u00e9e \u00c9troite\n                            <\/h2>\n                    <\/div>\n                                                                                                                                                    <div class=\"GutCol2-text Content\">\n                                            <h5 style=\"text-align: left\">Retrouvez les navettes en vall\u00e9e \u00c9troite du 19\/07 au 24\/08\/2025<\/h5>\n<h6 style=\"text-align: left\"><strong>La route sera ferm\u00e9e de 10h30 \u00e0 15h30 :\u00a0<\/strong><\/h6>\n<p>&#8211; tous les week-end de juillet et ao\u00fbt<\/p>\n<p>&#8211; tous les jours du 02 au 17\u00a0 ao\u00fbt 2025<\/p>\n<h6>Les navettes de la Vall\u00e9e \u00c9troite : de Pian del Col aux Granges de la Vall\u00e9e \u00c9troite : du 5 juillet au 31 aout (dernier we du 30-31 ao\u00fbt 2025 \u00e0 confirmer)<\/h6>\n<p>&#8211; Au d\u00e9part de Pian del Colle de 9h \u00e0 17h45, toutes les 45 minutes (sauf entre 12h45 et 14h45)<br \/>\n&#8211; Au d\u00e9part des Granges de la Vall\u00e9e \u00c9troite de 9h20 \u00e0 18h05, toutes les 45 minutes (sauf entre 13h05 et 15h05).<\/p>\n<h6><strong>Tarif :<\/strong><\/h6>\n<p>Gratuit pour les enfants jusqu&rsquo;\u00e0 6 ans et \u00e0 5 euros (A\/R) pour les autres personnes.<br \/>\nPossibilit\u00e9 d&rsquo;acheter son ticket de navette sur place ou en ligne en scannant le Qr du document ci-apr\u00e8s <a href=\"https:\/\/www.hautesvallees.com\/content\/uploads\/sites\/3\/2025\/07\/Circulation-VE-ete-2025.pdf\">Circulation VE \u00e9t\u00e9 2025<\/a><\/p>\n<p>&nbsp;<\/p>\n<p>parking payant 5\u20ac\/jours (avant 10h30 ou les jours de route ouverte, sauf pour les PMR)<\/p>\n<p>&nbsp;<\/p>\n\n                                        <\/div>\n                                                                    <\/div>\n                            <\/div>\n                                                                                                                                                        <div class=\"GutCol2-wrap GutCol2-blocImage Right\">\n                                    <picture class=\"GutCol2-picture\">\n                                        <img decoding=\"async\" src=\"https:\/\/www.hautesvallees.com\/content\/uploads\/sites\/3\/2025\/02\/vallc3a9e-etroite-c2a9aurc3a9lien-papa-wildspot-664x480.webp\"\n                                             alt=\"Vall\u00e9e \u00e9troite \u00a9Aur\u00e9lien PAPA\" \/>\n                                    <\/picture>\n                                                                            <span class=\"GutCol2-credit\">\u00a9 Papa A.<\/span>\n                                                                    <\/div>\n                                                                                            <\/div>\n    <\/div>\n\n\n<div class=\"DownloadList  GutContainer\">\n            <div class=\"DownloadList-wrapper\">\n                <div class=\"GutTitle Center\">\n                    <h2 class=\"GutTitle-title\">\n                                                        Horaires des navettes de la vall\u00e9e \u00e9troite\n                            <\/h2>\n                    <\/div>\n\n                <div class=\"DownloadList-slider swiper __DownloadSlider\">\n                    <ul class=\"swiper-wrapper\">\n                                                                                    <li class=\"DownloadListItem swiper-slide\">\n                                    <a class=\"DownloadListItem-download\"\n                                       href=\"https:\/\/www.hautesvallees.com\/content\/uploads\/sites\/3\/2025\/06\/Valle-Stretta-2025.pdf\"\n                                       download\n                                       target=\"_blank\"\n                                       title=\"Horaires des navettes \">\n                                        <picture class=\"DownloadListItem-pic\">\n                                                                                            <img decoding=\"async\" class=\"DownloadListItem-img\" src=\"https:\/\/www.hautesvallees.com\/content\/uploads\/sites\/3\/2025\/02\/Randonnee-lac-vert-vallee-etroite-BALACE-Amandine-2-scaled.jpg\"\n                                                     alt=\"Randonn\u00e9e lac vert vall\u00e9e \u00e9troite - BALAC\u00c9 Amandine 2\">\n                                                                                        <div class=\"DownloadListItem-hover\">\n                                                <svg class=\"DownloadListItem-hover--icon\"\n                                                     xmlns=\"http:\/\/www.w3.org\/2000\/svg\" width=\"37.613\" height=\"37.615\">\n                                                    <path fill=\"#fff\"\n                                                          d=\"M0 37.615h37.613v-1.99H0ZM17.811 0v25.14L5.868 13.192 4.459 14.6l14.348 14.351L33.155 14.6l-1.405-1.409L19.8 25.14V0Z\"\/>\n                                                <\/svg>\n                                                <span class=\"DownloadListItem-hover--text\">T\u00e9l\u00e9charger<\/span>\n                                            <\/div>\n                                        <\/picture>\n                                                                                    <span class=\"DownloadListItem-titre\">Horaires des navettes <\/span>\n                                                                            <\/a>\n                                <\/li>\n                                                                        <\/ul>\n                    <div class=\"MomentOffers-pagination __slider_pagination\"><\/div>\n                <\/div>\n            <\/div>\n        <\/div>\n    \n\n<div class=\"GutText  GutContainer\">\n        <div class=\"GutText-inner\">\n            <div class=\"GutTitle Center\">\n                    <h2 class=\"GutTitle-title\">\n                                                        Transport entre N\u00e9vache et la Vall\u00e9e \u00c9troite\n                            <\/h2>\n                    <\/div>\n                                        <div class=\"GutText-wysiwyg Content\">\n                    <p>Vous souhaitez vous rendre dans la vall\u00e9e \u00c9troite sans v\u00e9hicule, vous pouvez contacter les taxis de la vall\u00e9e :\u00a0<a href=\"https:\/\/www.hautesvallees.com\/la-claree\/commerce-et-service\/comte-remy-taxi-de-la-claree-val-des-pres\/\">Taxi de la Clar\u00e9e<\/a><\/p>\n<p>Vous avez \u00e9galement une ligne priv\u00e9 entre Oulx et N\u00e9vache : <a href=\"https:\/\/www.bus-oulx-monginevro-briancon.com\/ticket-bus-monginevro-briancon\" target=\"_blank\" rel=\"noopener\">Transport priv\u00e9 Ice Line<\/a><\/p>\n\n                <\/div>\n                    <\/div>\n    <\/div>\n","protected":false},"excerpt":{"rendered":"","protected":false},"author":5,"featured_media":1031,"parent":958,"menu_order":0,"comment_status":"closed","ping_status":"closed","template":"","meta":{"_acf_changed":false,"footnotes":""},"class_list":["post-960","page","type-page","status-publish","has-post-thumbnail","hentry"],"acf":[],"_links":{"self":[{"href":"https:\/\/www.hautesvallees.com\/la-claree\/wp-json\/wp\/v2\/pages\/960","targetHints":{"allow":["GET"]}}],"collection":[{"href":"https:\/\/www.hautesvallees.com\/la-claree\/wp-json\/wp\/v2\/pages"}],"about":[{"href":"https:\/\/www.hautesvallees.com\/la-claree\/wp-json\/wp\/v2\/types\/page"}],"author":[{"embeddable":true,"href":"https:\/\/www.hautesvallees.com\/la-claree\/wp-json\/wp\/v2\/users\/5"}],"replies":[{"embeddable":true,"href":"https:\/\/www.hautesvallees.com\/la-claree\/wp-json\/wp\/v2\/comments?post=960"}],"version-history":[{"count":39,"href":"https:\/\/www.hautesvallees.com\/la-claree\/wp-json\/wp\/v2\/pages\/960\/revisions"}],"predecessor-version":[{"id":30075,"href":"https:\/\/www.hautesvallees.com\/la-claree\/wp-json\/wp\/v2\/pages\/960\/revisions\/30075"}],"up":[{"embeddable":true,"href":"https:\/\/www.hautesvallees.com\/la-claree\/wp-json\/wp\/v2\/pages\/958"}],"wp:featuredmedia":[{"embeddable":true,"href":"https:\/\/www.hautesvallees.com\/la-claree\/wp-json\/wp\/v2\/media\/1031"}],"wp:attachment":[{"href":"https:\/\/www.hautesvallees.com\/la-claree\/wp-json\/wp\/v2\/media?parent=960"}],"curies":[{"name":"wp","href":"https:\/\/api.w.org\/{rel}","templated":true}]}}