{"id":959,"date":"2024-05-13T14:30:30","date_gmt":"2024-05-13T12:30:30","guid":{"rendered":"https:\/\/www.hautesvallees.com\/la-claree\/?page_id=959"},"modified":"2026-04-15T15:53:41","modified_gmt":"2026-04-15T13:53:41","slug":"venir-en-claree","status":"publish","type":"page","link":"https:\/\/www.hautesvallees.com\/la-claree\/acces\/venir-en-claree\/","title":{"rendered":"Venir en Clar\u00e9e"},"content":{"rendered":"<div class=\"GutText  GutContainer\">\n        <div class=\"GutText-inner\">\n            <div class=\"GutTitle Center\">\n                    <h2 class=\"GutTitle-title\">\n                                    <span class=\"GutTitle-surtitle\">Comment venir<\/span>\n                                                        en clar\u00e9e ?\n                            <\/h2>\n                    <\/div>\n                            <div class=\"GutText-intro Center\">Le voyage fait partie int\u00e9grante des vacances ! Avec un peu d&rsquo;anticipation, on arrive \u00e0 se projeter plus facilement pour passer un bon moment m\u00eame dans les transports : bus, covoiturage, train&#8230; Toutes les possibilit\u00e9s pour acc\u00e9der au Brian\u00e7onnais !<\/div>\n                                        <div class=\"GutText-wysiwyg Content\">\n                    <p style=\"text-align: center\"><strong>Pour venir en Clar\u00e9e, dans les Hautes Alpes,<\/strong> \u00e0 la d\u00e9couverte de cette belle vall\u00e9e, plusieurs options s&rsquo;offrent \u00e0 vous : <strong>en avion, en voiture, en train, en bus, en covoiturage et pour les plus courageux et d\u00e9termin\u00e9s \u00e0 v\u00e9lo<\/strong>&#8230; Faites de votre trajet un moment agr\u00e9able !<\/p>\n\n                <\/div>\n                    <\/div>\n    <\/div>\n\n\n<div class=\"GutImage  GutContainer-full\">\n        <div class=\"GutImage-container\">\n                        \n                            <picture class=\"GutImage-pic\">\n                    <source srcset=\"https:\/\/www.hautesvallees.com\/content\/uploads\/sites\/3\/2025\/02\/ResalpS23015-scaled-1-768x360.jpg\" media=\"(max-width: 768px)\">\n                    <source srcset=\"https:\/\/www.hautesvallees.com\/content\/uploads\/sites\/3\/2025\/02\/ResalpS23015-scaled-1-992x465.jpg\" media=\"(max-width: 992px)\">\n                    <source srcset=\"https:\/\/www.hautesvallees.com\/content\/uploads\/sites\/3\/2025\/02\/ResalpS23015-scaled-1-1920x900.jpg\" media=\"(min-width: 993px)\">\n                    <img decoding=\"async\" class=\"GutImage-img\" src=\"https:\/\/www.hautesvallees.com\/content\/uploads\/sites\/3\/2025\/02\/ResalpS23015-scaled-1-1920x900.jpg\" alt=\"Navette nevache Clar\u00e9e altigo\" \/>\n                <\/picture>\n                                        <div class=\"GutImage-creditphoto\">\n                    \u00a9Autocars Resalp\n                <\/div>\n                    <\/div>\n    <\/div>\n\n\n<div class=\"GutText BgColor GutContainer-full\">\n        <div class=\"GutText-inner\">\n            <div class=\"GutTitle Center\">\n                    <h2 class=\"GutTitle-title\">\n                                    <span class=\"GutTitle-surtitle\">Navettes de la<\/span>\n                                                        haute vall\u00e9e de la Clar\u00e9e\n                            <\/h2>\n                    <\/div>\n                            <div class=\"GutText-intro Center\">Chaque \u00e9t\u00e9, un syst\u00e8me de navettes est mis en place pour faciliter l&rsquo;acc\u00e8s \u00e0 la haute vall\u00e9e de la Clar\u00e9e et pour s\u00e9curiser nos randonneurs.<\/div>\n                                        <div class=\"GutText-wysiwyg Content\">\n                    <p style=\"text-align: center\">Retrouvez toutes les informations relatives aux navettes :<\/p>\n<p>&nbsp;<\/p>\n<p style=\"text-align: center\"><a class=\"Button-secondary\" href=\"https:\/\/www.hautesvallees.com\/la-claree\/acces\/navettes-vallee-de-la-claree\/\">Navette de la haute vall\u00e9e de la Clar\u00e9e<\/a><\/p>\n\n                <\/div>\n                    <\/div>\n    <\/div>\n\n\n<div class=\"GutText  GutContainer\">\n        <div class=\"GutText-inner\">\n            <div class=\"GutTitle Center\">\n                    <h2 class=\"GutTitle-title\">\n                                    <span class=\"GutTitle-surtitle\">Venir<\/span>\n                                                        en Brian\u00e7onnais\n                            <\/h2>\n                    <\/div>\n                                        <div class=\"GutText-wysiwyg Content\">\n                    <p style=\"text-align: center\">Comment venir dans le Brian\u00e7onnais ? Depuis Paris, Marseille, Grenoble ? Ou encore depuis Turin, en Italie ? Retrouvez toutes les solutions d\u2019acc\u00e8s pour rejoindre votre destination de vacances dans les Hautes Vall\u00e9es \u2013 La Grave, la Clar\u00e9e, l\u2019Izoard.<\/p>\n\n                <\/div>\n                    <\/div>\n    <\/div>\n\n\n<div class=\"GutAccordions  GutContainer\">\n        <div class=\"GutAccordions-inner\">\n            <div class=\"GutTitle Left\">\n                    <h2 class=\"GutTitle-title\">\n                                    <span class=\"GutTitle-surtitle\">en <\/span>\n                                                        bus\n                            <\/h2>\n                    <\/div>\n                            <div class=\"GutAccordions-list\">\n                                            <div class=\"GutAccordions-item __accordion-parent\">\n                                                            <h2 class=\"GutAccordions-title __accordion-link\">\n                                    Altigo &#8211; Ligne n\u00b05 : Brian\u00e7on &#8211; Montgen\u00e8vre (La Vachette, Le Rosier, Les Alberts)\n                                <\/h2>\n                                                                                        <div class=\"GutAccordions-text Content __accordion-content\">\n                                    <p><a class=\"Link\" href=\"https:\/\/www.monaltigo.fr\/sites\/default\/files\/documents\/2024-12\/24altigoligne-5.pdf\" target=\"_blank\" rel=\"noopener\">Toutes les infos et horaires ici<\/a><\/p>\n\n                                <\/div>\n                                                    <\/div>\n                                            <div class=\"GutAccordions-item __accordion-parent\">\n                                                            <h2 class=\"GutAccordions-title __accordion-link\">\n                                    Altigo &#8211; Ligne n\u00b07 : Brian\u00e7on &#8211; N\u00e9vache \n                                <\/h2>\n                                                                                        <div class=\"GutAccordions-text Content __accordion-content\">\n                                    <p><a class=\"Link\" href=\"https:\/\/www.autocars-resalp.com\/lignes-horaires\/briancon-nevache\" target=\"_blank\" rel=\"noopener\">Tarifs, horaires et p\u00e9riodes de circulation<\/a><\/p>\n<p>&nbsp;<\/p>\n\n                                <\/div>\n                                                    <\/div>\n                                            <div class=\"GutAccordions-item __accordion-parent\">\n                                                            <h2 class=\"GutAccordions-title __accordion-link\">\n                                    Altigo &#8211; Ligne scolaire S20 : Val-des-Pr\u00e9s &#8211; Les Alberts \n                                <\/h2>\n                                                                                        <div class=\"GutAccordions-text Content __accordion-content\">\n                                    <p><a class=\"Link\" href=\"https:\/\/www.monaltigo.fr\/reseau-et-horaires\" target=\"_blank\" rel=\"noopener\">Horaires, p\u00e9riodes de circulation et r\u00e9servation <\/a><\/p>\n<p><strong>Ligne de Bus \u00ab\u00a0Haut le Pied\u00a0\u00bb\u00a0<\/strong><\/p>\n<p><em>Mais qu&rsquo;est-ce que c&rsquo;est ?<\/em><\/p>\n<p><em>Ce sont les trajets qu&rsquo;un v\u00e9hicule effectue \u00e0 vide pour se rendre au point de d\u00e9part ou de retour de sa ligne. Ces lignes sont ouvertes au public durant la p\u00e9riode scolaire ainsi que pendant les vacances scolaires de la zone B.<\/em><\/p>\n\n                                <\/div>\n                                                    <\/div>\n                                            <div class=\"GutAccordions-item __accordion-parent\">\n                                                            <h2 class=\"GutAccordions-title __accordion-link\">\n                                    ligne express r\u00e9gionale n\u00b055 : Grenoble &#8211; Brian\u00e7on \n                                <\/h2>\n                                                                                        <div class=\"GutAccordions-text Content __accordion-content\">\n                                    <p><a class=\"Button-primary\" href=\"https:\/\/www.autocars-resalp.com\/lignes-horaires\/briancon-grenoble\" target=\"_blank\" rel=\"noopener\">Les horaires des bus entre Brian\u00e7on et Grenoble<\/a><\/p>\n<p>Il est maintenant possible de r\u00e9server facilement et payer directement sur le site ZOU : <a class=\"Link\" href=\"https:\/\/www.reservation-zou-resalp.fr\/\" target=\"_blank\" rel=\"noopener\">r\u00e9servez !\u00a0<\/a><\/p>\n\n                                <\/div>\n                                                    <\/div>\n                                            <div class=\"GutAccordions-item __accordion-parent\">\n                                                            <h2 class=\"GutAccordions-title __accordion-link\">\n                                    LIGNE EXPRESS R\u00c9GIONALE N\u00b076 : Saint Michel Valloire &#8211; Serre Chevalier \n                                <\/h2>\n                                                                                        <div class=\"GutAccordions-text Content __accordion-content\">\n                                    <p>La ligne Saint Michel Valloire \u2013 Montgen\u00e8vre \u2013 Brian\u00e7on \u2013 Serre Chevalier<\/p>\n<p><a class=\"Button-primary\" href=\"https:\/\/www.autocars-resalp.com\/lignes-horaires\/serre-chevalier-montgenevre-modane\" target=\"_blank\" rel=\"noopener\">Les horaires<\/a><\/p>\n<p>Il est maintenant possible de r\u00e9server facilement et payer directement sur le site ZOU : <a class=\"Link\" href=\"https:\/\/www.reservation-zou-resalp.fr\/\" target=\"_blank\" rel=\"noopener\">r\u00e9servez !\u00a0<\/a><\/p>\n\n                                <\/div>\n                                                    <\/div>\n                                            <div class=\"GutAccordions-item __accordion-parent\">\n                                                            <h2 class=\"GutAccordions-title __accordion-link\">\n                                    Ligne priv\u00e9e Linkbus \u2013 Transfert a\u00e9roport Turin \u2013 Brian\u00e7on \n                                <\/h2>\n                                                                                        <div class=\"GutAccordions-text Content __accordion-content\">\n                                    <div class=\"GutAccordions-text Content __accordion-content\">\n<p>Depuis l\u2019a\u00e9roport ou la gare de Turin, rejoignez le Brian\u00e7onnais gr\u00e2ce au transport priv\u00e9 : <strong>Linkbus<\/strong><\/p>\n<p><a href=\"https:\/\/www.linkbus-alps.com\/\" target=\"_blank\" rel=\"noopener\">Je r\u00e9serve Linkbus<\/a><\/p>\n<\/div>\n\n                                <\/div>\n                                                    <\/div>\n                                            <div class=\"GutAccordions-item __accordion-parent\">\n                                                            <h2 class=\"GutAccordions-title __accordion-link\">\n                                    Ligne de bus ZOU ! 76 : OULX Gare TGV &#8211; Val des Pr\u00e9s &#8211; Brian\u00e7on\n                                <\/h2>\n                                                                                        <div class=\"GutAccordions-text Content __accordion-content\">\n                                    <p>Achat des billets en ligne.<\/p>\n<p><a class=\"Button-primary\" href=\"https:\/\/zou.maregionsud.fr\/non-classe\/serre-chevalier-oulx-gare-tgv-reprise-de-la-desserte-en-bus-zou\/\" target=\"_blank\" rel=\"noopener\">Infos et r\u00e9servations<\/a><\/p>\n\n                                <\/div>\n                                                    <\/div>\n                                    <\/div>\n                    <\/div>\n    <\/div>\n\n\n<div class=\"GutAccordions  GutContainer\">\n        <div class=\"GutAccordions-inner\">\n            <div class=\"GutTitle Left\">\n                    <h2 class=\"GutTitle-title\">\n                                    <span class=\"GutTitle-surtitle\">en voiture, en moto,<\/span>\n                                                        en camping-car\n                            <\/h2>\n                    <\/div>\n                            <div class=\"GutAccordions-list\">\n                                            <div class=\"GutAccordions-item __accordion-parent\">\n                                                            <h2 class=\"GutAccordions-title __accordion-link\">\n                                    par la route\n                                <\/h2>\n                                                                                        <div class=\"GutAccordions-text Content __accordion-content\">\n                                    <header>\n<h5><strong>Depuis Grenoble :<\/strong><\/h5>\n<\/header>\n<div class=\"ce-textpic ce-center ce-above\">\n<div class=\"ce-bodytext\">\n<ul>\n<li class=\"text-justify\">\u00a0<strong>Par le col du Lautaret :\u00a0<\/strong>par la N85 direction Brian\u00e7on puis la D1091 via\u00a0<strong>Bourg d&rsquo;Oisans<\/strong>\u00a0et le<strong>\u00a0col du Lautaret<\/strong>. Le col du Lautaret est parfois ferm\u00e9 en hiver selon les conditions m\u00e9t\u00e9orologiques.<\/li>\n<\/ul>\n<p class=\"text-justify\"><span class=\"txt-bleu\">Renseignez-vous sur\u00a0<a href=\"http:\/\/www.inforoute.hautes-alpes.fr\/\" target=\"_blank\" rel=\"noopener noreferrer\">Info Route 05<\/a><\/span><\/p>\n<ul>\n<li class=\"text-justify\"><strong>Par le Tunnel de Frejus :<\/strong>\u00a0Par la A43 direction Chambery puis la A43 direction Modane. A Modane prendre la N543 : Tunnel du Frejus ( T4 Bardonn\u00e8che &#8211; Turin &#8211; Montgen\u00e8vre).<br \/>\nPasser le tunnel et poursuivre vers Oulx via la E70 puis la SS24 direction Mongen\u00e8vre . Passer le col du Montgen\u00e8vre. Aux Alberts entrez dans la Vall\u00e9e de Clar\u00e9e R.D. 94.<br \/>\nL&rsquo;\u00e9t\u00e9, vous pourrez passer par le col de l\u2019\u00c9chelle (depuis Bardonecchia).<\/li>\n<\/ul>\n<header>\n<h5><strong>Depuis Marseille &#8211; Brian\u00e7on :<\/strong><\/h5>\n<\/header>\n<div class=\"ce-textpic ce-center ce-above\">\n<div class=\"ce-bodytext\">\n<ul>\n<li class=\"text-justify\"><strong>Depuis Marseille :\u00a0<\/strong>A51 jusqu&rsquo;\u00e0\u00a0<strong>La Saulce<\/strong>, puis R.N. 94 jusqu&rsquo;\u00e0\u00a0<strong>Brian\u00e7on<\/strong>.<\/li>\n<li class=\"text-justify\"><strong>Depuis Brian\u00e7on :<\/strong>\u00a0prendre la direction de\u00a0<strong>Montgen\u00e8vre \/ Turin<\/strong>. Entrer dans la Vall\u00e9e de Clar\u00e9e RD94. Traversez les villages de la Vachette, Val des Pr\u00e9s et les hameaux de la commune de N\u00e9vache : Plampinet, le Roubion, le Cros, Ville Basse et Ville Haute.<\/li>\n<\/ul>\n<div id=\"c4041\" class=\"frame frame-default frame-type-textpic frame-layout-0\">\n<header>\n<h5><strong>Depuis l&rsquo;Italie : Oulx et Bardonecchia<\/strong><\/h5>\n<\/header>\n<div class=\"ce-textpic ce-center ce-above\">\n<div class=\"ce-bodytext\">\n<ul>\n<li class=\"text-justify\"><strong>Depuis Oulx :\u00a0<\/strong>passer le col du Montgen\u00e8vre. Aux Alberts entrez dans la Vall\u00e9e de Clar\u00e9e RD94. Traversez le village de Val des Pr\u00e9s et les hameaux de la commune de N\u00e9vache : Plampinet, le Roubion, le Cros, Ville Basse et Ville Haute.<\/li>\n<li class=\"text-justify\"><strong>Depuis Bardonecchia :<br \/>\nEn\u00a0<\/strong><strong>\u00e9t\u00e9 seulement<\/strong>, emprunter le col de l&rsquo;\u00c9chelle pour acc\u00e9der au Roubion.<br \/>\n<strong>En hiver,<\/strong>\u00a0suivez Oulx &#8211; Col de Montgen\u00e8vre.<\/li>\n<\/ul>\n<\/div>\n<\/div>\n<\/div>\n<div id=\"c3517\" class=\"frame frame-default frame-type-list frame-layout-0\"><\/div>\n<\/div>\n<\/div>\n<\/div>\n<\/div>\n\n                                <\/div>\n                                                    <\/div>\n                                            <div class=\"GutAccordions-item __accordion-parent\">\n                                                            <h2 class=\"GutAccordions-title __accordion-link\">\n                                    stationner &#8211; voiture et camping-cars\n                                <\/h2>\n                                                                                        <div class=\"GutAccordions-text Content __accordion-content\">\n                                    <div class=\"ce-textpic ce-center ce-above\">\n<div class=\"ce-bodytext\">\n<p>En saison estivale, le parking de Laval et de la Vall\u00e9e \u00c9troite sont payants :<\/p>\n<p><strong>&#8211; Laval :<\/strong> 10\u20ac\/ jour\/ v\u00e9hicule ou 30\u20ac par saison\/ v\u00e9hicule<\/p>\n<p><strong>&#8211; Vall\u00e9e \u00c9troite :<\/strong> 3\u20ac\/ jour\/ v\u00e9hicule<\/p>\n<\/div>\n<div class=\"GutText-wysiwyg Content\">\n<p><strong>Pour les campings-cars, le stationnement doit se faire obligatoirement dans <a href=\"https:\/\/www.hautesvallees.com\/la-claree\/se-loger\/campings\/\">les campings de la vall\u00e9e de la Clar\u00e9e<\/a> <\/strong><\/p>\n<p class=\"text-justify\">Pour les camping-cars et les v\u00e9hicules tractant une caravane, la circulation est interdite, dans la haute vall\u00e9e ( RD301T ) entre 7h45 et 19h00 du 1er juillet au 31 ao\u00fbt dans le sens montant et descendant. Entre Fontcouverte et Laval la circulation est interdite 24h\/24 dans les deux sens.<\/p>\n<p class=\"text-justify\">Au hameau du Roubion (\u00e0 c\u00f4t\u00e9 du camping municipal de La Lame), une aire de vidange et r\u00e9approvisionnement en eaux est accessible aux camping-cars.<\/p>\n<p>&nbsp;<\/p>\n<\/div>\n<\/div>\n\n                                <\/div>\n                                                    <\/div>\n                                            <div class=\"GutAccordions-item __accordion-parent\">\n                                                            <h2 class=\"GutAccordions-title __accordion-link\">\n                                    Loi montagne : \u00e9quipements sp\u00e9ciaux obligatoires\n                                <\/h2>\n                                                                                        <div class=\"GutAccordions-text Content __accordion-content\">\n                                    <div class=\"GutText-wysiwyg Content\">\n<header>\n<p class=\"ce-headline-left\"><strong>\u2744Les pneus neige ou \u00e9quipements sp\u00e9ciaux sont obligatoires du 1er novembre au 31 mars \u2744<\/strong><\/p>\n<\/header>\n<div class=\"ce-textpic ce-center ce-below\">\n<div class=\"ce-bodytext\">\n<p class=\"text-justify\">Pour am\u00e9liorer la s\u00e9curit\u00e9 des usagers en cas de neige et de verglas et limiter le blocage des routes,\u00a0<strong>les \u00e9quipements hivernaux sont obligatoires<\/strong>.<\/p>\n<p class=\"text-justify\">Vous avez le choix entre \u00e9quiper votre v\u00e9hicule :<\/p>\n<ul>\n<li class=\"text-justify\">avec\u00a0<strong>quatre pneus hiver<\/strong><\/li>\n<li class=\"text-justify\">ou<strong>\u00a0d\u00e9tenir des cha\u00eenes\u00a0ou des chaussettes \u00e0 neige pour au moins deux roues motrices<\/strong>.<\/li>\n<\/ul>\n<p class=\"text-justify\"><em>Pour conna\u00eetre l\u2019\u00e9tat de circulation des routes et fermetures des cols :\u00a0<strong><a href=\"https:\/\/inforoute.hautes-alpes.fr\/www\/index.html\" target=\"_blank\" rel=\"noopener noreferrer\">Info Route 05<\/a><\/strong>\u00a0ou sur\u00a0<strong>04 65 03 00 05<\/strong>\u00a0(serveur vocal).<\/em><\/p>\n<\/div>\n<\/div>\n<\/div>\n\n                                <\/div>\n                                                    <\/div>\n                                            <div class=\"GutAccordions-item __accordion-parent\">\n                                                            <h2 class=\"GutAccordions-title __accordion-link\">\n                                    covoiturage\n                                <\/h2>\n                                                                                        <div class=\"GutAccordions-text Content __accordion-content\">\n                                    <p>Partager votre trajet pour venir dans les Hautes Vall\u00e9es &#8211; La Grave, la Clar\u00e9e, l&rsquo;Izoard et partagez les frais avec d\u2019autres usagers<\/p>\n<p><a class=\"Button-primary\" href=\"https:\/\/www.blablacar.fr\/\" target=\"_blank\" rel=\"noopener\">Blablacar<\/a><\/p>\n<p><a class=\"Button-primary\" href=\"https:\/\/www.mobicoop.fr\/\" target=\"_blank\" rel=\"noopener\">Mobicoop<\/a><\/p>\n\n                                <\/div>\n                                                    <\/div>\n                                            <div class=\"GutAccordions-item __accordion-parent\">\n                                                            <h2 class=\"GutAccordions-title __accordion-link\">\n                                    Altio \u2013 Partagez votre trajet et trouvez des partenaires pour vos activit\u00e9s \n                                <\/h2>\n                                                                                        <div class=\"GutAccordions-text Content __accordion-content\">\n                                    <p>Ne faites plus jamais votre sortie seul\u00b7e.<br \/>\nAltio vous connecte \u00e0 des passionn\u00e9\u00b7es d\u2019outdoor pr\u00e8s de chez vous pour courir, p\u00e9daler, randonner \u2014 et y aller ensemble.<\/p>\n<p><a class=\"Button-primary\" href=\"https:\/\/start.altioapp.com\/\" target=\"_blank\" rel=\"noopener\">Trouvez ma prochaine sortie<\/a><\/p>\n\n                                <\/div>\n                                                    <\/div>\n                                    <\/div>\n                    <\/div>\n    <\/div>\n\n\n<div class=\"GutAccordions  GutContainer\">\n        <div class=\"GutAccordions-inner\">\n            <div class=\"GutTitle Left\">\n                    <h2 class=\"GutTitle-title\">\n                                                        En train ou en avion\n                            <\/h2>\n                    <\/div>\n                            <div class=\"GutAccordions-list\">\n                                            <div class=\"GutAccordions-item __accordion-parent\">\n                                                            <h2 class=\"GutAccordions-title __accordion-link\">\n                                    R\u00c9SERVEZ VOTRE TRAIN + BUS\n                                <\/h2>\n                                                                                        <div class=\"GutAccordions-text Content __accordion-content\">\n                                    <p>Plusieurs gare SNCF vous permettent d\u2019acc\u00e9der au <strong>Brian\u00e7onnais et \u00e0 La Grave \u2013 La Meije.<\/strong><\/p>\n<p>Depuis <strong>Brian\u00e7on, <\/strong>depuis<strong> Oulx<\/strong> ou depuis <strong>Grenoble,<\/strong> des bus <a href=\"https:\/\/www.monaltigo.fr\/\" target=\"_blank\" rel=\"noopener\"><strong>Altigo,<\/strong><\/a> <a href=\"https:\/\/zou.maregionsud.fr\/\" target=\"_blank\" rel=\"noopener\"><strong>Zou<\/strong><\/a> vous permettent de rejoindre ensuite votre lieu de vacances.<\/p>\n<h5>R\u00e9servez votre train + bus<\/h5>\n<p><a class=\"Link\" href=\"https:\/\/www.sncf-connect.com\" target=\"_blank\" rel=\"noopener\">https:\/\/www.sncf-connect.com<\/a><\/p>\n\n                                <\/div>\n                                                    <\/div>\n                                            <div class=\"GutAccordions-item __accordion-parent\">\n                                                            <h2 class=\"GutAccordions-title __accordion-link\">\n                                    Les a\u00e9roports \u00e0 proximit\u00e9 \n                                <\/h2>\n                                                                                        <div class=\"GutAccordions-text Content __accordion-content\">\n                                    <div class=\"GutAccordions-text Content __accordion-content\">\n<h5>Lyon Saint Exup\u00e9ry \u2013 3h de N\u00e9vache<\/h5>\n<ul>\n<li>A\u00e9roport \u2013 Navette depuis Lyon \u2192 Gare routi\u00e8re et SNCF \u2013 Grenoble \u2192 bus Grenoble \u2013 Brian\u00e7on \u2192 Bus Altigo Brian\u00e7on &#8211; N\u00e9vache<\/li>\n<li><a href=\"https:\/\/www.linkbus-alps.com\/?utm_source=partner&amp;utm_medium=widget&amp;utm_campaign=%20%5BURL_CLIENT%5D\" target=\"_blank\" rel=\"noopener\">Linkbus<\/a> depuis Lyon \u2192 La Grave \u2192 Brian\u00e7on \u2192 N\u00e9vache<\/li>\n<\/ul>\n<h5><strong>Grenoble Saint Geoirs \u2013 2h30 de N\u00e9vache<\/strong><\/h5>\n<ul>\n<li>A\u00e9roport Grenoble \u2192 Bus gare Grenoble \u2192 Bus Grenoble Brian\u00e7on \u2192 Bus Altigo Brian\u00e7on &#8211; N\u00e9vache<\/li>\n<\/ul>\n<h5>Gen\u00e8ve \u2013 3h15 de N\u00e9vache<\/h5>\n<ul>\n<li>A\u00e9roport Grenoble \u2192 Bus gare Grenoble \u2192 Bus Grenoble Brian\u00e7on \u2192 Bus Altigo Brian\u00e7on &#8211; N\u00e9vache<\/li>\n<\/ul>\n<h5>Turin \u2013 2h de N\u00e9vache<\/h5>\n<div class=\"GutAccordions-text Content __accordion-content\">\n<ul>\n<li><a href=\"https:\/\/www.aeroportoditorino.it\/en\" target=\"_blank\" rel=\"noopener\">A\u00e9roport<\/a>\u00a0Caselle &gt; Turin centre ville :\u00a0<a href=\"https:\/\/www.serre-chevalier.com\/sites\/default\/files\/2024-01\/BUS%20268.pdf\" target=\"_blank\" rel=\"noopener\">bus LINEA 268\u00a0<\/a><\/li>\n<li>Arriv\u00e9e \u00e0 Torino porta nuova &gt; prendre train jusqu\u2019\u00e0 OULX puis transport priv\u00e9 ou \u00e0 la demande (taxi) ou <a href=\"https:\/\/www.linkbus-alps.com\/\" target=\"_blank\" rel=\"noopener\">transfert priv\u00e9 Linkbus<\/a><\/li>\n<\/ul>\n<\/div>\n<\/div>\n\n                                <\/div>\n                                                    <\/div>\n                                    <\/div>\n                    <\/div>\n    <\/div>\n\n\n<div class=\"GutImage  GutContainer-full\">\n        <div class=\"GutImage-container\">\n                        \n                            <picture class=\"GutImage-pic\">\n                    <source srcset=\"https:\/\/www.hautesvallees.com\/content\/uploads\/sites\/3\/2025\/01\/Village-Val-des-Pres-\ufffd-alpesphotographies.com-12-768x360.jpg\" media=\"(max-width: 768px)\">\n                    <source srcset=\"https:\/\/www.hautesvallees.com\/content\/uploads\/sites\/3\/2025\/01\/Village-Val-des-Pres-\ufffd-alpesphotographies.com-12-992x465.jpg\" media=\"(max-width: 992px)\">\n                    <source srcset=\"https:\/\/www.hautesvallees.com\/content\/uploads\/sites\/3\/2025\/01\/Village-Val-des-Pres-\ufffd-alpesphotographies.com-12-1920x900.jpg\" media=\"(min-width: 993px)\">\n                    <img decoding=\"async\" class=\"GutImage-img\" src=\"https:\/\/www.hautesvallees.com\/content\/uploads\/sites\/3\/2025\/01\/Village-Val-des-Pres-\ufffd-alpesphotographies.com-12-1920x900.jpg\" alt=\"Village Val des Pr\u00e9s \ufffd alpesphotographies.com-12\" \/>\n                <\/picture>\n                                        <div class=\"GutImage-creditphoto\">\n                    Alpes Photographies\n                <\/div>\n                    <\/div>\n    <\/div>\n\n\n<div class=\"GutText  GutContainer\">\n        <div class=\"GutText-inner\">\n            <div class=\"GutTitle Center\">\n                    <h2 class=\"GutTitle-title\">\n                                    <span class=\"GutTitle-surtitle\">se d\u00e9placer<\/span>\n                                                        sur place\n                            <\/h2>\n                    <\/div>\n                                        <div class=\"GutText-wysiwyg Content\">\n                    <p style=\"text-align: center\">Vous \u00eates en s\u00e9jour au c\u0153ur de la<strong> vall\u00e9e de la Clar\u00e9e e<\/strong>t vous souhaitez vous d\u00e9placer sans prendre votre voiture ? Voici les solutions pour vous d\u00e9placer et visiter les villes et villages du Brian\u00e7onnais.<\/p>\n<p>&nbsp;<\/p>\n\n                <\/div>\n                    <\/div>\n    <\/div>\n\n\n<div class=\"GutAccordions  GutContainer\">\n        <div class=\"GutAccordions-inner\">\n                                        <div class=\"GutAccordions-list\">\n                                            <div class=\"GutAccordions-item __accordion-parent\">\n                                                            <h2 class=\"GutAccordions-title __accordion-link\">\n                                    Taxis du Brian\u00e7onnais\n                                <\/h2>\n                                                                                        <div class=\"GutAccordions-text Content __accordion-content\">\n                                    <p><a class=\"Button-primary\" href=\"https:\/\/www.hautesvallees.com\/la-claree\/commerce-et-service\/comte-remy-taxi-de-la-claree-val-des-pres\/\">Taxi de la Clar\u00e9e<\/a><\/p>\n<p><a class=\"Button-primary\" href=\"https:\/\/www.hautesvallees.com\/la-grave\/commerce-et-service\/taxi-de-la-meije-la-grave\/\">Taxi de la Meije<\/a><\/p>\n\n                                <\/div>\n                                                    <\/div>\n                                            <div class=\"GutAccordions-item __accordion-parent\">\n                                                            <h2 class=\"GutAccordions-title __accordion-link\">\n                                    Covoiturage et Rezo Pouce \n                                <\/h2>\n                                                                                        <div class=\"GutAccordions-text Content __accordion-content\">\n                                    <div class=\"GutAccordions-text Content __accordion-content\">\n<p>Pour vos d\u00e9placements lors de votre s\u00e9jour dans les Hautes Vall\u00e9es, pensez covoiturage et rezo pouce !<\/p>\n<p><strong>Le service Rezo Pouce-Mobicoop permet le partage des trajets en mode :<\/strong><\/p>\n<ul>\n<li>\u00a0Autostop organis\u00e9, gr\u00e2ce \u00e0 une inscription et des arr\u00eats <a href=\"https:\/\/rezopouce.fr\/\" target=\"_blank\" rel=\"noopener\" data-saferedirecturl=\"https:\/\/www.google.com\/url?q=https:\/\/rezopouce.fr\/&amp;source=gmail&amp;ust=1741691047884000&amp;usg=AOvVaw1ATTLVj9HANOE7tQE9Jl7X\"> Rezo Pouce<\/a> pour faire du stop au sein de la communaut\u00e9.<\/li>\n<li>Covoiturage, via l\u2019appli <a href=\"https:\/\/mobicoop.fr\/\" target=\"_blank\" rel=\"noopener\">Mobicoop<\/a>, un service coop\u00e9ratif et sans commission.<\/li>\n<\/ul>\n<p><a href=\"https:\/\/www.ccbrianconnais.fr\/fileadmin\/user_upload\/CCBrianconnais\/Votre_Quotidien\/Deplacements\/RZP_Flyer_A5_05-CCB.pdf\" target=\"_blank\" rel=\"noopener\">Plus d\u2019infos sur Rezo pouce Brian\u00e7onnais<\/a><\/p>\n<p>&nbsp;<\/p>\n<\/div>\n\n                                <\/div>\n                                                    <\/div>\n                                    <\/div>\n                    <\/div>\n    <\/div>\n\n\n\n\n<div class=\"GutCol2 BgColor GutContainer-full\">\n        <div class=\"GutCol2-container\">\n\n            \n                                                                                                                                        <div class=\"GutCol2-wrap GutCol2-blocImage Left\">\n                                    <picture class=\"GutCol2-picture\">\n                                        <img decoding=\"async\" src=\"https:\/\/www.hautesvallees.com\/content\/uploads\/sites\/3\/2025\/02\/Col-de-lechelle-ete-S.Morattel-510x710.jpg\"\n                                             alt=\"Col de l&#039;\u00e9chelle, \u00e9t\u00e9 - S.Morattel\" \/>\n                                    <\/picture>\n                                                                            <span class=\"GutCol2-credit\">\u00a9 S.Morattel<\/span>\n                                                                    <\/div>\n                                                                                                                                                    <div class=\"GutCol2-wrap GutCol2-blocTexte Right\">\n                                <div class=\"GutCol2-blocTexte--inner\">\n                                                                            <div class=\"GutTitle Left\">\n                    <h2 class=\"GutTitle-title\">\n                                                        venir\n                            <\/h2>\n                            <span class=\"GutTitle-subtitle\">en vall\u00e9e \u00e9troite<\/span>\n            <\/div>\n                                                                                                                                                    <div class=\"GutCol2-text Content\">\n                                            <p>Pour se rendre en v<strong>all\u00e9e \u00c9troite<\/strong> depuis la vall\u00e9e de la Clar\u00e9e, empruntez le <a href=\"https:\/\/www.hautesvallees.com\/la-claree\/decouvrir\/nos-incontournables\/col-de-lechelle\/\">col de l&rsquo;Echelle<\/a>.<\/p>\n<p>Attention, la route du col est ouverte \u00e0 la circulation de fin avril \u00e0 fin octobre en fonction de l&rsquo;enneigement.<\/p>\n<p style=\"text-align: center\"><a class=\"Button-secondary\" href=\"https:\/\/inforoute.hautes-alpes.fr\/www\/index.html\" target=\"_blank\" rel=\"noopener\">Consultez l&rsquo;ouverture des cols\u00a0<\/a><\/p>\n<p>Lorsque le col de l\u2019\u00c9chelle est ferm\u00e9, empruntez le col de Montgen\u00e8vre direction Oulx. Poursuivez jusqu&rsquo;au \u00ab\u00a0Pian del Colle\u00a0\u00bb en passant par Bardonecchia.<\/p>\n<p>Une navette estivale fait la liaison entre \u00ab\u00a0Pian del Colle\u00a0\u00bb et la vall\u00e9e Etroite. <em>T\u00e9l\u00e9chargez les horaires et tarifs ci-dessous.<\/em><\/p>\n<p>&nbsp;<\/p>\n<p style=\"text-align: center\"><a class=\"Button-primary Button-secondary\" href=\"https:\/\/app.avizi.fr\/fichiers\/preview\/6847efea0ece3\" target=\"_blank\" rel=\"noopener\">Horaires et tarifs navettes Vall\u00e9e Etroite<\/a><\/p>\n\n                                        <\/div>\n                                                                    <\/div>\n                            <\/div>\n                                                                <\/div>\n    <\/div>\n\n\n<div class=\"GutInformations  GutContainer\">\n        <div class=\"GutInformations-container\">\n\n            <div class=\"GutTitle Left\">\n                    <h2 class=\"GutTitle-title\">\n                                    <span class=\"GutTitle-surtitle\">Informations <\/span>\n                                                        utiles\n                            <\/h2>\n                    <\/div>\n\n            <div class=\"GutInformations-list\">\n                                    <div class=\"GutInformations-wrap\">\n                                                                                    <picture class=\"GutInformations-picture\">\n                                    <img decoding=\"async\" src=\"https:\/\/www.hautesvallees.com\/content\/uploads\/sites\/3\/2025\/01\/Design-sans-titre-1-1.svg\" alt=\"Picto montagne - Canva\" \/>\n                                <\/picture>\n                                                                                                        <p class=\"GutInformations-title\">\n                                Les cols ferm\u00e9s en hiver\n                            <\/p>\n                                                                            <p class=\"GutInformations-text\">\n                                Attention le col du Galibier, de l\u2019Izoard et de l\u2019\u00c9chelle sont ferm\u00e9s l\u2019hiver. Le col du Lautaret reste ouvert l\u2019hiver, sauf en cas de temp\u00eate de neige \n                            <\/p>\n                                                                            <a class=\"GutInformations-link\" href=\"https:\/\/www.hautesvallees.com\/la-grave\/decouvrir\/le-pays-de-la-meije\/cols-du-lautaret-et-du-galibier\/\" target=\"_blank\" title=\"\">\n                                \n                            <\/a>\n                                            <\/div>\n                                    <div class=\"GutInformations-wrap\">\n                                                                                    <picture class=\"GutInformations-picture\">\n                                    <img decoding=\"async\" src=\"https:\/\/www.hautesvallees.com\/content\/uploads\/sites\/3\/2025\/01\/Design-sans-titre-3-4.svg\" alt=\"Picto route\" \/>\n                                <\/picture>\n                                                                                                        <p class=\"GutInformations-title\">\n                                Info route 05 \n                            <\/p>\n                                                                            <p class=\"GutInformations-text\">\n                                Pour avoir les informations sur les routes du d\u00e9partement des Hautes Alpes, sur les fermetures, les ouvertures en direct : le site Info route 05 ou par t\u00e9l\u00e9phone 04 65 03 00 05 \n                            <\/p>\n                                                                            <a class=\"GutInformations-link\" href=\"https:\/\/inforoute.hautes-alpes.fr\/www\/index.html\" target=\"_blank\" title=\"\" rel=\"noopener\">\n                                \n                            <\/a>\n                                            <\/div>\n                                    <div class=\"GutInformations-wrap\">\n                                                                                    <picture class=\"GutInformations-picture\">\n                                    <img decoding=\"async\" src=\"https:\/\/www.hautesvallees.com\/content\/uploads\/sites\/3\/2025\/01\/20-250x250.png\" alt=\"Picto m\u00e9t\u00e9o\" \/>\n                                <\/picture>\n                                                                                                        <p class=\"GutInformations-title\">\n                                m\u00e9t\u00e9o\n                            <\/p>\n                                                                            <p class=\"GutInformations-text\">\n                                Se renseigner sur les pr\u00e9visions m\u00e9t\u00e9orologiques avant sa sortie en montagne et penser \u00e0 consulter le bulletin d\u2019estimation du risque d\u2019avalanche \n                            <\/p>\n                                                                            <a class=\"GutInformations-link\" href=\"https:\/\/www.hautesvallees.com\/la-claree\/meteo\/\" target=\"\" title=\"M\u00e9t\u00e9o\">\n                                M\u00e9t\u00e9o\n                            <\/a>\n                                            <\/div>\n                            <\/div>\n        <\/div>\n    <\/div>\n\n\n<div class=\"GutImage  GutContainer-full\">\n        <div class=\"GutImage-container\">\n            <div class=\"GutTitle Left\">\n                    <h2 class=\"GutTitle-title\">\n                                    <span class=\"GutTitle-surtitle\">Me situer <\/span>\n                                                        dans les Hautes Vall\u00e9es\n                            <\/h2>\n                    <\/div>\n            \n                            <picture class=\"GutImage-pic\">\n                    <source srcset=\"https:\/\/www.hautesvallees.com\/content\/uploads\/sites\/3\/2025\/03\/Carte-HV-768x360.jpg\" media=\"(max-width: 768px)\">\n                    <source srcset=\"https:\/\/www.hautesvallees.com\/content\/uploads\/sites\/3\/2025\/03\/Carte-HV-992x465.jpg\" media=\"(max-width: 992px)\">\n                    <source srcset=\"https:\/\/www.hautesvallees.com\/content\/uploads\/sites\/3\/2025\/03\/Carte-HV-1772x900.jpg\" media=\"(min-width: 993px)\">\n                    <img decoding=\"async\" class=\"GutImage-img\" src=\"https:\/\/www.hautesvallees.com\/content\/uploads\/sites\/3\/2025\/03\/Carte-HV-1772x900.jpg\" alt=\"Carte HV\" \/>\n                <\/picture>\n                                <\/div>\n    <\/div>\n","protected":false},"excerpt":{"rendered":"","protected":false},"author":5,"featured_media":2696,"parent":958,"menu_order":1,"comment_status":"closed","ping_status":"closed","template":"","meta":{"_acf_changed":false,"footnotes":""},"class_list":["post-959","page","type-page","status-publish","has-post-thumbnail","hentry"],"acf":[],"_links":{"self":[{"href":"https:\/\/www.hautesvallees.com\/la-claree\/wp-json\/wp\/v2\/pages\/959","targetHints":{"allow":["GET"]}}],"collection":[{"href":"https:\/\/www.hautesvallees.com\/la-claree\/wp-json\/wp\/v2\/pages"}],"about":[{"href":"https:\/\/www.hautesvallees.com\/la-claree\/wp-json\/wp\/v2\/types\/page"}],"author":[{"embeddable":true,"href":"https:\/\/www.hautesvallees.com\/la-claree\/wp-json\/wp\/v2\/users\/5"}],"replies":[{"embeddable":true,"href":"https:\/\/www.hautesvallees.com\/la-claree\/wp-json\/wp\/v2\/comments?post=959"}],"version-history":[{"count":66,"href":"https:\/\/www.hautesvallees.com\/la-claree\/wp-json\/wp\/v2\/pages\/959\/revisions"}],"predecessor-version":[{"id":46913,"href":"https:\/\/www.hautesvallees.com\/la-claree\/wp-json\/wp\/v2\/pages\/959\/revisions\/46913"}],"up":[{"embeddable":true,"href":"https:\/\/www.hautesvallees.com\/la-claree\/wp-json\/wp\/v2\/pages\/958"}],"wp:featuredmedia":[{"embeddable":true,"href":"https:\/\/www.hautesvallees.com\/la-claree\/wp-json\/wp\/v2\/media\/2696"}],"wp:attachment":[{"href":"https:\/\/www.hautesvallees.com\/la-claree\/wp-json\/wp\/v2\/media?parent=959"}],"curies":[{"name":"wp","href":"https:\/\/api.w.org\/{rel}","templated":true}]}}