{"id":935,"date":"2024-04-16T17:00:33","date_gmt":"2024-04-16T15:00:13","guid":{"rendered":"https:\/\/www.hautesvallees.com\/la-claree\/?page_id=935"},"modified":"2026-02-26T17:14:30","modified_gmt":"2026-02-26T16:14:30","slug":"ski-alpin","status":"publish","type":"page","link":"https:\/\/www.hautesvallees.com\/la-claree\/que-faire\/en-hiver\/ski-alpin\/","title":{"rendered":"Ski Alpin en Clar\u00e9e"},"content":{"rendered":"<div class=\"GutText  GutContainer\">\n        <div class=\"GutText-inner\">\n            <div class=\"GutTitle Center\">\n                    <h2 class=\"GutTitle-title\">\n                                                        Du ski alpin en douceur !\n                            <\/h2>\n                    <\/div>\n                            <div class=\"GutText-intro Center\">Envie d\u2019apprendre le ski loin de la foule des grandes stations ? <\/div>\n                                        <div class=\"GutText-wysiwyg Content\">\n                    <p style=\"text-align: center;\" data-start=\"771\" data-end=\"979\">Dans la vall\u00e9e de la Clar\u00e9e, le ski alpin se pratique <strong data-start=\"892\" data-end=\"938\">en douceur, dans un cadre naturel pr\u00e9serv\u00e9<\/strong>, id\u00e9al pour d\u00e9buter ou skier en famille.<\/p>\n<p style=\"text-align: center;\" data-start=\"981\" data-end=\"1148\">\u00c0 N\u00e9vache, profitez de <strong data-start=\"1004\" data-end=\"1048\">petites pistes de ski alpin accessibles et s\u00e9curis\u00e9es<\/strong>, parfaites pour d\u00e9couvrir les premi\u00e8res sensations de glisse.<\/p>\n<p>&nbsp;<\/p>\n<p style=\"text-align: center;\"><a class=\"Button-primary\" href=\"https:\/\/www.nevache.fr\/domaine-nordique-alpin\/\" target=\"_blank\" rel=\"noopener\">Retrouver les horaires, tarifs et informations sur les pistes de ski de N\u00e9vache<\/a><\/p>\n\n                <\/div>\n                    <\/div>\n    <\/div>\n\n\n<div class=\"GutCol2  GutContainer\">\n        <div class=\"GutCol2-container\">\n\n            <div class=\"GutTitle Left\">\n                    <h2 class=\"GutTitle-title\">\n                                                        Les pistes de ski alpin \u00e0 N\u00e9vache\n                            <\/h2>\n                    <\/div>\n\n                                                                                                                                        <div class=\"GutCol2-wrap GutCol2-blocImage Left\">\n                                    <picture class=\"GutCol2-picture\">\n                                        <img decoding=\"async\" src=\"https:\/\/www.hautesvallees.com\/content\/uploads\/sites\/3\/2025\/02\/Ski-alpin-Nevache-Bois-Noir-\u00a9S.MORATTEL-2-2-510x710.jpg\"\n                                             alt=\"Ski alpin - Nevache - Bois Noir - \u00a9S.MORATTEL (2) (2)\" \/>\n                                    <\/picture>\n                                                                            <span class=\"GutCol2-credit\">\u00a9 S.Morattel<\/span>\n                                                                    <\/div>\n                                                                                                                                                    <div class=\"GutCol2-wrap GutCol2-blocTexte Right\">\n                                <div class=\"GutCol2-blocTexte--inner\">\n                                                                                                                                                    <div class=\"GutCol2-text Content\">\n                                            <p>Le domaine skiable de N\u00e9vache est compos\u00e9 de <strong data-start=\"1642\" data-end=\"1666\">2 pistes non reli\u00e9es<\/strong>, id\u00e9ales pour varier les plaisirs.<\/p>\n<h5>\ud83d\udfe2 Piste verte de Champbellet<\/h5>\n<p>La\u00a0<strong>piste verte de Champ Bellet<\/strong>, au hameau de Sall\u00e9, est un espace\u00a0<strong>ensoleill\u00e9 aux douces pentes id\u00e9ales pour go\u00fbter aux premi\u00e8res joies de la glisse<\/strong>. Sur le fil-neige (se renseigner pour l\u2019utilisation), les enfants pourront faire leurs premi\u00e8res descentes accompagn\u00e9s par les moniteurs de l\u2019\u00e9cole de ski de N\u00e9vache.<\/p>\n<p><a class=\"Button-primary\" href=\"https:\/\/www.hautesvallees.com\/equipement\/piste-ski-alpin-champbellet-nevache\/\">Je veux skier \u00e0 Champbellet<\/a><\/p>\n<h5>\ud83d\udd34 Piste rouge de Bois Noir<\/h5>\n<p>\u00c0 l\u2019ubac, c\u2019est <strong>la piste rouge de Bois Noir<\/strong> qui descend la<strong> for\u00eat<\/strong> de pins et de m\u00e9l\u00e8zes, offrant les joies de la glisse aux cascadeurs en herbe. Plus technique, elle vous permet <strong>de progresser dans un cadre naturel.\u00a0<\/strong><\/p>\n<p style=\"text-align: left;\"><a class=\"Button-primary\" href=\"https:\/\/www.hautesvallees.com\/equipement\/piste-ski-alpin-bois-noir-nevache\/\">Je veux skier \u00e0 Bois Noir<\/a><\/p>\n\n                                        <\/div>\n                                                                    <\/div>\n                            <\/div>\n                                                                <\/div>\n    <\/div>\n\n\n<div class=\"GutCol2 BgColor GutContainer-full\">\n        <div class=\"GutCol2-container\">\n\n            \n                                                                                                        <div class=\"GutCol2-wrap GutCol2-blocTexte Left\">\n                                <div class=\"GutCol2-blocTexte--inner\">\n                                                                            <div class=\"GutTitle Left\">\n                    <h2 class=\"GutTitle-title\">\n                                    <span class=\"GutTitle-surtitle\">Vous d\u00e9butez ? <\/span>\n                                                        Laissez vous guider ! \n                            <\/h2>\n                    <\/div>\n                                                                                                                                                    <div class=\"GutCol2-text Content\">\n                                            <p>&nbsp;<\/p>\n<p>Pour apprendre correctement et pouvoir ensuite appr\u00e9cier le ski, les moniteurs sont l\u00e0 pour vous partager les bases mais aussi vous aidez \u00e0 progresser !<\/p>\n<p>&nbsp;<\/p>\n<p style=\"text-align: center;\"><a href=\"https:\/\/www.hautesvallees.com\/activite\/ski-alpin-esf-nevache-nevache\/\">ESF N\u00e9vache\u00a0<\/a><\/p>\n\n                                        <\/div>\n                                                                    <\/div>\n                            <\/div>\n                                                                                                                                                        <div class=\"GutCol2-wrap GutCol2-blocImage Right\">\n                                    <picture class=\"GutCol2-picture\">\n                                        <img decoding=\"async\" src=\"https:\/\/www.hautesvallees.com\/content\/uploads\/sites\/3\/2025\/02\/MMorattel_skiAlpin_2014-scaled-1-664x480.jpg\"\n                                             alt=\"Ski alpin N\u00e9vache - Morattel S.\" \/>\n                                    <\/picture>\n                                                                            <span class=\"GutCol2-credit\">\u00a9 S.Morattel<\/span>\n                                                                    <\/div>\n                                                                                            <\/div>\n    <\/div>\n\n\n<div class=\"GutCol2  GutContainer\">\n        <div class=\"GutCol2-container\">\n\n            \n                                                                                                                                        <div class=\"GutCol2-wrap GutCol2-video Left __video_parent\">\n                                                                                                                <picture class=\"GutCol2-picture __video_open\">\n                                            <img decoding=\"async\" class=\"GutCol2-img\"\n                                                 src=\"https:\/\/www.hautesvallees.com\/content\/uploads\/sites\/3\/2025\/02\/Ski-alpin-Champbellet-Nevache-S.MORATTEL-1-2-1-510x710.jpg\"\n                                                 alt=\"Ski alpin - Champbellet Nevache - S.MORATTEL (1) (2) (1)\" \/>\n                                        <\/picture>\n                                                                                                                <div class=\"GutCol2-videoOut __video_out\">\n                                            <iframe class='Video' width='1920' height='1080' src='https:\/\/youtube.com\/embed\/FgCv-yPSzeA?&#038;rel=0' frameborder='0' controls='0' allow='accelerometer; encrypted-media; gyroscope; picture-in-picture' allowfullscreen><\/iframe>\n                                        <\/div>\n                                                                    <\/div>\n                                                                                                                                                    <div class=\"GutCol2-wrap GutCol2-blocTexte Right\">\n                                <div class=\"GutCol2-blocTexte--inner\">\n                                                                            <div class=\"GutTitle Left\">\n                    <h2 class=\"GutTitle-title\">\n                                    <span class=\"GutTitle-surtitle\">premi\u00e8res<\/span>\n                                                        glisses\n                            <\/h2>\n                    <\/div>\n                                                                                                                                                    <div class=\"GutCol2-text Content\">\n                                            <p><em>Cliquez sur la vid\u00e9o pour vivre la descente de Champbellet lors des premi\u00e8res glisses.\u00a0<\/em><\/p>\n\n                                        <\/div>\n                                                                    <\/div>\n                            <\/div>\n                                                                <\/div>\n    <\/div>\n\n\n<div class=\"GutCol2  GutContainer\">\n        <div class=\"GutCol2-container\">\n\n            \n                                                                                                        <div class=\"GutCol2-wrap GutCol2-blocTexte Left\">\n                                <div class=\"GutCol2-blocTexte--inner\">\n                                                                            <div class=\"GutTitle Left\">\n                    <h2 class=\"GutTitle-title\">\n                                    <span class=\"GutTitle-surtitle\">premi\u00e8res<\/span>\n                                                        sensations\n                            <\/h2>\n                    <\/div>\n                                                                                                                                                    <div class=\"GutCol2-text Content\">\n                                            <p><em>Cliquez sur la vid\u00e9o pour d\u00e9couvrir les progressions sur la piste de ski de Champbellet.<\/em><\/p>\n\n                                        <\/div>\n                                                                    <\/div>\n                            <\/div>\n                                                                                                                                                        <div class=\"GutCol2-wrap GutCol2-video Right __video_parent\">\n                                                                                                                <picture class=\"GutCol2-picture __video_open\">\n                                            <img decoding=\"async\" class=\"GutCol2-img\"\n                                                 src=\"https:\/\/www.hautesvallees.com\/content\/uploads\/sites\/3\/2025\/02\/Ski-alpin-Champbellet-Nevache-S.MORATTEL-8-1-scaled-1-510x710.jpg\"\n                                                 alt=\"Ski alpin - Champbellet Nevache - S.MORATTEL (8) (1)\" \/>\n                                        <\/picture>\n                                                                                                                <div class=\"GutCol2-videoOut __video_out\">\n                                            <iframe class='Video' width='1920' height='1080' src='https:\/\/youtube.com\/embed\/V8BlgNvHeUU?&#038;rel=0' frameborder='0' controls='0' allow='accelerometer; encrypted-media; gyroscope; picture-in-picture' allowfullscreen><\/iframe>\n                                        <\/div>\n                                                                    <\/div>\n                                                                                            <\/div>\n    <\/div>\n\n\n<div class=\"GutCol2  GutContainer\">\n        <div class=\"GutCol2-container\">\n\n            <div class=\"GutTitle Left\">\n                    <h2 class=\"GutTitle-title\">\n                                    <span class=\"GutTitle-surtitle\">Un espace ludique<\/span>\n                                                        Piste de luge et espace de pique-nique\n                            <\/h2>\n                    <\/div>\n\n                                                                                                        <div class=\"GutCol2-wrap GutCol2-blocTexte Left\">\n                                <div class=\"GutCol2-blocTexte--inner\">\n                                                                                                                <div class=\"GutCol2-intro\">Au pied de la piste verte de Champbellet, d\u00e9couvrez un espace ludique pour profiter d&rsquo;une journ\u00e9e en famille. <\/div>\n                                                                                                                <div class=\"GutCol2-text Content\">\n                                            <p>Une piste de luge et un fil-neige (r\u00e9serv\u00e9 aux moniteurs de l&rsquo;ESF) existent au pied de la piste de ski alpin de Champbellet. Un espace ludique pour une journ\u00e9e d&rsquo;apprentissage en famille r\u00e9ussi !<\/p>\n<p>Vous trouverez \u00e9galement des tables de pique-nique pour profiter d&rsquo;une journ\u00e9e enti\u00e8re en famille \u00e0 Champbellet.<\/p>\n\n                                        <\/div>\n                                                                    <\/div>\n                            <\/div>\n                                                                                                                                                        <div class=\"GutCol2-wrap GutCol2-blocImage Right\">\n                                    <picture class=\"GutCol2-picture\">\n                                        <img decoding=\"async\" src=\"https:\/\/www.hautesvallees.com\/content\/uploads\/sites\/3\/2025\/02\/Val-des-pres-Hiver-Famille-en-luge-_-alpesphotogrphies.com-1-optimise-web-664x480.jpg\"\n                                             alt=\"Val-des-pr\u00e9s Hiver Famille en luge _ alpesphotogrphies.com (1) (optimis\u00e9 web)\" \/>\n                                    <\/picture>\n                                                                            <span class=\"GutCol2-credit\">\u00a9 Alpes Photographies<\/span>\n                                                                    <\/div>\n                                                                                            <\/div>\n    <\/div>\n\n\n<div class=\"GutPeleMele  GutContainer-full\">\n        <div class=\"GutPeleMele-inner\">\n            <div class=\"GutTitle Center\">\n                    <h2 class=\"GutTitle-title\">\n                                    <span class=\"GutTitle-surtitle\">Vous aimerez<\/span>\n                                                        aussi\n                            <\/h2>\n                    <\/div>\n                            <div class=\"GutPeleMele-grid\">\n                                                                        <a class=\"GutPeleMele-tile\" href=\"https:\/\/www.hautesvallees.com\/la-claree\/que-faire\/en-hiver\/nordique-nevache\/\" target=\"\" title=\"Nordique N\u00e9vache\">\n                                                    <img decoding=\"async\" class=\"GutPeleMele-tile--image\" src=\"https:\/\/www.hautesvallees.com\/content\/uploads\/sites\/3\/2025\/02\/Shooting-ski-de-fond-Nevache-35-1-scaled-1.jpg\" alt=\"\">\n                            <span class=\"GutPeleMele-tile--title\">Domaine nordique de N\u00e9vache<\/span>\n                                                    <\/a>\n                                                                                                <a class=\"GutPeleMele-tile\" href=\"https:\/\/www.hautesvallees.com\/la-claree\/que-faire\/en-hiver\/raquettes\/\" target=\"\" title=\"Raquettes\">\n                                                    <img decoding=\"async\" class=\"GutPeleMele-tile--image\" src=\"https:\/\/www.hautesvallees.com\/content\/uploads\/sites\/3\/2025\/02\/S.Morattel-Raquettes-Col-de-lEchelle-Hiver11-1-1-scaled-1.jpg\" alt=\"S.Morattel-Raquettes Col de lEchelle-Hiver11 (1) (1)\">\n                            <span class=\"GutPeleMele-tile--title\">Raquettes<\/span>\n                                                    <\/a>\n                                                                                                <a class=\"GutPeleMele-tile\" href=\"https:\/\/www.hautesvallees.com\/la-claree\/que-faire\/en-hiver\/nordique-val-des-pres\/\" target=\"\" title=\"Nordique val-des-Pr\u00e9s\">\n                                                    <img decoding=\"async\" class=\"GutPeleMele-tile--image\" src=\"https:\/\/www.hautesvallees.com\/content\/uploads\/sites\/3\/2025\/02\/Claree-alpesphotographies.com-7-scaled-e1705933909907.jpg\" alt=\"\">\n                            <span class=\"GutPeleMele-tile--title\">Domaine nordique de Val-des-Pr\u00e9s<\/span>\n                                                    <\/a>\n                                                                                                <a class=\"GutPeleMele-tile\" href=\"https:\/\/www.hautesvallees.com\/la-claree\/que-faire\/en-ete\/itinerances-en-claree\/\" target=\"\" title=\"Itin\u00e9rances\">\n                                                    <img decoding=\"async\" class=\"GutPeleMele-tile--image\" src=\"https:\/\/www.hautesvallees.com\/content\/uploads\/sites\/3\/2025\/01\/Claree-les-lacs-rond-long-muande-madeleine-_-Alpesphotographies.com-39.jpg\" alt=\"Itin\u00e9rances en Clar\u00e9e - les lacs rond, long, muande, madeleine _ Alpesphotographies.com\">\n                            <span class=\"GutPeleMele-tile--title\">Itin\u00e9rances<\/span>\n                                                    <\/a>\n                                                                                                <a class=\"GutPeleMele-tile\" href=\"https:\/\/www.hautesvallees.com\/la-claree\/que-faire\/en-ete\/cyclisme-en-claree\/\" target=\"\" title=\"Cyclisme\">\n                                                    <img decoding=\"async\" class=\"GutPeleMele-tile--image\" src=\"https:\/\/www.hautesvallees.com\/content\/uploads\/sites\/3\/2025\/02\/Col-Izoard-_-Alpesphotographies.com-122-optimise-web.jpg\" alt=\"Col Izoard cyclisme - Alpes Photographies - Que faire en Izoard\">\n                            <span class=\"GutPeleMele-tile--title\">Cyclisme<\/span>\n                                                    <\/a>\n                                                                                                <a class=\"GutPeleMele-tile\" href=\"https:\/\/www.hautesvallees.com\/la-claree\/que-faire\/en-ete\/escalade-via-ferrata-canyon-en-claree\/\" target=\"\" title=\"Escalade, via ferrata, canyoning\">\n                                                    <img decoding=\"async\" class=\"GutPeleMele-tile--image\" src=\"https:\/\/www.hautesvallees.com\/content\/uploads\/sites\/3\/2025\/02\/S.morattel-Escalade-enfants-Plampinet.jpeg\" alt=\"S.morattel-Escalade enfants-Plampinet\">\n                            <span class=\"GutPeleMele-tile--title\">Escalade, via, canyoning<\/span>\n                                                    <\/a>\n                                                            <\/div>\n                    <\/div>\n\n    <\/div>\n","protected":false},"excerpt":{"rendered":"","protected":false},"author":9,"featured_media":2635,"parent":932,"menu_order":2,"comment_status":"closed","ping_status":"closed","template":"","meta":{"_acf_changed":false,"footnotes":""},"class_list":["post-935","page","type-page","status-publish","has-post-thumbnail","hentry"],"acf":[],"_links":{"self":[{"href":"https:\/\/www.hautesvallees.com\/la-claree\/wp-json\/wp\/v2\/pages\/935","targetHints":{"allow":["GET"]}}],"collection":[{"href":"https:\/\/www.hautesvallees.com\/la-claree\/wp-json\/wp\/v2\/pages"}],"about":[{"href":"https:\/\/www.hautesvallees.com\/la-claree\/wp-json\/wp\/v2\/types\/page"}],"author":[{"embeddable":true,"href":"https:\/\/www.hautesvallees.com\/la-claree\/wp-json\/wp\/v2\/users\/9"}],"replies":[{"embeddable":true,"href":"https:\/\/www.hautesvallees.com\/la-claree\/wp-json\/wp\/v2\/comments?post=935"}],"version-history":[{"count":17,"href":"https:\/\/www.hautesvallees.com\/la-claree\/wp-json\/wp\/v2\/pages\/935\/revisions"}],"predecessor-version":[{"id":37658,"href":"https:\/\/www.hautesvallees.com\/la-claree\/wp-json\/wp\/v2\/pages\/935\/revisions\/37658"}],"up":[{"embeddable":true,"href":"https:\/\/www.hautesvallees.com\/la-claree\/wp-json\/wp\/v2\/pages\/932"}],"wp:featuredmedia":[{"embeddable":true,"href":"https:\/\/www.hautesvallees.com\/la-claree\/wp-json\/wp\/v2\/media\/2635"}],"wp:attachment":[{"href":"https:\/\/www.hautesvallees.com\/la-claree\/wp-json\/wp\/v2\/media?parent=935"}],"curies":[{"name":"wp","href":"https:\/\/api.w.org\/{rel}","templated":true}]}}