{"id":924,"date":"2024-04-10T15:21:33","date_gmt":"2024-04-10T13:21:28","guid":{"rendered":"https:\/\/www.hautesvallees.com\/la-claree\/?page_id=924"},"modified":"2026-07-30T16:24:58","modified_gmt":"2026-07-30T14:24:58","slug":"vacances-en-famille-en-claree","status":"publish","type":"page","link":"https:\/\/www.hautesvallees.com\/la-claree\/que-faire\/en-ete\/vacances-en-famille-en-claree\/","title":{"rendered":"Vacances d&rsquo;\u00e9t\u00e9 en famille dans la vall\u00e9e de la Clar\u00e9e"},"content":{"rendered":"<div class=\"GutText  GutContainer\">\n        <div class=\"GutText-inner\">\n            <div class=\"GutTitle Center\">\n                    <h2 class=\"GutTitle-title\">\n                                    <span class=\"GutTitle-surtitle\">Vos vacances d&#039;\u00e9t\u00e9<\/span>\n                                                        avec votre tribu !\n                            <\/h2>\n                    <\/div>\n                                        <div class=\"GutText-wysiwyg Content\">\n                    <p class=\"PDq2pG_selectionAnchorContainer\" style=\"text-align: center;\" data-start=\"959\" data-end=\"1291\">Les vacances d&rsquo;\u00e9t\u00e9 en famille dans la vall\u00e9e de la Clar\u00e9e sont l&rsquo;occasion de partager des moments simples au c\u0153ur d&rsquo;une nature pr\u00e9serv\u00e9e. Entre randonn\u00e9es faciles, d\u00e9couverte des lacs d&rsquo;altitude, rencontres avec les animaux, balades \u00e0 v\u00e9lo, activit\u00e9s ludiques et grands espaces, petits et grands trouvent facilement de quoi s&rsquo;\u00e9merveiller.<\/p>\n<p style=\"text-align: center;\" data-start=\"1293\" data-end=\"1672\">Situ\u00e9e dans les Hautes-Alpes, la vall\u00e9e de la Clar\u00e9e est une destination id\u00e9ale pour les familles qui recherchent des vacances au calme, loin de l&rsquo;agitation des grandes stations. Ici, les enfants d\u00e9couvrent la montagne autrement : observer les marmottes, jouer au bord d&rsquo;un torrent, pique-niquer dans un alpage ou encore partir \u00e0 l&rsquo;aventure sur les nombreux sentiers accessibles.<\/p>\n<p style=\"text-align: center;\" data-start=\"1674\" data-end=\"1927\">Que vous soyez en s\u00e9jour \u00e0 N\u00e9vache ou Val-des-Pr\u00e9s pour une journ\u00e9e, un week-end ou une semaine, de nombreuses activit\u00e9s adapt\u00e9es aux enfants vous attendent. Cette s\u00e9lection vous permettra d&rsquo;organiser facilement votre programme selon l&rsquo;\u00e2ge de vos enfants et vos envies.<\/p>\n\n                <\/div>\n                    <\/div>\n    <\/div>\n\n\n\n<div class=\"ApiListing __altimax_listing \" data-js=\"{&quot;action_load&quot;:&quot;apidae_listing_load&quot;,&quot;action_map_tiles&quot;:&quot;apidae_listing_load_map_tiles&quot;,&quot;action_filters&quot;:&quot;apidae_listing_filters&quot;,&quot;action_pdf&quot;:&quot;apidae_listing_pdf&quot;,&quot;post_id&quot;:924,&quot;blog_id&quot;:3,&quot;uid&quot;:1,&quot;cache_key&quot;:&quot;faa2df1c43ccdf77e130f3a23327ac1e&quot;,&quot;is_agenda&quot;:false,&quot;listing_mode&quot;:&quot;listing&quot;,&quot;use_filters&quot;:true,&quot;use_share&quot;:true,&quot;paginator&quot;:{&quot;currentPage&quot;:1,&quot;maxPerPage&quot;:12,&quot;count&quot;:14,&quot;totalPages&quot;:2,&quot;nextPage&quot;:2,&quot;html&quot;:&quot;    &lt;li class=\\&quot;Paginator-page __altimax_listing_load active\\&quot;\\n        data-index=\\&quot;1\\&quot; &gt;\\n        &lt;span&gt;1&lt;\\\/span&gt;\\n    &lt;\\\/li&gt;\\n    &lt;li class=\\&quot;Paginator-page __altimax_listing_load \\&quot;\\n        data-index=\\&quot;2\\&quot; &gt;\\n        &lt;span&gt;2&lt;\\\/span&gt;\\n    &lt;\\\/li&gt;\\n&quot;},&quot;ajax_url&quot;:&quot;https:\\\/\\\/www.hautesvallees.com\\\/\\\/la-claree\\\/wp-admin\\\/admin-ajax.php&quot;,&quot;lang&quot;:&quot;fr&quot;}\">\n    <div class=\"ApiListingLoader __altimax_loader\">\n        <div class=\"ApiListingLoader-container\">\n            <div class=\"ApiListingLoader-ring\"><\/div>\n        <\/div>\n    <\/div>\n                    \n                    \n                    \n                                                    <div class=\"ApiListing-container\">\n        <div class=\"ApiListing-control container_full \">\n                                        <button class=\"ApiListing-share desktop Button-border __altimax_listing_url\">\n                    <span data-text-valid=\"Copi\u00e9e dans le presse-papier\"\n                          data-text-unvalid=\"Aucune recherche !\">\n                        Partager ma recherche\n                    <\/span>\n                <\/button>\n                                        <button class=\"ApiListing-pdf desktop Button-border __altimax_listing_pdf\">T\u00e9l\u00e9charger<\/button>\n                                                                                                    <div class=\"ApiListing-result\">\n                <div class=\"ApiListing-result--number __altimax_listing_count\">14<\/div>\n                R\u00e9sultats\n            <\/div>\n                    <\/div>\n\n        <div class=\"ApiListing-wrapper container_full filter \">\n                <div class=\"ApiListingFilter __altimax_filters\">\n        <div class=\"ApiListingFilter-container\">\n            <div class=\"ApiListingFilter-content\">\n                <div class=\"ApiListingFilter-top\">\n                    <div class=\"ApiListingFilter-col\">\n                        <span class=\"ApiListingFilter-title\">Filtrer votre recherche<\/span>\n                        <button class=\"ApiListingFilter-reinit __altimax_filters_reset\">\n                            <img decoding=\"async\" class=\"ApiListingFilter-reinit--svg svg\"\n                                 src=\"\/content\/themes\/theme_altimax\/dist\/img\/apidae\/system\/SYSTEM-CTA-Cross-18px.svg\"\/>\n                            R\u00e9initialiser les filtres\n                        <\/button>\n                    <\/div>\n                    <button class=\"ApiListingFilter-close __altimax_toggle_filters\"><\/button>\n                <\/div>\n                <div class=\"ApiListingFilter-wrapper __altimax_filters_content\">\n                                            <div class=\"ApiListingFilter-group __altimax_filters_filter_group\"\n                 data-group='{&quot;name&quot;:&quot;Communes&quot;,&quot;uid&quot;:&quot;communes_list&quot;,&quot;description&quot;:null,&quot;config&quot;:{&quot;order&quot;:&quot;desc&quot;,&quot;order_by&quot;:&quot;alphabetic&quot;,&quot;combination&quot;:&quot;and&quot;,&quot;template&quot;:&quot;list&quot;,&quot;keep_filters&quot;:true},&quot;filters&quot;:[{&quot;index&quot;:0,&quot;name&quot;:null,&quot;translate&quot;:false,&quot;type&quot;:&quot;commune&quot;,&quot;strict&quot;:true,&quot;values&quot;:[{&quot;active&quot;:false,&quot;count&quot;:2,&quot;name&quot;:&quot;Montgen\\u00e8vre&quot;,&quot;type&quot;:&quot;commune&quot;,&quot;values&quot;:[1836]},{&quot;active&quot;:false,&quot;count&quot;:9,&quot;name&quot;:&quot;N\\u00e9vache&quot;,&quot;type&quot;:&quot;commune&quot;,&quot;values&quot;:[1844]},{&quot;active&quot;:false,&quot;count&quot;:1,&quot;name&quot;:&quot;Puy-Saint-Andr\\u00e9&quot;,&quot;type&quot;:&quot;commune&quot;,&quot;values&quot;:[1857]},{&quot;active&quot;:false,&quot;count&quot;:1,&quot;name&quot;:&quot;Puy-Saint-Pierre&quot;,&quot;type&quot;:&quot;commune&quot;,&quot;values&quot;:[1859]},{&quot;active&quot;:false,&quot;count&quot;:1,&quot;name&quot;:&quot;Val-des-Pr\\u00e9s&quot;,&quot;type&quot;:&quot;commune&quot;,&quot;values&quot;:[1922]}],&quot;template&quot;:&quot;list&quot;,&quot;count&quot;:14,&quot;config&quot;:{&quot;is_custom&quot;:false}}],&quot;count&quot;:14}'>\n                <div class=\"ApiListingFilter-group--wrapper \">\n    <span class=\"ApiListingFilter-group--title __accordion\">Communes<\/span>\n    <div class=\"ApiListingFilter-group--wrap\">\n        <ul class=\"ApiListingFilter-group--list\">\n                            <li class=\"ApiListingFilter-criteria--item\">\n        <ul class=\"ApiListingFilter-criteria--list\">\n                    <li class=\"ApiListingFilter-criteria--item\">\n                <span class=\"ApiListingFilter-checkbox __altimax_filters_value \"\n                      data-value='{&quot;active&quot;:false,&quot;count&quot;:2,&quot;name&quot;:&quot;Montgen\\u00e8vre&quot;,&quot;type&quot;:&quot;commune&quot;,&quot;values&quot;:[1836]}'>\n                    <span class=\"box\"><\/span>\n                    <span class=\"ApiListingFilter-checkbox--value\">\n                        Montgen\u00e8vre\n                                            <\/span>\n                <\/span>\n            <\/li>\n                    <li class=\"ApiListingFilter-criteria--item\">\n                <span class=\"ApiListingFilter-checkbox __altimax_filters_value \"\n                      data-value='{&quot;active&quot;:false,&quot;count&quot;:9,&quot;name&quot;:&quot;N\\u00e9vache&quot;,&quot;type&quot;:&quot;commune&quot;,&quot;values&quot;:[1844]}'>\n                    <span class=\"box\"><\/span>\n                    <span class=\"ApiListingFilter-checkbox--value\">\n                        N\u00e9vache\n                                            <\/span>\n                <\/span>\n            <\/li>\n                    <li class=\"ApiListingFilter-criteria--item\">\n                <span class=\"ApiListingFilter-checkbox __altimax_filters_value \"\n                      data-value='{&quot;active&quot;:false,&quot;count&quot;:1,&quot;name&quot;:&quot;Puy-Saint-Andr\\u00e9&quot;,&quot;type&quot;:&quot;commune&quot;,&quot;values&quot;:[1857]}'>\n                    <span class=\"box\"><\/span>\n                    <span class=\"ApiListingFilter-checkbox--value\">\n                        Puy-Saint-Andr\u00e9\n                                            <\/span>\n                <\/span>\n            <\/li>\n                    <li class=\"ApiListingFilter-criteria--item\">\n                <span class=\"ApiListingFilter-checkbox __altimax_filters_value \"\n                      data-value='{&quot;active&quot;:false,&quot;count&quot;:1,&quot;name&quot;:&quot;Puy-Saint-Pierre&quot;,&quot;type&quot;:&quot;commune&quot;,&quot;values&quot;:[1859]}'>\n                    <span class=\"box\"><\/span>\n                    <span class=\"ApiListingFilter-checkbox--value\">\n                        Puy-Saint-Pierre\n                                            <\/span>\n                <\/span>\n            <\/li>\n                    <li class=\"ApiListingFilter-criteria--item\">\n                <span class=\"ApiListingFilter-checkbox __altimax_filters_value \"\n                      data-value='{&quot;active&quot;:false,&quot;count&quot;:1,&quot;name&quot;:&quot;Val-des-Pr\\u00e9s&quot;,&quot;type&quot;:&quot;commune&quot;,&quot;values&quot;:[1922]}'>\n                    <span class=\"box\"><\/span>\n                    <span class=\"ApiListingFilter-checkbox--value\">\n                        Val-des-Pr\u00e9s\n                                            <\/span>\n                <\/span>\n            <\/li>\n            <\/ul>\n<\/li>                    <\/ul>\n    <\/div>\n<\/div>            <\/div>\n            \n\n                <\/div>\n                <div class=\"ApiListingFilter-wrapper\">\n                        <div class=\"ApiListing-wrap ApiListingFilter-wrap\">\n                    <button class=\"ApiListing-share ApiListingFilter-share mobile Button-border __altimax_listing_url\">\n                <span data-text-valid=\"Copi\u00e9e dans le presse-papier\"\n                      data-text-unvalid=\"Aucune recherche !\">\n                    Partager ma recherche\n                <\/span>\n            <\/button>\n                            <button class=\"ApiListing-pdf ApiListingFilter-pdf mobile Button-border __altimax_listing_pdf\">T\u00e9l\u00e9charger<\/button>\n            <\/div>\n\n                <\/div>\n            <\/div>\n            <button class=\"ApiListingFilter-close--btn Button-full __altimax_toggle_filters\">Voir les r\u00e9sultats<\/button>\n        <\/div>\n        <div class=\"ApiListingFilter-overflow __altimax_toggle_filters\"><\/div>\n    <\/div>\n\n                            <ul class=\"ApiListing-list __altimax_listing_content\">\n                                            <!-- Generer le: 2026-09-05 16:03:39 -->\n<!-- Blog: La Clar\u00e9e - 3 -->\n<li class=\"ApiTile ApiTileDefault __altimax_listing_item  \"\n    data-roadbook-item=\"5594403\"\n    data-apidae=\"5594403\"\n    data-event-category=\"Apidae affichage\"\n    data-event-action=\"vue teaser\"\n    data-event-label=\"5594403 : Randonn\u00e9es - Terres de Trek\">\n    <a href=\"https:\/\/www.hautesvallees.com\/la-claree\/activite\/randonnees-terres-de-trek-nevache\" class=\"ApiTile-link ApiTileDefault-link\" title=\"Randonn\u00e9es - Terres de Trek\">\n            <span class=\"ApiTile-location ApiTileDefault-location\">\n        N\u00e9vache\n    <\/span>\n\n            <button class=\"__gtm_track_click __altimax_favory ApiTile-fav ApiTileDefault-fav Favourite\"\n            data-apidae=\"5594403\"\n            title=\"Ajoutez aux favoris\"\n            data-txtajouter=\"Ajoutez aux favoris\"\n            data-txtretirer=\"Retirez des favoris\"\n            data-event-category=\"Apidae fiche objet\"\n            data-event-action=\"ajout trip planner\"\n            data-event-label=\"5594403 : Randonn\u00e9es - Terres de Trek\">\n        <img decoding=\"async\" class=\"Favourite-border svg\"\n             src=\"\/content\/themes\/theme_altimax\/dist\/img\/apidae\/system\/SYSTEM-FavOff-30px.svg\"\/>\n        <img decoding=\"async\" class=\"Favourite-full svg\"\n             src=\"\/content\/themes\/theme_altimax\/dist\/img\/apidae\/system\/SYSTEM-FavOn-30px.svg\"\/>\n    <\/button>\n\n            <picture class=\"ApiTile-picture ApiTileDefault-picture\">\n        <img decoding=\"async\" class=\"ApiTile-img ApiTileAgenda-img\" src=\"\/cache\/images\/19926547_apidae-tile.webp\" alt=\"Randonn\u00e9es - Terres de Trek\">\n    <\/picture>\n\n        <div class=\"ApiTile-content ApiTileDefault-content\">\n                <span class=\"ApiTile-booking ApiTileDefault-booking\">\n        R\u00e9server\n    <\/span>\n\n            <div class=\"ApiTile-top ApiTileDefault-top\">\n                <span class=\"ApiTile-type ApiTileDefault-type\">\n                        activite\n            <\/span>                                            <\/div>\n\n            <h2 class=\"ApiTile-title ApiTileDefault-title\">Randonn\u00e9es &#8211; Terres de Trek<\/h2>\n                                        <ul class=\"ApiTile-categorie ApiTileDefault-categorie\">\n                                                <li class=\"ApiTile-categorie--item ApiTileDefault-categorie--item\">\n                        Pratique encadr\u00e9e\n                    <\/li>\n                                                                <li class=\"ApiTile-categorie--item ApiTileDefault-categorie--item\">\n                        Mat\u00e9riel fourni\n                    <\/li>\n                                    <\/ul>\n                \n                                <\/div>\n    <\/a>\n<\/li>\n\n                                            <!-- Generer le: 2026-09-05 16:03:39 -->\n<!-- Blog: La Clar\u00e9e - 3 -->\n<li class=\"ApiTile ApiTileDefault __altimax_listing_item  \"\n    data-roadbook-item=\"5448122\"\n    data-apidae=\"5448122\"\n    data-event-category=\"Apidae affichage\"\n    data-event-action=\"vue teaser\"\n    data-event-label=\"5448122 : Canyoning - Passion Outdoor\">\n    <a href=\"https:\/\/www.hautesvallees.com\/la-claree\/activite\/canyoning-passion-outdoor-nevache\" class=\"ApiTile-link ApiTileDefault-link\" title=\"Canyoning - Passion Outdoor\">\n            <span class=\"ApiTile-location ApiTileDefault-location\">\n        N\u00e9vache\n    <\/span>\n\n            <button class=\"__gtm_track_click __altimax_favory ApiTile-fav ApiTileDefault-fav Favourite\"\n            data-apidae=\"5448122\"\n            title=\"Ajoutez aux favoris\"\n            data-txtajouter=\"Ajoutez aux favoris\"\n            data-txtretirer=\"Retirez des favoris\"\n            data-event-category=\"Apidae fiche objet\"\n            data-event-action=\"ajout trip planner\"\n            data-event-label=\"5448122 : Canyoning - Passion Outdoor\">\n        <img decoding=\"async\" class=\"Favourite-border svg\"\n             src=\"\/content\/themes\/theme_altimax\/dist\/img\/apidae\/system\/SYSTEM-FavOff-30px.svg\"\/>\n        <img decoding=\"async\" class=\"Favourite-full svg\"\n             src=\"\/content\/themes\/theme_altimax\/dist\/img\/apidae\/system\/SYSTEM-FavOn-30px.svg\"\/>\n    <\/button>\n\n            <picture class=\"ApiTile-picture ApiTileDefault-picture\">\n        <img decoding=\"async\" class=\"ApiTile-img ApiTileAgenda-img\" src=\"\/cache\/images\/33007808_apidae-tile.webp\" alt=\"Canyoning - Passion Outdoor\">\n    <\/picture>\n\n        <div class=\"ApiTile-content ApiTileDefault-content\">\n            \n            <div class=\"ApiTile-top ApiTileDefault-top\">\n                <span class=\"ApiTile-type ApiTileDefault-type\">\n                        activite\n            <\/span>                                            <\/div>\n\n            <h2 class=\"ApiTile-title ApiTileDefault-title\">Canyoning &#8211; Passion Outdoor<\/h2>\n                                        <ul class=\"ApiTile-categorie ApiTileDefault-categorie\">\n                                                <li class=\"ApiTile-categorie--item ApiTileDefault-categorie--item\">\n                        Cours\n                    <\/li>\n                                                                <li class=\"ApiTile-categorie--item ApiTileDefault-categorie--item\">\n                        Cours collectif\n                    <\/li>\n                                    <\/ul>\n                \n                                <\/div>\n    <\/a>\n<\/li>\n\n                                            <!-- Generer le: 2026-09-05 16:03:37 -->\n<!-- Blog: La Clar\u00e9e - 3 -->\n<li class=\"ApiTile ApiTileDefault __altimax_listing_item  \"\n    data-roadbook-item=\"7848546\"\n    data-apidae=\"7848546\"\n    data-event-category=\"Apidae affichage\"\n    data-event-action=\"vue teaser\"\n    data-event-label=\"7848546 : Balade en cal\u00e8che\">\n    <a href=\"https:\/\/www.hautesvallees.com\/la-claree\/activite\/balade-en-caleche-nevache\" class=\"ApiTile-link ApiTileDefault-link\" title=\"Balade en cal\u00e8che\">\n            <span class=\"ApiTile-location ApiTileDefault-location\">\n        N\u00e9vache\n    <\/span>\n\n            <button class=\"__gtm_track_click __altimax_favory ApiTile-fav ApiTileDefault-fav Favourite\"\n            data-apidae=\"7848546\"\n            title=\"Ajoutez aux favoris\"\n            data-txtajouter=\"Ajoutez aux favoris\"\n            data-txtretirer=\"Retirez des favoris\"\n            data-event-category=\"Apidae fiche objet\"\n            data-event-action=\"ajout trip planner\"\n            data-event-label=\"7848546 : Balade en cal\u00e8che\">\n        <img decoding=\"async\" class=\"Favourite-border svg\"\n             src=\"\/content\/themes\/theme_altimax\/dist\/img\/apidae\/system\/SYSTEM-FavOff-30px.svg\"\/>\n        <img decoding=\"async\" class=\"Favourite-full svg\"\n             src=\"\/content\/themes\/theme_altimax\/dist\/img\/apidae\/system\/SYSTEM-FavOn-30px.svg\"\/>\n    <\/button>\n\n            <picture class=\"ApiTile-picture ApiTileDefault-picture\">\n        <img decoding=\"async\" class=\"ApiTile-img ApiTileAgenda-img\" src=\"\/cache\/images\/39472873_apidae-tile.webp\" alt=\"Balade en cal\u00e8che\">\n    <\/picture>\n\n        <div class=\"ApiTile-content ApiTileDefault-content\">\n            \n            <div class=\"ApiTile-top ApiTileDefault-top\">\n                <span class=\"ApiTile-type ApiTileDefault-type\">\n                        activite\n            <\/span>                                            <\/div>\n\n            <h2 class=\"ApiTile-title ApiTileDefault-title\">Balade en cal\u00e8che<\/h2>\n                                        <ul class=\"ApiTile-categorie ApiTileDefault-categorie\">\n                                                <li class=\"ApiTile-categorie--item ApiTileDefault-categorie--item\">\n                        Pratique encadr\u00e9e\n                    <\/li>\n                                                                <li class=\"ApiTile-categorie--item ApiTileDefault-categorie--item\">\n                        En semaine\n                    <\/li>\n                                                                <li class=\"ApiTile-categorie--item ApiTileDefault-categorie--item\">\n                        En week-end\n                    <\/li>\n                                    <\/ul>\n                \n                                <\/div>\n    <\/a>\n<\/li>\n\n                                            <!-- Generer le: 2026-09-05 16:03:39 -->\n<!-- Blog: La Clar\u00e9e - 3 -->\n<li class=\"ApiTile ApiTileDefault __altimax_listing_item  \"\n    data-roadbook-item=\"5803338\"\n    data-apidae=\"5803338\"\n    data-event-category=\"Apidae affichage\"\n    data-event-action=\"vue teaser\"\n    data-event-label=\"5803338 : Soft Arc - Tir \u00e0 l&#039;arc\">\n    <a href=\"https:\/\/www.hautesvallees.com\/la-claree\/activite\/soft-arc-tir-a-larc-montgenevre\" class=\"ApiTile-link ApiTileDefault-link\" title=\"Soft Arc - Tir \u00e0 l&#039;arc\">\n            <span class=\"ApiTile-location ApiTileDefault-location\">\n        Montgen\u00e8vre\n    <\/span>\n\n            <button class=\"__gtm_track_click __altimax_favory ApiTile-fav ApiTileDefault-fav Favourite\"\n            data-apidae=\"5803338\"\n            title=\"Ajoutez aux favoris\"\n            data-txtajouter=\"Ajoutez aux favoris\"\n            data-txtretirer=\"Retirez des favoris\"\n            data-event-category=\"Apidae fiche objet\"\n            data-event-action=\"ajout trip planner\"\n            data-event-label=\"5803338 : Soft Arc - Tir \u00e0 l&#039;arc\">\n        <img decoding=\"async\" class=\"Favourite-border svg\"\n             src=\"\/content\/themes\/theme_altimax\/dist\/img\/apidae\/system\/SYSTEM-FavOff-30px.svg\"\/>\n        <img decoding=\"async\" class=\"Favourite-full svg\"\n             src=\"\/content\/themes\/theme_altimax\/dist\/img\/apidae\/system\/SYSTEM-FavOn-30px.svg\"\/>\n    <\/button>\n\n            <picture class=\"ApiTile-picture ApiTileDefault-picture\">\n        <img decoding=\"async\" class=\"ApiTile-img ApiTileAgenda-img\" src=\"\/cache\/images\/17261546_apidae-tile.webp\" alt=\"Soft Arc - Tir \u00e0 l&#039;arc\">\n    <\/picture>\n\n        <div class=\"ApiTile-content ApiTileDefault-content\">\n            \n            <div class=\"ApiTile-top ApiTileDefault-top\">\n                <span class=\"ApiTile-type ApiTileDefault-type\">\n                        activite\n            <\/span>                                            <\/div>\n\n            <h2 class=\"ApiTile-title ApiTileDefault-title\">Soft Arc &#8211; Tir \u00e0 l&#039;arc<\/h2>\n                                        <ul class=\"ApiTile-categorie ApiTileDefault-categorie\">\n                                                <li class=\"ApiTile-categorie--item ApiTileDefault-categorie--item\">\n                        Pratique encadr\u00e9e\n                    <\/li>\n                                                                <li class=\"ApiTile-categorie--item ApiTileDefault-categorie--item\">\n                        Pratique surveill\u00e9e\n                    <\/li>\n                                                                <li class=\"ApiTile-categorie--item ApiTileDefault-categorie--item\">\n                        En semaine\n                    <\/li>\n                                                                <li class=\"ApiTile-categorie--item ApiTileDefault-categorie--item\">\n                        En week-end\n                    <\/li>\n                                                                                            <\/ul>\n                \n                                <\/div>\n    <\/a>\n<\/li>\n\n                                            <!-- Generer le: 2026-09-05 16:03:39 -->\n<!-- Blog: La Clar\u00e9e - 3 -->\n<li class=\"ApiTile ApiTileDefault __altimax_listing_item  \"\n    data-roadbook-item=\"5449484\"\n    data-apidae=\"5449484\"\n    data-event-category=\"Apidae affichage\"\n    data-event-action=\"vue teaser\"\n    data-event-label=\"5449484 : Biathlon d&#039;\u00e9t\u00e9 : tir \u00e0 la carabine et course \u00e0 pied avec Passion Outdoor\">\n    <a href=\"https:\/\/www.hautesvallees.com\/la-claree\/activite\/biathlon-dete-tir-a-la-carabine-et-course-a-pied-avec-passion-outdoor-nevache\" class=\"ApiTile-link ApiTileDefault-link\" title=\"Biathlon d&#039;\u00e9t\u00e9 : tir \u00e0 la carabine et course \u00e0 pied avec Passion Outdoor\">\n            <span class=\"ApiTile-location ApiTileDefault-location\">\n        N\u00e9vache\n    <\/span>\n\n            <button class=\"__gtm_track_click __altimax_favory ApiTile-fav ApiTileDefault-fav Favourite\"\n            data-apidae=\"5449484\"\n            title=\"Ajoutez aux favoris\"\n            data-txtajouter=\"Ajoutez aux favoris\"\n            data-txtretirer=\"Retirez des favoris\"\n            data-event-category=\"Apidae fiche objet\"\n            data-event-action=\"ajout trip planner\"\n            data-event-label=\"5449484 : Biathlon d&#039;\u00e9t\u00e9 : tir \u00e0 la carabine et course \u00e0 pied avec Passion Outdoor\">\n        <img decoding=\"async\" class=\"Favourite-border svg\"\n             src=\"\/content\/themes\/theme_altimax\/dist\/img\/apidae\/system\/SYSTEM-FavOff-30px.svg\"\/>\n        <img decoding=\"async\" class=\"Favourite-full svg\"\n             src=\"\/content\/themes\/theme_altimax\/dist\/img\/apidae\/system\/SYSTEM-FavOn-30px.svg\"\/>\n    <\/button>\n\n            <picture class=\"ApiTile-picture ApiTileDefault-picture\">\n        <img decoding=\"async\" class=\"ApiTile-img ApiTileAgenda-img\" src=\"\/cache\/images\/30873828_apidae-tile.webp\" alt=\"Biathlon d&#039;\u00e9t\u00e9 : tir \u00e0 la carabine et course \u00e0 pied avec Passion Outdoor\">\n    <\/picture>\n\n        <div class=\"ApiTile-content ApiTileDefault-content\">\n            \n            <div class=\"ApiTile-top ApiTileDefault-top\">\n                <span class=\"ApiTile-type ApiTileDefault-type\">\n                        activite\n            <\/span>                                            <\/div>\n\n            <h2 class=\"ApiTile-title ApiTileDefault-title\">Biathlon d&#039;\u00e9t\u00e9 : tir \u00e0 la carabine et&#8230;<\/h2>\n                                        <ul class=\"ApiTile-categorie ApiTileDefault-categorie\">\n                                                <li class=\"ApiTile-categorie--item ApiTileDefault-categorie--item\">\n                        Multiactivit\u00e9s\n                    <\/li>\n                                    <\/ul>\n                \n                                <\/div>\n    <\/a>\n<\/li>\n\n                                            <!-- Generer le: 2026-09-05 16:03:39 -->\n<!-- Blog: La Clar\u00e9e - 3 -->\n<li class=\"ApiTile ApiTileDefault __altimax_listing_item  \"\n    data-roadbook-item=\"6097813\"\n    data-apidae=\"6097813\"\n    data-event-category=\"Apidae affichage\"\n    data-event-action=\"vue teaser\"\n    data-event-label=\"6097813 : Randonn\u00e9e journ\u00e9e vers les lacs de la Clar\u00e9e - Terres de Trek\">\n    <a href=\"https:\/\/www.hautesvallees.com\/la-claree\/activite\/randonnee-journee-vers-les-lacs-de-la-claree-terres-de-trek-nevache\" class=\"ApiTile-link ApiTileDefault-link\" title=\"Randonn\u00e9e journ\u00e9e vers les lacs de la Clar\u00e9e - Terres de Trek\">\n            <span class=\"ApiTile-location ApiTileDefault-location\">\n        N\u00e9vache\n    <\/span>\n\n            <button class=\"__gtm_track_click __altimax_favory ApiTile-fav ApiTileDefault-fav Favourite\"\n            data-apidae=\"6097813\"\n            title=\"Ajoutez aux favoris\"\n            data-txtajouter=\"Ajoutez aux favoris\"\n            data-txtretirer=\"Retirez des favoris\"\n            data-event-category=\"Apidae fiche objet\"\n            data-event-action=\"ajout trip planner\"\n            data-event-label=\"6097813 : Randonn\u00e9e journ\u00e9e vers les lacs de la Clar\u00e9e - Terres de Trek\">\n        <img decoding=\"async\" class=\"Favourite-border svg\"\n             src=\"\/content\/themes\/theme_altimax\/dist\/img\/apidae\/system\/SYSTEM-FavOff-30px.svg\"\/>\n        <img decoding=\"async\" class=\"Favourite-full svg\"\n             src=\"\/content\/themes\/theme_altimax\/dist\/img\/apidae\/system\/SYSTEM-FavOn-30px.svg\"\/>\n    <\/button>\n\n            <picture class=\"ApiTile-picture ApiTileDefault-picture\">\n        <img decoding=\"async\" class=\"ApiTile-img ApiTileAgenda-img\" src=\"\/cache\/images\/19926940_apidae-tile.webp\" alt=\"Randonn\u00e9e journ\u00e9e vers les lacs de la Clar\u00e9e - Terres de Trek\">\n    <\/picture>\n\n        <div class=\"ApiTile-content ApiTileDefault-content\">\n                <span class=\"ApiTile-booking ApiTileDefault-booking\">\n        R\u00e9server\n    <\/span>\n\n            <div class=\"ApiTile-top ApiTileDefault-top\">\n                <span class=\"ApiTile-type ApiTileDefault-type\">\n                        activite\n            <\/span>                                            <\/div>\n\n            <h2 class=\"ApiTile-title ApiTileDefault-title\">Randonn\u00e9e journ\u00e9e vers les lacs de la&#8230;<\/h2>\n                                        <ul class=\"ApiTile-categorie ApiTileDefault-categorie\">\n                                                <li class=\"ApiTile-categorie--item ApiTileDefault-categorie--item\">\n                        Pratique encadr\u00e9e\n                    <\/li>\n                                    <\/ul>\n                \n                                <\/div>\n    <\/a>\n<\/li>\n\n                                            <!-- Generer le: 2026-09-05 16:03:39 -->\n<!-- Blog: La Clar\u00e9e - 3 -->\n<li class=\"ApiTile ApiTileDefault __altimax_listing_item  \"\n    data-roadbook-item=\"5025733\"\n    data-apidae=\"5025733\"\n    data-event-category=\"Apidae affichage\"\n    data-event-action=\"vue teaser\"\n    data-event-label=\"5025733 : Stage d&#039;\u00e9t\u00e9 Multi-Sports aux Alberts\">\n    <a href=\"https:\/\/www.hautesvallees.com\/la-claree\/activite\/stage-dete-multi-sports-aux-alberts-montgenevre\" class=\"ApiTile-link ApiTileDefault-link\" title=\"Stage d&#039;\u00e9t\u00e9 Multi-Sports aux Alberts\">\n            <span class=\"ApiTile-location ApiTileDefault-location\">\n        Montgen\u00e8vre\n    <\/span>\n\n            <button class=\"__gtm_track_click __altimax_favory ApiTile-fav ApiTileDefault-fav Favourite\"\n            data-apidae=\"5025733\"\n            title=\"Ajoutez aux favoris\"\n            data-txtajouter=\"Ajoutez aux favoris\"\n            data-txtretirer=\"Retirez des favoris\"\n            data-event-category=\"Apidae fiche objet\"\n            data-event-action=\"ajout trip planner\"\n            data-event-label=\"5025733 : Stage d&#039;\u00e9t\u00e9 Multi-Sports aux Alberts\">\n        <img decoding=\"async\" class=\"Favourite-border svg\"\n             src=\"\/content\/themes\/theme_altimax\/dist\/img\/apidae\/system\/SYSTEM-FavOff-30px.svg\"\/>\n        <img decoding=\"async\" class=\"Favourite-full svg\"\n             src=\"\/content\/themes\/theme_altimax\/dist\/img\/apidae\/system\/SYSTEM-FavOn-30px.svg\"\/>\n    <\/button>\n\n            <picture class=\"ApiTile-picture ApiTileDefault-picture\">\n        <img decoding=\"async\" class=\"ApiTile-img ApiTileAgenda-img\" src=\"\/cache\/images\/8564468_apidae-tile.webp\" alt=\"Stage d&#039;\u00e9t\u00e9 Multi-Sports aux Alberts\">\n    <\/picture>\n\n        <div class=\"ApiTile-content ApiTileDefault-content\">\n            \n            <div class=\"ApiTile-top ApiTileDefault-top\">\n                <span class=\"ApiTile-type ApiTileDefault-type\">\n                        activite\n            <\/span>                                            <\/div>\n\n            <h2 class=\"ApiTile-title ApiTileDefault-title\">Stage d&#039;\u00e9t\u00e9 Multi-Sports aux Alberts<\/h2>\n                                        <ul class=\"ApiTile-categorie ApiTileDefault-categorie\">\n                                                <li class=\"ApiTile-categorie--item ApiTileDefault-categorie--item\">\n                        Multiactivit\u00e9s\n                    <\/li>\n                                    <\/ul>\n                \n                                <\/div>\n    <\/a>\n<\/li>\n\n                                            <!-- Generer le: 2026-09-05 16:03:37 -->\n<!-- Blog: La Clar\u00e9e - 3 -->\n<li class=\"ApiTile ApiTileDefault __altimax_listing_item  \"\n    data-roadbook-item=\"5877460\"\n    data-apidae=\"5877460\"\n    data-event-category=\"Apidae affichage\"\n    data-event-action=\"vue teaser\"\n    data-event-label=\"5877460 : Cani-balade - L&#039;Empreinte nordique\">\n    <a href=\"https:\/\/www.hautesvallees.com\/la-claree\/activite\/cani-balade-lempreinte-nordique-val-des-pres\" class=\"ApiTile-link ApiTileDefault-link\" title=\"Cani-balade - L&#039;Empreinte nordique\">\n            <span class=\"ApiTile-location ApiTileDefault-location\">\n        Val-des-Pr\u00e9s\n    <\/span>\n\n            <button class=\"__gtm_track_click __altimax_favory ApiTile-fav ApiTileDefault-fav Favourite\"\n            data-apidae=\"5877460\"\n            title=\"Ajoutez aux favoris\"\n            data-txtajouter=\"Ajoutez aux favoris\"\n            data-txtretirer=\"Retirez des favoris\"\n            data-event-category=\"Apidae fiche objet\"\n            data-event-action=\"ajout trip planner\"\n            data-event-label=\"5877460 : Cani-balade - L&#039;Empreinte nordique\">\n        <img decoding=\"async\" class=\"Favourite-border svg\"\n             src=\"\/content\/themes\/theme_altimax\/dist\/img\/apidae\/system\/SYSTEM-FavOff-30px.svg\"\/>\n        <img decoding=\"async\" class=\"Favourite-full svg\"\n             src=\"\/content\/themes\/theme_altimax\/dist\/img\/apidae\/system\/SYSTEM-FavOn-30px.svg\"\/>\n    <\/button>\n\n            <picture class=\"ApiTile-picture ApiTileDefault-picture\">\n        <img decoding=\"async\" class=\"ApiTile-img ApiTileAgenda-img\" src=\"\/cache\/images\/19140537_apidae-tile.webp\" alt=\"Cani-balade - L&#039;Empreinte nordique\">\n    <\/picture>\n\n        <div class=\"ApiTile-content ApiTileDefault-content\">\n            \n            <div class=\"ApiTile-top ApiTileDefault-top\">\n                <span class=\"ApiTile-type ApiTileDefault-type\">\n                        activite\n            <\/span>                                            <\/div>\n\n            <h2 class=\"ApiTile-title ApiTileDefault-title\">Cani-balade &#8211; L&#039;Empreinte nordique<\/h2>\n                                        <ul class=\"ApiTile-categorie ApiTileDefault-categorie\">\n                                                <li class=\"ApiTile-categorie--item ApiTileDefault-categorie--item\">\n                        Pratique encadr\u00e9e\n                    <\/li>\n                                    <\/ul>\n                \n                                <\/div>\n    <\/a>\n<\/li>\n\n                                            <!-- Generer le: 2026-09-05 15:16:37 -->\n<!-- Blog: La Clar\u00e9e - 3 -->\n<li class=\"ApiTile ApiTileDefault __altimax_listing_item  \"\n    data-roadbook-item=\"7431670\"\n    data-apidae=\"7431670\"\n    data-event-category=\"Apidae affichage\"\n    data-event-action=\"vue teaser\"\n    data-event-label=\"7431670 : Un parcours dans la nature - Livret jeu Natura 2000\">\n    <a href=\"https:\/\/www.hautesvallees.com\/la-claree\/fete-et-manifestation\/un-parcours-dans-la-nature-livret-jeu-natura-2000-nevache\" class=\"ApiTile-link ApiTileDefault-link\" title=\"Un parcours dans la nature - Livret jeu Natura 2000\">\n            <span class=\"ApiTile-location ApiTileDefault-location\">\n        N\u00e9vache\n    <\/span>\n\n            <button class=\"__gtm_track_click __altimax_favory ApiTile-fav ApiTileDefault-fav Favourite\"\n            data-apidae=\"7431670\"\n            title=\"Ajoutez aux favoris\"\n            data-txtajouter=\"Ajoutez aux favoris\"\n            data-txtretirer=\"Retirez des favoris\"\n            data-event-category=\"Apidae fiche objet\"\n            data-event-action=\"ajout trip planner\"\n            data-event-label=\"7431670 : Un parcours dans la nature - Livret jeu Natura 2000\">\n        <img decoding=\"async\" class=\"Favourite-border svg\"\n             src=\"\/content\/themes\/theme_altimax\/dist\/img\/apidae\/system\/SYSTEM-FavOff-30px.svg\"\/>\n        <img decoding=\"async\" class=\"Favourite-full svg\"\n             src=\"\/content\/themes\/theme_altimax\/dist\/img\/apidae\/system\/SYSTEM-FavOn-30px.svg\"\/>\n    <\/button>\n\n            <picture class=\"ApiTile-picture ApiTileDefault-picture\">\n        <img decoding=\"async\" class=\"ApiTile-img ApiTileAgenda-img\" src=\"\/cache\/images\/31213684_apidae-tile.webp\" alt=\"Un parcours dans la nature - Livret jeu Natura 2000\">\n    <\/picture>\n\n        <div class=\"ApiTile-content ApiTileDefault-content\">\n            \n            <div class=\"ApiTile-top ApiTileDefault-top\">\n                <span class=\"ApiTile-type ApiTileDefault-type\">\n                        agenda\n            <\/span>                                            <\/div>\n\n            <h2 class=\"ApiTile-title ApiTileDefault-title\">Un parcours dans la nature &#8211; Livret j&#8230;<\/h2>\n                                        <ul class=\"ApiTile-categorie ApiTileDefault-categorie\">\n                                                <li class=\"ApiTile-categorie--item ApiTileDefault-categorie--item\">\n                        Jeu de piste \/ Chasse au tr\u00e9sor\n                    <\/li>\n                                    <\/ul>\n                \n                                <\/div>\n    <\/a>\n<\/li>\n\n                                            <!-- Generer le: 2026-09-05 16:03:39 -->\n<!-- Blog: La Clar\u00e9e - 3 -->\n<li class=\"ApiTile ApiTileDefault __altimax_listing_item  \"\n    data-roadbook-item=\"6865725\"\n    data-apidae=\"6865725\"\n    data-event-category=\"Apidae affichage\"\n    data-event-action=\"vue teaser\"\n    data-event-label=\"6865725 : VTT - VTTAE avec Passion Outdoor\">\n    <a href=\"https:\/\/www.hautesvallees.com\/la-claree\/activite\/vtt-vttae-avec-passion-outdoor-nevache\" class=\"ApiTile-link ApiTileDefault-link\" title=\"VTT - VTTAE avec Passion Outdoor\">\n            <span class=\"ApiTile-location ApiTileDefault-location\">\n        N\u00e9vache\n    <\/span>\n\n            <button class=\"__gtm_track_click __altimax_favory ApiTile-fav ApiTileDefault-fav Favourite\"\n            data-apidae=\"6865725\"\n            title=\"Ajoutez aux favoris\"\n            data-txtajouter=\"Ajoutez aux favoris\"\n            data-txtretirer=\"Retirez des favoris\"\n            data-event-category=\"Apidae fiche objet\"\n            data-event-action=\"ajout trip planner\"\n            data-event-label=\"6865725 : VTT - VTTAE avec Passion Outdoor\">\n        <img decoding=\"async\" class=\"Favourite-border svg\"\n             src=\"\/content\/themes\/theme_altimax\/dist\/img\/apidae\/system\/SYSTEM-FavOff-30px.svg\"\/>\n        <img decoding=\"async\" class=\"Favourite-full svg\"\n             src=\"\/content\/themes\/theme_altimax\/dist\/img\/apidae\/system\/SYSTEM-FavOn-30px.svg\"\/>\n    <\/button>\n\n            <picture class=\"ApiTile-picture ApiTileDefault-picture\">\n        <img decoding=\"async\" class=\"ApiTile-img ApiTileAgenda-img\" src=\"\/cache\/images\/25713105_apidae-tile.webp\" alt=\"VTT - VTTAE avec Passion Outdoor\">\n    <\/picture>\n\n        <div class=\"ApiTile-content ApiTileDefault-content\">\n            \n            <div class=\"ApiTile-top ApiTileDefault-top\">\n                <span class=\"ApiTile-type ApiTileDefault-type\">\n                        activite\n            <\/span>                                            <\/div>\n\n            <h2 class=\"ApiTile-title ApiTileDefault-title\">VTT &#8211; VTTAE avec Passion Outdoor<\/h2>\n                                        <ul class=\"ApiTile-categorie ApiTileDefault-categorie\">\n                                                <li class=\"ApiTile-categorie--item ApiTileDefault-categorie--item\">\n                        Pratique encadr\u00e9e\n                    <\/li>\n                                    <\/ul>\n                \n                                <\/div>\n    <\/a>\n<\/li>\n\n                                            <!-- Generer le: 2026-09-05 16:03:39 -->\n<!-- Blog: La Clar\u00e9e - 3 -->\n<li class=\"ApiTile ApiTileDefault __altimax_listing_item  \"\n    data-roadbook-item=\"5500997\"\n    data-apidae=\"5500997\"\n    data-event-category=\"Apidae affichage\"\n    data-event-action=\"vue teaser\"\n    data-event-label=\"5500997 : Randonn\u00e9es accompagn\u00e9es - Lac de montagne - Bureau Montagne Brian\u00e7on\">\n    <a href=\"https:\/\/www.hautesvallees.com\/la-claree\/activite\/randonnees-accompagnees-lac-de-montagne-bureau-montagne-briancon-puy-saint-andre\" class=\"ApiTile-link ApiTileDefault-link\" title=\"Randonn\u00e9es accompagn\u00e9es - Lac de montagne - Bureau Montagne Brian\u00e7on\">\n            <span class=\"ApiTile-location ApiTileDefault-location\">\n        Puy-Saint-Andr\u00e9\n    <\/span>\n\n            <button class=\"__gtm_track_click __altimax_favory ApiTile-fav ApiTileDefault-fav Favourite\"\n            data-apidae=\"5500997\"\n            title=\"Ajoutez aux favoris\"\n            data-txtajouter=\"Ajoutez aux favoris\"\n            data-txtretirer=\"Retirez des favoris\"\n            data-event-category=\"Apidae fiche objet\"\n            data-event-action=\"ajout trip planner\"\n            data-event-label=\"5500997 : Randonn\u00e9es accompagn\u00e9es - Lac de montagne - Bureau Montagne Brian\u00e7on\">\n        <img decoding=\"async\" class=\"Favourite-border svg\"\n             src=\"\/content\/themes\/theme_altimax\/dist\/img\/apidae\/system\/SYSTEM-FavOff-30px.svg\"\/>\n        <img decoding=\"async\" class=\"Favourite-full svg\"\n             src=\"\/content\/themes\/theme_altimax\/dist\/img\/apidae\/system\/SYSTEM-FavOn-30px.svg\"\/>\n    <\/button>\n\n            <picture class=\"ApiTile-picture ApiTileDefault-picture\">\n        <img decoding=\"async\" class=\"ApiTile-img ApiTileAgenda-img\" src=\"\/cache\/images\/19141046_apidae-tile.webp\" alt=\"Randonn\u00e9es accompagn\u00e9es - Lac de montagne - Bureau Montagne Brian\u00e7on\">\n    <\/picture>\n\n        <div class=\"ApiTile-content ApiTileDefault-content\">\n            \n            <div class=\"ApiTile-top ApiTileDefault-top\">\n                <span class=\"ApiTile-type ApiTileDefault-type\">\n                        activite\n            <\/span>                                            <\/div>\n\n            <h2 class=\"ApiTile-title ApiTileDefault-title\">Randonn\u00e9es accompagn\u00e9es &#8211; Lac de mont&#8230;<\/h2>\n                                        <ul class=\"ApiTile-categorie ApiTileDefault-categorie\">\n                                                <li class=\"ApiTile-categorie--item ApiTileDefault-categorie--item\">\n                        Pratique encadr\u00e9e\n                    <\/li>\n                                    <\/ul>\n                \n                                <\/div>\n    <\/a>\n<\/li>\n\n                                            <!-- Generer le: 2026-09-05 16:03:39 -->\n<!-- Blog: La Clar\u00e9e - 3 -->\n<li class=\"ApiTile ApiTileDefault __altimax_listing_item  \"\n    data-roadbook-item=\"5260982\"\n    data-apidae=\"5260982\"\n    data-event-category=\"Apidae affichage\"\n    data-event-action=\"vue teaser\"\n    data-event-label=\"5260982 : Canyoning -  Bureau Montagne Brian\u00e7on\">\n    <a href=\"https:\/\/www.hautesvallees.com\/la-claree\/activite\/canyoning-bureau-montagne-briancon-nevache\" class=\"ApiTile-link ApiTileDefault-link\" title=\"Canyoning -  Bureau Montagne Brian\u00e7on\">\n            <span class=\"ApiTile-location ApiTileDefault-location\">\n        N\u00e9vache\n    <\/span>\n\n            <button class=\"__gtm_track_click __altimax_favory ApiTile-fav ApiTileDefault-fav Favourite\"\n            data-apidae=\"5260982\"\n            title=\"Ajoutez aux favoris\"\n            data-txtajouter=\"Ajoutez aux favoris\"\n            data-txtretirer=\"Retirez des favoris\"\n            data-event-category=\"Apidae fiche objet\"\n            data-event-action=\"ajout trip planner\"\n            data-event-label=\"5260982 : Canyoning -  Bureau Montagne Brian\u00e7on\">\n        <img decoding=\"async\" class=\"Favourite-border svg\"\n             src=\"\/content\/themes\/theme_altimax\/dist\/img\/apidae\/system\/SYSTEM-FavOff-30px.svg\"\/>\n        <img decoding=\"async\" class=\"Favourite-full svg\"\n             src=\"\/content\/themes\/theme_altimax\/dist\/img\/apidae\/system\/SYSTEM-FavOn-30px.svg\"\/>\n    <\/button>\n\n            <picture class=\"ApiTile-picture ApiTileDefault-picture\">\n        <img decoding=\"async\" class=\"ApiTile-img ApiTileAgenda-img\" src=\"\/cache\/images\/18802909_apidae-tile.webp\" alt=\"Canyoning -  Bureau Montagne Brian\u00e7on\">\n    <\/picture>\n\n        <div class=\"ApiTile-content ApiTileDefault-content\">\n            \n            <div class=\"ApiTile-top ApiTileDefault-top\">\n                <span class=\"ApiTile-type ApiTileDefault-type\">\n                        activite\n            <\/span>                                            <\/div>\n\n            <h2 class=\"ApiTile-title ApiTileDefault-title\">Canyoning &#8211;  Bureau Montagne Brian\u00e7on<\/h2>\n                                        <ul class=\"ApiTile-categorie ApiTileDefault-categorie\">\n                                                <li class=\"ApiTile-categorie--item ApiTileDefault-categorie--item\">\n                        Pratique encadr\u00e9e\n                    <\/li>\n                                                                <li class=\"ApiTile-categorie--item ApiTileDefault-categorie--item\">\n                        Mat\u00e9riel fourni\n                    <\/li>\n                                    <\/ul>\n                \n                                <\/div>\n    <\/a>\n<\/li>\n\n                                    <\/ul>\n            \n                        \n        <\/div>\n                    <ul class=\"Paginator __altimax_listing_paginator\">\n                    <li class=\"Paginator-page __altimax_listing_load active\"\n        data-index=\"1\" >\n        <span>1<\/span>\n    <\/li>\n    <li class=\"Paginator-page __altimax_listing_load \"\n        data-index=\"2\" >\n        <span>2<\/span>\n    <\/li>\n\n            <\/ul>\n            <\/div>\n<\/div>\n\n<div class=\"GutInformations  GutContainer\">\n        <div class=\"GutInformations-container\">\n\n            <div class=\"GutTitle Center\">\n                    <h2 class=\"GutTitle-title\">\n                                    <span class=\"GutTitle-surtitle\">Nos id\u00e9es<\/span>\n                                                        d&#039;activit\u00e9s en famille\n                            <\/h2>\n                    <\/div>\n\n            <div class=\"GutInformations-list\">\n                                    <div class=\"GutInformations-wrap\">\n                                                                                    <picture class=\"GutInformations-picture\">\n                                    <img decoding=\"async\" src=\"https:\/\/www.hautesvallees.com\/content\/uploads\/sites\/3\/2025\/02\/Claree-les-lacs-rond-long-muande-madeleine-_-Alpesphotographies.com_-250x250.jpg\" alt=\"Vacances d&#039;\u00e9t\u00e9 en famille - Clar\u00e9e - les lacs rond, long, muande, madeleine _ Alpesphotographies.com\" \/>\n                                <\/picture>\n                                                                                                        <p class=\"GutInformations-title\">\n                                1 &#8211; Partir en balade ou en randonn\u00e9e\n                            <\/p>\n                                                                            <p class=\"GutInformations-text\">\n                                Pour d\u00e9couvrir les lacs d&rsquo;altitudes, approcher des sommets et peut-\u00eatre apercevoir la faune !\n                            <\/p>\n                                                                            <a class=\"GutInformations-link\"\n                               href=\"https:\/\/www.hautesvallees.com\/la-claree\/que-faire\/en-ete\/balades-et-randonnees-en-claree\/balades-en-famille\/\"\n                               target=\"\"\n                               title=\"Nos balades en famille\">\n                                Nos balades en famille\n                            <\/a>\n                                            <\/div>\n                                    <div class=\"GutInformations-wrap\">\n                                                                                    <picture class=\"GutInformations-picture\">\n                                    <img decoding=\"async\" src=\"https:\/\/www.hautesvallees.com\/content\/uploads\/sites\/3\/2025\/02\/Escalade-Plampinet-\u00a9-X.-Honor-2-optimise-web-250x250.webp\" alt=\"Vacances d&#039;\u00e9t\u00e9 en famille - Escalade Plampinet \u00a9 X. Honor\" \/>\n                                <\/picture>\n                                                                                                        <p class=\"GutInformations-title\">\n                                2 &#8211; Escaladez des falaises, d\u00e9couvrez le canyoning ou encore la via cordata !\n                            <\/p>\n                                                                            <p class=\"GutInformations-text\">\n                                Envie de faire d\u00e9couvrir des sports de sensations \u00e0 votre tribu ? N&rsquo;attendez plus pour partager cette exp\u00e9rience avec eux !\n                            <\/p>\n                                                                            <a class=\"GutInformations-link\"\n                               href=\"https:\/\/www.hautesvallees.com\/la-claree\/que-faire\/en-ete\/escalade-via-ferrata-canyon-en-claree\/\"\n                               target=\"\"\n                               title=\"Escalade, via ferrata, canyoning\">\n                                Escalade, via ferrata, canyoning\n                            <\/a>\n                                            <\/div>\n                                    <div class=\"GutInformations-wrap\">\n                                                                                    <picture class=\"GutInformations-picture\">\n                                    <img decoding=\"async\" src=\"https:\/\/www.hautesvallees.com\/content\/uploads\/sites\/3\/2025\/01\/Refuge-du-chardonnet-tete-de-la-cassille-\u00a9T.Blais-44-scaled-1-250x250.jpg\" alt=\"vacances hiver clar\u00e9e\" \/>\n                                <\/picture>\n                                                                                                        <p class=\"GutInformations-title\">\n                                3 &#8211; Dormir en refuge dans la haute vall\u00e9e de la Clar\u00e9e !\n                            <\/p>\n                                                                            <p class=\"GutInformations-text\">\n                                Une exp\u00e9rience \u00e0 vivre en famille ! Plusieurs refuges en Clar\u00e9e et en Vall\u00e9e Etroite sont accessibles facilement. N&rsquo;attendez plus pour vous lancer !\n                            <\/p>\n                                                                            <a class=\"GutInformations-link\"\n                               href=\"https:\/\/www.hautesvallees.com\/la-claree\/se-loger\/refuges\/\"\n                               target=\"\"\n                               title=\"Les refuges en Clar\u00e9e\">\n                                Les refuges en Clar\u00e9e\n                            <\/a>\n                                            <\/div>\n                            <\/div>\n        <\/div>\n    <\/div>\n\n\n<div class=\"GutInformations  GutContainer\">\n        <div class=\"GutInformations-container\">\n\n            \n            <div class=\"GutInformations-list\">\n                                    <div class=\"GutInformations-wrap\">\n                                                                                                                                <p class=\"GutInformations-title\">\n                                4 &#8211; Initiez vos enfants \u00e0 l&rsquo;itin\u00e9rance \n                            <\/p>\n                                                                            <p class=\"GutInformations-text\">\n                                Que ce soit en mode bivouac ou en dormant dans diff\u00e9rents refuges, pour assister au coucher et lever de soleil, \n                            <\/p>\n                                                                            <a class=\"GutInformations-link\"\n                               href=\"https:\/\/www.hautesvallees.com\/la-claree\/que-faire\/en-ete\/itinerances-en-claree\/itinerance-en-famille\/\"\n                               target=\"\"\n                               title=\"Nos id\u00e9es d&#039;itin\u00e9rances en famille\">\n                                Nos id\u00e9es d&#039;itin\u00e9rances en famille\n                            <\/a>\n                                            <\/div>\n                                    <div class=\"GutInformations-wrap\">\n                                                                                    <picture class=\"GutInformations-picture\">\n                                    <img decoding=\"async\" src=\"https:\/\/www.hautesvallees.com\/content\/uploads\/sites\/3\/2025\/02\/\u00a9MDaviet_FEST_2107_469-e1718956633894-250x250.jpg\" alt=\"\u00a9MDaviet - Terre Sauvage Festival\" \/>\n                                <\/picture>\n                                                                                                        <p class=\"GutInformations-title\">\n                                5- Participer aux activit\u00e9s et animations organis\u00e9s !\n                            <\/p>\n                                                                            <p class=\"GutInformations-text\">\n                                Plusieurs \u00e9v\u00e9nements tels que des ateliers, activit\u00e9s, concerts sont propos\u00e9s en Clar\u00e9e pour vos vacances d&rsquo;\u00e9t\u00e9 en famille !\n                            <\/p>\n                                                                            <a class=\"GutInformations-link\"\n                               href=\"https:\/\/www.hautesvallees.com\/la-claree\/agenda\/\"\n                               target=\"\"\n                               title=\"Agenda\">\n                                Agenda\n                            <\/a>\n                                            <\/div>\n                                    <div class=\"GutInformations-wrap\">\n                                                                                    <picture class=\"GutInformations-picture\">\n                                    <img decoding=\"async\" src=\"https:\/\/www.hautesvallees.com\/content\/uploads\/sites\/3\/2025\/02\/14519371-250x250.jpg\" alt=\"Biathlon d&#039;\u00e9t\u00e9 - Passion Outdoor N\u00e9vache\" \/>\n                                <\/picture>\n                                                                                                        <p class=\"GutInformations-title\">\n                                6- Testez le biathlon d&rsquo;\u00e9t\u00e9 !\n                            <\/p>\n                                                                            <p class=\"GutInformations-text\">\n                                Vous avez sans doute d\u00e9j\u00e0 test\u00e9 le biathlon en hiver&#8230; mais connaissez-vous la version \u00e9t\u00e9 ? N&rsquo;attendez plus pour tenter l&rsquo;exp\u00e9rience !\n                            <\/p>\n                                                                            <a class=\"GutInformations-link\"\n                               href=\"https:\/\/www.hautesvallees.com\/la-claree\/activite\/biathlon-dete-tir-a-la-carabine-et-course-a-pied-avec-passion-outdoor-nevache\/\"\n                               target=\"\"\n                               title=\"D\u00e9couvrir les activit\u00e9s outdoor\">\n                                D\u00e9couvrir les activit\u00e9s outdoor\n                            <\/a>\n                                            <\/div>\n                            <\/div>\n        <\/div>\n    <\/div>\n\n\n<div class=\"GutCol2  GutContainer\">\n        <div class=\"GutCol2-container\">\n\n            \n                                                                                                        <div class=\"GutCol2-wrap GutCol2-blocTexte Left\">\n                                <div class=\"GutCol2-blocTexte--inner\">\n                                                                            <div class=\"GutTitle Left\">\n                    <h2 class=\"GutTitle-title\">\n                                    <span class=\"GutTitle-surtitle\">Magique Clar\u00e9e,<\/span>\n                                                        une destination sauvage !\n                            <\/h2>\n                    <\/div>\n                                                                                                                <div class=\"GutCol2-intro\">Ce son vos premi\u00e8res vacances d&rsquo;\u00e9t\u00e9 en famille ? la vall\u00e9e de la Clar\u00e9e est le lieu id\u00e9al pour passer un moment inoubliable !<\/div>\n                                                                                                                <div class=\"GutCol2-text Content\">\n                                            <p>Il est temps d&rsquo;enfiler le short, les baskets, la casquette sans oublier les lunettes !<\/p>\n<p>Et c&rsquo;est parti pour l&rsquo;aventure ! Vous allez enfin pouvoir fouler les sentiers de randonn\u00e9e de la Clar\u00e9e, \u00e0 la d\u00e9couverte des lacs d&rsquo;altitudes et des sommets alentour.<\/p>\n<p>Partir randonner, c&rsquo;est l&rsquo;occasion de prendre le temps de discuter, de tisser des liens avec vos enfants, de partager de magnifiques paysages.. et peut-\u00eatre, qui sait, verrez-vous quelques marmottes vous surveillez ? un chamois dans son terrain de jeu&#8230; soyez attentif et savourer chaque instant !<\/p>\n<p>&nbsp;<\/p>\n<p><a class=\"Button-primary\" href=\"https:\/\/www.hautesvallees.com\/la-claree\/que-faire\/en-ete\/balades-et-randonnees-en-claree\/balades-en-famille\/\">D\u00e9couvrez nos id\u00e9es de balades en famille<\/a><\/p>\n\n                                        <\/div>\n                                                                    <\/div>\n                            <\/div>\n                                                                                                                                                        <div class=\"GutCol2-wrap GutCol2-blocImage Right\">\n                                    <picture class=\"GutCol2-picture\">\n                                        <img decoding=\"async\" src=\"https:\/\/www.hautesvallees.com\/content\/uploads\/sites\/3\/2025\/02\/Claree-Famille-_-alpesphotographies.com-50-510x710.jpg\"\n                                             alt=\"Clar\u00e9e Famille _ alpesphotographies.com-50\" \/>\n                                    <\/picture>\n                                                                            <span class=\"GutCol2-credit\">\u00a9 Alpes Photographies<\/span>\n                                                                    <\/div>\n                                                                                            <\/div>\n    <\/div>\n\n\n<div class=\"GutImage  GutContainer-full\">\n        <div class=\"GutImage-container\">\n                        \n                            <picture class=\"GutImage-pic\">\n                    <source srcset=\"https:\/\/www.hautesvallees.com\/content\/uploads\/sites\/3\/2025\/02\/Claree-Famille-_-alpesphotographies.com-41-optimise-web-768x360.jpg\" media=\"(max-width: 768px)\">\n                    <source srcset=\"https:\/\/www.hautesvallees.com\/content\/uploads\/sites\/3\/2025\/02\/Claree-Famille-_-alpesphotographies.com-41-optimise-web-992x465.jpg\" media=\"(max-width: 992px)\">\n                    <source srcset=\"https:\/\/www.hautesvallees.com\/content\/uploads\/sites\/3\/2025\/02\/Claree-Famille-_-alpesphotographies.com-41-optimise-web.jpg\" media=\"(min-width: 993px)\">\n                    <img decoding=\"async\" class=\"GutImage-img\" src=\"https:\/\/www.hautesvallees.com\/content\/uploads\/sites\/3\/2025\/02\/Claree-Famille-_-alpesphotographies.com-41-optimise-web.jpg\" alt=\"Vacances d&#039;\u00e9t\u00e9 en famille - Clar\u00e9e Famille _ \u00a9 Alpes Photographies\" \/>\n                <\/picture>\n                                        <div class=\"GutImage-creditphoto\">\n                    Alpes Photographies\n                <\/div>\n                    <\/div>\n    <\/div>\n\n\n<div class=\"GutPushArticles  GutContainer\">\n        <div class=\"GutPushArticles-container\">\n            <div class=\"GutTitle Center\">\n                    <h2 class=\"GutTitle-title\">\n                                    <span class=\"GutTitle-surtitle\">Vous aimerez<\/span>\n                                                        aussi\n                            <\/h2>\n                    <\/div>\n            <div class=\"GutPushArticles-inner \">\n                                    <div class=\"GutPushArticles-container \" >\n                        <div class=\"GutPushArticles-list \">\n                                                            <div class=\"GutPushArticles-wrap \">\n                                                                            <picture class=\"GutPushArticles-picture\">\n                                            <img decoding=\"async\" src=\"https:\/\/www.hautesvallees.com\/content\/uploads\/sites\/3\/2025\/02\/Claree-les-lacs-rond-long-muande-madeleine-_-Alpesphotographies.com-55-371x248.jpg\"\n                                                 alt=\"Clar\u00e9e - les lacs rond, long, muande, madeleine _ Alpesphotographies.com-55\" \/>\n                                        <\/picture>\n                                                                        <div class=\"GutPushArticles-content\">\n                                                                                    <h2 class=\"GutPushArticles-title\">Que faire pendant une semaine en famille dans la vall\u00e9e de la Clar\u00e9e<\/h2>\n                                                                                                                                                                    <a class=\"Link\" href=\"https:\/\/www.hautesvallees.com\/que-faire-pendant-une-semaine-en-famille-dans-la-vallee-de-la-claree\/\" >D\u00e9couvrir<\/a>\n                                                                            <\/div>\n                                <\/div>\n                                                            <div class=\"GutPushArticles-wrap \">\n                                                                            <picture class=\"GutPushArticles-picture\">\n                                            <img decoding=\"async\" src=\"https:\/\/www.hautesvallees.com\/content\/uploads\/sites\/3\/2025\/02\/Le-sentier-des-crevasses-arsine-en-famille-16-scaled-e1715761321180-371x248.jpg\"\n                                                 alt=\"Balades en famille - Le sentier des crevasses &amp; arsine\" \/>\n                                        <\/picture>\n                                                                        <div class=\"GutPushArticles-content\">\n                                                                                    <h2 class=\"GutPushArticles-title\">10 id\u00e9es d&rsquo;activit\u00e9s \u00e0 la Grave en famille<\/h2>\n                                                                                                                                                                    <a class=\"Link\" href=\"https:\/\/www.hautesvallees.com\/10-idees-dactivites-a-la-grave-en-famille\/\" >D\u00e9couvrir<\/a>\n                                                                            <\/div>\n                                <\/div>\n                                                            <div class=\"GutPushArticles-wrap \">\n                                                                        <div class=\"GutPushArticles-content\">\n                                                                                    <h2 class=\"GutPushArticles-title\">Ma semaine estivale en famille en Izoard<\/h2>\n                                                                                                                                                                    <a class=\"Link\" href=\"https:\/\/www.hautesvallees.com\/ma-semaine-en-famille-en-izoard\/\" >D\u00e9couvrir<\/a>\n                                                                            <\/div>\n                                <\/div>\n                                                    <\/div>\n                                            <\/div>\n                                                <\/div>\n                    <\/div>\n    <\/div>\n","protected":false},"excerpt":{"rendered":"","protected":false},"author":5,"featured_media":2437,"parent":887,"menu_order":8,"comment_status":"closed","ping_status":"closed","template":"","meta":{"_acf_changed":false,"footnotes":""},"class_list":["post-924","page","type-page","status-publish","has-post-thumbnail","hentry"],"acf":[],"_links":{"self":[{"href":"https:\/\/www.hautesvallees.com\/la-claree\/wp-json\/wp\/v2\/pages\/924","targetHints":{"allow":["GET"]}}],"collection":[{"href":"https:\/\/www.hautesvallees.com\/la-claree\/wp-json\/wp\/v2\/pages"}],"about":[{"href":"https:\/\/www.hautesvallees.com\/la-claree\/wp-json\/wp\/v2\/types\/page"}],"author":[{"embeddable":true,"href":"https:\/\/www.hautesvallees.com\/la-claree\/wp-json\/wp\/v2\/users\/5"}],"replies":[{"embeddable":true,"href":"https:\/\/www.hautesvallees.com\/la-claree\/wp-json\/wp\/v2\/comments?post=924"}],"version-history":[{"count":8,"href":"https:\/\/www.hautesvallees.com\/la-claree\/wp-json\/wp\/v2\/pages\/924\/revisions"}],"predecessor-version":[{"id":59306,"href":"https:\/\/www.hautesvallees.com\/la-claree\/wp-json\/wp\/v2\/pages\/924\/revisions\/59306"}],"up":[{"embeddable":true,"href":"https:\/\/www.hautesvallees.com\/la-claree\/wp-json\/wp\/v2\/pages\/887"}],"wp:featuredmedia":[{"embeddable":true,"href":"https:\/\/www.hautesvallees.com\/la-claree\/wp-json\/wp\/v2\/media\/2437"}],"wp:attachment":[{"href":"https:\/\/www.hautesvallees.com\/la-claree\/wp-json\/wp\/v2\/media?parent=924"}],"curies":[{"name":"wp","href":"https:\/\/api.w.org\/{rel}","templated":true}]}}