{"id":919,"date":"2024-04-10T11:58:33","date_gmt":"2024-04-10T09:58:15","guid":{"rendered":"https:\/\/www.hautesvallees.com\/la-claree\/?page_id=919"},"modified":"2025-06-19T14:55:00","modified_gmt":"2025-06-19T12:55:00","slug":"cyclisme-en-claree","status":"publish","type":"page","link":"https:\/\/www.hautesvallees.com\/la-claree\/que-faire\/en-ete\/cyclisme-en-claree\/","title":{"rendered":"Cyclisme en Clar\u00e9e"},"content":{"rendered":"<div class=\"GutText  GutContainer\">\n        <div class=\"GutText-inner\">\n            <div class=\"GutTitle Center\">\n                    <h2 class=\"GutTitle-title\">\n                                    <span class=\"GutTitle-surtitle\">Passion cyclisme<\/span>\n                                                        en Clar\u00e9e\n                            <\/h2>\n                    <\/div>\n                            <div class=\"GutText-intro Center\">La Clar\u00e9e a de quoi ravir les amateurs de v\u00e9los.<\/div>\n                                        <div class=\"GutText-wysiwyg Content\">\n                    <p class=\"text-justify\" style=\"text-align: center;\">Que ce soit des <strong>parcours au c\u0153ur de la vall\u00e9e de la Clar\u00e9e<\/strong>, avec <strong>la haute vall\u00e9e de la Clar\u00e9e (60 km aller &#8211; retour et 600 m de d\u00e9nivel\u00e9)<\/strong> au d\u00e9part de <strong>La Vachette.<\/strong> Ou bien \u00e0 la <strong>d\u00e9couverte de l&rsquo;Italie<\/strong> en passant par <strong>le col de l&rsquo;\u00c9chelle&#8230; <\/strong>Vous trouverez votre bonheur si vous souhaitez d\u00e9couvrir le <strong>cyclisme en Clar\u00e9e<\/strong>.<\/p>\n<p class=\"text-justify\" style=\"text-align: center;\">Et pourquoi ne pas <strong>d\u00e9couvrir les cols mythiques du Tour de France dans le Brian\u00e7onnais<\/strong> : <strong>Le Lautaret, le Galibier ou l&rsquo;Izoard ?<\/strong> Ou encore partir \u00e0 la d\u00e9couverte <strong>des itin\u00e9raires sur les villages<\/strong> autour de Brian\u00e7on : <strong>Villard-Saint-Pancrace, Cervi\u00e8res, Puy-Saint-Andr\u00e9 et Puy-Saint-Pierre&#8230;<\/strong><\/p>\n\n                <\/div>\n                    <\/div>\n    <\/div>\n\n\n<div class=\"GutImage  GutContainer-full\">\n        <div class=\"GutImage-container\">\n                        \n                            <picture class=\"GutImage-pic\">\n                    <source srcset=\"https:\/\/www.hautesvallees.com\/content\/uploads\/sites\/3\/2025\/02\/col-de-lechelle-velo-scaled-1-768x360.jpg\" media=\"(max-width: 768px)\">\n                    <source srcset=\"https:\/\/www.hautesvallees.com\/content\/uploads\/sites\/3\/2025\/02\/col-de-lechelle-velo-scaled-1-992x465.jpg\" media=\"(max-width: 992px)\">\n                    <source srcset=\"https:\/\/www.hautesvallees.com\/content\/uploads\/sites\/3\/2025\/02\/col-de-lechelle-velo-scaled-1-1920x900.jpg\" media=\"(min-width: 993px)\">\n                    <img decoding=\"async\" class=\"GutImage-img\" src=\"https:\/\/www.hautesvallees.com\/content\/uploads\/sites\/3\/2025\/02\/col-de-lechelle-velo-scaled-1-1920x900.jpg\" alt=\"Cyclisme en Clar\u00e9e - col de l&#039;echelle velo - Blais T.\" \/>\n                <\/picture>\n                                        <div class=\"GutImage-creditphoto\">\n                    Blais T.\n                <\/div>\n                    <\/div>\n    <\/div>\n\n\n<div class=\"GutCol2  GutContainer\">\n        <div class=\"GutCol2-container\">\n\n            \n                                                                                                        <div class=\"GutCol2-wrap GutCol2-blocTexte Left\">\n                                <div class=\"GutCol2-blocTexte--inner\">\n                                                                            <div class=\"GutTitle Left\">\n                    <h2 class=\"GutTitle-title\">\n                                    <span class=\"GutTitle-surtitle\">zoom sur le col de l&#039;\u00c9chelle<\/span>\n                                                        1762m\n                            <\/h2>\n                    <\/div>\n                                                                                                                <div class=\"GutCol2-intro\">Charg\u00e9 d&rsquo;un patrimoine historique, le col de l&rsquo;\u00c9chelle est un beau d\u00e9fi pour les cyclistes qui prennent la route direction l&rsquo;Italie. <\/div>\n                                                                                                                <div class=\"GutCol2-text Content\">\n                                            <p style=\"text-align: left;\"><strong>Un d\u00e9fi pour les cyclistes d\u00e9butants qui d\u00e9couvrent le cyclisme en Clar\u00e9e !<\/strong> Si vous en \u00eates \u00e0 vos <strong>toutes premi\u00e8res ascensions de col<\/strong>, celui de l&rsquo;\u00c9chelle est id\u00e9al pour commencer. <strong>21km<\/strong> qui sauront vous tenir en haleine avec 2km \u00e0 8% de pente en moyenne qui se feront sentir, avec des paysages entre <strong>for\u00eats de m\u00e9l\u00e8zes, vue d\u00e9gag\u00e9e sur les montagnes environnantes et sur l&rsquo;Italie !<\/strong> Ce col fait partie de la fameuse <strong>tourn\u00e9e des grands cols et des cols r\u00e9serv\u00e9s<\/strong> pour vous permettre de faire une vir\u00e9e le temps de quelques matin\u00e9es en \u00e9t\u00e9, sans circulation motoris\u00e9e.<\/p>\n<p>&nbsp;<\/p>\n<p><a class=\"Button-primary\" href=\"https:\/\/www.hautesvallees.com\/la-claree\/decouvrir\/nos-incontournables\/col-de-lechelle\/\">D\u00e9couvrir le col de l&rsquo;\u00c9chelle<\/a><\/p>\n\n                                        <\/div>\n                                                                    <\/div>\n                            <\/div>\n                                                                                                                                                        <div class=\"GutCol2-wrap GutCol2-blocImage Right\">\n                                    <picture class=\"GutCol2-picture\">\n                                        <img decoding=\"async\" src=\"https:\/\/www.hautesvallees.com\/content\/uploads\/sites\/3\/2025\/02\/col-de-lechelle-velo-4-min-scaled-1-664x480.jpg\"\n                                             alt=\"Cyclisme en Clar\u00e9e - Col de l&#039;\u00e9chelle - Blais T.\" \/>\n                                    <\/picture>\n                                                                            <span class=\"GutCol2-credit\">\u00a9 Blais T.<\/span>\n                                                                    <\/div>\n                                                                                            <\/div>\n    <\/div>\n\n\n<div class=\"GutInformations BgColor GutContainer-full\">\n        <div class=\"GutInformations-container\">\n\n            <div class=\"GutTitle Center\">\n                    <h2 class=\"GutTitle-title\">\n                                    <span class=\"GutTitle-surtitle\">Zoom sur les cols<\/span>\n                                                        des hautes vall\u00e9es\n                            <\/h2>\n                    <\/div>\n\n            <div class=\"GutInformations-list\">\n                                    <div class=\"GutInformations-wrap\">\n                                                                                    <picture class=\"GutInformations-picture\">\n                                    <img decoding=\"async\" src=\"https:\/\/www.hautesvallees.com\/content\/uploads\/sites\/3\/2025\/02\/col-du-galibier-mai-2022\u00a9M.Molinari-scaled-1-250x250.jpg\" alt=\"col du galibier mai 2022\u00a9M.Molinari\" \/>\n                                <\/picture>\n                                                                                                        <p class=\"GutInformations-title\">\n                                COL DU GALIBIER \u2013 2642M\n                            <\/p>\n                                                                            <p class=\"GutInformations-text\">\n                                Ascension mythique de tous cyclistes ! En passant par le col du Lautaret avec vue sur la Meije puis les lacets vous emm\u00e8neront jusqu\u2019aux cr\u00eates pour atteindre la Savoie. 9km \u2013 Pente moyenne de 6,9% entre Lautaret et Galibier \u2013 1170m D+ \u2013 D\u00e9part La Grave ou Villar d\u2019Ar\u00e8ne\n                            <\/p>\n                                                                            <a class=\"GutInformations-link\"\n                               href=\"https:\/\/www.hautesvallees.com\/la-grave\/decouvrir\/le-pays-de-la-meije\/cols-du-lautaret-et-du-galibier\/\"\n                               target=\"\"\n                               title=\"En d\u00e9couvrir plus\">\n                                En d\u00e9couvrir plus\n                            <\/a>\n                                            <\/div>\n                                    <div class=\"GutInformations-wrap\">\n                                                                                    <picture class=\"GutInformations-picture\">\n                                    <img decoding=\"async\" src=\"https:\/\/www.hautesvallees.com\/content\/uploads\/sites\/3\/2025\/02\/izoard-route-du-tour-de-france-pat-250x250.jpg\" alt=\"Col d&#039;Izoard \u00e0 v\u00e9lo\" \/>\n                                <\/picture>\n                                                                                                        <p class=\"GutInformations-title\">\n                                LE COL DE L&rsquo;IZOARD &#8211; 2360m\n                            <\/p>\n                                                                            <p class=\"GutInformations-text\">\n                                Perch\u00e9 \u00e0 une altitude de 2360 m\u00e8tres dans les Hautes Alpes, c\u2019est l\u2019un des cols les plus embl\u00e9matiques des Alpes fran\u00e7aises mais aussi un des mythes cyclistes aux c\u00f4t\u00e9s du Galibier ou du Lautaret. 19km au d\u00e9part de Brian\u00e7on avec 6,5% de pente moyenne et 8% sur les derniers km &#8211; 1170m D+. 31km au d\u00e9part de Guillestre avec 1380m D+ avec une ascension intense et difficile sur les 2 derniers km.\n                            <\/p>\n                                                                            <a class=\"GutInformations-link\"\n                               href=\"https:\/\/www.hautesvallees.com\/lizoard\/decouvrir\/incontournables\/col-dizoard\/\"\n                               target=\"\"\n                               title=\"En d\u00e9couvrir plus\">\n                                En d\u00e9couvrir plus\n                            <\/a>\n                                            <\/div>\n                                    <div class=\"GutInformations-wrap\">\n                                                                                    <picture class=\"GutInformations-picture\">\n                                    <img decoding=\"async\" src=\"https:\/\/www.hautesvallees.com\/content\/uploads\/sites\/3\/2025\/02\/montee-Galibier-depuis-le-Lautaret-\u00a9M.Molinari-scaled-1-250x250.jpg\" alt=\"mont\u00e9e Galibier depuis le Lautaret \u00a9M.Molinari\" \/>\n                                <\/picture>\n                                                                                                        <p class=\"GutInformations-title\">\n                                COL DU LAUTARET \u2013 2057M\n                            <\/p>\n                                                                            <p class=\"GutInformations-text\">\n                                Une grimpette en douceur pour en prendre plein les yeux ! Sommets mythiques des Ecrins, glaciers\u2026 21,5km \u2013 585m D+ \u2013 Pente de 3,5 \u00e0 7% \u2013 D\u00e9part La Grave ou Villar d\u2019Ar\u00e8ne\n                            <\/p>\n                                                                            <a class=\"GutInformations-link\"\n                               href=\"https:\/\/www.hautesvallees.com\/la-grave\/decouvrir\/le-pays-de-la-meije\/cols-du-lautaret-et-du-galibier\/\"\n                               target=\"\"\n                               title=\"En d\u00e9couvrir plus\">\n                                En d\u00e9couvrir plus\n                            <\/a>\n                                            <\/div>\n                            <\/div>\n        <\/div>\n    <\/div>\n\n\n<div class=\"GutText  GutContainer\">\n        <div class=\"GutText-inner\">\n            <div class=\"GutTitle Center\">\n                    <h2 class=\"GutTitle-title\">\n                                    <span class=\"GutTitle-surtitle\">Tous les itin\u00e9raires v\u00e9lo<\/span>\n                                                        dans les Hautes Vall\u00e9es\n                            <\/h2>\n                    <\/div>\n                            <div class=\"GutText-intro Center\">Le cyclisme en Clar\u00e9e ne vous suffit plus ? Retrouvez dans cette s\u00e9lection l&rsquo;ensemble des itin\u00e9raires v\u00e9lo pour vous faire d\u00e9couvrir les Hautes Vall\u00e9es (La Grave &#8211; La Clar\u00e9e &#8211; L&rsquo;Izoard) autrement !<\/div>\n                                <\/div>\n    <\/div>\n\n\n\n<div class=\"ApiListing __altimax_listing \" data-js=\"{&quot;action_load&quot;:&quot;apidae_listing_load&quot;,&quot;action_map_tiles&quot;:&quot;apidae_listing_load_map_tiles&quot;,&quot;action_filters&quot;:&quot;apidae_listing_filters&quot;,&quot;action_pdf&quot;:&quot;apidae_listing_pdf&quot;,&quot;post_id&quot;:919,&quot;blog_id&quot;:3,&quot;uid&quot;:1,&quot;cache_key&quot;:&quot;33da02da447d9bec9de6393ee53a83c3&quot;,&quot;is_agenda&quot;:false,&quot;listing_mode&quot;:&quot;listing&quot;,&quot;use_filters&quot;:true,&quot;use_share&quot;:true,&quot;paginator&quot;:{&quot;currentPage&quot;:1,&quot;maxPerPage&quot;:9,&quot;count&quot;:22,&quot;totalPages&quot;:3,&quot;nextPage&quot;:2,&quot;html&quot;:&quot;    &lt;li class=\\&quot;Paginator-page __altimax_listing_load active\\&quot;\\n        data-index=\\&quot;1\\&quot; &gt;\\n        &lt;span&gt;1&lt;\\\/span&gt;\\n    &lt;\\\/li&gt;\\n    &lt;li class=\\&quot;Paginator-page __altimax_listing_load \\&quot;\\n        data-index=\\&quot;2\\&quot; &gt;\\n        &lt;span&gt;2&lt;\\\/span&gt;\\n    &lt;\\\/li&gt;\\n    &lt;li class=\\&quot;Paginator-page __altimax_listing_load \\&quot;\\n        data-index=\\&quot;3\\&quot; &gt;\\n        &lt;span&gt;3&lt;\\\/span&gt;\\n    &lt;\\\/li&gt;\\n&quot;},&quot;ajax_url&quot;:&quot;https:\\\/\\\/www.hautesvallees.com\\\/\\\/la-claree\\\/wp-admin\\\/admin-ajax.php&quot;,&quot;lang&quot;:&quot;fr&quot;}\">\n    <div class=\"ApiListingLoader __altimax_loader\">\n        <div class=\"ApiListingLoader-container\">\n            <div class=\"ApiListingLoader-ring\"><\/div>\n        <\/div>\n    <\/div>\n                                            \n                                            \n                                            \n                                                                                            <div class=\"ApiListing-container\">\n        <div class=\"ApiListing-control container_full \">\n                                        <button class=\"ApiListing-share desktop Button-border __altimax_listing_url\">\n                    <span data-text-valid=\"Copi\u00e9e dans le presse-papier\"\n                          data-text-unvalid=\"Aucune recherche !\">\n                        Partager ma recherche\n                    <\/span>\n                <\/button>\n                                        <button class=\"ApiListing-pdf desktop Button-border __altimax_listing_pdf\">T\u00e9l\u00e9charger<\/button>\n                                                                                                                                                                            <div class=\"ApiListing-result\">\n                <div class=\"ApiListing-result--number __altimax_listing_count\">22<\/div>\n                R\u00e9sultats\n            <\/div>\n                    <\/div>\n\n        <div class=\"ApiListing-wrapper container_full filter \">\n                <div class=\"ApiListingFilter __altimax_filters\">\n        <div class=\"ApiListingFilter-container\">\n            <div class=\"ApiListingFilter-content\">\n                <div class=\"ApiListingFilter-top\">\n                    <div class=\"ApiListingFilter-col\">\n                        <span class=\"ApiListingFilter-title\">Filtrer votre recherche<\/span>\n                        <button class=\"ApiListingFilter-reinit __altimax_filters_reset\">\n                            <img decoding=\"async\" class=\"ApiListingFilter-reinit--svg svg\"\n                                 src=\"\/content\/themes\/theme_altimax\/dist\/img\/apidae\/system\/SYSTEM-CTA-Cross-18px.svg\"\/>\n                            R\u00e9initialiser les filtres\n                        <\/button>\n                    <\/div>\n                    <button class=\"ApiListingFilter-close __altimax_toggle_filters\"><\/button>\n                <\/div>\n                <div class=\"ApiListingFilter-wrapper __altimax_filters_content\">\n                                            <div class=\"ApiListingFilter-group __altimax_filters_filter_group\"\n                 data-group='{&quot;name&quot;:&quot;Communes&quot;,&quot;uid&quot;:&quot;communes_list&quot;,&quot;description&quot;:null,&quot;config&quot;:{&quot;order&quot;:&quot;desc&quot;,&quot;order_by&quot;:&quot;alphabetic&quot;,&quot;combination&quot;:&quot;and&quot;,&quot;template&quot;:&quot;list&quot;,&quot;keep_filters&quot;:true},&quot;filters&quot;:[{&quot;index&quot;:0,&quot;name&quot;:null,&quot;translate&quot;:false,&quot;type&quot;:&quot;commune&quot;,&quot;strict&quot;:true,&quot;values&quot;:[{&quot;active&quot;:false,&quot;count&quot;:3,&quot;name&quot;:&quot;Cervi\\u00e8res&quot;,&quot;type&quot;:&quot;commune&quot;,&quot;values&quot;:[1781]},{&quot;active&quot;:false,&quot;count&quot;:7,&quot;name&quot;:&quot;La Grave&quot;,&quot;type&quot;:&quot;commune&quot;,&quot;values&quot;:[1815]},{&quot;active&quot;:false,&quot;count&quot;:2,&quot;name&quot;:&quot;N\\u00e9vache&quot;,&quot;type&quot;:&quot;commune&quot;,&quot;values&quot;:[1844]},{&quot;active&quot;:false,&quot;count&quot;:2,&quot;name&quot;:&quot;Val-des-Pr\\u00e9s&quot;,&quot;type&quot;:&quot;commune&quot;,&quot;values&quot;:[1922]},{&quot;active&quot;:false,&quot;count&quot;:3,&quot;name&quot;:&quot;Villar-Saint-Pancrace&quot;,&quot;type&quot;:&quot;commune&quot;,&quot;values&quot;:[1931]},{&quot;active&quot;:false,&quot;count&quot;:5,&quot;name&quot;:&quot;Villar-d&#039;Ar\\u00eane&quot;,&quot;type&quot;:&quot;commune&quot;,&quot;values&quot;:[1929]}],&quot;template&quot;:&quot;list&quot;,&quot;count&quot;:22,&quot;config&quot;:{&quot;is_custom&quot;:false}}],&quot;count&quot;:22}'>\n                <div class=\"ApiListingFilter-group--wrapper \">\n    <span class=\"ApiListingFilter-group--title __accordion\">Communes<\/span>\n    <div class=\"ApiListingFilter-group--wrap\">\n        <ul class=\"ApiListingFilter-group--list\">\n                            <li class=\"ApiListingFilter-criteria--item\">\n        <ul class=\"ApiListingFilter-criteria--list\">\n                    <li class=\"ApiListingFilter-criteria--item\">\n                <span class=\"ApiListingFilter-checkbox __altimax_filters_value \"\n                      data-value='{&quot;active&quot;:false,&quot;count&quot;:3,&quot;name&quot;:&quot;Cervi\\u00e8res&quot;,&quot;type&quot;:&quot;commune&quot;,&quot;values&quot;:[1781]}'>\n                    <span class=\"box\"><\/span>\n                    <span class=\"ApiListingFilter-checkbox--value\">\n                        Cervi\u00e8res\n                                            <\/span>\n                <\/span>\n            <\/li>\n                    <li class=\"ApiListingFilter-criteria--item\">\n                <span class=\"ApiListingFilter-checkbox __altimax_filters_value \"\n                      data-value='{&quot;active&quot;:false,&quot;count&quot;:7,&quot;name&quot;:&quot;La Grave&quot;,&quot;type&quot;:&quot;commune&quot;,&quot;values&quot;:[1815]}'>\n                    <span class=\"box\"><\/span>\n                    <span class=\"ApiListingFilter-checkbox--value\">\n                        La Grave\n                                            <\/span>\n                <\/span>\n            <\/li>\n                    <li class=\"ApiListingFilter-criteria--item\">\n                <span class=\"ApiListingFilter-checkbox __altimax_filters_value \"\n                      data-value='{&quot;active&quot;:false,&quot;count&quot;:2,&quot;name&quot;:&quot;N\\u00e9vache&quot;,&quot;type&quot;:&quot;commune&quot;,&quot;values&quot;:[1844]}'>\n                    <span class=\"box\"><\/span>\n                    <span class=\"ApiListingFilter-checkbox--value\">\n                        N\u00e9vache\n                                            <\/span>\n                <\/span>\n            <\/li>\n                    <li class=\"ApiListingFilter-criteria--item\">\n                <span class=\"ApiListingFilter-checkbox __altimax_filters_value \"\n                      data-value='{&quot;active&quot;:false,&quot;count&quot;:2,&quot;name&quot;:&quot;Val-des-Pr\\u00e9s&quot;,&quot;type&quot;:&quot;commune&quot;,&quot;values&quot;:[1922]}'>\n                    <span class=\"box\"><\/span>\n                    <span class=\"ApiListingFilter-checkbox--value\">\n                        Val-des-Pr\u00e9s\n                                            <\/span>\n                <\/span>\n            <\/li>\n                    <li class=\"ApiListingFilter-criteria--item\">\n                <span class=\"ApiListingFilter-checkbox __altimax_filters_value \"\n                      data-value='{&quot;active&quot;:false,&quot;count&quot;:3,&quot;name&quot;:&quot;Villar-Saint-Pancrace&quot;,&quot;type&quot;:&quot;commune&quot;,&quot;values&quot;:[1931]}'>\n                    <span class=\"box\"><\/span>\n                    <span class=\"ApiListingFilter-checkbox--value\">\n                        Villar-Saint-Pancrace\n                                            <\/span>\n                <\/span>\n            <\/li>\n                    <li class=\"ApiListingFilter-criteria--item\">\n                <span class=\"ApiListingFilter-checkbox __altimax_filters_value \"\n                      data-value='{&quot;active&quot;:false,&quot;count&quot;:5,&quot;name&quot;:&quot;Villar-d&#039;Ar\\u00eane&quot;,&quot;type&quot;:&quot;commune&quot;,&quot;values&quot;:[1929]}'>\n                    <span class=\"box\"><\/span>\n                    <span class=\"ApiListingFilter-checkbox--value\">\n                        Villar-d&#039;Ar\u00eane\n                                            <\/span>\n                <\/span>\n            <\/li>\n            <\/ul>\n<\/li>                    <\/ul>\n    <\/div>\n<\/div>            <\/div>\n                                <div class=\"ApiListingFilter-group __altimax_filters_filter_group\"\n                 data-group='{&quot;name&quot;:&quot;Distance&quot;,&quot;uid&quot;:&quot;distance&quot;,&quot;description&quot;:null,&quot;config&quot;:{&quot;combination&quot;:&quot;and&quot;,&quot;template&quot;:&quot;list&quot;,&quot;order&quot;:&quot;desc&quot;,&quot;order_by&quot;:&quot;alphabetic&quot;,&quot;keep_filters&quot;:false},&quot;filters&quot;:[{&quot;index&quot;:0,&quot;name&quot;:null,&quot;active&quot;:false,&quot;translate&quot;:false,&quot;type&quot;:&quot;propriete&quot;,&quot;element_reference_types&quot;:[],&quot;ids&quot;:[],&quot;propriete&quot;:&quot;distance&quot;,&quot;strict&quot;:true,&quot;values&quot;:[],&quot;template&quot;:&quot;propriete_range&quot;,&quot;count&quot;:22,&quot;class&quot;:&quot;Altimax\\\\Apidae\\\\Core\\\\Entity\\\\SitraObjetEquipement&quot;,&quot;default_values&quot;:[10,120]}],&quot;count&quot;:22}'>\n                <div class=\"ApiListingFilter-group--wrapper \">\n    <span class=\"ApiListingFilter-group--title __accordion\">Distance<\/span>\n    <div class=\"ApiListingFilter-group--wrap\">\n        <ul class=\"ApiListingFilter-group--list\">\n                            <li class=\"ApiListingFilter-criteria--item\">\n    <div class=\"ApiListingFilter-range __altimax_filter_listing_range\"\n         data-filter=\"{&quot;index&quot;:0,&quot;name&quot;:null,&quot;active&quot;:false,&quot;translate&quot;:false,&quot;type&quot;:&quot;propriete&quot;,&quot;element_reference_types&quot;:[],&quot;ids&quot;:[],&quot;propriete&quot;:&quot;distance&quot;,&quot;strict&quot;:true,&quot;values&quot;:[],&quot;template&quot;:&quot;propriete_range&quot;,&quot;count&quot;:22,&quot;class&quot;:&quot;Altimax\\\\Apidae\\\\Core\\\\Entity\\\\SitraObjetEquipement&quot;,&quot;default_values&quot;:[10,120]}\">\n        <div class=\"ApiListingFilter-range--bar __altimax_filter_range_slider \"><\/div>\n        <div class=\"ApiListingFilter-range--row\">\n            <div class=\"ApiListingFilter-range--min __altimax_filter_range_min\" data-value=\"10\">10<\/div>\n            <div class=\"ApiListingFilter-range--max __altimax_filter_range_max\" data-value=\"120\">120<\/div>\n        <\/div>\n        <div class=\"ApiListingFilter-range--row\">\n            <span class=\"ApiListingFilter-range--validate Link-system __altimax_filter_range_validate\">Valider<\/span>\n                    <\/div>\n    <\/div>\n<\/li>                    <\/ul>\n    <\/div>\n<\/div>            <\/div>\n                                <div class=\"ApiListingFilter-group __altimax_filters_filter_group\"\n                 data-group='{&quot;name&quot;:&quot;Difficult\\u00e9&quot;,&quot;uid&quot;:&quot;difficulte&quot;,&quot;description&quot;:&quot;filtre \\u00e0 utiliser pour fiche \\u00c9quipement rando et VTT&quot;,&quot;config&quot;:{&quot;combination&quot;:&quot;and&quot;,&quot;template&quot;:&quot;list&quot;,&quot;order&quot;:&quot;desc&quot;,&quot;order_by&quot;:&quot;none&quot;,&quot;keep_filters&quot;:false},&quot;filters&quot;:[{&quot;index&quot;:0,&quot;name&quot;:&quot;Facile-Vert&quot;,&quot;active&quot;:false,&quot;translate&quot;:true,&quot;type&quot;:&quot;element_reference&quot;,&quot;element_reference_types&quot;:[],&quot;ids&quot;:[],&quot;propriete&quot;:null,&quot;strict&quot;:true,&quot;values&quot;:[&quot;587&quot;],&quot;template&quot;:&quot;list_item&quot;,&quot;count&quot;:1},{&quot;index&quot;:1,&quot;name&quot;:&quot;Mod\\u00e9r\\u00e9e-Bleu&quot;,&quot;active&quot;:false,&quot;translate&quot;:true,&quot;type&quot;:&quot;element_reference&quot;,&quot;element_reference_types&quot;:[],&quot;ids&quot;:[],&quot;propriete&quot;:null,&quot;strict&quot;:true,&quot;values&quot;:[&quot;588&quot;],&quot;template&quot;:&quot;list_item&quot;,&quot;count&quot;:5},{&quot;index&quot;:2,&quot;name&quot;:&quot;Assez difficile-Rouge&quot;,&quot;active&quot;:false,&quot;translate&quot;:true,&quot;type&quot;:&quot;element_reference&quot;,&quot;element_reference_types&quot;:[],&quot;ids&quot;:[],&quot;propriete&quot;:null,&quot;strict&quot;:false,&quot;values&quot;:[&quot;589&quot;,&quot;6669&quot;],&quot;template&quot;:&quot;list_item&quot;,&quot;count&quot;:5},{&quot;index&quot;:3,&quot;name&quot;:&quot;Difficile-Noir&quot;,&quot;active&quot;:false,&quot;translate&quot;:true,&quot;type&quot;:&quot;element_reference&quot;,&quot;element_reference_types&quot;:[],&quot;ids&quot;:[],&quot;propriete&quot;:null,&quot;strict&quot;:true,&quot;values&quot;:[&quot;590&quot;],&quot;template&quot;:&quot;list_item&quot;,&quot;count&quot;:10}],&quot;count&quot;:21}'>\n                <div class=\"ApiListingFilter-group--wrapper \">\n    <span class=\"ApiListingFilter-group--title __accordion\">Difficult\u00e9<\/span>\n    <div class=\"ApiListingFilter-group--wrap\">\n        <ul class=\"ApiListingFilter-group--list\">\n                            <li class=\"ApiListingFilter-criteria--item\">\n    <span class=\"ApiListingFilter-checkbox __altimax_filters_filter \"\n          data-filter='{&quot;index&quot;:0,&quot;name&quot;:&quot;Facile-Vert&quot;,&quot;active&quot;:false,&quot;translate&quot;:true,&quot;type&quot;:&quot;element_reference&quot;,&quot;element_reference_types&quot;:[],&quot;ids&quot;:[],&quot;propriete&quot;:null,&quot;strict&quot;:true,&quot;values&quot;:[&quot;587&quot;],&quot;template&quot;:&quot;list_item&quot;,&quot;count&quot;:1}'>\n        <span class=\"box\"><\/span>\n        <span class=\"ApiListingFilter-checkbox--value\">\n            Facile-Vert\n                                    <span>(1)<\/span>\n                        <\/span>\n    <\/span>\n<\/li>                            <li class=\"ApiListingFilter-criteria--item\">\n    <span class=\"ApiListingFilter-checkbox __altimax_filters_filter \"\n          data-filter='{&quot;index&quot;:1,&quot;name&quot;:&quot;Mod\\u00e9r\\u00e9e-Bleu&quot;,&quot;active&quot;:false,&quot;translate&quot;:true,&quot;type&quot;:&quot;element_reference&quot;,&quot;element_reference_types&quot;:[],&quot;ids&quot;:[],&quot;propriete&quot;:null,&quot;strict&quot;:true,&quot;values&quot;:[&quot;588&quot;],&quot;template&quot;:&quot;list_item&quot;,&quot;count&quot;:5}'>\n        <span class=\"box\"><\/span>\n        <span class=\"ApiListingFilter-checkbox--value\">\n            Mod\u00e9r\u00e9e-Bleu\n                                    <span>(5)<\/span>\n                        <\/span>\n    <\/span>\n<\/li>                            <li class=\"ApiListingFilter-criteria--item\">\n    <span class=\"ApiListingFilter-checkbox __altimax_filters_filter \"\n          data-filter='{&quot;index&quot;:2,&quot;name&quot;:&quot;Assez difficile-Rouge&quot;,&quot;active&quot;:false,&quot;translate&quot;:true,&quot;type&quot;:&quot;element_reference&quot;,&quot;element_reference_types&quot;:[],&quot;ids&quot;:[],&quot;propriete&quot;:null,&quot;strict&quot;:false,&quot;values&quot;:[&quot;589&quot;,&quot;6669&quot;],&quot;template&quot;:&quot;list_item&quot;,&quot;count&quot;:5}'>\n        <span class=\"box\"><\/span>\n        <span class=\"ApiListingFilter-checkbox--value\">\n            Assez difficile-Rouge\n                                    <span>(5)<\/span>\n                        <\/span>\n    <\/span>\n<\/li>                            <li class=\"ApiListingFilter-criteria--item\">\n    <span class=\"ApiListingFilter-checkbox __altimax_filters_filter \"\n          data-filter='{&quot;index&quot;:3,&quot;name&quot;:&quot;Difficile-Noir&quot;,&quot;active&quot;:false,&quot;translate&quot;:true,&quot;type&quot;:&quot;element_reference&quot;,&quot;element_reference_types&quot;:[],&quot;ids&quot;:[],&quot;propriete&quot;:null,&quot;strict&quot;:true,&quot;values&quot;:[&quot;590&quot;],&quot;template&quot;:&quot;list_item&quot;,&quot;count&quot;:10}'>\n        <span class=\"box\"><\/span>\n        <span class=\"ApiListingFilter-checkbox--value\">\n            Difficile-Noir\n                                    <span>(10)<\/span>\n                        <\/span>\n    <\/span>\n<\/li>                    <\/ul>\n    <\/div>\n<\/div>            <\/div>\n            \n\n                <\/div>\n                <div class=\"ApiListingFilter-wrapper\">\n                        <div class=\"ApiListing-wrap ApiListingFilter-wrap\">\n                    <button class=\"ApiListing-share ApiListingFilter-share mobile Button-border __altimax_listing_url\">\n                <span data-text-valid=\"Copi\u00e9e dans le presse-papier\"\n                      data-text-unvalid=\"Aucune recherche !\">\n                    Partager ma recherche\n                <\/span>\n            <\/button>\n                            <button class=\"ApiListing-pdf ApiListingFilter-pdf mobile Button-border __altimax_listing_pdf\">T\u00e9l\u00e9charger<\/button>\n            <\/div>\n\n                <\/div>\n            <\/div>\n            <button class=\"ApiListingFilter-close--btn Button-full __altimax_toggle_filters\">Voir les r\u00e9sultats<\/button>\n        <\/div>\n        <div class=\"ApiListingFilter-overflow __altimax_toggle_filters\"><\/div>\n    <\/div>\n\n                            <ul class=\"ApiListing-list __altimax_listing_content\">\n                                            <!-- Generer le: 2026-04-30 11:27:57 -->\n<!-- Blog: La Clar\u00e9e - 3 -->\n<li class=\"ApiTile ApiTileDefault __altimax_listing_item  \"\n    data-roadbook-item=\"5579858\"\n    data-apidae=\"5579858\"\n    data-event-category=\"Apidae affichage\"\n    data-event-action=\"vue teaser\"\n    data-event-label=\"5579858 : La boucle des Puys\">\n    <a href=\"https:\/\/www.hautesvallees.com\/la-claree\/equipement\/la-boucle-des-puys-villar-saint-pancrace\" class=\"ApiTile-link ApiTileDefault-link\" title=\"La boucle des Puys\">\n            <span class=\"ApiTile-location ApiTileDefault-location\">\n        Villar-Saint-Pancrace\n    <\/span>\n\n            <button class=\"__gtm_track_click __altimax_favory ApiTile-fav ApiTileDefault-fav Favourite\"\n            data-apidae=\"5579858\"\n            title=\"Ajoutez aux favoris\"\n            data-txtajouter=\"Ajoutez aux favoris\"\n            data-txtretirer=\"Retirez des favoris\"\n            data-event-category=\"Apidae fiche objet\"\n            data-event-action=\"ajout trip planner\"\n            data-event-label=\"5579858 : La boucle des Puys\">\n        <img decoding=\"async\" class=\"Favourite-border svg\"\n             src=\"\/content\/themes\/theme_altimax\/dist\/img\/apidae\/system\/SYSTEM-FavOff-30px.svg\"\/>\n        <img decoding=\"async\" class=\"Favourite-full svg\"\n             src=\"\/content\/themes\/theme_altimax\/dist\/img\/apidae\/system\/SYSTEM-FavOn-30px.svg\"\/>\n    <\/button>\n\n            <picture class=\"ApiTile-picture ApiTileDefault-picture\">\n        <img decoding=\"async\" class=\"ApiTile-img ApiTileAgenda-img\" src=\"\/cache\/images\/9786242_apidae-tile.png\" alt=\"La boucle des Puys\">\n    <\/picture>\n\n        <div class=\"ApiTile-content ApiTileDefault-content\">\n            \n            <div class=\"ApiTile-top ApiTileDefault-top\">\n                <span class=\"ApiTile-type ApiTileDefault-type\">\n                        equipement\n            <\/span>                                            <\/div>\n\n            <h2 class=\"ApiTile-title ApiTileDefault-title\">La boucle des Puys<\/h2>\n                                <ul class=\"ApiTile-hiking ApiTileDefault-hiking\">\n                                <li class=\"ApiTile-hiking--item ApiTileDefault-hiking--item\">\n                <span class=\"ApiTile-hiking--label ApiTileDefault-hiking--label\">\n                    Distance\n                <\/span>\n                <span class=\"ApiTile-hiking--value ApiTileDefault-hiking--value\">\n                    18.8km\n                <\/span>\n            <\/li>\n                                                <li class=\"ApiTile-hiking--item ApiTileDefault-hiking--item\">\n                <span class=\"ApiTile-hiking--label ApiTileDefault-hiking--label\">\n                    Dur\u00e9e journali\u00e8re\n                <\/span>\n                <span class=\"ApiTile-hiking--value ApiTileDefault-hiking--value\">\n                    01h30\n                <\/span>\n            <\/li>\n                                                <li class=\"ApiTile-hiking--item ApiTileDefault-hiking--item\">\n                <span class=\"ApiTile-hiking--label ApiTileDefault-hiking--label\">\n                    D\u00e9nivel\u00e9 positif\n                <\/span>\n                <span class=\"ApiTile-hiking--value ApiTileDefault-hiking--value\">\n                    665m\n                <\/span>\n            <\/li>\n                                        <li class=\"ApiTile-hiking--item ApiTileDefault-hiking--item\">\n                <span class=\"ApiTile-hiking--label ApiTileDefault-hiking--label\">\n                    D\u00e9nivel\u00e9 n\u00e9gatif\n                <\/span>\n                <span class=\"ApiTile-hiking--value ApiTileDefault-hiking--value\">\n                    672m\n                <\/span>\n            <\/li>\n                                                                    <\/ul>\n\n                                <\/div>\n    <\/a>\n<\/li>\n\n                                            <!-- Generer le: 2026-04-30 11:27:57 -->\n<!-- Blog: La Clar\u00e9e - 3 -->\n<li class=\"ApiTile ApiTileDefault __altimax_listing_item  \"\n    data-roadbook-item=\"5785058\"\n    data-apidae=\"5785058\"\n    data-event-category=\"Apidae affichage\"\n    data-event-action=\"vue teaser\"\n    data-event-label=\"5785058 : De Villar d&#039;Ar\u00e8ne \u00e0 l&#039;Alpe d&#039;Huez\">\n    <a href=\"https:\/\/www.hautesvallees.com\/la-claree\/equipement\/de-villar-darene-a-lalpe-dhuez-villar-darene\" class=\"ApiTile-link ApiTileDefault-link\" title=\"De Villar d&#039;Ar\u00e8ne \u00e0 l&#039;Alpe d&#039;Huez\">\n            <span class=\"ApiTile-location ApiTileDefault-location\">\n        Villar-d&#039;Ar\u00eane\n    <\/span>\n\n            <button class=\"__gtm_track_click __altimax_favory ApiTile-fav ApiTileDefault-fav Favourite\"\n            data-apidae=\"5785058\"\n            title=\"Ajoutez aux favoris\"\n            data-txtajouter=\"Ajoutez aux favoris\"\n            data-txtretirer=\"Retirez des favoris\"\n            data-event-category=\"Apidae fiche objet\"\n            data-event-action=\"ajout trip planner\"\n            data-event-label=\"5785058 : De Villar d&#039;Ar\u00e8ne \u00e0 l&#039;Alpe d&#039;Huez\">\n        <img decoding=\"async\" class=\"Favourite-border svg\"\n             src=\"\/content\/themes\/theme_altimax\/dist\/img\/apidae\/system\/SYSTEM-FavOff-30px.svg\"\/>\n        <img decoding=\"async\" class=\"Favourite-full svg\"\n             src=\"\/content\/themes\/theme_altimax\/dist\/img\/apidae\/system\/SYSTEM-FavOn-30px.svg\"\/>\n    <\/button>\n\n            <picture class=\"ApiTile-picture ApiTileDefault-picture\">\n        <img decoding=\"async\" class=\"ApiTile-img ApiTileAgenda-img\" src=\"\/cache\/images\/10402787_apidae-tile.jpg\" alt=\"De Villar d&#039;Ar\u00e8ne \u00e0 l&#039;Alpe d&#039;Huez\">\n    <\/picture>\n\n        <div class=\"ApiTile-content ApiTileDefault-content\">\n            \n            <div class=\"ApiTile-top ApiTileDefault-top\">\n                <span class=\"ApiTile-type ApiTileDefault-type\">\n                        equipement\n            <\/span>                                            <\/div>\n\n            <h2 class=\"ApiTile-title ApiTileDefault-title\">De Villar d&#039;Ar\u00e8ne \u00e0 l&#039;Alpe d&#039;Huez<\/h2>\n                                <ul class=\"ApiTile-hiking ApiTileDefault-hiking\">\n                                <li class=\"ApiTile-hiking--item ApiTileDefault-hiking--item\">\n                <span class=\"ApiTile-hiking--label ApiTileDefault-hiking--label\">\n                    Distance\n                <\/span>\n                <span class=\"ApiTile-hiking--value ApiTileDefault-hiking--value\">\n                    89.26km\n                <\/span>\n            <\/li>\n                                                <li class=\"ApiTile-hiking--item ApiTileDefault-hiking--item\">\n                <span class=\"ApiTile-hiking--label ApiTileDefault-hiking--label\">\n                    Dur\u00e9e journali\u00e8re\n                <\/span>\n                <span class=\"ApiTile-hiking--value ApiTileDefault-hiking--value\">\n                    06h30\n                <\/span>\n            <\/li>\n                                                <li class=\"ApiTile-hiking--item ApiTileDefault-hiking--item\">\n                <span class=\"ApiTile-hiking--label ApiTileDefault-hiking--label\">\n                    D\u00e9nivel\u00e9 positif\n                <\/span>\n                <span class=\"ApiTile-hiking--value ApiTileDefault-hiking--value\">\n                    2859m\n                <\/span>\n            <\/li>\n                                        <li class=\"ApiTile-hiking--item ApiTileDefault-hiking--item\">\n                <span class=\"ApiTile-hiking--label ApiTileDefault-hiking--label\">\n                    D\u00e9nivel\u00e9 n\u00e9gatif\n                <\/span>\n                <span class=\"ApiTile-hiking--value ApiTileDefault-hiking--value\">\n                    2894m\n                <\/span>\n            <\/li>\n                                                                    <\/ul>\n\n                                <\/div>\n    <\/a>\n<\/li>\n\n                                            <!-- Generer le: 2026-04-30 11:27:57 -->\n<!-- Blog: La Clar\u00e9e - 3 -->\n<li class=\"ApiTile ApiTileDefault __altimax_listing_item  \"\n    data-roadbook-item=\"5777090\"\n    data-apidae=\"5777090\"\n    data-event-category=\"Apidae affichage\"\n    data-event-action=\"vue teaser\"\n    data-event-label=\"5777090 : De La Vachette \u00e0 Laval\">\n    <a href=\"https:\/\/www.hautesvallees.com\/la-claree\/equipement\/de-la-vachette-a-laval-val-des-pres\" class=\"ApiTile-link ApiTileDefault-link\" title=\"De La Vachette \u00e0 Laval\">\n            <span class=\"ApiTile-location ApiTileDefault-location\">\n        Val-des-Pr\u00e9s\n    <\/span>\n\n            <button class=\"__gtm_track_click __altimax_favory ApiTile-fav ApiTileDefault-fav Favourite\"\n            data-apidae=\"5777090\"\n            title=\"Ajoutez aux favoris\"\n            data-txtajouter=\"Ajoutez aux favoris\"\n            data-txtretirer=\"Retirez des favoris\"\n            data-event-category=\"Apidae fiche objet\"\n            data-event-action=\"ajout trip planner\"\n            data-event-label=\"5777090 : De La Vachette \u00e0 Laval\">\n        <img decoding=\"async\" class=\"Favourite-border svg\"\n             src=\"\/content\/themes\/theme_altimax\/dist\/img\/apidae\/system\/SYSTEM-FavOff-30px.svg\"\/>\n        <img decoding=\"async\" class=\"Favourite-full svg\"\n             src=\"\/content\/themes\/theme_altimax\/dist\/img\/apidae\/system\/SYSTEM-FavOn-30px.svg\"\/>\n    <\/button>\n\n            <picture class=\"ApiTile-picture ApiTileDefault-picture\">\n        <img decoding=\"async\" class=\"ApiTile-img ApiTileAgenda-img\" src=\"\/cache\/images\/9791501_apidae-tile.jpg\" alt=\"De La Vachette \u00e0 Laval\">\n    <\/picture>\n\n        <div class=\"ApiTile-content ApiTileDefault-content\">\n            \n            <div class=\"ApiTile-top ApiTileDefault-top\">\n                <span class=\"ApiTile-type ApiTileDefault-type\">\n                        equipement\n            <\/span>                                            <\/div>\n\n            <h2 class=\"ApiTile-title ApiTileDefault-title\">De La Vachette \u00e0 Laval<\/h2>\n                                <ul class=\"ApiTile-hiking ApiTileDefault-hiking\">\n                                <li class=\"ApiTile-hiking--item ApiTileDefault-hiking--item\">\n                <span class=\"ApiTile-hiking--label ApiTileDefault-hiking--label\">\n                    Distance\n                <\/span>\n                <span class=\"ApiTile-hiking--value ApiTileDefault-hiking--value\">\n                    49.5km\n                <\/span>\n            <\/li>\n                                                <li class=\"ApiTile-hiking--item ApiTileDefault-hiking--item\">\n                <span class=\"ApiTile-hiking--label ApiTileDefault-hiking--label\">\n                    Dur\u00e9e journali\u00e8re\n                <\/span>\n                <span class=\"ApiTile-hiking--value ApiTileDefault-hiking--value\">\n                    02h00\n                <\/span>\n            <\/li>\n                                                <li class=\"ApiTile-hiking--item ApiTileDefault-hiking--item\">\n                <span class=\"ApiTile-hiking--label ApiTileDefault-hiking--label\">\n                    D\u00e9nivel\u00e9 positif\n                <\/span>\n                <span class=\"ApiTile-hiking--value ApiTileDefault-hiking--value\">\n                    691m\n                <\/span>\n            <\/li>\n                                        <li class=\"ApiTile-hiking--item ApiTileDefault-hiking--item\">\n                <span class=\"ApiTile-hiking--label ApiTileDefault-hiking--label\">\n                    D\u00e9nivel\u00e9 n\u00e9gatif\n                <\/span>\n                <span class=\"ApiTile-hiking--value ApiTileDefault-hiking--value\">\n                    691m\n                <\/span>\n            <\/li>\n                                                                    <\/ul>\n\n                                <\/div>\n    <\/a>\n<\/li>\n\n                                            <!-- Generer le: 2026-04-30 11:27:57 -->\n<!-- Blog: La Clar\u00e9e - 3 -->\n<li class=\"ApiTile ApiTileDefault __altimax_listing_item  \"\n    data-roadbook-item=\"5581125\"\n    data-apidae=\"5581125\"\n    data-event-category=\"Apidae affichage\"\n    data-event-action=\"vue teaser\"\n    data-event-label=\"5581125 : La boucle de l&#039;Izoard\">\n    <a href=\"https:\/\/www.hautesvallees.com\/la-claree\/equipement\/la-boucle-de-lizoard-villar-saint-pancrace\" class=\"ApiTile-link ApiTileDefault-link\" title=\"La boucle de l&#039;Izoard\">\n            <span class=\"ApiTile-location ApiTileDefault-location\">\n        Villar-Saint-Pancrace\n    <\/span>\n\n            <button class=\"__gtm_track_click __altimax_favory ApiTile-fav ApiTileDefault-fav Favourite\"\n            data-apidae=\"5581125\"\n            title=\"Ajoutez aux favoris\"\n            data-txtajouter=\"Ajoutez aux favoris\"\n            data-txtretirer=\"Retirez des favoris\"\n            data-event-category=\"Apidae fiche objet\"\n            data-event-action=\"ajout trip planner\"\n            data-event-label=\"5581125 : La boucle de l&#039;Izoard\">\n        <img decoding=\"async\" class=\"Favourite-border svg\"\n             src=\"\/content\/themes\/theme_altimax\/dist\/img\/apidae\/system\/SYSTEM-FavOff-30px.svg\"\/>\n        <img decoding=\"async\" class=\"Favourite-full svg\"\n             src=\"\/content\/themes\/theme_altimax\/dist\/img\/apidae\/system\/SYSTEM-FavOn-30px.svg\"\/>\n    <\/button>\n\n            <picture class=\"ApiTile-picture ApiTileDefault-picture\">\n        <img decoding=\"async\" class=\"ApiTile-img ApiTileAgenda-img\" src=\"\/cache\/images\/18145914_apidae-tile.jpg\" alt=\"La boucle de l&#039;Izoard\">\n    <\/picture>\n\n        <div class=\"ApiTile-content ApiTileDefault-content\">\n            \n            <div class=\"ApiTile-top ApiTileDefault-top\">\n                <span class=\"ApiTile-type ApiTileDefault-type\">\n                        equipement\n            <\/span>                                            <\/div>\n\n            <h2 class=\"ApiTile-title ApiTileDefault-title\">La boucle de l&#039;Izoard<\/h2>\n                                <ul class=\"ApiTile-hiking ApiTileDefault-hiking\">\n                                <li class=\"ApiTile-hiking--item ApiTileDefault-hiking--item\">\n                <span class=\"ApiTile-hiking--label ApiTileDefault-hiking--label\">\n                    Distance\n                <\/span>\n                <span class=\"ApiTile-hiking--value ApiTileDefault-hiking--value\">\n                    96.4km\n                <\/span>\n            <\/li>\n                                                <li class=\"ApiTile-hiking--item ApiTileDefault-hiking--item\">\n                <span class=\"ApiTile-hiking--label ApiTileDefault-hiking--label\">\n                    Dur\u00e9e journali\u00e8re\n                <\/span>\n                <span class=\"ApiTile-hiking--value ApiTileDefault-hiking--value\">\n                    07h10\n                <\/span>\n            <\/li>\n                                                <li class=\"ApiTile-hiking--item ApiTileDefault-hiking--item\">\n                <span class=\"ApiTile-hiking--label ApiTileDefault-hiking--label\">\n                    D\u00e9nivel\u00e9 positif\n                <\/span>\n                <span class=\"ApiTile-hiking--value ApiTileDefault-hiking--value\">\n                    2251m\n                <\/span>\n            <\/li>\n                                        <li class=\"ApiTile-hiking--item ApiTileDefault-hiking--item\">\n                <span class=\"ApiTile-hiking--label ApiTileDefault-hiking--label\">\n                    D\u00e9nivel\u00e9 n\u00e9gatif\n                <\/span>\n                <span class=\"ApiTile-hiking--value ApiTileDefault-hiking--value\">\n                    2257m\n                <\/span>\n            <\/li>\n                                                                    <\/ul>\n\n                                <\/div>\n    <\/a>\n<\/li>\n\n                                            <!-- Generer le: 2026-04-30 11:27:57 -->\n<!-- Blog: La Clar\u00e9e - 3 -->\n<li class=\"ApiTile ApiTileDefault __altimax_listing_item  \"\n    data-roadbook-item=\"5788077\"\n    data-apidae=\"5788077\"\n    data-event-category=\"Apidae affichage\"\n    data-event-action=\"vue teaser\"\n    data-event-label=\"5788077 : De La Grave au Col de l&#039;\u00c9chelle\">\n    <a href=\"https:\/\/www.hautesvallees.com\/la-claree\/equipement\/de-la-grave-au-col-de-lechelle-la-grave\" class=\"ApiTile-link ApiTileDefault-link\" title=\"De La Grave au Col de l&#039;\u00c9chelle\">\n            <span class=\"ApiTile-location ApiTileDefault-location\">\n        La Grave\n    <\/span>\n\n            <button class=\"__gtm_track_click __altimax_favory ApiTile-fav ApiTileDefault-fav Favourite\"\n            data-apidae=\"5788077\"\n            title=\"Ajoutez aux favoris\"\n            data-txtajouter=\"Ajoutez aux favoris\"\n            data-txtretirer=\"Retirez des favoris\"\n            data-event-category=\"Apidae fiche objet\"\n            data-event-action=\"ajout trip planner\"\n            data-event-label=\"5788077 : De La Grave au Col de l&#039;\u00c9chelle\">\n        <img decoding=\"async\" class=\"Favourite-border svg\"\n             src=\"\/content\/themes\/theme_altimax\/dist\/img\/apidae\/system\/SYSTEM-FavOff-30px.svg\"\/>\n        <img decoding=\"async\" class=\"Favourite-full svg\"\n             src=\"\/content\/themes\/theme_altimax\/dist\/img\/apidae\/system\/SYSTEM-FavOn-30px.svg\"\/>\n    <\/button>\n\n            <picture class=\"ApiTile-picture ApiTileDefault-picture\">\n        <img decoding=\"async\" class=\"ApiTile-img ApiTileAgenda-img\" src=\"\/cache\/images\/31023644_apidae-tile.jpg\" alt=\"De La Grave au Col de l&#039;\u00c9chelle\">\n    <\/picture>\n\n        <div class=\"ApiTile-content ApiTileDefault-content\">\n            \n            <div class=\"ApiTile-top ApiTileDefault-top\">\n                <span class=\"ApiTile-type ApiTileDefault-type\">\n                        equipement\n            <\/span>                                            <\/div>\n\n            <h2 class=\"ApiTile-title ApiTileDefault-title\">De La Grave au Col de l&#039;\u00c9chelle<\/h2>\n                                <ul class=\"ApiTile-hiking ApiTileDefault-hiking\">\n                                <li class=\"ApiTile-hiking--item ApiTileDefault-hiking--item\">\n                <span class=\"ApiTile-hiking--label ApiTileDefault-hiking--label\">\n                    Distance\n                <\/span>\n                <span class=\"ApiTile-hiking--value ApiTileDefault-hiking--value\">\n                    120.6km\n                <\/span>\n            <\/li>\n                                                <li class=\"ApiTile-hiking--item ApiTileDefault-hiking--item\">\n                <span class=\"ApiTile-hiking--label ApiTileDefault-hiking--label\">\n                    Dur\u00e9e journali\u00e8re\n                <\/span>\n                <span class=\"ApiTile-hiking--value ApiTileDefault-hiking--value\">\n                    07h30\n                <\/span>\n            <\/li>\n                                                <li class=\"ApiTile-hiking--item ApiTileDefault-hiking--item\">\n                <span class=\"ApiTile-hiking--label ApiTileDefault-hiking--label\">\n                    D\u00e9nivel\u00e9 positif\n                <\/span>\n                <span class=\"ApiTile-hiking--value ApiTileDefault-hiking--value\">\n                    2014m\n                <\/span>\n            <\/li>\n                                        <li class=\"ApiTile-hiking--item ApiTileDefault-hiking--item\">\n                <span class=\"ApiTile-hiking--label ApiTileDefault-hiking--label\">\n                    D\u00e9nivel\u00e9 n\u00e9gatif\n                <\/span>\n                <span class=\"ApiTile-hiking--value ApiTileDefault-hiking--value\">\n                    2003m\n                <\/span>\n            <\/li>\n                                                                    <\/ul>\n\n                                <\/div>\n    <\/a>\n<\/li>\n\n                                            <!-- Generer le: 2026-04-30 11:27:57 -->\n<!-- Blog: La Clar\u00e9e - 3 -->\n<li class=\"ApiTile ApiTileDefault __altimax_listing_item  \"\n    data-roadbook-item=\"5783646\"\n    data-apidae=\"5783646\"\n    data-event-category=\"Apidae affichage\"\n    data-event-action=\"vue teaser\"\n    data-event-label=\"5783646 : Ascension du Col de l&#039;\u00c9chelle depuis Bardonecchia\">\n    <a href=\"https:\/\/www.hautesvallees.com\/la-claree\/equipement\/ascension-du-col-de-lechelle-depuis-bardonecchia-nevache\" class=\"ApiTile-link ApiTileDefault-link\" title=\"Ascension du Col de l&#039;\u00c9chelle depuis Bardonecchia\">\n            <span class=\"ApiTile-location ApiTileDefault-location\">\n        N\u00e9vache\n    <\/span>\n\n            <button class=\"__gtm_track_click __altimax_favory ApiTile-fav ApiTileDefault-fav Favourite\"\n            data-apidae=\"5783646\"\n            title=\"Ajoutez aux favoris\"\n            data-txtajouter=\"Ajoutez aux favoris\"\n            data-txtretirer=\"Retirez des favoris\"\n            data-event-category=\"Apidae fiche objet\"\n            data-event-action=\"ajout trip planner\"\n            data-event-label=\"5783646 : Ascension du Col de l&#039;\u00c9chelle depuis Bardonecchia\">\n        <img decoding=\"async\" class=\"Favourite-border svg\"\n             src=\"\/content\/themes\/theme_altimax\/dist\/img\/apidae\/system\/SYSTEM-FavOff-30px.svg\"\/>\n        <img decoding=\"async\" class=\"Favourite-full svg\"\n             src=\"\/content\/themes\/theme_altimax\/dist\/img\/apidae\/system\/SYSTEM-FavOn-30px.svg\"\/>\n    <\/button>\n\n            <picture class=\"ApiTile-picture ApiTileDefault-picture\">\n        <img decoding=\"async\" class=\"ApiTile-img ApiTileAgenda-img\" src=\"\/cache\/images\/18145769_apidae-tile.jpg\" alt=\"Ascension du Col de l&#039;\u00c9chelle depuis Bardonecchia\">\n    <\/picture>\n\n        <div class=\"ApiTile-content ApiTileDefault-content\">\n            \n            <div class=\"ApiTile-top ApiTileDefault-top\">\n                <span class=\"ApiTile-type ApiTileDefault-type\">\n                        equipement\n            <\/span>                                            <\/div>\n\n            <h2 class=\"ApiTile-title ApiTileDefault-title\">Ascension du Col de l&#039;\u00c9chelle depuis&#8230;<\/h2>\n                                <ul class=\"ApiTile-hiking ApiTileDefault-hiking\">\n                                <li class=\"ApiTile-hiking--item ApiTileDefault-hiking--item\">\n                <span class=\"ApiTile-hiking--label ApiTileDefault-hiking--label\">\n                    Distance\n                <\/span>\n                <span class=\"ApiTile-hiking--value ApiTileDefault-hiking--value\">\n                    10km\n                <\/span>\n            <\/li>\n                                                                <li class=\"ApiTile-hiking--item ApiTileDefault-hiking--item\">\n                <span class=\"ApiTile-hiking--label ApiTileDefault-hiking--label\">\n                    D\u00e9nivel\u00e9 positif\n                <\/span>\n                <span class=\"ApiTile-hiking--value ApiTileDefault-hiking--value\">\n                    600m\n                <\/span>\n            <\/li>\n                                                                            <\/ul>\n\n                                <\/div>\n    <\/a>\n<\/li>\n\n                                            <!-- Generer le: 2026-04-30 11:27:57 -->\n<!-- Blog: La Clar\u00e9e - 3 -->\n<li class=\"ApiTile ApiTileDefault __altimax_listing_item  \"\n    data-roadbook-item=\"7420531\"\n    data-apidae=\"7420531\"\n    data-event-category=\"Apidae affichage\"\n    data-event-action=\"vue teaser\"\n    data-event-label=\"7420531 : De la Grave au Col des Portes\">\n    <a href=\"https:\/\/www.hautesvallees.com\/la-claree\/equipement\/de-la-grave-au-col-des-portes-la-grave\" class=\"ApiTile-link ApiTileDefault-link\" title=\"De la Grave au Col des Portes\">\n            <span class=\"ApiTile-location ApiTileDefault-location\">\n        La Grave\n    <\/span>\n\n            <button class=\"__gtm_track_click __altimax_favory ApiTile-fav ApiTileDefault-fav Favourite\"\n            data-apidae=\"7420531\"\n            title=\"Ajoutez aux favoris\"\n            data-txtajouter=\"Ajoutez aux favoris\"\n            data-txtretirer=\"Retirez des favoris\"\n            data-event-category=\"Apidae fiche objet\"\n            data-event-action=\"ajout trip planner\"\n            data-event-label=\"7420531 : De la Grave au Col des Portes\">\n        <img decoding=\"async\" class=\"Favourite-border svg\"\n             src=\"\/content\/themes\/theme_altimax\/dist\/img\/apidae\/system\/SYSTEM-FavOff-30px.svg\"\/>\n        <img decoding=\"async\" class=\"Favourite-full svg\"\n             src=\"\/content\/themes\/theme_altimax\/dist\/img\/apidae\/system\/SYSTEM-FavOn-30px.svg\"\/>\n    <\/button>\n\n            <picture class=\"ApiTile-picture ApiTileDefault-picture\">\n        <img decoding=\"async\" class=\"ApiTile-img ApiTileAgenda-img\" src=\"\/cache\/images\/38464459_apidae-tile.jpg\" alt=\"De la Grave au Col des Portes\">\n    <\/picture>\n\n        <div class=\"ApiTile-content ApiTileDefault-content\">\n            \n            <div class=\"ApiTile-top ApiTileDefault-top\">\n                <span class=\"ApiTile-type ApiTileDefault-type\">\n                        equipement\n            <\/span>                                            <\/div>\n\n            <h2 class=\"ApiTile-title ApiTileDefault-title\">De la Grave au Col des Portes<\/h2>\n                                <ul class=\"ApiTile-hiking ApiTileDefault-hiking\">\n                                <li class=\"ApiTile-hiking--item ApiTileDefault-hiking--item\">\n                <span class=\"ApiTile-hiking--label ApiTileDefault-hiking--label\">\n                    Distance\n                <\/span>\n                <span class=\"ApiTile-hiking--value ApiTileDefault-hiking--value\">\n                    10.9km\n                <\/span>\n            <\/li>\n                                                <li class=\"ApiTile-hiking--item ApiTileDefault-hiking--item\">\n                <span class=\"ApiTile-hiking--label ApiTileDefault-hiking--label\">\n                    Dur\u00e9e journali\u00e8re\n                <\/span>\n                <span class=\"ApiTile-hiking--value ApiTileDefault-hiking--value\">\n                    01h00\n                <\/span>\n            <\/li>\n                                                <li class=\"ApiTile-hiking--item ApiTileDefault-hiking--item\">\n                <span class=\"ApiTile-hiking--label ApiTileDefault-hiking--label\">\n                    D\u00e9nivel\u00e9 positif\n                <\/span>\n                <span class=\"ApiTile-hiking--value ApiTileDefault-hiking--value\">\n                    333m\n                <\/span>\n            <\/li>\n                                        <li class=\"ApiTile-hiking--item ApiTileDefault-hiking--item\">\n                <span class=\"ApiTile-hiking--label ApiTileDefault-hiking--label\">\n                    D\u00e9nivel\u00e9 n\u00e9gatif\n                <\/span>\n                <span class=\"ApiTile-hiking--value ApiTileDefault-hiking--value\">\n                    328m\n                <\/span>\n            <\/li>\n                                                                    <\/ul>\n\n                                <\/div>\n    <\/a>\n<\/li>\n\n                                            <!-- Generer le: 2026-04-30 11:27:57 -->\n<!-- Blog: La Clar\u00e9e - 3 -->\n<li class=\"ApiTile ApiTileDefault __altimax_listing_item  \"\n    data-roadbook-item=\"5793048\"\n    data-apidae=\"5793048\"\n    data-event-category=\"Apidae affichage\"\n    data-event-action=\"vue teaser\"\n    data-event-label=\"5793048 : De Cervi\u00e8res \u00e0 la haute vall\u00e9e de la Clar\u00e9e\">\n    <a href=\"https:\/\/www.hautesvallees.com\/la-claree\/equipement\/de-cervieres-a-la-haute-vallee-de-la-claree-cervieres\" class=\"ApiTile-link ApiTileDefault-link\" title=\"De Cervi\u00e8res \u00e0 la haute vall\u00e9e de la Clar\u00e9e\">\n            <span class=\"ApiTile-location ApiTileDefault-location\">\n        Cervi\u00e8res\n    <\/span>\n\n            <button class=\"__gtm_track_click __altimax_favory ApiTile-fav ApiTileDefault-fav Favourite\"\n            data-apidae=\"5793048\"\n            title=\"Ajoutez aux favoris\"\n            data-txtajouter=\"Ajoutez aux favoris\"\n            data-txtretirer=\"Retirez des favoris\"\n            data-event-category=\"Apidae fiche objet\"\n            data-event-action=\"ajout trip planner\"\n            data-event-label=\"5793048 : De Cervi\u00e8res \u00e0 la haute vall\u00e9e de la Clar\u00e9e\">\n        <img decoding=\"async\" class=\"Favourite-border svg\"\n             src=\"\/content\/themes\/theme_altimax\/dist\/img\/apidae\/system\/SYSTEM-FavOff-30px.svg\"\/>\n        <img decoding=\"async\" class=\"Favourite-full svg\"\n             src=\"\/content\/themes\/theme_altimax\/dist\/img\/apidae\/system\/SYSTEM-FavOn-30px.svg\"\/>\n    <\/button>\n\n            <picture class=\"ApiTile-picture ApiTileDefault-picture\">\n        <img decoding=\"async\" class=\"ApiTile-img ApiTileAgenda-img\" src=\"\/cache\/images\/37888260_apidae-tile.jpg\" alt=\"De Cervi\u00e8res \u00e0 la haute vall\u00e9e de la Clar\u00e9e\">\n    <\/picture>\n\n        <div class=\"ApiTile-content ApiTileDefault-content\">\n            \n            <div class=\"ApiTile-top ApiTileDefault-top\">\n                <span class=\"ApiTile-type ApiTileDefault-type\">\n                        equipement\n            <\/span>                                            <\/div>\n\n            <h2 class=\"ApiTile-title ApiTileDefault-title\">De Cervi\u00e8res \u00e0 la haute vall\u00e9e de la&#8230;<\/h2>\n                                <ul class=\"ApiTile-hiking ApiTileDefault-hiking\">\n                                <li class=\"ApiTile-hiking--item ApiTileDefault-hiking--item\">\n                <span class=\"ApiTile-hiking--label ApiTileDefault-hiking--label\">\n                    Distance\n                <\/span>\n                <span class=\"ApiTile-hiking--value ApiTileDefault-hiking--value\">\n                    80.8km\n                <\/span>\n            <\/li>\n                                                <li class=\"ApiTile-hiking--item ApiTileDefault-hiking--item\">\n                <span class=\"ApiTile-hiking--label ApiTileDefault-hiking--label\">\n                    Dur\u00e9e journali\u00e8re\n                <\/span>\n                <span class=\"ApiTile-hiking--value ApiTileDefault-hiking--value\">\n                    05h10\n                <\/span>\n            <\/li>\n                                                <li class=\"ApiTile-hiking--item ApiTileDefault-hiking--item\">\n                <span class=\"ApiTile-hiking--label ApiTileDefault-hiking--label\">\n                    D\u00e9nivel\u00e9 positif\n                <\/span>\n                <span class=\"ApiTile-hiking--value ApiTileDefault-hiking--value\">\n                    1412m\n                <\/span>\n            <\/li>\n                                        <li class=\"ApiTile-hiking--item ApiTileDefault-hiking--item\">\n                <span class=\"ApiTile-hiking--label ApiTileDefault-hiking--label\">\n                    D\u00e9nivel\u00e9 n\u00e9gatif\n                <\/span>\n                <span class=\"ApiTile-hiking--value ApiTileDefault-hiking--value\">\n                    1412m\n                <\/span>\n            <\/li>\n                                                                    <\/ul>\n\n                                <\/div>\n    <\/a>\n<\/li>\n\n                                            <!-- Generer le: 2026-04-30 11:27:57 -->\n<!-- Blog: La Clar\u00e9e - 3 -->\n<li class=\"ApiTile ApiTileDefault __altimax_listing_item  \"\n    data-roadbook-item=\"5787074\"\n    data-apidae=\"5787074\"\n    data-event-category=\"Apidae affichage\"\n    data-event-action=\"vue teaser\"\n    data-event-label=\"5787074 : De La Grave au col de Sarenne par l&#039;Alpe d&#039;Huez\">\n    <a href=\"https:\/\/www.hautesvallees.com\/la-claree\/equipement\/de-la-grave-au-col-de-sarenne-par-lalpe-dhuez-la-grave\" class=\"ApiTile-link ApiTileDefault-link\" title=\"De La Grave au col de Sarenne par l&#039;Alpe d&#039;Huez\">\n            <span class=\"ApiTile-location ApiTileDefault-location\">\n        La Grave\n    <\/span>\n\n            <button class=\"__gtm_track_click __altimax_favory ApiTile-fav ApiTileDefault-fav Favourite\"\n            data-apidae=\"5787074\"\n            title=\"Ajoutez aux favoris\"\n            data-txtajouter=\"Ajoutez aux favoris\"\n            data-txtretirer=\"Retirez des favoris\"\n            data-event-category=\"Apidae fiche objet\"\n            data-event-action=\"ajout trip planner\"\n            data-event-label=\"5787074 : De La Grave au col de Sarenne par l&#039;Alpe d&#039;Huez\">\n        <img decoding=\"async\" class=\"Favourite-border svg\"\n             src=\"\/content\/themes\/theme_altimax\/dist\/img\/apidae\/system\/SYSTEM-FavOff-30px.svg\"\/>\n        <img decoding=\"async\" class=\"Favourite-full svg\"\n             src=\"\/content\/themes\/theme_altimax\/dist\/img\/apidae\/system\/SYSTEM-FavOn-30px.svg\"\/>\n    <\/button>\n\n            <picture class=\"ApiTile-picture ApiTileDefault-picture\">\n        <img decoding=\"async\" class=\"ApiTile-img ApiTileAgenda-img\" src=\"\/cache\/images\/10401073_apidae-tile.jpg\" alt=\"De La Grave au col de Sarenne par l&#039;Alpe d&#039;Huez\">\n    <\/picture>\n\n        <div class=\"ApiTile-content ApiTileDefault-content\">\n            \n            <div class=\"ApiTile-top ApiTileDefault-top\">\n                <span class=\"ApiTile-type ApiTileDefault-type\">\n                        equipement\n            <\/span>                                            <\/div>\n\n            <h2 class=\"ApiTile-title ApiTileDefault-title\">De La Grave au col de Sarenne par l&#039;A&#8230;<\/h2>\n                                <ul class=\"ApiTile-hiking ApiTileDefault-hiking\">\n                                <li class=\"ApiTile-hiking--item ApiTileDefault-hiking--item\">\n                <span class=\"ApiTile-hiking--label ApiTileDefault-hiking--label\">\n                    Distance\n                <\/span>\n                <span class=\"ApiTile-hiking--value ApiTileDefault-hiking--value\">\n                    76.7km\n                <\/span>\n            <\/li>\n                                                <li class=\"ApiTile-hiking--item ApiTileDefault-hiking--item\">\n                <span class=\"ApiTile-hiking--label ApiTileDefault-hiking--label\">\n                    Dur\u00e9e journali\u00e8re\n                <\/span>\n                <span class=\"ApiTile-hiking--value ApiTileDefault-hiking--value\">\n                    06h30\n                <\/span>\n            <\/li>\n                                                <li class=\"ApiTile-hiking--item ApiTileDefault-hiking--item\">\n                <span class=\"ApiTile-hiking--label ApiTileDefault-hiking--label\">\n                    D\u00e9nivel\u00e9 positif\n                <\/span>\n                <span class=\"ApiTile-hiking--value ApiTileDefault-hiking--value\">\n                    2516m\n                <\/span>\n            <\/li>\n                                        <li class=\"ApiTile-hiking--item ApiTileDefault-hiking--item\">\n                <span class=\"ApiTile-hiking--label ApiTileDefault-hiking--label\">\n                    D\u00e9nivel\u00e9 n\u00e9gatif\n                <\/span>\n                <span class=\"ApiTile-hiking--value ApiTileDefault-hiking--value\">\n                    2537m\n                <\/span>\n            <\/li>\n                                                                    <\/ul>\n\n                                <\/div>\n    <\/a>\n<\/li>\n\n                                    <\/ul>\n            \n                        \n        <\/div>\n                    <ul class=\"Paginator __altimax_listing_paginator\">\n                    <li class=\"Paginator-page __altimax_listing_load active\"\n        data-index=\"1\" >\n        <span>1<\/span>\n    <\/li>\n    <li class=\"Paginator-page __altimax_listing_load \"\n        data-index=\"2\" >\n        <span>2<\/span>\n    <\/li>\n    <li class=\"Paginator-page __altimax_listing_load \"\n        data-index=\"3\" >\n        <span>3<\/span>\n    <\/li>\n\n            <\/ul>\n            <\/div>\n<\/div>\n\n<div class=\"GutText BgColor GutContainer-full\">\n        <div class=\"GutText-inner\">\n            <div class=\"GutTitle Center\">\n                    <h2 class=\"GutTitle-title\">\n                                    <span class=\"GutTitle-surtitle\">Evenements cyclisme <\/span>\n                                                        et cols r\u00e9serv\u00e9s aux cyclistes\n                            <\/h2>\n                    <\/div>\n                            <div class=\"GutText-intro Center\">Profitez des \u00e9v\u00e8nements et des cols r\u00e9serv\u00e9s pour d\u00e9couvrir le cyclisme en Clar\u00e9e ! L\u2019ouverture \u00e0 la circulation des grands cols des Alpes se fait entre fin avril et mi-juin selon l\u2019altitude et la m\u00e9t\u00e9o printani\u00e8re. C\u2019est l\u2019occasion de sortir les v\u00e9los !<\/div>\n                                        <div class=\"GutText-wysiwyg Content\">\n                    <div class=\"GutText-intro Center\" style=\"text-align: center;\">Avec <strong>l\u2019arriv\u00e9e de l\u2019\u00e9t\u00e9<\/strong>\u00a0vient l\u2019op\u00e9ration des\u00a0<strong>Cols r\u00e9serv\u00e9s<\/strong>\u00a0et\u00a0<strong>l\u2019\u00e9v\u00e9nement \u00e0 ne pas manquer La tourn\u00e9e des grands cols <\/strong>: chaque jour de la semaine, l&rsquo;un des col du Brian\u00e7onnais et du Queyras sont r\u00e9serv\u00e9s aux v\u00e9los.<\/div>\n<div class=\"GutText-intro Center\" style=\"text-align: center;\">Pour grimper entre cyclistes, avec route ferm\u00e9e \u00e0 la circulation motoris\u00e9e le temps de matin\u00e9es d\u00e9di\u00e9es !<\/div>\n\n                <\/div>\n                    <\/div>\n    <\/div>\n\n\n\n<div class=\"ApiListing __altimax_listing \" data-js=\"{&quot;action_load&quot;:&quot;apidae_listing_load&quot;,&quot;action_map_tiles&quot;:&quot;apidae_listing_load_map_tiles&quot;,&quot;action_filters&quot;:&quot;apidae_listing_filters&quot;,&quot;action_pdf&quot;:&quot;apidae_listing_pdf&quot;,&quot;post_id&quot;:919,&quot;blog_id&quot;:3,&quot;uid&quot;:2,&quot;cache_key&quot;:&quot;e8f07c315dcd2a36f461bab6681d6549&quot;,&quot;is_agenda&quot;:false,&quot;listing_mode&quot;:&quot;listing&quot;,&quot;use_filters&quot;:true,&quot;use_share&quot;:true,&quot;paginator&quot;:{&quot;currentPage&quot;:1,&quot;maxPerPage&quot;:10,&quot;count&quot;:5,&quot;totalPages&quot;:1,&quot;nextPage&quot;:1,&quot;html&quot;:&quot;    &lt;li class=\\&quot;Paginator-page __altimax_listing_load active\\&quot;\\n        data-index=\\&quot;1\\&quot; &gt;\\n        &lt;span&gt;1&lt;\\\/span&gt;\\n    &lt;\\\/li&gt;\\n&quot;},&quot;ajax_url&quot;:&quot;https:\\\/\\\/www.hautesvallees.com\\\/\\\/la-claree\\\/wp-admin\\\/admin-ajax.php&quot;,&quot;lang&quot;:&quot;fr&quot;}\">\n    <div class=\"ApiListingLoader __altimax_loader\">\n        <div class=\"ApiListingLoader-container\">\n            <div class=\"ApiListingLoader-ring\"><\/div>\n        <\/div>\n    <\/div>\n                    \n                    \n                    \n                                                    <div class=\"ApiListing-container\">\n        <div class=\"ApiListing-control container_full \">\n                                        <button class=\"ApiListing-share desktop Button-border __altimax_listing_url\">\n                    <span data-text-valid=\"Copi\u00e9e dans le presse-papier\"\n                          data-text-unvalid=\"Aucune recherche !\">\n                        Partager ma recherche\n                    <\/span>\n                <\/button>\n                                        <button class=\"ApiListing-pdf desktop Button-border __altimax_listing_pdf\">T\u00e9l\u00e9charger<\/button>\n                                                                                                    <div class=\"ApiListing-result\">\n                <div class=\"ApiListing-result--number __altimax_listing_count\">5<\/div>\n                R\u00e9sultats\n            <\/div>\n                    <\/div>\n\n        <div class=\"ApiListing-wrapper container_full filter \">\n                <div class=\"ApiListingFilter __altimax_filters\">\n        <div class=\"ApiListingFilter-container\">\n            <div class=\"ApiListingFilter-content\">\n                <div class=\"ApiListingFilter-top\">\n                    <div class=\"ApiListingFilter-col\">\n                        <span class=\"ApiListingFilter-title\">Filtrer votre recherche<\/span>\n                        <button class=\"ApiListingFilter-reinit __altimax_filters_reset\">\n                            <img decoding=\"async\" class=\"ApiListingFilter-reinit--svg svg\"\n                                 src=\"\/content\/themes\/theme_altimax\/dist\/img\/apidae\/system\/SYSTEM-CTA-Cross-18px.svg\"\/>\n                            R\u00e9initialiser les filtres\n                        <\/button>\n                    <\/div>\n                    <button class=\"ApiListingFilter-close __altimax_toggle_filters\"><\/button>\n                <\/div>\n                <div class=\"ApiListingFilter-wrapper __altimax_filters_content\">\n                                            <div class=\"ApiListingFilter-group __altimax_filters_filter_group\"\n                 data-group='{&quot;name&quot;:&quot;Communes&quot;,&quot;uid&quot;:&quot;communes_list&quot;,&quot;description&quot;:null,&quot;config&quot;:{&quot;order&quot;:&quot;desc&quot;,&quot;order_by&quot;:&quot;alphabetic&quot;,&quot;combination&quot;:&quot;and&quot;,&quot;template&quot;:&quot;list&quot;,&quot;keep_filters&quot;:true},&quot;filters&quot;:[{&quot;index&quot;:0,&quot;name&quot;:null,&quot;translate&quot;:false,&quot;type&quot;:&quot;commune&quot;,&quot;strict&quot;:true,&quot;values&quot;:[{&quot;active&quot;:false,&quot;count&quot;:2,&quot;name&quot;:&quot;Cervi\\u00e8res&quot;,&quot;type&quot;:&quot;commune&quot;,&quot;values&quot;:[1781]},{&quot;active&quot;:false,&quot;count&quot;:1,&quot;name&quot;:&quot;Ch\\u00e2teau-Ville-Vieille&quot;,&quot;type&quot;:&quot;commune&quot;,&quot;values&quot;:[1791]},{&quot;active&quot;:false,&quot;count&quot;:1,&quot;name&quot;:&quot;La Grave&quot;,&quot;type&quot;:&quot;commune&quot;,&quot;values&quot;:[1815]},{&quot;active&quot;:false,&quot;count&quot;:1,&quot;name&quot;:&quot;N\\u00e9vache&quot;,&quot;type&quot;:&quot;commune&quot;,&quot;values&quot;:[1844]}],&quot;template&quot;:&quot;list&quot;,&quot;count&quot;:5,&quot;config&quot;:{&quot;is_custom&quot;:false}}],&quot;count&quot;:5}'>\n                <div class=\"ApiListingFilter-group--wrapper \">\n    <span class=\"ApiListingFilter-group--title __accordion\">Communes<\/span>\n    <div class=\"ApiListingFilter-group--wrap\">\n        <ul class=\"ApiListingFilter-group--list\">\n                            <li class=\"ApiListingFilter-criteria--item\">\n        <ul class=\"ApiListingFilter-criteria--list\">\n                    <li class=\"ApiListingFilter-criteria--item\">\n                <span class=\"ApiListingFilter-checkbox __altimax_filters_value \"\n                      data-value='{&quot;active&quot;:false,&quot;count&quot;:2,&quot;name&quot;:&quot;Cervi\\u00e8res&quot;,&quot;type&quot;:&quot;commune&quot;,&quot;values&quot;:[1781]}'>\n                    <span class=\"box\"><\/span>\n                    <span class=\"ApiListingFilter-checkbox--value\">\n                        Cervi\u00e8res\n                                            <\/span>\n                <\/span>\n            <\/li>\n                    <li class=\"ApiListingFilter-criteria--item\">\n                <span class=\"ApiListingFilter-checkbox __altimax_filters_value \"\n                      data-value='{&quot;active&quot;:false,&quot;count&quot;:1,&quot;name&quot;:&quot;Ch\\u00e2teau-Ville-Vieille&quot;,&quot;type&quot;:&quot;commune&quot;,&quot;values&quot;:[1791]}'>\n                    <span class=\"box\"><\/span>\n                    <span class=\"ApiListingFilter-checkbox--value\">\n                        Ch\u00e2teau-Ville-Vieille\n                                            <\/span>\n                <\/span>\n            <\/li>\n                    <li class=\"ApiListingFilter-criteria--item\">\n                <span class=\"ApiListingFilter-checkbox __altimax_filters_value \"\n                      data-value='{&quot;active&quot;:false,&quot;count&quot;:1,&quot;name&quot;:&quot;La Grave&quot;,&quot;type&quot;:&quot;commune&quot;,&quot;values&quot;:[1815]}'>\n                    <span class=\"box\"><\/span>\n                    <span class=\"ApiListingFilter-checkbox--value\">\n                        La Grave\n                                            <\/span>\n                <\/span>\n            <\/li>\n                    <li class=\"ApiListingFilter-criteria--item\">\n                <span class=\"ApiListingFilter-checkbox __altimax_filters_value \"\n                      data-value='{&quot;active&quot;:false,&quot;count&quot;:1,&quot;name&quot;:&quot;N\\u00e9vache&quot;,&quot;type&quot;:&quot;commune&quot;,&quot;values&quot;:[1844]}'>\n                    <span class=\"box\"><\/span>\n                    <span class=\"ApiListingFilter-checkbox--value\">\n                        N\u00e9vache\n                                            <\/span>\n                <\/span>\n            <\/li>\n            <\/ul>\n<\/li>                    <\/ul>\n    <\/div>\n<\/div>            <\/div>\n            \n\n                <\/div>\n                <div class=\"ApiListingFilter-wrapper\">\n                        <div class=\"ApiListing-wrap ApiListingFilter-wrap\">\n                    <button class=\"ApiListing-share ApiListingFilter-share mobile Button-border __altimax_listing_url\">\n                <span data-text-valid=\"Copi\u00e9e dans le presse-papier\"\n                      data-text-unvalid=\"Aucune recherche !\">\n                    Partager ma recherche\n                <\/span>\n            <\/button>\n                            <button class=\"ApiListing-pdf ApiListingFilter-pdf mobile Button-border __altimax_listing_pdf\">T\u00e9l\u00e9charger<\/button>\n            <\/div>\n\n                <\/div>\n            <\/div>\n            <button class=\"ApiListingFilter-close--btn Button-full __altimax_toggle_filters\">Voir les r\u00e9sultats<\/button>\n        <\/div>\n        <div class=\"ApiListingFilter-overflow __altimax_toggle_filters\"><\/div>\n    <\/div>\n\n                            <ul class=\"ApiListing-list __altimax_listing_content\">\n                                            <!-- Generer le: 2026-04-30 11:27:57 -->\n<!-- Blog: La Clar\u00e9e - 3 -->\n<li class=\"ApiTile ApiTileDefault __altimax_listing_item  \"\n    data-roadbook-item=\"7778188\"\n    data-apidae=\"7778188\"\n    data-event-category=\"Apidae affichage\"\n    data-event-action=\"vue teaser\"\n    data-event-label=\"7778188 : Passage du Paris-Nice Cyclo 2026\">\n    <a href=\"https:\/\/www.hautesvallees.com\/la-claree\/fete-et-manifestation\/passage-du-paris-nice-cyclo-2026-cervieres\" class=\"ApiTile-link ApiTileDefault-link\" title=\"Passage du Paris-Nice Cyclo 2026\">\n            <span class=\"ApiTile-location ApiTileDefault-location\">\n        Cervi\u00e8res\n    <\/span>\n\n            <button class=\"__gtm_track_click __altimax_favory ApiTile-fav ApiTileDefault-fav Favourite\"\n            data-apidae=\"7778188\"\n            title=\"Ajoutez aux favoris\"\n            data-txtajouter=\"Ajoutez aux favoris\"\n            data-txtretirer=\"Retirez des favoris\"\n            data-event-category=\"Apidae fiche objet\"\n            data-event-action=\"ajout trip planner\"\n            data-event-label=\"7778188 : Passage du Paris-Nice Cyclo 2026\">\n        <img decoding=\"async\" class=\"Favourite-border svg\"\n             src=\"\/content\/themes\/theme_altimax\/dist\/img\/apidae\/system\/SYSTEM-FavOff-30px.svg\"\/>\n        <img decoding=\"async\" class=\"Favourite-full svg\"\n             src=\"\/content\/themes\/theme_altimax\/dist\/img\/apidae\/system\/SYSTEM-FavOn-30px.svg\"\/>\n    <\/button>\n\n            <picture class=\"ApiTile-picture ApiTileDefault-picture\">\n        <img decoding=\"async\" class=\"ApiTile-img ApiTileAgenda-img\" src=\"\/cache\/images\/37848670_apidae-tile.jpg\" alt=\"Passage du Paris-Nice Cyclo 2026\">\n    <\/picture>\n\n        <div class=\"ApiTile-content ApiTileDefault-content\">\n            \n            <div class=\"ApiTile-top ApiTileDefault-top\">\n                <span class=\"ApiTile-type ApiTileDefault-type\">\n                        agenda\n            <\/span>                                            <\/div>\n\n            <h2 class=\"ApiTile-title ApiTileDefault-title\">Passage du Paris-Nice Cyclo 2026<\/h2>\n                                        <ul class=\"ApiTile-categorie ApiTileDefault-categorie\">\n                                                <li class=\"ApiTile-categorie--item ApiTileDefault-categorie--item\">\n                        Comp\u00e9tition sportive\n                    <\/li>\n                                    <\/ul>\n                \n                                <\/div>\n    <\/a>\n<\/li>\n\n                                            <!-- Generer le: 2026-04-30 11:27:57 -->\n<!-- Blog: La Clar\u00e9e - 3 -->\n<li class=\"ApiTile ApiTileDefault __altimax_listing_item  \"\n    data-roadbook-item=\"6068064\"\n    data-apidae=\"6068064\"\n    data-event-category=\"Apidae affichage\"\n    data-event-action=\"vue teaser\"\n    data-event-label=\"6068064 : Cols r\u00e9serv\u00e9s - La Tourn\u00e9e des Grands cols\">\n    <a href=\"https:\/\/www.hautesvallees.com\/la-claree\/fete-et-manifestation\/cols-reserves-la-tournee-des-grands-cols-chateau-ville-vieille\" class=\"ApiTile-link ApiTileDefault-link\" title=\"Cols r\u00e9serv\u00e9s - La Tourn\u00e9e des Grands cols\">\n            <span class=\"ApiTile-location ApiTileDefault-location\">\n        Ch\u00e2teau-Ville-Vieille\n    <\/span>\n\n            <button class=\"__gtm_track_click __altimax_favory ApiTile-fav ApiTileDefault-fav Favourite\"\n            data-apidae=\"6068064\"\n            title=\"Ajoutez aux favoris\"\n            data-txtajouter=\"Ajoutez aux favoris\"\n            data-txtretirer=\"Retirez des favoris\"\n            data-event-category=\"Apidae fiche objet\"\n            data-event-action=\"ajout trip planner\"\n            data-event-label=\"6068064 : Cols r\u00e9serv\u00e9s - La Tourn\u00e9e des Grands cols\">\n        <img decoding=\"async\" class=\"Favourite-border svg\"\n             src=\"\/content\/themes\/theme_altimax\/dist\/img\/apidae\/system\/SYSTEM-FavOff-30px.svg\"\/>\n        <img decoding=\"async\" class=\"Favourite-full svg\"\n             src=\"\/content\/themes\/theme_altimax\/dist\/img\/apidae\/system\/SYSTEM-FavOn-30px.svg\"\/>\n    <\/button>\n\n            <picture class=\"ApiTile-picture ApiTileDefault-picture\">\n        <img decoding=\"async\" class=\"ApiTile-img ApiTileAgenda-img\" src=\"\/cache\/images\/38458352_apidae-tile.jpg\" alt=\"Cols r\u00e9serv\u00e9s - La Tourn\u00e9e des Grands cols\">\n    <\/picture>\n\n        <div class=\"ApiTile-content ApiTileDefault-content\">\n            \n            <div class=\"ApiTile-top ApiTileDefault-top\">\n                <span class=\"ApiTile-type ApiTileDefault-type\">\n                        agenda\n            <\/span>                                            <\/div>\n\n            <h2 class=\"ApiTile-title ApiTileDefault-title\">Cols r\u00e9serv\u00e9s &#8211; La Tourn\u00e9e des Grands&#8230;<\/h2>\n                                            \n                                <\/div>\n    <\/a>\n<\/li>\n\n                                            <!-- Generer le: 2026-04-30 11:27:57 -->\n<!-- Blog: La Clar\u00e9e - 3 -->\n<li class=\"ApiTile ApiTileDefault __altimax_listing_item  \"\n    data-roadbook-item=\"5779876\"\n    data-apidae=\"5779876\"\n    data-event-category=\"Apidae affichage\"\n    data-event-action=\"vue teaser\"\n    data-event-label=\"5779876 : Cols R\u00e9serv\u00e9s - Col de l&#039;\u00c9chelle\">\n    <a href=\"https:\/\/www.hautesvallees.com\/la-claree\/fete-et-manifestation\/cols-reserves-col-de-lechelle-nevache\" class=\"ApiTile-link ApiTileDefault-link\" title=\"Cols R\u00e9serv\u00e9s - Col de l&#039;\u00c9chelle\">\n            <span class=\"ApiTile-location ApiTileDefault-location\">\n        N\u00e9vache\n    <\/span>\n\n            <button class=\"__gtm_track_click __altimax_favory ApiTile-fav ApiTileDefault-fav Favourite\"\n            data-apidae=\"5779876\"\n            title=\"Ajoutez aux favoris\"\n            data-txtajouter=\"Ajoutez aux favoris\"\n            data-txtretirer=\"Retirez des favoris\"\n            data-event-category=\"Apidae fiche objet\"\n            data-event-action=\"ajout trip planner\"\n            data-event-label=\"5779876 : Cols R\u00e9serv\u00e9s - Col de l&#039;\u00c9chelle\">\n        <img decoding=\"async\" class=\"Favourite-border svg\"\n             src=\"\/content\/themes\/theme_altimax\/dist\/img\/apidae\/system\/SYSTEM-FavOff-30px.svg\"\/>\n        <img decoding=\"async\" class=\"Favourite-full svg\"\n             src=\"\/content\/themes\/theme_altimax\/dist\/img\/apidae\/system\/SYSTEM-FavOn-30px.svg\"\/>\n    <\/button>\n\n            <picture class=\"ApiTile-picture ApiTileDefault-picture\">\n        <img decoding=\"async\" class=\"ApiTile-img ApiTileAgenda-img\" src=\"\/cache\/images\/9799880_apidae-tile.jpg\" alt=\"Cols R\u00e9serv\u00e9s - Col de l&#039;\u00c9chelle\">\n    <\/picture>\n\n        <div class=\"ApiTile-content ApiTileDefault-content\">\n            \n            <div class=\"ApiTile-top ApiTileDefault-top\">\n                <span class=\"ApiTile-type ApiTileDefault-type\">\n                        agenda\n            <\/span>                                            <\/div>\n\n            <h2 class=\"ApiTile-title ApiTileDefault-title\">Cols R\u00e9serv\u00e9s &#8211; Col de l&#039;\u00c9chelle<\/h2>\n                                            \n                                <\/div>\n    <\/a>\n<\/li>\n\n                                            <!-- Generer le: 2026-04-30 11:27:57 -->\n<!-- Blog: La Clar\u00e9e - 3 -->\n<li class=\"ApiTile ApiTileDefault __altimax_listing_item  \"\n    data-roadbook-item=\"5458691\"\n    data-apidae=\"5458691\"\n    data-event-category=\"Apidae affichage\"\n    data-event-action=\"vue teaser\"\n    data-event-label=\"5458691 : Cols R\u00e9serv\u00e9s - Col de l&#039;Izoard\">\n    <a href=\"https:\/\/www.hautesvallees.com\/la-claree\/fete-et-manifestation\/cols-reserves-col-de-lizoard-cervieres\" class=\"ApiTile-link ApiTileDefault-link\" title=\"Cols R\u00e9serv\u00e9s - Col de l&#039;Izoard\">\n            <span class=\"ApiTile-location ApiTileDefault-location\">\n        Cervi\u00e8res\n    <\/span>\n\n            <button class=\"__gtm_track_click __altimax_favory ApiTile-fav ApiTileDefault-fav Favourite\"\n            data-apidae=\"5458691\"\n            title=\"Ajoutez aux favoris\"\n            data-txtajouter=\"Ajoutez aux favoris\"\n            data-txtretirer=\"Retirez des favoris\"\n            data-event-category=\"Apidae fiche objet\"\n            data-event-action=\"ajout trip planner\"\n            data-event-label=\"5458691 : Cols R\u00e9serv\u00e9s - Col de l&#039;Izoard\">\n        <img decoding=\"async\" class=\"Favourite-border svg\"\n             src=\"\/content\/themes\/theme_altimax\/dist\/img\/apidae\/system\/SYSTEM-FavOff-30px.svg\"\/>\n        <img decoding=\"async\" class=\"Favourite-full svg\"\n             src=\"\/content\/themes\/theme_altimax\/dist\/img\/apidae\/system\/SYSTEM-FavOn-30px.svg\"\/>\n    <\/button>\n\n            <picture class=\"ApiTile-picture ApiTileDefault-picture\">\n        <img decoding=\"async\" class=\"ApiTile-img ApiTileAgenda-img\" src=\"\/cache\/images\/16481604_apidae-tile.jpg\" alt=\"Cols R\u00e9serv\u00e9s - Col de l&#039;Izoard\">\n    <\/picture>\n\n        <div class=\"ApiTile-content ApiTileDefault-content\">\n            \n            <div class=\"ApiTile-top ApiTileDefault-top\">\n                <span class=\"ApiTile-type ApiTileDefault-type\">\n                        agenda\n            <\/span>                                            <\/div>\n\n            <h2 class=\"ApiTile-title ApiTileDefault-title\">Cols R\u00e9serv\u00e9s &#8211; Col de l&#039;Izoard<\/h2>\n                                        <ul class=\"ApiTile-categorie ApiTileDefault-categorie\">\n                                                <li class=\"ApiTile-categorie--item ApiTileDefault-categorie--item\">\n                        Comp\u00e9tition sportive\n                    <\/li>\n                                    <\/ul>\n                \n                                <\/div>\n    <\/a>\n<\/li>\n\n                                            <!-- Generer le: 2026-04-30 11:27:57 -->\n<!-- Blog: La Clar\u00e9e - 3 -->\n<li class=\"ApiTile ApiTileDefault __altimax_listing_item  \"\n    data-roadbook-item=\"7808083\"\n    data-apidae=\"7808083\"\n    data-event-category=\"Apidae affichage\"\n    data-event-action=\"vue teaser\"\n    data-event-label=\"7808083 : Semaine hommage \u00e0 Marco Pantani au g\u00eete Le Rocher\">\n    <a href=\"https:\/\/www.hautesvallees.com\/la-claree\/fete-et-manifestation\/semaine-hommage-a-marco-pantani-au-gite-le-rocher-la-grave\" class=\"ApiTile-link ApiTileDefault-link\" title=\"Semaine hommage \u00e0 Marco Pantani au g\u00eete Le Rocher\">\n            <span class=\"ApiTile-location ApiTileDefault-location\">\n        La Grave\n    <\/span>\n\n            <button class=\"__gtm_track_click __altimax_favory ApiTile-fav ApiTileDefault-fav Favourite\"\n            data-apidae=\"7808083\"\n            title=\"Ajoutez aux favoris\"\n            data-txtajouter=\"Ajoutez aux favoris\"\n            data-txtretirer=\"Retirez des favoris\"\n            data-event-category=\"Apidae fiche objet\"\n            data-event-action=\"ajout trip planner\"\n            data-event-label=\"7808083 : Semaine hommage \u00e0 Marco Pantani au g\u00eete Le Rocher\">\n        <img decoding=\"async\" class=\"Favourite-border svg\"\n             src=\"\/content\/themes\/theme_altimax\/dist\/img\/apidae\/system\/SYSTEM-FavOff-30px.svg\"\/>\n        <img decoding=\"async\" class=\"Favourite-full svg\"\n             src=\"\/content\/themes\/theme_altimax\/dist\/img\/apidae\/system\/SYSTEM-FavOn-30px.svg\"\/>\n    <\/button>\n\n            <picture class=\"ApiTile-picture ApiTileDefault-picture\">\n        <img decoding=\"async\" class=\"ApiTile-img ApiTileAgenda-img\" src=\"\/cache\/images\/38491393_apidae-tile.jpg\" alt=\"Semaine hommage \u00e0 Marco Pantani au g\u00eete Le Rocher\">\n    <\/picture>\n\n        <div class=\"ApiTile-content ApiTileDefault-content\">\n            \n            <div class=\"ApiTile-top ApiTileDefault-top\">\n                <span class=\"ApiTile-type ApiTileDefault-type\">\n                        agenda\n            <\/span>                                            <\/div>\n\n            <h2 class=\"ApiTile-title ApiTileDefault-title\">Semaine hommage \u00e0 Marco Pantani au g\u00ee&#8230;<\/h2>\n                                        <ul class=\"ApiTile-categorie ApiTileDefault-categorie\">\n                                                <li class=\"ApiTile-categorie--item ApiTileDefault-categorie--item\">\n                        Concert\n                    <\/li>\n                                                                <li class=\"ApiTile-categorie--item ApiTileDefault-categorie--item\">\n                        S\u00e9ance \/ Projection cin\u00e9ma\n                    <\/li>\n                                    <\/ul>\n                \n                                <\/div>\n    <\/a>\n<\/li>\n\n                                    <\/ul>\n            \n                        \n        <\/div>\n                    <ul class=\"Paginator __altimax_listing_paginator\">\n                    <li class=\"Paginator-page __altimax_listing_load active\"\n        data-index=\"1\" >\n        <span>1<\/span>\n    <\/li>\n\n            <\/ul>\n            <\/div>\n<\/div>\n\n<div class=\"GutCol2  GutContainer\">\n        <div class=\"GutCol2-container\">\n\n            <div class=\"GutTitle Left\">\n                    <h2 class=\"GutTitle-title\">\n                                                        Label accueil v\u00e9lo\n                            <\/h2>\n                    <\/div>\n\n                                                                                                        <div class=\"GutCol2-wrap GutCol2-blocTexte Left\">\n                                <div class=\"GutCol2-blocTexte--inner\">\n                                                                                                                                                    <div class=\"GutCol2-text Content\">\n                                            <h6 style=\"text-align: center;\">Le bureau d\u2019information touristique de la Clar\u00e9e est labellis\u00e9 \u00ab Accueil Velo \u00bb<\/h6>\n<ul>\n<li><strong>Indications claires pour rejoindre facilement tous les Accueil V\u00e9los de France !<\/strong><\/li>\n<li><strong>Accueil chaleureux<\/strong> et <strong>personnalis\u00e9 <\/strong>: avec des informations et des conseils adapt\u00e9s aux cyclistes.<\/li>\n<li>Un <strong>stationnement s\u00e9curis\u00e9<\/strong> et <strong>gratuit <\/strong>pour votre v\u00e9lo<\/li>\n<li>Possibilit\u00e9 de<strong> recharger la batterie<\/strong> de votre <strong>v\u00e9lo \u00e9lectrique (VAE)<\/strong><\/li>\n<li>La possibilit\u00e9 de <strong>laisser vos sacoches<\/strong> en toute tranquillit\u00e9<\/li>\n<li>Des <strong>prises <\/strong>\u00e0 disposition pour <strong>recharger votre t\u00e9l\u00e9phone<\/strong> ou <strong>GPS<\/strong><\/li>\n<li><strong>Kit de r\u00e9paration complet<\/strong> \u00e0 port\u00e9e de main en cas de p\u00e9pin<\/li>\n<\/ul>\n\n                                        <\/div>\n                                                                    <\/div>\n                            <\/div>\n                                                                                                                                                        <div class=\"GutCol2-wrap GutCol2-blocImage Right\">\n                                    <picture class=\"GutCol2-picture\">\n                                        <img decoding=\"async\" src=\"https:\/\/www.hautesvallees.com\/content\/uploads\/sites\/3\/2025\/06\/logo_accueil_velo.png\"\n                                             alt=\"Label accueil velo\" \/>\n                                    <\/picture>\n                                                                    <\/div>\n                                                                                            <\/div>\n    <\/div>\n\n\n<div class=\"GutPeleMele  GutContainer\">\n        <div class=\"GutPeleMele-inner\">\n            <div class=\"GutTitle Left\">\n                    <h2 class=\"GutTitle-title\">\n                                    <span class=\"GutTitle-surtitle\">Vous aimerez<\/span>\n                                                        aussi\n                            <\/h2>\n                    <\/div>\n                            <div class=\"GutPeleMele-grid\">\n                                                                        <a class=\"GutPeleMele-tile\" href=\"https:\/\/www.hautesvallees.com\/la-claree\/que-faire\/en-ete\/balades-et-randonnees-en-claree\/\"\n                               target=\"\" title=\"Balades et Randonn\u00e9es\">\n                                                    <img decoding=\"async\" class=\"GutPeleMele-tile--image\" src=\"https:\/\/www.hautesvallees.com\/content\/uploads\/sites\/3\/2025\/02\/Claree-les-lacs-rond-long-muande-madeleine-_-Alpesphotographies.com-8.jpg\" alt=\"Randonn\u00e9e Clar\u00e9e - Alpes Photographies\">\n                            <span class=\"GutPeleMele-tile--title\">Balades et randonn\u00e9es<\/span>\n                                                    <\/a>\n                                                                                                <a class=\"GutPeleMele-tile\" href=\"https:\/\/www.hautesvallees.com\/la-claree\/que-faire\/en-hiver\/nordique-nevache\/\"\n                               target=\"\" title=\"Nordique N\u00e9vache\">\n                                                    <img decoding=\"async\" class=\"GutPeleMele-tile--image\" src=\"https:\/\/www.hautesvallees.com\/content\/uploads\/sites\/3\/2025\/02\/Shooting-ski-de-fond-Nevache-44-scaled-1.jpg\" alt=\"Ski de fond N\u00e9vache - Blais T.\">\n                            <span class=\"GutPeleMele-tile--title\">Nordique N\u00e9vache<\/span>\n                                                    <\/a>\n                                                                                                <a class=\"GutPeleMele-tile\" href=\"https:\/\/www.hautesvallees.com\/la-claree\/que-faire\/visites-et-patrimoines\/\"\n                               target=\"\" title=\"Visites et patrimoine\">\n                                                    <img decoding=\"async\" class=\"GutPeleMele-tile--image\" src=\"https:\/\/www.hautesvallees.com\/content\/uploads\/sites\/3\/2025\/01\/Nevache-villages-patrimoine-_-alpesphotographies.com-16.jpg\" alt=\"N\u00e9vache village patrimoine - Alpes photographies\">\n                            <span class=\"GutPeleMele-tile--title\">Visites et patrimoine<\/span>\n                                                    <\/a>\n                                                                                                <a class=\"GutPeleMele-tile\" href=\"https:\/\/www.hautesvallees.com\/la-claree\/que-faire\/en-ete\/escalade-via-ferrata-canyon-en-claree\/\"\n                               target=\"\" title=\"Escalade, via ferrata, canyoning\">\n                                                    <img decoding=\"async\" class=\"GutPeleMele-tile--image\" src=\"https:\/\/www.hautesvallees.com\/content\/uploads\/sites\/3\/2025\/02\/Grand-ruine-Arete-Sud-Est-\u00a9T.Blais-2-scaled-1.jpg\" alt=\"La Grande ruine Paysage haute montagne \u00a9T.Blais\">\n                            <span class=\"GutPeleMele-tile--title\">Escalade, via ferrata et canyoning<\/span>\n                                                    <\/a>\n                                                                                                <a class=\"GutPeleMele-tile\" href=\"https:\/\/www.hautesvallees.com\/la-claree\/que-faire\/detente\/\"\n                               target=\"\" title=\"D\u00e9tente\">\n                                                    <img decoding=\"async\" class=\"GutPeleMele-tile--image\" src=\"https:\/\/www.hautesvallees.com\/content\/uploads\/sites\/3\/2025\/02\/massage-therapy-1584711_1280.jpg\" alt=\"massage - Tremaestro - Pixabay\">\n                            <span class=\"GutPeleMele-tile--title\">D\u00e9tente<\/span>\n                                                    <\/a>\n                                                                                                <a class=\"GutPeleMele-tile\" href=\"https:\/\/www.hautesvallees.com\/la-claree\/que-faire\/en-ete\/vacances-en-famille-en-claree\/\"\n                               target=\"\" title=\"Vacances d\u2019\u00e9t\u00e9 en famille\">\n                                                    <img decoding=\"async\" class=\"GutPeleMele-tile--image\" src=\"https:\/\/www.hautesvallees.com\/content\/uploads\/sites\/3\/2025\/02\/Claree-Famille-_-alpesphotographies.com-49.jpg\" alt=\"Balade en famille\">\n                            <span class=\"GutPeleMele-tile--title\">Vacances d&#039;\u00e9t\u00e9 en famille<\/span>\n                                                    <\/a>\n                                                            <\/div>\n                    <\/div>\n\n    <\/div>\n","protected":false},"excerpt":{"rendered":"","protected":false},"author":9,"featured_media":2436,"parent":887,"menu_order":3,"comment_status":"closed","ping_status":"closed","template":"","meta":{"_acf_changed":false,"footnotes":""},"class_list":["post-919","page","type-page","status-publish","has-post-thumbnail","hentry"],"acf":[],"_links":{"self":[{"href":"https:\/\/www.hautesvallees.com\/la-claree\/wp-json\/wp\/v2\/pages\/919","targetHints":{"allow":["GET"]}}],"collection":[{"href":"https:\/\/www.hautesvallees.com\/la-claree\/wp-json\/wp\/v2\/pages"}],"about":[{"href":"https:\/\/www.hautesvallees.com\/la-claree\/wp-json\/wp\/v2\/types\/page"}],"author":[{"embeddable":true,"href":"https:\/\/www.hautesvallees.com\/la-claree\/wp-json\/wp\/v2\/users\/9"}],"replies":[{"embeddable":true,"href":"https:\/\/www.hautesvallees.com\/la-claree\/wp-json\/wp\/v2\/comments?post=919"}],"version-history":[{"count":12,"href":"https:\/\/www.hautesvallees.com\/la-claree\/wp-json\/wp\/v2\/pages\/919\/revisions"}],"predecessor-version":[{"id":9067,"href":"https:\/\/www.hautesvallees.com\/la-claree\/wp-json\/wp\/v2\/pages\/919\/revisions\/9067"}],"up":[{"embeddable":true,"href":"https:\/\/www.hautesvallees.com\/la-claree\/wp-json\/wp\/v2\/pages\/887"}],"wp:featuredmedia":[{"embeddable":true,"href":"https:\/\/www.hautesvallees.com\/la-claree\/wp-json\/wp\/v2\/media\/2436"}],"wp:attachment":[{"href":"https:\/\/www.hautesvallees.com\/la-claree\/wp-json\/wp\/v2\/media?parent=919"}],"curies":[{"name":"wp","href":"https:\/\/api.w.org\/{rel}","templated":true}]}}