{"id":886,"date":"2024-01-26T16:44:33","date_gmt":"2024-01-26T15:44:54","guid":{"rendered":"https:\/\/www.hautesvallees.com\/la-claree\/?page_id=886"},"modified":"2025-02-26T17:35:59","modified_gmt":"2025-02-26T16:35:59","slug":"que-faire","status":"publish","type":"page","link":"https:\/\/www.hautesvallees.com\/la-claree\/que-faire\/","title":{"rendered":"Que faire en Clar\u00e9e"},"content":{"rendered":"<div class=\"GutText  GutContainer\">\n        <div class=\"GutText-inner\">\n            <div class=\"GutTitle Center\">\n                    <h2 class=\"GutTitle-title\">\n                                    <span class=\"GutTitle-surtitle\">Que faire <\/span>\n                                                        en Clar\u00e9e\n                            <\/h2>\n                    <\/div>\n                            <div class=\"GutText-intro Center\">Vous pr\u00e9voyez de passer des vacances en famille dans la vall\u00e9e de la Clar\u00e9e ?<\/div>\n                                        <div class=\"GutText-wysiwyg Content\">\n                    <p style=\"text-align: center;\">Vous \u00eates plut\u00f4t sports de glisse ? randonn\u00e9e ? sports de sensation ?<\/p>\n<p style=\"text-align: center;\">Retrouver l&rsquo;ensemble des activit\u00e9s \u00e9t\u00e9 et hiver, pour profiter avec votre tribu dans la vall\u00e9e de la Clar\u00e9e.<\/p>\n<p>&nbsp;<\/p>\n\n                <\/div>\n                    <\/div>\n    <\/div>\n\n\n<div class=\"GutPushArticles GutPushCategories  GutContainer\">\n        <div class=\"GutPushArticles-container\">\n                        <div class=\"GutPushArticles-inner \">\n                                    <div class=\"GutPushArticles-container \" >\n                        <div class=\"GutPushArticles-list \">\n                                                            <a class=\"GutPushArticles-wrap \" href=\"https:\/\/www.hautesvallees.com\/la-claree\/que-faire\/en-ete\/\">\n                                                                            <picture class=\"GutPushArticles-picture\">\n                                            <img decoding=\"async\" src=\"https:\/\/www.hautesvallees.com\/content\/uploads\/sites\/3\/2025\/01\/H0A4433-scaled-1-371x248.jpg\"\n                                                 alt=\"Tour du Thabor - Blais T.\" \/>\n                                        <\/picture>\n                                                                                                                <h2 class=\"GutPushCategories-title GutPushArticles-title\">En \u00e9t\u00e9 en Clar\u00e9e<\/h2>\n                                                                    <\/a>\n                                                            <a class=\"GutPushArticles-wrap \" href=\"https:\/\/www.hautesvallees.com\/la-claree\/que-faire\/en-hiver\/\">\n                                                                            <picture class=\"GutPushArticles-picture\">\n                                            <img decoding=\"async\" src=\"https:\/\/www.hautesvallees.com\/content\/uploads\/sites\/3\/2025\/02\/Ski-de-rando-Jan-2022-Buffere-\u00a9T.-Blais-54-optimise-web-371x248.jpg\"\n                                                 alt=\"Ski de rando Jan 2022 - Buff\u00e8re \u00a9T. Blais (54) (optimis\u00e9 web)\" \/>\n                                        <\/picture>\n                                                                                                                <h2 class=\"GutPushCategories-title GutPushArticles-title\">En hiver en Clar\u00e9e<\/h2>\n                                                                    <\/a>\n                                                    <\/div>\n                                            <\/div>\n                                                <\/div>\n        <\/div>\n    <\/div>\n\n\n<div class=\"GutPushArticles GutPushCategories  GutContainer\">\n        <div class=\"GutPushArticles-container\">\n                        <div class=\"GutPushArticles-inner \">\n                                    <div class=\"GutPushArticles-container \" >\n                        <div class=\"GutPushArticles-list \">\n                                                            <a class=\"GutPushArticles-wrap \" href=\"https:\/\/www.hautesvallees.com\/la-claree\/que-faire\/visites-et-patrimoines\/\">\n                                                                            <picture class=\"GutPushArticles-picture\">\n                                            <img decoding=\"async\" src=\"https:\/\/www.hautesvallees.com\/content\/uploads\/sites\/3\/2025\/02\/Nevache-villages-patrimoine-_-alpesphotographies.com-96-optimise-web-371x248.jpg\"\n                                                 alt=\"N\u00e9vache villages patrimoine _ alpesphotographies.com (96) (optimis\u00e9 web)\" \/>\n                                        <\/picture>\n                                                                                                                <h2 class=\"GutPushCategories-title GutPushArticles-title\">Visites et patrimoine de la Clar\u00e9e<\/h2>\n                                                                    <\/a>\n                                                            <a class=\"GutPushArticles-wrap \" href=\"https:\/\/www.hautesvallees.com\/la-claree\/que-faire\/detente\/\">\n                                                                            <picture class=\"GutPushArticles-picture\">\n                                            <img decoding=\"async\" src=\"https:\/\/www.hautesvallees.com\/content\/uploads\/sites\/3\/2025\/01\/276E33D8-31BB-4E8A-96E0-95F0000A78F1-1-371x248.jpeg\"\n                                                 alt=\"Espace bien etre\" \/>\n                                        <\/picture>\n                                                                                                                <h2 class=\"GutPushCategories-title GutPushArticles-title\">D\u00e9tente en Clar\u00e9e<\/h2>\n                                                                    <\/a>\n                                                            <a class=\"GutPushArticles-wrap \" href=\"https:\/\/www.hautesvallees.com\/la-claree\/decouvrir\/idees-de-sejours\/\">\n                                                                            <picture class=\"GutPushArticles-picture\">\n                                            <img decoding=\"async\" src=\"https:\/\/www.hautesvallees.com\/content\/uploads\/sites\/3\/2025\/02\/cascade-de-fontcouverte-en-pose-longue-4-371x248.jpg\"\n                                                 alt=\"cascade de fontcouverte en pose longue - Blais T.\" \/>\n                                        <\/picture>\n                                                                                                                <h2 class=\"GutPushCategories-title GutPushArticles-title\">Id\u00e9es de s\u00e9jours en Clar\u00e9e<\/h2>\n                                                                    <\/a>\n                                                    <\/div>\n                                            <\/div>\n                                                <\/div>\n        <\/div>\n    <\/div>\n\n\n<div class=\"GutPeleMele  GutContainer\">\n        <div class=\"GutPeleMele-inner\">\n            <div class=\"GutTitle Center\">\n                    <h2 class=\"GutTitle-title\">\n                                    <span class=\"GutTitle-surtitle\">Vous aimerez<\/span>\n                                                        aussi\n                            <\/h2>\n                    <\/div>\n                            <div class=\"GutPeleMele-grid\">\n                                                                        <a class=\"GutPeleMele-tile\" href=\"https:\/\/www.hautesvallees.com\/la-claree\/sur-place\/\"\n                               target=\"\" title=\"Sur place\">\n                                                    <img decoding=\"async\" class=\"GutPeleMele-tile--image\" src=\"https:\/\/www.hautesvallees.com\/content\/uploads\/sites\/3\/2025\/01\/Nevache-villages-patrimoine-_-alpesphotographies.com-16.jpg\" alt=\"N\u00e9vache village patrimoine - Alpes photographies\">\n                            <span class=\"GutPeleMele-tile--title\">Sur place<\/span>\n                                                    <\/a>\n                                                                                                <a class=\"GutPeleMele-tile\" href=\"https:\/\/www.hautesvallees.com\/la-claree\/decouvrir\/\"\n                               target=\"\" title=\"D\u00e9couvrir\">\n                                                    <img decoding=\"async\" class=\"GutPeleMele-tile--image\" src=\"https:\/\/www.hautesvallees.com\/content\/uploads\/sites\/3\/2025\/01\/H0A4433-scaled-1.jpg\" alt=\"Lacs de la Clar\u00e9e - D\u00e9couvrir la Clar\u00e9e - Tour du Thabor - Blais T.\">\n                            <span class=\"GutPeleMele-tile--title\">D\u00e9couvrir la Clar\u00e9e<\/span>\n                                                    <\/a>\n                                                                                                <a class=\"GutPeleMele-tile\" href=\"https:\/\/www.hautesvallees.com\/la-claree\/se-loger\/\"\n                               target=\"\" title=\"H\u00e9bergements\">\n                                                    <img decoding=\"async\" class=\"GutPeleMele-tile--image\" src=\"https:\/\/www.hautesvallees.com\/content\/uploads\/sites\/3\/2025\/02\/Le-pied-du-col-\u00a9Itinera-Magica-3-scaled.jpg\" alt=\"\">\n                            <span class=\"GutPeleMele-tile--title\">Nos h\u00e9bergements en Clar\u00e9e<\/span>\n                                                    <\/a>\n                                                                                                <a class=\"GutPeleMele-tile\" href=\"https:\/\/www.hautesvallees.com\/faq\/\"\n                               target=\"\" title=\"FAQ\">\n                                                    <img decoding=\"async\" class=\"GutPeleMele-tile--image\" src=\"https:\/\/www.hautesvallees.com\/content\/uploads\/sites\/3\/2025\/02\/Rando-avec-chien-\u00a9-Laury-Chamerlat-scaled.jpg\" alt=\"Randonn\u00e9e avec son chien - Croix d&#039;Aquila (Izoard)\">\n                            <span class=\"GutPeleMele-tile--title\">FAQ<\/span>\n                                                    <\/a>\n                                                                                                <a class=\"GutPeleMele-tile\" href=\"https:\/\/www.hautesvallees.com\/la-claree\/agenda\/\"\n                               target=\"\" title=\"Agenda\">\n                                                    <img decoding=\"async\" class=\"GutPeleMele-tile--image\" src=\"https:\/\/www.hautesvallees.com\/content\/uploads\/sites\/3\/2025\/02\/Open-de-Biathlon-Nevache-2024-Balace-Amandine13-scaled.jpg\" alt=\"Open de Biathlon N\u00e9vache - 2024 - Balac\u00e9 Amandine13\">\n                            <span class=\"GutPeleMele-tile--title\">Agenda<\/span>\n                                                    <\/a>\n                                                                                                <a class=\"GutPeleMele-tile\" href=\"https:\/\/www.hautesvallees.com\/blog\/\"\n                               target=\"\" title=\"Inspirez-vous\">\n                                                    <img decoding=\"async\" class=\"GutPeleMele-tile--image\" src=\"https:\/\/www.hautesvallees.com\/content\/uploads\/sites\/3\/2025\/01\/Randonneuse-automne-\u00a9T.blais_-1-scaled-1.jpg\" alt=\"s&#039;habiller et pr\u00e9parer sa randonn\u00e9e \u00a9T.blais\">\n                            <span class=\"GutPeleMele-tile--title\">Inspirez-vous<\/span>\n                                                    <\/a>\n                                                            <\/div>\n                    <\/div>\n\n    <\/div>\n","protected":false},"excerpt":{"rendered":"","protected":false},"author":5,"featured_media":2375,"parent":0,"menu_order":7,"comment_status":"closed","ping_status":"closed","template":"","meta":{"_acf_changed":false,"footnotes":""},"class_list":["post-886","page","type-page","status-publish","has-post-thumbnail","hentry"],"acf":[],"_links":{"self":[{"href":"https:\/\/www.hautesvallees.com\/la-claree\/wp-json\/wp\/v2\/pages\/886","targetHints":{"allow":["GET"]}}],"collection":[{"href":"https:\/\/www.hautesvallees.com\/la-claree\/wp-json\/wp\/v2\/pages"}],"about":[{"href":"https:\/\/www.hautesvallees.com\/la-claree\/wp-json\/wp\/v2\/types\/page"}],"author":[{"embeddable":true,"href":"https:\/\/www.hautesvallees.com\/la-claree\/wp-json\/wp\/v2\/users\/5"}],"replies":[{"embeddable":true,"href":"https:\/\/www.hautesvallees.com\/la-claree\/wp-json\/wp\/v2\/comments?post=886"}],"version-history":[{"count":4,"href":"https:\/\/www.hautesvallees.com\/la-claree\/wp-json\/wp\/v2\/pages\/886\/revisions"}],"predecessor-version":[{"id":4969,"href":"https:\/\/www.hautesvallees.com\/la-claree\/wp-json\/wp\/v2\/pages\/886\/revisions\/4969"}],"wp:featuredmedia":[{"embeddable":true,"href":"https:\/\/www.hautesvallees.com\/la-claree\/wp-json\/wp\/v2\/media\/2375"}],"wp:attachment":[{"href":"https:\/\/www.hautesvallees.com\/la-claree\/wp-json\/wp\/v2\/media?parent=886"}],"curies":[{"name":"wp","href":"https:\/\/api.w.org\/{rel}","templated":true}]}}