{"id":865,"date":"2024-04-10T15:50:06","date_gmt":"2024-04-10T13:50:06","guid":{"rendered":"https:\/\/www.hautesvallees.com\/la-claree\/?page_id=865"},"modified":"2025-07-24T16:52:05","modified_gmt":"2025-07-24T14:52:05","slug":"natura-2000","status":"publish","type":"page","link":"https:\/\/www.hautesvallees.com\/la-claree\/decouvrir\/patrimoine-naturel\/natura-2000\/","title":{"rendered":"Natura 2000 en Clar\u00e9e"},"content":{"rendered":"<div class=\"GutText  GutContainer\">\n        <div class=\"GutText-inner\">\n            <div class=\"GutTitle Center\">\n                    <h2 class=\"GutTitle-title\">\n                                    <span class=\"GutTitle-surtitle\">vall\u00e9e pr\u00e9serv\u00e9e, la clar\u00e9e est un site class\u00e9<\/span>\n                                                        et un site natura 2000\n                            <\/h2>\n                    <\/div>\n                                        <div class=\"GutText-wysiwyg Content\">\n                    <p><img loading=\"lazy\" decoding=\"async\" class=\"aligncenter wp-image-11876 size-medium\" src=\"https:\/\/www.hautesvallees.com\/content\/uploads\/2024\/04\/Natura_2000.svg-300x214.png\" alt=\"Natura 2000 en Clar\u00e9e\" width=\"300\" height=\"214\" \/><\/p>\n<p style=\"text-align: center\">Comme beaucoup, vous avez probablement choisi de visiter la Clar\u00e9e car elle est un joyau naturel des Hautes-Alpes. En effet, la vall\u00e9e de la Clar\u00e9e est un site class\u00e9 et fait partie du r\u00e9seau Natura 2000.<\/p>\n<p style=\"text-align: center\">Vous avez le pouvoir de faire perdurer ce terrain d\u2019aventure extraordinaire en devenant acteurs du respect de cet environnement\u00a0unique.<\/p>\n\n                <\/div>\n                    <\/div>\n    <\/div>\n\n\n<div class=\"GutGallery  GutContainer\">\n\n        <div class=\"GutTitle Center\">\n                    <h2 class=\"GutTitle-title\">\n                                    <span class=\"GutTitle-surtitle\">natura 2000<\/span>\n                                                        en clar\u00e9e\n                            <\/h2>\n                    <\/div>\n\n                    <div class=\"GutGallery-container four_column __gallery\" id=\"gallery_69f2e803c1886\" data-galleryid=\"gallery_69f2e803c1886\" data-download=\"false\">\n                                                            <a class=\"GutGallery-item\"\n                           href=\"https:\/\/www.hautesvallees.com\/content\/uploads\/sites\/3\/2025\/07\/Vallee-etroite-lac-vert-automne-S.Morattel-14-scaled.jpg\"\n                            data-lg-size=\"1920-2560\"                             data-sub-html=\"Habitats forestiers - S.Morattel\"                         >\n                            <picture class=\"GutGallery-pic\">\n                                <img decoding=\"async\" class=\"GutGallery-img\" src=\"https:\/\/www.hautesvallees.com\/content\/uploads\/sites\/3\/2025\/07\/Vallee-etroite-lac-vert-automne-S.Morattel-14-322x322.jpg\" alt=\"Vall\u00e9e \u00e9troite &amp;amp; lac vert automne - S.Morattel (14)\">\n                            <\/picture>\n                                                            <div class=\"GutGallery-creditphoto\">Habitats forestiers &#8211; S.Morattel<\/div>\n                                                    <\/a>\n                                                                                <a class=\"GutGallery-item\"\n                           href=\"https:\/\/www.hautesvallees.com\/content\/uploads\/sites\/3\/2025\/01\/Bivouac-au-sommet-du-Thabor-31-1024x683-1.jpg\"\n                            data-lg-size=\"1024-683\"                             data-sub-html=\"Habitats rocheux - T.Blais\"                         >\n                            <picture class=\"GutGallery-pic\">\n                                <img decoding=\"async\" class=\"GutGallery-img\" src=\"https:\/\/www.hautesvallees.com\/content\/uploads\/sites\/3\/2025\/01\/Bivouac-au-sommet-du-Thabor-31-1024x683-1-322x322.jpg\" alt=\"1\">\n                            <\/picture>\n                                                            <div class=\"GutGallery-creditphoto\">Habitats rocheux &#8211; T.Blais<\/div>\n                                                    <\/a>\n                                                                                <a class=\"GutGallery-item\"\n                           href=\"https:\/\/www.hautesvallees.com\/content\/uploads\/sites\/3\/2025\/07\/Brebis-Patous-Chardonnet-S.MORATTEL-scaled.jpg\"\n                            data-lg-size=\"2560-1981\"                             data-sub-html=\"Habitats agropastoraux - S.Morattel\"                         >\n                            <picture class=\"GutGallery-pic\">\n                                <img decoding=\"async\" class=\"GutGallery-img\" src=\"https:\/\/www.hautesvallees.com\/content\/uploads\/sites\/3\/2025\/07\/Brebis-Patous-Chardonnet-S.MORATTEL-322x322.jpg\" alt=\"Brebis &amp;amp; Patous - Chardonnet - S.MORATTEL\">\n                            <\/picture>\n                                                            <div class=\"GutGallery-creditphoto\">Habitats agropastoraux &#8211; S.Morattel<\/div>\n                                                    <\/a>\n                                                                                <a class=\"GutGallery-item\"\n                           href=\"https:\/\/www.hautesvallees.com\/content\/uploads\/sites\/3\/2025\/07\/Plateau-des-thures-lac-chavillon-12.jpg\"\n                            data-lg-size=\"2500-1667\"                             data-sub-html=\"Habitats humides - T.Blais\"                         >\n                            <picture class=\"GutGallery-pic\">\n                                <img decoding=\"async\" class=\"GutGallery-img\" src=\"https:\/\/www.hautesvallees.com\/content\/uploads\/sites\/3\/2025\/07\/Plateau-des-thures-lac-chavillon-12-322x322.jpg\" alt=\"Plateau des thures - lac chavillon-12\">\n                            <\/picture>\n                                                            <div class=\"GutGallery-creditphoto\">Habitats humides &#8211; T.Blais<\/div>\n                                                    <\/a>\n                                                <\/div>\n            <\/div>\n\n\n<div class=\"GutText  GutContainer\">\n        <div class=\"GutText-inner\">\n                                        <div class=\"GutText-intro Center\">Le r\u00e9seau\u00a0Natura\u00a02000 comprend les espaces naturels les plus remarquables de l\u2019Union\u00a0europ\u00e9enne.<\/div>\n                                        <div class=\"GutText-wysiwyg Content\">\n                    <p class=\"text-justify\" style=\"text-align: center\">Il a pour objectif de favoriser le maintien de la biodiversit\u00e9 tout en tenant compte des exigences \u00e9conomiques, sociales, culturelles et r\u00e9gionales.<\/p>\n<p class=\"text-justify\" style=\"text-align: center\">D\u2019une superficie de 25 732 hectares,\u00a0<strong>le site\u00a0Natura\u00a02000 \u00ab vall\u00e9e de la Clar\u00e9e \u00bb\u00a0<\/strong>\u00a0comprend une partie des communes de la <strong>Salle-les-Alpes, Saint-Chaffrey, Mon\u00eatier-les-Bains, Val-des-Pr\u00e9s et la commune de N\u00e9vache dans sa totalit\u00e9.<\/strong> Diff\u00e9rentes actions de restauration des milieux, de pr\u00e9servation des esp\u00e8ces animales ou v\u00e9g\u00e9tales, d\u2019\u00e9tudes scientifiques sont ainsi men\u00e9es sur ce territoire.<\/p>\n<p class=\"text-justify\" style=\"text-align: center\">Le marais de N\u00e9vache, les lacs et zones humides d\u2019altitude, les prairies de fauche et pelouses d\u2019altitude, les for\u00eats de montagne\u2026. Tous ces milieux naturels pr\u00e9serv\u00e9s abritent une faune et une flore patrimoniales et fragiles.<\/p>\n<p>&nbsp;<\/p>\n<p style=\"text-align: center\"><a class=\"Button-primary\" href=\"https:\/\/www.nevache.fr\/natura-2000\/\" target=\"_blank\" rel=\"noopener\">En savoir plus sur Natura 2000 en Clar\u00e9e<\/a><\/p>\n\n                <\/div>\n                    <\/div>\n    <\/div>\n\n\n<div class=\"GutCol2  GutContainer\">\n        <div class=\"GutCol2-container\">\n\n            \n                                                                                                        <div class=\"GutCol2-wrap GutCol2-blocTexte Left\">\n                                <div class=\"GutCol2-blocTexte--inner\">\n                                                                            <div class=\"GutTitle Left\">\n                    <h2 class=\"GutTitle-title\">\n                                    <span class=\"GutTitle-surtitle\">le classement<\/span>\n                                                        de la clar\u00e9e\n                            <\/h2>\n                    <\/div>\n                                                                                                                                                    <div class=\"GutCol2-text Content\">\n                                            <p><img loading=\"lazy\" decoding=\"async\" class=\"aligncenter wp-image-11940 size-thumbnail\" src=\"https:\/\/www.hautesvallees.com\/content\/uploads\/2024\/04\/Design-sans-titre-3-150x150.jpg\" alt=\"logo site class\u00e9\" width=\"150\" height=\"150\" \/><\/p>\n<p class=\"text-justify\"><strong>La vall\u00e9e de la Clar\u00e9e et la vall\u00e9e Etroite sont class\u00e9es depuis 1992.<\/strong>\u00a0Tout projet sur le territoire doit ainsi prendre en compte la <strong>pr\u00e9servation de l\u2019int\u00e9grit\u00e9 paysag\u00e8re de la Clar\u00e9e.<\/strong><\/p>\n<p class=\"text-justify\">Certains Sites class\u00e9s attirent ainsi de nombreux visiteurs et la fr\u00e9quentation touristique y est tr\u00e8s forte, \u00e0 l\u2019instar de la vall\u00e9e de la Clar\u00e9e et de la vall\u00e9e Etroite (fr\u00e9quentation estim\u00e9e \u00e0 600\u00a0000 visiteurs\/an). Ces vall\u00e9es demeurent ainsi fragiles et restent victimes de leur notori\u00e9t\u00e9.<\/p>\n<p class=\"text-justify\">Afin d\u2019offrir aux visiteurs des vall\u00e9es pr\u00e9serv\u00e9es et de favoriser un tourisme doux, durable et responsable, qui respecte les conditions de vie des habitants, certaines actions ont \u00e9t\u00e9 mise en \u0153uvre d\u00e8s 2003 en Clar\u00e9e : comme <strong>la Navette Haute Clar\u00e9e<\/strong> (op\u00e9ration reconduite tous les ans), le traitement paysag\u00e9 des parkings ou l\u2019\u00e9laboration d\u2019une Charte Architecturale et Paysag\u00e8re.<\/p>\n\n                                        <\/div>\n                                                                    <\/div>\n                            <\/div>\n                                                                                                                                                        <div class=\"GutCol2-wrap GutCol2-blocImage Right\">\n                                    <picture class=\"GutCol2-picture\">\n                                        <img decoding=\"async\" src=\"https:\/\/www.hautesvallees.com\/content\/uploads\/sites\/3\/2025\/07\/Haute-Claree-Printemps-_-alpesphotographies.com-48-510x710.jpg\"\n                                             alt=\"Haute Clar\u00e9e Printemps _ alpesphotographies.com-48\" \/>\n                                    <\/picture>\n                                                                            <span class=\"GutCol2-credit\">\u00a9 Alpes Photographies<\/span>\n                                                                    <\/div>\n                                                                                            <\/div>\n    <\/div>\n\n\n<div class=\"GutCol2  GutContainer\">\n        <div class=\"GutCol2-container\">\n\n            \n                                                                                                                                        <div class=\"GutCol2-wrap GutCol2-blocImage Left\">\n                                    <picture class=\"GutCol2-picture\">\n                                        <img decoding=\"async\" src=\"https:\/\/www.hautesvallees.com\/content\/uploads\/sites\/3\/2025\/07\/renard-lac-de-la-cula-faune-Claree-T.Blais_-510x710.jpg\"\n                                             alt=\"renard lac de la cula faune Clar\u00e9e T.Blais\" \/>\n                                    <\/picture>\n                                                                            <span class=\"GutCol2-credit\">\u00a9 T.Blais<\/span>\n                                                                    <\/div>\n                                                                                                                                                    <div class=\"GutCol2-wrap GutCol2-blocTexte Right\">\n                                <div class=\"GutCol2-blocTexte--inner\">\n                                                                            <div class=\"GutTitle Left\">\n                    <h2 class=\"GutTitle-title\">\n                                    <span class=\"GutTitle-surtitle\">la faune et <\/span>\n                                                        la flore d&#039;exception\n                            <\/h2>\n                    <\/div>\n                                                                                                                                                    <div class=\"GutCol2-text Content\">\n                                            <p>La Clar\u00e9e offre une faune et une flore \u00e0 rencontrer, observer discr\u00e8tement et d\u00e9couvrir&#8230; L&rsquo;hiver, pensez \u00e0 respecter la qui\u00e9tude de la faune sauvage, chamois, chevreuils, lagop\u00e8des et t\u00e9tras-lyres&#8230;<\/p>\n<p>&nbsp;<\/p>\n<p><a class=\"Button-primary\" href=\"https:\/\/www.hautesvallees.com\/la-claree\/decouvrir\/patrimoine-naturel\/faune-et-flore\/\">D\u00e9couvrir la faune et la flore de la Clar\u00e9e<\/a><\/p>\n\n                                        <\/div>\n                                                                    <\/div>\n                            <\/div>\n                                                                <\/div>\n    <\/div>\n\n\n<div class=\"GutText  GutContainer\">\n        <div class=\"GutText-inner\">\n            <div class=\"GutTitle Center\">\n                    <h2 class=\"GutTitle-title\">\n                                    <span class=\"GutTitle-surtitle\">Quelques \u00e9l\u00e9ments sur <\/span>\n                                                        la r\u00e9glementation en clar\u00e9e\n                            <\/h2>\n                    <\/div>\n                                        <div class=\"GutText-wysiwyg Content\">\n                    <ul>\n<li><strong>Camping sauvage interdit<\/strong> (sauf dans les espaces d\u00e9di\u00e9s et autoris\u00e9s\u00a0: camping de N\u00e9vache et de Fontcouverte).<\/li>\n<li><strong>Seul le bivouac est autoris\u00e9 en respectant les r\u00e8gles suivantes<\/strong> :\u00a0Etre \u00e0 <strong>1h de marche de toutes routes ou habitations<\/strong>, <strong>planter la tente au coucher du soleil et l&rsquo;enlever au lever du soleil<\/strong>.<\/li>\n<li><strong>Feux interdits sur toute la vall\u00e9e.<\/strong><\/li>\n<\/ul>\n\n                <\/div>\n                    <\/div>\n    <\/div>\n\n\n<div class=\"GutInformations  GutContainer\">\n        <div class=\"GutInformations-container\">\n\n            <div class=\"GutTitle Center\">\n                    <h2 class=\"GutTitle-title\">\n                                    <span class=\"GutTitle-surtitle\">recommandations <\/span>\n                                                        \u00e0 respecter\n                            <\/h2>\n                    <\/div>\n\n            <div class=\"GutInformations-list\">\n                                    <div class=\"GutInformations-wrap\">\n                                                                                    <picture class=\"GutInformations-picture\">\n                                    <img decoding=\"async\" src=\"https:\/\/www.hautesvallees.com\/content\/uploads\/sites\/3\/2025\/07\/picto-dechet-250x250.png\" alt=\"picto d\u00e9chet\" \/>\n                                <\/picture>\n                                                                                                        <p class=\"GutInformations-title\">\n                                EMPORTEZ VOS D\u00c9CHETS\n                            <\/p>\n                                                                            <p class=\"GutInformations-text\">\n                                Ne laissez aucune trace de votre passage dans la r\u00e9serve. Les d\u00e9chets prennent peu de place dans vos poches ou sac \u00e0 dos et vous participez \u00e0 la pr\u00e9servation du site.\n                            <\/p>\n                                                                    <\/div>\n                                    <div class=\"GutInformations-wrap\">\n                                                                                    <picture class=\"GutInformations-picture\">\n                                    <img decoding=\"async\" src=\"https:\/\/www.hautesvallees.com\/content\/uploads\/sites\/3\/2025\/07\/picto-empreinte-250x250.png\" alt=\"picto empreinte\" \/>\n                                <\/picture>\n                                                                                                        <p class=\"GutInformations-title\">\n                                RESTEZ SUR LES SENTIERS BALIS\u00c9S\n                            <\/p>\n                                                                            <p class=\"GutInformations-text\">\n                                La nature sera ravie de ne pas \u00eatre pi\u00e9tin\u00e9e et d\u00e9rang\u00e9e.\n                            <\/p>\n                                                                    <\/div>\n                                    <div class=\"GutInformations-wrap\">\n                                                                                    <picture class=\"GutInformations-picture\">\n                                    <img decoding=\"async\" src=\"https:\/\/www.hautesvallees.com\/content\/uploads\/sites\/3\/2025\/07\/picto-chien-en-laisse-250x250.png\" alt=\"picto chien en laisse\" \/>\n                                <\/picture>\n                                                                                                        <p class=\"GutInformations-title\">\n                                TENIR EN LAISSE VOTRE CHIEN\n                            <\/p>\n                                                                            <p class=\"GutInformations-text\">\n                                Le tenir en laisse, c\u2019est prot\u00e9ger les animaux sauvages car le moindre d\u00e9rangement peut compromettre leur avenir.\n                            <\/p>\n                                                                    <\/div>\n                                    <div class=\"GutInformations-wrap\">\n                                                                                    <picture class=\"GutInformations-picture\">\n                                    <img decoding=\"async\" src=\"https:\/\/www.hautesvallees.com\/content\/uploads\/sites\/3\/2025\/07\/picto-silence-250x250.png\" alt=\"picto silence\" \/>\n                                <\/picture>\n                                                                                                        <p class=\"GutInformations-title\">\n                                DISCR\u00c9TION\n                            <\/p>\n                                                                            <p class=\"GutInformations-text\">\n                                Je n\u2019effraie pas la faune et je permets \u00e0 chacun de profiter pleinement du silence de la montagne.\n                            <\/p>\n                                                                            <a class=\"GutInformations-link\" href=\"https:\/\/www.hautesvallees.com\/empreinte-observation-faune-sauvage\/\" target=\"\" title=\"En savoir plus\">\n                                En savoir plus\n                            <\/a>\n                                            <\/div>\n                            <\/div>\n        <\/div>\n    <\/div>\n\n\n<div class=\"GutInformations  GutContainer\">\n        <div class=\"GutInformations-container\">\n\n            \n            <div class=\"GutInformations-list\">\n                                    <div class=\"GutInformations-wrap\">\n                                                                                    <picture class=\"GutInformations-picture\">\n                                    <img decoding=\"async\" src=\"https:\/\/www.hautesvallees.com\/content\/uploads\/sites\/3\/2025\/07\/picto-cueillette-250x250.png\" alt=\"picto cueillette\" \/>\n                                <\/picture>\n                                                                                                        <p class=\"GutInformations-title\">\n                                PHOTOGRAPHIEZ PLUT\u00d4T QUE CUEILLIR\n                            <\/p>\n                                                                            <p class=\"GutInformations-text\">\n                                Laissez les fleurs s\u2019\u00e9panouir et \u00eatre butin\u00e9es par les abeilles, papillons\u2026\n                            <\/p>\n                                                                    <\/div>\n                                    <div class=\"GutInformations-wrap\">\n                                                                                    <picture class=\"GutInformations-picture\">\n                                    <img decoding=\"async\" src=\"https:\/\/www.hautesvallees.com\/content\/uploads\/sites\/3\/2025\/07\/picto-cairn-250x250.png\" alt=\"picto cairn\" \/>\n                                <\/picture>\n                                                                                                        <p class=\"GutInformations-title\">\n                                ON ARR\u00caTE LES CAIRN !\n                            <\/p>\n                                                                            <p class=\"GutInformations-text\">\n                                Laissez les pierres \u00e0 leur place : \u00ab Je respecte la petite faune qui s\u2019y abrite. \u00bb\n                            <\/p>\n                                                                    <\/div>\n                                    <div class=\"GutInformations-wrap\">\n                                                                                    <picture class=\"GutInformations-picture\">\n                                    <img decoding=\"async\" src=\"https:\/\/www.hautesvallees.com\/content\/uploads\/sites\/3\/2025\/07\/picto-mouton-250x250.png\" alt=\"picto mouton\" \/>\n                                <\/picture>\n                                                                                                        <p class=\"GutInformations-title\">\n                                RESPECTEZ LE TRAVAIL DES AGRICULTEURS, \u00c9LEVEURS ET BERGERS\n                            <\/p>\n                                                                            <p class=\"GutInformations-text\">\n                                Adopter le bons comportements face aux troupeaux et chiens de protection.\n                            <\/p>\n                                                                            <a class=\"GutInformations-link\" href=\"https:\/\/www.hautesvallees.com\/comment-se-comporter-face-aux-chiens-de-protection-des-troupeaux\/\" target=\"\" title=\"En savoir plus \">\n                                En savoir plus \n                            <\/a>\n                                            <\/div>\n                                    <div class=\"GutInformations-wrap\">\n                                                                                    <picture class=\"GutInformations-picture\">\n                                    <img decoding=\"async\" src=\"https:\/\/www.hautesvallees.com\/content\/uploads\/sites\/3\/2025\/07\/picto-trace-de-roue-250x250.png\" alt=\"picto trace de roue\" \/>\n                                <\/picture>\n                                                                                                        <p class=\"GutInformations-title\">\n                                NE CIRCULEZ PAS DANS LES PRAIRIE DE FAUCHE\n                            <\/p>\n                                                                                            <\/div>\n                            <\/div>\n        <\/div>\n    <\/div>\n\n\n<div class=\"GutInformations  GutContainer\">\n        <div class=\"GutInformations-container\">\n\n            \n            <div class=\"GutInformations-list\">\n                                    <div class=\"GutInformations-wrap\">\n                                                                                    <picture class=\"GutInformations-picture\">\n                                    <img decoding=\"async\" src=\"https:\/\/www.hautesvallees.com\/content\/uploads\/sites\/3\/2025\/07\/picto-feux-interdit-250x250.png\" alt=\"picto feux interdit\" \/>\n                                <\/picture>\n                                                                                                        <p class=\"GutInformations-title\">\n                                N\u2019ALLUMEZ PAS DE FEU\n                            <\/p>\n                                                                            <p class=\"GutInformations-text\">\n                                En-dehors des espaces d\u00e9di\u00e9s et autoris\u00e9s. Allumez un feu peut avoir de grave cons\u00e9quences, penser \u00e0 l&rsquo;environnement qui vous entoure et \u00e0 sa fragilit\u00e9. \n                            <\/p>\n                                                                    <\/div>\n                                    <div class=\"GutInformations-wrap\">\n                                                                                    <picture class=\"GutInformations-picture\">\n                                    <img decoding=\"async\" src=\"https:\/\/www.hautesvallees.com\/content\/uploads\/sites\/3\/2025\/07\/picto-tente-250x250.png\" alt=\"picto tente\" \/>\n                                <\/picture>\n                                                                                                        <p class=\"GutInformations-title\">\n                                UTILISEZ LES ZONES DE CAMPINGS EXISTANTES\n                            <\/p>\n                                                                            <p class=\"GutInformations-text\">\n                                Ces zones de campings ont \u00e9t\u00e9 cr\u00e9\u00e9 pour permettre de ne pas ab\u00eemer la flore tout autour. En restant dans ces zones, vous participer \u00e0 la pr\u00e9servation de la biodiversit\u00e9.\n                            <\/p>\n                                                                            <a class=\"GutInformations-link\" href=\"https:\/\/www.hautesvallees.com\/bivouac-mode-emploi\/\" target=\"\" title=\"En savoir plus\">\n                                En savoir plus\n                            <\/a>\n                                            <\/div>\n                                    <div class=\"GutInformations-wrap\">\n                                                                                    <picture class=\"GutInformations-picture\">\n                                    <img decoding=\"async\" src=\"https:\/\/www.hautesvallees.com\/content\/uploads\/sites\/3\/2025\/07\/picto-barrage-250x250.png\" alt=\"picto barrage\" \/>\n                                <\/picture>\n                                                                                                        <p class=\"GutInformations-title\">\n                                NE CONSTRUISEZ PAS DE BARRAGES DE GALETS SUR NOS RIVI\u00c8RES\n                            <\/p>\n                                                                            <p class=\"GutInformations-text\">\n                                Ces obstacles d\u00e9s\u00e9quilibrent le milieu aquatique (augmentation de la temp\u00e9rature de l\u2019eau, probl\u00e8mes de circulation des poissons \u2026etc) Sinon pensez \u00e0 les d\u00e9monter apr\u00e8s cr\u00e9ation !\n                            <\/p>\n                                                                    <\/div>\n                            <\/div>\n        <\/div>\n    <\/div>\n\n\n<div class=\"GutPushArticles  GutContainer\">\n        <div class=\"GutPushArticles-container\">\n            <div class=\"GutTitle Center\">\n                    <h2 class=\"GutTitle-title\">\n                                    <span class=\"GutTitle-surtitle\">nos ressources<\/span>\n                                                        utiles\n                            <\/h2>\n                    <\/div>\n            <div class=\"GutPushArticles-inner \">\n                                    <div class=\"GutPushArticles-container \" >\n                        <div class=\"GutPushArticles-list \">\n                                                            <div class=\"GutPushArticles-wrap \">\n                                                                            <picture class=\"GutPushArticles-picture\">\n                                            <img decoding=\"async\" src=\"https:\/\/www.hautesvallees.com\/content\/uploads\/sites\/3\/2025\/02\/thibaut-blais-photo-e1718097986542-371x248.jpg\"\n                                                 alt=\"Izoard randonn\u00e9es\" \/>\n                                        <\/picture>\n                                                                        <div class=\"GutPushArticles-content\">\n                                                                                    <h2 class=\"GutPushArticles-title\">Le code du randonneur responsable<\/h2>\n                                                                                                                                                                    <a class=\"Link\" href=\"https:\/\/www.hautesvallees.com\/code-du-randonneur-responsable\/\">Consulter<\/a>\n                                                                            <\/div>\n                                <\/div>\n                                                            <div class=\"GutPushArticles-wrap \">\n                                                                            <picture class=\"GutPushArticles-picture\">\n                                            <img decoding=\"async\" src=\"https:\/\/www.hautesvallees.com\/content\/uploads\/sites\/3\/2025\/01\/la-grave-_-paul-brEchu-37-371x248.jpg\"\n                                                 alt=\"Troupeau mouton Alpes Photographie\" \/>\n                                        <\/picture>\n                                                                        <div class=\"GutPushArticles-content\">\n                                                                                    <h2 class=\"GutPushArticles-title\">Bien agir face aux chiens de protection du troupeau<\/h2>\n                                                                                                                                                                    <a class=\"Link\" href=\"https:\/\/www.hautesvallees.com\/comment-se-comporter-face-aux-chiens-de-protection-des-troupeaux\/\">D\u00e9couvrir les bons comportements<\/a>\n                                                                            <\/div>\n                                <\/div>\n                                                            <div class=\"GutPushArticles-wrap \">\n                                                                            <picture class=\"GutPushArticles-picture\">\n                                            <img decoding=\"async\" src=\"https:\/\/www.hautesvallees.com\/content\/uploads\/sites\/3\/2025\/02\/chamois\u00a9Denis-Fiat-Parc-National-des-Ecrins-1-371x248.jpg\"\n                                                 alt=\"faune chamois\u00a9Denis Fiat Parc National des Ecrins (1)\" \/>\n                                        <\/picture>\n                                                                        <div class=\"GutPushArticles-content\">\n                                                                                    <h2 class=\"GutPushArticles-title\">Le r\u00e9seau Nature Sciences Environnement<\/h2>\n                                                                                                                                                                    <a class=\"Link\" href=\"https:\/\/www.hautesvallees.com\/accueil\/tourisme-scientifique\/\">En d\u00e9couvrir plus<\/a>\n                                                                            <\/div>\n                                <\/div>\n                                                    <\/div>\n                                            <\/div>\n                                                <\/div>\n                    <\/div>\n    <\/div>\n","protected":false},"excerpt":{"rendered":"","protected":false},"author":5,"featured_media":1251,"parent":863,"menu_order":1,"comment_status":"closed","ping_status":"closed","template":"","meta":{"_acf_changed":false,"footnotes":""},"class_list":["post-865","page","type-page","status-publish","has-post-thumbnail","hentry"],"acf":[],"_links":{"self":[{"href":"https:\/\/www.hautesvallees.com\/la-claree\/wp-json\/wp\/v2\/pages\/865","targetHints":{"allow":["GET"]}}],"collection":[{"href":"https:\/\/www.hautesvallees.com\/la-claree\/wp-json\/wp\/v2\/pages"}],"about":[{"href":"https:\/\/www.hautesvallees.com\/la-claree\/wp-json\/wp\/v2\/types\/page"}],"author":[{"embeddable":true,"href":"https:\/\/www.hautesvallees.com\/la-claree\/wp-json\/wp\/v2\/users\/5"}],"replies":[{"embeddable":true,"href":"https:\/\/www.hautesvallees.com\/la-claree\/wp-json\/wp\/v2\/comments?post=865"}],"version-history":[{"count":27,"href":"https:\/\/www.hautesvallees.com\/la-claree\/wp-json\/wp\/v2\/pages\/865\/revisions"}],"predecessor-version":[{"id":12958,"href":"https:\/\/www.hautesvallees.com\/la-claree\/wp-json\/wp\/v2\/pages\/865\/revisions\/12958"}],"up":[{"embeddable":true,"href":"https:\/\/www.hautesvallees.com\/la-claree\/wp-json\/wp\/v2\/pages\/863"}],"wp:featuredmedia":[{"embeddable":true,"href":"https:\/\/www.hautesvallees.com\/la-claree\/wp-json\/wp\/v2\/media\/1251"}],"wp:attachment":[{"href":"https:\/\/www.hautesvallees.com\/la-claree\/wp-json\/wp\/v2\/media?parent=865"}],"curies":[{"name":"wp","href":"https:\/\/api.w.org\/{rel}","templated":true}]}}