{"id":848,"date":"2024-01-26T16:54:49","date_gmt":"2024-01-26T15:54:49","guid":{"rendered":"https:\/\/www.hautesvallees.com\/la-claree\/?page_id=848"},"modified":"2025-09-17T15:39:45","modified_gmt":"2025-09-17T13:39:45","slug":"vallee-etroite","status":"publish","type":"page","link":"https:\/\/www.hautesvallees.com\/la-claree\/decouvrir\/vallee-etroite\/","title":{"rendered":"Vall\u00e9e \u00c9troite"},"content":{"rendered":"<div class=\"GutText  GutContainer\">\n        <div class=\"GutText-inner\">\n            <div class=\"GutTitle Center\">\n                    <h2 class=\"GutTitle-title\">\n                                    <span class=\"GutTitle-surtitle\">vall\u00e9e \u00c9troite<\/span>\n                                                        une vall\u00e9e franco-italienne\n                            <\/h2>\n                    <\/div>\n                            <div class=\"GutText-intro Center\">Envie de partir en voyage en Italie le temps d&rsquo;une journ\u00e9e ? et sans passer la fronti\u00e8re fran\u00e7aise ? Partez \u00e0 la d\u00e9couverte de la vall\u00e9e \u00c9troite : une vall\u00e9e franco-italienne sur la commune de N\u00e9vache. \r\nD\u00e9paysement garanti !<\/div>\n                                        <div class=\"GutText-wysiwyg Content\">\n                    <p style=\"text-align: center\">Tout comme la vall\u00e9e de la Clar\u00e9e, la <strong>vall\u00e9e \u00c9troite \u00e0 son charme bien \u00e0 elle<\/strong>. Partez \u00e0 la d\u00e9couverte des <strong>sentiers de randonn\u00e9es<\/strong>. Pour les <strong>plus courageux,<\/strong> vous pourrez vous lancer \u00e0 la <strong>conqu\u00eate du mont Thabor<\/strong>. Des balades accessibles pr\u00e8s du hameau des Granges, comme celle du <strong>lac Vert,<\/strong> vous donneront un \u00e9chantillon de la beaut\u00e9 des paysages authentiques et pr\u00e9serv\u00e9s de cette vall\u00e9e franco-italienne.<\/p>\n<p style=\"text-align: center\">Class\u00e9e Natura 2000 comme la vall\u00e9e de la Clar\u00e9e, la nature y est sacr\u00e9e. Sa pr\u00e9servation est une des priorit\u00e9s.<\/p>\n\n                <\/div>\n                    <\/div>\n    <\/div>\n\n\n<div class=\"GutImage  GutContainer-full\">\n        <div class=\"GutImage-container\">\n                        \n                            <picture class=\"GutImage-pic\">\n                    <source srcset=\"https:\/\/www.hautesvallees.com\/content\/uploads\/sites\/3\/2025\/02\/VALLEE-ETROITE-9-768x360.jpg\" media=\"(max-width: 768px)\">\n                    <source srcset=\"https:\/\/www.hautesvallees.com\/content\/uploads\/sites\/3\/2025\/02\/VALLEE-ETROITE-9-992x465.jpg\" media=\"(max-width: 992px)\">\n                    <source srcset=\"https:\/\/www.hautesvallees.com\/content\/uploads\/sites\/3\/2025\/02\/VALLEE-ETROITE-9-1920x900.jpg\" media=\"(min-width: 993px)\">\n                    <img decoding=\"async\" class=\"GutImage-img\" src=\"https:\/\/www.hautesvallees.com\/content\/uploads\/sites\/3\/2025\/02\/VALLEE-ETROITE-9-1920x900.jpg\" alt=\"Vall\u00e9e Etroite - Thibaut Poinas\" \/>\n                <\/picture>\n                                        <div class=\"GutImage-creditphoto\">\n                    T.Poinas\n                <\/div>\n                    <\/div>\n    <\/div>\n\n\n<div class=\"GutCol2  GutContainer\">\n        <div class=\"GutCol2-container\">\n\n            <div class=\"GutTitle Left\">\n                    <h2 class=\"GutTitle-title\">\n                                                        Un peu d&#039;histoire \n                            <\/h2>\n                    <\/div>\n\n                                                                                                                                        <div class=\"GutCol2-wrap GutCol2-blocImage Left\">\n                                    <picture class=\"GutCol2-picture\">\n                                        <img decoding=\"async\" src=\"https:\/\/www.hautesvallees.com\/content\/uploads\/sites\/3\/2025\/02\/Refuge-Terzo-Alpini-Vallee-etroite-raquettes-hiver-Soline-Morattel-12-664x480.jpg\"\n                                             alt=\"Refuge Terzo Alpini, Vall\u00e9e \u00e9troite, raquettes, hiver - Soline Morattel (12)\" \/>\n                                    <\/picture>\n                                                                            <span class=\"GutCol2-credit\">\u00a9 S.Morattel<\/span>\n                                                                    <\/div>\n                                                                                                                                                    <div class=\"GutCol2-wrap GutCol2-blocTexte Right\">\n                                <div class=\"GutCol2-blocTexte--inner\">\n                                                                            <div class=\"GutTitle Left\">\n                    <h2 class=\"GutTitle-title\">\n                                                        La vall\u00e9e \u00c9troite, \n                            <\/h2>\n                            <span class=\"GutTitle-subtitle\">Fran\u00e7aise ou Italienne ? <\/span>\n            <\/div>\n                                                                                                                <div class=\"GutCol2-intro\">C\u2019est une question que beaucoup se posent : la Vall\u00e9e \u00c9troite est-elle fran\u00e7aise ou italienne ? On vous explique tout !<\/div>\n                                                                                                                <div class=\"GutCol2-text Content\">\n                                            <p data-start=\"281\" data-end=\"594\">Officiellement,<strong> la Vall\u00e9e \u00c9troite<\/strong> est fran\u00e7aise depuis le trait\u00e9 de paix de 1947, qui l\u2019a rattach\u00e9e \u00e0 la commune de N\u00e9vache. Pourtant, ce n\u2019est qu\u2019en 1968 qu\u2019une route a \u00e9t\u00e9 am\u00e9nag\u00e9e pour la relier \u00e0 N\u00e9vache via le col de l\u2019\u00c9chelle. Il faudra encore quelques ann\u00e9es avant qu\u2019elle ne soit enti\u00e8rement goudronn\u00e9e.<\/p>\n<p data-start=\"596\" data-end=\"972\">Mais sur le terrain, l\u2019\u00e2me italienne de la vall\u00e9e demeure. Si elle est fran\u00e7aise administrativement, les terres priv\u00e9es restent la propri\u00e9t\u00e9 d\u2019Italiens. Un symbole fort de cette dualit\u00e9 ? Les deux refuges de la vall\u00e9e, toujours tenus par des Italiens. D\u2019ailleurs, pour les contacter, il vous faudra composer l\u2019indicatif italien : <strong data-start=\"961\" data-end=\"968\">+39<\/strong> !<\/p>\n<p style=\"text-align: center\" data-start=\"596\" data-end=\"972\"><a class=\"Button-primary\" href=\"https:\/\/www.hautesvallees.com\/la-claree\/hebergement-collectif\/refuge-terzo-alpini-nevache\/\">D\u00e9couvrir le refuge Terzo Alpini<\/a><\/p>\n\n                                        <\/div>\n                                                                    <\/div>\n                            <\/div>\n                                                                <\/div>\n    <\/div>\n\n\n<div class=\"GutCol2  GutContainer\">\n        <div class=\"GutCol2-container\">\n\n            \n                                                                                                        <div class=\"GutCol2-wrap GutCol2-blocTexte Left\">\n                                <div class=\"GutCol2-blocTexte--inner\">\n                                                                            <div class=\"GutTitle Left\">\n                    <h2 class=\"GutTitle-title\">\n                                    <span class=\"GutTitle-surtitle\">le mont Thabor,<\/span>\n                                                         sommet embl\u00e9matique\n                            <\/h2>\n                    <\/div>\n                                                                                                                                                    <div class=\"GutCol2-text Content\">\n                                            <p>Le Mont Thabor est le <strong>plus haut sommet de N\u00e9vache<\/strong> s&rsquo;\u00e9levant \u00e0 <strong>3 178 m<\/strong> d&rsquo;altitude.<\/p>\n<p><strong>Jusqu&rsquo;en 1947, le mont Thabor marquait la fronti\u00e8re entre l&rsquo;Italie et la France.<\/strong><\/p>\n<p>En effet, ce sommet est id\u00e9al pour <strong>gravir un \u00ab\u00a03 000 m\u00a0\u00bb facile<\/strong> d&rsquo;acc\u00e8s via le GR 57. Plusieurs options sont possibles pour une <strong>ascension \u00e0 la journ\u00e9e<\/strong> <strong>ou en itin\u00e9rance sur plusieurs jours.<\/strong> Les d\u00e9parts \u00e0 la journ\u00e9e se font g\u00e9n\u00e9ralement par <strong>la vall\u00e9e \u00c9troite<\/strong> ou <strong>du parking de Laval.<\/strong><\/p>\n<p>Depuis le sommet du Thabor, les paysages lunaires sont d&rsquo;une beaut\u00e9 rare. Les prairies et<strong> les lacs de la Clar\u00e9e<\/strong> habillent la vue \u00e0 360\u00b0 allant du <strong>Mont Viso<\/strong> en passant par <strong>la Meije<\/strong> jusqu&rsquo;au <strong>Mont Blanc<\/strong>.<\/p>\n<p>&nbsp;<\/p>\n<p><a class=\"Button-primary\" href=\"https:\/\/www.hautesvallees.com\/la-claree\/decouvrir\/nos-incontournables\/mont-thabor\/\">D\u00e9couvrir le mont Thabor<\/a><\/p>\n\n                                        <\/div>\n                                                                    <\/div>\n                            <\/div>\n                                                                                                                                                        <div class=\"GutCol2-wrap GutCol2-blocImage Right\">\n                                    <picture class=\"GutCol2-picture\">\n                                        <img decoding=\"async\" src=\"https:\/\/www.hautesvallees.com\/content\/uploads\/sites\/3\/2025\/01\/Bivouac-au-sommet-du-Thabor-31-1024x683-1-588x588.jpg\"\n                                             alt=\"Bivouac au sommet du Thabor - Blais T.\" \/>\n                                    <\/picture>\n                                                                            <span class=\"GutCol2-credit\">\u00a9 Blais T.<\/span>\n                                                                    <\/div>\n                                                                                            <\/div>\n    <\/div>\n\n\n<div class=\"GutPushArticles BgColor GutContainer\">\n        <div class=\"GutPushArticles-container\">\n            <div class=\"GutTitle Center\">\n                    <h2 class=\"GutTitle-title\">\n                                    <span class=\"GutTitle-surtitle\">pour aller<\/span>\n                                                        plus loin\n                            <\/h2>\n                    <\/div>\n            <div class=\"GutPushArticles-inner \">\n                                    <div class=\"GutPushArticles-container \" >\n                        <div class=\"GutPushArticles-list \">\n                                                            <div class=\"GutPushArticles-wrap \">\n                                                                            <picture class=\"GutPushArticles-picture\">\n                                            <img decoding=\"async\" src=\"https:\/\/www.hautesvallees.com\/content\/uploads\/sites\/3\/2025\/02\/Randonnee-lac-vert-vallee-etroite-BALACE-Amandine-2-371x248.jpg\"\n                                                 alt=\"Randonn\u00e9e lac vert vall\u00e9e \u00e9troite - BALAC\u00c9 Amandine 2\" \/>\n                                        <\/picture>\n                                                                        <div class=\"GutPushArticles-content\">\n                                                                                    <h2 class=\"GutPushArticles-title\">Venir en Vall\u00e9e Etroite<\/h2>\n                                                                                                                                                                    <a class=\"Link\" href=\"https:\/\/www.hautesvallees.com\/la-claree\/acces\/venir-en-claree\/\" >Comment venir<\/a>\n                                                                            <\/div>\n                                <\/div>\n                                                            <div class=\"GutPushArticles-wrap \">\n                                                                            <picture class=\"GutPushArticles-picture\">\n                                            <img decoding=\"async\" src=\"https:\/\/www.hautesvallees.com\/content\/uploads\/sites\/3\/2025\/02\/13071277-371x248.jpg\"\n                                                 alt=\"histoire et histoires au col de l&#039;Echelle - Izquierdo N.\" \/>\n                                        <\/picture>\n                                                                        <div class=\"GutPushArticles-content\">\n                                                                                    <h2 class=\"GutPushArticles-title\">Le patrimoine et les visites<\/h2>\n                                                                                                                                                                    <a class=\"Link\" href=\"https:\/\/www.hautesvallees.com\/la-claree\/que-faire\/visites-et-patrimoines\/\" >D\u00e9couvrir l&#039;histoire de la vall\u00e9e<\/a>\n                                                                            <\/div>\n                                <\/div>\n                                                            <div class=\"GutPushArticles-wrap \">\n                                                                            <picture class=\"GutPushArticles-picture\">\n                                            <img decoding=\"async\" src=\"https:\/\/www.hautesvallees.com\/content\/uploads\/sites\/3\/2025\/02\/Randonnee-lac-vert-vallee-etroite-BALACE-Amandine-4-1-scaled-1-371x248.jpg\"\n                                                 alt=\"Randonn\u00e9e lac vert vall\u00e9e \u00e9troite - BALAC\u00c9 Amandine\" \/>\n                                        <\/picture>\n                                                                        <div class=\"GutPushArticles-content\">\n                                                                                    <h2 class=\"GutPushArticles-title\">Natura 2000<\/h2>\n                                                                                                                                                                    <a class=\"Link\" href=\"https:\/\/www.hautesvallees.com\/la-claree\/decouvrir\/patrimoine-naturel\/natura-2000\/\" >Se renseigner<\/a>\n                                                                            <\/div>\n                                <\/div>\n                                                    <\/div>\n                                            <\/div>\n                                                <\/div>\n                    <\/div>\n    <\/div>\n\n\n<div class=\"GutCol2  GutContainer\">\n        <div class=\"GutCol2-container\">\n\n            \n                                                                                                                                        <div class=\"GutCol2-wrap GutCol2-blocImage Left\">\n                                    <picture class=\"GutCol2-picture\">\n                                        <img decoding=\"async\" src=\"https:\/\/www.hautesvallees.com\/content\/uploads\/sites\/3\/2025\/09\/Col-de-lEchelle-CyclismeVelocols-reserves-2025-S.MORATTEL-4-510x710.jpg\"\n                                             alt=\"Col de l&#039;Echelle - Cyclisme,Velo,cols r\u00e9serv\u00e9s - 2025 - S.MORATTEL (4)\" \/>\n                                    <\/picture>\n                                                                            <span class=\"GutCol2-credit\">\u00a9 S.Morattel<\/span>\n                                                                    <\/div>\n                                                                                                                                                    <div class=\"GutCol2-wrap GutCol2-blocTexte Right\">\n                                <div class=\"GutCol2-blocTexte--inner\">\n                                                                            <div class=\"GutTitle Left\">\n                    <h2 class=\"GutTitle-title\">\n                                    <span class=\"GutTitle-surtitle\">le col de l&#039;\u00e9chelle<\/span>\n                                                        au c\u0153ur de l&#039;histoire\n                            <\/h2>\n                    <\/div>\n                                                                                                                                                    <div class=\"GutCol2-text Content\">\n                                            <p><strong>Le col de l\u2019\u00c9chelle est un incontournable du Brian\u00e7onnais,<\/strong>\u00a0\u00e0 la fronti\u00e8re avec l\u2019Italie. Culminant \u00e0\u00a0<strong>1 762 m\u00e8tres d\u2019altitude<\/strong>, il permet de rejoindre Bardonecchia \u00e0 travers for\u00eats et \u00e9pingles vertigineuses.<\/p>\n<p>La richesse de cette vall\u00e9e franco-italienne a \u00e9t\u00e9 fa\u00e7onn\u00e9e continuellement par les \u00e9v\u00e9nements historiques des si\u00e8cles pass\u00e9s.\u00a0<strong>Le trait\u00e9 de Paris<\/strong>\u00a0de 1814 d\u00e9cr\u00e8te le\u00a0<strong>col de l\u2019\u00c9chelle<\/strong>\u00a0comme <strong>fronti\u00e8re naturelle entre l\u2019Italie et la France<\/strong> mais apr\u00e8s la seconde Guerre Mondiale, suite au\u00a0<strong>trait\u00e9 de paix de 1947<\/strong>, la Valle Stretta devient fran\u00e7aise.<\/p>\n<p><strong>En 1970, un projet d\u2019autoroute reliant Bardonecchia \u00e0 Fos-sur-Mer<\/strong>\u00a0promet de changer radicalement le paysage sauvage et pr\u00e9serv\u00e9 de ce col de montagne.<\/p>\n<p>Suite \u00e0 un combat acharn\u00e9 des locaux et d&rsquo;<strong>Emilie Carles<\/strong>, ce projet tombe \u00e0 l\u2019eau. La vall\u00e9e garde donc <strong>son cachet<\/strong>\u00a0et reste une alternative moins fr\u00e9quent\u00e9e au col de Montgen\u00e8vre.<\/p>\n<p>&nbsp;<\/p>\n<p><a class=\"Button-primary\" href=\"https:\/\/www.hautesvallees.com\/la-claree\/decouvrir\/nos-incontournables\/col-de-lechelle\/\">En d\u00e9couvrir plus<\/a><\/p>\n\n                                        <\/div>\n                                                                    <\/div>\n                            <\/div>\n                                                                <\/div>\n    <\/div>\n\n\n<div class=\"GutBanner BgImage TextLight GutContainer-full\">\n                    <picture class=\"GutBanner-picture\">\n                <source srcset=\"https:\/\/www.hautesvallees.com\/content\/uploads\/sites\/3\/2025\/09\/Paysage-vallee-etroite-lac-lavoir-et-lac-blanc-fin-ete-debut-automne-Thibaut-Blais-28-768x360.jpg\" media=\"(max-width: 768px)\">\n                <source srcset=\"https:\/\/www.hautesvallees.com\/content\/uploads\/sites\/3\/2025\/09\/Paysage-vallee-etroite-lac-lavoir-et-lac-blanc-fin-ete-debut-automne-Thibaut-Blais-28-992x465.jpg\" media=\"(max-width: 992px)\">\n                <source srcset=\"https:\/\/www.hautesvallees.com\/content\/uploads\/sites\/3\/2025\/09\/Paysage-vallee-etroite-lac-lavoir-et-lac-blanc-fin-ete-debut-automne-Thibaut-Blais-28-1920x900.jpg\" media=\"(min-width: 993px)\">\n                <img decoding=\"async\" class=\"GutBanner-img\" src=\"https:\/\/www.hautesvallees.com\/content\/uploads\/sites\/3\/2025\/09\/Paysage-vallee-etroite-lac-lavoir-et-lac-blanc-fin-ete-debut-automne-Thibaut-Blais-28-1920x900.jpg\" alt=\"Paysage, vall\u00e9e \u00e9troite lac lavoir et lac blanc, fin \u00e9t\u00e9 d\u00e9but automne - Thibaut Blais (28)\" \/>\n            <\/picture>\n                <div class=\"GutBanner-inner\">\n                            <h2 class=\"GutBanner-teaser1 Content\">\n                    d\u00e9couvrir les randonn\u00e9es\n                <\/h2>\n                                        <div class=\"GutBanner-teaser2 Content\">\n                    en vall\u00e9e etroite\n                <\/div>\n                                        <a class=\"GutBanner-btn Button-primary\" href=\"https:\/\/www.hautesvallees.com\/la-claree\/que-faire\/en-ete\/balades-et-randonnees-en-claree\/\" >En d\u00e9couvrir plus<\/a>\n                    <\/div>\n    <\/div>\n\n\n<div class=\"GutPushArticles  GutContainer\">\n        <div class=\"GutPushArticles-container\">\n            <div class=\"GutTitle Center\">\n                    <h2 class=\"GutTitle-title\">\n                                    <span class=\"GutTitle-surtitle\">vous aimerez<\/span>\n                                                        aussi\n                            <\/h2>\n                    <\/div>\n            <div class=\"GutPushArticles-inner \">\n                                    <div class=\"GutPushArticles-container \" >\n                        <div class=\"GutPushArticles-list \">\n                                                            <div class=\"GutPushArticles-wrap \">\n                                                                            <picture class=\"GutPushArticles-picture\">\n                                            <img decoding=\"async\" src=\"https:\/\/www.hautesvallees.com\/content\/uploads\/sites\/3\/2025\/02\/Balade-direction-le-col-de-lEchelle-Amandine-BALACE34-371x248.jpg\"\n                                                 alt=\"Balade direction le col de l&#039;Echelle - Balac\u00e9 A.\" \/>\n                                        <\/picture>\n                                                                        <div class=\"GutPushArticles-content\">\n                                                                                    <h2 class=\"GutPushArticles-title\">\u00c0 la d\u00e9couverte du patrimoine militaire avec Nicolas izquierdo<\/h2>\n                                                                                                                                                                    <a class=\"Link\" href=\"https:\/\/www.hautesvallees.com\/la-claree\/que-faire\/visites-et-patrimoines\/\" >D\u00e9couvrir les visites organis\u00e9es<\/a>\n                                                                            <\/div>\n                                <\/div>\n                                                            <div class=\"GutPushArticles-wrap \">\n                                                                            <picture class=\"GutPushArticles-picture\">\n                                            <img decoding=\"async\" src=\"https:\/\/www.hautesvallees.com\/content\/uploads\/sites\/3\/2025\/01\/DES_0055-1-1-371x248.jpg\"\n                                                 alt=\"Haute Vall\u00e9e de la Clar\u00e9e en Automne - Papa A.\" \/>\n                                        <\/picture>\n                                                                        <div class=\"GutPushArticles-content\">\n                                                                                    <h2 class=\"GutPushArticles-title\">Emilie Carles, le combat pour la pr\u00e9servation<\/h2>\n                                                                                                                                                                    <a class=\"Link\" href=\"https:\/\/www.hautesvallees.com\/emilie-carles-le-combat-pour-la-preservation\/\" >D\u00e9couvrir l&#039;histoire d&#039;Emilie Carles<\/a>\n                                                                            <\/div>\n                                <\/div>\n                                                            <div class=\"GutPushArticles-wrap \">\n                                                                            <picture class=\"GutPushArticles-picture\">\n                                            <img decoding=\"async\" src=\"https:\/\/www.hautesvallees.com\/content\/uploads\/sites\/3\/2025\/02\/torrent-vallee-etroite-c2a9-t.-blais-1-371x248.webp\"\n                                                 alt=\"torrent Vall\u00e9e \u00e9troite automne - T.BLAIS\" \/>\n                                        <\/picture>\n                                                                        <div class=\"GutPushArticles-content\">\n                                                                                    <h2 class=\"GutPushArticles-title\">Pr\u00e9parer sa rando<\/h2>\n                                                                                                                                                                    <a class=\"Link\" href=\"https:\/\/www.hautesvallees.com\/comment-bien-preparer-ma-randonnee\/\" >S&#039;informer<\/a>\n                                                                            <\/div>\n                                <\/div>\n                                                    <\/div>\n                                            <\/div>\n                                                <\/div>\n                    <\/div>\n    <\/div>\n","protected":false},"excerpt":{"rendered":"","protected":false},"author":5,"featured_media":1096,"parent":840,"menu_order":1,"comment_status":"closed","ping_status":"closed","template":"","meta":{"_acf_changed":false,"footnotes":""},"class_list":["post-848","page","type-page","status-publish","has-post-thumbnail","hentry"],"acf":[],"_links":{"self":[{"href":"https:\/\/www.hautesvallees.com\/la-claree\/wp-json\/wp\/v2\/pages\/848","targetHints":{"allow":["GET"]}}],"collection":[{"href":"https:\/\/www.hautesvallees.com\/la-claree\/wp-json\/wp\/v2\/pages"}],"about":[{"href":"https:\/\/www.hautesvallees.com\/la-claree\/wp-json\/wp\/v2\/types\/page"}],"author":[{"embeddable":true,"href":"https:\/\/www.hautesvallees.com\/la-claree\/wp-json\/wp\/v2\/users\/5"}],"replies":[{"embeddable":true,"href":"https:\/\/www.hautesvallees.com\/la-claree\/wp-json\/wp\/v2\/comments?post=848"}],"version-history":[{"count":33,"href":"https:\/\/www.hautesvallees.com\/la-claree\/wp-json\/wp\/v2\/pages\/848\/revisions"}],"predecessor-version":[{"id":15060,"href":"https:\/\/www.hautesvallees.com\/la-claree\/wp-json\/wp\/v2\/pages\/848\/revisions\/15060"}],"up":[{"embeddable":true,"href":"https:\/\/www.hautesvallees.com\/la-claree\/wp-json\/wp\/v2\/pages\/840"}],"wp:featuredmedia":[{"embeddable":true,"href":"https:\/\/www.hautesvallees.com\/la-claree\/wp-json\/wp\/v2\/media\/1096"}],"wp:attachment":[{"href":"https:\/\/www.hautesvallees.com\/la-claree\/wp-json\/wp\/v2\/media?parent=848"}],"curies":[{"name":"wp","href":"https:\/\/api.w.org\/{rel}","templated":true}]}}